{"id":4180,"date":"2025-09-23T10:20:47","date_gmt":"2025-09-23T09:20:47","guid":{"rendered":"https:\/\/climate-hive.org\/?post_type=tribe_events&#038;p=4180"},"modified":"2025-09-24T15:34:24","modified_gmt":"2025-09-24T14:34:24","slug":"colab-accelerating-blue-green-economy-in-europes-coastal-communities","status":"publish","type":"tribe_events","link":"https:\/\/climate-hive.org\/de\/event\/colab-accelerating-blue-green-economy-in-europes-coastal-communities\/","title":{"rendered":"CoLab: Beschleunigung der blauen und gr\u00fcnen Wirtschaft in den europ\u00e4ischen K\u00fcstengemeinden"},"content":{"rendered":"<div  class=\"tribe-events-schedule tribe-clearfix\" >\n\t<p class=\"tribe-events-schedule__datetime\">\n\t\t<span class=\"tribe-events-schedule__date tribe-events-schedule__date--start\">\n\t\t\tOktober 2, 2025\t\t<\/span>\n\n\t\t\t\t\t<span class=\"tribe-events-schedule__separator tribe-events-schedule__separator--date\">\n\t\t\t\t@\t\t\t<\/span>\n\t\t\t<span class=\"tribe-events-schedule__time tribe-events-schedule__time--start\">\n\t\t\t\t1:30 Uhr\t\t\t<\/span>\n\t\t\n\t\t\t\t\t\t\t\t\t<span class=\"tribe-events-schedule__separator tribe-events-schedule__separator--time\">\n\t\t\t\t\t-\t\t\t\t<\/span>\n\t\t\t\n\t\t\t\t\t\t\t<span class=\"tribe-events-schedule__time tribe-events-schedule__time--end\">\n\t\t\t\t\t18:30 Uhr\t\t\t\t<\/span>\n\t\t\t\n\t\t\t\t\t\t<\/p>\n<\/div>\n\n\n\n<h4 class=\"wp-block-heading\" style=\"font-size:18px\">Nehmen Sie an einem Workshop mit Experten, Branchenf\u00fchrern sowie \u00f6ffentlichen und privaten Interessenvertretern teil und entwickeln Sie mit uns neue Kooperationen und praktische M\u00f6glichkeiten, um das Gesch\u00e4ftspotenzial der blauen und gr\u00fcnen Wirtschaft f\u00fcr die K\u00fcstengebiete zu erschlie\u00dfen.<\/h4>\n\n\n\n<p style=\"font-size:16px\">Die blaue Wirtschaft und die K\u00fcstengebiete Europas (Gemeinden, St\u00e4dte, Regionen und Inseln) machen sch\u00e4tzungsweise 13% europ\u00e4ische Landfl\u00e4che aus, beherbergen jedoch 40 % der europ\u00e4ischen Bev\u00f6lkerung und des BIP, was sie zu einem wichtigen Pfeiler macht.&nbsp;<\/p>\n\n\n\n<p style=\"font-size:16px\">Doch der Klimawandel gef\u00e4hrdet all dies. Die Herausforderungen sind zahlreich, doch die wirtschaftlichen Gewinne sind ebenso exponentiell. Aber wir m\u00fcssen jetzt handeln!<\/p>\n\n\n\n<p style=\"font-size:16px\">Vor diesem Hintergrund hat Climate KIC eine Zusammenarbeit mit der Region Sardinien begonnen, insbesondere mit der dortigen Innovationsagentur&nbsp;<a href=\"https:\/\/www.sardegnaricerche.it\/\">Sardegna Ricerche<\/a>&nbsp;durch das Interreg-Projekt&nbsp;<a href=\"https:\/\/interreg-marittimo.eu\/web\/nest4esg\">Nest4ESG<\/a>. Gemeinsam unterst\u00fctzen wir Aufgaben und Aktivit\u00e4ten, die Innovationen in der gr\u00fcnen und blauen Wirtschaft f\u00f6rdern und die Grundlage f\u00fcr nachhaltiges Wachstum und einen Systemwandel in Sardinien und dar\u00fcber hinaus schaffen.<\/p>\n\n\n\n<p style=\"font-size:16px\">Climate KIC l\u00e4dt Sie ein, sich uns anzuschlie\u00dfen&nbsp;<strong>Cagliari, Italien<\/strong>&nbsp;am Donnerstag, den 2. Oktober, zu einem wirkungsvollen Labor f\u00fcr gemeinschaftliche Zusammenarbeit (CoLab) ein, das sich mit folgenden Themen befasst&nbsp;<strong>Beschleunigung der blauen und gr\u00fcnen Wirtschaft in K\u00fcstengemeinden, -regionen, -st\u00e4dten und -territorien<\/strong>.<\/p>\n\n\n\n<p style=\"font-size:16px\">Zu diesem Community CoLab laden wir wichtige Akteure aus dem \u00f6ffentlichen und privaten Sektor, der Meeres- und K\u00fcstenindustrie, Umwelt-, Regional- und Kommunalpolitiker, Forscher und innovative Unternehmer ein. Gemeinsam werden wir versuchen, neue Wege zu beschreiten, um eine nachhaltige Entwicklung zu f\u00f6rdern, die biologische Vielfalt zu sch\u00fctzen und die Widerstandsf\u00e4higkeit in einem sich ver\u00e4ndernden Klima zu verbessern.<\/p>\n\n\n\n<p style=\"font-size:16px\"><strong>Der Workshop ist erst der Anfang.<\/strong>&nbsp;Wir geben den Ansto\u00df zu einer Bewegung, die \u00f6ffentliche und private Akteure zusammenbringt, die gemeinsam an praktischen M\u00f6glichkeiten arbeiten, um Innovationen zu f\u00f6rdern und neues Gesch\u00e4ftspotenzial in der blauen und gr\u00fcnen Wirtschaft zu erschlie\u00dfen.<\/p>\n\n\n\n<p style=\"font-size:16px\">Nehmen Sie teil, wenn Sie bereit sind, Ihre Organisation zukunftssicher zu machen und mit gleichgesinnten Organisationen und Innovatoren zusammenzuarbeiten.<\/p>\n\n\n\n<div class=\"wp-block-buttons is-layout-flex wp-block-buttons-is-layout-flex\">\n<div class=\"wp-block-button\"><a class=\"wp-block-button__link wp-element-button\" href=\"https:\/\/forms.office.com\/e\/urgaH6LpVi\">Hier anmelden<\/a><\/div>\n<\/div>\n\n\n\n<h3 class=\"wp-block-heading\">\u00dcber Climate KIC Community CoLabs<\/h3>\n\n\n\n<p style=\"font-size:16px\">Climate KIC wird im Herbst 2025 vier Collaboration Laboratories (CoLabs) veranstalten. In unseren CoLabs arbeiten wir mit \u00f6ffentlichen und privaten Akteuren \u00fcber die gesamte Wertsch\u00f6pfungskette hinweg zusammen, um den Klimabedarf mit innovativen Gesch\u00e4ftsl\u00f6sungen zu verbinden. Wir werden uns mit einer Reihe von Themen befassen:&nbsp;&nbsp;<\/p>\n\n\n\n<ul class=\"wp-block-list\">\n<li style=\"font-size:16px\"><a href=\"https:\/\/www.climate-kic.org\/events\/community-colab-beyond-the-legacy-of-deep-demonstration-slovenia\/\">Jenseits des Verm\u00e4chtnisses von Deep Demonstration Slowenien<\/a>. Ljubljana (Slowenien), 11. September 2025<\/li>\n\n\n\n<li style=\"font-size:16px\"><a href=\"https:\/\/www.climate-kic.org\/events\/community-colab-cagliari\/\">Beschleunigung der blauen und gr\u00fcnen Wirtschaft in Europas K\u00fcstengemeinden<\/a>. Cagliari (Italien), 2. Oktober 2025<\/li>\n\n\n\n<li style=\"font-size:16px\"><a href=\"https:\/\/www.climate-kic.org\/events\/community-colab-community-housing-barcelona\/\">Gemeinschaftlich gef\u00fchrter Wohnungsbau und nachhaltige \u00dcberg\u00e4nge: Der Fall Barcelonas<\/a>a. Barcelona (Katalonien, Spanien), 10. Oktober 2025<\/li>\n\n\n\n<li style=\"font-size:16px\"><a href=\"https:\/\/www.climate-kic.org\/events\/community-colab-public-private-partnerships-warsaw\/\">F\u00f6rderung gr\u00fcner \u00f6ffentlich-privater Partnerschaften: Der Fall Polen und dar\u00fcber hinaus<\/a>. Warschau (Polen), 22. Oktober 2025<\/li>\n<\/ul>\n\n\n\n<p style=\"font-size:16px\">Die Community CoLabs werden unterst\u00fctzt von der&nbsp;<a href=\"https:\/\/www.eit.europa.eu\/\">Europ\u00e4isches Institut f\u00fcr Innovation und Technologie (EIT)<\/a>, eine Einrichtung der Europ\u00e4ischen Union.<\/p>\n\n\n\n<p><\/p>\n\n\n\n<h3 class=\"wp-block-heading\">\u00dcber Sardegna Ricerche und Enterprise Europe Network<\/h3>\n\n\n\n<p style=\"font-size:16px\">Sardegna Ricerche ist die Innovationsagentur der Region Sardinien, deren Ziele die F\u00f6rderung von Forschung, Technologie und Innovation, die Verwaltung des Wissenschafts- und Technologieparks sowie die Finanzierung sardischer Unternehmen und Forschung \u00fcber den EFRE sind. Sardegna Ricerche nimmt an mehreren von der EU finanzierten Projekten teil, unter anderem ist sie Partner des&nbsp;<a href=\"https:\/\/een.ec.europa.eu\/\">Enterprise Europe Network (EEN)<\/a>&nbsp;seit 2008. Das Netzwerk unterst\u00fctzt Unternehmen und Forschungseinrichtungen bei ihren Innovationsvorhaben, ihrem Wachstum auf internationaler Ebene und der Schaffung weltweiter Partnerschaften. Es ist das weltweit gr\u00f6\u00dfte Unterst\u00fctzungsnetz f\u00fcr kleine und mittlere Unternehmen (KMU) mit internationalen Ambitionen.<\/p>\n\n\n<div  class=\"tribe-block tribe-block__event-price\" >\n\t\t<\/div>\n\n\n<div  class=\"tribe-block tribe-block__organizer__details tribe-clearfix\" >\n    <h4>Organiser details<\/h4>\n\t<div class=\"tribe-block__organizer__title\">\n\t\t<h3><a href=\"https:\/\/climate-hive.org\/de\/veranstalter\/climate-kic-community\/\" title=\"Climate KIC Community\" target=\"_self\" rel=\"\">Climate KIC Community<\/a><\/h3>\n\t<\/div>\n\t\t\t\t<p class=\"tribe-block__organizer__website\"><a href=\"https:\/\/climate-hive.org\/de\/\" target=\"_self\" rel=\"external\">Veranstalter-Website anzeigen<\/a><\/p>\n\t\t\t\t<p class=\"tribe-block__organizer__email\">community@climate-kic.org<\/p>\n\t<\/div>\n\n\n<div  class=\"tribe-block tribe-block__venue tribe-clearfix\" >\n\t\n\t\t\n\t<\/div>\n\n\n\n\n\t<div  class=\"tribe-block tribe-block__events-link\" >\n\t\t<div class=\"tribe-events tribe-common\">\n\t\t\t<div class=\"tribe-events-c-subscribe-dropdown__container\">\n\t\t\t\t<div class=\"tribe-events-c-subscribe-dropdown\">\n\t\t\t\t\t<div class=\"tribe-common-c-btn-border tribe-events-c-subscribe-dropdown__button\">\n\t\t\t\t\t\t<svg  class=\"tribe-common-c-svgicon tribe-common-c-svgicon--cal-export tribe-events-c-subscribe-dropdown__export-icon\"  xmlns=\"http:\/\/www.w3.org\/2000\/svg\" width=\"24\" height=\"24\" viewbox=\"0 0 24 24\" fill=\"none\">\n    <path\n        d=\"M9 6L12 3M12 3L15 6M12 3V13M7.00023 10C6.06835 10 5.60241 10 5.23486 10.1522C4.74481 10.3552 4.35523 10.7448 4.15224 11.2349C4 11.6024 4 12.0681 4 13V17.8C4 18.9201 4 19.4798 4.21799 19.9076C4.40973 20.2839 4.71547 20.5905 5.0918 20.7822C5.5192 21 6.07899 21 7.19691 21H16.8036C17.9215 21 18.4805 21 18.9079 20.7822C19.2842 20.5905 19.5905 20.2839 19.7822 19.9076C20 19.4802 20 18.921 20 17.8031V13C20 12.0681 19.9999 11.6024 19.8477 11.2349C19.6447 10.7448 19.2554 10.3552 18.7654 10.1522C18.3978 10 17.9319 10 17 10\"\n        stroke=\"#142930\" stroke-width=\"2\" stroke-linecap=\"round\" stroke-linejoin=\"round\"\/>\n<\/svg>\n\t\t\t\t\t\t<button\n\t\t\t\t\t\t\tclass=\"tribe-events-c-subscribe-dropdown__button-text\"\n\t\t\t\t\t\t\taria-expanded=\"false\"\n\t\t\t\t\t\t\taria-controls=\"tribe-events-subscribe-dropdown-content\"\n\t\t\t\t\t\t\taria-label=\"Zeige Links an um Veranstaltungen zu deinem Kalender hinzuzuf\u00fcgen\"\n\t\t\t\t\t\t>\n\t\t\t\t\t\t\tZum Kalender hinzuf\u00fcgen\t\t\t\t\t\t<\/button>\n\t\t\t\t\t\t<svg\n\t class=\"tribe-common-c-svgicon tribe-common-c-svgicon--caret-down tribe-events-c-subscribe-dropdown__button-icon\" \taria-hidden=\"true\"\n\tviewbox=\"0 0 10 7\"\n\txmlns=\"http:\/\/www.w3.org\/2000\/svg\"\n>\n\t<path fill-rule=\"evenodd\" clip-rule=\"evenodd\" d=\"M1.008.609L5 4.6 8.992.61l.958.958L5 6.517.05 1.566l.958-.958z\" class=\"tribe-common-c-svgicon__svg-fill\"\/>\n<\/svg>\n\t\t\t\t\t<\/div>\n\t\t\t\t\t<div id=\"tribe-events-subscribe-dropdown-content\" class=\"tribe-events-c-subscribe-dropdown__content\">\n\t\t\t\t\t\t<ul class=\"tribe-events-c-subscribe-dropdown__list\">\n\t\t\t\t\t\t\t\t\t\t\t\t\t\t\t<li class=\"tribe-events-c-subscribe-dropdown__list-item tribe-events-c-subscribe-dropdown__list-item--gcal\">\n\t\t\t\t\t\t\t\t\t<a\n\t\t\t\t\t\t\t\t\t\thref=\"https:\/\/www.google.com\/calendar\/event?action=TEMPLATE&#038;dates=20251002T013000\/20251002T183000&#038;text=CoLab%3A%20Accelerating%20blue%20%26amp%3B%20green%20economy%20in%20Europe%E2%80%99s%20coastal%20communities&#038;details=%3Ch4+class%3D%22wp-block-heading%22+style%3D%22font-size%3A18px%22%3EJoin+us+for+a+workshop+with+experts%2C+industry+leaders+and+public+and+private+stakeholders+and+design+with+us+new+collaborations+and+practical+opportunities+to+unlock+the+business+potential+in+the+blue+and+green+economy+for+coastal+aeras.%3C%2Fh4%3E%3Cp+style%3D%22font-size%3A16px%22%3EEurope%E2%80%99s+blue+economy+and+coastal+zones+%28communities%2C+cities%2C+regions+and+islands%29+make+up+an+estimated+13%25+European+landmass+yet+houses+40+%25+of+Europe%E2%80%99s+population+and+GDP%2C+making+it+a+crucial+pillar.%26nbsp%3B%3C%2Fp%3E+%3Cp+style%3D%22font-size%3A16px%22%3EHowever%2C+climate+change+puts+all+of+this+is+at+risk.+The+challenges+are+numerous%2C+yet+the+economic+gains+are+equally+exponential.+But+we+must+act+now%21%3C%2Fp%3E+%3Cp+style%3D%22font-size%3A16px%22%3EAgainst+this+background%2C+Climate+KIC+has+started+working+with+the+Region+of+Sardinia%2C+in+particular+with+its+Innovation+Agency%26nbsp%3B%3Ca+href%3D%22https%3A%2F%2Fwww.sardegnaricerche.it%2F%22%3ESardegna+Ricerche%3C%2Fa%3E%26nbsp%3Bthrough+the+Interreg+project%26nbsp%3B%3Ca%3C%2Fp%3E+%28Zeige+vollst%C3%A4ndige+Veranstaltung-Beschreibung+hier+an%3A+https%3A%2F%2Fclimate-hive.org%2Fde%2Fevent%2Fcolab-accelerating-blue-green-economy-in-europes-coastal-communities%2F%29&#038;trp=false&#038;ctz=Europe\/London&#038;sprop=website:https:\/\/climate-hive.org\/de\"\n\t\t\t\t\t\t\t\t\t\tclass=\"tribe-events-c-subscribe-dropdown__list-item-link\"\n\t\t\t\t\t\t\t\t\t\ttarget=\"_blank\"\n\t\t\t\t\t\t\t\t\t\trel=\"noopener noreferrer nofollow noindex\"\n\t\t\t\t\t\t\t\t\t>\n\t\t\t\t\t\t\t\t\t\tGoogle Kalender\t\t\t\t\t\t\t\t\t<\/a>\n\t\t\t\t\t\t\t\t<\/li>\n\t\t\t\t\t\t\t\t\t\t\t\t\t\t\t<li class=\"tribe-events-c-subscribe-dropdown__list-item tribe-events-c-subscribe-dropdown__list-item--ical\">\n\t\t\t\t\t\t\t\t\t<a\n\t\t\t\t\t\t\t\t\t\thref=\"\"\n\t\t\t\t\t\t\t\t\t\tclass=\"tribe-events-c-subscribe-dropdown__list-item-link\"\n\t\t\t\t\t\t\t\t\t\ttarget=\"_blank\"\n\t\t\t\t\t\t\t\t\t\trel=\"noopener noreferrer nofollow noindex\"\n\t\t\t\t\t\t\t\t\t>\n\t\t\t\t\t\t\t\t\t\tiCalendar\t\t\t\t\t\t\t\t\t<\/a>\n\t\t\t\t\t\t\t\t<\/li>\n\t\t\t\t\t\t\t\t\t\t\t\t\t\t\t<li class=\"tribe-events-c-subscribe-dropdown__list-item tribe-events-c-subscribe-dropdown__list-item--outlook-365\">\n\t\t\t\t\t\t\t\t\t<a\n\t\t\t\t\t\t\t\t\t\thref=\"\"\n\t\t\t\t\t\t\t\t\t\tclass=\"tribe-events-c-subscribe-dropdown__list-item-link\"\n\t\t\t\t\t\t\t\t\t\ttarget=\"_blank\"\n\t\t\t\t\t\t\t\t\t\trel=\"noopener noreferrer nofollow noindex\"\n\t\t\t\t\t\t\t\t\t>\n\t\t\t\t\t\t\t\t\t\tOutlook 365\t\t\t\t\t\t\t\t\t<\/a>\n\t\t\t\t\t\t\t\t<\/li>\n\t\t\t\t\t\t\t\t\t\t\t\t\t\t\t<li class=\"tribe-events-c-subscribe-dropdown__list-item tribe-events-c-subscribe-dropdown__list-item--outlook-live\">\n\t\t\t\t\t\t\t\t\t<a\n\t\t\t\t\t\t\t\t\t\thref=\"\"\n\t\t\t\t\t\t\t\t\t\tclass=\"tribe-events-c-subscribe-dropdown__list-item-link\"\n\t\t\t\t\t\t\t\t\t\ttarget=\"_blank\"\n\t\t\t\t\t\t\t\t\t\trel=\"noopener noreferrer nofollow noindex\"\n\t\t\t\t\t\t\t\t\t>\n\t\t\t\t\t\t\t\t\t\tOutlook Live\t\t\t\t\t\t\t\t\t<\/a>\n\t\t\t\t\t\t\t\t<\/li>\n\t\t\t\t\t\t\t\t\t\t\t\t\t<\/ul>\n\t\t\t\t\t<\/div>\n\t\t\t\t<\/div>\n\t\t\t<\/div>\n\t\t<\/div>\n\t<\/div>\n\n\n\n<h2 class=\"tribe-block__related-events__title\">\u00c4hnliche Veranstaltungen<\/h2>\n\n<ul  class=\"tribe-related-events tribe-clearfix\" >\n\t\t\t<li>\n\t\n<div class=\"tribe-related-events-thumbnail\">\n\t<a href=\"https:\/\/climate-hive.org\/de\/event\/climathon-organiser-training-2-systems-change\/\" class=\"url\" rel=\"bookmark\" tabindex=\"-1\" aria-hidden=\"true\"><img loading=\"lazy\" decoding=\"async\" width=\"1024\" height=\"683\" src=\"https:\/\/climate-hive.org\/wp-content\/uploads\/2026\/04\/Curitiba_Brazil_2mb-1-1024x683.jpg\" class=\"attachment-large size-large wp-post-image\" alt=\"\" \/><\/a>\n<\/div>\n\t<div class=\"tribe-related-event-info\">\n\t<h3 class=\"tribe-related-events-title\">\n\t\t<a href=\"https:\/\/climate-hive.org\/de\/event\/climathon-organiser-training-2-systems-change\/\" class=\"tribe-event-url\" rel=\"bookmark\">\n\t\t\tClimathon Schulung f\u00fcr Organisator*innen #: Vom Event zur Systemver\u00e4nderung\t\t<\/a>\n\t<\/h3>\n\t<span class=\"tribe-event-date-start\">5. Mai um 13:00 Uhr<\/span> - <span class=\"tribe-event-time\">14:30 Uhr<\/span><\/div>\n<\/li>\n\t\t\t<li>\n\t\n<div class=\"tribe-related-events-thumbnail\">\n\t<a href=\"https:\/\/climate-hive.org\/de\/event\/insights-green-and-digital-for-small-businesses\/\" class=\"url\" rel=\"bookmark\" tabindex=\"-1\" aria-hidden=\"true\"><img loading=\"lazy\" decoding=\"async\" width=\"1024\" height=\"576\" src=\"https:\/\/climate-hive.org\/wp-content\/uploads\/2026\/04\/getty-images-Sf2MBY7xIkY-unsplash-1024x576.jpg\" class=\"attachment-large size-large wp-post-image\" alt=\"\" \/><\/a>\n<\/div>\n\t<div class=\"tribe-related-event-info\">\n\t<h3 class=\"tribe-related-events-title\">\n\t\t<a href=\"https:\/\/climate-hive.org\/de\/event\/insights-green-and-digital-for-small-businesses\/\" class=\"tribe-event-url\" rel=\"bookmark\">\n\t\t\tEinblicke: Gr\u00fcn und digital. Was das f\u00fcr kleine Unternehmen in der Praxis bedeutet\u00a0\t\t<\/a>\n\t<\/h3>\n\t<span class=\"tribe-event-date-start\">6. Mai @ 14:00 Uhr<\/span> - <span class=\"tribe-event-time\">15:00 Uhr<\/span><\/div>\n<\/li>\n\t\t\t<li>\n\t\n<div class=\"tribe-related-events-thumbnail\">\n\t<a href=\"https:\/\/climate-hive.org\/de\/event\/how-to-evolve-global-book-tour\/\" class=\"url\" rel=\"bookmark\" tabindex=\"-1\" aria-hidden=\"true\"><img loading=\"lazy\" decoding=\"async\" width=\"1024\" height=\"576\" src=\"https:\/\/climate-hive.org\/wp-content\/uploads\/2026\/04\/How_to_Evolve_Copenhagen_2x-2100x1181-1-1024x576.png\" class=\"attachment-large size-large wp-post-image\" alt=\"\" \/><\/a>\n<\/div>\n\t<div class=\"tribe-related-event-info\">\n\t<h3 class=\"tribe-related-events-title\">\n\t\t<a href=\"https:\/\/climate-hive.org\/de\/event\/how-to-evolve-global-book-tour\/\" class=\"tribe-event-url\" rel=\"bookmark\">\n\t\t\tWie man sich entwickelt \u2013 Globale Buch-Tour\t\t<\/a>\n\t<\/h3>\n\t<span class=\"tribe-event-date-start\">11. Mai, 9:30 Uhr<\/span> - <span class=\"tribe-event-date-end\">12. Mai @ 20:30 Uhr<\/span><\/div>\n<\/li>\n\t<\/ul>","protected":false},"excerpt":{"rendered":"<p>Nehmen Sie an einem Workshop mit Experten, Branchenf\u00fchrern sowie \u00f6ffentlichen und privaten Akteuren teil und entwickeln Sie mit uns neue Kooperationen und praktische M\u00f6glichkeiten, um das Gesch\u00e4ftspotenzial in der [...]<\/p>","protected":false},"author":3,"featured_media":4202,"comment_status":"open","ping_status":"closed","template":"","meta":{"_acf_changed":false,"_tec_requires_first_save":false,"_bbp_topic_count":0,"_bbp_reply_count":0,"_bbp_total_topic_count":0,"_bbp_total_reply_count":0,"_bbp_voice_count":0,"_bbp_anonymous_reply_count":0,"_bbp_topic_count_hidden":0,"_bbp_reply_count_hidden":0,"_bbp_forum_subforum_count":0,"pmpro_default_level":"","inline_featured_image":false,"_price":"","_stock":"","_tribe_ticket_header":"","_tribe_default_ticket_provider":"TEC\\Tickets\\Commerce\\Module","_ticket_start_date":"","_ticket_end_date":"","_tribe_ticket_show_description":"","_tribe_ticket_show_not_going":false,"_tribe_ticket_use_global_stock":"","_tribe_ticket_global_stock_level":"","_global_stock_mode":"","_global_stock_cap":"","_tribe_rsvp_for_event":"","_tribe_ticket_going_count":"","_tribe_ticket_not_going_count":"","_tribe_tickets_list":"[]","_tribe_ticket_has_attendee_info_fields":false,"_EventAllDay":false,"_EventTimezone":"Europe\/London","_EventStartDate":"2025-10-02 01:30:00","_EventEndDate":"2025-10-02 18:30:00","_EventStartDateUTC":"2025-10-02 00:30:00","_EventEndDateUTC":"2025-10-02 17:30:00","_EventShowMap":false,"_EventShowMapLink":false,"_EventURL":"","_EventCost":"","_EventCostDescription":"","_EventCurrencySymbol":"\u20ac","_EventCurrencyCode":"EUR","_EventCurrencyPosition":"prefix","_EventDateTimeSeparator":"@","_EventTimeRangeSeparator":"-","_EventOrganizerID":[3881],"_EventVenueID":[],"_OrganizerEmail":"","_OrganizerPhone":"","_OrganizerWebsite":"","_VenueAddress":"","_VenueCity":"","_VenueCountry":"","_VenueProvince":"","_VenueState":"","_VenueZip":"","_VenuePhone":"","_VenueURL":"","_VenueStateProvince":"","_VenueLat":"","_VenueLng":"","_VenueShowMap":false,"_VenueShowMapLink":false,"_tribe_blocks_recurrence_rules":"","_tribe_blocks_recurrence_description":"","_tribe_blocks_recurrence_exclusions":"","_tribe_events_status":"","_tribe_events_status_reason":"","_tribe_events_is_hybrid":"","_tribe_events_is_virtual":"","_tribe_events_virtual_video_source":"","_tribe_events_virtual_embed_video":"","_tribe_events_virtual_linked_button_text":"","_tribe_events_virtual_linked_button":"","_tribe_events_virtual_show_embed_at":"","_tribe_events_virtual_show_embed_to":[],"_tribe_events_virtual_show_on_event":"","_tribe_events_virtual_show_on_views":"","_tribe_events_virtual_url":"","footnotes":"","_tec_slr_enabled":"","_tec_slr_layout":""},"tags":[58,57,59],"tribe_events_cat":[49,85,10,2,12],"class_list":["post-4180","tribe_events","type-tribe_events","status-publish","has-post-thumbnail","hentry","tag-blue-economy","tag-colab","tag-green-economy","tribe_events_cat-community-collab","tribe_events_cat-community-event","tribe_events_cat-in-person","tribe_events_cat-networking","tribe_events_cat-organised-by-climate-kic","pmpro-has-access","cat_community-collab","cat_community-event","cat_in-person","cat_networking","cat_organised-by-climate-kic"],"acf":[],"ticketed":false,"_links":{"self":[{"href":"https:\/\/climate-hive.org\/de\/wp-json\/wp\/v2\/tribe_events\/4180","targetHints":{"allow":["GET"]}}],"collection":[{"href":"https:\/\/climate-hive.org\/de\/wp-json\/wp\/v2\/tribe_events"}],"about":[{"href":"https:\/\/climate-hive.org\/de\/wp-json\/wp\/v2\/types\/tribe_events"}],"author":[{"embeddable":true,"href":"https:\/\/climate-hive.org\/de\/wp-json\/wp\/v2\/users\/3"}],"replies":[{"embeddable":true,"href":"https:\/\/climate-hive.org\/de\/wp-json\/wp\/v2\/comments?post=4180"}],"version-history":[{"count":8,"href":"https:\/\/climate-hive.org\/de\/wp-json\/wp\/v2\/tribe_events\/4180\/revisions"}],"predecessor-version":[{"id":4207,"href":"https:\/\/climate-hive.org\/de\/wp-json\/wp\/v2\/tribe_events\/4180\/revisions\/4207"}],"wp:featuredmedia":[{"embeddable":true,"href":"https:\/\/climate-hive.org\/de\/wp-json\/wp\/v2\/media\/4202"}],"wp:attachment":[{"href":"https:\/\/climate-hive.org\/de\/wp-json\/wp\/v2\/media?parent=4180"}],"wp:term":[{"taxonomy":"post_tag","embeddable":true,"href":"https:\/\/climate-hive.org\/de\/wp-json\/wp\/v2\/tags?post=4180"},{"taxonomy":"tribe_events_cat","embeddable":true,"href":"https:\/\/climate-hive.org\/de\/wp-json\/wp\/v2\/tribe_events_cat?post=4180"}],"curies":[{"name":"wp","href":"https:\/\/api.w.org\/{rel}","templated":true}]}}