{"id":4214,"date":"2025-09-24T13:32:42","date_gmt":"2025-09-24T12:32:42","guid":{"rendered":"https:\/\/climate-hive.org\/?post_type=tribe_events&#038;p=4214"},"modified":"2025-10-16T16:57:16","modified_gmt":"2025-10-16T15:57:16","slug":"colab-advancing-green-public-private-partnerships","status":"publish","type":"tribe_events","link":"https:\/\/climate-hive.org\/de\/event\/colab-advancing-green-public-private-partnerships\/","title":{"rendered":"CoLab: F\u00f6rderung gr\u00fcner \u00f6ffentlich-privater Partnerschaften"},"content":{"rendered":"<div  class=\"tribe-events-schedule tribe-clearfix\" >\n\t<p class=\"tribe-events-schedule__datetime\">\n\t\t<span class=\"tribe-events-schedule__date tribe-events-schedule__date--start\">\n\t\t\tOktober 22, 2025\t\t<\/span>\n\n\t\t\t\t\t<span class=\"tribe-events-schedule__separator tribe-events-schedule__separator--date\">\n\t\t\t\t@\t\t\t<\/span>\n\t\t\t<span class=\"tribe-events-schedule__time tribe-events-schedule__time--start\">\n\t\t\t\t14:30 Uhr\t\t\t<\/span>\n\t\t\n\t\t\t\t\t\t\t\t\t<span class=\"tribe-events-schedule__separator tribe-events-schedule__separator--time\">\n\t\t\t\t\t-\t\t\t\t<\/span>\n\t\t\t\n\t\t\t\t\t\t\t<span class=\"tribe-events-schedule__time tribe-events-schedule__time--end\">\n\t\t\t\t\t18:00 Uhr\t\t\t\t<\/span>\n\t\t\t\n\t\t\t\t\t\t<\/p>\n<\/div>\n\n\n\n<p style=\"font-size:16px\">Nehmen Sie an unserem Community CoLab in Warschau teil, um neue Modelle f\u00fcr \u00f6ffentlich-private Partnerschaften zu entwickeln und Gesch\u00e4ftsm\u00f6glichkeiten und Koalitionen in den Bereichen Unternehmertum, Bildung und Forschung zu ermitteln, um die Agenda f\u00fcr Klima-Innovationen voranzutreiben.<\/p>\n\n\n\n<p style=\"font-size:16px\">Um die Klimaziele der EU f\u00fcr 2030 zu erreichen, m\u00fcssen wir nach Sch\u00e4tzungen der EIB etwa 8% unseres BIP aufwenden. Leider sind wir erst bei 5% BIP. Wir wissen, dass weder der \u00f6ffentliche noch der private Sektor allein die Klimakrise l\u00f6sen k\u00f6nnen, sie m\u00fcssen zusammenarbeiten.<\/p>\n\n\n\n<p style=\"font-size:16px\">\u00d6ffentlich-private Partnerschaften sind unerl\u00e4sslich, um die ehrgeizigen Umweltverpflichtungen von St\u00e4dten, nationalen Regierungen und der EU in die Tat umzusetzen. Durch die Verbindung von dringendem \u00f6ffentlichem Bedarf mit innovativen Unternehmensl\u00f6sungen und neuester Forschung erschlie\u00dfen diese Kooperationen neue M\u00e4rkte und treiben die Anpassung in dem Tempo und Umfang voran, den unsere Gemeinden dringend ben\u00f6tigen.<\/p>\n\n\n\n<p style=\"font-size:16px\">Climate KIC l\u00e4dt Sie ein, sich uns anzuschlie\u00dfen&nbsp;<strong>Warschau, Polen<\/strong>&nbsp;am Mittwoch, den 22. Oktober, zu einem wirkungsvollen Community Collaboration Laboratory (<strong>CoLab<\/strong>) mit Schwerpunkt auf&nbsp;<strong>F\u00f6rderung gr\u00fcner \u00f6ffentlich-privater Partnerschaften<\/strong>, in Zusammenarbeit mit dem&nbsp;<a href=\"https:\/\/www.parp.gov.pl\/\" target=\"_blank\" rel=\"noreferrer noopener\">Polnische Agentur f\u00fcr Unternehmensentwicklung<\/a>&nbsp;und die&nbsp;<a href=\"https:\/\/en.uw.edu.pl\/\" target=\"_blank\" rel=\"noreferrer noopener\">Universit\u00e4t Warschau<\/a>. Wir laden wichtige Akteure aus dem \u00f6ffentlichen und privaten Sektor, nationale, regionale und lokale politische Entscheidungstr\u00e4ger, Forscher, Industrien und innovative Unternehmer zur Teilnahme ein.<\/p>\n\n\n\n<p style=\"font-size:16px\">Gemeinsam werden wir neue Modelle f\u00fcr Partnerschaften entwerfen, die Nachfrage \u00f6ffentlicher Interessengruppen verstehen, \u00fcber m\u00f6gliche L\u00f6sungen an der Schnittstelle zwischen Forschung und Wirtschaft nachdenken und M\u00f6glichkeiten aufzeigen, um die Agenda der Klima-Innovation in Polen und dar\u00fcber hinaus voranzutreiben.<\/p>\n\n\n\n<p style=\"font-size:16px\"><strong>Dieses CoLab ist erst der Anfang<\/strong>. In den kommenden drei Jahren wird die Climate KIC Community \u00f6ffentliche und private Stakeholder, Forscher und Innovatoren zusammenbringen, um eine neue Bewegung zu entfachen, die systemische Klimal\u00f6sungen erforscht und gemeinsam an der Skalierung und Beschleunigung ihrer Umsetzung arbeitet.&nbsp;<\/p>\n\n\n\n<p style=\"font-size:16px\">Nehmen Sie teil, wenn Sie bereit sind, Ihre Organisation zukunftssicher zu machen und mit gleichgesinnten Organisationen und Innovatoren zusammenzuarbeiten.&nbsp;<\/p>\n\n\n\n<div class=\"wp-block-buttons is-layout-flex wp-block-buttons-is-layout-flex\">\n<div class=\"wp-block-button\"><a class=\"wp-block-button__link wp-element-button\" href=\"https:\/\/forms.office.com\/e\/7rHjhVhFEq\">JETZT ANMELDEN<\/a><\/div>\n<\/div>\n\n\n\n<p><\/p>\n\n\n\n<h2 class=\"wp-block-heading\"><strong>Tagesordnung<\/strong><\/h2>\n\n\n\n<p>14.30 - 15.00: <strong>Anmeldung &amp; Kaffee<\/strong><\/p>\n\n\n\n<p>15.00 - 15.10: <strong>Willkommen im CoLab<\/strong><br><em>mit Magnus Harrison, Community Relations and Partnership Manager, Climate KIC&nbsp;&nbsp;<\/em><\/p>\n\n\n\n<p>15.10 - 15.50:<strong> Gespr\u00e4ch am Rande des Feuers: Beschleunigung des gr\u00fcnen Wandels und Gesch\u00e4ftsm\u00f6glichkeiten durch \u00f6ffentlich-private Partnerschaften.<br><\/strong><em>Moderiert von: Katarzyna Balucka-Debska, Policy &amp; EU Affairs Orchestrator, Climate KIC.<\/em><\/p>\n\n\n\n<p><em>Redner:<\/em><\/p>\n\n\n\n<ul class=\"wp-block-list\">\n<li><em>Michal Piwowarczyk, Stellvertretender Direktor, Ministerium f\u00fcr Entwicklungsfonds und Regionalpolitik<\/em><\/li>\n\n\n\n<li><em>Krzysztof Gulda, Pr\u00e4sident, Polnische Agentur f\u00fcr Unternehmensentwicklung (PARP)<\/em><\/li>\n\n\n\n<li><em>Anna Brussa, Direktorin f\u00fcr industrielle Wertsch\u00f6pfungsketten, Climate KIC.<\/em>\u00a0<\/li>\n<\/ul>\n\n\n\n<p>15.50 - 16.00: <strong>Einf\u00fchrung in die Sitzung<\/strong><\/p>\n\n\n\n<p>16.00 - 16.45: <strong>Diskussionen am runden Tisch<\/strong>&nbsp;&nbsp;<\/p>\n\n\n\n<ul class=\"wp-block-list\">\n<li><strong>Freisetzung von privatem und \u00f6ffentlichem Kapital<\/strong><br><em>Leitung: Przemek Derwich, EU-Finanzierungsspezialist, Climate KIC<\/em><\/li>\n\n\n\n<li><strong>Aufbau und Skalierung wettbewerbsf\u00e4higer Industrien<\/strong><br><em>Unter der Leitung von Anna Brussa, Direktorin f\u00fcr industrielle Wertsch\u00f6pfungsketten, Climate KIC.<\/em><\/li>\n\n\n\n<li><strong>\u00dcberbr\u00fcckung von Innovationsl\u00fccken<\/strong><br><em>Unter der Leitung von Magnus Harrison, Community Relations and Partnership Manager, Climate KIC\u00a0\u00a0<\/em><\/li>\n<\/ul>\n\n\n\n<p>16.45 - 17.15: <strong>Plenarsitzung: Pr\u00e4sentation der Diskussionen am runden Tisch<br><\/strong><em>Moderiert von Aleksandra Goldys, Designerin &amp; Produzentin, Industrielle Wertsch\u00f6pfungsketten, Climate KIC&nbsp;<\/em><\/p>\n\n\n\n<p>17.15 - 18.00: <strong>Empfang zur Vernetzung&nbsp;<\/strong><\/p>\n\n\n\n<p><\/p>\n\n\n\n<h3 class=\"wp-block-heading\">\u00dcber Climate KIC Community CoLabs<\/h3>\n\n\n\n<p style=\"font-size:16px\">Climate KIC wird im Herbst 2025 vier Collaboration Laboratories (CoLabs) veranstalten.  Bei unseren CoLabs arbeiten wir mit \u00f6ffentlichen und privaten Akteuren \u00fcber die gesamte Wertsch\u00f6pfungskette hinweg zusammen, um den Klimabedarf mit innovativen Gesch\u00e4ftsl\u00f6sungen zu verbinden. Wir werden uns mit einer Reihe von Themen befassen:<\/p>\n\n\n\n<ul class=\"wp-block-list\">\n<li style=\"font-size:16px\"><a href=\"https:\/\/www.climate-kic.org\/events\/community-colab-beyond-the-legacy-of-deep-demonstration-slovenia\/\">Jenseits des Verm\u00e4chtnisses von Deep Demonstration Slowenien<\/a>. Ljubljana (Slowenien), 11. September 2025<\/li>\n\n\n\n<li style=\"font-size:16px\"><a href=\"https:\/\/www.climate-kic.org\/events\/community-colab-cagliari\/\">Beschleunigung der blauen und gr\u00fcnen Wirtschaft in Europas K\u00fcstengemeinden<\/a>. Cagliari (Italien), 2. Oktober 2025<\/li>\n\n\n\n<li style=\"font-size:16px\"><a href=\"https:\/\/www.climate-kic.org\/events\/community-colab-community-housing-barcelona\/\">Gemeinschaftlich gef\u00fchrter Wohnungsbau und nachhaltige \u00dcberg\u00e4nge: Der Fall Barcelonas<\/a>a. Barcelona (Katalonien, Spanien), 10. Oktober 2025<\/li>\n\n\n\n<li style=\"font-size:16px\"><a href=\"https:\/\/www.climate-kic.org\/events\/community-colab-public-private-partnerships-warsaw\/\">F\u00f6rderung gr\u00fcner \u00f6ffentlich-privater Partnerschaften: Der Fall Polen und dar\u00fcber hinaus<\/a>. Warschau (Polen), 22. Oktober 2025<\/li>\n<\/ul>\n\n\n\n<p style=\"font-size:16px\">Die Community CoLabs werden unterst\u00fctzt von der&nbsp;<a href=\"https:\/\/www.eit.europa.eu\/\">Europ\u00e4isches Institut f\u00fcr Innovation und Technologie (EIT)<\/a>, eine Einrichtung der Europ\u00e4ischen Union.<\/p>\n\n\n<div  class=\"tribe-block tribe-block__event-price\" >\n\t\t<\/div>\n\n\n<div  class=\"tribe-block tribe-block__organizer__details tribe-clearfix\" >\n    <h4>Organiser details<\/h4>\n\t<div class=\"tribe-block__organizer__title\">\n\t\t<h3><a href=\"https:\/\/climate-hive.org\/de\/veranstalter\/climate-kic-community\/\" title=\"Climate KIC Community\" target=\"_self\" rel=\"\">Climate KIC Community<\/a><\/h3>\n\t<\/div>\n\t\t\t\t<p class=\"tribe-block__organizer__website\"><a href=\"https:\/\/climate-hive.org\/de\/\" target=\"_self\" rel=\"external\">Veranstalter-Website anzeigen<\/a><\/p>\n\t\t\t\t<p class=\"tribe-block__organizer__email\">community@climate-kic.org<\/p>\n\t<\/div>\n\n\n<div  class=\"tribe-block tribe-block__venue tribe-clearfix tribe-block__venue--has-map\" >\n\t\n\t\n<div class=\"tribe-block__venue__meta\">\n\t<div class=\"tribe-block__venue__name\">\n\t\t<h3><a href=\"https:\/\/climate-hive.org\/de\/veranstaltungsort\/warsaw-university-budynek-dydaktyczny\/\" title=\"Universit\u00e4t Warschau, Budynek dydaktyczny\">Universit\u00e4t Warschau, Budynek dydaktyczny<\/a><\/h3>\n\t<\/div>\n\n\t\n\t\t\t\t\t\t<address class=\"tribe-block__venue__address\">\n\t\t\t\t<span class=\"tribe-address\">\n\n<span class=\"tribe-street-address\">Dobra 55<\/span>\n\t\n\t\t<br>\n\t\t<span class=\"tribe-locality\">Warschau<\/span><span class=\"tribe-delimiter\">,<\/span>\n\n\n\t<span class=\"tribe-postal-code\">00-312<\/span>\n\n\t<span class=\"tribe-country-name\">Polen<\/span>\n\n<\/span>\n\n\t\t\t\t\t\t\t\t\t<a class=\"tribe-events-gmap\" href=\"https:\/\/maps.google.com\/maps?f=q&#038;source=s_q&#038;hl=en&#038;geocode=&#038;q=Dobra+55+Warsaw+00-312+Poland\" title=\"Klicken, um Google Karte anzuzeigen\" target=\"_blank\" rel=\"noreferrer noopener\">Google Karte anzeigen<\/a>\t\t\t\t\t\t\t<\/address>\n\t\t\n\t\t\n\t\t\t\n\t<\/div>\n\t\n<div class=\"tribe-block__venue__map\">\n\t\n<iframe loading=\"lazy\"\n  title=\"Iframe von Google Maps, der die Adresse von Warsaw University, Budynek dydaktyczny anzeigt\"\n  aria-label=\"Karte des Veranstaltungsortes\"\n  width=\"310px\"\n  height=\"256px\"\n  frameborder=\"0\" style=\"border:0\"\n  src=\"https:\/\/www.google.com\/maps\/embed\/v1\/place?key=AIzaSyDNsicAsP6-VuGtAb1O9riI3oc_NOb7IOU&#038;q=Dobra+55+Warsaw+00-312+Poland+&#038;zoom=15\" allowfullscreen>\n<\/iframe>\n<\/div>\n\n\t<\/div>\n\n\n\n\n\t<div  class=\"tribe-block tribe-block__events-link\" >\n\t\t<div class=\"tribe-events tribe-common\">\n\t\t\t<div class=\"tribe-events-c-subscribe-dropdown__container\">\n\t\t\t\t<div class=\"tribe-events-c-subscribe-dropdown\">\n\t\t\t\t\t<div class=\"tribe-common-c-btn-border tribe-events-c-subscribe-dropdown__button\">\n\t\t\t\t\t\t<svg  class=\"tribe-common-c-svgicon tribe-common-c-svgicon--cal-export tribe-events-c-subscribe-dropdown__export-icon\"  xmlns=\"http:\/\/www.w3.org\/2000\/svg\" width=\"24\" height=\"24\" viewbox=\"0 0 24 24\" fill=\"none\">\n    <path\n        d=\"M9 6L12 3M12 3L15 6M12 3V13M7.00023 10C6.06835 10 5.60241 10 5.23486 10.1522C4.74481 10.3552 4.35523 10.7448 4.15224 11.2349C4 11.6024 4 12.0681 4 13V17.8C4 18.9201 4 19.4798 4.21799 19.9076C4.40973 20.2839 4.71547 20.5905 5.0918 20.7822C5.5192 21 6.07899 21 7.19691 21H16.8036C17.9215 21 18.4805 21 18.9079 20.7822C19.2842 20.5905 19.5905 20.2839 19.7822 19.9076C20 19.4802 20 18.921 20 17.8031V13C20 12.0681 19.9999 11.6024 19.8477 11.2349C19.6447 10.7448 19.2554 10.3552 18.7654 10.1522C18.3978 10 17.9319 10 17 10\"\n        stroke=\"#142930\" stroke-width=\"2\" stroke-linecap=\"round\" stroke-linejoin=\"round\"\/>\n<\/svg>\n\t\t\t\t\t\t<button\n\t\t\t\t\t\t\tclass=\"tribe-events-c-subscribe-dropdown__button-text\"\n\t\t\t\t\t\t\taria-expanded=\"false\"\n\t\t\t\t\t\t\taria-controls=\"tribe-events-subscribe-dropdown-content\"\n\t\t\t\t\t\t\taria-label=\"Zeige Links an um Veranstaltungen zu deinem Kalender hinzuzuf\u00fcgen\"\n\t\t\t\t\t\t>\n\t\t\t\t\t\t\tZum Kalender hinzuf\u00fcgen\t\t\t\t\t\t<\/button>\n\t\t\t\t\t\t<svg\n\t class=\"tribe-common-c-svgicon tribe-common-c-svgicon--caret-down tribe-events-c-subscribe-dropdown__button-icon\" \taria-hidden=\"true\"\n\tviewbox=\"0 0 10 7\"\n\txmlns=\"http:\/\/www.w3.org\/2000\/svg\"\n>\n\t<path fill-rule=\"evenodd\" clip-rule=\"evenodd\" d=\"M1.008.609L5 4.6 8.992.61l.958.958L5 6.517.05 1.566l.958-.958z\" class=\"tribe-common-c-svgicon__svg-fill\"\/>\n<\/svg>\n\t\t\t\t\t<\/div>\n\t\t\t\t\t<div id=\"tribe-events-subscribe-dropdown-content\" class=\"tribe-events-c-subscribe-dropdown__content\">\n\t\t\t\t\t\t<ul class=\"tribe-events-c-subscribe-dropdown__list\">\n\t\t\t\t\t\t\t\t\t\t\t\t\t\t\t<li class=\"tribe-events-c-subscribe-dropdown__list-item tribe-events-c-subscribe-dropdown__list-item--gcal\">\n\t\t\t\t\t\t\t\t\t<a\n\t\t\t\t\t\t\t\t\t\thref=\"https:\/\/www.google.com\/calendar\/event?action=TEMPLATE&#038;dates=20251022T143000\/20251022T180000&#038;text=CoLab%3A%20Advancing%20green%20public-private%20partnerships&#038;details=%3Cp+style%3D%22font-size%3A16px%22%3EJoin+our+Community+CoLab+in+Warsaw+to+design+new+models+of+public-private+partnerships%2C+and+identify+business+opportunities+and+coalitions+across+entrepreneurship%2C+education+and+research+to+push+the+climate+innovation+agenda%3C%2Fp%3E+%3Cp+style%3D%22font-size%3A16px%22%3ETo+reach+the+EU%E2%80%99s+2030+climate+targets%2C+the+EIB+estimates+we+must+allocate+roughly+8%25+of+our+GDP.+Unfortunately%2C+we+are+only+at+5%25+GDP.+We+know+that+neither+public+nor+private+sector+alone+can+solve+the+climate+crisis%2C+they+must+work+together.%3C%2Fp%3E+%3Cp+style%3D%22font-size%3A16px%22%3EPublic-private+partnerships+are+vital+to+turn+ambitious+green+commitments+of+cities%2C+national+governments+and+the+EU+into+reality.+By+connecting+urgent+public+demand+with+innovative+business+solutions+and+the+latest+research%2C+these+collaborations+unlock+new+markets+and+drive+adaptation+at+the+pace+and+scale+our+communities+urgently+need.%3C%2Fp%3E+%3Cp+style%3D%22font-size%3A16px%22%3EClimate+KIC+invites+you+to+join+us+in%26nbsp%3B%3Cstrong%3EWar%3C%2Fstrong%3E%3C%2Fp%3E+%28Zeige+vollst%C3%A4ndige+Veranstaltung-Beschreibung+hier+an%3A+https%3A%2F%2Fclimate-hive.org%2Fde%2Fevent%2Fcolab-advancing-green-public-private-partnerships%2F%29&#038;location=Warsaw%20University,%20Budynek%20dydaktyczny,%20Dobra%2055,%20Warsaw,%2000-312,%20Poland&#038;trp=false&#038;ctz=Europe\/London&#038;sprop=website:https:\/\/climate-hive.org\/de\"\n\t\t\t\t\t\t\t\t\t\tclass=\"tribe-events-c-subscribe-dropdown__list-item-link\"\n\t\t\t\t\t\t\t\t\t\ttarget=\"_blank\"\n\t\t\t\t\t\t\t\t\t\trel=\"noopener noreferrer nofollow noindex\"\n\t\t\t\t\t\t\t\t\t>\n\t\t\t\t\t\t\t\t\t\tGoogle Kalender\t\t\t\t\t\t\t\t\t<\/a>\n\t\t\t\t\t\t\t\t<\/li>\n\t\t\t\t\t\t\t\t\t\t\t\t\t\t\t<li class=\"tribe-events-c-subscribe-dropdown__list-item tribe-events-c-subscribe-dropdown__list-item--ical\">\n\t\t\t\t\t\t\t\t\t<a\n\t\t\t\t\t\t\t\t\t\thref=\"\"\n\t\t\t\t\t\t\t\t\t\tclass=\"tribe-events-c-subscribe-dropdown__list-item-link\"\n\t\t\t\t\t\t\t\t\t\ttarget=\"_blank\"\n\t\t\t\t\t\t\t\t\t\trel=\"noopener noreferrer nofollow noindex\"\n\t\t\t\t\t\t\t\t\t>\n\t\t\t\t\t\t\t\t\t\tiCalendar\t\t\t\t\t\t\t\t\t<\/a>\n\t\t\t\t\t\t\t\t<\/li>\n\t\t\t\t\t\t\t\t\t\t\t\t\t\t\t<li class=\"tribe-events-c-subscribe-dropdown__list-item tribe-events-c-subscribe-dropdown__list-item--outlook-365\">\n\t\t\t\t\t\t\t\t\t<a\n\t\t\t\t\t\t\t\t\t\thref=\"\"\n\t\t\t\t\t\t\t\t\t\tclass=\"tribe-events-c-subscribe-dropdown__list-item-link\"\n\t\t\t\t\t\t\t\t\t\ttarget=\"_blank\"\n\t\t\t\t\t\t\t\t\t\trel=\"noopener noreferrer nofollow noindex\"\n\t\t\t\t\t\t\t\t\t>\n\t\t\t\t\t\t\t\t\t\tOutlook 365\t\t\t\t\t\t\t\t\t<\/a>\n\t\t\t\t\t\t\t\t<\/li>\n\t\t\t\t\t\t\t\t\t\t\t\t\t\t\t<li class=\"tribe-events-c-subscribe-dropdown__list-item tribe-events-c-subscribe-dropdown__list-item--outlook-live\">\n\t\t\t\t\t\t\t\t\t<a\n\t\t\t\t\t\t\t\t\t\thref=\"\"\n\t\t\t\t\t\t\t\t\t\tclass=\"tribe-events-c-subscribe-dropdown__list-item-link\"\n\t\t\t\t\t\t\t\t\t\ttarget=\"_blank\"\n\t\t\t\t\t\t\t\t\t\trel=\"noopener noreferrer nofollow noindex\"\n\t\t\t\t\t\t\t\t\t>\n\t\t\t\t\t\t\t\t\t\tOutlook Live\t\t\t\t\t\t\t\t\t<\/a>\n\t\t\t\t\t\t\t\t<\/li>\n\t\t\t\t\t\t\t\t\t\t\t\t\t<\/ul>\n\t\t\t\t\t<\/div>\n\t\t\t\t<\/div>\n\t\t\t<\/div>\n\t\t<\/div>\n\t<\/div>\n\n\n\n<h2 class=\"tribe-block__related-events__title\">\u00c4hnliche Veranstaltungen<\/h2>\n\n<ul  class=\"tribe-related-events tribe-clearfix\" >\n\t\t\t<li>\n\t\n<div class=\"tribe-related-events-thumbnail\">\n\t<a href=\"https:\/\/climate-hive.org\/de\/event\/climathon-organiser-training-2-systems-change\/\" class=\"url\" rel=\"bookmark\" tabindex=\"-1\" aria-hidden=\"true\"><img loading=\"lazy\" decoding=\"async\" width=\"1024\" height=\"683\" src=\"https:\/\/climate-hive.org\/wp-content\/uploads\/2026\/04\/Curitiba_Brazil_2mb-1-1024x683.jpg\" class=\"attachment-large size-large wp-post-image\" alt=\"\" \/><\/a>\n<\/div>\n\t<div class=\"tribe-related-event-info\">\n\t<h3 class=\"tribe-related-events-title\">\n\t\t<a href=\"https:\/\/climate-hive.org\/de\/event\/climathon-organiser-training-2-systems-change\/\" class=\"tribe-event-url\" rel=\"bookmark\">\n\t\t\tClimathon Schulung f\u00fcr Organisator*innen #: Vom Event zur Systemver\u00e4nderung\t\t<\/a>\n\t<\/h3>\n\t<span class=\"tribe-event-date-start\">5. Mai um 13:00 Uhr<\/span> - <span class=\"tribe-event-time\">14:30 Uhr<\/span><\/div>\n<\/li>\n\t\t\t<li>\n\t\n<div class=\"tribe-related-events-thumbnail\">\n\t<a href=\"https:\/\/climate-hive.org\/de\/event\/insights-green-and-digital-for-small-businesses\/\" class=\"url\" rel=\"bookmark\" tabindex=\"-1\" aria-hidden=\"true\"><img loading=\"lazy\" decoding=\"async\" width=\"1024\" height=\"576\" src=\"https:\/\/climate-hive.org\/wp-content\/uploads\/2026\/04\/getty-images-Sf2MBY7xIkY-unsplash-1024x576.jpg\" class=\"attachment-large size-large wp-post-image\" alt=\"\" \/><\/a>\n<\/div>\n\t<div class=\"tribe-related-event-info\">\n\t<h3 class=\"tribe-related-events-title\">\n\t\t<a href=\"https:\/\/climate-hive.org\/de\/event\/insights-green-and-digital-for-small-businesses\/\" class=\"tribe-event-url\" rel=\"bookmark\">\n\t\t\tEinblicke: Gr\u00fcn und digital. Was das f\u00fcr kleine Unternehmen in der Praxis bedeutet\u00a0\t\t<\/a>\n\t<\/h3>\n\t<span class=\"tribe-event-date-start\">6. Mai @ 14:00 Uhr<\/span> - <span class=\"tribe-event-time\">15:00 Uhr<\/span><\/div>\n<\/li>\n\t\t\t<li>\n\t\n<div class=\"tribe-related-events-thumbnail\">\n\t<a href=\"https:\/\/climate-hive.org\/de\/event\/how-to-evolve-global-book-tour\/\" class=\"url\" rel=\"bookmark\" tabindex=\"-1\" aria-hidden=\"true\"><img loading=\"lazy\" decoding=\"async\" width=\"1024\" height=\"576\" src=\"https:\/\/climate-hive.org\/wp-content\/uploads\/2026\/04\/How_to_Evolve_Copenhagen_2x-2100x1181-1-1024x576.png\" class=\"attachment-large size-large wp-post-image\" alt=\"\" \/><\/a>\n<\/div>\n\t<div class=\"tribe-related-event-info\">\n\t<h3 class=\"tribe-related-events-title\">\n\t\t<a href=\"https:\/\/climate-hive.org\/de\/event\/how-to-evolve-global-book-tour\/\" class=\"tribe-event-url\" rel=\"bookmark\">\n\t\t\tWie man sich entwickelt \u2013 Globale Buch-Tour\t\t<\/a>\n\t<\/h3>\n\t<span class=\"tribe-event-date-start\">11. Mai, 9:30 Uhr<\/span> - <span class=\"tribe-event-date-end\">12. Mai @ 20:30 Uhr<\/span><\/div>\n<\/li>\n\t<\/ul>","protected":false},"excerpt":{"rendered":"<p>Nehmen Sie an unserem Community CoLab in Warschau teil, um neue Modelle f\u00fcr \u00f6ffentlich-private Partnerschaften zu entwerfen und Gesch\u00e4ftsm\u00f6glichkeiten und Koalitionen in den Bereichen Unternehmertum, Bildung und Forschung zu ermitteln, um die Klima-Innovationsagenda voranzutreiben [...]<\/p>","protected":false},"author":3,"featured_media":4251,"comment_status":"open","ping_status":"closed","template":"","meta":{"_acf_changed":false,"_tec_requires_first_save":false,"_bbp_topic_count":0,"_bbp_reply_count":0,"_bbp_total_topic_count":0,"_bbp_total_reply_count":0,"_bbp_voice_count":0,"_bbp_anonymous_reply_count":0,"_bbp_topic_count_hidden":0,"_bbp_reply_count_hidden":0,"_bbp_forum_subforum_count":0,"pmpro_default_level":"","inline_featured_image":false,"_price":"","_stock":"","_tribe_ticket_header":"","_tribe_default_ticket_provider":"TEC\\Tickets\\Commerce\\Module","_ticket_start_date":"","_ticket_end_date":"","_tribe_ticket_show_description":"","_tribe_ticket_show_not_going":false,"_tribe_ticket_use_global_stock":"","_tribe_ticket_global_stock_level":"","_global_stock_mode":"","_global_stock_cap":"","_tribe_rsvp_for_event":"","_tribe_ticket_going_count":"","_tribe_ticket_not_going_count":"","_tribe_tickets_list":"[]","_tribe_ticket_has_attendee_info_fields":false,"_EventAllDay":false,"_EventTimezone":"Europe\/London","_EventStartDate":"2025-10-22 14:30:00","_EventEndDate":"2025-10-22 18:00:00","_EventStartDateUTC":"2025-10-22 13:30:00","_EventEndDateUTC":"2025-10-22 17:00:00","_EventShowMap":false,"_EventShowMapLink":false,"_EventURL":"","_EventCost":"","_EventCostDescription":"","_EventCurrencySymbol":"\u20ac","_EventCurrencyCode":"EUR","_EventCurrencyPosition":"prefix","_EventDateTimeSeparator":"@","_EventTimeRangeSeparator":"-","_EventOrganizerID":[3881],"_EventVenueID":[4250],"_OrganizerEmail":"","_OrganizerPhone":"","_OrganizerWebsite":"","_VenueAddress":"","_VenueCity":"","_VenueCountry":"","_VenueProvince":"","_VenueState":"","_VenueZip":"","_VenuePhone":"","_VenueURL":"","_VenueStateProvince":"","_VenueLat":"","_VenueLng":"","_VenueShowMap":false,"_VenueShowMapLink":false,"_tribe_blocks_recurrence_rules":"","_tribe_blocks_recurrence_description":"","_tribe_blocks_recurrence_exclusions":"","_tribe_events_status":"","_tribe_events_status_reason":"","_tribe_events_is_hybrid":"","_tribe_events_is_virtual":"","_tribe_events_virtual_video_source":"","_tribe_events_virtual_embed_video":"","_tribe_events_virtual_linked_button_text":"","_tribe_events_virtual_linked_button":"","_tribe_events_virtual_show_embed_at":"","_tribe_events_virtual_show_embed_to":[],"_tribe_events_virtual_show_on_event":"","_tribe_events_virtual_show_on_views":"","_tribe_events_virtual_url":"","footnotes":"","_tec_slr_enabled":"","_tec_slr_layout":""},"tags":[57,74,72,75,73],"tribe_events_cat":[49,85,10,12,4],"class_list":["post-4214","tribe_events","type-tribe_events","status-publish","has-post-thumbnail","hentry","tag-colab","tag-partnerships","tag-poland","tag-public-private-partnerships","tag-warsaw","tribe_events_cat-community-collab","tribe_events_cat-community-event","tribe_events_cat-in-person","tribe_events_cat-organised-by-climate-kic","tribe_events_cat-policy","pmpro-has-access","cat_community-collab","cat_community-event","cat_in-person","cat_organised-by-climate-kic","cat_policy"],"acf":[],"ticketed":false,"_links":{"self":[{"href":"https:\/\/climate-hive.org\/de\/wp-json\/wp\/v2\/tribe_events\/4214","targetHints":{"allow":["GET"]}}],"collection":[{"href":"https:\/\/climate-hive.org\/de\/wp-json\/wp\/v2\/tribe_events"}],"about":[{"href":"https:\/\/climate-hive.org\/de\/wp-json\/wp\/v2\/types\/tribe_events"}],"author":[{"embeddable":true,"href":"https:\/\/climate-hive.org\/de\/wp-json\/wp\/v2\/users\/3"}],"replies":[{"embeddable":true,"href":"https:\/\/climate-hive.org\/de\/wp-json\/wp\/v2\/comments?post=4214"}],"version-history":[{"count":3,"href":"https:\/\/climate-hive.org\/de\/wp-json\/wp\/v2\/tribe_events\/4214\/revisions"}],"predecessor-version":[{"id":4640,"href":"https:\/\/climate-hive.org\/de\/wp-json\/wp\/v2\/tribe_events\/4214\/revisions\/4640"}],"wp:featuredmedia":[{"embeddable":true,"href":"https:\/\/climate-hive.org\/de\/wp-json\/wp\/v2\/media\/4251"}],"wp:attachment":[{"href":"https:\/\/climate-hive.org\/de\/wp-json\/wp\/v2\/media?parent=4214"}],"wp:term":[{"taxonomy":"post_tag","embeddable":true,"href":"https:\/\/climate-hive.org\/de\/wp-json\/wp\/v2\/tags?post=4214"},{"taxonomy":"tribe_events_cat","embeddable":true,"href":"https:\/\/climate-hive.org\/de\/wp-json\/wp\/v2\/tribe_events_cat?post=4214"}],"curies":[{"name":"wp","href":"https:\/\/api.w.org\/{rel}","templated":true}]}}