{"id":4395,"date":"2025-09-29T16:18:54","date_gmt":"2025-09-29T15:18:54","guid":{"rendered":"https:\/\/climate-hive.org\/?post_type=tribe_events&#038;p=4395"},"modified":"2025-10-06T11:41:10","modified_gmt":"2025-10-06T10:41:10","slug":"climathon-krakow-2025","status":"publish","type":"tribe_events","link":"https:\/\/climate-hive.org\/de\/event\/climathon-krakow-2025\/","title":{"rendered":"Klimamarathon Krakau 2025"},"content":{"rendered":"<div  class=\"tribe-events-schedule tribe-clearfix\" >\n\t<p class=\"tribe-events-schedule__datetime\">\n\t\t<span class=\"tribe-events-schedule__date tribe-events-schedule__date--start\">\n\t\t\tNovember 13, 2025\t\t<\/span>\n\n\t\t\t\t\t<span class=\"tribe-events-schedule__separator tribe-events-schedule__separator--date\">\n\t\t\t\t @ \t\t\t<\/span>\n\t\t\t<span class=\"tribe-events-schedule__time tribe-events-schedule__time--start\">\n\t\t\t\t9:00 Uhr\t\t\t<\/span>\n\t\t\n\t\t\t\t\t\t\t\t\t<span class=\"tribe-events-schedule__separator tribe-events-schedule__separator--time\">\n\t\t\t\t\t-\t\t\t\t<\/span>\n\t\t\t\n\t\t\t\t\t\t\t<span class=\"tribe-events-schedule__time tribe-events-schedule__time--end\">\n\t\t\t\t\t19:00 Uhr\t\t\t\t<\/span>\n\t\t\t\n\t\t\t\t\t\t<\/p>\n<\/div>\n\n\n\n<p style=\"font-size:16px\">St\u00e4dtische Hitzeinseln w\u00e4hrend Hitzewellen. Steigende Sommertemperaturen gef\u00e4hrden zunehmend unsere Gesundheit, unsere Infrastruktur und unsere Lebensqualit\u00e4t, und wir sind der Meinung, dass die lokalen Gemeinschaften den Schl\u00fcssel zur Schaffung sinnvoller und innovativer L\u00f6sungen in der Hand haben.<\/p>\n\n\n\n<p style=\"font-size:16px\">Auf&nbsp;<strong>13. November 2025<\/strong>, Krakau schlie\u00dft sich den St\u00e4dten auf der ganzen Welt f\u00fcr&nbsp;<strong>Climathon<\/strong>&nbsp;- eine globale Bewegung, die B\u00fcrger, Kreative und Changemaker zusammenbringt, um L\u00f6sungen f\u00fcr lokale Klimaherausforderungen zu entwickeln.<\/p>\n\n\n\n<p style=\"font-size:16px\">Der diesj\u00e4hrige Climathon in Krakau wird sich auf eines der dringendsten Probleme der Stadt konzentrieren:&nbsp;<strong>st\u00e4dtische W\u00e4rmeinseln w\u00e4hrend Hitzewellen<\/strong>&nbsp;- Hotspots, die Hitzewellen verst\u00e4rken und eine Gefahr f\u00fcr die Gesundheit, die Infrastruktur und das st\u00e4dtische Leben darstellen. Steigende Sommertemperaturen werden zunehmend zu einer Gefahr f\u00fcr unsere Gesundheit, Infrastruktur und Lebensqualit\u00e4t. Wir sind davon \u00fcberzeugt, dass die lokalen Gemeinschaften der Schl\u00fcssel zur Schaffung sinnvoller und innovativer L\u00f6sungen sind.<\/p>\n\n\n\n<p style=\"font-size:16px\">Wir beginnen den Tag mit dem&nbsp;<strong>2030 SDGs Spiel<\/strong>, eine leistungsstarke Multiplayer-Simulation, in der die Teilnehmer erfahren, was es braucht, um eine nachhaltige Welt zu schaffen. Geleitet von einem zertifizierten Moderator&nbsp;<strong>Antonios Triantafyllakis<\/strong>, Diese Sitzung wird die Voraussetzungen f\u00fcr systemisches Denken und gemeinsames Handeln schaffen. Einblicke aus Krakau werden geteilt \u00fcber die&nbsp;<strong>Globale Wand der Kizukis<\/strong>, und verbindet unsere lokalen Gespr\u00e4che mit einem weltweiten Dialog, der parallel zu den&nbsp;<strong>COP30<\/strong>.<\/p>\n\n\n\n<p style=\"font-size:16px\">Danach werden die Teilnehmer:<\/p>\n\n\n\n<ul class=\"wp-block-list\">\n<li style=\"font-size:16px\">Lernen von&nbsp;<strong>Krakauer Klimabeauftragte<\/strong>&nbsp;\u00fcber die Herausforderung der st\u00e4dtischen W\u00e4rmeinseln<\/li>\n\n\n\n<li style=\"font-size:16px\">Bilden Sie Teams und nutzen Sie kreative Werkzeuge, um&nbsp;<strong>Brainstorming und Prototyping von L\u00f6sungen<\/strong><\/li>\n\n\n\n<li style=\"font-size:16px\">Sie stellen ihre Ideen Gleichaltrigen und Partnern vor, um Feedback und m\u00f6gliche Folgema\u00dfnahmen zu erhalten.<\/li>\n<\/ul>\n\n\n\n<p style=\"font-size:16px\">Egal, ob Sie Student, Designer, Aktivist, Fachmann, Politiker oder einfach nur ein besorgter B\u00fcrger sind, dies ist Ihre Chance, an der Gestaltung der klimatischen Zukunft Krakaus mitzuwirken.<\/p>\n\n\n\n<p>Der Climathon findet statt unter&nbsp;<strong>Apteka Designu (Die Design-Apotheke)<\/strong>, ein einzigartiges lebendiges Labor im wiederbelebten Weso\u0142a-Viertel. Die ehemalige Krankenhausapotheke wurde in ein kreatives Zentrum f\u00fcr Experimente, Design und Gemeinschaftsaktionen umgewandelt.<\/p>\n\n\n\n<p>Organisiert von&nbsp;<strong><a href=\"https:\/\/gamificationglobal.com\/\" target=\"_blank\" rel=\"noreferrer noopener\">Gamification Global<\/a><\/strong>, in Zusammenarbeit mit&nbsp;<strong><a href=\"https:\/\/grupa.robocza.org\/en\/\" target=\"_blank\" rel=\"noreferrer noopener\">Die Arbeitsgruppe<\/a><\/strong><strong>&nbsp;bei Apteka Designu<\/strong>, und&nbsp;<strong><a href=\"https:\/\/klimat.ekomalopolska.pl\/doradcy-dla-klimatu-i-srodowiska\/\" target=\"_blank\" rel=\"noreferrer noopener\">Krakauer Klimabeauftragte<\/a><\/strong>.<\/p>\n\n\n\n<p>Die Teilnahme ist&nbsp;<strong>unentgeltlich<\/strong>, Wir bitten Sie jedoch, sich f\u00fcr den ganzen Tag anzumelden, damit Sie den gr\u00f6\u00dftm\u00f6glichen Nutzen aus dieser gemeinsamen Erfahrung ziehen k\u00f6nnen.<\/p>\n\n\n\n<p>\u200b<strong>Nehmen Sie am Climathon Krak\u00f3w 2025 teil! Vernetzen Sie sich, schaffen Sie gemeinsam etwas und werden Sie aktiv f\u00fcr eine k\u00fchlere, gr\u00fcnere und widerstandsf\u00e4higere Stadt.<\/strong><\/p>\n\n\n<div  class=\"tribe-block tribe-block__event-price\" >\n\t\t<\/div>\n\n\n\n\n<div  class=\"tribe-block tribe-block__venue tribe-clearfix tribe-block__venue--has-map\" >\n\t\n\t\n<div class=\"tribe-block__venue__meta\">\n\t<div class=\"tribe-block__venue__name\">\n\t\t<h3><a href=\"https:\/\/climate-hive.org\/de\/veranstaltungsort\/the-design-pharmacy-apteka-designu\/\" title=\"Die Design-Apotheke (Apteka Designu)\">Die Design-Apotheke (Apteka Designu)<\/a><\/h3>\n\t<\/div>\n\n\t\n\t\t\t\t\t\t<address class=\"tribe-block__venue__address\">\n\t\t\t\t<span class=\"tribe-address\">\n\n<span class=\"tribe-street-address\">Miko\u0142aja Kopernika 19A<\/span>\n\t\n\t\t<br>\n\t\t<span class=\"tribe-locality\">Krak\u00f3w<\/span><span class=\"tribe-delimiter\">,<\/span>\n\n\n\t<span class=\"tribe-postal-code\">31-501<\/span>\n\n\t<span class=\"tribe-country-name\">Polen<\/span>\n\n<\/span>\n\n\t\t\t\t\t\t\t\t\t<a class=\"tribe-events-gmap\" href=\"https:\/\/maps.google.com\/maps?f=q&#038;source=s_q&#038;hl=en&#038;geocode=&#038;q=Miko%C5%82aja+Kopernika+19A+Krak%C3%B3w+31-501+Poland\" title=\"Klicken, um Google Karte anzuzeigen\" target=\"_blank\" rel=\"noreferrer noopener\">Google Karte anzeigen<\/a>\t\t\t\t\t\t\t<\/address>\n\t\t\n\t\t\n\t\t\t\n\t<\/div>\n\t\n<div class=\"tribe-block__venue__map\">\n\t\n<iframe loading=\"lazy\"\n  title=\"Iframe von Google Maps, der die Adresse von The Design Pharmacy (Apteka Designu) anzeigt\"\n  aria-label=\"Karte des Veranstaltungsortes\"\n  width=\"310px\"\n  height=\"256px\"\n  frameborder=\"0\" style=\"border:0\"\n  src=\"https:\/\/www.google.com\/maps\/embed\/v1\/place?key=AIzaSyDNsicAsP6-VuGtAb1O9riI3oc_NOb7IOU&#038;q=Miko%C5%82aja+Kopernika+19A+Krak%C3%B3w+31-501+Poland+&#038;zoom=15\" allowfullscreen>\n<\/iframe>\n<\/div>\n\n\t<\/div>\n\n\n<div  class=\"tribe-block tribe-block__event-website\" >\n\t<a\n\t\thref=\"http:\/\/luma.com\/climathonkrakow25\"\n\t\ttarget=\"_self\"\n\t\t\t>\n\t\tHier anmelden\t<\/a>\n<\/div>\n\n\n\t<div  class=\"tribe-block tribe-block__events-link\" >\n\t\t<div class=\"tribe-events tribe-common\">\n\t\t\t<div class=\"tribe-events-c-subscribe-dropdown__container\">\n\t\t\t\t<div class=\"tribe-events-c-subscribe-dropdown\">\n\t\t\t\t\t<div class=\"tribe-common-c-btn-border tribe-events-c-subscribe-dropdown__button\">\n\t\t\t\t\t\t<svg  class=\"tribe-common-c-svgicon tribe-common-c-svgicon--cal-export tribe-events-c-subscribe-dropdown__export-icon\"  xmlns=\"http:\/\/www.w3.org\/2000\/svg\" width=\"24\" height=\"24\" viewbox=\"0 0 24 24\" fill=\"none\">\n    <path\n        d=\"M9 6L12 3M12 3L15 6M12 3V13M7.00023 10C6.06835 10 5.60241 10 5.23486 10.1522C4.74481 10.3552 4.35523 10.7448 4.15224 11.2349C4 11.6024 4 12.0681 4 13V17.8C4 18.9201 4 19.4798 4.21799 19.9076C4.40973 20.2839 4.71547 20.5905 5.0918 20.7822C5.5192 21 6.07899 21 7.19691 21H16.8036C17.9215 21 18.4805 21 18.9079 20.7822C19.2842 20.5905 19.5905 20.2839 19.7822 19.9076C20 19.4802 20 18.921 20 17.8031V13C20 12.0681 19.9999 11.6024 19.8477 11.2349C19.6447 10.7448 19.2554 10.3552 18.7654 10.1522C18.3978 10 17.9319 10 17 10\"\n        stroke=\"#142930\" stroke-width=\"2\" stroke-linecap=\"round\" stroke-linejoin=\"round\"\/>\n<\/svg>\n\t\t\t\t\t\t<button\n\t\t\t\t\t\t\tclass=\"tribe-events-c-subscribe-dropdown__button-text\"\n\t\t\t\t\t\t\taria-expanded=\"false\"\n\t\t\t\t\t\t\taria-controls=\"tribe-events-subscribe-dropdown-content\"\n\t\t\t\t\t\t\taria-label=\"Zeige Links an um Veranstaltungen zu deinem Kalender hinzuzuf\u00fcgen\"\n\t\t\t\t\t\t>\n\t\t\t\t\t\t\tZum Kalender hinzuf\u00fcgen\t\t\t\t\t\t<\/button>\n\t\t\t\t\t\t<svg\n\t class=\"tribe-common-c-svgicon tribe-common-c-svgicon--caret-down tribe-events-c-subscribe-dropdown__button-icon\" \taria-hidden=\"true\"\n\tviewbox=\"0 0 10 7\"\n\txmlns=\"http:\/\/www.w3.org\/2000\/svg\"\n>\n\t<path fill-rule=\"evenodd\" clip-rule=\"evenodd\" d=\"M1.008.609L5 4.6 8.992.61l.958.958L5 6.517.05 1.566l.958-.958z\" class=\"tribe-common-c-svgicon__svg-fill\"\/>\n<\/svg>\n\t\t\t\t\t<\/div>\n\t\t\t\t\t<div id=\"tribe-events-subscribe-dropdown-content\" class=\"tribe-events-c-subscribe-dropdown__content\">\n\t\t\t\t\t\t<ul class=\"tribe-events-c-subscribe-dropdown__list\">\n\t\t\t\t\t\t\t\t\t\t\t\t\t\t\t<li class=\"tribe-events-c-subscribe-dropdown__list-item tribe-events-c-subscribe-dropdown__list-item--gcal\">\n\t\t\t\t\t\t\t\t\t<a\n\t\t\t\t\t\t\t\t\t\thref=\"https:\/\/www.google.com\/calendar\/event?action=TEMPLATE&#038;dates=20251113T090000\/20251113T190000&#038;text=Climathon%20Krak%C3%B3w%202025&#038;details=%3Cp+style%3D%22font-size%3A16px%22%3EUrban+heat+islands+during+heatwaves.+Rising+summer+temperatures+are+becoming+increasingly+hazardous+to+our+health%2C+infrastructure%2C+and+quality+of+life%2C+and+we+believe+that+local+communities+hold+the+key+to+creating+meaningful+and+innovative+solutions.%3C%2Fp%3E+%3Cp+style%3D%22font-size%3A16px%22%3EOn%26nbsp%3B%3Cstrong%3E13+November+2025%3C%2Fstrong%3E%2C+Krak%C3%B3w+joins+cities+around+the+world+for%26nbsp%3B%3Cstrong%3EClimathon%3C%2Fstrong%3E%26nbsp%3B%E2%80%93+a+global+movement+that+brings+together+citizens%2C+creatives%2C+and+changemakers+to+design+solutions+for+local+climate+challenges.%3C%2Fp%3E+%3Cp+style%3D%22font-size%3A16px%22%3E%E2%80%8BThis+year%E2%80%99s+Climathon+in+Krak%C3%B3w+will+focus+on+one+of+the+city%E2%80%99s+most+pressing+issues%3A%26nbsp%3B%3Cstrong%3Eurban+heat+islands+during+heatwaves%3C%2Fstrong%3E%26nbsp%3B-+hotspots+that+intensify+heatwaves%2C+posing+a+threat+to+health%2C+infrastructure%2C+and+urban+life.+Rising+summer+temperatures+are+becoming+increasingly+hazardous+to+our+health%2C+infrastructure%2C+and+quality+of+life.+We+believe+that+local+comm%3C%2Fp%3E+%28Zeige+vollst%C3%A4ndige+Veranstaltung-Beschreibung+hier+an%3A+https%3A%2F%2Fclimate-hive.org%2Fde%2Fevent%2Fclimathon-krakow-2025%2F%29&#038;location=The%20Design%20Pharmacy%20(Apteka%20Designu),%20Miko\u0142aja%20Kopernika%2019A,%20Krak\u00f3w,%2031-501,%20Poland&#038;trp=false&#038;ctz=Europe\/Warsaw&#038;sprop=website:https:\/\/climate-hive.org\/de\"\n\t\t\t\t\t\t\t\t\t\tclass=\"tribe-events-c-subscribe-dropdown__list-item-link\"\n\t\t\t\t\t\t\t\t\t\ttarget=\"_blank\"\n\t\t\t\t\t\t\t\t\t\trel=\"noopener noreferrer nofollow noindex\"\n\t\t\t\t\t\t\t\t\t>\n\t\t\t\t\t\t\t\t\t\tGoogle Kalender\t\t\t\t\t\t\t\t\t<\/a>\n\t\t\t\t\t\t\t\t<\/li>\n\t\t\t\t\t\t\t\t\t\t\t\t\t\t\t<li class=\"tribe-events-c-subscribe-dropdown__list-item tribe-events-c-subscribe-dropdown__list-item--ical\">\n\t\t\t\t\t\t\t\t\t<a\n\t\t\t\t\t\t\t\t\t\thref=\"\"\n\t\t\t\t\t\t\t\t\t\tclass=\"tribe-events-c-subscribe-dropdown__list-item-link\"\n\t\t\t\t\t\t\t\t\t\ttarget=\"_blank\"\n\t\t\t\t\t\t\t\t\t\trel=\"noopener noreferrer nofollow noindex\"\n\t\t\t\t\t\t\t\t\t>\n\t\t\t\t\t\t\t\t\t\tiCalendar\t\t\t\t\t\t\t\t\t<\/a>\n\t\t\t\t\t\t\t\t<\/li>\n\t\t\t\t\t\t\t\t\t\t\t\t\t\t\t<li class=\"tribe-events-c-subscribe-dropdown__list-item tribe-events-c-subscribe-dropdown__list-item--outlook-365\">\n\t\t\t\t\t\t\t\t\t<a\n\t\t\t\t\t\t\t\t\t\thref=\"\"\n\t\t\t\t\t\t\t\t\t\tclass=\"tribe-events-c-subscribe-dropdown__list-item-link\"\n\t\t\t\t\t\t\t\t\t\ttarget=\"_blank\"\n\t\t\t\t\t\t\t\t\t\trel=\"noopener noreferrer nofollow noindex\"\n\t\t\t\t\t\t\t\t\t>\n\t\t\t\t\t\t\t\t\t\tOutlook 365\t\t\t\t\t\t\t\t\t<\/a>\n\t\t\t\t\t\t\t\t<\/li>\n\t\t\t\t\t\t\t\t\t\t\t\t\t\t\t<li class=\"tribe-events-c-subscribe-dropdown__list-item tribe-events-c-subscribe-dropdown__list-item--outlook-live\">\n\t\t\t\t\t\t\t\t\t<a\n\t\t\t\t\t\t\t\t\t\thref=\"\"\n\t\t\t\t\t\t\t\t\t\tclass=\"tribe-events-c-subscribe-dropdown__list-item-link\"\n\t\t\t\t\t\t\t\t\t\ttarget=\"_blank\"\n\t\t\t\t\t\t\t\t\t\trel=\"noopener noreferrer nofollow noindex\"\n\t\t\t\t\t\t\t\t\t>\n\t\t\t\t\t\t\t\t\t\tOutlook Live\t\t\t\t\t\t\t\t\t<\/a>\n\t\t\t\t\t\t\t\t<\/li>\n\t\t\t\t\t\t\t\t\t\t\t\t\t<\/ul>\n\t\t\t\t\t<\/div>\n\t\t\t\t<\/div>\n\t\t\t<\/div>\n\t\t<\/div>\n\t<\/div>\n\n\n\n<h2 class=\"tribe-block__related-events__title\">\u00c4hnliche Veranstaltungen<\/h2>\n\n<ul  class=\"tribe-related-events tribe-clearfix\" >\n\t\t\t<li>\n\t\n<div class=\"tribe-related-events-thumbnail\">\n\t<a href=\"https:\/\/climate-hive.org\/de\/event\/climathon-organiser-training-2-systems-change\/\" class=\"url\" rel=\"bookmark\" tabindex=\"-1\" aria-hidden=\"true\"><img loading=\"lazy\" decoding=\"async\" width=\"1024\" height=\"683\" src=\"https:\/\/climate-hive.org\/wp-content\/uploads\/2026\/04\/Curitiba_Brazil_2mb-1-1024x683.jpg\" class=\"attachment-large size-large wp-post-image\" alt=\"\" \/><\/a>\n<\/div>\n\t<div class=\"tribe-related-event-info\">\n\t<h3 class=\"tribe-related-events-title\">\n\t\t<a href=\"https:\/\/climate-hive.org\/de\/event\/climathon-organiser-training-2-systems-change\/\" class=\"tribe-event-url\" rel=\"bookmark\">\n\t\t\tClimathon Schulung f\u00fcr Organisator*innen #: Vom Event zur Systemver\u00e4nderung\t\t<\/a>\n\t<\/h3>\n\t<span class=\"tribe-event-date-start\">5. Mai um 13:00 Uhr<\/span> - <span class=\"tribe-event-time\">14:30 Uhr<\/span><\/div>\n<\/li>\n\t\t\t<li>\n\t\n<div class=\"tribe-related-events-thumbnail\">\n\t<a href=\"https:\/\/climate-hive.org\/de\/event\/insights-green-and-digital-for-small-businesses\/\" class=\"url\" rel=\"bookmark\" tabindex=\"-1\" aria-hidden=\"true\"><img loading=\"lazy\" decoding=\"async\" width=\"1024\" height=\"576\" src=\"https:\/\/climate-hive.org\/wp-content\/uploads\/2026\/04\/getty-images-Sf2MBY7xIkY-unsplash-1024x576.jpg\" class=\"attachment-large size-large wp-post-image\" alt=\"\" \/><\/a>\n<\/div>\n\t<div class=\"tribe-related-event-info\">\n\t<h3 class=\"tribe-related-events-title\">\n\t\t<a href=\"https:\/\/climate-hive.org\/de\/event\/insights-green-and-digital-for-small-businesses\/\" class=\"tribe-event-url\" rel=\"bookmark\">\n\t\t\tEinblicke: Gr\u00fcn und digital. Was das f\u00fcr kleine Unternehmen in der Praxis bedeutet\u00a0\t\t<\/a>\n\t<\/h3>\n\t<span class=\"tribe-event-date-start\">6. Mai @ 14:00 Uhr<\/span> - <span class=\"tribe-event-time\">15:00 Uhr<\/span><\/div>\n<\/li>\n\t\t\t<li>\n\t\n<div class=\"tribe-related-events-thumbnail\">\n\t<a href=\"https:\/\/climate-hive.org\/de\/event\/how-to-evolve-global-book-tour\/\" class=\"url\" rel=\"bookmark\" tabindex=\"-1\" aria-hidden=\"true\"><img loading=\"lazy\" decoding=\"async\" width=\"1024\" height=\"576\" src=\"https:\/\/climate-hive.org\/wp-content\/uploads\/2026\/04\/How_to_Evolve_Copenhagen_2x-2100x1181-1-1024x576.png\" class=\"attachment-large size-large wp-post-image\" alt=\"\" \/><\/a>\n<\/div>\n\t<div class=\"tribe-related-event-info\">\n\t<h3 class=\"tribe-related-events-title\">\n\t\t<a href=\"https:\/\/climate-hive.org\/de\/event\/how-to-evolve-global-book-tour\/\" class=\"tribe-event-url\" rel=\"bookmark\">\n\t\t\tWie man sich entwickelt \u2013 Globale Buch-Tour\t\t<\/a>\n\t<\/h3>\n\t<span class=\"tribe-event-date-start\">11. Mai, 9:30 Uhr<\/span> - <span class=\"tribe-event-date-end\">12. Mai @ 20:30 Uhr<\/span><\/div>\n<\/li>\n\t<\/ul>","protected":false},"excerpt":{"rendered":"<p>St\u00e4dtische Hitzeinseln w\u00e4hrend Hitzewellen. Steigende Sommertemperaturen gef\u00e4hrden zunehmend unsere Gesundheit, unsere Infrastruktur und unsere Lebensqualit\u00e4t, und wir sind der Ansicht, dass die lokalen Gemeinschaften den Schl\u00fcssel zur [...]<\/p>","protected":false},"author":7,"featured_media":4397,"comment_status":"open","ping_status":"closed","template":"","meta":{"_acf_changed":false,"_tec_requires_first_save":false,"_bbp_topic_count":0,"_bbp_reply_count":0,"_bbp_total_topic_count":0,"_bbp_total_reply_count":0,"_bbp_voice_count":0,"_bbp_anonymous_reply_count":0,"_bbp_topic_count_hidden":0,"_bbp_reply_count_hidden":0,"_bbp_forum_subforum_count":0,"pmpro_default_level":"","inline_featured_image":false,"_price":"","_stock":"","_tribe_ticket_header":"","_tribe_default_ticket_provider":"TEC\\Tickets\\Commerce\\Module","_ticket_start_date":"","_ticket_end_date":"","_tribe_ticket_show_description":"","_tribe_ticket_show_not_going":false,"_tribe_ticket_use_global_stock":"","_tribe_ticket_global_stock_level":"","_global_stock_mode":"","_global_stock_cap":"","_tribe_rsvp_for_event":"","_tribe_ticket_going_count":"","_tribe_ticket_not_going_count":"","_tribe_tickets_list":"[]","_tribe_ticket_has_attendee_info_fields":false,"_EventAllDay":false,"_EventTimezone":"Europe\/Warsaw","_EventStartDate":"2025-11-13 09:00:00","_EventEndDate":"2025-11-13 19:00:00","_EventStartDateUTC":"2025-11-13 08:00:00","_EventEndDateUTC":"2025-11-13 18:00:00","_EventShowMap":false,"_EventShowMapLink":false,"_EventURL":"luma.com\/climathonkrakow25","_EventCost":"","_EventCostDescription":"","_EventCurrencySymbol":"\u20ac","_EventCurrencyCode":"EUR","_EventCurrencyPosition":"prefix","_EventDateTimeSeparator":"","_EventTimeRangeSeparator":"-","_EventOrganizerID":[],"_EventVenueID":[4396],"_OrganizerEmail":"","_OrganizerPhone":"","_OrganizerWebsite":"","_VenueAddress":"","_VenueCity":"","_VenueCountry":"","_VenueProvince":"","_VenueState":"","_VenueZip":"","_VenuePhone":"","_VenueURL":"","_VenueStateProvince":"","_VenueLat":"","_VenueLng":"","_VenueShowMap":false,"_VenueShowMapLink":false,"_tribe_blocks_recurrence_rules":"","_tribe_blocks_recurrence_description":"","_tribe_blocks_recurrence_exclusions":"","_tribe_events_status":"","_tribe_events_status_reason":"","_tribe_events_is_hybrid":"","_tribe_events_is_virtual":"","_tribe_events_virtual_video_source":"","_tribe_events_virtual_embed_video":"","_tribe_events_virtual_linked_button_text":"","_tribe_events_virtual_linked_button":"","_tribe_events_virtual_show_embed_at":"","_tribe_events_virtual_show_embed_to":[],"_tribe_events_virtual_show_on_event":"","_tribe_events_virtual_show_on_views":"","_tribe_events_virtual_url":"","footnotes":"","_tec_slr_enabled":"","_tec_slr_layout":""},"tags":[60,65,64,107,72],"tribe_events_cat":[14,10,2],"class_list":["post-4395","tribe_events","type-tribe_events","status-publish","has-post-thumbnail","hentry","tag-climathon","tag-innovation","tag-innovation-challenge","tag-krakow","tag-poland","tribe_events_cat-climathon","tribe_events_cat-in-person","tribe_events_cat-networking","pmpro-has-access","cat_climathon","cat_in-person","cat_networking"],"acf":[],"ticketed":false,"_links":{"self":[{"href":"https:\/\/climate-hive.org\/de\/wp-json\/wp\/v2\/tribe_events\/4395","targetHints":{"allow":["GET"]}}],"collection":[{"href":"https:\/\/climate-hive.org\/de\/wp-json\/wp\/v2\/tribe_events"}],"about":[{"href":"https:\/\/climate-hive.org\/de\/wp-json\/wp\/v2\/types\/tribe_events"}],"author":[{"embeddable":true,"href":"https:\/\/climate-hive.org\/de\/wp-json\/wp\/v2\/users\/7"}],"replies":[{"embeddable":true,"href":"https:\/\/climate-hive.org\/de\/wp-json\/wp\/v2\/comments?post=4395"}],"version-history":[{"count":2,"href":"https:\/\/climate-hive.org\/de\/wp-json\/wp\/v2\/tribe_events\/4395\/revisions"}],"predecessor-version":[{"id":4457,"href":"https:\/\/climate-hive.org\/de\/wp-json\/wp\/v2\/tribe_events\/4395\/revisions\/4457"}],"wp:featuredmedia":[{"embeddable":true,"href":"https:\/\/climate-hive.org\/de\/wp-json\/wp\/v2\/media\/4397"}],"wp:attachment":[{"href":"https:\/\/climate-hive.org\/de\/wp-json\/wp\/v2\/media?parent=4395"}],"wp:term":[{"taxonomy":"post_tag","embeddable":true,"href":"https:\/\/climate-hive.org\/de\/wp-json\/wp\/v2\/tags?post=4395"},{"taxonomy":"tribe_events_cat","embeddable":true,"href":"https:\/\/climate-hive.org\/de\/wp-json\/wp\/v2\/tribe_events_cat?post=4395"}],"curies":[{"name":"wp","href":"https:\/\/api.w.org\/{rel}","templated":true}]}}