{"id":4752,"date":"2025-10-23T10:16:53","date_gmt":"2025-10-23T09:16:53","guid":{"rendered":"https:\/\/climate-hive.org\/?post_type=tribe_events&#038;p=4752"},"modified":"2025-12-01T17:02:06","modified_gmt":"2025-12-01T17:02:06","slug":"deep-dive-unlocking-green-public-private-partnerships-a-case-by-case-exploration","status":"publish","type":"tribe_events","link":"https:\/\/climate-hive.org\/de\/event\/deep-dive-unlocking-green-public-private-partnerships-a-case-by-case-exploration\/","title":{"rendered":"Vertiefung: Erschlie\u00dfung gr\u00fcner \u00f6ffentlich-privater Partnerschaften. Eine Fall-zu-Fall-Untersuchung\u00a0"},"content":{"rendered":"<div class=\"tribe-events-virtual-single-marker\">\n\t<span class=\"tribe-events-virtual-single-marker__icon\" >\n\t\t<svg\n\t class=\"tribe-common-c-svgicon tribe-common-c-svgicon--virtual tribe-events-virtual-single-marker__icon-svg\" \taria-hidden=\"true\"\n\tviewbox=\"0 0 26 16\"\n\txmlns=\"http:\/\/www.w3.org\/2000\/svg\"\n>\n\t<g fill-rule=\"evenodd\" stroke-linecap=\"round\" stroke-linejoin=\"round\" stroke-width=\"2\" transform=\"translate(1 1)\">\n\t\t<path d=\"M18 10.7333333c2.16-2.09999997 2.16-5.44444441 0-7.46666663M21.12 13.7666667c3.84-3.7333334 3.84-9.80000003 0-13.53333337M6 10.7333333C3.84 8.63333333 3.84 5.28888889 6 3.26666667M2.88 13.7666667C-.96 10.0333333-.96 3.96666667 2.88.23333333\" class=\"tribe-common-c-svgicon__svg-stroke\"\/><ellipse cx=\"12\" cy=\"7\" rx=\"2.4\" ry=\"2.33333333\" class=\"tribe-common-c-svgicon__svg-stroke\"\/>\n\t<\/g>\n<\/svg>\n\t<\/span>\n\tVirtual Veranstaltung<\/div>\n<div  class=\"tribe-events-schedule tribe-clearfix\" >\n\t<p class=\"tribe-events-schedule__datetime\">\n\t\t<span class=\"tribe-events-schedule__date tribe-events-schedule__date--start\">\n\t\t\t2. Dezember 2025\t\t<\/span>\n\n\t\t\t\t\t<span class=\"tribe-events-schedule__separator tribe-events-schedule__separator--date\">\n\t\t\t\t@\t\t\t<\/span>\n\t\t\t<span class=\"tribe-events-schedule__time tribe-events-schedule__time--start\">\n\t\t\t\t16:00 Uhr\t\t\t<\/span>\n\t\t\n\t\t\t\t\t\t\t\t\t<span class=\"tribe-events-schedule__separator tribe-events-schedule__separator--time\">\n\t\t\t\t\t-\t\t\t\t<\/span>\n\t\t\t\n\t\t\t\t\t\t\t<span class=\"tribe-events-schedule__time tribe-events-schedule__time--end\">\n\t\t\t\t\t17:30 Uhr\t\t\t\t<\/span>\n\t\t\t\n\t\t\t\t\t\t<\/p>\n<\/div>\n\n\n\n<h5 class=\"wp-block-heading\">Nehmen Sie an unserem letzten Deep Dive in diesem Jahr zu gr\u00fcnen \u00f6ffentlich-privaten Partnerschaften teil. Wir werden untersuchen, wie Unternehmen mit dem \u00f6ffentlichen Sektor zusammenarbeiten k\u00f6nnen, und Erfahrungen, Erkenntnisse und Empfehlungen f\u00fcr die Zukunft aufzeigen.<\/h5>\n\n\n\n<p>Es ist klar, dass weder der \u00f6ffentliche noch der private Sektor allein die Klimakrise l\u00f6sen k\u00f6nnen; sie m\u00fcssen zusammenarbeiten. Zu diesem Zweck, <strong>es f\u00fchrt kein Weg an \u00f6ffentlich-privaten Partnerschaften (PPP) vorbei <\/strong>wenn wir unsere und Europas Klimaziele f\u00fcr 2030 erreichen wollen.<\/p>\n\n\n\n<p>Wie auf der letzten Sitzung mit unseren Mitgliedern besprochen <a href=\"https:\/\/climate-hive.org\/de\/knowledge-base\/colab-outputs\/2025-2\/advacing-green-public-private-partnerships\/\">CoLab in Warschau<\/a>, <strong>gr\u00fcne und digitale Transformation<\/strong> ist ein Bereich f\u00fcr Entwicklungs- und Gesch\u00e4ftsm\u00f6glichkeiten im Rahmen von PPP, nicht nur auf nationaler Ebene, sondern auch auf regionaler und st\u00e4dtischer Ebene.&nbsp;<strong>Eine klare Empfehlung f\u00fcr Unternehmen<\/strong> Die Unternehmen, die diese Partnerschaften umsetzen wollen, m\u00fcssen flexibel sein und sich an die sich ver\u00e4ndernden Priorit\u00e4ten des \u00f6ffentlichen Sektors anpassen k\u00f6nnen - so wie jeder andere Verbraucher auch.<\/p>\n\n\n\n<p>Wie k\u00f6nnen Sie Ihre gesch\u00e4ftlichen Priorit\u00e4ten mit denen des \u00f6ffentlichen Sektors in Einklang bringen, um Ihre Produkte und Dienstleistungen aufzuwerten? Wie k\u00f6nnen Sie skalierbare, effektive \u00f6ffentlich-private Partnerschaften mit staatlichen Akteuren aufbauen?<\/p>\n\n\n\n<p>Kommen Sie am Dienstag, dem 2. Dezember, zu unserem letzten Deep Dive des Jahres, bei dem Sie von einer Gruppe \u00f6ffentlicher und privater Interessenvertreter h\u00f6ren werden, wie <strong>unser Verst\u00e4ndnis von \u00f6ffentlich-privaten Partnerschaften und die M\u00f6glichkeiten zu ihrer F\u00f6rderung zu verbessern<\/strong>.<\/p>\n\n\n\n<p>Diese Vertiefung baut auf dem Erbe und den Erkenntnissen der <a href=\"https:\/\/climate-hive.org\/de\/knowledge-base\/colab-outputs\/2025-2\/advacing-green-public-private-partnerships\/\">Gemeinschaftliches CoLab in Warschau<\/a>, auf der wir verschiedene Interessenvertreter aus dem \u00f6ffentlichen und privaten Sektor Polens versammelten, um \u00fcber PPP, Empfehlungen und umsetzbare n\u00e4chste Schritte zu diskutieren. &nbsp;<\/p>\n\n\n\n<h4 class=\"wp-block-heading\"><strong>Was Sie lernen werden<\/strong><\/h4>\n\n\n\n<p>\u00dcber <strong>gef\u00fchrte Dialoge, Austausch unter Gleichgesinnten, Fallstudien aus der Praxis<\/strong> und mehr, werden Sie:&nbsp;&nbsp;<\/p>\n\n\n\n<ul class=\"wp-block-list\">\n<li>Lernen Sie von Unternehmen und \u00f6ffentlichen Akteuren, die mit PPP arbeiten.&nbsp;<\/li>\n\n\n\n<li>Erfahren Sie, wie Sie mit PPP arbeiten k\u00f6nnen und warum es f\u00fcr Sie wichtig ist.&nbsp;<\/li>\n\n\n\n<li>Vernetzen Sie sich mit anderen Akteuren, die wie Sie an PPP interessiert sind.&nbsp;&nbsp;&nbsp;<\/li>\n<\/ul>\n\n\n\n<p>Dies ist nicht nur eine reine Lernveranstaltung. Erwarten Sie praktische Methoden und \u00dcbungen, die Ihnen Einblicke in Ihr Unternehmen geben.&nbsp;&nbsp;<\/p>\n\n\n\n<p><\/p>\n\n\n\n<h4 class=\"wp-block-heading\">Redner<\/h4>\n\n\n\n<div style=\"height:10px\" aria-hidden=\"true\" class=\"wp-block-spacer\"><\/div>\n\n\n\n<ul class=\"wp-block-list\">\n<li><strong>Dimitri Ionesco<\/strong>, Gr\u00fcnderin von <a href=\"https:\/\/www.light-mirror.eu\/\">LichtSpiegel<\/a><br><em>LightMirror entwickelt reflektierende Paneele, die Sonnenlicht in Krankenh\u00e4user und Pflegeheime bringen und so den Bedarf an k\u00fcnstlicher Beleuchtung und Heizung verringern. Durch die Installation dieser reflektierenden Paneele an den Dachr\u00e4ndern kann nat\u00fcrliches Licht in andere Geb\u00e4ude umgeleitet werden, wodurch es zu einem kontrollierbaren Gut wird, das Kosten spart und das allgemeine Wohlbefinden von Patienten und Bewohnern verbessert.<br><\/em><\/li>\n\n\n\n<li><strong>Paula McGinnel<\/strong>, Spezialist f\u00fcr Investitionen und Industrie, Climate KIC<br><em>Paula ist Investment- und Industriespezialistin bei Climate-KIC, wo sie in erster Linie die Initiative City-Industry Dialogue leitet, die EU-St\u00e4dte bei der Zusammenarbeit mit der Industrie und dem Finanzsektor zur gro\u00df angelegten Dekarbonisierung unterst\u00fctzt. Sie bringt mehrere Jahre Erfahrung in der wirkungsorientierten Finanzierung im Investmentbanking, in der Skalierung von Start-ups und in auftragsorientierten Organisationen mit, wobei ihr Schwerpunkt stets auf Klima- und Sozialergebnissen liegt. Paula ist in Bristol ans\u00e4ssig und engagiert sich aktiv im lokalen \u00d6kosystem, indem sie sich ehrenamtlich f\u00fcr Gemeinschaftsorganisationen und Mentoring-Programme einsetzt, die Gr\u00fcnder und zweckorientierte Unternehmen in der Anfangsphase unterst\u00fctzen.<\/em><br><\/li>\n\n\n\n<li><strong>Przemek Derwich<\/strong>, Leiter der strategischen Partnerschaft, Climate KIC<br><em>Przemek ist Strategic Partnerships Lead bei Climate KIC und spezialisiert auf Finanzinstrumente und Blended Finance zur Mobilisierung von \u00f6ffentlichem und privatem Kapital f\u00fcr st\u00e4dtische Klimainvestitionen. Er unterst\u00fctzt St\u00e4dte bei der Umstellung auf erneuerbare Energien und bei systemischen Ans\u00e4tzen f\u00fcr eine nachhaltige Stadtentwicklung. Dank seiner umfassenden Erfahrung mit europ\u00e4ischen und internationalen Finanzierungsmechanismen wei\u00df er, wie Finanzmittel einen transformativen Wandel vorantreiben. Seine Arbeit verbindet Politik, Finanzen und Innovation, um wirkungsvolle, klimagerechte Investitionsstrategien in ganz Europa zu entwickeln.<\/em><br><\/li>\n\n\n\n<li><strong>Justyna Wieczorkiewicz-Molendo<\/strong>, Beraterin f\u00fcr klimaneutrale St\u00e4dte, Climate KIC<br><em>Justyna ist Beraterin f\u00fcr klimaneutrale St\u00e4dte im Rahmen des NetZeroCities-Projekts bei ClimateKIC, das europ\u00e4ische St\u00e4dte auf ihrem Weg zur Klimaneutralit\u00e4t unterst\u00fctzt. In der Vergangenheit war sie Beraterin des Polnischen St\u00e4dteverbands und unterst\u00fctzte polnische St\u00e4dte und kommunale Partnerschaften bei der Planung ihrer Umwandlung in nachhaltige, freundliche und widerstandsf\u00e4hige Orte. Sie ist erfahren in der methodischen Arbeit an der Vorbereitung von territorialen Strategien in einem integrierten Ansatz.<\/em><\/li>\n<\/ul>\n\n\n\n<p><\/p>\n\n\n\n<h4 class=\"wp-block-heading\"><strong>Tagesordnung<\/strong><\/h4>\n\n\n\n<div style=\"height:10px\" aria-hidden=\"true\" class=\"wp-block-spacer\"><\/div>\n\n\n\n<p>16:00 - 16:10 Begr\u00fc\u00dfung und Einf\u00fchrung<\/p>\n\n\n\n<p>16:10 - 16:15 Interaktive \u00dcbung<\/p>\n\n\n\n<p>16:15 - 16:55 \u00d6ffentlich-private Partnerschaften von Fall zu Fall:<\/p>\n\n\n\n<ul class=\"wp-block-list\">\n<li>PPP als Rahmen f\u00fcr sektor\u00fcbergreifende Zusammenarbeit<\/li>\n\n\n\n<li>PPP-Bed\u00fcrfnisse, Erkenntnisse und Hindernisse auf Stadtebene<\/li>\n\n\n\n<li>Fallbeispiel: Krankenhaus-PPP in Polen - Innovation trifft Beschaffung<\/li>\n\n\n\n<li>Dialog zwischen St\u00e4dten und Industrie und Investitionsperspektive<\/li>\n<\/ul>\n\n\n\n<p>16:55 - 17:10 Gemeinsamer Dialog<\/p>\n\n\n\n<p>17:10 - 17:20 Gruppendiskussion<\/p>\n\n\n\n<p>17:20 - 17:30 Ernte und Abschluss<\/p>\n\n\n<div  class=\"tribe-block tribe-block--virtual-event\" >\n    <\/div>\n\n\n\n\n\n<h2 class=\"wp-block-heading\">\u00dcber die Community Deep Dives<\/h2>\n\n\n\n<p>Bei den Community Deep Dives handelt es sich um von Climate KIC f\u00fcr seine Community-Mitglieder konzipierte Lerneinheiten, in denen wir gemeinsam mit Themenexperten und erfahrenen F\u00fchrungskr\u00e4ften die wichtigsten und transformativen Trends in der Klima-Innovation erforschen.&nbsp;<\/p>\n\n\n\n<p>Durch eine Mischung aus kollegialem Austausch, Fallstudien aus der Praxis und Gruppen\u00fcbungen sollen die Sitzungen den Teilnehmern praktisches Wissen und praktische Erfahrungen vermitteln, die sie in ihrem Arbeitsumfeld umsetzen k\u00f6nnen.<\/p>\n\n\n\n<p>Sehen Sie sich die Deep Dives dieses Jahres an:<\/p>\n\n\n\n<ul class=\"wp-block-list\">\n<li><a href=\"https:\/\/climate-hive.org\/de\/knowledge-base\/deep-dives\/2025-2\/beyond-esg-building-agile-resilient-organisations-for-the-next-industrial-era\/\"><strong>Neue Rahmen, die \u00fcber die ESG-Berichterstattung hinausgehen<\/strong><\/a><\/li>\n\n\n\n<li><a href=\"https:\/\/climate-hive.org\/de\/knowledge-base\/deep-dives\/2025-2\/no-way-around-dei-how-to-build-a-green-and-just-future-for-all\/\"><strong>Inklusive Klima-Innovation<\/strong><\/a><\/li>\n<\/ul>\n\n\n<div  class=\"tribe-block tribe-block__organizer__details tribe-clearfix\" >\n    <h4>Organiser details<\/h4>\n\t<div class=\"tribe-block__organizer__title\">\n\t\t<h3><a href=\"https:\/\/climate-hive.org\/de\/veranstalter\/climate-kic-community\/\" title=\"Climate KIC Community\" target=\"_self\" rel=\"\">Climate KIC Community<\/a><\/h3>\n\t<\/div>\n\t\t\t\t<p class=\"tribe-block__organizer__website\"><a href=\"https:\/\/climate-hive.org\/de\/\" target=\"_self\" rel=\"external\">Veranstalter-Website anzeigen<\/a><\/p>\n\t\t\t\t<p class=\"tribe-block__organizer__email\">community@climate-kic.org<\/p>\n\t<\/div>\n\n\n\t<div  class=\"tribe-block tribe-block__events-link\" >\n\t\t<div class=\"tribe-events tribe-common\">\n\t\t\t<div class=\"tribe-events-c-subscribe-dropdown__container\">\n\t\t\t\t<div class=\"tribe-events-c-subscribe-dropdown\">\n\t\t\t\t\t<div class=\"tribe-common-c-btn-border tribe-events-c-subscribe-dropdown__button\">\n\t\t\t\t\t\t<svg  class=\"tribe-common-c-svgicon tribe-common-c-svgicon--cal-export tribe-events-c-subscribe-dropdown__export-icon\"  xmlns=\"http:\/\/www.w3.org\/2000\/svg\" width=\"24\" height=\"24\" viewbox=\"0 0 24 24\" fill=\"none\">\n    <path\n        d=\"M9 6L12 3M12 3L15 6M12 3V13M7.00023 10C6.06835 10 5.60241 10 5.23486 10.1522C4.74481 10.3552 4.35523 10.7448 4.15224 11.2349C4 11.6024 4 12.0681 4 13V17.8C4 18.9201 4 19.4798 4.21799 19.9076C4.40973 20.2839 4.71547 20.5905 5.0918 20.7822C5.5192 21 6.07899 21 7.19691 21H16.8036C17.9215 21 18.4805 21 18.9079 20.7822C19.2842 20.5905 19.5905 20.2839 19.7822 19.9076C20 19.4802 20 18.921 20 17.8031V13C20 12.0681 19.9999 11.6024 19.8477 11.2349C19.6447 10.7448 19.2554 10.3552 18.7654 10.1522C18.3978 10 17.9319 10 17 10\"\n        stroke=\"#142930\" stroke-width=\"2\" stroke-linecap=\"round\" stroke-linejoin=\"round\"\/>\n<\/svg>\n\t\t\t\t\t\t<button\n\t\t\t\t\t\t\tclass=\"tribe-events-c-subscribe-dropdown__button-text\"\n\t\t\t\t\t\t\taria-expanded=\"false\"\n\t\t\t\t\t\t\taria-controls=\"tribe-events-subscribe-dropdown-content\"\n\t\t\t\t\t\t\taria-label=\"Zeige Links an um Veranstaltungen zu deinem Kalender hinzuzuf\u00fcgen\"\n\t\t\t\t\t\t>\n\t\t\t\t\t\t\tZum Kalender hinzuf\u00fcgen\t\t\t\t\t\t<\/button>\n\t\t\t\t\t\t<svg\n\t class=\"tribe-common-c-svgicon tribe-common-c-svgicon--caret-down tribe-events-c-subscribe-dropdown__button-icon\" \taria-hidden=\"true\"\n\tviewbox=\"0 0 10 7\"\n\txmlns=\"http:\/\/www.w3.org\/2000\/svg\"\n>\n\t<path fill-rule=\"evenodd\" clip-rule=\"evenodd\" d=\"M1.008.609L5 4.6 8.992.61l.958.958L5 6.517.05 1.566l.958-.958z\" class=\"tribe-common-c-svgicon__svg-fill\"\/>\n<\/svg>\n\t\t\t\t\t<\/div>\n\t\t\t\t\t<div id=\"tribe-events-subscribe-dropdown-content\" class=\"tribe-events-c-subscribe-dropdown__content\">\n\t\t\t\t\t\t<ul class=\"tribe-events-c-subscribe-dropdown__list\">\n\t\t\t\t\t\t\t\t\t\t\t\t\t\t\t<li class=\"tribe-events-c-subscribe-dropdown__list-item tribe-events-c-subscribe-dropdown__list-item--gcal\">\n\t\t\t\t\t\t\t\t\t<a\n\t\t\t\t\t\t\t\t\t\thref=\"https:\/\/www.google.com\/calendar\/event?action=TEMPLATE&#038;dates=20251202T160000\/20251202T173000&#038;text=Deep%20Dive%3A%20Unlocking%20green%20public-private%20partnerships.%20A%20case%20by%20case%20exploration%C2%A0&#038;details=%3Ch5+class%3D%22wp-block-heading%22%3EJoin+us+for+this+year%E2%80%99s+last+Deep+Dive+on+green+Public-Private+Partnerships.%26nbsp%3BWe+will+explore+how+businesses+can+work+with+the+public+sector%2C+highlighting+experiences%2C+learnings%2C+and+recommendations+to+go+forward.%3C%2Fh5%3E%3Cp%3EIt+is+clear+that+neither+public+nor+private+sector+alone+can+solve+the+climate+crisis%3B+they+must+work+together.+For+this+purpose%2C+%3Cstrong%3Ethere+is+no+way+around+Public-Private+Partnerships+%28PPP%29+%3C%2Fstrong%3Eif+we+aim+to+meet+our+and+Europe%E2%80%99s+2030+climate+targets.%3C%2Fp%3E+%3Cp%3EAs+discussed+with+our+members+during+the+last+%3Ca+href%3D%22https%3A%2F%2Fclimate-hive.org%2Fknowledge-base%2Fcolab-outputs%2F2025-2%2Fadvacing-green-public-private-partnerships%2F%22%3ECoLab+in+Warsaw%3C%2Fa%3E%2C+%3Cstrong%3Egreen+and+digital+transformation%3C%2Fstrong%3E+is+an+area+for+development+and+business+opportunities+within+the+PPP+framework%2C+not+only+on+a+national+level+but+also+on+regional+and+city+level.%26nbsp%3B%3Cstrong%3EA+clear+recommendation+for+businesses%3C%2Fstrong%3E+that+want+to+implemen%3C%2Fp%3E+%28Zeige+vollst%C3%A4ndige+Veranstaltung-Beschreibung+hier+an%3A+https%3A%2F%2Fclimate-hive.org%2Fde%2Fevent%2Fdeep-dive-unlocking-green-public-private-partnerships-a-case-by-case-exploration%2F%29&#038;location=https:\/\/climate-hive.org\/de\/event\/deep-dive-unlocking-green-public-private-partnerships-a-case-by-case-exploration\/&#038;trp=false&#038;ctz=Europe\/Berlin&#038;sprop=website:https:\/\/climate-hive.org\/de\"\n\t\t\t\t\t\t\t\t\t\tclass=\"tribe-events-c-subscribe-dropdown__list-item-link\"\n\t\t\t\t\t\t\t\t\t\ttarget=\"_blank\"\n\t\t\t\t\t\t\t\t\t\trel=\"noopener noreferrer nofollow noindex\"\n\t\t\t\t\t\t\t\t\t>\n\t\t\t\t\t\t\t\t\t\tGoogle Kalender\t\t\t\t\t\t\t\t\t<\/a>\n\t\t\t\t\t\t\t\t<\/li>\n\t\t\t\t\t\t\t\t\t\t\t\t\t\t\t<li class=\"tribe-events-c-subscribe-dropdown__list-item tribe-events-c-subscribe-dropdown__list-item--ical\">\n\t\t\t\t\t\t\t\t\t<a\n\t\t\t\t\t\t\t\t\t\thref=\"\"\n\t\t\t\t\t\t\t\t\t\tclass=\"tribe-events-c-subscribe-dropdown__list-item-link\"\n\t\t\t\t\t\t\t\t\t\ttarget=\"_blank\"\n\t\t\t\t\t\t\t\t\t\trel=\"noopener noreferrer nofollow noindex\"\n\t\t\t\t\t\t\t\t\t>\n\t\t\t\t\t\t\t\t\t\tiCalendar\t\t\t\t\t\t\t\t\t<\/a>\n\t\t\t\t\t\t\t\t<\/li>\n\t\t\t\t\t\t\t\t\t\t\t\t\t\t\t<li class=\"tribe-events-c-subscribe-dropdown__list-item tribe-events-c-subscribe-dropdown__list-item--outlook-365\">\n\t\t\t\t\t\t\t\t\t<a\n\t\t\t\t\t\t\t\t\t\thref=\"\"\n\t\t\t\t\t\t\t\t\t\tclass=\"tribe-events-c-subscribe-dropdown__list-item-link\"\n\t\t\t\t\t\t\t\t\t\ttarget=\"_blank\"\n\t\t\t\t\t\t\t\t\t\trel=\"noopener noreferrer nofollow noindex\"\n\t\t\t\t\t\t\t\t\t>\n\t\t\t\t\t\t\t\t\t\tOutlook 365\t\t\t\t\t\t\t\t\t<\/a>\n\t\t\t\t\t\t\t\t<\/li>\n\t\t\t\t\t\t\t\t\t\t\t\t\t\t\t<li class=\"tribe-events-c-subscribe-dropdown__list-item tribe-events-c-subscribe-dropdown__list-item--outlook-live\">\n\t\t\t\t\t\t\t\t\t<a\n\t\t\t\t\t\t\t\t\t\thref=\"\"\n\t\t\t\t\t\t\t\t\t\tclass=\"tribe-events-c-subscribe-dropdown__list-item-link\"\n\t\t\t\t\t\t\t\t\t\ttarget=\"_blank\"\n\t\t\t\t\t\t\t\t\t\trel=\"noopener noreferrer nofollow noindex\"\n\t\t\t\t\t\t\t\t\t>\n\t\t\t\t\t\t\t\t\t\tOutlook Live\t\t\t\t\t\t\t\t\t<\/a>\n\t\t\t\t\t\t\t\t<\/li>\n\t\t\t\t\t\t\t\t\t\t\t\t\t<\/ul>\n\t\t\t\t\t<\/div>\n\t\t\t\t<\/div>\n\t\t\t<\/div>\n\t\t<\/div>\n\t<\/div>\n\n\n\n<h2 class=\"tribe-block__related-events__title\">\u00c4hnliche Veranstaltungen<\/h2>\n\n<ul  class=\"tribe-related-events tribe-clearfix\" >\n\t\t\t<li>\n\t\n<div class=\"tribe-related-events-thumbnail\">\n\t<a href=\"https:\/\/climate-hive.org\/de\/event\/climathon-organiser-training-2-systems-change\/\" class=\"url\" rel=\"bookmark\" tabindex=\"-1\" aria-hidden=\"true\"><img loading=\"lazy\" decoding=\"async\" width=\"1024\" height=\"683\" src=\"https:\/\/climate-hive.org\/wp-content\/uploads\/2026\/04\/Curitiba_Brazil_2mb-1-1024x683.jpg\" class=\"attachment-large size-large wp-post-image\" alt=\"\" \/><\/a>\n<\/div>\n\t<div class=\"tribe-related-event-info\">\n\t<h3 class=\"tribe-related-events-title\">\n\t\t<a href=\"https:\/\/climate-hive.org\/de\/event\/climathon-organiser-training-2-systems-change\/\" class=\"tribe-event-url\" rel=\"bookmark\">\n\t\t\tClimathon Schulung f\u00fcr Organisator*innen #: Vom Event zur Systemver\u00e4nderung\t\t<\/a>\n\t<\/h3>\n\t<span class=\"tribe-event-date-start\">5. Mai um 13:00 Uhr<\/span> - <span class=\"tribe-event-time\">14:30 Uhr<\/span><\/div>\n<\/li>\n\t\t\t<li>\n\t\n<div class=\"tribe-related-events-thumbnail\">\n\t<a href=\"https:\/\/climate-hive.org\/de\/event\/insights-green-and-digital-for-small-businesses\/\" class=\"url\" rel=\"bookmark\" tabindex=\"-1\" aria-hidden=\"true\"><img loading=\"lazy\" decoding=\"async\" width=\"1024\" height=\"576\" src=\"https:\/\/climate-hive.org\/wp-content\/uploads\/2026\/04\/getty-images-Sf2MBY7xIkY-unsplash-1024x576.jpg\" class=\"attachment-large size-large wp-post-image\" alt=\"\" \/><\/a>\n<\/div>\n\t<div class=\"tribe-related-event-info\">\n\t<h3 class=\"tribe-related-events-title\">\n\t\t<a href=\"https:\/\/climate-hive.org\/de\/event\/insights-green-and-digital-for-small-businesses\/\" class=\"tribe-event-url\" rel=\"bookmark\">\n\t\t\tEinblicke: Gr\u00fcn und digital. Was das f\u00fcr kleine Unternehmen in der Praxis bedeutet\u00a0\t\t<\/a>\n\t<\/h3>\n\t<span class=\"tribe-event-date-start\">6. Mai @ 14:00 Uhr<\/span> - <span class=\"tribe-event-time\">15:00 Uhr<\/span><\/div>\n<\/li>\n\t\t\t<li>\n\t\n<div class=\"tribe-related-events-thumbnail\">\n\t<a href=\"https:\/\/climate-hive.org\/de\/event\/how-to-evolve-global-book-tour\/\" class=\"url\" rel=\"bookmark\" tabindex=\"-1\" aria-hidden=\"true\"><img loading=\"lazy\" decoding=\"async\" width=\"1024\" height=\"576\" src=\"https:\/\/climate-hive.org\/wp-content\/uploads\/2026\/04\/How_to_Evolve_Copenhagen_2x-2100x1181-1-1024x576.png\" class=\"attachment-large size-large wp-post-image\" alt=\"\" \/><\/a>\n<\/div>\n\t<div class=\"tribe-related-event-info\">\n\t<h3 class=\"tribe-related-events-title\">\n\t\t<a href=\"https:\/\/climate-hive.org\/de\/event\/how-to-evolve-global-book-tour\/\" class=\"tribe-event-url\" rel=\"bookmark\">\n\t\t\tWie man sich entwickelt \u2013 Globale Buch-Tour\t\t<\/a>\n\t<\/h3>\n\t<span class=\"tribe-event-date-start\">11. Mai, 9:30 Uhr<\/span> - <span class=\"tribe-event-date-end\">12. Mai @ 20:30 Uhr<\/span><\/div>\n<\/li>\n\t<\/ul>","protected":false},"excerpt":{"rendered":"<p>Nehmen Sie an unserem letzten Deep Dive in diesem Jahr zu gr\u00fcnen \u00f6ffentlich-privaten Partnerschaften teil. Wir werden untersuchen, wie Unternehmen mit dem \u00f6ffentlichen Sektor zusammenarbeiten k\u00f6nnen, und Erfahrungen, Erkenntnisse und Empfehlungen f\u00fcr die Zukunft aufzeigen. [...]<\/p>","protected":false},"author":3,"featured_media":4604,"comment_status":"open","ping_status":"closed","template":"","meta":{"_acf_changed":false,"_tec_requires_first_save":false,"_bbp_topic_count":0,"_bbp_reply_count":0,"_bbp_total_topic_count":0,"_bbp_total_reply_count":0,"_bbp_voice_count":0,"_bbp_anonymous_reply_count":0,"_bbp_topic_count_hidden":0,"_bbp_reply_count_hidden":0,"_bbp_forum_subforum_count":0,"pmpro_default_level":"","inline_featured_image":false,"_price":"","_stock":"","_tribe_ticket_header":"","_tribe_default_ticket_provider":"TEC\\Tickets\\Commerce\\Module","_ticket_start_date":"","_ticket_end_date":"","_tribe_ticket_show_description":"","_tribe_ticket_show_not_going":false,"_tribe_ticket_use_global_stock":"1","_tribe_ticket_global_stock_level":"1000","_global_stock_mode":"","_global_stock_cap":"","_tribe_rsvp_for_event":"","_tribe_ticket_going_count":"","_tribe_ticket_not_going_count":"","_tribe_tickets_list":"[{\"id\":4753,\"type\":\"default\",\"title\":\"Deep Dive &#039;Unlocking green public-private partnerships&#039; registration\",\"description\":\"\",\"capacityType\":\"unlimited\",\"price\":\"0\",\"capacity\":\"\",\"available\":-1,\"sharedCapacity\":\"\",\"sold\":20,\"shareSold\":20,\"isShared\":true,\"currencyDecimalPoint\":\".\",\"currencyNumberOfDecimals\":2,\"currencyPosition\":\"postfix\",\"currencySymbol\":\"\\u20ac\",\"currencyThousandsSep\":\",\"}]","_tribe_ticket_has_attendee_info_fields":false,"_EventAllDay":false,"_EventTimezone":"Europe\/Berlin","_EventStartDate":"2025-12-02 16:00:00","_EventEndDate":"2025-12-02 17:30:00","_EventStartDateUTC":"2025-12-02 15:00:00","_EventEndDateUTC":"2025-12-02 16:30:00","_EventShowMap":false,"_EventShowMapLink":false,"_EventURL":"","_EventCost":"Free","_EventCostDescription":"","_EventCurrencySymbol":"\u20ac","_EventCurrencyCode":"EUR","_EventCurrencyPosition":"prefix","_EventDateTimeSeparator":"@","_EventTimeRangeSeparator":"-","_EventOrganizerID":[3881],"_EventVenueID":[],"_OrganizerEmail":"","_OrganizerPhone":"","_OrganizerWebsite":"","_VenueAddress":"","_VenueCity":"","_VenueCountry":"","_VenueProvince":"","_VenueState":"","_VenueZip":"","_VenuePhone":"","_VenueURL":"","_VenueStateProvince":"","_VenueLat":"","_VenueLng":"","_VenueShowMap":false,"_VenueShowMapLink":false,"_tribe_blocks_recurrence_rules":"","_tribe_blocks_recurrence_description":"","_tribe_blocks_recurrence_exclusions":"","_tribe_events_status":"","_tribe_events_status_reason":"","_tribe_events_is_hybrid":"","_tribe_events_is_virtual":"yes","_tribe_events_virtual_video_source":"video","_tribe_events_virtual_embed_video":"","_tribe_events_virtual_linked_button_text":"","_tribe_events_virtual_linked_button":"","_tribe_events_virtual_show_embed_at":"immediately","_tribe_events_virtual_show_embed_to":["logged-in"],"_tribe_events_virtual_show_on_event":"yes","_tribe_events_virtual_show_on_views":"yes","_tribe_events_virtual_url":"https:\/\/climate-kic-org.zoom.us\/j\/88647245729?pwd=2FBAyyYlyivnmHJopL8azuSXoJTev7.1","footnotes":"","_tec_slr_enabled":"","_tec_slr_layout":""},"tags":[139,196,65,75],"tribe_events_cat":[85,17,3,11,12,7],"class_list":["post-4752","tribe_events","type-tribe_events","status-publish","has-post-thumbnail","hentry","tag-deep-dive","tag-funding","tag-innovation","tag-public-private-partnerships","tribe_events_cat-community-event","tribe_events_cat-community-learn","tribe_events_cat-learning","tribe_events_cat-online","tribe_events_cat-organised-by-climate-kic","tribe_events_cat-webinar","pmpro-has-access","cat_community-event","cat_community-learn","cat_learning","cat_online","cat_organised-by-climate-kic","cat_webinar","tribe-events-virtual-event"],"acf":[],"ticketed":["tc","rsvp"],"_links":{"self":[{"href":"https:\/\/climate-hive.org\/de\/wp-json\/wp\/v2\/tribe_events\/4752","targetHints":{"allow":["GET"]}}],"collection":[{"href":"https:\/\/climate-hive.org\/de\/wp-json\/wp\/v2\/tribe_events"}],"about":[{"href":"https:\/\/climate-hive.org\/de\/wp-json\/wp\/v2\/types\/tribe_events"}],"author":[{"embeddable":true,"href":"https:\/\/climate-hive.org\/de\/wp-json\/wp\/v2\/users\/3"}],"replies":[{"embeddable":true,"href":"https:\/\/climate-hive.org\/de\/wp-json\/wp\/v2\/comments?post=4752"}],"version-history":[{"count":28,"href":"https:\/\/climate-hive.org\/de\/wp-json\/wp\/v2\/tribe_events\/4752\/revisions"}],"predecessor-version":[{"id":5902,"href":"https:\/\/climate-hive.org\/de\/wp-json\/wp\/v2\/tribe_events\/4752\/revisions\/5902"}],"wp:featuredmedia":[{"embeddable":true,"href":"https:\/\/climate-hive.org\/de\/wp-json\/wp\/v2\/media\/4604"}],"wp:attachment":[{"href":"https:\/\/climate-hive.org\/de\/wp-json\/wp\/v2\/media?parent=4752"}],"wp:term":[{"taxonomy":"post_tag","embeddable":true,"href":"https:\/\/climate-hive.org\/de\/wp-json\/wp\/v2\/tags?post=4752"},{"taxonomy":"tribe_events_cat","embeddable":true,"href":"https:\/\/climate-hive.org\/de\/wp-json\/wp\/v2\/tribe_events_cat?post=4752"}],"curies":[{"name":"wp","href":"https:\/\/api.w.org\/{rel}","templated":true}]}}