{"id":4765,"date":"2025-10-21T15:28:29","date_gmt":"2025-10-21T14:28:29","guid":{"rendered":"https:\/\/climate-hive.org\/?post_type=tribe_events&#038;p=4765"},"modified":"2025-10-21T15:28:33","modified_gmt":"2025-10-21T14:28:33","slug":"the-3rd-european-carbon-farming-summit","status":"publish","type":"tribe_events","link":"https:\/\/climate-hive.org\/de\/event\/the-3rd-european-carbon-farming-summit\/","title":{"rendered":"Der 3. Europ\u00e4ische Gipfel zur Kohlenstoffbewirtschaftung"},"content":{"rendered":"<div  class=\"tribe-events-schedule tribe-clearfix\" >\n\t<p class=\"tribe-events-schedule__datetime\">\n\t\t<span class=\"tribe-events-schedule__date tribe-events-schedule__date--start\">\n\t\t\tM\u00e4rz 17\t\t<\/span>\n\n\t\t\n\t\t\t\t\t\t\t\t\t<span class=\"tribe-events-schedule__separator tribe-events-schedule__separator--time\">\n\t\t\t\t\t - \t\t\t\t<\/span>\n\t\t\t\n\t\t\t\t\t\t\t<span class=\"tribe-events-schedule__date tribe-events-schedule__date--end\">\n\t\t\t\t\t19. M\u00e4rz\t\t\t\t<\/span>\n\n\t\t\t\t\n\t\t\t\n\t\t\t\t\t\t<\/p>\n<\/div>\n\n\n<div class=\"tribe-events-event-image\"><img loading=\"lazy\" decoding=\"async\" width=\"1080\" height=\"1080\" src=\"https:\/\/climate-hive.org\/wp-content\/uploads\/2025\/10\/ECFS-2026-Announcement-Visual.png\" class=\"attachment-full size-full wp-post-image\" alt=\"\" srcset=\"https:\/\/climate-hive.org\/wp-content\/uploads\/2025\/10\/ECFS-2026-Announcement-Visual.png 1080w, https:\/\/climate-hive.org\/wp-content\/uploads\/2025\/10\/ECFS-2026-Announcement-Visual-300x300.png 300w, https:\/\/climate-hive.org\/wp-content\/uploads\/2025\/10\/ECFS-2026-Announcement-Visual-1024x1024.png 1024w, https:\/\/climate-hive.org\/wp-content\/uploads\/2025\/10\/ECFS-2026-Announcement-Visual-150x150.png 150w, https:\/\/climate-hive.org\/wp-content\/uploads\/2025\/10\/ECFS-2026-Announcement-Visual-768x768.png 768w\" sizes=\"auto, (max-width: 1080px) 100vw, 1080px\" \/><\/div>\n\n<p>Der European Carbon Farming Summit ist das f\u00fchrende j\u00e4hrliche Forum f\u00fcr die Gestaltung der Zukunft der Kohlenstofflandwirtschaft in Europa, das Landwirte, Forscher, politische Entscheidungstr\u00e4ger, Unternehmen und Investoren zusammenbringt, um gemeinsam Wege zu einer klimafreundlichen Landwirtschaft zu entwickeln.<\/p>\n<p>Der Gipfel, der im Rahmen des von Horizon Europe finanzierten Projekts Credible von Climate KIC und SAE Innova organisiert und von EIT Food (als Koordinator von LILAS4SOILS) und Confagricoltura Veneto mit Unterst\u00fctzung von Veneto Agricoltura veranstaltet wird, zielt darauf ab, Europas Kapazit\u00e4ten f\u00fcr die Skalierung regenerativer Praktiken, den Aufbau robuster Kohlenstoffm\u00e4rkte und die Gestaltung wirksamer Boden- und Klimapolitik zu st\u00e4rken.<\/p>\n<p>An drei Tagen des Dialogs, der Zusammenarbeit und des Wissensaustauschs werden die Teilnehmer:<\/p>\n<ul>\n<li>Entdecken Sie die neuesten Erkenntnisse \u00fcber Bodengesundheit, Kohlenstoffbindung und Klimafinanzierung.<\/li>\n<li>Kn\u00fcpfen Sie Kontakte zu Landwirten, Innovatoren und politischen Entscheidungstr\u00e4gern, die praktische Ver\u00e4nderungen vorantreiben.<\/li>\n<li>Mitgestaltung der n\u00e4chsten Schritte f\u00fcr glaubw\u00fcrdige, gerechte und skalierbare Kohlenstoffanbausysteme.<\/li>\n<\/ul>\n<p>Ob Sie nun in der Forschung, in der Politik, in der Wirtschaft oder vor Ort t\u00e4tig sind, der Carbon Farming Summit bietet Ihnen die M\u00f6glichkeit, Teil der wachsenden europ\u00e4ischen Praxisgemeinschaft f\u00fcr regenerative Landwirtschaft zu werden.<\/p>\n\n\t<div  class=\"tribe-block tribe-block__events-link\" >\n\t\t<div class=\"tribe-events tribe-common\">\n\t\t\t<div class=\"tribe-events-c-subscribe-dropdown__container\">\n\t\t\t\t<div class=\"tribe-events-c-subscribe-dropdown\">\n\t\t\t\t\t<div class=\"tribe-common-c-btn-border tribe-events-c-subscribe-dropdown__button\">\n\t\t\t\t\t\t<svg  class=\"tribe-common-c-svgicon tribe-common-c-svgicon--cal-export tribe-events-c-subscribe-dropdown__export-icon\"  xmlns=\"http:\/\/www.w3.org\/2000\/svg\" width=\"24\" height=\"24\" viewbox=\"0 0 24 24\" fill=\"none\">\n    <path\n        d=\"M9 6L12 3M12 3L15 6M12 3V13M7.00023 10C6.06835 10 5.60241 10 5.23486 10.1522C4.74481 10.3552 4.35523 10.7448 4.15224 11.2349C4 11.6024 4 12.0681 4 13V17.8C4 18.9201 4 19.4798 4.21799 19.9076C4.40973 20.2839 4.71547 20.5905 5.0918 20.7822C5.5192 21 6.07899 21 7.19691 21H16.8036C17.9215 21 18.4805 21 18.9079 20.7822C19.2842 20.5905 19.5905 20.2839 19.7822 19.9076C20 19.4802 20 18.921 20 17.8031V13C20 12.0681 19.9999 11.6024 19.8477 11.2349C19.6447 10.7448 19.2554 10.3552 18.7654 10.1522C18.3978 10 17.9319 10 17 10\"\n        stroke=\"#142930\" stroke-width=\"2\" stroke-linecap=\"round\" stroke-linejoin=\"round\"\/>\n<\/svg>\n\t\t\t\t\t\t<button\n\t\t\t\t\t\t\tclass=\"tribe-events-c-subscribe-dropdown__button-text\"\n\t\t\t\t\t\t\taria-expanded=\"false\"\n\t\t\t\t\t\t\taria-controls=\"tribe-events-subscribe-dropdown-content\"\n\t\t\t\t\t\t\taria-label=\"Zeige Links an um Veranstaltungen zu deinem Kalender hinzuzuf\u00fcgen\"\n\t\t\t\t\t\t>\n\t\t\t\t\t\t\tZum Kalender hinzuf\u00fcgen\t\t\t\t\t\t<\/button>\n\t\t\t\t\t\t<svg\n\t class=\"tribe-common-c-svgicon tribe-common-c-svgicon--caret-down tribe-events-c-subscribe-dropdown__button-icon\" \taria-hidden=\"true\"\n\tviewbox=\"0 0 10 7\"\n\txmlns=\"http:\/\/www.w3.org\/2000\/svg\"\n>\n\t<path fill-rule=\"evenodd\" clip-rule=\"evenodd\" d=\"M1.008.609L5 4.6 8.992.61l.958.958L5 6.517.05 1.566l.958-.958z\" class=\"tribe-common-c-svgicon__svg-fill\"\/>\n<\/svg>\n\t\t\t\t\t<\/div>\n\t\t\t\t\t<div id=\"tribe-events-subscribe-dropdown-content\" class=\"tribe-events-c-subscribe-dropdown__content\">\n\t\t\t\t\t\t<ul class=\"tribe-events-c-subscribe-dropdown__list\">\n\t\t\t\t\t\t\t\t\t\t\t\t\t\t\t<li class=\"tribe-events-c-subscribe-dropdown__list-item tribe-events-c-subscribe-dropdown__list-item--gcal\">\n\t\t\t\t\t\t\t\t\t<a\n\t\t\t\t\t\t\t\t\t\thref=\"https:\/\/www.google.com\/calendar\/event?action=TEMPLATE&#038;dates=20260317T000000\/20260319T235959&#038;text=The%203rd%20European%20Carbon%20Farming%20Summit&#038;details=%3Cp%3EThe+European+Carbon+Farming+Summit+is+the+leading+annual+forum+for+shaping+the+future+of+carbon+farming+in+Europe+%E2%80%93+bringing+together+farmers%2C+researchers%2C+policymakers%2C+businesses%2C+and+investors+to+co-create+pathways+toward+climate-positive+agriculture.%3C%2Fp%3E+%3Cp%3EOrganised+within+the+framework+of+the+Horizon+Europe-funded+Credible+project+by+Climate+KIC+and+SAE+Innova%2C+and+co-hosted+by+EIT+Food+%28as+coordinator+of+LILAS4SOILS%29%2C+Confagricoltura+Veneto%2C+with+the+support+of+Veneto+Agricoltura%2C+the+summit+aims+to+strengthen+Europe%E2%80%99s+capacity+to+scale+regenerative+practices%2C+build+robust+carbon+markets%2C+and+design+effective+soil+and+climate+policies.%3C%2Fp%3E+%3Cp%3EOver+three+days+of+dialogue%2C+collaboration%2C+and+knowledge+exchange%2C+participants+will%3A%3C%2Fp%3E+%3Cul%3E%3Cli%3EExplore+the+latest+insights+in+soil+health%2C+carbon+sequestration%2C+and+climate+finance.%3C%2Fli%3E%3Cli%3EConnect+with+farmers%2C+innovators%2C+and+policymakers+driving+practical+change.%3C%2Fli%3E%3Cli%3ECo-design+the+next+steps+for+credible%2C+equ%3C%2Fli%3E%3C%2Ful%3E+%28Zeige+vollst%C3%A4ndige+Veranstaltung-Beschreibung+hier+an%3A+https%3A%2F%2Fclimate-hive.org%2Fde%2Fevent%2Fthe-3rd-european-carbon-farming-summit%2F%29&#038;location=Padova%20Congress%20Center,%20Italy,%20Padova%20Fiere,%20Padua,%20Padua,%2035131,%20Italy&#038;trp=false&#038;ctz=Europe\/London&#038;sprop=website:https:\/\/climate-hive.org\/de\"\n\t\t\t\t\t\t\t\t\t\tclass=\"tribe-events-c-subscribe-dropdown__list-item-link\"\n\t\t\t\t\t\t\t\t\t\ttarget=\"_blank\"\n\t\t\t\t\t\t\t\t\t\trel=\"noopener noreferrer nofollow noindex\"\n\t\t\t\t\t\t\t\t\t>\n\t\t\t\t\t\t\t\t\t\tGoogle Kalender\t\t\t\t\t\t\t\t\t<\/a>\n\t\t\t\t\t\t\t\t<\/li>\n\t\t\t\t\t\t\t\t\t\t\t\t\t\t\t<li class=\"tribe-events-c-subscribe-dropdown__list-item tribe-events-c-subscribe-dropdown__list-item--ical\">\n\t\t\t\t\t\t\t\t\t<a\n\t\t\t\t\t\t\t\t\t\thref=\"\"\n\t\t\t\t\t\t\t\t\t\tclass=\"tribe-events-c-subscribe-dropdown__list-item-link\"\n\t\t\t\t\t\t\t\t\t\ttarget=\"_blank\"\n\t\t\t\t\t\t\t\t\t\trel=\"noopener noreferrer nofollow noindex\"\n\t\t\t\t\t\t\t\t\t>\n\t\t\t\t\t\t\t\t\t\tiCalendar\t\t\t\t\t\t\t\t\t<\/a>\n\t\t\t\t\t\t\t\t<\/li>\n\t\t\t\t\t\t\t\t\t\t\t\t\t\t\t<li class=\"tribe-events-c-subscribe-dropdown__list-item tribe-events-c-subscribe-dropdown__list-item--outlook-365\">\n\t\t\t\t\t\t\t\t\t<a\n\t\t\t\t\t\t\t\t\t\thref=\"\"\n\t\t\t\t\t\t\t\t\t\tclass=\"tribe-events-c-subscribe-dropdown__list-item-link\"\n\t\t\t\t\t\t\t\t\t\ttarget=\"_blank\"\n\t\t\t\t\t\t\t\t\t\trel=\"noopener noreferrer nofollow noindex\"\n\t\t\t\t\t\t\t\t\t>\n\t\t\t\t\t\t\t\t\t\tOutlook 365\t\t\t\t\t\t\t\t\t<\/a>\n\t\t\t\t\t\t\t\t<\/li>\n\t\t\t\t\t\t\t\t\t\t\t\t\t\t\t<li class=\"tribe-events-c-subscribe-dropdown__list-item tribe-events-c-subscribe-dropdown__list-item--outlook-live\">\n\t\t\t\t\t\t\t\t\t<a\n\t\t\t\t\t\t\t\t\t\thref=\"\"\n\t\t\t\t\t\t\t\t\t\tclass=\"tribe-events-c-subscribe-dropdown__list-item-link\"\n\t\t\t\t\t\t\t\t\t\ttarget=\"_blank\"\n\t\t\t\t\t\t\t\t\t\trel=\"noopener noreferrer nofollow noindex\"\n\t\t\t\t\t\t\t\t\t>\n\t\t\t\t\t\t\t\t\t\tOutlook Live\t\t\t\t\t\t\t\t\t<\/a>\n\t\t\t\t\t\t\t\t<\/li>\n\t\t\t\t\t\t\t\t\t\t\t\t\t<\/ul>\n\t\t\t\t\t<\/div>\n\t\t\t\t<\/div>\n\t\t\t<\/div>\n\t\t<\/div>\n\t<\/div>\n\n\n\n<div  class=\"tribe-events-single-section tribe-events-event-meta primary tribe-clearfix\" >\n\t\n\t\n<div class=\"tribe-events-meta-group tribe-events-meta-group-details\">\n\t<h3 class=\"tribe-events-single-section-title\">\n\t\t\t\t\tDetails\t\t\n\t<\/h3>\n\t<ul class=\"tribe-events-meta-list\">\n\n\t\t\n\t\t\t<li class=\"tribe-events-meta-item\">\n\t\t\t\t<span class=\"tribe-events-meta-label\">Beginn:<\/span>\n\t\t\t\t<span class=\"tribe-events-meta-value\">\n\t\t\t\t\t<abbr class=\"tribe-events-abbr tribe-events-start-datetime published dtstart\" title=\"2026-03-17\"> M\u00e4rz 17 <\/abbr>\n\t\t\t\t<\/span>\n\t\t\t<\/li>\n\n\t\t\t<li class=\"tribe-events-meta-item\">\n\t\t\t\t<span class=\"tribe-events-meta-label\">Ende:<\/span>\n\t\t\t\t<span class=\"tribe-events-meta-value\">\n\t\t\t\t\t<abbr class=\"tribe-events-abbr dtend\" title=\"2026-03-19\"> 19. M\u00e4rz <\/abbr>\n\t\t\t\t<\/span>\n\t\t\t<\/li>\n\n\t\t\n\t\t\n\t\t\n\t\t<li class=\"tribe-events-meta-item\"><span class=\"tribe-events-event-categories-label tribe-events-meta-label\">Veranstaltungskategorien:<\/span> <span class=\"tribe-events-event-categories tribe-events-meta-value\"><a href=\"https:\/\/climate-hive.org\/de\/events\/kategorie\/conference\/\" rel=\"tag\">Konferenz<\/a>, <a href=\"https:\/\/climate-hive.org\/de\/events\/kategorie\/in-person\/\" rel=\"tag\">Pers\u00f6nlich<\/a>, <a href=\"https:\/\/climate-hive.org\/de\/events\/kategorie\/learning\/\" rel=\"tag\">Lernen<\/a>, <a href=\"https:\/\/climate-hive.org\/de\/events\/kategorie\/networking\/\" rel=\"tag\">Vernetzung<\/a>, <a href=\"https:\/\/climate-hive.org\/de\/events\/kategorie\/organised-by-climate-kic\/\" rel=\"tag\">Organisiert von Climate KIC<\/a><\/span><\/li>\n\t\t<li class=\"tribe-events-meta-item\"><span class=\"tribe-event-tags-label tribe-events-meta-label\">Veranstaltung-Tags:<\/span><span class=\"tribe-event-tags tribe-events-meta-value\"><a href=\"https:\/\/climate-hive.org\/de\/events\/(\/?:tag)\/(%5B\/%5D\" rel=\"tag\">Agrar- und Ern\u00e4hrungswirtschaft<\/a>, <a href=\"https:\/\/climate-hive.org\/de\/events\/(\/?:tag)\/(%5B\/%5D\" rel=\"tag\">Kohlenstoffwirtschaft<\/a>, <a href=\"https:\/\/climate-hive.org\/de\/events\/(\/?:tag)\/(%5B\/%5D\" rel=\"tag\">Nachhaltige Landwirtschaft<\/a><\/span><\/li>\n\t\t\n\t\t\t<li class=\"tribe-events-meta-item\">\n\t\t\t\t<span class=\"tribe-events-meta-label\">Website:<\/span>\n\t\t\t\t<span class=\"tribe-events-event-url tribe-events-meta-value\"> <a href=\"https:\/\/www.carbonfarmingsummit.eu\/\" target=\"_self\" rel=\"external\">https:\/\/www.carbonfarmingsummit.eu\/<\/a> <\/span>\n\t\t\t<\/li>\n\t\t\n\t\t\t<\/ul>\n<\/div>\n\t\n<div class=\"tribe-events-meta-group tribe-events-meta-group-organizer\">\n\t<h3 class=\"tribe-events-single-section-title\">\n\t\t\t\t\tVeranstalter\t\t\t<\/h3>\n\t<ul class=\"tribe-events-meta-list tribe-events-meta-list-organizer\">\n\t\t\t\t\t<li class=\"tribe-events-meta-item\">\n\t\t\t\t<span class=\"tribe-organizer tribe-events-meta-value\">\n\t\t\t\t\t<a href=\"https:\/\/climate-hive.org\/de\/veranstalter\/climate-kic\/\" title=\"Climate KIC\" target=\"_self\" rel=\"\">Climate KIC<\/a>\t\t\t\t<\/span>\n\t\t\t<\/li>\n\t\t\t\t\t\t\t<li class=\"tribe-events-meta-item\">\n\t\t\t\t\t<span class=\"tribe-organizer-email-label tribe-events-meta-label\">\n\t\t\t\t\t\tE-Mail\t\t\t\t\t<\/span>\n\t\t\t\t\t<span class=\"tribe-organizer-email tribe-events-meta-value\">community@climate-kic.org<\/span>\n\t\t\t\t<\/li>\n\t\t\t\t\t\t\t\t<li class=\"tribe-events-meta-item\">\n\t\t\t\t\t<span class=\"tribe-organizer-url-label tribe-events-meta-label\">\n\t\t\t\t\t\tWebsite\t\t\t\t\t<\/span>\n\t\t\t\t\t<span class=\"tribe-organizer-url tribe-events-meta-value\">\n\t\t\t\t\t\t<a href=\"https:\/\/climate-kic.org\" target=\"_self\" rel=\"external\">Veranstalter-Website anzeigen<\/a>\t\t\t\t\t<\/span>\n\t\t\t\t<\/li>\n\t\t\t\t\t<\/ul>\n<\/div>\n\n\t<\/div>\n\n\n<div  class=\"tribe-block tribe-block__venue tribe-clearfix tribe-block__venue--has-map\" >\n\t\n\t\n<div class=\"tribe-block__venue__meta\">\n\t<div class=\"tribe-block__venue__name\">\n\t\t<h3><a href=\"https:\/\/climate-hive.org\/de\/veranstaltungsort\/padova-congress-center-italy\/\" title=\"Kongresszentrum Padua, Italien\">Kongresszentrum Padua, Italien<\/a><\/h3>\n\t<\/div>\n\n\t\n\t\t\t\t\t\t<address class=\"tribe-block__venue__address\">\n\t\t\t\t<span class=\"tribe-address\">\n\n<span class=\"tribe-street-address\">Messe Padua<\/span>\n\t\n\t\t<br>\n\t\t<span class=\"tribe-locality\">Padua<\/span><span class=\"tribe-delimiter\">,<\/span>\n\n\t<abbr class=\"tribe-region tribe-events-abbr\" title=\"Padua\">Padua<\/abbr>\n\n\t<span class=\"tribe-postal-code\">35131<\/span>\n\n\t<span class=\"tribe-country-name\">Italien<\/span>\n\n<\/span>\n\n\t\t\t\t\t\t\t\t\t<a class=\"tribe-events-gmap\" href=\"https:\/\/maps.google.com\/maps?f=q&#038;source=s_q&#038;hl=en&#038;geocode=&#038;q=Padova+Fiere+Padua+Padua+35131+Italy\" title=\"Klicken, um Google Karte anzuzeigen\" target=\"_blank\" rel=\"noreferrer noopener\">Google Karte anzeigen<\/a>\t\t\t\t\t\t\t<\/address>\n\t\t\n\t\t\n\t\t\t\t\t<span class=\"tribe-block__venue__website\"><a href=\"https:\/\/www.padovacongress.it\/en\/\" target=\"_self\" rel=\"external\">Veranstaltungsort-Website anzeigen<\/a><\/span><br \/>\n\t\t\t\n\t<\/div>\n\t\n<div class=\"tribe-block__venue__map\">\n\t\n<iframe loading=\"lazy\"\n  title=\"Iframe von Google Maps, der die Adresse von Padova Congress Center, Italy anzeigt\"\n  aria-label=\"Karte des Veranstaltungsortes\"\n  width=\"310px\"\n  height=\"256px\"\n  frameborder=\"0\" style=\"border:0\"\n  src=\"https:\/\/www.google.com\/maps\/embed\/v1\/place?key=AIzaSyDNsicAsP6-VuGtAb1O9riI3oc_NOb7IOU&#038;q=Padova+Fiere+Padua+Padua+35131+Italy+&#038;zoom=15\" allowfullscreen>\n<\/iframe>\n<\/div>\n\n\t<\/div>\n\n\n\n\n\n\n\n\n<h2 class=\"tribe-block__related-events__title\">\u00c4hnliche Veranstaltungen<\/h2>\n\n<ul  class=\"tribe-related-events tribe-clearfix\" >\n\t\t\t<li>\n\t\n<div class=\"tribe-related-events-thumbnail\">\n\t<a href=\"https:\/\/climate-hive.org\/de\/event\/adaptation-accelerator-hub-webinar-series-unlocking-private-capital-for-climate-adaptation\/\" class=\"url\" rel=\"bookmark\" tabindex=\"-1\" aria-hidden=\"true\"><img loading=\"lazy\" decoding=\"async\" width=\"1024\" height=\"512\" src=\"https:\/\/climate-hive.org\/wp-content\/uploads\/2026\/04\/Planting-banana-suckers-Chirundu-district-Zambia_Photo-credit-Mulapwa-Mukopole-UNDP-Zambia-1024x512.jpg\" class=\"attachment-large size-large wp-post-image\" alt=\"\" \/><\/a>\n<\/div>\n\t<div class=\"tribe-related-event-info\">\n\t<h3 class=\"tribe-related-events-title\">\n\t\t<a href=\"https:\/\/climate-hive.org\/de\/event\/adaptation-accelerator-hub-webinar-series-unlocking-private-capital-for-climate-adaptation\/\" class=\"tribe-event-url\" rel=\"bookmark\">\n\t\t\tWebinarreihe des Adaptation Accelerator Hub: Privates Kapital f\u00fcr Klimaanpassung erschlie\u00dfen\t\t<\/a>\n\t<\/h3>\n\t<span class=\"tribe-event-date-start\">29. April um 14:00 Uhr<\/span> - <span class=\"tribe-event-time\">15:30 Uhr<\/span><\/div>\n<\/li>\n\t\t\t<li>\n\t\n<div class=\"tribe-related-events-thumbnail\">\n\t<a href=\"https:\/\/climate-hive.org\/de\/event\/climathon-organiser-training-2-systems-change\/\" class=\"url\" rel=\"bookmark\" tabindex=\"-1\" aria-hidden=\"true\"><img loading=\"lazy\" decoding=\"async\" width=\"1024\" height=\"683\" src=\"https:\/\/climate-hive.org\/wp-content\/uploads\/2026\/04\/Curitiba_Brazil_2mb-1-1024x683.jpg\" class=\"attachment-large size-large wp-post-image\" alt=\"\" \/><\/a>\n<\/div>\n\t<div class=\"tribe-related-event-info\">\n\t<h3 class=\"tribe-related-events-title\">\n\t\t<a href=\"https:\/\/climate-hive.org\/de\/event\/climathon-organiser-training-2-systems-change\/\" class=\"tribe-event-url\" rel=\"bookmark\">\n\t\t\tClimathon Schulung f\u00fcr Organisator*innen #: Vom Event zur Systemver\u00e4nderung\t\t<\/a>\n\t<\/h3>\n\t<span class=\"tribe-event-date-start\">5. Mai um 13:00 Uhr<\/span> - <span class=\"tribe-event-time\">14:30 Uhr<\/span><\/div>\n<\/li>\n\t\t\t<li>\n\t\n<div class=\"tribe-related-events-thumbnail\">\n\t<a href=\"https:\/\/climate-hive.org\/de\/event\/insights-green-and-digital-for-small-businesses\/\" class=\"url\" rel=\"bookmark\" tabindex=\"-1\" aria-hidden=\"true\"><img loading=\"lazy\" decoding=\"async\" width=\"1024\" height=\"576\" src=\"https:\/\/climate-hive.org\/wp-content\/uploads\/2026\/04\/getty-images-Sf2MBY7xIkY-unsplash-1024x576.jpg\" class=\"attachment-large size-large wp-post-image\" alt=\"\" \/><\/a>\n<\/div>\n\t<div class=\"tribe-related-event-info\">\n\t<h3 class=\"tribe-related-events-title\">\n\t\t<a href=\"https:\/\/climate-hive.org\/de\/event\/insights-green-and-digital-for-small-businesses\/\" class=\"tribe-event-url\" rel=\"bookmark\">\n\t\t\tEinblicke: Gr\u00fcn und digital. Was das f\u00fcr kleine Unternehmen in der Praxis bedeutet\u00a0\t\t<\/a>\n\t<\/h3>\n\t<span class=\"tribe-event-date-start\">6. Mai @ 14:00 Uhr<\/span> - <span class=\"tribe-event-time\">15:00 Uhr<\/span><\/div>\n<\/li>\n\t<\/ul>","protected":false},"excerpt":{"rendered":"<p>The European Carbon Farming Summit is the leading annual forum for shaping the future of carbon farming in Europe \u2013 bringing together farmers, researchers, policymakers, businesses, and investors to co-create [&hellip;]<\/p>","protected":false},"author":78,"featured_media":4769,"comment_status":"open","ping_status":"closed","template":"","meta":{"_acf_changed":false,"_tec_requires_first_save":false,"_bbp_topic_count":0,"_bbp_reply_count":0,"_bbp_total_topic_count":0,"_bbp_total_reply_count":0,"_bbp_voice_count":0,"_bbp_anonymous_reply_count":0,"_bbp_topic_count_hidden":0,"_bbp_reply_count_hidden":0,"_bbp_forum_subforum_count":0,"pmpro_default_level":"","inline_featured_image":false,"_price":"","_stock":"","_tribe_ticket_header":"","_tribe_default_ticket_provider":"TEC\\Tickets\\Commerce\\Module","_ticket_start_date":"","_ticket_end_date":"","_tribe_ticket_show_description":"","_tribe_ticket_show_not_going":false,"_tribe_ticket_use_global_stock":"","_tribe_ticket_global_stock_level":"","_global_stock_mode":"","_global_stock_cap":"","_tribe_rsvp_for_event":"","_tribe_ticket_going_count":"","_tribe_ticket_not_going_count":"","_tribe_tickets_list":"[]","_tribe_ticket_has_attendee_info_fields":false,"_EventAllDay":true,"_EventTimezone":"Europe\/London","_EventStartDate":"2026-03-17 00:00:00","_EventEndDate":"2026-03-19 23:59:59","_EventStartDateUTC":"2026-03-17 00:00:00","_EventEndDateUTC":"2026-03-19 23:59:59","_EventShowMap":true,"_EventShowMapLink":true,"_EventURL":"https:\/\/www.carbonfarmingsummit.eu\/","_EventCost":"","_EventCostDescription":"","_EventCurrencySymbol":"","_EventCurrencyCode":"","_EventCurrencyPosition":"","_EventDateTimeSeparator":"","_EventTimeRangeSeparator":"","_EventOrganizerID":[4416],"_EventVenueID":[4768],"_OrganizerEmail":"","_OrganizerPhone":"","_OrganizerWebsite":"","_VenueAddress":"","_VenueCity":"","_VenueCountry":"","_VenueProvince":"","_VenueState":"","_VenueZip":"","_VenuePhone":"","_VenueURL":"","_VenueStateProvince":"","_VenueLat":"","_VenueLng":"","_VenueShowMap":false,"_VenueShowMapLink":false,"_tribe_blocks_recurrence_rules":"","_tribe_blocks_recurrence_description":"","_tribe_blocks_recurrence_exclusions":"","_tribe_events_status":"","_tribe_events_status_reason":"","_tribe_events_is_hybrid":"","_tribe_events_is_virtual":"","_tribe_events_virtual_video_source":"","_tribe_events_virtual_embed_video":"","_tribe_events_virtual_linked_button_text":"","_tribe_events_virtual_linked_button":"","_tribe_events_virtual_show_embed_at":"","_tribe_events_virtual_show_embed_to":[],"_tribe_events_virtual_show_on_event":"","_tribe_events_virtual_show_on_views":"","_tribe_events_virtual_url":"","footnotes":"","_tec_slr_enabled":"","_tec_slr_layout":""},"tags":[62,177,178],"tribe_events_cat":[9,10,3,2,12],"class_list":["post-4765","tribe_events","type-tribe_events","status-publish","has-post-thumbnail","hentry","tag-agri-food","tag-carbon-farming","tag-sustainable-agriculture","tribe_events_cat-conference","tribe_events_cat-in-person","tribe_events_cat-learning","tribe_events_cat-networking","tribe_events_cat-organised-by-climate-kic","pmpro-has-access","cat_conference","cat_in-person","cat_learning","cat_networking","cat_organised-by-climate-kic"],"acf":[],"ticketed":false,"_links":{"self":[{"href":"https:\/\/climate-hive.org\/de\/wp-json\/wp\/v2\/tribe_events\/4765","targetHints":{"allow":["GET"]}}],"collection":[{"href":"https:\/\/climate-hive.org\/de\/wp-json\/wp\/v2\/tribe_events"}],"about":[{"href":"https:\/\/climate-hive.org\/de\/wp-json\/wp\/v2\/types\/tribe_events"}],"author":[{"embeddable":true,"href":"https:\/\/climate-hive.org\/de\/wp-json\/wp\/v2\/users\/78"}],"replies":[{"embeddable":true,"href":"https:\/\/climate-hive.org\/de\/wp-json\/wp\/v2\/comments?post=4765"}],"version-history":[{"count":3,"href":"https:\/\/climate-hive.org\/de\/wp-json\/wp\/v2\/tribe_events\/4765\/revisions"}],"predecessor-version":[{"id":4774,"href":"https:\/\/climate-hive.org\/de\/wp-json\/wp\/v2\/tribe_events\/4765\/revisions\/4774"}],"wp:featuredmedia":[{"embeddable":true,"href":"https:\/\/climate-hive.org\/de\/wp-json\/wp\/v2\/media\/4769"}],"wp:attachment":[{"href":"https:\/\/climate-hive.org\/de\/wp-json\/wp\/v2\/media?parent=4765"}],"wp:term":[{"taxonomy":"post_tag","embeddable":true,"href":"https:\/\/climate-hive.org\/de\/wp-json\/wp\/v2\/tags?post=4765"},{"taxonomy":"tribe_events_cat","embeddable":true,"href":"https:\/\/climate-hive.org\/de\/wp-json\/wp\/v2\/tribe_events_cat?post=4765"}],"curies":[{"name":"wp","href":"https:\/\/api.w.org\/{rel}","templated":true}]}}