{"id":4952,"date":"2025-10-29T10:41:00","date_gmt":"2025-10-29T10:41:00","guid":{"rendered":"https:\/\/climate-hive.org\/?post_type=tribe_events&#038;p=4952"},"modified":"2025-10-29T10:41:04","modified_gmt":"2025-10-29T10:41:04","slug":"eit-innovation-awards","status":"publish","type":"tribe_events","link":"https:\/\/climate-hive.org\/de\/event\/eit-innovation-awards\/","title":{"rendered":"EIT-Innovationspreise"},"content":{"rendered":"<div  class=\"tribe-events-schedule tribe-clearfix\" >\n\t<p class=\"tribe-events-schedule__datetime\">\n\t\t<span class=\"tribe-events-schedule__date tribe-events-schedule__date--start\">\n\t\t\tNovember 25, 2025\t\t<\/span>\n\n\t\t\t\t\t<span class=\"tribe-events-schedule__separator tribe-events-schedule__separator--date\">\n\t\t\t\t@\t\t\t<\/span>\n\t\t\t<span class=\"tribe-events-schedule__time tribe-events-schedule__time--start\">\n\t\t\t\t8:00 Uhr\t\t\t<\/span>\n\t\t\n\t\t\t\t\t\t\t\t\t<span class=\"tribe-events-schedule__separator tribe-events-schedule__separator--time\">\n\t\t\t\t\t-\t\t\t\t<\/span>\n\t\t\t\n\t\t\t\t\t\t\t<span class=\"tribe-events-schedule__time tribe-events-schedule__time--end\">\n\t\t\t\t\t17:00 Uhr\t\t\t\t<\/span>\n\t\t\t\n\t\t\t\t\t\t<\/p>\n<\/div>\n\n\n\n<p>Innovation ist die erneuerbarste Ressource Europas - und wird doch nicht ausreichend genutzt. Talente gibt es \u00fcberall, aber die Chancen sind nicht immer in Reichweite. Die <a href=\"https:\/\/www.eit.europa.eu\/\">Europ\u00e4isches Institut f\u00fcr Innovation und Technologie (EIT)<\/a> \u00e4ndert dies, indem es Ideen mit Wirkung, Talente mit M\u00e4rkten und aufstrebende Regionen mit etablierten Zentren verkn\u00fcpft.\u00a0<\/p>\n\n\n\n<p>Die EIT-Innovationspreise 2025 stellen diese Aufgabe in den Mittelpunkt, indem sie zum ersten Mal drei Vorzeigeveranstaltungen unter einem gemeinsamen Banner vereinen:<\/p>\n\n\n\n<ul class=\"wp-block-list\">\n<li><strong>Das gro\u00dfe Finale der EIT-Jumpstarter<\/strong>Nach einem siebenmonatigen Vorbeschleunigungsprogramm konkurrieren junge Innovatoren aus gem\u00e4\u00dfigten und aufstrebenden Regionen um Preise von bis zu 10 000 EUR in sieben Kategorien: Energie, Lebensmittel, Gesundheit, Neues Europ\u00e4isches Bauhaus, Rohstoffe, St\u00e4dtische Mobilit\u00e4t und Wiederaufbau der Ukraine. Au\u00dferdem findet eine Auswahl f\u00fcr EIT Jumpstarter Next statt, ein Programm f\u00fcr Alumni, die validierte Ideen bis zur Marktreife vorantreiben.<\/li>\n<\/ul>\n\n\n\n<ul class=\"wp-block-list\">\n<li><strong>Die EIT-Preise<\/strong>: Auszeichnung von Spitzenleistungen in vier Kategorien:\u00a0<\/li>\n<\/ul>\n\n\n\n<ol class=\"wp-block-list\">\n<li>Vielversprechender EIT-Changemaker: eine F\u00fchrungspers\u00f6nlichkeit, die mit ihren Aktivit\u00e4ten erhebliche soziale Auswirkungen erzielt.<\/li>\n\n\n\n<li>Bestes Innovationsteam: eine heterogene Gruppe, die Pionierarbeit f\u00fcr ein innovatives Produkt oder eine innovative Dienstleistung leistet.<\/li>\n\n\n\n<li>Vielversprechendstes Unternehmen: ein Start-up-Unternehmen innerhalb der EIT-Gemeinschaft mit gro\u00dfem Wachstumspotenzial.<\/li>\n\n\n\n<li>Publikumspreis: die von der \u00d6ffentlichkeit gew\u00e4hlte Lieblingsinnovation der Gemeinschaft.\u00a0<\/li>\n<\/ol>\n\n\n\n<ul class=\"wp-block-list\">\n<li><strong>Die EIT Red Kalyna-Feierlichkeiten<\/strong>Anerkennung ukrainischer Unternehmerinnen, P\u00e4dagoginnen, Forscherinnen und Mentorinnen, die Innovationen und positive Ver\u00e4nderungen vorantreiben, und Ehrung bahnbrechender Produkte, L\u00f6sungen und Unternehmen, die Widerstandsf\u00e4higkeit und Entschlossenheit verk\u00f6rpern<\/li>\n<\/ul>\n\n\n\n<h3 class=\"wp-block-heading\">Warum es wichtig ist&nbsp;<\/h3>\n\n\n\n<p>Zusammen spiegeln diese Initiativen den gesamten Kreislauf der europ\u00e4ischen Innovation wider: keine Region wird zur\u00fcckgelassen, jeder Innovator wird anerkannt, keine gute Idee wird nicht unterst\u00fctzt. Indem es L\u00e4nder, Sektoren und Entwicklungsstadien miteinander verbindet, fungiert das EIT als Europas Br\u00fccke - von Ost nach West, von Nord nach S\u00fcd, vom ersten Pitch bis zum globalen Durchbruch.&nbsp;<\/p>\n\n\n\n<p>Merken Sie sich den Termin f\u00fcr die Bekanntgabe der Gewinner am 25. November vor.<\/p>\n\n\n<div  class=\"tribe-block tribe-block__event-website\" >\n\t<a\n\t\thref=\"https:\/\/www.b2match.com\/e\/eit-awards-2025\"\n\t\ttarget=\"_self\"\n\t\t\t>\n\t\tMehr erfahren &amp; Registrieren\t<\/a>\n<\/div>\n\n\n<div  class=\"tribe-block tribe-block__organizer__details tribe-clearfix\" >\n    <h4>Organiser details<\/h4>\n\t<div class=\"tribe-block__organizer__title\">\n\t\t<h3><a href=\"https:\/\/climate-hive.org\/de\/veranstalter\/eit-european-institute-for-innovation-and-technology\/\" title=\"EIT - Europ\u00e4isches Institut f\u00fcr Innovation und Technologie\" target=\"_self\" rel=\"\">EIT - Europ\u00e4isches Institut f\u00fcr Innovation und Technologie<\/a><\/h3>\n\t<\/div>\n\t\t\t\t\t<p class=\"tribe-block__organizer__email\">community@climate-kic.org<\/p>\n\t<\/div>\n\n\n<div  class=\"tribe-block tribe-block__venue tribe-clearfix tribe-block__venue--has-map\" >\n\t\n\t\n<div class=\"tribe-block__venue__meta\">\n\t<div class=\"tribe-block__venue__name\">\n\t\t<h3><a href=\"https:\/\/climate-hive.org\/de\/veranstaltungsort\/budapest-congress-center\/\" title=\"Kongresszentrum Budapest\">Kongresszentrum Budapest<\/a><\/h3>\n\t<\/div>\n\n\t\n\t\t\t\t\t\t<address class=\"tribe-block__venue__address\">\n\t\t\t\t<span class=\"tribe-address\">\n\n<span class=\"tribe-street-address\">Jagell\u00f3 \u00fat 1-3<\/span>\n\t\n\t\t<br>\n\t\t<span class=\"tribe-locality\">Budapest<\/span><span class=\"tribe-delimiter\">,<\/span>\n\n\n\n\t<span class=\"tribe-country-name\">Ungarn<\/span>\n\n<\/span>\n\n\t\t\t\t\t\t\t\t\t<a class=\"tribe-events-gmap\" href=\"https:\/\/maps.google.com\/maps?f=q&#038;source=s_q&#038;hl=en&#038;geocode=&#038;q=Jagell%C3%B3+%C3%BAt+1%E2%80%933+Budapest+Hungary\" title=\"Klicken, um Google Karte anzuzeigen\" target=\"_blank\" rel=\"noreferrer noopener\">Google Karte anzeigen<\/a>\t\t\t\t\t\t\t<\/address>\n\t\t\n\t\t\n\t\t\t\n\t<\/div>\n\t\n<div class=\"tribe-block__venue__map\">\n\t\n<iframe loading=\"lazy\"\n  title=\"Iframe von Google Maps, der die Adresse von Budapest Congress Center anzeigt\"\n  aria-label=\"Karte des Veranstaltungsortes\"\n  width=\"310px\"\n  height=\"256px\"\n  frameborder=\"0\" style=\"border:0\"\n  src=\"https:\/\/www.google.com\/maps\/embed\/v1\/place?key=AIzaSyDNsicAsP6-VuGtAb1O9riI3oc_NOb7IOU&#038;q=Jagell%C3%B3+%C3%BAt+1%E2%80%933+Budapest+Hungary+&#038;zoom=15\" allowfullscreen>\n<\/iframe>\n<\/div>\n\n\t<\/div>\n\n\n\t<div  class=\"tribe-block tribe-block__events-link\" >\n\t\t<div class=\"tribe-events tribe-common\">\n\t\t\t<div class=\"tribe-events-c-subscribe-dropdown__container\">\n\t\t\t\t<div class=\"tribe-events-c-subscribe-dropdown\">\n\t\t\t\t\t<div class=\"tribe-common-c-btn-border tribe-events-c-subscribe-dropdown__button\">\n\t\t\t\t\t\t<svg  class=\"tribe-common-c-svgicon tribe-common-c-svgicon--cal-export tribe-events-c-subscribe-dropdown__export-icon\"  xmlns=\"http:\/\/www.w3.org\/2000\/svg\" width=\"24\" height=\"24\" viewbox=\"0 0 24 24\" fill=\"none\">\n    <path\n        d=\"M9 6L12 3M12 3L15 6M12 3V13M7.00023 10C6.06835 10 5.60241 10 5.23486 10.1522C4.74481 10.3552 4.35523 10.7448 4.15224 11.2349C4 11.6024 4 12.0681 4 13V17.8C4 18.9201 4 19.4798 4.21799 19.9076C4.40973 20.2839 4.71547 20.5905 5.0918 20.7822C5.5192 21 6.07899 21 7.19691 21H16.8036C17.9215 21 18.4805 21 18.9079 20.7822C19.2842 20.5905 19.5905 20.2839 19.7822 19.9076C20 19.4802 20 18.921 20 17.8031V13C20 12.0681 19.9999 11.6024 19.8477 11.2349C19.6447 10.7448 19.2554 10.3552 18.7654 10.1522C18.3978 10 17.9319 10 17 10\"\n        stroke=\"#142930\" stroke-width=\"2\" stroke-linecap=\"round\" stroke-linejoin=\"round\"\/>\n<\/svg>\n\t\t\t\t\t\t<button\n\t\t\t\t\t\t\tclass=\"tribe-events-c-subscribe-dropdown__button-text\"\n\t\t\t\t\t\t\taria-expanded=\"false\"\n\t\t\t\t\t\t\taria-controls=\"tribe-events-subscribe-dropdown-content\"\n\t\t\t\t\t\t\taria-label=\"Zeige Links an um Veranstaltungen zu deinem Kalender hinzuzuf\u00fcgen\"\n\t\t\t\t\t\t>\n\t\t\t\t\t\t\tZum Kalender hinzuf\u00fcgen\t\t\t\t\t\t<\/button>\n\t\t\t\t\t\t<svg\n\t class=\"tribe-common-c-svgicon tribe-common-c-svgicon--caret-down tribe-events-c-subscribe-dropdown__button-icon\" \taria-hidden=\"true\"\n\tviewbox=\"0 0 10 7\"\n\txmlns=\"http:\/\/www.w3.org\/2000\/svg\"\n>\n\t<path fill-rule=\"evenodd\" clip-rule=\"evenodd\" d=\"M1.008.609L5 4.6 8.992.61l.958.958L5 6.517.05 1.566l.958-.958z\" class=\"tribe-common-c-svgicon__svg-fill\"\/>\n<\/svg>\n\t\t\t\t\t<\/div>\n\t\t\t\t\t<div id=\"tribe-events-subscribe-dropdown-content\" class=\"tribe-events-c-subscribe-dropdown__content\">\n\t\t\t\t\t\t<ul class=\"tribe-events-c-subscribe-dropdown__list\">\n\t\t\t\t\t\t\t\t\t\t\t\t\t\t\t<li class=\"tribe-events-c-subscribe-dropdown__list-item tribe-events-c-subscribe-dropdown__list-item--gcal\">\n\t\t\t\t\t\t\t\t\t<a\n\t\t\t\t\t\t\t\t\t\thref=\"https:\/\/www.google.com\/calendar\/event?action=TEMPLATE&#038;dates=20251125T080000\/20251125T170000&#038;text=EIT%20Innovation%20Awards&#038;details=%3Cp%3EInnovation+is+Europe%E2%80%99s+most+renewable+resource+%E2%80%93+yet+still+underused.+Talent+is+everywhere%2C+but+opportunities+are+not+always+within+reach.+The+%3Ca+href%3D%22https%3A%2F%2Fwww.eit.europa.eu%2F%22%3EEuropean+Institute+of+Innovation+and+Technology+%28EIT%29%3C%2Fa%3E+changes+this+by+linking+ideas+with+impact%2C+talent+with+markets%2C+and+emerging+regions+with+established+hubs.%C2%A0%3C%2Fp%3E+%3Cp%3EThe+EIT+Innovation+Awards+2025+showcase+this+mission+with+three+flagship+events+coming+together+under+one+banner+for+the+first+time%3A%3C%2Fp%3E+%3Cul+class%3D%22wp-block-list%22%3E%3Cli%3E%3Cstrong%3EThe+EIT+Jumpstarter+Grand+Finale%3C%2Fstrong%3E%3A+after+a+seven-month+pre-acceleration+programme%2C+early-stage+innovators+from+moderate+and+emerging+regions+compete+for+prizes+of+up+to+EUR+10+000+across+seven+categories%3A+Energy%2C+Food%2C+Health%2C+New+European+Bauhaus%2C+Raw+Materials%2C+Urban+Mobility%2C+and+Rebuild+Ukraine.+Selection+also+takes+place+for+EIT+Jumpstarter+Next%2C+a+track+for+alumni+advancing+validated+ideas+to+market+entry%3C%2Fli%3E%3C%2Ful%3E%3Cul+class%3D+%28Zeige+vollst%C3%A4ndige+Veranstaltung-Beschreibung+hier+an%3A+https%3A%2F%2Fclimate-hive.org%2Fde%2Fevent%2Feit-innovation-awards%2F%29&#038;location=Budapest%20Congress%20Center,%20Jagell\u00f3%20\u00fat%201\u20133,%20Budapest,%20Hungary&#038;trp=false&#038;ctz=Europe\/Budapest&#038;sprop=website:https:\/\/climate-hive.org\/de\"\n\t\t\t\t\t\t\t\t\t\tclass=\"tribe-events-c-subscribe-dropdown__list-item-link\"\n\t\t\t\t\t\t\t\t\t\ttarget=\"_blank\"\n\t\t\t\t\t\t\t\t\t\trel=\"noopener noreferrer nofollow noindex\"\n\t\t\t\t\t\t\t\t\t>\n\t\t\t\t\t\t\t\t\t\tGoogle Kalender\t\t\t\t\t\t\t\t\t<\/a>\n\t\t\t\t\t\t\t\t<\/li>\n\t\t\t\t\t\t\t\t\t\t\t\t\t\t\t<li class=\"tribe-events-c-subscribe-dropdown__list-item tribe-events-c-subscribe-dropdown__list-item--ical\">\n\t\t\t\t\t\t\t\t\t<a\n\t\t\t\t\t\t\t\t\t\thref=\"\"\n\t\t\t\t\t\t\t\t\t\tclass=\"tribe-events-c-subscribe-dropdown__list-item-link\"\n\t\t\t\t\t\t\t\t\t\ttarget=\"_blank\"\n\t\t\t\t\t\t\t\t\t\trel=\"noopener noreferrer nofollow noindex\"\n\t\t\t\t\t\t\t\t\t>\n\t\t\t\t\t\t\t\t\t\tiCalendar\t\t\t\t\t\t\t\t\t<\/a>\n\t\t\t\t\t\t\t\t<\/li>\n\t\t\t\t\t\t\t\t\t\t\t\t\t\t\t<li class=\"tribe-events-c-subscribe-dropdown__list-item tribe-events-c-subscribe-dropdown__list-item--outlook-365\">\n\t\t\t\t\t\t\t\t\t<a\n\t\t\t\t\t\t\t\t\t\thref=\"\"\n\t\t\t\t\t\t\t\t\t\tclass=\"tribe-events-c-subscribe-dropdown__list-item-link\"\n\t\t\t\t\t\t\t\t\t\ttarget=\"_blank\"\n\t\t\t\t\t\t\t\t\t\trel=\"noopener noreferrer nofollow noindex\"\n\t\t\t\t\t\t\t\t\t>\n\t\t\t\t\t\t\t\t\t\tOutlook 365\t\t\t\t\t\t\t\t\t<\/a>\n\t\t\t\t\t\t\t\t<\/li>\n\t\t\t\t\t\t\t\t\t\t\t\t\t\t\t<li class=\"tribe-events-c-subscribe-dropdown__list-item tribe-events-c-subscribe-dropdown__list-item--outlook-live\">\n\t\t\t\t\t\t\t\t\t<a\n\t\t\t\t\t\t\t\t\t\thref=\"\"\n\t\t\t\t\t\t\t\t\t\tclass=\"tribe-events-c-subscribe-dropdown__list-item-link\"\n\t\t\t\t\t\t\t\t\t\ttarget=\"_blank\"\n\t\t\t\t\t\t\t\t\t\trel=\"noopener noreferrer nofollow noindex\"\n\t\t\t\t\t\t\t\t\t>\n\t\t\t\t\t\t\t\t\t\tOutlook Live\t\t\t\t\t\t\t\t\t<\/a>\n\t\t\t\t\t\t\t\t<\/li>\n\t\t\t\t\t\t\t\t\t\t\t\t\t<\/ul>\n\t\t\t\t\t<\/div>\n\t\t\t\t<\/div>\n\t\t\t<\/div>\n\t\t<\/div>\n\t<\/div>\n\n\n\n<h2 class=\"tribe-block__related-events__title\">\u00c4hnliche Veranstaltungen<\/h2>\n\n<ul  class=\"tribe-related-events tribe-clearfix\" >\n\t\t\t<li>\n\t\n<div class=\"tribe-related-events-thumbnail\">\n\t<a href=\"https:\/\/climate-hive.org\/de\/event\/climathon-organiser-training-2-systems-change\/\" class=\"url\" rel=\"bookmark\" tabindex=\"-1\" aria-hidden=\"true\"><img loading=\"lazy\" decoding=\"async\" width=\"1024\" height=\"683\" src=\"https:\/\/climate-hive.org\/wp-content\/uploads\/2026\/04\/Curitiba_Brazil_2mb-1-1024x683.jpg\" class=\"attachment-large size-large wp-post-image\" alt=\"\" \/><\/a>\n<\/div>\n\t<div class=\"tribe-related-event-info\">\n\t<h3 class=\"tribe-related-events-title\">\n\t\t<a href=\"https:\/\/climate-hive.org\/de\/event\/climathon-organiser-training-2-systems-change\/\" class=\"tribe-event-url\" rel=\"bookmark\">\n\t\t\tClimathon Schulung f\u00fcr Organisator*innen #: Vom Event zur Systemver\u00e4nderung\t\t<\/a>\n\t<\/h3>\n\t<span class=\"tribe-event-date-start\">5. Mai um 13:00 Uhr<\/span> - <span class=\"tribe-event-time\">14:30 Uhr<\/span><\/div>\n<\/li>\n\t\t\t<li>\n\t\n<div class=\"tribe-related-events-thumbnail\">\n\t<a href=\"https:\/\/climate-hive.org\/de\/event\/insights-green-and-digital-for-small-businesses\/\" class=\"url\" rel=\"bookmark\" tabindex=\"-1\" aria-hidden=\"true\"><img loading=\"lazy\" decoding=\"async\" width=\"1024\" height=\"576\" src=\"https:\/\/climate-hive.org\/wp-content\/uploads\/2026\/04\/getty-images-Sf2MBY7xIkY-unsplash-1024x576.jpg\" class=\"attachment-large size-large wp-post-image\" alt=\"\" \/><\/a>\n<\/div>\n\t<div class=\"tribe-related-event-info\">\n\t<h3 class=\"tribe-related-events-title\">\n\t\t<a href=\"https:\/\/climate-hive.org\/de\/event\/insights-green-and-digital-for-small-businesses\/\" class=\"tribe-event-url\" rel=\"bookmark\">\n\t\t\tEinblicke: Gr\u00fcn und digital. Was das f\u00fcr kleine Unternehmen in der Praxis bedeutet\u00a0\t\t<\/a>\n\t<\/h3>\n\t<span class=\"tribe-event-date-start\">6. Mai @ 14:00 Uhr<\/span> - <span class=\"tribe-event-time\">15:00 Uhr<\/span><\/div>\n<\/li>\n\t\t\t<li>\n\t\n<div class=\"tribe-related-events-thumbnail\">\n\t<a href=\"https:\/\/climate-hive.org\/de\/event\/how-to-evolve-global-book-tour\/\" class=\"url\" rel=\"bookmark\" tabindex=\"-1\" aria-hidden=\"true\"><img loading=\"lazy\" decoding=\"async\" width=\"1024\" height=\"576\" src=\"https:\/\/climate-hive.org\/wp-content\/uploads\/2026\/04\/How_to_Evolve_Copenhagen_2x-2100x1181-1-1024x576.png\" class=\"attachment-large size-large wp-post-image\" alt=\"\" \/><\/a>\n<\/div>\n\t<div class=\"tribe-related-event-info\">\n\t<h3 class=\"tribe-related-events-title\">\n\t\t<a href=\"https:\/\/climate-hive.org\/de\/event\/how-to-evolve-global-book-tour\/\" class=\"tribe-event-url\" rel=\"bookmark\">\n\t\t\tWie man sich entwickelt \u2013 Globale Buch-Tour\t\t<\/a>\n\t<\/h3>\n\t<span class=\"tribe-event-date-start\">11. Mai, 9:30 Uhr<\/span> - <span class=\"tribe-event-date-end\">12. Mai @ 20:30 Uhr<\/span><\/div>\n<\/li>\n\t<\/ul>\n\n\n\n<p><\/p>","protected":false},"excerpt":{"rendered":"<p>Innovation ist die erneuerbarste Ressource Europas - und wird doch nicht ausreichend genutzt. Talente gibt es \u00fcberall, aber die Chancen sind nicht immer greifbar. Das Europ\u00e4ische Institut f\u00fcr Innovation und Technologie (EIT) \u00e4ndert dies [...]<\/p>","protected":false},"author":3,"featured_media":4954,"comment_status":"open","ping_status":"closed","template":"","meta":{"_acf_changed":false,"_tec_requires_first_save":false,"_bbp_topic_count":0,"_bbp_reply_count":0,"_bbp_total_topic_count":0,"_bbp_total_reply_count":0,"_bbp_voice_count":0,"_bbp_anonymous_reply_count":0,"_bbp_topic_count_hidden":0,"_bbp_reply_count_hidden":0,"_bbp_forum_subforum_count":0,"pmpro_default_level":"","inline_featured_image":false,"_price":"","_stock":"","_tribe_ticket_header":"","_tribe_default_ticket_provider":"TEC\\Tickets\\Commerce\\Module","_ticket_start_date":"","_ticket_end_date":"","_tribe_ticket_show_description":"","_tribe_ticket_show_not_going":false,"_tribe_ticket_use_global_stock":"","_tribe_ticket_global_stock_level":"","_global_stock_mode":"","_global_stock_cap":"","_tribe_rsvp_for_event":"","_tribe_ticket_going_count":"","_tribe_ticket_not_going_count":"","_tribe_tickets_list":"[]","_tribe_ticket_has_attendee_info_fields":false,"_EventAllDay":false,"_EventTimezone":"Europe\/Budapest","_EventStartDate":"2025-11-25 08:00:00","_EventEndDate":"2025-11-25 17:00:00","_EventStartDateUTC":"2025-11-25 07:00:00","_EventEndDateUTC":"2025-11-25 16:00:00","_EventShowMap":false,"_EventShowMapLink":false,"_EventURL":"https:\/\/www.b2match.com\/e\/eit-awards-2025","_EventCost":"","_EventCostDescription":"","_EventCurrencySymbol":"\u20ac","_EventCurrencyCode":"EUR","_EventCurrencyPosition":"prefix","_EventDateTimeSeparator":"@","_EventTimeRangeSeparator":"-","_EventOrganizerID":[4306],"_EventVenueID":[4953],"_OrganizerEmail":"","_OrganizerPhone":"","_OrganizerWebsite":"","_VenueAddress":"","_VenueCity":"","_VenueCountry":"","_VenueProvince":"","_VenueState":"","_VenueZip":"","_VenuePhone":"","_VenueURL":"","_VenueStateProvince":"","_VenueLat":"","_VenueLng":"","_VenueShowMap":false,"_VenueShowMapLink":false,"_tribe_blocks_recurrence_rules":"","_tribe_blocks_recurrence_description":"","_tribe_blocks_recurrence_exclusions":"","_tribe_events_status":"","_tribe_events_status_reason":"","_tribe_events_is_hybrid":"","_tribe_events_is_virtual":"","_tribe_events_virtual_video_source":"","_tribe_events_virtual_embed_video":"","_tribe_events_virtual_linked_button_text":"","_tribe_events_virtual_linked_button":"","_tribe_events_virtual_show_embed_at":"","_tribe_events_virtual_show_embed_to":[],"_tribe_events_virtual_show_on_event":"","_tribe_events_virtual_show_on_views":"","_tribe_events_virtual_url":"","footnotes":"","_tec_slr_enabled":"","_tec_slr_layout":""},"tags":[191,90,65],"tribe_events_cat":[10,2,13],"class_list":["post-4952","tribe_events","type-tribe_events","status-publish","has-post-thumbnail","hentry","tag-awards","tag-eit","tag-innovation","tribe_events_cat-in-person","tribe_events_cat-networking","tribe_events_cat-organised-by-member-partner","pmpro-has-access","cat_in-person","cat_networking","cat_organised-by-member-partner"],"acf":[],"ticketed":false,"_links":{"self":[{"href":"https:\/\/climate-hive.org\/de\/wp-json\/wp\/v2\/tribe_events\/4952","targetHints":{"allow":["GET"]}}],"collection":[{"href":"https:\/\/climate-hive.org\/de\/wp-json\/wp\/v2\/tribe_events"}],"about":[{"href":"https:\/\/climate-hive.org\/de\/wp-json\/wp\/v2\/types\/tribe_events"}],"author":[{"embeddable":true,"href":"https:\/\/climate-hive.org\/de\/wp-json\/wp\/v2\/users\/3"}],"replies":[{"embeddable":true,"href":"https:\/\/climate-hive.org\/de\/wp-json\/wp\/v2\/comments?post=4952"}],"version-history":[{"count":1,"href":"https:\/\/climate-hive.org\/de\/wp-json\/wp\/v2\/tribe_events\/4952\/revisions"}],"predecessor-version":[{"id":4955,"href":"https:\/\/climate-hive.org\/de\/wp-json\/wp\/v2\/tribe_events\/4952\/revisions\/4955"}],"wp:featuredmedia":[{"embeddable":true,"href":"https:\/\/climate-hive.org\/de\/wp-json\/wp\/v2\/media\/4954"}],"wp:attachment":[{"href":"https:\/\/climate-hive.org\/de\/wp-json\/wp\/v2\/media?parent=4952"}],"wp:term":[{"taxonomy":"post_tag","embeddable":true,"href":"https:\/\/climate-hive.org\/de\/wp-json\/wp\/v2\/tags?post=4952"},{"taxonomy":"tribe_events_cat","embeddable":true,"href":"https:\/\/climate-hive.org\/de\/wp-json\/wp\/v2\/tribe_events_cat?post=4952"}],"curies":[{"name":"wp","href":"https:\/\/api.w.org\/{rel}","templated":true}]}}