{"id":4957,"date":"2025-10-29T10:53:50","date_gmt":"2025-10-29T10:53:50","guid":{"rendered":"https:\/\/climate-hive.org\/?post_type=tribe_events&#038;p=4957"},"modified":"2025-10-29T10:54:22","modified_gmt":"2025-10-29T10:54:22","slug":"nextadapt-series-innovation-pathways-for-regional-resilience","status":"publish","type":"tribe_events","link":"https:\/\/climate-hive.org\/de\/event\/nextadapt-series-innovation-pathways-for-regional-resilience\/","title":{"rendered":"N\u00e4chsteAdapt-Reihe: Innovationspfade f\u00fcr regionale Resilienz"},"content":{"rendered":"<div  class=\"tribe-events-schedule tribe-clearfix\" >\n\t<p class=\"tribe-events-schedule__datetime\">\n\t\t<span class=\"tribe-events-schedule__date tribe-events-schedule__date--start\">\n\t\t\tNovember 12, 2025\t\t<\/span>\n\n\t\t\t\t\t<span class=\"tribe-events-schedule__separator tribe-events-schedule__separator--date\">\n\t\t\t\t@\t\t\t<\/span>\n\t\t\t<span class=\"tribe-events-schedule__time tribe-events-schedule__time--start\">\n\t\t\t\t8:00 Uhr\t\t\t<\/span>\n\t\t\n\t\t\t\t\t\t\t\t\t<span class=\"tribe-events-schedule__separator tribe-events-schedule__separator--time\">\n\t\t\t\t\t-\t\t\t\t<\/span>\n\t\t\t\n\t\t\t\t\t\t\t<span class=\"tribe-events-schedule__date tribe-events-schedule__date--end\">\n\t\t\t\t\tNovember 26, 2025\t\t\t\t<\/span>\n\n\t\t\t\t\t\t\t\t\t<span class=\"tribe-events-schedule__separator tribe-events-schedule__separator--date\">\n\t\t\t\t\t\t@\t\t\t\t\t<\/span>\n\t\t\t\t\t<span class=\"tribe-events-schedule__time tribe-events-schedule__time--end\">\n\t\t\t\t\t\t17:00 Uhr\t\t\t\t\t<\/span>\n\t\t\t\t\n\t\t\t\n\t\t\t\t\t\t<\/p>\n<\/div>\n\n\n\n<h5 class=\"wp-block-heading\">Im Herbst 2025 veranstaltet Climate KIC ein Online-Lernprogramm f\u00fcr F\u00fchrungskr\u00e4fte aus dem \u00f6ffentlichen und privaten Sektor, die sich mit der Komplexit\u00e4t des Klimas auseinandersetzen. Diese Veranstaltungsreihe steht allen Interessierten offen, die ihre Reise zur transformativen Klimaanpassung beginnen m\u00f6chten.<\/h5>\n\n\n\n<p>Angesichts der zunehmenden Klimaauswirkungen in ganz Europa ist ein neuer Ansatz zur regionalen Anpassung dringender denn je. Traditionelle, schrittweise L\u00f6sungen reichen nicht mehr aus.&nbsp;<strong>Die NextAdapt-Reihe l\u00e4dt regionale Beh\u00f6rden, Innovationsexperten und Branchenf\u00fchrer ein, um zu erkunden, wie transformative Anpassung<\/strong>&nbsp;- die auf Systemdenken, Ko-Kreation und Innovation beruhen, k\u00f6nnen neue Wege zur Widerstandsf\u00e4higkeit von Klima und Gesellschaft er\u00f6ffnen.<\/p>\n\n\n\n<p>Diese interaktive Lernreihe ist Teil von <strong>NextAdapt<\/strong>, Die Climate KIC-Gemeinschaft von fast 200 europ\u00e4ischen Regionen bietet ma\u00dfgeschneiderte Unterst\u00fctzung in Form von Schulungsmodulen, politischen Instrumenten, Finanzplanung und Innovationspl\u00e4nen zur Bew\u00e4ltigung regionaler Klimaherausforderungen in gro\u00dfem Ma\u00dfstab.<\/p>\n\n\n\n<h3 class=\"wp-block-heading\"><strong>Kommende Schulungen:<\/strong><\/h3>\n\n\n\n<ul class=\"wp-block-list\">\n<li><strong>Innovation f\u00fcr regionale Resilienz - Fallstudie Forstwirtschaft.<\/strong> <em>12. November 2025, 13:00 - 14:30 MEZ<\/em><\/li>\n<\/ul>\n\n\n\n<p>Erforschen Sie, wie Innovationsportfolios einen systemischen Wandel vorantreiben k\u00f6nnen. In dieser Sitzung wird der Portfolio-Ansatz vorgestellt und seine Anwendung anhand eines Fallbeispiels aus der Forstwirtschaft veranschaulicht.<\/p>\n\n\n\n<div class=\"wp-block-buttons is-layout-flex wp-block-buttons-is-layout-flex\">\n<div class=\"wp-block-button\"><a class=\"wp-block-button__link wp-element-button\" href=\"https:\/\/climate-kic-org.zoom.us\/meeting\/register\/wQLbJ3d2Q-K7WpRz1qecUg#\/registration\">Hier anmelden<\/a><\/div>\n<\/div>\n\n\n\n<ul class=\"wp-block-list\">\n<li><strong>Portfolio-Denken im Rahmen der Regional Resilience Journey.<\/strong> <em>18. November 2025, 14:00 - 15:30 MEZ<\/em><\/li>\n<\/ul>\n\n\n\n<p>Lernen Sie, wie Sie Hebelpunkte identifizieren und verschiedene Initiativen zu einem koh\u00e4renten Innovationsportfolio zusammenf\u00fchren, das die langfristige Widerstandsf\u00e4higkeit unterst\u00fctzt.<\/p>\n\n\n\n<div class=\"wp-block-buttons is-layout-flex wp-block-buttons-is-layout-flex\">\n<div class=\"wp-block-button\"><a class=\"wp-block-button__link wp-element-button\" href=\"https:\/\/climate-kic-org.zoom.us\/meeting\/register\/Wf1aPkVHQrOxmgAmuUyvKQ#\/registration\">Hier anmelden<\/a><\/div>\n<\/div>\n\n\n\n<ul class=\"wp-block-list\">\n<li><strong>Umsetzungsplanung und adaptive \u00dcberwachung<\/strong>. <em>26. November 2025, 13:00 - 14:30 MEZ<\/em><\/li>\n<\/ul>\n\n\n\n<p>Erfahren Sie, wie Sie \u00dcberwachungs-, Bewertungs- und Lernsysteme entwickeln, die eine kontinuierliche Verbesserung und adaptive Umsetzung von Resilienzstrategien unterst\u00fctzen.<\/p>\n\n\n\n<div class=\"wp-block-buttons is-layout-flex wp-block-buttons-is-layout-flex\">\n<div class=\"wp-block-button\"><a class=\"wp-block-button__link wp-element-button\" href=\"https:\/\/climate-kic-org.zoom.us\/meeting\/register\/SUl_yPyJTM6INqFWgKGq6A#\/registration\">Hier anmelden<\/a><\/div>\n<\/div>\n\n\n<div  class=\"tribe-block tribe-block__organizer__details tribe-clearfix\" >\n    <h4>Organiser details<\/h4>\n\t<div class=\"tribe-block__organizer__title\">\n\t\t<h3><\/h3>\n\t<\/div>\n\t\t\t<\/div>\n\n\n\t<div  class=\"tribe-block tribe-block__events-link\" >\n\t\t<div class=\"tribe-events tribe-common\">\n\t\t\t<div class=\"tribe-events-c-subscribe-dropdown__container\">\n\t\t\t\t<div class=\"tribe-events-c-subscribe-dropdown\">\n\t\t\t\t\t<div class=\"tribe-common-c-btn-border tribe-events-c-subscribe-dropdown__button\">\n\t\t\t\t\t\t<svg  class=\"tribe-common-c-svgicon tribe-common-c-svgicon--cal-export tribe-events-c-subscribe-dropdown__export-icon\"  xmlns=\"http:\/\/www.w3.org\/2000\/svg\" width=\"24\" height=\"24\" viewbox=\"0 0 24 24\" fill=\"none\">\n    <path\n        d=\"M9 6L12 3M12 3L15 6M12 3V13M7.00023 10C6.06835 10 5.60241 10 5.23486 10.1522C4.74481 10.3552 4.35523 10.7448 4.15224 11.2349C4 11.6024 4 12.0681 4 13V17.8C4 18.9201 4 19.4798 4.21799 19.9076C4.40973 20.2839 4.71547 20.5905 5.0918 20.7822C5.5192 21 6.07899 21 7.19691 21H16.8036C17.9215 21 18.4805 21 18.9079 20.7822C19.2842 20.5905 19.5905 20.2839 19.7822 19.9076C20 19.4802 20 18.921 20 17.8031V13C20 12.0681 19.9999 11.6024 19.8477 11.2349C19.6447 10.7448 19.2554 10.3552 18.7654 10.1522C18.3978 10 17.9319 10 17 10\"\n        stroke=\"#142930\" stroke-width=\"2\" stroke-linecap=\"round\" stroke-linejoin=\"round\"\/>\n<\/svg>\n\t\t\t\t\t\t<button\n\t\t\t\t\t\t\tclass=\"tribe-events-c-subscribe-dropdown__button-text\"\n\t\t\t\t\t\t\taria-expanded=\"false\"\n\t\t\t\t\t\t\taria-controls=\"tribe-events-subscribe-dropdown-content\"\n\t\t\t\t\t\t\taria-label=\"Zeige Links an um Veranstaltungen zu deinem Kalender hinzuzuf\u00fcgen\"\n\t\t\t\t\t\t>\n\t\t\t\t\t\t\tZum Kalender hinzuf\u00fcgen\t\t\t\t\t\t<\/button>\n\t\t\t\t\t\t<svg\n\t class=\"tribe-common-c-svgicon tribe-common-c-svgicon--caret-down tribe-events-c-subscribe-dropdown__button-icon\" \taria-hidden=\"true\"\n\tviewbox=\"0 0 10 7\"\n\txmlns=\"http:\/\/www.w3.org\/2000\/svg\"\n>\n\t<path fill-rule=\"evenodd\" clip-rule=\"evenodd\" d=\"M1.008.609L5 4.6 8.992.61l.958.958L5 6.517.05 1.566l.958-.958z\" class=\"tribe-common-c-svgicon__svg-fill\"\/>\n<\/svg>\n\t\t\t\t\t<\/div>\n\t\t\t\t\t<div id=\"tribe-events-subscribe-dropdown-content\" class=\"tribe-events-c-subscribe-dropdown__content\">\n\t\t\t\t\t\t<ul class=\"tribe-events-c-subscribe-dropdown__list\">\n\t\t\t\t\t\t\t\t\t\t\t\t\t\t\t<li class=\"tribe-events-c-subscribe-dropdown__list-item tribe-events-c-subscribe-dropdown__list-item--gcal\">\n\t\t\t\t\t\t\t\t\t<a\n\t\t\t\t\t\t\t\t\t\thref=\"https:\/\/www.google.com\/calendar\/event?action=TEMPLATE&#038;dates=20251112T080000\/20251126T170000&#038;text=NextAdapt%20series%3A%20Innovation%20pathways%20for%20regional%20resilience&#038;details=%3Ch5+class%3D%22wp-block-heading%22%3EThis+Autumn+2025%2C+Climate+KIC+is+hosting+an+online+learning+programme+for+public+and+private+sector+leaders+navigating+climate+complexity.+This+event+series+is+open+to+everyone+interested+to+kickstart+their+transformative+climate+adaptation+journey.%3C%2Fh5%3E%3Cp%3EAs+climate+impacts+intensify+across+Europe%2C+the+need+for+a+new+approach+to+regional+adaptation+has+never+been+more+urgent.+Traditional%2C+incremental+solutions+are+no+longer+enough.%26nbsp%3B%3Cstrong%3EThe+NextAdapt+series+invites+regional+authorities%2C+innovation+experts%2C+and+industry+leaders+to+explore+how+transformative+adaptation%3C%2Fstrong%3E%26nbsp%3B%E2%80%94+rooted+in+systems+thinking%2C+co-creation%2C+and+innovation+%E2%80%94+can+unlock+new+pathways+to+climate+and+community+resilience.%3C%2Fp%3E+%3Cp%3EThis+interactive+learning+series+is+part+of+%3Cstrong%3ENextAdapt%3C%2Fstrong%3E%2C+Climate+KIC%E2%80%99s+community+of+nearly+200+European+regions%2C+offering+tailored+support+through+training+modules%2C+policy+tools%2C+financial+planning+and+innovati%3C%2Fp%3E+%28Zeige+vollst%C3%A4ndige+Veranstaltung-Beschreibung+hier+an%3A+https%3A%2F%2Fclimate-hive.org%2Fde%2Fevent%2Fnextadapt-series-innovation-pathways-for-regional-resilience%2F%29&#038;trp=false&#038;ctz=Europe\/London&#038;sprop=website:https:\/\/climate-hive.org\/de\"\n\t\t\t\t\t\t\t\t\t\tclass=\"tribe-events-c-subscribe-dropdown__list-item-link\"\n\t\t\t\t\t\t\t\t\t\ttarget=\"_blank\"\n\t\t\t\t\t\t\t\t\t\trel=\"noopener noreferrer nofollow noindex\"\n\t\t\t\t\t\t\t\t\t>\n\t\t\t\t\t\t\t\t\t\tGoogle Kalender\t\t\t\t\t\t\t\t\t<\/a>\n\t\t\t\t\t\t\t\t<\/li>\n\t\t\t\t\t\t\t\t\t\t\t\t\t\t\t<li class=\"tribe-events-c-subscribe-dropdown__list-item tribe-events-c-subscribe-dropdown__list-item--ical\">\n\t\t\t\t\t\t\t\t\t<a\n\t\t\t\t\t\t\t\t\t\thref=\"\"\n\t\t\t\t\t\t\t\t\t\tclass=\"tribe-events-c-subscribe-dropdown__list-item-link\"\n\t\t\t\t\t\t\t\t\t\ttarget=\"_blank\"\n\t\t\t\t\t\t\t\t\t\trel=\"noopener noreferrer nofollow noindex\"\n\t\t\t\t\t\t\t\t\t>\n\t\t\t\t\t\t\t\t\t\tiCalendar\t\t\t\t\t\t\t\t\t<\/a>\n\t\t\t\t\t\t\t\t<\/li>\n\t\t\t\t\t\t\t\t\t\t\t\t\t\t\t<li class=\"tribe-events-c-subscribe-dropdown__list-item tribe-events-c-subscribe-dropdown__list-item--outlook-365\">\n\t\t\t\t\t\t\t\t\t<a\n\t\t\t\t\t\t\t\t\t\thref=\"\"\n\t\t\t\t\t\t\t\t\t\tclass=\"tribe-events-c-subscribe-dropdown__list-item-link\"\n\t\t\t\t\t\t\t\t\t\ttarget=\"_blank\"\n\t\t\t\t\t\t\t\t\t\trel=\"noopener noreferrer nofollow noindex\"\n\t\t\t\t\t\t\t\t\t>\n\t\t\t\t\t\t\t\t\t\tOutlook 365\t\t\t\t\t\t\t\t\t<\/a>\n\t\t\t\t\t\t\t\t<\/li>\n\t\t\t\t\t\t\t\t\t\t\t\t\t\t\t<li class=\"tribe-events-c-subscribe-dropdown__list-item tribe-events-c-subscribe-dropdown__list-item--outlook-live\">\n\t\t\t\t\t\t\t\t\t<a\n\t\t\t\t\t\t\t\t\t\thref=\"\"\n\t\t\t\t\t\t\t\t\t\tclass=\"tribe-events-c-subscribe-dropdown__list-item-link\"\n\t\t\t\t\t\t\t\t\t\ttarget=\"_blank\"\n\t\t\t\t\t\t\t\t\t\trel=\"noopener noreferrer nofollow noindex\"\n\t\t\t\t\t\t\t\t\t>\n\t\t\t\t\t\t\t\t\t\tOutlook Live\t\t\t\t\t\t\t\t\t<\/a>\n\t\t\t\t\t\t\t\t<\/li>\n\t\t\t\t\t\t\t\t\t\t\t\t\t<\/ul>\n\t\t\t\t\t<\/div>\n\t\t\t\t<\/div>\n\t\t\t<\/div>\n\t\t<\/div>\n\t<\/div>\n\n\n\n<h2 class=\"tribe-block__related-events__title\">\u00c4hnliche Veranstaltungen<\/h2>\n\n<ul  class=\"tribe-related-events tribe-clearfix\" >\n\t\t\t<li>\n\t\n<div class=\"tribe-related-events-thumbnail\">\n\t<a href=\"https:\/\/climate-hive.org\/de\/event\/climathon-organiser-training-2-systems-change\/\" class=\"url\" rel=\"bookmark\" tabindex=\"-1\" aria-hidden=\"true\"><img loading=\"lazy\" decoding=\"async\" width=\"1024\" height=\"683\" src=\"https:\/\/climate-hive.org\/wp-content\/uploads\/2026\/04\/Curitiba_Brazil_2mb-1-1024x683.jpg\" class=\"attachment-large size-large wp-post-image\" alt=\"\" \/><\/a>\n<\/div>\n\t<div class=\"tribe-related-event-info\">\n\t<h3 class=\"tribe-related-events-title\">\n\t\t<a href=\"https:\/\/climate-hive.org\/de\/event\/climathon-organiser-training-2-systems-change\/\" class=\"tribe-event-url\" rel=\"bookmark\">\n\t\t\tClimathon Schulung f\u00fcr Organisator*innen #: Vom Event zur Systemver\u00e4nderung\t\t<\/a>\n\t<\/h3>\n\t<span class=\"tribe-event-date-start\">5. Mai um 13:00 Uhr<\/span> - <span class=\"tribe-event-time\">14:30 Uhr<\/span><\/div>\n<\/li>\n\t\t\t<li>\n\t\n<div class=\"tribe-related-events-thumbnail\">\n\t<a href=\"https:\/\/climate-hive.org\/de\/event\/insights-green-and-digital-for-small-businesses\/\" class=\"url\" rel=\"bookmark\" tabindex=\"-1\" aria-hidden=\"true\"><img loading=\"lazy\" decoding=\"async\" width=\"1024\" height=\"576\" src=\"https:\/\/climate-hive.org\/wp-content\/uploads\/2026\/04\/getty-images-Sf2MBY7xIkY-unsplash-1024x576.jpg\" class=\"attachment-large size-large wp-post-image\" alt=\"\" \/><\/a>\n<\/div>\n\t<div class=\"tribe-related-event-info\">\n\t<h3 class=\"tribe-related-events-title\">\n\t\t<a href=\"https:\/\/climate-hive.org\/de\/event\/insights-green-and-digital-for-small-businesses\/\" class=\"tribe-event-url\" rel=\"bookmark\">\n\t\t\tEinblicke: Gr\u00fcn und digital. Was das f\u00fcr kleine Unternehmen in der Praxis bedeutet\u00a0\t\t<\/a>\n\t<\/h3>\n\t<span class=\"tribe-event-date-start\">6. Mai @ 14:00 Uhr<\/span> - <span class=\"tribe-event-time\">15:00 Uhr<\/span><\/div>\n<\/li>\n\t\t\t<li>\n\t\n<div class=\"tribe-related-events-thumbnail\">\n\t<a href=\"https:\/\/climate-hive.org\/de\/event\/how-to-evolve-global-book-tour\/\" class=\"url\" rel=\"bookmark\" tabindex=\"-1\" aria-hidden=\"true\"><img loading=\"lazy\" decoding=\"async\" width=\"1024\" height=\"576\" src=\"https:\/\/climate-hive.org\/wp-content\/uploads\/2026\/04\/How_to_Evolve_Copenhagen_2x-2100x1181-1-1024x576.png\" class=\"attachment-large size-large wp-post-image\" alt=\"\" \/><\/a>\n<\/div>\n\t<div class=\"tribe-related-event-info\">\n\t<h3 class=\"tribe-related-events-title\">\n\t\t<a href=\"https:\/\/climate-hive.org\/de\/event\/how-to-evolve-global-book-tour\/\" class=\"tribe-event-url\" rel=\"bookmark\">\n\t\t\tWie man sich entwickelt \u2013 Globale Buch-Tour\t\t<\/a>\n\t<\/h3>\n\t<span class=\"tribe-event-date-start\">11. Mai, 9:30 Uhr<\/span> - <span class=\"tribe-event-date-end\">12. Mai @ 20:30 Uhr<\/span><\/div>\n<\/li>\n\t<\/ul>","protected":false},"excerpt":{"rendered":"<p>Im Herbst 2025 veranstaltet Climate KIC ein Online-Lernprogramm f\u00fcr F\u00fchrungskr\u00e4fte aus dem \u00f6ffentlichen und privaten Sektor, die sich mit der Komplexit\u00e4t des Klimas auseinandersetzen. Diese Veranstaltungsreihe ist offen f\u00fcr alle Interessierten, die [...]<\/p>","protected":false},"author":3,"featured_media":4959,"comment_status":"open","ping_status":"closed","template":"","meta":{"_acf_changed":false,"_tec_requires_first_save":false,"_bbp_topic_count":0,"_bbp_reply_count":0,"_bbp_total_topic_count":0,"_bbp_total_reply_count":0,"_bbp_voice_count":0,"_bbp_anonymous_reply_count":0,"_bbp_topic_count_hidden":0,"_bbp_reply_count_hidden":0,"_bbp_forum_subforum_count":0,"pmpro_default_level":"","inline_featured_image":false,"_price":"","_stock":"","_tribe_ticket_header":"","_tribe_default_ticket_provider":"TEC\\Tickets\\Commerce\\Module","_ticket_start_date":"","_ticket_end_date":"","_tribe_ticket_show_description":"","_tribe_ticket_show_not_going":false,"_tribe_ticket_use_global_stock":"","_tribe_ticket_global_stock_level":"","_global_stock_mode":"","_global_stock_cap":"","_tribe_rsvp_for_event":"","_tribe_ticket_going_count":"","_tribe_ticket_not_going_count":"","_tribe_tickets_list":"[]","_tribe_ticket_has_attendee_info_fields":false,"_EventAllDay":false,"_EventTimezone":"Europe\/London","_EventStartDate":"2025-11-12 08:00:00","_EventEndDate":"2025-11-26 17:00:00","_EventStartDateUTC":"2025-11-12 08:00:00","_EventEndDateUTC":"2025-11-26 17:00:00","_EventShowMap":false,"_EventShowMapLink":false,"_EventURL":"","_EventCost":"","_EventCostDescription":"","_EventCurrencySymbol":"\u20ac","_EventCurrencyCode":"EUR","_EventCurrencyPosition":"prefix","_EventDateTimeSeparator":"@","_EventTimeRangeSeparator":"-","_EventOrganizerID":[],"_EventVenueID":[],"_OrganizerEmail":"","_OrganizerPhone":"","_OrganizerWebsite":"","_VenueAddress":"","_VenueCity":"","_VenueCountry":"","_VenueProvince":"","_VenueState":"","_VenueZip":"","_VenuePhone":"","_VenueURL":"","_VenueStateProvince":"","_VenueLat":"","_VenueLng":"","_VenueShowMap":false,"_VenueShowMapLink":false,"_tribe_blocks_recurrence_rules":"","_tribe_blocks_recurrence_description":"","_tribe_blocks_recurrence_exclusions":"","_tribe_events_status":"","_tribe_events_status_reason":"","_tribe_events_is_hybrid":"","_tribe_events_is_virtual":"","_tribe_events_virtual_video_source":"","_tribe_events_virtual_embed_video":"","_tribe_events_virtual_linked_button_text":"","_tribe_events_virtual_linked_button":"","_tribe_events_virtual_show_embed_at":"","_tribe_events_virtual_show_embed_to":[],"_tribe_events_virtual_show_on_event":"","_tribe_events_virtual_show_on_views":"","_tribe_events_virtual_url":"","footnotes":"","_tec_slr_enabled":"","_tec_slr_layout":""},"tags":[192,193],"tribe_events_cat":[17,3,11,12,7],"class_list":["post-4957","tribe_events","type-tribe_events","status-publish","has-post-thumbnail","hentry","tag-climate-adaptation","tag-regional-resilience","tribe_events_cat-community-learn","tribe_events_cat-learning","tribe_events_cat-online","tribe_events_cat-organised-by-climate-kic","tribe_events_cat-webinar","pmpro-has-access","cat_community-learn","cat_learning","cat_online","cat_organised-by-climate-kic","cat_webinar"],"acf":[],"ticketed":false,"_links":{"self":[{"href":"https:\/\/climate-hive.org\/de\/wp-json\/wp\/v2\/tribe_events\/4957","targetHints":{"allow":["GET"]}}],"collection":[{"href":"https:\/\/climate-hive.org\/de\/wp-json\/wp\/v2\/tribe_events"}],"about":[{"href":"https:\/\/climate-hive.org\/de\/wp-json\/wp\/v2\/types\/tribe_events"}],"author":[{"embeddable":true,"href":"https:\/\/climate-hive.org\/de\/wp-json\/wp\/v2\/users\/3"}],"replies":[{"embeddable":true,"href":"https:\/\/climate-hive.org\/de\/wp-json\/wp\/v2\/comments?post=4957"}],"version-history":[{"count":1,"href":"https:\/\/climate-hive.org\/de\/wp-json\/wp\/v2\/tribe_events\/4957\/revisions"}],"predecessor-version":[{"id":4958,"href":"https:\/\/climate-hive.org\/de\/wp-json\/wp\/v2\/tribe_events\/4957\/revisions\/4958"}],"wp:featuredmedia":[{"embeddable":true,"href":"https:\/\/climate-hive.org\/de\/wp-json\/wp\/v2\/media\/4959"}],"wp:attachment":[{"href":"https:\/\/climate-hive.org\/de\/wp-json\/wp\/v2\/media?parent=4957"}],"wp:term":[{"taxonomy":"post_tag","embeddable":true,"href":"https:\/\/climate-hive.org\/de\/wp-json\/wp\/v2\/tags?post=4957"},{"taxonomy":"tribe_events_cat","embeddable":true,"href":"https:\/\/climate-hive.org\/de\/wp-json\/wp\/v2\/tribe_events_cat?post=4957"}],"curies":[{"name":"wp","href":"https:\/\/api.w.org\/{rel}","templated":true}]}}