{"id":5313,"date":"2025-11-11T16:51:11","date_gmt":"2025-11-11T16:51:11","guid":{"rendered":"https:\/\/climate-hive.org\/?post_type=tribe_events&#038;p=5313"},"modified":"2026-04-16T11:16:58","modified_gmt":"2026-04-16T10:16:58","slug":"connect-reflections-2025-optimism-2026","status":"publish","type":"tribe_events","link":"https:\/\/climate-hive.org\/de\/event\/connect-reflections-2025-optimism-2026\/","title":{"rendered":"Verbinden: \u00dcberlegungen zu 2025 und Optimismus f\u00fcr 2026"},"content":{"rendered":"<div class=\"tribe-events-virtual-single-marker\">\n\t<span class=\"tribe-events-virtual-single-marker__icon\" >\n\t\t<svg\n\t class=\"tribe-common-c-svgicon tribe-common-c-svgicon--virtual tribe-events-virtual-single-marker__icon-svg\" \taria-hidden=\"true\"\n\tviewbox=\"0 0 26 16\"\n\txmlns=\"http:\/\/www.w3.org\/2000\/svg\"\n>\n\t<g fill-rule=\"evenodd\" stroke-linecap=\"round\" stroke-linejoin=\"round\" stroke-width=\"2\" transform=\"translate(1 1)\">\n\t\t<path d=\"M18 10.7333333c2.16-2.09999997 2.16-5.44444441 0-7.46666663M21.12 13.7666667c3.84-3.7333334 3.84-9.80000003 0-13.53333337M6 10.7333333C3.84 8.63333333 3.84 5.28888889 6 3.26666667M2.88 13.7666667C-.96 10.0333333-.96 3.96666667 2.88.23333333\" class=\"tribe-common-c-svgicon__svg-stroke\"\/><ellipse cx=\"12\" cy=\"7\" rx=\"2.4\" ry=\"2.33333333\" class=\"tribe-common-c-svgicon__svg-stroke\"\/>\n\t<\/g>\n<\/svg>\n\t<\/span>\n\tVirtual Veranstaltung<\/div>\n<div  class=\"tribe-events-schedule tribe-clearfix\" >\n\t<p class=\"tribe-events-schedule__datetime\">\n\t\t<span class=\"tribe-events-schedule__date tribe-events-schedule__date--start\">\n\t\t\t11. Dezember 2025\t\t<\/span>\n\n\t\t\t\t\t<span class=\"tribe-events-schedule__separator tribe-events-schedule__separator--date\">\n\t\t\t\t@\t\t\t<\/span>\n\t\t\t<span class=\"tribe-events-schedule__time tribe-events-schedule__time--start\">\n\t\t\t\t16:00 Uhr\t\t\t<\/span>\n\t\t\n\t\t\t\t\t\t\t\t\t<span class=\"tribe-events-schedule__separator tribe-events-schedule__separator--time\">\n\t\t\t\t\t-\t\t\t\t<\/span>\n\t\t\t\n\t\t\t\t\t\t\t<span class=\"tribe-events-schedule__time tribe-events-schedule__time--end\">\n\t\t\t\t\t17:30 Uhr\t\t\t\t<\/span>\n\t\t\t\n\t\t\t\t\t\t\t<span class=\"tribe-events-schedule__timezone\">CET<\/span>\n\t\t\t\t\t\t<\/p>\n<\/div>\n\n\n\n<h4 class=\"wp-block-heading\">Seien Sie dabei, wenn wir \u00fcber eines der schwierigsten Jahre nachdenken, die wichtigsten Erkenntnisse der COP30 austauschen und erkunden, wie unsere Gemeinschaft im Jahr 2026 Innovationen und Zusammenarbeit im Bereich Klima vorantreiben kann.&nbsp;<\/h4>\n\n\n\n<p><strong>Das Jahr 2025 war ein Jahr der Extreme.<\/strong> Wir haben erlebt, wie Klimaereignisse die Bedeutung von \u201cKrise\u201d neu definieren, <a href=\"https:\/\/www.theguardian.com\/australia-news\/audio\/2025\/nov\/02\/gen-z-protests-nepal-madagascar-morocco-full-story-podcast\" target=\"_blank\" rel=\"noreferrer noopener\">Jugendproteste<\/a> \u00fcber die sozialen Bedingungen, eine Mischung aus <a href=\"https:\/\/news.un.org\/en\/story\/2025\/08\/1165658\" target=\"_blank\" rel=\"noreferrer noopener\">R\u00fcckschl\u00e4ge<\/a> und <a href=\"https:\/\/ember-energy.org\/latest-updates\/solar-and-wind-met-all-electricity-demand-growth-in-h1-2025\/\" target=\"_blank\" rel=\"noreferrer noopener\">vielversprechend<\/a> <a href=\"https:\/\/climate.ec.europa.eu\/news-other-reads\/news\/eu-advances-towards-2030-climate-targets-continued-emissions-cuts-2025-11-06_en\" target=\"_blank\" rel=\"noreferrer noopener\">Fortschritte<\/a> in den Klimazielen und -ambitionen. Vor diesem Hintergrund trafen sich die nationalen Delegationen auf der COP30 in Bel\u00e9m, Brasilien, in einer extrem fragmentierten und unsicheren politischen Landschaft wieder.<\/p>\n\n\n\n<p>Jetzt, wo sich das Jahr dem Ende zuneigt, ist es an der Zeit, als Gemeinschaft zusammenzukommen und zu diskutieren: Was sind die wichtigsten Lehren aus dem Jahr 2025? Und wie k\u00f6nnen wir die Spannungen der letzten Jahre - die von Angst und Ungeduld gepr\u00e4gt waren - in Quellen der Widerstandsf\u00e4higkeit und Kreativit\u00e4t f\u00fcr ein konstruktiveres Jahr 2026 verwandeln?<\/p>\n\n\n\n<p>Wir beginnen mit einem ehrlichen und ermutigenden Gespr\u00e4ch zwischen <strong>Christiana Figueres<\/strong>, Hauptverhandlungsf\u00fchrer f\u00fcr das Pariser Abkommen von 2015, und <strong>Kirsten Dunlop<\/strong>, CEO von Climate KIC und eine der f\u00fchrenden Stimmen im \u00d6kosystem der Systeminnovation. Gemeinsam werden sie \u00fcber die globale Klimasituation nachdenken und Wege f\u00fcr sinnvolle Ma\u00dfnahmen erkunden.<\/p>\n\n\n\n<p>Als N\u00e4chstes werden wir \u00fcber <strong>Highlights aus unserer Gemeinschaft und Initiativen f\u00fcr 2026<\/strong>, Damit ist der Grundstein f\u00fcr die Zusammenarbeit im kommenden Jahr gelegt.<\/p>\n\n\n\n<h4 class=\"wp-block-heading\"><strong>Was k\u00f6nnen Sie erwarten?<\/strong>&nbsp;<\/h4>\n\n\n\n<ul class=\"wp-block-list\">\n<li>Einblicke und Erkenntnisse von der COP30 in Brasilien und die entscheidenden Momente des Jahres 2025.<\/li>\n\n\n\n<li>Priorit\u00e4ten, Erwartungen und M\u00f6glichkeiten im Jahr 2026.<\/li>\n\n\n\n<li>Ein Raum zur Vernetzung, um Verpflichtungen auszutauschen und den Grundstein f\u00fcr Kooperationen zu legen.<\/li>\n<\/ul>\n\n\n\n<p><\/p>\n\n\n\n<h4 class=\"wp-block-heading\">Redner<\/h4>\n\n\n\n<ul class=\"wp-block-list\">\n<li><strong><a href=\"https:\/\/www.linkedin.com\/in\/christianafigueres\/\">Christiana Figueres<\/a><\/strong>, Gr\u00fcndungspartner von Global Optimism, Chefunterh\u00e4ndler des bahnbrechenden Pariser Abkommens von 2015<br><em>Christiana Figueres ist eine international anerkannte F\u00fchrungspers\u00f6nlichkeit im Klimaschutz. In ihrer Funktion als Exekutivsekret\u00e4rin des Rahmen\u00fcbereinkommens der Vereinten Nationen \u00fcber Klima\u00e4nderungen (UNFCCC) leitete sie die globalen diplomatischen Bem\u00fchungen, die im Pariser Abkommen von 2015 gipfelten. Heute ist sie Mitbegr\u00fcnderin von Global Optimism, Co-Moderatorin des Podcasts \u201cOutrage &amp; Optimism\u201d und Co-Autorin von \u201eThe Future We Choose: Surviving the Climate Crisis\u201c.<\/em><\/li>\n\n\n\n<li><strong><a href=\"https:\/\/www.linkedin.com\/in\/kirsten-dunlop-6b4a547\/\">Kirsten Dunlop<\/a><\/strong>, CEO von Climate KIC<br><em>Als kreative, energiegeladene und inspirierende F\u00fchrungspers\u00f6nlichkeit bringt Dr. Kirsten Dunlop ihre tiefe \u00dcberzeugung von unserer F\u00e4higkeit, zu lernen und uns zu einer klimaresistenten Gesellschaft weiterzuentwickeln, und ihre \u00fcber 30-j\u00e4hrige Erfahrung als Katalysator f\u00fcr systemische Transformationen in einer Karriere mit, die sich \u00fcber drei Kontinente erstreckt - von der Wissenschaft \u00fcber die Beratung bis hin zum Bankwesen und der Versicherungsbranche. Als erfahrene Kommunikatorin und Enthusiastin ist sie eine gefragte Rednerin zu den Themen Systeminnovation, Finanzsystemwandel und gesellschaftlicher Wandel im Zusammenhang mit dem Klima.<\/em><\/li>\n<\/ul>\n\n\n\n\n<div  class=\"tribe-block tribe-block__organizer__details tribe-clearfix\" >\n    <h4>Organiser details<\/h4>\n\t<div class=\"tribe-block__organizer__title\">\n\t\t<h3><a href=\"https:\/\/climate-hive.org\/de\/veranstalter\/climate-kic-community\/\" title=\"Climate KIC Community\" target=\"_self\" rel=\"\">Climate KIC Community<\/a><\/h3>\n\t<\/div>\n\t\t\t\t<p class=\"tribe-block__organizer__website\"><a href=\"https:\/\/climate-hive.org\/de\/\" target=\"_self\" rel=\"external\">Veranstalter-Website anzeigen<\/a><\/p>\n\t\t\t\t<p class=\"tribe-block__organizer__email\">community@climate-kic.org<\/p>\n\t<\/div>\n\n\n\t<div  class=\"tribe-block tribe-block__events-link\" >\n\t\t<div class=\"tribe-events tribe-common\">\n\t\t\t<div class=\"tribe-events-c-subscribe-dropdown__container\">\n\t\t\t\t<div class=\"tribe-events-c-subscribe-dropdown\">\n\t\t\t\t\t<div class=\"tribe-common-c-btn-border tribe-events-c-subscribe-dropdown__button\">\n\t\t\t\t\t\t<svg  class=\"tribe-common-c-svgicon tribe-common-c-svgicon--cal-export tribe-events-c-subscribe-dropdown__export-icon\"  xmlns=\"http:\/\/www.w3.org\/2000\/svg\" width=\"24\" height=\"24\" viewbox=\"0 0 24 24\" fill=\"none\">\n    <path\n        d=\"M9 6L12 3M12 3L15 6M12 3V13M7.00023 10C6.06835 10 5.60241 10 5.23486 10.1522C4.74481 10.3552 4.35523 10.7448 4.15224 11.2349C4 11.6024 4 12.0681 4 13V17.8C4 18.9201 4 19.4798 4.21799 19.9076C4.40973 20.2839 4.71547 20.5905 5.0918 20.7822C5.5192 21 6.07899 21 7.19691 21H16.8036C17.9215 21 18.4805 21 18.9079 20.7822C19.2842 20.5905 19.5905 20.2839 19.7822 19.9076C20 19.4802 20 18.921 20 17.8031V13C20 12.0681 19.9999 11.6024 19.8477 11.2349C19.6447 10.7448 19.2554 10.3552 18.7654 10.1522C18.3978 10 17.9319 10 17 10\"\n        stroke=\"#142930\" stroke-width=\"2\" stroke-linecap=\"round\" stroke-linejoin=\"round\"\/>\n<\/svg>\n\t\t\t\t\t\t<button\n\t\t\t\t\t\t\tclass=\"tribe-events-c-subscribe-dropdown__button-text\"\n\t\t\t\t\t\t\taria-expanded=\"false\"\n\t\t\t\t\t\t\taria-controls=\"tribe-events-subscribe-dropdown-content\"\n\t\t\t\t\t\t\taria-label=\"Zeige Links an um Veranstaltungen zu deinem Kalender hinzuzuf\u00fcgen\"\n\t\t\t\t\t\t>\n\t\t\t\t\t\t\tZum Kalender hinzuf\u00fcgen\t\t\t\t\t\t<\/button>\n\t\t\t\t\t\t<svg\n\t class=\"tribe-common-c-svgicon tribe-common-c-svgicon--caret-down tribe-events-c-subscribe-dropdown__button-icon\" \taria-hidden=\"true\"\n\tviewbox=\"0 0 10 7\"\n\txmlns=\"http:\/\/www.w3.org\/2000\/svg\"\n>\n\t<path fill-rule=\"evenodd\" clip-rule=\"evenodd\" d=\"M1.008.609L5 4.6 8.992.61l.958.958L5 6.517.05 1.566l.958-.958z\" class=\"tribe-common-c-svgicon__svg-fill\"\/>\n<\/svg>\n\t\t\t\t\t<\/div>\n\t\t\t\t\t<div id=\"tribe-events-subscribe-dropdown-content\" class=\"tribe-events-c-subscribe-dropdown__content\">\n\t\t\t\t\t\t<ul class=\"tribe-events-c-subscribe-dropdown__list\">\n\t\t\t\t\t\t\t\t\t\t\t\t\t\t\t<li class=\"tribe-events-c-subscribe-dropdown__list-item tribe-events-c-subscribe-dropdown__list-item--gcal\">\n\t\t\t\t\t\t\t\t\t<a\n\t\t\t\t\t\t\t\t\t\thref=\"https:\/\/www.google.com\/calendar\/event?action=TEMPLATE&#038;dates=20251211T160000\/20251211T173000&#038;text=Connect%3A%20Reflections%20on%202025%20%26amp%3B%20Optimism%20for%202026&#038;details=%3Ch4+class%3D%22wp-block-heading%22%3EJoin+us+as+we+reflect+on+one+of+the+most%26nbsp%3Bchallenging+years%2C+share+key+takeaways+from+COP30%2C+and+explore+how+our+community+can+drive+climate+innovation+and+collaboration+in+2026.%26nbsp%3B%3C%2Fh4%3E%3Cp%3E%3Cstrong%3E2025+has+been+a+year+of+extremes.%3C%2Fstrong%3E+We%E2%80%99ve+seen+climate+events+redefine+what+%E2%80%9Ccrisis%E2%80%9D+means%2C+%3Ca+href%3D%22https%3A%2F%2Fwww.theguardian.com%2Faustralia-news%2Faudio%2F2025%2Fnov%2F02%2Fgen-z-protests-nepal-madagascar-morocco-full-story-podcast%22+target%3D%22_blank%22+rel%3D%22noreferrer+noopener%22%3Eyouth-led+protests%3C%2Fa%3E+on+social+conditions%2C+a+mix+of+%3Ca+href%3D%22https%3A%2F%2Fnews.un.org%2Fen%2Fstory%2F2025%2F08%2F1165658%22+target%3D%22_blank%22+rel%3D%22noreferrer+noopener%22%3Esetbacks%3C%2Fa%3E+and+%3Ca+href%3D%22https%3A%2F%2Fember-energy.org%2Flatest-updates%2Fsolar-and-wind-met-all-electricity-demand-growth-in-h1-2025%2F%22+target%3D%22_blank%22+rel%3D%22noreferrer+noopener%22%3Epromising%3C%2Fa%3E+%3Ca+href%3D%22https%3A%2F%2Fclimate.ec.europa.eu%2Fnews-other-reads%2Fnews%2Feu-advances-towards-2030-climate-targets-continued-emissions-cuts-2025-11-06_en%22+tar%3C%2Fp%3E+%28Zeige+vollst%C3%A4ndige+Veranstaltung-Beschreibung+hier+an%3A+https%3A%2F%2Fclimate-hive.org%2Fde%2Fevent%2Fconnect-reflections-2025-optimism-2026%2F%29&#038;location=https:\/\/climate-hive.org\/de\/event\/connect-reflections-2025-optimism-2026\/&#038;trp=false&#038;ctz=Europe\/Madrid&#038;sprop=website:https:\/\/climate-hive.org\/de\"\n\t\t\t\t\t\t\t\t\t\tclass=\"tribe-events-c-subscribe-dropdown__list-item-link\"\n\t\t\t\t\t\t\t\t\t\ttarget=\"_blank\"\n\t\t\t\t\t\t\t\t\t\trel=\"noopener noreferrer nofollow noindex\"\n\t\t\t\t\t\t\t\t\t>\n\t\t\t\t\t\t\t\t\t\tGoogle Kalender\t\t\t\t\t\t\t\t\t<\/a>\n\t\t\t\t\t\t\t\t<\/li>\n\t\t\t\t\t\t\t\t\t\t\t\t\t\t\t<li class=\"tribe-events-c-subscribe-dropdown__list-item tribe-events-c-subscribe-dropdown__list-item--ical\">\n\t\t\t\t\t\t\t\t\t<a\n\t\t\t\t\t\t\t\t\t\thref=\"\"\n\t\t\t\t\t\t\t\t\t\tclass=\"tribe-events-c-subscribe-dropdown__list-item-link\"\n\t\t\t\t\t\t\t\t\t\ttarget=\"_blank\"\n\t\t\t\t\t\t\t\t\t\trel=\"noopener noreferrer nofollow noindex\"\n\t\t\t\t\t\t\t\t\t>\n\t\t\t\t\t\t\t\t\t\tiCalendar\t\t\t\t\t\t\t\t\t<\/a>\n\t\t\t\t\t\t\t\t<\/li>\n\t\t\t\t\t\t\t\t\t\t\t\t\t\t\t<li class=\"tribe-events-c-subscribe-dropdown__list-item tribe-events-c-subscribe-dropdown__list-item--outlook-365\">\n\t\t\t\t\t\t\t\t\t<a\n\t\t\t\t\t\t\t\t\t\thref=\"\"\n\t\t\t\t\t\t\t\t\t\tclass=\"tribe-events-c-subscribe-dropdown__list-item-link\"\n\t\t\t\t\t\t\t\t\t\ttarget=\"_blank\"\n\t\t\t\t\t\t\t\t\t\trel=\"noopener noreferrer nofollow noindex\"\n\t\t\t\t\t\t\t\t\t>\n\t\t\t\t\t\t\t\t\t\tOutlook 365\t\t\t\t\t\t\t\t\t<\/a>\n\t\t\t\t\t\t\t\t<\/li>\n\t\t\t\t\t\t\t\t\t\t\t\t\t\t\t<li class=\"tribe-events-c-subscribe-dropdown__list-item tribe-events-c-subscribe-dropdown__list-item--outlook-live\">\n\t\t\t\t\t\t\t\t\t<a\n\t\t\t\t\t\t\t\t\t\thref=\"\"\n\t\t\t\t\t\t\t\t\t\tclass=\"tribe-events-c-subscribe-dropdown__list-item-link\"\n\t\t\t\t\t\t\t\t\t\ttarget=\"_blank\"\n\t\t\t\t\t\t\t\t\t\trel=\"noopener noreferrer nofollow noindex\"\n\t\t\t\t\t\t\t\t\t>\n\t\t\t\t\t\t\t\t\t\tOutlook Live\t\t\t\t\t\t\t\t\t<\/a>\n\t\t\t\t\t\t\t\t<\/li>\n\t\t\t\t\t\t\t\t\t\t\t\t\t<\/ul>\n\t\t\t\t\t<\/div>\n\t\t\t\t<\/div>\n\t\t\t<\/div>\n\t\t<\/div>\n\t<\/div>\n\n\n\n<h2 class=\"tribe-block__related-events__title\">\u00c4hnliche Veranstaltungen<\/h2>\n\n<ul  class=\"tribe-related-events tribe-clearfix\" >\n\t\t\t<li>\n\t\n<div class=\"tribe-related-events-thumbnail\">\n\t<a href=\"https:\/\/climate-hive.org\/de\/event\/climathon-organiser-training-2-systems-change\/\" class=\"url\" rel=\"bookmark\" tabindex=\"-1\" aria-hidden=\"true\"><img loading=\"lazy\" decoding=\"async\" width=\"1024\" height=\"683\" src=\"https:\/\/climate-hive.org\/wp-content\/uploads\/2026\/04\/Curitiba_Brazil_2mb-1-1024x683.jpg\" class=\"attachment-large size-large wp-post-image\" alt=\"\" \/><\/a>\n<\/div>\n\t<div class=\"tribe-related-event-info\">\n\t<h3 class=\"tribe-related-events-title\">\n\t\t<a href=\"https:\/\/climate-hive.org\/de\/event\/climathon-organiser-training-2-systems-change\/\" class=\"tribe-event-url\" rel=\"bookmark\">\n\t\t\tClimathon Schulung f\u00fcr Organisator*innen #: Vom Event zur Systemver\u00e4nderung\t\t<\/a>\n\t<\/h3>\n\t<span class=\"tribe-event-date-start\">5. Mai um 13:00 Uhr<\/span> - <span class=\"tribe-event-time\">14:30 Uhr<\/span><\/div>\n<\/li>\n\t\t\t<li>\n\t\n<div class=\"tribe-related-events-thumbnail\">\n\t<a href=\"https:\/\/climate-hive.org\/de\/event\/insights-green-and-digital-for-small-businesses\/\" class=\"url\" rel=\"bookmark\" tabindex=\"-1\" aria-hidden=\"true\"><img loading=\"lazy\" decoding=\"async\" width=\"1024\" height=\"576\" src=\"https:\/\/climate-hive.org\/wp-content\/uploads\/2026\/04\/getty-images-Sf2MBY7xIkY-unsplash-1024x576.jpg\" class=\"attachment-large size-large wp-post-image\" alt=\"\" \/><\/a>\n<\/div>\n\t<div class=\"tribe-related-event-info\">\n\t<h3 class=\"tribe-related-events-title\">\n\t\t<a href=\"https:\/\/climate-hive.org\/de\/event\/insights-green-and-digital-for-small-businesses\/\" class=\"tribe-event-url\" rel=\"bookmark\">\n\t\t\tEinblicke: Gr\u00fcn und digital. Was das f\u00fcr kleine Unternehmen in der Praxis bedeutet\u00a0\t\t<\/a>\n\t<\/h3>\n\t<span class=\"tribe-event-date-start\">6. Mai @ 14:00 Uhr<\/span> - <span class=\"tribe-event-time\">15:00 Uhr<\/span><\/div>\n<\/li>\n\t\t\t<li>\n\t\n<div class=\"tribe-related-events-thumbnail\">\n\t<a href=\"https:\/\/climate-hive.org\/de\/event\/how-to-evolve-global-book-tour\/\" class=\"url\" rel=\"bookmark\" tabindex=\"-1\" aria-hidden=\"true\"><img loading=\"lazy\" decoding=\"async\" width=\"1024\" height=\"576\" src=\"https:\/\/climate-hive.org\/wp-content\/uploads\/2026\/04\/How_to_Evolve_Copenhagen_2x-2100x1181-1-1024x576.png\" class=\"attachment-large size-large wp-post-image\" alt=\"\" \/><\/a>\n<\/div>\n\t<div class=\"tribe-related-event-info\">\n\t<h3 class=\"tribe-related-events-title\">\n\t\t<a href=\"https:\/\/climate-hive.org\/de\/event\/how-to-evolve-global-book-tour\/\" class=\"tribe-event-url\" rel=\"bookmark\">\n\t\t\tWie man sich entwickelt \u2013 Globale Buch-Tour\t\t<\/a>\n\t<\/h3>\n\t<span class=\"tribe-event-date-start\">11. Mai, 9:30 Uhr<\/span> - <span class=\"tribe-event-date-end\">12. Mai @ 20:30 Uhr<\/span><\/div>\n<\/li>\n\t<\/ul>\n\n\n<div  class=\"tribe-block tribe-block--virtual-event\" >\n    <\/div>","protected":false},"excerpt":{"rendered":"<p>Seien Sie dabei, wenn wir \u00fcber eines der schwierigsten Jahre nachdenken, die wichtigsten Erkenntnisse der COP30 austauschen und erkunden, wie unsere Gemeinschaft im Jahr 2026 Innovationen und Zusammenarbeit im Bereich Klima vorantreiben kann.  2025 [...]<\/p>","protected":false},"author":3,"featured_media":6067,"comment_status":"open","ping_status":"closed","template":"","meta":{"_acf_changed":false,"_tec_requires_first_save":false,"_bbp_topic_count":0,"_bbp_reply_count":0,"_bbp_total_topic_count":0,"_bbp_total_reply_count":0,"_bbp_voice_count":0,"_bbp_anonymous_reply_count":0,"_bbp_topic_count_hidden":0,"_bbp_reply_count_hidden":0,"_bbp_forum_subforum_count":0,"pmpro_default_level":"","inline_featured_image":false,"_price":"","_stock":"","_tribe_ticket_header":"","_tribe_default_ticket_provider":"TEC\\Tickets\\Commerce\\Module","_ticket_start_date":"","_ticket_end_date":"","_tribe_ticket_show_description":"","_tribe_ticket_show_not_going":false,"_tribe_ticket_use_global_stock":"","_tribe_ticket_global_stock_level":"","_global_stock_mode":"","_global_stock_cap":"","_tribe_rsvp_for_event":"","_tribe_ticket_going_count":"","_tribe_ticket_not_going_count":"","_tribe_tickets_list":"[{\"id\":5321,\"type\":\"default\",\"title\":\"Community Connect: Reflections on 2025 &amp; Optimism for 2026\",\"description\":\"\",\"capacityType\":\"unlimited\",\"price\":\"0\",\"capacity\":\"\",\"available\":-1,\"sharedCapacity\":\"\",\"sold\":141,\"shareSold\":141,\"isShared\":true,\"currencyDecimalPoint\":\".\",\"currencyNumberOfDecimals\":2,\"currencyPosition\":\"postfix\",\"currencySymbol\":\"\\u20ac\",\"currencyThousandsSep\":\",\"}]","_tribe_ticket_has_attendee_info_fields":false,"_EventAllDay":false,"_EventTimezone":"Europe\/Madrid","_EventStartDate":"2025-12-11 16:00:00","_EventEndDate":"2025-12-11 17:30:00","_EventStartDateUTC":"2025-12-11 15:00:00","_EventEndDateUTC":"2025-12-11 16:30:00","_EventShowMap":false,"_EventShowMapLink":false,"_EventURL":"","_EventCost":"0","_EventCostDescription":"","_EventCurrencySymbol":"\u20ac","_EventCurrencyCode":"EUR","_EventCurrencyPosition":"prefix","_EventDateTimeSeparator":"@","_EventTimeRangeSeparator":"-","_EventOrganizerID":[3881],"_EventVenueID":[],"_OrganizerEmail":"","_OrganizerPhone":"","_OrganizerWebsite":"","_VenueAddress":"","_VenueCity":"","_VenueCountry":"","_VenueProvince":"","_VenueState":"","_VenueZip":"","_VenuePhone":"","_VenueURL":"","_VenueStateProvince":"","_VenueLat":"","_VenueLng":"","_VenueShowMap":false,"_VenueShowMapLink":false,"_tribe_blocks_recurrence_rules":"","_tribe_blocks_recurrence_description":"","_tribe_blocks_recurrence_exclusions":"","_tribe_events_status":"","_tribe_events_status_reason":"","_tribe_events_is_hybrid":"","_tribe_events_is_virtual":"yes","_tribe_events_virtual_video_source":"video","_tribe_events_virtual_embed_video":"","_tribe_events_virtual_linked_button_text":"Watch","_tribe_events_virtual_linked_button":"yes","_tribe_events_virtual_show_embed_at":"at-start","_tribe_events_virtual_show_embed_to":[],"_tribe_events_virtual_show_on_event":"yes","_tribe_events_virtual_show_on_views":"yes","_tribe_events_virtual_url":"https:\/\/climate-kic-org.zoom.us\/j\/81684416031?pwd=vwbIRuwNG7P40pZD1a7xaHsgZOEaBz.1","footnotes":"","_tec_slr_enabled":"","_tec_slr_layout":""},"tags":[216,215,65,84],"tribe_events_cat":[16,85,2,11,12,4],"class_list":["post-5313","tribe_events","type-tribe_events","status-publish","has-post-thumbnail","hentry","tag-216","tag-cop30","tag-innovation","tag-systems-thinking","tribe_events_cat-community-connect","tribe_events_cat-community-event","tribe_events_cat-networking","tribe_events_cat-online","tribe_events_cat-organised-by-climate-kic","tribe_events_cat-policy","pmpro-has-access","cat_community-connect","cat_community-event","cat_networking","cat_online","cat_organised-by-climate-kic","cat_policy","tribe-events-virtual-event"],"acf":[],"ticketed":["tc"],"_links":{"self":[{"href":"https:\/\/climate-hive.org\/de\/wp-json\/wp\/v2\/tribe_events\/5313","targetHints":{"allow":["GET"]}}],"collection":[{"href":"https:\/\/climate-hive.org\/de\/wp-json\/wp\/v2\/tribe_events"}],"about":[{"href":"https:\/\/climate-hive.org\/de\/wp-json\/wp\/v2\/types\/tribe_events"}],"author":[{"embeddable":true,"href":"https:\/\/climate-hive.org\/de\/wp-json\/wp\/v2\/users\/3"}],"replies":[{"embeddable":true,"href":"https:\/\/climate-hive.org\/de\/wp-json\/wp\/v2\/comments?post=5313"}],"version-history":[{"count":9,"href":"https:\/\/climate-hive.org\/de\/wp-json\/wp\/v2\/tribe_events\/5313\/revisions"}],"predecessor-version":[{"id":7334,"href":"https:\/\/climate-hive.org\/de\/wp-json\/wp\/v2\/tribe_events\/5313\/revisions\/7334"}],"wp:featuredmedia":[{"embeddable":true,"href":"https:\/\/climate-hive.org\/de\/wp-json\/wp\/v2\/media\/6067"}],"wp:attachment":[{"href":"https:\/\/climate-hive.org\/de\/wp-json\/wp\/v2\/media?parent=5313"}],"wp:term":[{"taxonomy":"post_tag","embeddable":true,"href":"https:\/\/climate-hive.org\/de\/wp-json\/wp\/v2\/tags?post=5313"},{"taxonomy":"tribe_events_cat","embeddable":true,"href":"https:\/\/climate-hive.org\/de\/wp-json\/wp\/v2\/tribe_events_cat?post=5313"}],"curies":[{"name":"wp","href":"https:\/\/api.w.org\/{rel}","templated":true}]}}