{"id":16,"date":"2025-02-04T11:35:16","date_gmt":"2025-02-04T11:35:16","guid":{"rendered":"https:\/\/climate-hive.org\/membership-levels\/"},"modified":"2026-03-10T17:06:32","modified_gmt":"2026-03-10T17:06:32","slug":"membership-levels","status":"publish","type":"page","link":"https:\/\/climate-hive.org\/es\/membership-levels\/","title":{"rendered":"Bienvenido a la Comunidad"},"content":{"rendered":"<div class=\"wp-block-group headline container\"><div class=\"wp-block-group__inner-container is-layout-constrained wp-block-group-is-layout-constrained\">\n<h2 class=\"wp-block-heading has-text-align-center\">Crear redes, desarrollar capacidades, innovar <\/h2>\n\n\n\n<p class=\"has-text-align-center\">Como miembro, formas parte de una red activa de innovadores, expertos y agentes de cambio comprometidos con el impulso de la acci\u00f3n clim\u00e1tica sist\u00e9mica. A continuaci\u00f3n te explicamos c\u00f3mo seguir participando y sacar el m\u00e1ximo partido a tu afiliaci\u00f3n.<\/p>\n<\/div><\/div>\n\n\n\n<div class=\"wp-block-group container\"><div class=\"wp-block-group__inner-container is-layout-constrained wp-block-group-is-layout-constrained\">\n<h3 class=\"wp-block-heading\">Para empresas y organizaciones<\/h3>\n\n\n<div class=\"pricing-table\">\n    <div class=\"container flex flex-wrap flex-content-center\">\n                                <div class=\"level level-24\">\n                <div class=\"key-data flex flex-content-space-between\">\n                    <div class=\"name-and-pricing\">\n                        <h4 class=\"level-title\">\n                            Microempresas                        <\/h4>\n                        <div class=\"level-price\" data-default=\"1,000.00&euro;\">\n                            <strong class=\"main-price\">1,000.00\u20ac<\/strong><span class=\"cycle-period cycle-main\">por A\u00f1o<\/span>                        <\/div>\n                    <\/div>\n\n                    <div class=\"plan-badge\">\n                        <img decoding=\"async\" class=\"level-badge level-micro-enterprise\" src=\"https:\/\/climate-hive.org\/wp-content\/themes\/climate-kic\/_dist\/img\/standard.png\" alt=\"Micro Enterprise\" \/>                    <\/div>\n                <\/div>\n                <div class=\"description\">\n                    <span data-teams=\"true\">Perfecto para profesionales aut\u00f3nomos o equipos de hasta 2 empleados (menos de <strong>150.000 euros de ingresos anuales<\/strong>) <\/span>preparados para convertir los retos clim\u00e1ticos en crecimiento empresarial.\r\n\r\n<hr \/>\r\n\r\n<h3>Qu\u00e9 incluye<\/h3>\r\n<ul>\r\n \t<li>Acceso a la red europea y mundial<\/li>\r\n \t<li>Oportunidades de aprendizaje a medida<\/li>\r\n \t<li>Apoyo para ampliar sus innovaciones clim\u00e1ticas<\/li>\r\n \t<li>2 licencias de usuario en Climate Hive<\/li>\r\n<\/ul>                <\/div>\n                <div class=\"select-plan flex\">\n                    \t<a class=\"pmpro_btn pmpro_btn-select\" href=\"https:\/\/climate-hive.org\/es\/membership-checkout\/?level=24\">Inscr\u00edbete<\/a>\r\n\t                <\/div>\n            <\/div>\n                                <div class=\"level level-23\">\n                <div class=\"key-data flex flex-content-space-between\">\n                    <div class=\"name-and-pricing\">\n                        <h4 class=\"level-title\">\n                            Peque\u00f1a empresa                        <\/h4>\n                        <div class=\"level-price\" data-default=\"5,000.00&euro;\">\n                            <strong class=\"main-price\">5,000.00\u20ac<\/strong><span class=\"cycle-period cycle-main\">por A\u00f1o<\/span>                        <\/div>\n                    <\/div>\n\n                    <div class=\"plan-badge\">\n                        <img decoding=\"async\" class=\"level-badge level-small-enterprise\" src=\"https:\/\/climate-hive.org\/wp-content\/themes\/climate-kic\/_dist\/img\/standard.png\" alt=\"Small Enterprise\" \/>                    <\/div>\n                <\/div>\n                <div class=\"description\">\n                    Dise\u00f1ado para equipos peque\u00f1os (<strong>de 150 000 a 1 mill\u00f3n de euros de ingresos anuales<\/strong>) con el objetivo de mantenerse \u00e1giles mientras desarrollan su negocio y hacen crecer sus soluciones innovadoras ecol\u00f3gicas.\r\n\r\n<hr \/>\r\n\r\n<h3>\u00bfQu\u00e9 incluye?<\/h3>\r\n<ul>\r\n \t<li>Acceso a informaci\u00f3n sobre financiaci\u00f3n<\/li>\r\n \t<li>Clases magistrales dirigidas por expertos<\/li>\r\n \t<li>Oportunidades de desarrollo empresarial<\/li>\r\n \t<li>5 licencias de usuario en Climate Hive<\/li>\r\n<\/ul>                <\/div>\n                <div class=\"select-plan flex\">\n                    \t<a class=\"pmpro_btn pmpro_btn-select\" href=\"https:\/\/climate-hive.org\/es\/membership-checkout\/?level=23\">Inscr\u00edbete<\/a>\r\n\t                <\/div>\n            <\/div>\n                                <div class=\"level level-22\">\n                <div class=\"key-data flex flex-content-space-between\">\n                    <div class=\"name-and-pricing\">\n                        <h4 class=\"level-title\">\n                            Mediana empresa                        <\/h4>\n                        <div class=\"level-price\" data-default=\"15,000.00&euro;\">\n                            <strong class=\"main-price\">15,000.00\u20ac<\/strong><span class=\"cycle-period cycle-main\">por A\u00f1o<\/span>                        <\/div>\n                    <\/div>\n\n                    <div class=\"plan-badge\">\n                        <img decoding=\"async\" class=\"level-badge level-medium-enterprise\" src=\"https:\/\/climate-hive.org\/wp-content\/themes\/climate-kic\/_dist\/img\/standard.png\" alt=\"Medium Enterprise\" \/>                    <\/div>\n                <\/div>\n                <div class=\"description\">\n                    Afiliaci\u00f3n Premium para medianas empresas (<strong>de 1 a 5 millones de euros de ingresos anuales<\/strong>) que buscan ampliar sus productos a nuevos mercados y dar forma a la transici\u00f3n ecol\u00f3gica de Europa.\r\n\r\n<hr \/>\r\n\r\n<h3>\u00bfQu\u00e9 incluye?<\/h3>\r\n<ul>\r\n \t<li>Acceso preferente a las asociaciones<\/li>\r\n \t<li>Perspectivas pol\u00edticas y laboratorios de la UE<\/li>\r\n \t<li>Proyectos piloto de innovaci\u00f3n<\/li>\r\n \t<li>10 licencias de usuario en Climate Hive<\/li>\r\n<\/ul>                <\/div>\n                <div class=\"select-plan flex\">\n                    \t<a class=\"pmpro_btn pmpro_btn-select\" href=\"https:\/\/climate-hive.org\/es\/membership-checkout\/?level=22\">Inscr\u00edbete<\/a>\r\n\t                <\/div>\n            <\/div>\n            <\/div>\n<\/div>\n\n\n\n\n<p><\/p>\n\n\n\n<h3 class=\"wp-block-heading\">Para particulares<\/h3>\n\n\n<div class=\"pricing-table\">\n    <div class=\"container flex flex-wrap flex-content-center\">\n                                <div class=\"level level-1\">\n                <div class=\"key-data flex flex-content-space-between\">\n                    <div class=\"name-and-pricing\">\n                        <h4 class=\"level-title\">\n                            Profesionales de impacto                        <\/h4>\n                        <div class=\"level-price\" data-default=\"14.90&euro;\">\n                            <strong class=\"main-price\">14.90\u20ac<\/strong>\n    <label for=\"L-1-P-0\" class=\"toggle\">\n        <input type=\"checkbox\" id=\"L-1-P-0\" name=\"L-1-P-0\" value=\"149.90&euro;\"\/>\n        <span class=\"slider\"><\/span>\n    <\/label><span class=\"cycle-period cycle-L-1-P-0\">por A\u00f1o<\/span><span class=\"cycle-period cycle-main\">por Mes<\/span>                        <\/div>\n                    <\/div>\n\n                    <div class=\"plan-badge\">\n                        <img decoding=\"async\" class=\"level-badge level-impact-professionals\" src=\"https:\/\/climate-hive.org\/wp-content\/themes\/climate-kic\/_dist\/img\/standard.png\" alt=\"Impact Professionals\" \/>                    <\/div>\n                <\/div>\n                <div class=\"description\">\n                    Para personas comprometidas que buscan conexiones significativas, asociaciones y oportunidades de aprendizaje con otros innovadores del clima.\r\n\r\n<hr \/>\r\n\r\n<h3>\u00bfQu\u00e9 incluye?<\/h3>\r\n<ul>\r\n \t<li>A <strong>30 d\u00edas de prueba gratuita<\/strong><\/li>\r\n \t<li>Directorio de miembros<\/li>\r\n \t<li>Invitaciones a sesiones de networking virtuales y presenciales<\/li>\r\n \t<li>Sesiones y cursos de aprendizaje tem\u00e1ticos<\/li>\r\n \t<li>Acceso a nuestra base de datos de conocimientos<\/li>\r\n \t<li>Licencia de marca y metodolog\u00eda de Climathon<\/li>\r\n<\/ul>                <\/div>\n                <div class=\"select-plan flex\">\n                    \t<a class=\"pmpro_btn pmpro_btn-select\" href=\"https:\/\/climate-hive.org\/es\/membership-checkout\/?level=1\">Inscr\u00edbete<\/a>\r\n\t                <\/div>\n            <\/div>\n            <\/div>\n<\/div>\n\n\n\n\n<div class=\"wp-block-group colour-banner container has-background\" style=\"background-color:#006fcf\"><div class=\"wp-block-group__inner-container is-layout-constrained wp-block-group-is-layout-constrained\">\n<h2 class=\"wp-block-heading has-text-align-center has-white-color has-text-color has-link-color wp-elements-d761abe7e495958ecf10545e423c9a38\">\u00bfTiene preguntas sobre su afiliaci\u00f3n?<\/h2>\n\n\n\n<p class=\"has-text-align-center has-white-color has-text-color has-link-color wp-elements-e125ba09ffb74b002d7c06a079fc39d7\">Estamos aqu\u00ed para asegurarnos de que aprovecha al m\u00e1ximo su afiliaci\u00f3n. Concierta una charla r\u00e1pida con nuestro equipo y responderemos a todas tus preguntas sobre planes, funciones y ventajas.<\/p>\n\n\n\n<div class=\"wp-block-buttons is-content-justification-center is-layout-flex wp-container-core-buttons-is-layout-16018d1d wp-block-buttons-is-layout-flex\">\n<div class=\"wp-block-button\"><a class=\"wp-block-button__link has-black-color has-white-background-color has-text-color has-background has-link-color has-text-align-center wp-element-button\" href=\"https:\/\/outlook.office.com\/book\/ClimateKICCommunity@climate-kic.org\/?ismsaljsauthenabled\">RESERVAR UNA REUNI\u00d3N<\/a><\/div>\n<\/div>\n<\/div><\/div>\n<\/div><\/div>\n\n\n\n<div class=\"wp-block-group accordion-faq grey\"><div class=\"wp-block-group__inner-container is-layout-constrained wp-block-group-is-layout-constrained\">\n<div class=\"wp-block-columns container is-layout-flex wp-container-core-columns-is-layout-9d6595d7 wp-block-columns-is-layout-flex\">\n<div class=\"wp-block-column is-vertically-aligned-top is-layout-flow wp-block-column-is-layout-flow\">\n<h2 class=\"wp-block-heading has-text-align-center\">Preguntas m\u00e1s frecuentes:<\/h2>\n<\/div>\n\n\n\n<div class=\"wp-block-column is-layout-flow wp-block-column-is-layout-flow\">\n<div class=\"wp-block-group accordion\"><div class=\"wp-block-group__inner-container is-layout-constrained wp-block-group-is-layout-constrained\">\n<details class=\"wp-block-details is-layout-flow wp-block-details-is-layout-flow\"><summary>\u00bfA qui\u00e9n va dirigida la Comunidad KIC Clima?<\/summary>\n<p>La Comunidad Climate KIC est\u00e1 dise\u00f1ada para innovadores clim\u00e1ticos, PYME, organizaciones p\u00fablicas y privadas y profesionales individuales que deseen colaborar, aprender y ampliar las soluciones clim\u00e1ticas. Cada nivel de afiliaci\u00f3n se adapta a diferentes tipos y tama\u00f1os de organizaciones, as\u00ed como a profesionales individuales.<\/p>\n<\/details>\n\n\n\n<details class=\"wp-block-details is-layout-flow wp-block-details-is-layout-flow\"><summary>\u00bfC\u00f3mo hacerse socio?<\/summary>\n<p>Puede afiliarse como profesional individual o como organizaci\u00f3n. M\u00e1s arriba se enumeran todos los niveles de afiliaci\u00f3n y sus caracter\u00edsticas. S\u00f3lo tiene que seleccionar el nivel que mejor se adapte a sus necesidades y completar la compra. Una vez confirmada su afiliaci\u00f3n, tendr\u00e1 acceso completo a la plataforma y a las funciones comunitarias incluidas en el nivel elegido.<\/p>\n<\/details>\n\n\n\n<details class=\"wp-block-details is-layout-flow wp-block-details-is-layout-flow\"><summary>\u00bfCu\u00e1nto cuesta la afiliaci\u00f3n?<\/summary>\n<p>Cada afiliaci\u00f3n tiene sus propios precios, detallados m\u00e1s arriba. Las afiliaciones se facturan anualmente, con una opci\u00f3n de pago mensual disponible para los miembros de Impact Professional.<\/p>\n<\/details>\n\n\n\n<details class=\"wp-block-details is-layout-flow wp-block-details-is-layout-flow\"><summary>\u00bfC\u00f3mo puedo darme de baja?<\/summary>\n<p>Puede cancelarlo en cualquier momento en <strong>Configuraci\u00f3n &gt; Mi afiliaci\u00f3n<\/strong>.<\/p>\n<\/details>\n\n\n\n<details class=\"wp-block-details is-layout-flow wp-block-details-is-layout-flow\"><summary>\u00bfCu\u00e1l es la diferencia entre afiliaci\u00f3n individual y afiliaci\u00f3n a una organizaci\u00f3n?<\/summary>\n<p>Las afiliaciones individuales (como Impact Professional) est\u00e1n dise\u00f1adas para profesionales individuales que desean ampliar sus conocimientos, su red de contactos y su repercusi\u00f3n. Las afiliaciones de organizaciones (microempresas, peque\u00f1as y medianas empresas) est\u00e1n dise\u00f1adas para equipos y empresas e incluyen ventajas como varios puestos de usuario, visibilidad en la Comunidad y acceso a oportunidades personalizadas.<\/p>\n<\/details>\n\n\n\n<details class=\"wp-block-details is-layout-flow wp-block-details-is-layout-flow\"><summary>\u00bfQu\u00e9 ocurre despu\u00e9s de inscribirse?<\/summary>\n<p>Tras completar tu compra, recibir\u00e1s un correo electr\u00f3nico de confirmaci\u00f3n y obtendr\u00e1s acceso a la plataforma. A continuaci\u00f3n, podr\u00e1s configurar tu perfil, explorar la Comunidad, unirte a eventos y empezar a utilizar las funciones incluidas en tu nivel de afiliaci\u00f3n.<\/p>\n<\/details>\n\n\n\n<details class=\"wp-block-details is-layout-flow wp-block-details-is-layout-flow\"><summary>\u00bfPuedo cambiar de categor\u00eda m\u00e1s adelante?<\/summary>\n<p>Puede solicitar un cambio en su nivel de afiliaci\u00f3n. Puede gestionar los cambios a trav\u00e9s de <strong>Configuraci\u00f3n &gt; Mi afiliaci\u00f3n<\/strong>.<\/p>\n<\/details>\n\n\n\n<details class=\"wp-block-details is-layout-flow wp-block-details-is-layout-flow\"><summary>Necesito ayuda, \u00bfcon qui\u00e9n debo ponerme en contacto?<\/summary>\n<p>Para cualquier consulta, p\u00f3ngase en contacto con nosotros en community@climate-kic.org<\/p>\n<\/details>\n<\/div><\/div>\n<\/div>\n<\/div>\n<\/div><\/div>\n\n\n\n<p><\/p>","protected":false},"excerpt":{"rendered":"<p>Red, Desarrollar Capacidad, Innovar Como miembro, usted forma parte de una red activa de innovadores, expertos y agentes de cambio comprometidos a impulsar una acci\u00f3n clim\u00e1tica sist\u00e9mica. Aqu\u00ed le mostramos c\u00f3mo puede mantenerse involucrado [\u2026]<\/p>","protected":false},"author":1,"featured_media":3990,"parent":0,"menu_order":0,"comment_status":"closed","ping_status":"closed","template":"page-general.php","meta":{"_acf_changed":false,"_tec_requires_first_save":true,"_bbp_topic_count":0,"_bbp_reply_count":0,"_bbp_total_topic_count":0,"_bbp_total_reply_count":0,"_bbp_voice_count":0,"_bbp_anonymous_reply_count":0,"_bbp_topic_count_hidden":0,"_bbp_reply_count_hidden":0,"_bbp_forum_subforum_count":0,"pmpro_default_level":"","inline_featured_image":false,"_price":"","_stock":"","_tribe_ticket_header":"","_tribe_default_ticket_provider":"","_ticket_start_date":"","_ticket_end_date":"","_tribe_ticket_show_description":"","_tribe_ticket_show_not_going":false,"_tribe_ticket_use_global_stock":"","_tribe_ticket_global_stock_level":"","_global_stock_mode":"","_global_stock_cap":"","_tribe_rsvp_for_event":"","_tribe_ticket_going_count":"","_tribe_ticket_not_going_count":"","_tribe_tickets_list":"[]","_tribe_ticket_has_attendee_info_fields":false,"_EventAllDay":false,"_EventTimezone":"","_EventStartDate":"","_EventEndDate":"","_EventStartDateUTC":"","_EventEndDateUTC":"","_EventShowMap":false,"_EventShowMapLink":false,"_EventURL":"","_EventCost":"","_EventCostDescription":"","_EventCurrencySymbol":"","_EventCurrencyCode":"","_EventCurrencyPosition":"","_EventDateTimeSeparator":"","_EventTimeRangeSeparator":"","_EventOrganizerID":[],"_EventVenueID":[],"_OrganizerEmail":"","_OrganizerPhone":"","_OrganizerWebsite":"","_VenueAddress":"","_VenueCity":"","_VenueCountry":"","_VenueProvince":"","_VenueState":"","_VenueZip":"","_VenuePhone":"","_VenueURL":"","_VenueStateProvince":"","_VenueLat":"","_VenueLng":"","_VenueShowMap":false,"_VenueShowMapLink":false,"_tribe_blocks_recurrence_rules":"","_tribe_blocks_recurrence_description":"","_tribe_blocks_recurrence_exclusions":"","footnotes":""},"page_tag":[50],"class_list":["post-16","page","type-page","status-publish","has-post-thumbnail","hentry","page_tag-join-now","pmpro-has-access"],"acf":[],"_links":{"self":[{"href":"https:\/\/climate-hive.org\/es\/wp-json\/wp\/v2\/pages\/16","targetHints":{"allow":["GET"]}}],"collection":[{"href":"https:\/\/climate-hive.org\/es\/wp-json\/wp\/v2\/pages"}],"about":[{"href":"https:\/\/climate-hive.org\/es\/wp-json\/wp\/v2\/types\/page"}],"author":[{"embeddable":true,"href":"https:\/\/climate-hive.org\/es\/wp-json\/wp\/v2\/users\/1"}],"replies":[{"embeddable":true,"href":"https:\/\/climate-hive.org\/es\/wp-json\/wp\/v2\/comments?post=16"}],"version-history":[{"count":30,"href":"https:\/\/climate-hive.org\/es\/wp-json\/wp\/v2\/pages\/16\/revisions"}],"predecessor-version":[{"id":7248,"href":"https:\/\/climate-hive.org\/es\/wp-json\/wp\/v2\/pages\/16\/revisions\/7248"}],"wp:featuredmedia":[{"embeddable":true,"href":"https:\/\/climate-hive.org\/es\/wp-json\/wp\/v2\/media\/3990"}],"wp:attachment":[{"href":"https:\/\/climate-hive.org\/es\/wp-json\/wp\/v2\/media?parent=16"}],"wp:term":[{"taxonomy":"page_tag","embeddable":true,"href":"https:\/\/climate-hive.org\/es\/wp-json\/wp\/v2\/page_tag?post=16"}],"curies":[{"name":"wp","href":"https:\/\/api.w.org\/{rel}","templated":true}]}}