{"id":4180,"date":"2025-09-23T10:20:47","date_gmt":"2025-09-23T09:20:47","guid":{"rendered":"https:\/\/climate-hive.org\/?post_type=tribe_events&#038;p=4180"},"modified":"2025-09-24T15:34:24","modified_gmt":"2025-09-24T14:34:24","slug":"colab-accelerating-blue-green-economy-in-europes-coastal-communities","status":"publish","type":"tribe_events","link":"https:\/\/climate-hive.org\/es\/event\/colab-accelerating-blue-green-economy-in-europes-coastal-communities\/","title":{"rendered":"CoLab: Acelerar la econom\u00eda azul y verde en las comunidades costeras europeas"},"content":{"rendered":"<div  class=\"tribe-events-schedule tribe-clearfix\" >\n\t<p class=\"tribe-events-schedule__datetime\">\n\t\t<span class=\"tribe-events-schedule__date tribe-events-schedule__date--start\">\n\t\t\t2 de octubre de 2025\t\t<\/span>\n\n\t\t\t\t\t<span class=\"tribe-events-schedule__separator tribe-events-schedule__separator--date\">\n\t\t\t\t@\t\t\t<\/span>\n\t\t\t<span class=\"tribe-events-schedule__time tribe-events-schedule__time--start\">\n\t\t\t\t1h30\t\t\t<\/span>\n\t\t\n\t\t\t\t\t\t\t\t\t<span class=\"tribe-events-schedule__separator tribe-events-schedule__separator--time\">\n\t\t\t\t\t-\t\t\t\t<\/span>\n\t\t\t\n\t\t\t\t\t\t\t<span class=\"tribe-events-schedule__time tribe-events-schedule__time--end\">\n\t\t\t\t\t18.30 h\t\t\t\t<\/span>\n\t\t\t\n\t\t\t\t\t\t<\/p>\n<\/div>\n\n\n\n<h4 class=\"wp-block-heading\" style=\"font-size:18px\">Participe en un taller con expertos, l\u00edderes del sector y agentes p\u00fablicos y privados, y dise\u00f1e con nosotros nuevas colaboraciones y oportunidades pr\u00e1cticas para liberar el potencial empresarial de la econom\u00eda azul y verde para las aeras costeras.<\/h4>\n\n\n\n<p style=\"font-size:16px\">Se calcula que la econom\u00eda azul y las zonas costeras de Europa (comunidades, ciudades, regiones e islas) representan 13% de la superficie terrestre europea y, sin embargo, albergan 40 % de la poblaci\u00f3n y el PIB de Europa, lo que la convierte en un pilar crucial.&nbsp;<\/p>\n\n\n\n<p style=\"font-size:16px\">Sin embargo, el cambio clim\u00e1tico pone todo esto en peligro. Los retos son numerosos, pero los beneficios econ\u00f3micos son igualmente exponenciales. \u00a1Pero debemos actuar ya!<\/p>\n\n\n\n<p style=\"font-size:16px\">En este contexto, Climate KIC ha empezado a trabajar con la Regi\u00f3n de Cerde\u00f1a, en particular con su Agencia de Innovaci\u00f3n&nbsp;<a href=\"https:\/\/www.sardegnaricerche.it\/\">Sardegna Ricerche<\/a>&nbsp;a trav\u00e9s del proyecto Interreg&nbsp;<a href=\"https:\/\/interreg-marittimo.eu\/web\/nest4esg\">Nido4ESG<\/a>. Juntos, apoyamos tareas y actividades que fomentan la innovaci\u00f3n en la econom\u00eda verde y azul, sentando las bases para el crecimiento sostenible y la transformaci\u00f3n sist\u00e9mica en Cerde\u00f1a y m\u00e1s all\u00e1.<\/p>\n\n\n\n<p style=\"font-size:16px\">Climate KIC le invita a unirse a nosotros en&nbsp;<strong>Cagliari, Italia<\/strong>&nbsp;el jueves 2 de octubre para un Laboratorio de Colaboraci\u00f3n Comunitaria (CoLab) de gran impacto centrado en&nbsp;<strong>Acelerar la econom\u00eda azul y verde en comunidades, regiones, ciudades y territorios costeros<\/strong>.<\/p>\n\n\n\n<p style=\"font-size:16px\">En este CoLab comunitario invitamos a las principales partes interesadas de los sectores p\u00fablico y privado, las industrias marinas y costeras, los responsables de las pol\u00edticas medioambientales, regionales y locales, los investigadores y los empresarios innovadores. Juntos, trataremos de inspirar a la vez que exploramos nuevas v\u00edas para fomentar el desarrollo sostenible, proteger la biodiversidad y promover la resiliencia en un clima cambiante.<\/p>\n\n\n\n<p style=\"font-size:16px\"><strong>El taller es s\u00f3lo el principio.<\/strong>&nbsp;Estamos dando el pistoletazo de salida a un movimiento que re\u00fane a agentes p\u00fablicos y privados que colaboran en oportunidades pr\u00e1cticas para desencadenar la innovaci\u00f3n y liberar nuevo potencial empresarial en la econom\u00eda azul y verde.<\/p>\n\n\n\n<p style=\"font-size:16px\">\u00danase a nosotros si est\u00e1 dispuesto a preparar su organizaci\u00f3n para el futuro y a colaborar con organizaciones e innovadores afines.<\/p>\n\n\n\n<div class=\"wp-block-buttons is-layout-flex wp-block-buttons-is-layout-flex\">\n<div class=\"wp-block-button\"><a class=\"wp-block-button__link wp-element-button\" href=\"https:\/\/forms.office.com\/e\/urgaH6LpVi\">Reg\u00edstrese aqu\u00ed<\/a><\/div>\n<\/div>\n\n\n\n<h3 class=\"wp-block-heading\">Acerca de Climate KIC Community CoLabs<\/h3>\n\n\n\n<p style=\"font-size:16px\">Climate KIC acoger\u00e1 cuatro Laboratorios de Colaboraci\u00f3n (CoLabs) en oto\u00f1o de 2025. En nuestros CoLabs participamos partes interesadas p\u00fablicas y privadas de todas las cadenas de valor en nuestro esfuerzo por conectar la demanda clim\u00e1tica con soluciones empresariales innovadoras. Nos sumergiremos en una serie de temas:&nbsp;&nbsp;<\/p>\n\n\n\n<ul class=\"wp-block-list\">\n<li style=\"font-size:16px\"><a href=\"https:\/\/www.climate-kic.org\/events\/community-colab-beyond-the-legacy-of-deep-demonstration-slovenia\/\">M\u00e1s all\u00e1 del legado de Deep Demonstration Eslovenia<\/a>. Liubliana (Eslovenia), 11 de septiembre de 2025<\/li>\n\n\n\n<li style=\"font-size:16px\"><a href=\"https:\/\/www.climate-kic.org\/events\/community-colab-cagliari\/\">Acelerar la econom\u00eda azul y verde en las comunidades costeras europeas<\/a>. Cagliari (Italia), 2 de octubre de 2025<\/li>\n\n\n\n<li style=\"font-size:16px\"><a href=\"https:\/\/www.climate-kic.org\/events\/community-colab-community-housing-barcelona\/\">Vivienda comunitaria y transiciones sostenibles: El caso de Barcelona<\/a>a. Barcelona (Catalu\u00f1a, Espa\u00f1a), 10 de octubre de 2025<\/li>\n\n\n\n<li style=\"font-size:16px\"><a href=\"https:\/\/www.climate-kic.org\/events\/community-colab-public-private-partnerships-warsaw\/\">Fomento de asociaciones p\u00fablico-privadas ecol\u00f3gicas: El caso de Polonia y m\u00e1s all\u00e1<\/a>. Varsovia (Polonia), 22 de octubre de 2025<\/li>\n<\/ul>\n\n\n\n<p style=\"font-size:16px\">Los CoLabs comunitarios cuentan con el apoyo del&nbsp;<a href=\"https:\/\/www.eit.europa.eu\/\">Instituto Europeo de Innovaci\u00f3n y Tecnolog\u00eda (IET)<\/a>, organismo de la Uni\u00f3n Europea.<\/p>\n\n\n\n<p><\/p>\n\n\n\n<h3 class=\"wp-block-heading\">Acerca de Sardegna Ricerche y Enterprise Europe Network<\/h3>\n\n\n\n<p style=\"font-size:16px\">Sardegna Ricerche es la Agencia de Innovaci\u00f3n de la Regi\u00f3n de Cerde\u00f1a, cuyos objetivos se refieren a la promoci\u00f3n de la investigaci\u00f3n, la tecnolog\u00eda, la innovaci\u00f3n, la gesti\u00f3n del Parque Cient\u00edfico y Tecnol\u00f3gico, as\u00ed como la financiaci\u00f3n de las empresas y la investigaci\u00f3n sardas a trav\u00e9s del FEDER. Sardegna Ricerche participa en varios proyectos financiados con fondos europeos, entre ellos, es socio del proyecto&nbsp;<a href=\"https:\/\/een.ec.europa.eu\/\">Red Enterprise Europe Network (EEN)<\/a>&nbsp;desde 2008. La Red apoya a empresas y organismos de investigaci\u00f3n en sus trayectorias de innovaci\u00f3n, su crecimiento a escala internacional y la creaci\u00f3n de asociaciones mundiales. Es la mayor red mundial de apoyo a las peque\u00f1as y medianas empresas (PYME) con ambiciones internacionales.<\/p>\n\n\n<div  class=\"tribe-block tribe-block__event-price\" >\n\t\t<\/div>\n\n\n<div  class=\"tribe-block tribe-block__organizer__details tribe-clearfix\" >\n    <h4>Datos del organizador<\/h4>\n\t<div class=\"tribe-block__organizer__title\">\n\t\t<h3><a href=\"https:\/\/climate-hive.org\/es\/organizador\/climate-kic-community\/\" title=\"Climate KIC Community\" target=\"_self\" rel=\"\">Climate KIC Community<\/a><\/h3>\n\t<\/div>\n\t\t\t\t<p class=\"tribe-block__organizer__website\"><a href=\"https:\/\/climate-hive.org\/es\/\" target=\"_self\" rel=\"external\">Ver la web del Organizador<\/a><\/p>\n\t\t\t\t<p class=\"tribe-block__organizer__email\">community@climate-kic.org<\/p>\n\t<\/div>\n\n\n<div  class=\"tribe-block tribe-block__venue tribe-clearfix\" >\n\t\n\t\t\n\t<\/div>\n\n\n\n\n\t<div  class=\"tribe-block tribe-block__events-link\" >\n\t\t<div class=\"tribe-events tribe-common\">\n\t\t\t<div class=\"tribe-events-c-subscribe-dropdown__container\">\n\t\t\t\t<div class=\"tribe-events-c-subscribe-dropdown\">\n\t\t\t\t\t<div class=\"tribe-common-c-btn-border tribe-events-c-subscribe-dropdown__button\">\n\t\t\t\t\t\t<svg  class=\"tribe-common-c-svgicon tribe-common-c-svgicon--cal-export tribe-events-c-subscribe-dropdown__export-icon\"  xmlns=\"http:\/\/www.w3.org\/2000\/svg\" width=\"24\" height=\"24\" viewbox=\"0 0 24 24\" fill=\"none\">\n    <path\n        d=\"M9 6L12 3M12 3L15 6M12 3V13M7.00023 10C6.06835 10 5.60241 10 5.23486 10.1522C4.74481 10.3552 4.35523 10.7448 4.15224 11.2349C4 11.6024 4 12.0681 4 13V17.8C4 18.9201 4 19.4798 4.21799 19.9076C4.40973 20.2839 4.71547 20.5905 5.0918 20.7822C5.5192 21 6.07899 21 7.19691 21H16.8036C17.9215 21 18.4805 21 18.9079 20.7822C19.2842 20.5905 19.5905 20.2839 19.7822 19.9076C20 19.4802 20 18.921 20 17.8031V13C20 12.0681 19.9999 11.6024 19.8477 11.2349C19.6447 10.7448 19.2554 10.3552 18.7654 10.1522C18.3978 10 17.9319 10 17 10\"\n        stroke=\"#142930\" stroke-width=\"2\" stroke-linecap=\"round\" stroke-linejoin=\"round\"\/>\n<\/svg>\n\t\t\t\t\t\t<button\n\t\t\t\t\t\t\tclass=\"tribe-events-c-subscribe-dropdown__button-text\"\n\t\t\t\t\t\t\taria-expanded=\"false\"\n\t\t\t\t\t\t\taria-controls=\"tribe-events-subscribe-dropdown-content\"\n\t\t\t\t\t\t\taria-label=\"Ver enlaces para a\u00f1adir eventos al calendario\"\n\t\t\t\t\t\t>\n\t\t\t\t\t\t\tA\u00f1adir al calendario\t\t\t\t\t\t<\/button>\n\t\t\t\t\t\t<svg\n\t class=\"tribe-common-c-svgicon tribe-common-c-svgicon--caret-down tribe-events-c-subscribe-dropdown__button-icon\" \taria-hidden=\"true\"\n\tviewbox=\"0 0 10 7\"\n\txmlns=\"http:\/\/www.w3.org\/2000\/svg\"\n>\n\t<path fill-rule=\"evenodd\" clip-rule=\"evenodd\" d=\"M1.008.609L5 4.6 8.992.61l.958.958L5 6.517.05 1.566l.958-.958z\" class=\"tribe-common-c-svgicon__svg-fill\"\/>\n<\/svg>\n\t\t\t\t\t<\/div>\n\t\t\t\t\t<div id=\"tribe-events-subscribe-dropdown-content\" class=\"tribe-events-c-subscribe-dropdown__content\">\n\t\t\t\t\t\t<ul class=\"tribe-events-c-subscribe-dropdown__list\">\n\t\t\t\t\t\t\t\t\t\t\t\t\t\t\t<li class=\"tribe-events-c-subscribe-dropdown__list-item tribe-events-c-subscribe-dropdown__list-item--gcal\">\n\t\t\t\t\t\t\t\t\t<a\n\t\t\t\t\t\t\t\t\t\thref=\"https:\/\/www.google.com\/calendar\/event?action=TEMPLATE&#038;dates=20251002T013000\/20251002T183000&#038;text=CoLab%3A%20Accelerating%20blue%20%26amp%3B%20green%20economy%20in%20Europe%E2%80%99s%20coastal%20communities&#038;details=%3Ch4+class%3D%22wp-block-heading%22+style%3D%22font-size%3A18px%22%3EJoin+us+for+a+workshop+with+experts%2C+industry+leaders+and+public+and+private+stakeholders+and+design+with+us+new+collaborations+and+practical+opportunities+to+unlock+the+business+potential+in+the+blue+and+green+economy+for+coastal+aeras.%3C%2Fh4%3E%3Cp+style%3D%22font-size%3A16px%22%3EEurope%E2%80%99s+blue+economy+and+coastal+zones+%28communities%2C+cities%2C+regions+and+islands%29+make+up+an+estimated+13%25+European+landmass+yet+houses+40+%25+of+Europe%E2%80%99s+population+and+GDP%2C+making+it+a+crucial+pillar.%26nbsp%3B%3C%2Fp%3E+%3Cp+style%3D%22font-size%3A16px%22%3EHowever%2C+climate+change+puts+all+of+this+is+at+risk.+The+challenges+are+numerous%2C+yet+the+economic+gains+are+equally+exponential.+But+we+must+act+now%21%3C%2Fp%3E+%3Cp+style%3D%22font-size%3A16px%22%3EAgainst+this+background%2C+Climate+KIC+has+started+working+with+the+Region+of+Sardinia%2C+in+particular+with+its+Innovation+Agency%26nbsp%3B%3Ca+href%3D%22https%3A%2F%2Fwww.sardegnaricerche.it%2F%22%3ESardegna+Ricerche%3C%2Fa%3E%26nbsp%3Bthrough+the+Interreg+project%26nbsp%3B%3Ca%3C%2Fp%3E+%28Ver+aqu%C3%AD+la+descripci%C3%B3n+completa+de+evento%3A+https%3A%2F%2Fclimate-hive.org%2Fes%2Fevent%2Fcolab-accelerating-blue-green-economy-in-europes-coastal-communities%2F%29&#038;trp=false&#038;ctz=Europe\/London&#038;sprop=website:https:\/\/climate-hive.org\/es\"\n\t\t\t\t\t\t\t\t\t\tclass=\"tribe-events-c-subscribe-dropdown__list-item-link\"\n\t\t\t\t\t\t\t\t\t\ttarget=\"_blank\"\n\t\t\t\t\t\t\t\t\t\trel=\"noopener noreferrer nofollow noindex\"\n\t\t\t\t\t\t\t\t\t>\n\t\t\t\t\t\t\t\t\t\tCalendario de Google\t\t\t\t\t\t\t\t\t<\/a>\n\t\t\t\t\t\t\t\t<\/li>\n\t\t\t\t\t\t\t\t\t\t\t\t\t\t\t<li class=\"tribe-events-c-subscribe-dropdown__list-item tribe-events-c-subscribe-dropdown__list-item--ical\">\n\t\t\t\t\t\t\t\t\t<a\n\t\t\t\t\t\t\t\t\t\thref=\"\"\n\t\t\t\t\t\t\t\t\t\tclass=\"tribe-events-c-subscribe-dropdown__list-item-link\"\n\t\t\t\t\t\t\t\t\t\ttarget=\"_blank\"\n\t\t\t\t\t\t\t\t\t\trel=\"noopener noreferrer nofollow noindex\"\n\t\t\t\t\t\t\t\t\t>\n\t\t\t\t\t\t\t\t\t\tiCalendar\t\t\t\t\t\t\t\t\t<\/a>\n\t\t\t\t\t\t\t\t<\/li>\n\t\t\t\t\t\t\t\t\t\t\t\t\t\t\t<li class=\"tribe-events-c-subscribe-dropdown__list-item tribe-events-c-subscribe-dropdown__list-item--outlook-365\">\n\t\t\t\t\t\t\t\t\t<a\n\t\t\t\t\t\t\t\t\t\thref=\"\"\n\t\t\t\t\t\t\t\t\t\tclass=\"tribe-events-c-subscribe-dropdown__list-item-link\"\n\t\t\t\t\t\t\t\t\t\ttarget=\"_blank\"\n\t\t\t\t\t\t\t\t\t\trel=\"noopener noreferrer nofollow noindex\"\n\t\t\t\t\t\t\t\t\t>\n\t\t\t\t\t\t\t\t\t\tOutlook 365\t\t\t\t\t\t\t\t\t<\/a>\n\t\t\t\t\t\t\t\t<\/li>\n\t\t\t\t\t\t\t\t\t\t\t\t\t\t\t<li class=\"tribe-events-c-subscribe-dropdown__list-item tribe-events-c-subscribe-dropdown__list-item--outlook-live\">\n\t\t\t\t\t\t\t\t\t<a\n\t\t\t\t\t\t\t\t\t\thref=\"\"\n\t\t\t\t\t\t\t\t\t\tclass=\"tribe-events-c-subscribe-dropdown__list-item-link\"\n\t\t\t\t\t\t\t\t\t\ttarget=\"_blank\"\n\t\t\t\t\t\t\t\t\t\trel=\"noopener noreferrer nofollow noindex\"\n\t\t\t\t\t\t\t\t\t>\n\t\t\t\t\t\t\t\t\t\tOutlook Live\t\t\t\t\t\t\t\t\t<\/a>\n\t\t\t\t\t\t\t\t<\/li>\n\t\t\t\t\t\t\t\t\t\t\t\t\t<\/ul>\n\t\t\t\t\t<\/div>\n\t\t\t\t<\/div>\n\t\t\t<\/div>\n\t\t<\/div>\n\t<\/div>\n\n\n\n<h2 class=\"tribe-block__related-events__title\">Eventos Relacionados<\/h2>\n\n<ul  class=\"tribe-related-events tribe-clearfix\" >\n\t\t\t<li>\n\t\n<div class=\"tribe-related-events-thumbnail\">\n\t<a href=\"https:\/\/climate-hive.org\/es\/event\/climathon-organiser-training-2-systems-change\/\" class=\"url\" rel=\"bookmark\" tabindex=\"-1\" aria-hidden=\"true\"><img loading=\"lazy\" decoding=\"async\" width=\"1024\" height=\"683\" src=\"https:\/\/climate-hive.org\/wp-content\/uploads\/2026\/04\/Curitiba_Brazil_2mb-1-1024x683.jpg\" class=\"attachment-large size-large wp-post-image\" alt=\"\" \/><\/a>\n<\/div>\n\t<div class=\"tribe-related-event-info\">\n\t<h3 class=\"tribe-related-events-title\">\n\t\t<a href=\"https:\/\/climate-hive.org\/es\/event\/climathon-organiser-training-2-systems-change\/\" class=\"tribe-event-url\" rel=\"bookmark\">\n\t\t\tClimathon Formaci\u00f3n de organizadores #2: Del evento al cambio de sistemas\t\t<\/a>\n\t<\/h3>\n\t<span class=\"tribe-event-date-start\">5 de mayo @ 1:00 pm<\/span> - <span class=\"tribe-event-time\">14.30 h<\/span><\/div>\n<\/li>\n\t\t\t<li>\n\t\n<div class=\"tribe-related-events-thumbnail\">\n\t<a href=\"https:\/\/climate-hive.org\/es\/event\/insights-green-and-digital-for-small-businesses\/\" class=\"url\" rel=\"bookmark\" tabindex=\"-1\" aria-hidden=\"true\"><img loading=\"lazy\" decoding=\"async\" width=\"1024\" height=\"576\" src=\"https:\/\/climate-hive.org\/wp-content\/uploads\/2026\/04\/getty-images-Sf2MBY7xIkY-unsplash-1024x576.jpg\" class=\"attachment-large size-large wp-post-image\" alt=\"\" \/><\/a>\n<\/div>\n\t<div class=\"tribe-related-event-info\">\n\t<h3 class=\"tribe-related-events-title\">\n\t\t<a href=\"https:\/\/climate-hive.org\/es\/event\/insights-green-and-digital-for-small-businesses\/\" class=\"tribe-event-url\" rel=\"bookmark\">\n\t\t\tPerspectivas: Verde y digital. Lo que significa para las peque\u00f1as empresas en la pr\u00e1ctica\u00a0\t\t<\/a>\n\t<\/h3>\n\t<span class=\"tribe-event-date-start\">6 de mayo @ 2:00 p. m.<\/span> - <span class=\"tribe-event-time\">15.00 h<\/span><\/div>\n<\/li>\n\t\t\t<li>\n\t\n<div class=\"tribe-related-events-thumbnail\">\n\t<a href=\"https:\/\/climate-hive.org\/es\/event\/how-to-evolve-global-book-tour\/\" class=\"url\" rel=\"bookmark\" tabindex=\"-1\" aria-hidden=\"true\"><img loading=\"lazy\" decoding=\"async\" width=\"1024\" height=\"576\" src=\"https:\/\/climate-hive.org\/wp-content\/uploads\/2026\/04\/How_to_Evolve_Copenhagen_2x-2100x1181-1-1024x576.png\" class=\"attachment-large size-large wp-post-image\" alt=\"\" \/><\/a>\n<\/div>\n\t<div class=\"tribe-related-event-info\">\n\t<h3 class=\"tribe-related-events-title\">\n\t\t<a href=\"https:\/\/climate-hive.org\/es\/event\/how-to-evolve-global-book-tour\/\" class=\"tribe-event-url\" rel=\"bookmark\">\n\t\t\tC\u00f3mo evolucionar \u2013 Gira mundial del libro\t\t<\/a>\n\t<\/h3>\n\t<span class=\"tribe-event-date-start\">11 de mayo a las 9:30 am<\/span> - <span class=\"tribe-event-date-end\">12 de mayo a las 8:30 p.m.<\/span><\/div>\n<\/li>\n\t<\/ul>","protected":false},"excerpt":{"rendered":"<p>Participe en un taller con expertos, l\u00edderes del sector y agentes p\u00fablicos y privados, y dise\u00f1e con nosotros nuevas colaboraciones y oportunidades pr\u00e1cticas para liberar el potencial empresarial en [...].<\/p>","protected":false},"author":3,"featured_media":4202,"comment_status":"open","ping_status":"closed","template":"","meta":{"_acf_changed":false,"_tec_requires_first_save":false,"_bbp_topic_count":0,"_bbp_reply_count":0,"_bbp_total_topic_count":0,"_bbp_total_reply_count":0,"_bbp_voice_count":0,"_bbp_anonymous_reply_count":0,"_bbp_topic_count_hidden":0,"_bbp_reply_count_hidden":0,"_bbp_forum_subforum_count":0,"pmpro_default_level":"","inline_featured_image":false,"_price":"","_stock":"","_tribe_ticket_header":"","_tribe_default_ticket_provider":"TEC\\Tickets\\Commerce\\Module","_ticket_start_date":"","_ticket_end_date":"","_tribe_ticket_show_description":"","_tribe_ticket_show_not_going":false,"_tribe_ticket_use_global_stock":"","_tribe_ticket_global_stock_level":"","_global_stock_mode":"","_global_stock_cap":"","_tribe_rsvp_for_event":"","_tribe_ticket_going_count":"","_tribe_ticket_not_going_count":"","_tribe_tickets_list":"[]","_tribe_ticket_has_attendee_info_fields":false,"_EventAllDay":false,"_EventTimezone":"Europe\/London","_EventStartDate":"2025-10-02 01:30:00","_EventEndDate":"2025-10-02 18:30:00","_EventStartDateUTC":"2025-10-02 00:30:00","_EventEndDateUTC":"2025-10-02 17:30:00","_EventShowMap":false,"_EventShowMapLink":false,"_EventURL":"","_EventCost":"","_EventCostDescription":"","_EventCurrencySymbol":"\u20ac","_EventCurrencyCode":"EUR","_EventCurrencyPosition":"prefix","_EventDateTimeSeparator":"@","_EventTimeRangeSeparator":"-","_EventOrganizerID":[3881],"_EventVenueID":[],"_OrganizerEmail":"","_OrganizerPhone":"","_OrganizerWebsite":"","_VenueAddress":"","_VenueCity":"","_VenueCountry":"","_VenueProvince":"","_VenueState":"","_VenueZip":"","_VenuePhone":"","_VenueURL":"","_VenueStateProvince":"","_VenueLat":"","_VenueLng":"","_VenueShowMap":false,"_VenueShowMapLink":false,"_tribe_blocks_recurrence_rules":"","_tribe_blocks_recurrence_description":"","_tribe_blocks_recurrence_exclusions":"","_tribe_events_status":"","_tribe_events_status_reason":"","_tribe_events_is_hybrid":"","_tribe_events_is_virtual":"","_tribe_events_virtual_video_source":"","_tribe_events_virtual_embed_video":"","_tribe_events_virtual_linked_button_text":"","_tribe_events_virtual_linked_button":"","_tribe_events_virtual_show_embed_at":"","_tribe_events_virtual_show_embed_to":[],"_tribe_events_virtual_show_on_event":"","_tribe_events_virtual_show_on_views":"","_tribe_events_virtual_url":"","footnotes":"","_tec_slr_enabled":"","_tec_slr_layout":""},"tags":[58,57,59],"tribe_events_cat":[49,85,10,2,12],"class_list":["post-4180","tribe_events","type-tribe_events","status-publish","has-post-thumbnail","hentry","tag-blue-economy","tag-colab","tag-green-economy","tribe_events_cat-community-collab","tribe_events_cat-community-event","tribe_events_cat-in-person","tribe_events_cat-networking","tribe_events_cat-organised-by-climate-kic","pmpro-has-access","cat_community-collab","cat_community-event","cat_in-person","cat_networking","cat_organised-by-climate-kic"],"acf":[],"ticketed":false,"_links":{"self":[{"href":"https:\/\/climate-hive.org\/es\/wp-json\/wp\/v2\/tribe_events\/4180","targetHints":{"allow":["GET"]}}],"collection":[{"href":"https:\/\/climate-hive.org\/es\/wp-json\/wp\/v2\/tribe_events"}],"about":[{"href":"https:\/\/climate-hive.org\/es\/wp-json\/wp\/v2\/types\/tribe_events"}],"author":[{"embeddable":true,"href":"https:\/\/climate-hive.org\/es\/wp-json\/wp\/v2\/users\/3"}],"replies":[{"embeddable":true,"href":"https:\/\/climate-hive.org\/es\/wp-json\/wp\/v2\/comments?post=4180"}],"version-history":[{"count":8,"href":"https:\/\/climate-hive.org\/es\/wp-json\/wp\/v2\/tribe_events\/4180\/revisions"}],"predecessor-version":[{"id":4207,"href":"https:\/\/climate-hive.org\/es\/wp-json\/wp\/v2\/tribe_events\/4180\/revisions\/4207"}],"wp:featuredmedia":[{"embeddable":true,"href":"https:\/\/climate-hive.org\/es\/wp-json\/wp\/v2\/media\/4202"}],"wp:attachment":[{"href":"https:\/\/climate-hive.org\/es\/wp-json\/wp\/v2\/media?parent=4180"}],"wp:term":[{"taxonomy":"post_tag","embeddable":true,"href":"https:\/\/climate-hive.org\/es\/wp-json\/wp\/v2\/tags?post=4180"},{"taxonomy":"tribe_events_cat","embeddable":true,"href":"https:\/\/climate-hive.org\/es\/wp-json\/wp\/v2\/tribe_events_cat?post=4180"}],"curies":[{"name":"wp","href":"https:\/\/api.w.org\/{rel}","templated":true}]}}