{"id":4209,"date":"2025-09-24T09:37:35","date_gmt":"2025-09-24T08:37:35","guid":{"rendered":"https:\/\/climate-hive.org\/?post_type=tribe_events&#038;p=4209"},"modified":"2025-10-08T14:06:52","modified_gmt":"2025-10-08T13:06:52","slug":"colab-community-led-housing-and-sustainable-transitions","status":"publish","type":"tribe_events","link":"https:\/\/climate-hive.org\/es\/event\/colab-community-led-housing-and-sustainable-transitions\/","title":{"rendered":"CoLab: Viviendas comunitarias y transiciones sostenibles"},"content":{"rendered":"<div  class=\"tribe-events-schedule tribe-clearfix\" >\n\t<p class=\"tribe-events-schedule__datetime\">\n\t\t<span class=\"tribe-events-schedule__date tribe-events-schedule__date--start\">\n\t\t\t10 de octubre de 2025\t\t<\/span>\n\n\t\t\t\t\t<span class=\"tribe-events-schedule__separator tribe-events-schedule__separator--date\">\n\t\t\t\t@\t\t\t<\/span>\n\t\t\t<span class=\"tribe-events-schedule__time tribe-events-schedule__time--start\">\n\t\t\t\t9h30\t\t\t<\/span>\n\t\t\n\t\t\t\t\t\t\t\t\t<span class=\"tribe-events-schedule__separator tribe-events-schedule__separator--time\">\n\t\t\t\t\t-\t\t\t\t<\/span>\n\t\t\t\n\t\t\t\t\t\t\t<span class=\"tribe-events-schedule__time tribe-events-schedule__time--end\">\n\t\t\t\t\t15.00 h\t\t\t\t<\/span>\n\t\t\t\n\t\t\t\t\t\t<\/p>\n<\/div>\n\n\n\n<p style=\"font-size:16px\">Las capitales europeas sufren una grave crisis de vivienda que afecta a sus habitantes y al clima. La EAA calcula que 75% de los europeos viven en ciudades, cifra que aumentar\u00e1 a 80% en 2050. Ahora bien, 75% de esos habitantes viven en edificios ineficientes desde el punto de vista energ\u00e9tico. Adem\u00e1s, los alquileres se est\u00e1n disparando: La OCDE calcula que, en la \u00faltima d\u00e9cada, el alquiler medio se ha duplicado en muchos pa\u00edses europeos, entre ellos Espa\u00f1a. &nbsp;<\/p>\n\n\n\n<p style=\"font-size:16px\">Sin embargo, en los \u00faltimos a\u00f1os, ciudades como Barcelona han cobrado impulso internacional gracias a un modelo emergente de asociaciones p\u00fablicas dirigidas por la comunidad.<\/p>\n\n\n\n<p style=\"font-size:16px\">Para este Laboratorio de Colaboraci\u00f3n (<strong>CoLab<\/strong>) en&nbsp;<strong>Viernes 10 de octubre&nbsp;<\/strong>y en colaboraci\u00f3n con&nbsp;<a href=\"https:\/\/holon.cat\/\"><strong>holon<\/strong><\/a>, exploraremos dicho modelo visitando dos proyectos premiados internacionalmente en Barcelona: La Borda y BLOC4. Tambi\u00e9n debatiremos con actores clave del ecosistema local sobre c\u00f3mo se est\u00e1 produciendo esta transformaci\u00f3n en la pr\u00e1ctica, desde la construcci\u00f3n ecol\u00f3gica hasta la financiaci\u00f3n y las pol\u00edticas que promueven la aparici\u00f3n de estas innovaciones lideradas localmente.&nbsp;<\/p>\n\n\n\n<p style=\"font-size:16px\"><strong>Este CoLab es s\u00f3lo el principio<\/strong>. Durante los pr\u00f3ximos tres a\u00f1os, la Comunidad Climate KIC reunir\u00e1 a agentes p\u00fablicos y privados, investigadores e innovadores para impulsar un nuevo movimiento que explore soluciones clim\u00e1ticas sist\u00e9micas y colabore para ampliar y acelerar su aplicaci\u00f3n. &nbsp;<\/p>\n\n\n\n<p style=\"font-size:16px\">\u00danase a nosotros si est\u00e1 dispuesto a preparar su organizaci\u00f3n para el futuro y a colaborar con organizaciones e innovadores afines.&nbsp;<\/p>\n\n\n\n<div class=\"wp-block-buttons is-layout-flex wp-block-buttons-is-layout-flex\">\n<div class=\"wp-block-button\"><a class=\"wp-block-button__link wp-element-button\" href=\"https:\/\/forms.office.com\/e\/vASd0LyZdp\">REG\u00cdSTRESE AHORA<\/a><\/div>\n<\/div>\n\n\n\n<p><\/p>\n\n\n\n<h3 class=\"wp-block-heading\">Agenda<\/h3>\n\n\n\n<p><strong>9.30 - 10.00: Bienvenida y caf\u00e9 en el Bloc4&nbsp;&nbsp;<\/strong><\/p>\n\n\n\n<p><em>Con Adria Garcia I Mateu, Holon &amp; Magnus Harrison, Climate KIC&nbsp;<\/em><\/p>\n\n\n\n<p><strong>10.00 - 11.00: Visita a La Borda&nbsp;&nbsp;<\/strong><\/p>\n\n\n\n<p><strong>11.15 - 11.45: Visita al BLOC4&nbsp;<\/strong><\/p>\n\n\n\n<p><strong>12.00 - 12.30: Ponencia: El emergente modelo catal\u00e1n de vivienda comunitaria&nbsp;&nbsp;<\/strong><\/p>\n\n\n\n<p><em>Con Adri\u00e0 Garcia I Mateu, socio de Holon &amp; Designer implicado en procesos de coproducci\u00f3n de pol\u00edticas de vivienda cooperativa&nbsp;<\/em><\/p>\n\n\n\n<p><strong>12.30 - 13.15: Mesa redonda&nbsp;&nbsp;<\/strong><\/p>\n\n\n\n<p><strong>Construir edificios y comunidades sostenibles y hol\u00edsticos&nbsp;&nbsp;<\/strong><\/p>\n\n\n\n<p><em>Con Cristina Gamboa, cofundadora de Lacol, profesora y arquitecta de La Borda y otras cooperativas de viviendas.&nbsp;&nbsp;<\/em><\/p>\n\n\n\n<p><strong>Pol\u00edticas de vivienda para una transici\u00f3n justa&nbsp;<\/strong><\/p>\n\n\n\n<p><em>Con Eduard Cabr\u00e9 Romans, consultor y asesor de pol\u00edtica de vivienda del Ayuntamiento de Barcelona y miembro de la plataforma CitiES&nbsp;&nbsp;<\/em><\/p>\n\n\n\n<p><strong>Innovaci\u00f3n financiera en beneficio del medio ambiente y el bien social&nbsp;<\/strong><\/p>\n\n\n\n<p><em>Con Blanca Rinc\u00f3n de Arellano, Asociada - Especialista en Financiaci\u00f3n Urbana del Banco de Inversiones para la Tierra, Banqueros sin Fronteras.&nbsp;<\/em><\/p>\n\n\n\n<p><strong>13.15 - 13.45: Recopilaci\u00f3n de ideas, reflexiones y pr\u00f3ximos pasos&nbsp;<\/strong><\/p>\n\n\n\n<p><em>Con Adria Garcia I Mateu, Holon &amp; Magnus Harrison, Climate KIC&nbsp;<\/em><\/p>\n\n\n\n<p><strong>13.45 - 15.00: Almuerzo y networking&nbsp;<\/strong><\/p>\n\n\n\n<p><\/p>\n\n\n\n<h3 class=\"wp-block-heading\">Acerca de Climate KIC Community CoLabs<\/h3>\n\n\n\n<p style=\"font-size:16px\">Climate KIC acoger\u00e1 cuatro Laboratorios de Colaboraci\u00f3n (CoLabs) en oto\u00f1o de 2025.  En nuestros CoLabs, involucramos a partes interesadas p\u00fablicas y privadas de todas las cadenas de valor en nuestro esfuerzo por conectar la demanda clim\u00e1tica con soluciones empresariales innovadoras. Nos sumergiremos en una serie de temas:<\/p>\n\n\n\n<ul class=\"wp-block-list\">\n<li style=\"font-size:16px\"><a href=\"https:\/\/www.climate-kic.org\/events\/community-colab-beyond-the-legacy-of-deep-demonstration-slovenia\/\">M\u00e1s all\u00e1 del legado de Deep Demonstration Eslovenia<\/a>. Liubliana (Eslovenia), 11 de septiembre de 2025<\/li>\n\n\n\n<li style=\"font-size:16px\"><a href=\"https:\/\/www.climate-kic.org\/events\/community-colab-cagliari\/\">Acelerar la econom\u00eda azul y verde en las comunidades costeras europeas<\/a>. Cagliari (Italia), 2 de octubre de 2025<\/li>\n\n\n\n<li style=\"font-size:16px\"><a href=\"https:\/\/www.climate-kic.org\/events\/community-colab-community-housing-barcelona\/\">Vivienda comunitaria y transiciones sostenibles: El caso de Barcelona<\/a>a. Barcelona (Catalu\u00f1a, Espa\u00f1a), 10 de octubre de 2025<\/li>\n\n\n\n<li style=\"font-size:16px\"><a href=\"https:\/\/www.climate-kic.org\/events\/community-colab-public-private-partnerships-warsaw\/\">Fomento de asociaciones p\u00fablico-privadas ecol\u00f3gicas: El caso de Polonia y m\u00e1s all\u00e1<\/a>. Varsovia (Polonia), 22 de octubre de 2025<\/li>\n<\/ul>\n\n\n\n<p style=\"font-size:16px\">Los CoLabs comunitarios cuentan con el apoyo del&nbsp;<a href=\"https:\/\/www.eit.europa.eu\/\">Instituto Europeo de Innovaci\u00f3n y Tecnolog\u00eda (IET)<\/a>, organismo de la Uni\u00f3n Europea.<\/p>\n\n\n\n<p><\/p>\n\n\n\n<h3 class=\"wp-block-heading\">Acerca de Holon<\/h3>\n\n\n\n<p style=\"font-size:16px\">Somos un estudio de investigaci\u00f3n y dise\u00f1o de Barcelona que construye futuros liderados por la comunidad. Contamos con m\u00e1s de diez a\u00f1os de experiencia conectando las din\u00e1micas macrosist\u00e9micas de los problemas con la dimensi\u00f3n micro y material de las soluciones de dise\u00f1o. Hemos trabajado con organizaciones locales e internacionales p\u00fablicas, privadas y sociales en una amplia gama de sectores clave para las transiciones justas, como la vivienda, la energ\u00eda, la alimentaci\u00f3n, los cuidados o el agua, entre otros.<\/p>\n\n\n<div  class=\"tribe-block tribe-block__event-price\" >\n\t\t<\/div>\n\n\n<div  class=\"tribe-block tribe-block__organizer__details tribe-clearfix\" >\n    <h4>Datos del organizador<\/h4>\n\t<div class=\"tribe-block__organizer__title\">\n\t\t<h3><a href=\"https:\/\/climate-hive.org\/es\/organizador\/climate-kic-community\/\" title=\"Climate KIC Community\" target=\"_self\" rel=\"\">Climate KIC Community<\/a><\/h3>\n\t<\/div>\n\t\t\t\t<p class=\"tribe-block__organizer__website\"><a href=\"https:\/\/climate-hive.org\/es\/\" target=\"_self\" rel=\"external\">Ver la web del Organizador<\/a><\/p>\n\t\t\t\t<p class=\"tribe-block__organizer__email\">community@climate-kic.org<\/p>\n\t<\/div>\n\n\n<div  class=\"tribe-block tribe-block__venue tribe-clearfix tribe-block__venue--has-map\" >\n\t\n\t\n<div class=\"tribe-block__venue__meta\">\n\t<div class=\"tribe-block__venue__name\">\n\t\t<h3><a href=\"https:\/\/climate-hive.org\/es\/local\/bloc4\/\" title=\"BLOC4\">BLOC4<\/a><\/h3>\n\t<\/div>\n\n\t\n\t\t\t\t\t\t<address class=\"tribe-block__venue__address\">\n\t\t\t\t<span class=\"tribe-address\">\n\n<span class=\"tribe-street-address\">Carrer de la Constituci\u00f3, 19, Sants-Montju\u00efc, Barcelona, Espa\u00f1a<\/span>\n\t\n\t\t<br>\n\t\t<span class=\"tribe-locality\">Barcelona<\/span><span class=\"tribe-delimiter\">,<\/span>\n\n\t<abbr class=\"tribe-region tribe-events-abbr\" title=\"Catalu\u00f1a\">Catalu\u00f1a<\/abbr>\n\n\t<span class=\"tribe-postal-code\">08014<\/span>\n\n\t<span class=\"tribe-country-name\">Espa\u00f1a<\/span>\n\n<\/span>\n\n\t\t\t\t\t\t\t\t\t<a class=\"tribe-events-gmap\" href=\"https:\/\/maps.google.com\/maps?f=q&#038;source=s_q&#038;hl=en&#038;geocode=&#038;q=Carrer+de+la+Constituci%C3%B3%2C+19%2C+Sants-Montju%C3%AFc%2C+Barcelona%2C+Spain+Barcelona+Catalonia+08014+Spain\" title=\"Haz clic para ver un mapa de Google\" target=\"_blank\" rel=\"noreferrer noopener\">+ Mapa de Google<\/a>\t\t\t\t\t\t\t<\/address>\n\t\t\n\t\t\n\t\t\t\n\t<\/div>\n\t\n<div class=\"tribe-block__venue__map\">\n\t\n<iframe loading=\"lazy\"\n  title=\"Iframe de Google Maps mostrando la direcci\u00f3n a BLOC4\"\n  aria-label=\"Mapa de ubicaci\u00f3n del recinto\"\n  width=\"310px\"\n  height=\"256px\"\n  frameborder=\"0\" style=\"border:0\"\n  src=\"https:\/\/www.google.com\/maps\/embed\/v1\/place?key=AIzaSyDNsicAsP6-VuGtAb1O9riI3oc_NOb7IOU&#038;q=Carrer+de+la+Constituci%C3%B3%2C+19%2C+Sants-Montju%C3%AFc%2C+Barcelona%2C+Spain+Barcelona+Catalonia+Catalonia+08014+Spain+&#038;zoom=15\" allowfullscreen>\n<\/iframe>\n<\/div>\n\n\t<\/div>\n\n\n\n\n\t<div  class=\"tribe-block tribe-block__events-link\" >\n\t\t<div class=\"tribe-events tribe-common\">\n\t\t\t<div class=\"tribe-events-c-subscribe-dropdown__container\">\n\t\t\t\t<div class=\"tribe-events-c-subscribe-dropdown\">\n\t\t\t\t\t<div class=\"tribe-common-c-btn-border tribe-events-c-subscribe-dropdown__button\">\n\t\t\t\t\t\t<svg  class=\"tribe-common-c-svgicon tribe-common-c-svgicon--cal-export tribe-events-c-subscribe-dropdown__export-icon\"  xmlns=\"http:\/\/www.w3.org\/2000\/svg\" width=\"24\" height=\"24\" viewbox=\"0 0 24 24\" fill=\"none\">\n    <path\n        d=\"M9 6L12 3M12 3L15 6M12 3V13M7.00023 10C6.06835 10 5.60241 10 5.23486 10.1522C4.74481 10.3552 4.35523 10.7448 4.15224 11.2349C4 11.6024 4 12.0681 4 13V17.8C4 18.9201 4 19.4798 4.21799 19.9076C4.40973 20.2839 4.71547 20.5905 5.0918 20.7822C5.5192 21 6.07899 21 7.19691 21H16.8036C17.9215 21 18.4805 21 18.9079 20.7822C19.2842 20.5905 19.5905 20.2839 19.7822 19.9076C20 19.4802 20 18.921 20 17.8031V13C20 12.0681 19.9999 11.6024 19.8477 11.2349C19.6447 10.7448 19.2554 10.3552 18.7654 10.1522C18.3978 10 17.9319 10 17 10\"\n        stroke=\"#142930\" stroke-width=\"2\" stroke-linecap=\"round\" stroke-linejoin=\"round\"\/>\n<\/svg>\n\t\t\t\t\t\t<button\n\t\t\t\t\t\t\tclass=\"tribe-events-c-subscribe-dropdown__button-text\"\n\t\t\t\t\t\t\taria-expanded=\"false\"\n\t\t\t\t\t\t\taria-controls=\"tribe-events-subscribe-dropdown-content\"\n\t\t\t\t\t\t\taria-label=\"Ver enlaces para a\u00f1adir eventos al calendario\"\n\t\t\t\t\t\t>\n\t\t\t\t\t\t\tA\u00f1adir al calendario\t\t\t\t\t\t<\/button>\n\t\t\t\t\t\t<svg\n\t class=\"tribe-common-c-svgicon tribe-common-c-svgicon--caret-down tribe-events-c-subscribe-dropdown__button-icon\" \taria-hidden=\"true\"\n\tviewbox=\"0 0 10 7\"\n\txmlns=\"http:\/\/www.w3.org\/2000\/svg\"\n>\n\t<path fill-rule=\"evenodd\" clip-rule=\"evenodd\" d=\"M1.008.609L5 4.6 8.992.61l.958.958L5 6.517.05 1.566l.958-.958z\" class=\"tribe-common-c-svgicon__svg-fill\"\/>\n<\/svg>\n\t\t\t\t\t<\/div>\n\t\t\t\t\t<div id=\"tribe-events-subscribe-dropdown-content\" class=\"tribe-events-c-subscribe-dropdown__content\">\n\t\t\t\t\t\t<ul class=\"tribe-events-c-subscribe-dropdown__list\">\n\t\t\t\t\t\t\t\t\t\t\t\t\t\t\t<li class=\"tribe-events-c-subscribe-dropdown__list-item tribe-events-c-subscribe-dropdown__list-item--gcal\">\n\t\t\t\t\t\t\t\t\t<a\n\t\t\t\t\t\t\t\t\t\thref=\"https:\/\/www.google.com\/calendar\/event?action=TEMPLATE&#038;dates=20251010T093000\/20251010T150000&#038;text=CoLab%3A%20Community-led%20housing%20and%20sustainable%20transitions&#038;details=%3Cp+style%3D%22font-size%3A16px%22%3EEuropean+capitals+are+enduring+a+severe+housing+crisis+that+affects+its+inhabitants+and+climate.+The%26nbsp%3BEAA+estimates+that%26nbsp%3B75%25+Europeans+lives+in+cities+%E2%80%93+increasing+to%26nbsp%3B80%25+by+2050.+Now%2C+75%25+of+those+inhabitants+lives+in%26nbsp%3Bbuild+environment+that+is+energy+inefficient.+Furthermore%2C+rentals+are+soaring%3A+OECD+estimates+that%2C+over+the+last+decade%2C+the%26nbsp%3Baverage+rent+has+doubled+in+many+European+countries+including+Spain.+%26nbsp%3B%3C%2Fp%3E+%3Cp+style%3D%22font-size%3A16px%22%3EHowever%2C+in+recent+years%2C+cities+like+Barcelona+have+gained+international+momentum+for+an+emerging+model+of+public%2C+community-led+partnerships.%3C%2Fp%3E+%3Cp+style%3D%22font-size%3A16px%22%3EFor+this+Collaboration+Lab+%28%3Cstrong%3ECoLab%3C%2Fstrong%3E%29+on%26nbsp%3B%3Cstrong%3EFriday+10+October%26nbsp%3B%3C%2Fstrong%3Eand+in+partnership+with%26nbsp%3B%3Ca+href%3D%22https%3A%2F%2Fholon.cat%2F%22%3E%3Cstrong%3Eholon%3C%2Fstrong%3E%3C%2Fa%3E%2C+we+will+explore+such+model+by+visiting+two+internationally+awarded+projects+in+Barcelona%3A+La+Borda+and+BLOC4.+We%E2%80%99ll+als%3C%2Fp%3E+%28Ver+aqu%C3%AD+la+descripci%C3%B3n+completa+de+evento%3A+https%3A%2F%2Fclimate-hive.org%2Fes%2Fevent%2Fcolab-community-led-housing-and-sustainable-transitions%2F%29&#038;location=BLOC4,%20Carrer%20de%20la%20Constituci\u00f3,%2019,%20Sants-Montju\u00efc,%20Barcelona,%20Spain,%20Barcelona,%20Catalonia,%2008014,%20Spain&#038;trp=false&#038;ctz=Europe\/London&#038;sprop=website:https:\/\/climate-hive.org\/es\"\n\t\t\t\t\t\t\t\t\t\tclass=\"tribe-events-c-subscribe-dropdown__list-item-link\"\n\t\t\t\t\t\t\t\t\t\ttarget=\"_blank\"\n\t\t\t\t\t\t\t\t\t\trel=\"noopener noreferrer nofollow noindex\"\n\t\t\t\t\t\t\t\t\t>\n\t\t\t\t\t\t\t\t\t\tCalendario de Google\t\t\t\t\t\t\t\t\t<\/a>\n\t\t\t\t\t\t\t\t<\/li>\n\t\t\t\t\t\t\t\t\t\t\t\t\t\t\t<li class=\"tribe-events-c-subscribe-dropdown__list-item tribe-events-c-subscribe-dropdown__list-item--ical\">\n\t\t\t\t\t\t\t\t\t<a\n\t\t\t\t\t\t\t\t\t\thref=\"\"\n\t\t\t\t\t\t\t\t\t\tclass=\"tribe-events-c-subscribe-dropdown__list-item-link\"\n\t\t\t\t\t\t\t\t\t\ttarget=\"_blank\"\n\t\t\t\t\t\t\t\t\t\trel=\"noopener noreferrer nofollow noindex\"\n\t\t\t\t\t\t\t\t\t>\n\t\t\t\t\t\t\t\t\t\tiCalendar\t\t\t\t\t\t\t\t\t<\/a>\n\t\t\t\t\t\t\t\t<\/li>\n\t\t\t\t\t\t\t\t\t\t\t\t\t\t\t<li class=\"tribe-events-c-subscribe-dropdown__list-item tribe-events-c-subscribe-dropdown__list-item--outlook-365\">\n\t\t\t\t\t\t\t\t\t<a\n\t\t\t\t\t\t\t\t\t\thref=\"\"\n\t\t\t\t\t\t\t\t\t\tclass=\"tribe-events-c-subscribe-dropdown__list-item-link\"\n\t\t\t\t\t\t\t\t\t\ttarget=\"_blank\"\n\t\t\t\t\t\t\t\t\t\trel=\"noopener noreferrer nofollow noindex\"\n\t\t\t\t\t\t\t\t\t>\n\t\t\t\t\t\t\t\t\t\tOutlook 365\t\t\t\t\t\t\t\t\t<\/a>\n\t\t\t\t\t\t\t\t<\/li>\n\t\t\t\t\t\t\t\t\t\t\t\t\t\t\t<li class=\"tribe-events-c-subscribe-dropdown__list-item tribe-events-c-subscribe-dropdown__list-item--outlook-live\">\n\t\t\t\t\t\t\t\t\t<a\n\t\t\t\t\t\t\t\t\t\thref=\"\"\n\t\t\t\t\t\t\t\t\t\tclass=\"tribe-events-c-subscribe-dropdown__list-item-link\"\n\t\t\t\t\t\t\t\t\t\ttarget=\"_blank\"\n\t\t\t\t\t\t\t\t\t\trel=\"noopener noreferrer nofollow noindex\"\n\t\t\t\t\t\t\t\t\t>\n\t\t\t\t\t\t\t\t\t\tOutlook Live\t\t\t\t\t\t\t\t\t<\/a>\n\t\t\t\t\t\t\t\t<\/li>\n\t\t\t\t\t\t\t\t\t\t\t\t\t<\/ul>\n\t\t\t\t\t<\/div>\n\t\t\t\t<\/div>\n\t\t\t<\/div>\n\t\t<\/div>\n\t<\/div>\n\n\n\n<h2 class=\"tribe-block__related-events__title\">Eventos Relacionados<\/h2>\n\n<ul  class=\"tribe-related-events tribe-clearfix\" >\n\t\t\t<li>\n\t\n<div class=\"tribe-related-events-thumbnail\">\n\t<a href=\"https:\/\/climate-hive.org\/es\/event\/climathon-organiser-training-2-systems-change\/\" class=\"url\" rel=\"bookmark\" tabindex=\"-1\" aria-hidden=\"true\"><img loading=\"lazy\" decoding=\"async\" width=\"1024\" height=\"683\" src=\"https:\/\/climate-hive.org\/wp-content\/uploads\/2026\/04\/Curitiba_Brazil_2mb-1-1024x683.jpg\" class=\"attachment-large size-large wp-post-image\" alt=\"\" \/><\/a>\n<\/div>\n\t<div class=\"tribe-related-event-info\">\n\t<h3 class=\"tribe-related-events-title\">\n\t\t<a href=\"https:\/\/climate-hive.org\/es\/event\/climathon-organiser-training-2-systems-change\/\" class=\"tribe-event-url\" rel=\"bookmark\">\n\t\t\tClimathon Formaci\u00f3n de organizadores #2: Del evento al cambio de sistemas\t\t<\/a>\n\t<\/h3>\n\t<span class=\"tribe-event-date-start\">5 de mayo @ 1:00 pm<\/span> - <span class=\"tribe-event-time\">14.30 h<\/span><\/div>\n<\/li>\n\t\t\t<li>\n\t\n<div class=\"tribe-related-events-thumbnail\">\n\t<a href=\"https:\/\/climate-hive.org\/es\/event\/insights-green-and-digital-for-small-businesses\/\" class=\"url\" rel=\"bookmark\" tabindex=\"-1\" aria-hidden=\"true\"><img loading=\"lazy\" decoding=\"async\" width=\"1024\" height=\"576\" src=\"https:\/\/climate-hive.org\/wp-content\/uploads\/2026\/04\/getty-images-Sf2MBY7xIkY-unsplash-1024x576.jpg\" class=\"attachment-large size-large wp-post-image\" alt=\"\" \/><\/a>\n<\/div>\n\t<div class=\"tribe-related-event-info\">\n\t<h3 class=\"tribe-related-events-title\">\n\t\t<a href=\"https:\/\/climate-hive.org\/es\/event\/insights-green-and-digital-for-small-businesses\/\" class=\"tribe-event-url\" rel=\"bookmark\">\n\t\t\tPerspectivas: Verde y digital. Lo que significa para las peque\u00f1as empresas en la pr\u00e1ctica\u00a0\t\t<\/a>\n\t<\/h3>\n\t<span class=\"tribe-event-date-start\">6 de mayo @ 2:00 p. m.<\/span> - <span class=\"tribe-event-time\">15.00 h<\/span><\/div>\n<\/li>\n\t\t\t<li>\n\t\n<div class=\"tribe-related-events-thumbnail\">\n\t<a href=\"https:\/\/climate-hive.org\/es\/event\/how-to-evolve-global-book-tour\/\" class=\"url\" rel=\"bookmark\" tabindex=\"-1\" aria-hidden=\"true\"><img loading=\"lazy\" decoding=\"async\" width=\"1024\" height=\"576\" src=\"https:\/\/climate-hive.org\/wp-content\/uploads\/2026\/04\/How_to_Evolve_Copenhagen_2x-2100x1181-1-1024x576.png\" class=\"attachment-large size-large wp-post-image\" alt=\"\" \/><\/a>\n<\/div>\n\t<div class=\"tribe-related-event-info\">\n\t<h3 class=\"tribe-related-events-title\">\n\t\t<a href=\"https:\/\/climate-hive.org\/es\/event\/how-to-evolve-global-book-tour\/\" class=\"tribe-event-url\" rel=\"bookmark\">\n\t\t\tC\u00f3mo evolucionar \u2013 Gira mundial del libro\t\t<\/a>\n\t<\/h3>\n\t<span class=\"tribe-event-date-start\">11 de mayo a las 9:30 am<\/span> - <span class=\"tribe-event-date-end\">12 de mayo a las 8:30 p.m.<\/span><\/div>\n<\/li>\n\t<\/ul>","protected":false},"excerpt":{"rendered":"<p>Las capitales europeas sufren una grave crisis de vivienda que afecta a sus habitantes y al clima. La EAA calcula que 75% de los europeos viven en ciudades, cifra que aumentar\u00e1 a 80% en 2050. Ahora bien, 75% de esos [...]<\/p>","protected":false},"author":3,"featured_media":4210,"comment_status":"open","ping_status":"closed","template":"","meta":{"_acf_changed":false,"_tec_requires_first_save":false,"_bbp_topic_count":0,"_bbp_reply_count":0,"_bbp_total_topic_count":0,"_bbp_total_reply_count":0,"_bbp_voice_count":0,"_bbp_anonymous_reply_count":0,"_bbp_topic_count_hidden":0,"_bbp_reply_count_hidden":0,"_bbp_forum_subforum_count":0,"pmpro_default_level":"","inline_featured_image":false,"_price":"","_stock":"","_tribe_ticket_header":"","_tribe_default_ticket_provider":"TEC\\Tickets\\Commerce\\Module","_ticket_start_date":"","_ticket_end_date":"","_tribe_ticket_show_description":"","_tribe_ticket_show_not_going":false,"_tribe_ticket_use_global_stock":"","_tribe_ticket_global_stock_level":"","_global_stock_mode":"","_global_stock_cap":"","_tribe_rsvp_for_event":"","_tribe_ticket_going_count":"","_tribe_ticket_not_going_count":"","_tribe_tickets_list":"[]","_tribe_ticket_has_attendee_info_fields":false,"_EventAllDay":false,"_EventTimezone":"Europe\/London","_EventStartDate":"2025-10-10 09:30:00","_EventEndDate":"2025-10-10 15:00:00","_EventStartDateUTC":"2025-10-10 08:30:00","_EventEndDateUTC":"2025-10-10 14:00:00","_EventShowMap":false,"_EventShowMapLink":false,"_EventURL":"","_EventCost":"","_EventCostDescription":"","_EventCurrencySymbol":"\u20ac","_EventCurrencyCode":"EUR","_EventCurrencyPosition":"prefix","_EventDateTimeSeparator":"@","_EventTimeRangeSeparator":"-","_EventOrganizerID":[3881],"_EventVenueID":[4460],"_OrganizerEmail":"","_OrganizerPhone":"","_OrganizerWebsite":"","_VenueAddress":"","_VenueCity":"","_VenueCountry":"","_VenueProvince":"","_VenueState":"","_VenueZip":"","_VenuePhone":"","_VenueURL":"","_VenueStateProvince":"","_VenueLat":"","_VenueLng":"","_VenueShowMap":false,"_VenueShowMapLink":false,"_tribe_blocks_recurrence_rules":"","_tribe_blocks_recurrence_description":"","_tribe_blocks_recurrence_exclusions":"","_tribe_events_status":"","_tribe_events_status_reason":"","_tribe_events_is_hybrid":"","_tribe_events_is_virtual":"","_tribe_events_virtual_video_source":"","_tribe_events_virtual_embed_video":"","_tribe_events_virtual_linked_button_text":"","_tribe_events_virtual_linked_button":"","_tribe_events_virtual_show_embed_at":"","_tribe_events_virtual_show_embed_to":[],"_tribe_events_virtual_show_on_event":"","_tribe_events_virtual_show_on_views":"","_tribe_events_virtual_url":"","footnotes":"","_tec_slr_enabled":"","_tec_slr_layout":""},"tags":[69,67,57,68,66],"tribe_events_cat":[49,85,10,2,12,4],"class_list":["post-4209","tribe_events","type-tribe_events","status-publish","has-post-thumbnail","hentry","tag-barcelona","tag-built-environment","tag-colab","tag-green-construction","tag-housing","tribe_events_cat-community-collab","tribe_events_cat-community-event","tribe_events_cat-in-person","tribe_events_cat-networking","tribe_events_cat-organised-by-climate-kic","tribe_events_cat-policy","pmpro-has-access","cat_community-collab","cat_community-event","cat_in-person","cat_networking","cat_organised-by-climate-kic","cat_policy"],"acf":[],"ticketed":false,"_links":{"self":[{"href":"https:\/\/climate-hive.org\/es\/wp-json\/wp\/v2\/tribe_events\/4209","targetHints":{"allow":["GET"]}}],"collection":[{"href":"https:\/\/climate-hive.org\/es\/wp-json\/wp\/v2\/tribe_events"}],"about":[{"href":"https:\/\/climate-hive.org\/es\/wp-json\/wp\/v2\/types\/tribe_events"}],"author":[{"embeddable":true,"href":"https:\/\/climate-hive.org\/es\/wp-json\/wp\/v2\/users\/3"}],"replies":[{"embeddable":true,"href":"https:\/\/climate-hive.org\/es\/wp-json\/wp\/v2\/comments?post=4209"}],"version-history":[{"count":5,"href":"https:\/\/climate-hive.org\/es\/wp-json\/wp\/v2\/tribe_events\/4209\/revisions"}],"predecessor-version":[{"id":4500,"href":"https:\/\/climate-hive.org\/es\/wp-json\/wp\/v2\/tribe_events\/4209\/revisions\/4500"}],"wp:featuredmedia":[{"embeddable":true,"href":"https:\/\/climate-hive.org\/es\/wp-json\/wp\/v2\/media\/4210"}],"wp:attachment":[{"href":"https:\/\/climate-hive.org\/es\/wp-json\/wp\/v2\/media?parent=4209"}],"wp:term":[{"taxonomy":"post_tag","embeddable":true,"href":"https:\/\/climate-hive.org\/es\/wp-json\/wp\/v2\/tags?post=4209"},{"taxonomy":"tribe_events_cat","embeddable":true,"href":"https:\/\/climate-hive.org\/es\/wp-json\/wp\/v2\/tribe_events_cat?post=4209"}],"curies":[{"name":"wp","href":"https:\/\/api.w.org\/{rel}","templated":true}]}}