{"id":4214,"date":"2025-09-24T13:32:42","date_gmt":"2025-09-24T12:32:42","guid":{"rendered":"https:\/\/climate-hive.org\/?post_type=tribe_events&#038;p=4214"},"modified":"2025-10-16T16:57:16","modified_gmt":"2025-10-16T15:57:16","slug":"colab-advancing-green-public-private-partnerships","status":"publish","type":"tribe_events","link":"https:\/\/climate-hive.org\/es\/event\/colab-advancing-green-public-private-partnerships\/","title":{"rendered":"CoLab: Fomento de asociaciones p\u00fablico-privadas ecol\u00f3gicas"},"content":{"rendered":"<div  class=\"tribe-events-schedule tribe-clearfix\" >\n\t<p class=\"tribe-events-schedule__datetime\">\n\t\t<span class=\"tribe-events-schedule__date tribe-events-schedule__date--start\">\n\t\t\t22 de octubre de 2025\t\t<\/span>\n\n\t\t\t\t\t<span class=\"tribe-events-schedule__separator tribe-events-schedule__separator--date\">\n\t\t\t\t@\t\t\t<\/span>\n\t\t\t<span class=\"tribe-events-schedule__time tribe-events-schedule__time--start\">\n\t\t\t\t14.30 h\t\t\t<\/span>\n\t\t\n\t\t\t\t\t\t\t\t\t<span class=\"tribe-events-schedule__separator tribe-events-schedule__separator--time\">\n\t\t\t\t\t-\t\t\t\t<\/span>\n\t\t\t\n\t\t\t\t\t\t\t<span class=\"tribe-events-schedule__time tribe-events-schedule__time--end\">\n\t\t\t\t\t18.00 h\t\t\t\t<\/span>\n\t\t\t\n\t\t\t\t\t\t<\/p>\n<\/div>\n\n\n\n<p style=\"font-size:16px\">\u00danase a nuestro Community CoLab en Varsovia para dise\u00f1ar nuevos modelos de colaboraci\u00f3n p\u00fablico-privada e identificar oportunidades de negocio y coaliciones entre la iniciativa empresarial, la educaci\u00f3n y la investigaci\u00f3n para impulsar la agenda de innovaci\u00f3n clim\u00e1tica.<\/p>\n\n\n\n<p style=\"font-size:16px\">Para alcanzar los objetivos clim\u00e1ticos de la UE en 2030, el BEI estima que debemos destinar aproximadamente 8% de nuestro PIB. Desgraciadamente, s\u00f3lo estamos en 5% PIB. Sabemos que ni el sector p\u00fablico ni el privado pueden resolver por s\u00ed solos la crisis clim\u00e1tica, sino que deben trabajar juntos.<\/p>\n\n\n\n<p style=\"font-size:16px\">Las colaboraciones p\u00fablico-privadas son vitales para hacer realidad los ambiciosos compromisos ecol\u00f3gicos de las ciudades, los gobiernos nacionales y la UE. Al conectar la urgente demanda p\u00fablica con soluciones empresariales innovadoras y las \u00faltimas investigaciones, estas colaboraciones desbloquean nuevos mercados e impulsan la adaptaci\u00f3n al ritmo y la escala que nuestras comunidades necesitan urgentemente.<\/p>\n\n\n\n<p style=\"font-size:16px\">Climate KIC le invita a unirse a nosotros en&nbsp;<strong>Varsovia, Polonia<\/strong>&nbsp;el mi\u00e9rcoles 22 de octubre para un impactante Laboratorio de Colaboraci\u00f3n Comunitaria (<strong>CoLab<\/strong>) centrado en&nbsp;<strong>Fomento de asociaciones p\u00fablico-privadas ecol\u00f3gicas<\/strong>, en colaboraci\u00f3n con la&nbsp;<a href=\"https:\/\/www.parp.gov.pl\/\" target=\"_blank\" rel=\"noreferrer noopener\">Agencia Polaca de Desarrollo Empresarial<\/a>&nbsp;y el&nbsp;<a href=\"https:\/\/en.uw.edu.pl\/\" target=\"_blank\" rel=\"noreferrer noopener\">Universidad de Varsovia<\/a>. Invitamos a las principales partes interesadas de los sectores p\u00fablico y privado, responsables pol\u00edticos nacionales, regionales y locales, investigadores, industrias y empresarios innovadores a unirse a nosotros.<\/p>\n\n\n\n<p style=\"font-size:16px\">Juntos dise\u00f1aremos nuevos modelos de asociaci\u00f3n, comprenderemos la demanda de los agentes p\u00fablicos, reflexionaremos sobre posibles soluciones en el nexo entre investigaci\u00f3n y empresa e identificaremos oportunidades para impulsar la agenda de innovaci\u00f3n clim\u00e1tica en Polonia y m\u00e1s all\u00e1.<\/p>\n\n\n\n<p style=\"font-size:16px\"><strong>Este CoLab es s\u00f3lo el principio<\/strong>. Durante los pr\u00f3ximos tres a\u00f1os, la Comunidad Climate KIC reunir\u00e1 a agentes p\u00fablicos y privados, investigadores e innovadores para impulsar un nuevo movimiento que explore soluciones clim\u00e1ticas sist\u00e9micas y colabore para ampliar y acelerar su aplicaci\u00f3n.&nbsp;<\/p>\n\n\n\n<p style=\"font-size:16px\">\u00danase a nosotros si est\u00e1 dispuesto a preparar su organizaci\u00f3n para el futuro y a colaborar con organizaciones e innovadores afines.&nbsp;<\/p>\n\n\n\n<div class=\"wp-block-buttons is-layout-flex wp-block-buttons-is-layout-flex\">\n<div class=\"wp-block-button\"><a class=\"wp-block-button__link wp-element-button\" href=\"https:\/\/forms.office.com\/e\/7rHjhVhFEq\">REG\u00cdSTRESE AHORA<\/a><\/div>\n<\/div>\n\n\n\n<p><\/p>\n\n\n\n<h2 class=\"wp-block-heading\"><strong>Agenda<\/strong><\/h2>\n\n\n\n<p>14.30 - 15.00: <strong>Inscripci\u00f3n y caf\u00e9<\/strong><\/p>\n\n\n\n<p>15.00 - 15.10: <strong>Bienvenido al CoLab<\/strong><br><em>con Magnus Harrison, Director de Relaciones con la Comunidad y Asociaciones, Climate KIC&nbsp;&nbsp;<\/em><\/p>\n\n\n\n<p>15.10 - 15.50:<strong> Charla sobre el lado del fuego: Acelerar la transici\u00f3n ecol\u00f3gica y las oportunidades de negocio mediante asociaciones p\u00fablico-privadas.<br><\/strong><em>Moderado por: Katarzyna Balucka-Debska, Orquestadora de Pol\u00edtica y Asuntos de la UE, Climate KIC.<\/em><\/p>\n\n\n\n<p><em>Oradores:<\/em><\/p>\n\n\n\n<ul class=\"wp-block-list\">\n<li><em>Michal Piwowarczyk, Director Adjunto, Ministerio de Fondos de Desarrollo y Pol\u00edtica Regional<\/em><\/li>\n\n\n\n<li><em>Krzysztof Gulda, Presidente de la Agencia Polaca de Desarrollo Empresarial (PARP)<\/em><\/li>\n\n\n\n<li><em>Anna Brussa, Directora de Cadenas de Valor de la Industria, Climate KIC.<\/em>\u00a0<\/li>\n<\/ul>\n\n\n\n<p>15.50 - 16.00: <strong>Introducci\u00f3n de la sesi\u00f3n<\/strong><\/p>\n\n\n\n<p>16.00 - 16.45: <strong>Mesas redondas<\/strong>&nbsp;&nbsp;<\/p>\n\n\n\n<ul class=\"wp-block-list\">\n<li><strong>Liberar capital privado y p\u00fablico<\/strong><br><em>Dirigido por Przemek Derwich, Especialista en Financiaci\u00f3n de la UE, Climate KIC<\/em><\/li>\n\n\n\n<li><strong>Crear y ampliar industrias competitivas<\/strong><br><em>A cargo de Anna Brussa, Directora de Cadenas de Valor de la Industria, Climate KIC.<\/em><\/li>\n\n\n\n<li><strong>Colmar las lagunas de la innovaci\u00f3n<\/strong><br><em>A cargo de Magnus Harrison, Director de Relaciones con la Comunidad y Asociaciones, Climate KIC\u00a0\u00a0<\/em><\/li>\n<\/ul>\n\n\n\n<p>16.45 - 17.15: <strong>Sesi\u00f3n plenaria: Presentaci\u00f3n de las mesas redondas<br><\/strong><em>Moderado por Aleksandra Goldys, Dise\u00f1adora y Productora, Cadenas de Valor de la Industria, Climate KIC&nbsp;<\/em><\/p>\n\n\n\n<p>17.15 - 18.00: <strong>Recepci\u00f3n en red&nbsp;<\/strong><\/p>\n\n\n\n<p><\/p>\n\n\n\n<h3 class=\"wp-block-heading\">Acerca de Climate KIC Community CoLabs<\/h3>\n\n\n\n<p style=\"font-size:16px\">Climate KIC acoger\u00e1 cuatro Laboratorios de Colaboraci\u00f3n (CoLabs) en oto\u00f1o de 2025.  En nuestros CoLabs, involucramos a partes interesadas p\u00fablicas y privadas de todas las cadenas de valor en nuestro esfuerzo por conectar la demanda clim\u00e1tica con soluciones empresariales innovadoras. Nos sumergiremos en una serie de temas:<\/p>\n\n\n\n<ul class=\"wp-block-list\">\n<li style=\"font-size:16px\"><a href=\"https:\/\/www.climate-kic.org\/events\/community-colab-beyond-the-legacy-of-deep-demonstration-slovenia\/\">M\u00e1s all\u00e1 del legado de Deep Demonstration Eslovenia<\/a>. Liubliana (Eslovenia), 11 de septiembre de 2025<\/li>\n\n\n\n<li style=\"font-size:16px\"><a href=\"https:\/\/www.climate-kic.org\/events\/community-colab-cagliari\/\">Acelerar la econom\u00eda azul y verde en las comunidades costeras europeas<\/a>. Cagliari (Italia), 2 de octubre de 2025<\/li>\n\n\n\n<li style=\"font-size:16px\"><a href=\"https:\/\/www.climate-kic.org\/events\/community-colab-community-housing-barcelona\/\">Vivienda comunitaria y transiciones sostenibles: El caso de Barcelona<\/a>a. Barcelona (Catalu\u00f1a, Espa\u00f1a), 10 de octubre de 2025<\/li>\n\n\n\n<li style=\"font-size:16px\"><a href=\"https:\/\/www.climate-kic.org\/events\/community-colab-public-private-partnerships-warsaw\/\">Fomento de asociaciones p\u00fablico-privadas ecol\u00f3gicas: El caso de Polonia y m\u00e1s all\u00e1<\/a>. Varsovia (Polonia), 22 de octubre de 2025<\/li>\n<\/ul>\n\n\n\n<p style=\"font-size:16px\">Los CoLabs comunitarios cuentan con el apoyo del&nbsp;<a href=\"https:\/\/www.eit.europa.eu\/\">Instituto Europeo de Innovaci\u00f3n y Tecnolog\u00eda (IET)<\/a>, organismo de la Uni\u00f3n Europea.<\/p>\n\n\n<div  class=\"tribe-block tribe-block__event-price\" >\n\t\t<\/div>\n\n\n<div  class=\"tribe-block tribe-block__organizer__details tribe-clearfix\" >\n    <h4>Datos del organizador<\/h4>\n\t<div class=\"tribe-block__organizer__title\">\n\t\t<h3><a href=\"https:\/\/climate-hive.org\/es\/organizador\/climate-kic-community\/\" title=\"Climate KIC Community\" target=\"_self\" rel=\"\">Climate KIC Community<\/a><\/h3>\n\t<\/div>\n\t\t\t\t<p class=\"tribe-block__organizer__website\"><a href=\"https:\/\/climate-hive.org\/es\/\" target=\"_self\" rel=\"external\">Ver la web del Organizador<\/a><\/p>\n\t\t\t\t<p class=\"tribe-block__organizer__email\">community@climate-kic.org<\/p>\n\t<\/div>\n\n\n<div  class=\"tribe-block tribe-block__venue tribe-clearfix tribe-block__venue--has-map\" >\n\t\n\t\n<div class=\"tribe-block__venue__meta\">\n\t<div class=\"tribe-block__venue__name\">\n\t\t<h3><a href=\"https:\/\/climate-hive.org\/es\/local\/warsaw-university-budynek-dydaktyczny\/\" title=\"Universidad de Varsovia, Budynek dydaktyczny\">Universidad de Varsovia, Budynek dydaktyczny<\/a><\/h3>\n\t<\/div>\n\n\t\n\t\t\t\t\t\t<address class=\"tribe-block__venue__address\">\n\t\t\t\t<span class=\"tribe-address\">\n\n<span class=\"tribe-street-address\">Dobra 55<\/span>\n\t\n\t\t<br>\n\t\t<span class=\"tribe-locality\">Varsovia<\/span><span class=\"tribe-delimiter\">,<\/span>\n\n\n\t<span class=\"tribe-postal-code\">00-312<\/span>\n\n\t<span class=\"tribe-country-name\">Polonia<\/span>\n\n<\/span>\n\n\t\t\t\t\t\t\t\t\t<a class=\"tribe-events-gmap\" href=\"https:\/\/maps.google.com\/maps?f=q&#038;source=s_q&#038;hl=en&#038;geocode=&#038;q=Dobra+55+Warsaw+00-312+Poland\" title=\"Haz clic para ver un mapa de Google\" target=\"_blank\" rel=\"noreferrer noopener\">+ Mapa de Google<\/a>\t\t\t\t\t\t\t<\/address>\n\t\t\n\t\t\n\t\t\t\n\t<\/div>\n\t\n<div class=\"tribe-block__venue__map\">\n\t\n<iframe loading=\"lazy\"\n  title=\"Iframe de Google Maps mostrando la direcci\u00f3n a Warsaw University, Budynek dydaktyczny\"\n  aria-label=\"Mapa de ubicaci\u00f3n del recinto\"\n  width=\"310px\"\n  height=\"256px\"\n  frameborder=\"0\" style=\"border:0\"\n  src=\"https:\/\/www.google.com\/maps\/embed\/v1\/place?key=AIzaSyDNsicAsP6-VuGtAb1O9riI3oc_NOb7IOU&#038;q=Dobra+55+Warsaw+00-312+Poland+&#038;zoom=15\" allowfullscreen>\n<\/iframe>\n<\/div>\n\n\t<\/div>\n\n\n\n\n\t<div  class=\"tribe-block tribe-block__events-link\" >\n\t\t<div class=\"tribe-events tribe-common\">\n\t\t\t<div class=\"tribe-events-c-subscribe-dropdown__container\">\n\t\t\t\t<div class=\"tribe-events-c-subscribe-dropdown\">\n\t\t\t\t\t<div class=\"tribe-common-c-btn-border tribe-events-c-subscribe-dropdown__button\">\n\t\t\t\t\t\t<svg  class=\"tribe-common-c-svgicon tribe-common-c-svgicon--cal-export tribe-events-c-subscribe-dropdown__export-icon\"  xmlns=\"http:\/\/www.w3.org\/2000\/svg\" width=\"24\" height=\"24\" viewbox=\"0 0 24 24\" fill=\"none\">\n    <path\n        d=\"M9 6L12 3M12 3L15 6M12 3V13M7.00023 10C6.06835 10 5.60241 10 5.23486 10.1522C4.74481 10.3552 4.35523 10.7448 4.15224 11.2349C4 11.6024 4 12.0681 4 13V17.8C4 18.9201 4 19.4798 4.21799 19.9076C4.40973 20.2839 4.71547 20.5905 5.0918 20.7822C5.5192 21 6.07899 21 7.19691 21H16.8036C17.9215 21 18.4805 21 18.9079 20.7822C19.2842 20.5905 19.5905 20.2839 19.7822 19.9076C20 19.4802 20 18.921 20 17.8031V13C20 12.0681 19.9999 11.6024 19.8477 11.2349C19.6447 10.7448 19.2554 10.3552 18.7654 10.1522C18.3978 10 17.9319 10 17 10\"\n        stroke=\"#142930\" stroke-width=\"2\" stroke-linecap=\"round\" stroke-linejoin=\"round\"\/>\n<\/svg>\n\t\t\t\t\t\t<button\n\t\t\t\t\t\t\tclass=\"tribe-events-c-subscribe-dropdown__button-text\"\n\t\t\t\t\t\t\taria-expanded=\"false\"\n\t\t\t\t\t\t\taria-controls=\"tribe-events-subscribe-dropdown-content\"\n\t\t\t\t\t\t\taria-label=\"Ver enlaces para a\u00f1adir eventos al calendario\"\n\t\t\t\t\t\t>\n\t\t\t\t\t\t\tA\u00f1adir al calendario\t\t\t\t\t\t<\/button>\n\t\t\t\t\t\t<svg\n\t class=\"tribe-common-c-svgicon tribe-common-c-svgicon--caret-down tribe-events-c-subscribe-dropdown__button-icon\" \taria-hidden=\"true\"\n\tviewbox=\"0 0 10 7\"\n\txmlns=\"http:\/\/www.w3.org\/2000\/svg\"\n>\n\t<path fill-rule=\"evenodd\" clip-rule=\"evenodd\" d=\"M1.008.609L5 4.6 8.992.61l.958.958L5 6.517.05 1.566l.958-.958z\" class=\"tribe-common-c-svgicon__svg-fill\"\/>\n<\/svg>\n\t\t\t\t\t<\/div>\n\t\t\t\t\t<div id=\"tribe-events-subscribe-dropdown-content\" class=\"tribe-events-c-subscribe-dropdown__content\">\n\t\t\t\t\t\t<ul class=\"tribe-events-c-subscribe-dropdown__list\">\n\t\t\t\t\t\t\t\t\t\t\t\t\t\t\t<li class=\"tribe-events-c-subscribe-dropdown__list-item tribe-events-c-subscribe-dropdown__list-item--gcal\">\n\t\t\t\t\t\t\t\t\t<a\n\t\t\t\t\t\t\t\t\t\thref=\"https:\/\/www.google.com\/calendar\/event?action=TEMPLATE&#038;dates=20251022T143000\/20251022T180000&#038;text=CoLab%3A%20Advancing%20green%20public-private%20partnerships&#038;details=%3Cp+style%3D%22font-size%3A16px%22%3EJoin+our+Community+CoLab+in+Warsaw+to+design+new+models+of+public-private+partnerships%2C+and+identify+business+opportunities+and+coalitions+across+entrepreneurship%2C+education+and+research+to+push+the+climate+innovation+agenda%3C%2Fp%3E+%3Cp+style%3D%22font-size%3A16px%22%3ETo+reach+the+EU%E2%80%99s+2030+climate+targets%2C+the+EIB+estimates+we+must+allocate+roughly+8%25+of+our+GDP.+Unfortunately%2C+we+are+only+at+5%25+GDP.+We+know+that+neither+public+nor+private+sector+alone+can+solve+the+climate+crisis%2C+they+must+work+together.%3C%2Fp%3E+%3Cp+style%3D%22font-size%3A16px%22%3EPublic-private+partnerships+are+vital+to+turn+ambitious+green+commitments+of+cities%2C+national+governments+and+the+EU+into+reality.+By+connecting+urgent+public+demand+with+innovative+business+solutions+and+the+latest+research%2C+these+collaborations+unlock+new+markets+and+drive+adaptation+at+the+pace+and+scale+our+communities+urgently+need.%3C%2Fp%3E+%3Cp+style%3D%22font-size%3A16px%22%3EClimate+KIC+invites+you+to+join+us+in%26nbsp%3B%3Cstrong%3EWar%3C%2Fstrong%3E%3C%2Fp%3E+%28Ver+aqu%C3%AD+la+descripci%C3%B3n+completa+de+evento%3A+https%3A%2F%2Fclimate-hive.org%2Fes%2Fevent%2Fcolab-advancing-green-public-private-partnerships%2F%29&#038;location=Warsaw%20University,%20Budynek%20dydaktyczny,%20Dobra%2055,%20Warsaw,%2000-312,%20Poland&#038;trp=false&#038;ctz=Europe\/London&#038;sprop=website:https:\/\/climate-hive.org\/es\"\n\t\t\t\t\t\t\t\t\t\tclass=\"tribe-events-c-subscribe-dropdown__list-item-link\"\n\t\t\t\t\t\t\t\t\t\ttarget=\"_blank\"\n\t\t\t\t\t\t\t\t\t\trel=\"noopener noreferrer nofollow noindex\"\n\t\t\t\t\t\t\t\t\t>\n\t\t\t\t\t\t\t\t\t\tCalendario de Google\t\t\t\t\t\t\t\t\t<\/a>\n\t\t\t\t\t\t\t\t<\/li>\n\t\t\t\t\t\t\t\t\t\t\t\t\t\t\t<li class=\"tribe-events-c-subscribe-dropdown__list-item tribe-events-c-subscribe-dropdown__list-item--ical\">\n\t\t\t\t\t\t\t\t\t<a\n\t\t\t\t\t\t\t\t\t\thref=\"\"\n\t\t\t\t\t\t\t\t\t\tclass=\"tribe-events-c-subscribe-dropdown__list-item-link\"\n\t\t\t\t\t\t\t\t\t\ttarget=\"_blank\"\n\t\t\t\t\t\t\t\t\t\trel=\"noopener noreferrer nofollow noindex\"\n\t\t\t\t\t\t\t\t\t>\n\t\t\t\t\t\t\t\t\t\tiCalendar\t\t\t\t\t\t\t\t\t<\/a>\n\t\t\t\t\t\t\t\t<\/li>\n\t\t\t\t\t\t\t\t\t\t\t\t\t\t\t<li class=\"tribe-events-c-subscribe-dropdown__list-item tribe-events-c-subscribe-dropdown__list-item--outlook-365\">\n\t\t\t\t\t\t\t\t\t<a\n\t\t\t\t\t\t\t\t\t\thref=\"\"\n\t\t\t\t\t\t\t\t\t\tclass=\"tribe-events-c-subscribe-dropdown__list-item-link\"\n\t\t\t\t\t\t\t\t\t\ttarget=\"_blank\"\n\t\t\t\t\t\t\t\t\t\trel=\"noopener noreferrer nofollow noindex\"\n\t\t\t\t\t\t\t\t\t>\n\t\t\t\t\t\t\t\t\t\tOutlook 365\t\t\t\t\t\t\t\t\t<\/a>\n\t\t\t\t\t\t\t\t<\/li>\n\t\t\t\t\t\t\t\t\t\t\t\t\t\t\t<li class=\"tribe-events-c-subscribe-dropdown__list-item tribe-events-c-subscribe-dropdown__list-item--outlook-live\">\n\t\t\t\t\t\t\t\t\t<a\n\t\t\t\t\t\t\t\t\t\thref=\"\"\n\t\t\t\t\t\t\t\t\t\tclass=\"tribe-events-c-subscribe-dropdown__list-item-link\"\n\t\t\t\t\t\t\t\t\t\ttarget=\"_blank\"\n\t\t\t\t\t\t\t\t\t\trel=\"noopener noreferrer nofollow noindex\"\n\t\t\t\t\t\t\t\t\t>\n\t\t\t\t\t\t\t\t\t\tOutlook Live\t\t\t\t\t\t\t\t\t<\/a>\n\t\t\t\t\t\t\t\t<\/li>\n\t\t\t\t\t\t\t\t\t\t\t\t\t<\/ul>\n\t\t\t\t\t<\/div>\n\t\t\t\t<\/div>\n\t\t\t<\/div>\n\t\t<\/div>\n\t<\/div>\n\n\n\n<h2 class=\"tribe-block__related-events__title\">Eventos Relacionados<\/h2>\n\n<ul  class=\"tribe-related-events tribe-clearfix\" >\n\t\t\t<li>\n\t\n<div class=\"tribe-related-events-thumbnail\">\n\t<a href=\"https:\/\/climate-hive.org\/es\/event\/climathon-organiser-training-2-systems-change\/\" class=\"url\" rel=\"bookmark\" tabindex=\"-1\" aria-hidden=\"true\"><img loading=\"lazy\" decoding=\"async\" width=\"1024\" height=\"683\" src=\"https:\/\/climate-hive.org\/wp-content\/uploads\/2026\/04\/Curitiba_Brazil_2mb-1-1024x683.jpg\" class=\"attachment-large size-large wp-post-image\" alt=\"\" \/><\/a>\n<\/div>\n\t<div class=\"tribe-related-event-info\">\n\t<h3 class=\"tribe-related-events-title\">\n\t\t<a href=\"https:\/\/climate-hive.org\/es\/event\/climathon-organiser-training-2-systems-change\/\" class=\"tribe-event-url\" rel=\"bookmark\">\n\t\t\tClimathon Formaci\u00f3n de organizadores #2: Del evento al cambio de sistemas\t\t<\/a>\n\t<\/h3>\n\t<span class=\"tribe-event-date-start\">5 de mayo @ 1:00 pm<\/span> - <span class=\"tribe-event-time\">14.30 h<\/span><\/div>\n<\/li>\n\t\t\t<li>\n\t\n<div class=\"tribe-related-events-thumbnail\">\n\t<a href=\"https:\/\/climate-hive.org\/es\/event\/insights-green-and-digital-for-small-businesses\/\" class=\"url\" rel=\"bookmark\" tabindex=\"-1\" aria-hidden=\"true\"><img loading=\"lazy\" decoding=\"async\" width=\"1024\" height=\"576\" src=\"https:\/\/climate-hive.org\/wp-content\/uploads\/2026\/04\/getty-images-Sf2MBY7xIkY-unsplash-1024x576.jpg\" class=\"attachment-large size-large wp-post-image\" alt=\"\" \/><\/a>\n<\/div>\n\t<div class=\"tribe-related-event-info\">\n\t<h3 class=\"tribe-related-events-title\">\n\t\t<a href=\"https:\/\/climate-hive.org\/es\/event\/insights-green-and-digital-for-small-businesses\/\" class=\"tribe-event-url\" rel=\"bookmark\">\n\t\t\tPerspectivas: Verde y digital. Lo que significa para las peque\u00f1as empresas en la pr\u00e1ctica\u00a0\t\t<\/a>\n\t<\/h3>\n\t<span class=\"tribe-event-date-start\">6 de mayo @ 2:00 p. m.<\/span> - <span class=\"tribe-event-time\">15.00 h<\/span><\/div>\n<\/li>\n\t\t\t<li>\n\t\n<div class=\"tribe-related-events-thumbnail\">\n\t<a href=\"https:\/\/climate-hive.org\/es\/event\/how-to-evolve-global-book-tour\/\" class=\"url\" rel=\"bookmark\" tabindex=\"-1\" aria-hidden=\"true\"><img loading=\"lazy\" decoding=\"async\" width=\"1024\" height=\"576\" src=\"https:\/\/climate-hive.org\/wp-content\/uploads\/2026\/04\/How_to_Evolve_Copenhagen_2x-2100x1181-1-1024x576.png\" class=\"attachment-large size-large wp-post-image\" alt=\"\" \/><\/a>\n<\/div>\n\t<div class=\"tribe-related-event-info\">\n\t<h3 class=\"tribe-related-events-title\">\n\t\t<a href=\"https:\/\/climate-hive.org\/es\/event\/how-to-evolve-global-book-tour\/\" class=\"tribe-event-url\" rel=\"bookmark\">\n\t\t\tC\u00f3mo evolucionar \u2013 Gira mundial del libro\t\t<\/a>\n\t<\/h3>\n\t<span class=\"tribe-event-date-start\">11 de mayo a las 9:30 am<\/span> - <span class=\"tribe-event-date-end\">12 de mayo a las 8:30 p.m.<\/span><\/div>\n<\/li>\n\t<\/ul>","protected":false},"excerpt":{"rendered":"<p>\u00danase a nuestro Community CoLab en Varsovia para dise\u00f1ar nuevos modelos de colaboraci\u00f3n p\u00fablico-privada e identificar oportunidades de negocio y coaliciones entre el esp\u00edritu empresarial, la educaci\u00f3n y la investigaci\u00f3n para impulsar la agenda de innovaci\u00f3n clim\u00e1tica [...].<\/p>","protected":false},"author":3,"featured_media":4251,"comment_status":"open","ping_status":"closed","template":"","meta":{"_acf_changed":false,"_tec_requires_first_save":false,"_bbp_topic_count":0,"_bbp_reply_count":0,"_bbp_total_topic_count":0,"_bbp_total_reply_count":0,"_bbp_voice_count":0,"_bbp_anonymous_reply_count":0,"_bbp_topic_count_hidden":0,"_bbp_reply_count_hidden":0,"_bbp_forum_subforum_count":0,"pmpro_default_level":"","inline_featured_image":false,"_price":"","_stock":"","_tribe_ticket_header":"","_tribe_default_ticket_provider":"TEC\\Tickets\\Commerce\\Module","_ticket_start_date":"","_ticket_end_date":"","_tribe_ticket_show_description":"","_tribe_ticket_show_not_going":false,"_tribe_ticket_use_global_stock":"","_tribe_ticket_global_stock_level":"","_global_stock_mode":"","_global_stock_cap":"","_tribe_rsvp_for_event":"","_tribe_ticket_going_count":"","_tribe_ticket_not_going_count":"","_tribe_tickets_list":"[]","_tribe_ticket_has_attendee_info_fields":false,"_EventAllDay":false,"_EventTimezone":"Europe\/London","_EventStartDate":"2025-10-22 14:30:00","_EventEndDate":"2025-10-22 18:00:00","_EventStartDateUTC":"2025-10-22 13:30:00","_EventEndDateUTC":"2025-10-22 17:00:00","_EventShowMap":false,"_EventShowMapLink":false,"_EventURL":"","_EventCost":"","_EventCostDescription":"","_EventCurrencySymbol":"\u20ac","_EventCurrencyCode":"EUR","_EventCurrencyPosition":"prefix","_EventDateTimeSeparator":"@","_EventTimeRangeSeparator":"-","_EventOrganizerID":[3881],"_EventVenueID":[4250],"_OrganizerEmail":"","_OrganizerPhone":"","_OrganizerWebsite":"","_VenueAddress":"","_VenueCity":"","_VenueCountry":"","_VenueProvince":"","_VenueState":"","_VenueZip":"","_VenuePhone":"","_VenueURL":"","_VenueStateProvince":"","_VenueLat":"","_VenueLng":"","_VenueShowMap":false,"_VenueShowMapLink":false,"_tribe_blocks_recurrence_rules":"","_tribe_blocks_recurrence_description":"","_tribe_blocks_recurrence_exclusions":"","_tribe_events_status":"","_tribe_events_status_reason":"","_tribe_events_is_hybrid":"","_tribe_events_is_virtual":"","_tribe_events_virtual_video_source":"","_tribe_events_virtual_embed_video":"","_tribe_events_virtual_linked_button_text":"","_tribe_events_virtual_linked_button":"","_tribe_events_virtual_show_embed_at":"","_tribe_events_virtual_show_embed_to":[],"_tribe_events_virtual_show_on_event":"","_tribe_events_virtual_show_on_views":"","_tribe_events_virtual_url":"","footnotes":"","_tec_slr_enabled":"","_tec_slr_layout":""},"tags":[57,74,72,75,73],"tribe_events_cat":[49,85,10,12,4],"class_list":["post-4214","tribe_events","type-tribe_events","status-publish","has-post-thumbnail","hentry","tag-colab","tag-partnerships","tag-poland","tag-public-private-partnerships","tag-warsaw","tribe_events_cat-community-collab","tribe_events_cat-community-event","tribe_events_cat-in-person","tribe_events_cat-organised-by-climate-kic","tribe_events_cat-policy","pmpro-has-access","cat_community-collab","cat_community-event","cat_in-person","cat_organised-by-climate-kic","cat_policy"],"acf":[],"ticketed":false,"_links":{"self":[{"href":"https:\/\/climate-hive.org\/es\/wp-json\/wp\/v2\/tribe_events\/4214","targetHints":{"allow":["GET"]}}],"collection":[{"href":"https:\/\/climate-hive.org\/es\/wp-json\/wp\/v2\/tribe_events"}],"about":[{"href":"https:\/\/climate-hive.org\/es\/wp-json\/wp\/v2\/types\/tribe_events"}],"author":[{"embeddable":true,"href":"https:\/\/climate-hive.org\/es\/wp-json\/wp\/v2\/users\/3"}],"replies":[{"embeddable":true,"href":"https:\/\/climate-hive.org\/es\/wp-json\/wp\/v2\/comments?post=4214"}],"version-history":[{"count":3,"href":"https:\/\/climate-hive.org\/es\/wp-json\/wp\/v2\/tribe_events\/4214\/revisions"}],"predecessor-version":[{"id":4640,"href":"https:\/\/climate-hive.org\/es\/wp-json\/wp\/v2\/tribe_events\/4214\/revisions\/4640"}],"wp:featuredmedia":[{"embeddable":true,"href":"https:\/\/climate-hive.org\/es\/wp-json\/wp\/v2\/media\/4251"}],"wp:attachment":[{"href":"https:\/\/climate-hive.org\/es\/wp-json\/wp\/v2\/media?parent=4214"}],"wp:term":[{"taxonomy":"post_tag","embeddable":true,"href":"https:\/\/climate-hive.org\/es\/wp-json\/wp\/v2\/tags?post=4214"},{"taxonomy":"tribe_events_cat","embeddable":true,"href":"https:\/\/climate-hive.org\/es\/wp-json\/wp\/v2\/tribe_events_cat?post=4214"}],"curies":[{"name":"wp","href":"https:\/\/api.w.org\/{rel}","templated":true}]}}