{"id":4752,"date":"2025-10-23T10:16:53","date_gmt":"2025-10-23T09:16:53","guid":{"rendered":"https:\/\/climate-hive.org\/?post_type=tribe_events&#038;p=4752"},"modified":"2025-12-01T17:02:06","modified_gmt":"2025-12-01T17:02:06","slug":"deep-dive-unlocking-green-public-private-partnerships-a-case-by-case-exploration","status":"publish","type":"tribe_events","link":"https:\/\/climate-hive.org\/es\/event\/deep-dive-unlocking-green-public-private-partnerships-a-case-by-case-exploration\/","title":{"rendered":"Inmersi\u00f3n profunda: Desbloquear las asociaciones p\u00fablico-privadas ecol\u00f3gicas. Un an\u00e1lisis caso por caso\u00a0"},"content":{"rendered":"<div class=\"tribe-events-virtual-single-marker\">\n\t<span class=\"tribe-events-virtual-single-marker__icon\" >\n\t\t<svg\n\t class=\"tribe-common-c-svgicon tribe-common-c-svgicon--virtual tribe-events-virtual-single-marker__icon-svg\" \taria-hidden=\"true\"\n\tviewbox=\"0 0 26 16\"\n\txmlns=\"http:\/\/www.w3.org\/2000\/svg\"\n>\n\t<g fill-rule=\"evenodd\" stroke-linecap=\"round\" stroke-linejoin=\"round\" stroke-width=\"2\" transform=\"translate(1 1)\">\n\t\t<path d=\"M18 10.7333333c2.16-2.09999997 2.16-5.44444441 0-7.46666663M21.12 13.7666667c3.84-3.7333334 3.84-9.80000003 0-13.53333337M6 10.7333333C3.84 8.63333333 3.84 5.28888889 6 3.26666667M2.88 13.7666667C-.96 10.0333333-.96 3.96666667 2.88.23333333\" class=\"tribe-common-c-svgicon__svg-stroke\"\/><ellipse cx=\"12\" cy=\"7\" rx=\"2.4\" ry=\"2.33333333\" class=\"tribe-common-c-svgicon__svg-stroke\"\/>\n\t<\/g>\n<\/svg>\n\t<\/span>\n\tEvento virtual<\/div>\n<div  class=\"tribe-events-schedule tribe-clearfix\" >\n\t<p class=\"tribe-events-schedule__datetime\">\n\t\t<span class=\"tribe-events-schedule__date tribe-events-schedule__date--start\">\n\t\t\t2 de diciembre de 2025\t\t<\/span>\n\n\t\t\t\t\t<span class=\"tribe-events-schedule__separator tribe-events-schedule__separator--date\">\n\t\t\t\t@\t\t\t<\/span>\n\t\t\t<span class=\"tribe-events-schedule__time tribe-events-schedule__time--start\">\n\t\t\t\t16:00 h\t\t\t<\/span>\n\t\t\n\t\t\t\t\t\t\t\t\t<span class=\"tribe-events-schedule__separator tribe-events-schedule__separator--time\">\n\t\t\t\t\t-\t\t\t\t<\/span>\n\t\t\t\n\t\t\t\t\t\t\t<span class=\"tribe-events-schedule__time tribe-events-schedule__time--end\">\n\t\t\t\t\t17.30 h\t\t\t\t<\/span>\n\t\t\t\n\t\t\t\t\t\t<\/p>\n<\/div>\n\n\n\n<h5 class=\"wp-block-heading\">Acomp\u00e1\u00f1enos en la \u00faltima inmersi\u00f3n profunda de este a\u00f1o en las asociaciones p\u00fablico-privadas ecol\u00f3gicas. Exploraremos c\u00f3mo las empresas pueden trabajar con el sector p\u00fablico, destacando experiencias, aprendizajes y recomendaciones para seguir avanzando.<\/h5>\n\n\n\n<p>Est\u00e1 claro que ni el sector p\u00fablico ni el privado pueden resolver por s\u00ed solos la crisis clim\u00e1tica; deben trabajar juntos. Para ello, <strong>no hay forma de evitar las Asociaciones P\u00fablico-Privadas (APP) <\/strong>si queremos cumplir nuestros objetivos clim\u00e1ticos y los de Europa para 2030.<\/p>\n\n\n\n<p>Como se debati\u00f3 con nuestros miembros durante la \u00faltima <a href=\"https:\/\/climate-hive.org\/es\/knowledge-base\/colab-outputs\/2025-2\/advacing-green-public-private-partnerships\/\">CoLab en Varsovia<\/a>, <strong>transformaci\u00f3n ecol\u00f3gica y digital<\/strong> es un \u00e1rea de desarrollo y oportunidades de negocio en el marco de la colaboraci\u00f3n p\u00fablico-privada, no s\u00f3lo a escala nacional, sino tambi\u00e9n regional y urbana.&nbsp;<strong>Una recomendaci\u00f3n clara para las empresas<\/strong> que quieran poner en marcha estas asociaciones es ser \u00e1giles y capaces de adaptarse a la evoluci\u00f3n de las prioridades del sector p\u00fablico, como cualquier otro consumidor.<\/p>\n\n\n\n<p>\u00bfC\u00f3mo puede alinear sus prioridades empresariales con las del sector p\u00fablico para elevar sus productos y servicios? \u00bfC\u00f3mo puede crear asociaciones p\u00fablico-privadas eficaces y ampliables con las partes interesadas del sector p\u00fablico?<\/p>\n\n\n\n<p>Acomp\u00e1\u00f1enos el martes 2 de diciembre en nuestra \u00faltima inmersi\u00f3n profunda del a\u00f1o, en la que escuchar\u00e1 a un grupo de interesados p\u00fablicos y privados para <strong>mejorar nuestra comprensi\u00f3n de las Asociaciones P\u00fablico-Privadas y las formas de elevarlas<\/strong>.<\/p>\n\n\n\n<p>Esta inmersi\u00f3n profunda se basar\u00e1 en el legado y los conocimientos del <a href=\"https:\/\/climate-hive.org\/es\/knowledge-base\/colab-outputs\/2025-2\/advacing-green-public-private-partnerships\/\">CoLab comunitario en Varsovia<\/a>, en el que reunimos a diversas partes interesadas de los sectores p\u00fablico y privado polacos para debatir sobre la colaboraci\u00f3n p\u00fablico-privada, recomendaciones y pr\u00f3ximos pasos. &nbsp;<\/p>\n\n\n\n<h4 class=\"wp-block-heading\"><strong>Lo que aprender\u00e1<\/strong><\/h4>\n\n\n\n<p>A trav\u00e9s de <strong>di\u00e1logos guiados, intercambios entre iguales, estudios de casos reales<\/strong> y m\u00e1s, lo har\u00e1s:&nbsp;&nbsp;<\/p>\n\n\n\n<ul class=\"wp-block-list\">\n<li>Aprender de las empresas y los agentes p\u00fablicos que trabajan con APP.&nbsp;<\/li>\n\n\n\n<li>Obtenga informaci\u00f3n sobre c\u00f3mo trabajar con la APP y por qu\u00e9 es importante para usted.&nbsp;<\/li>\n\n\n\n<li>Establezca contactos con otras partes interesadas en la CPP como usted.&nbsp;&nbsp;&nbsp;<\/li>\n<\/ul>\n\n\n\n<p>No se trata de un mero acto de aprendizaje. Le esperan m\u00e9todos y ejercicios pr\u00e1cticos que le permitir\u00e1n comprender mejor su organizaci\u00f3n.&nbsp;&nbsp;<\/p>\n\n\n\n<p><\/p>\n\n\n\n<h4 class=\"wp-block-heading\">Altavoces<\/h4>\n\n\n\n<div style=\"height:10px\" aria-hidden=\"true\" class=\"wp-block-spacer\"><\/div>\n\n\n\n<ul class=\"wp-block-list\">\n<li><strong>Dimitri Ionesco<\/strong>, Fundador de <a href=\"https:\/\/www.light-mirror.eu\/\">LightMirror<\/a><br><em>LightMirror desarrolla paneles reflectantes que llevan la luz solar a hospitales y residencias, reduciendo la necesidad de iluminaci\u00f3n artificial y calefacci\u00f3n. Al instalar estos paneles reflectantes en los bordes de los tejados, la luz natural puede redirigirse a otros edificios, convirti\u00e9ndose en un activo controlable que reduce costes y mejora el bienestar general de pacientes y residentes.<br><\/em><\/li>\n\n\n\n<li><strong>Paula McGinnel<\/strong>, Especialista en inversi\u00f3n e industria, Climate KIC<br><em>Paula es especialista en inversi\u00f3n e industria en Climate-KIC, donde gestiona principalmente el programa de la iniciativa Di\u00e1logo Ciudad-Industria, apoyando a las ciudades de la UE para colaborar con la industria y las finanzas en la descarbonizaci\u00f3n a gran escala. Aporta varios a\u00f1os de experiencia en finanzas de impacto a trav\u00e9s de la banca de inversi\u00f3n, la ampliaci\u00f3n de nuevas empresas y organizaciones impulsadas por la misi\u00f3n, con un enfoque consistente en el clima y los resultados sociales. Con sede en Bristol, Paula tambi\u00e9n participa activamente en el ecosistema local, como voluntaria en organizaciones comunitarias y programas de tutor\u00eda que apoyan a fundadores en fase inicial y empresas con fines espec\u00edficos.<\/em><br><\/li>\n\n\n\n<li><strong>Przemek Derwich<\/strong>, Jefe de la Asociaci\u00f3n Estrat\u00e9gica, Climate KIC<br><em>Przemek es Director de Asociaciones Estrat\u00e9gicas en Climate KIC, especializado en instrumentos financieros y financiaci\u00f3n combinada para movilizar capital p\u00fablico y privado para inversiones clim\u00e1ticas urbanas. Apoya a las ciudades en la transici\u00f3n hacia energ\u00edas renovables y enfoques sist\u00e9micos para el desarrollo urbano sostenible. Con amplia experiencia en mecanismos de financiaci\u00f3n europeos e internacionales, entiende c\u00f3mo la financiaci\u00f3n impulsa el cambio transformador. Su trabajo conecta la pol\u00edtica, las finanzas y la innovaci\u00f3n para ofrecer estrategias de inversi\u00f3n impactantes y alineadas con el clima en toda Europa.<\/em><br><\/li>\n\n\n\n<li><strong>Justyna Wieczorkiewicz-Molendo<\/strong>, Asesor de Ciudades Clim\u00e1ticamente Neutras, Climate KIC<br><em>Justyna es asesora de Ciudades Clim\u00e1ticamente Neutrales del proyecto NetZeroCities de ClimateKIC, que apoya a las ciudades europeas en su camino hacia la neutralidad clim\u00e1tica. Anteriormente, fue asesora de la Asociaci\u00f3n de Ciudades Polacas, apoyando a las ciudades polacas y a las asociaciones de gobiernos locales en la planificaci\u00f3n de su transformaci\u00f3n en lugares sostenibles, amables y resilientes. Tiene experiencia en el trabajo metodol\u00f3gico de preparaci\u00f3n de estrategias territoriales con un enfoque integrado.<\/em><\/li>\n<\/ul>\n\n\n\n<p><\/p>\n\n\n\n<h4 class=\"wp-block-heading\"><strong>Agenda<\/strong><\/h4>\n\n\n\n<div style=\"height:10px\" aria-hidden=\"true\" class=\"wp-block-spacer\"><\/div>\n\n\n\n<p>16:00 - 16:10 Bienvenida e introducci\u00f3n<\/p>\n\n\n\n<p>16:10 - 16:15 Ejercicio interactivo<\/p>\n\n\n\n<p>16:15 - 16:55 Asociaciones p\u00fablico-privadas caso por caso:<\/p>\n\n\n\n<ul class=\"wp-block-list\">\n<li>La CPP como marco de colaboraci\u00f3n intersectorial<\/li>\n\n\n\n<li>Necesidades, perspectivas y obst\u00e1culos de la CPP a nivel municipal<\/li>\n\n\n\n<li>Ejemplo de caso: APP hospitalaria en Polonia: la innovaci\u00f3n se une a la contrataci\u00f3n<\/li>\n\n\n\n<li>Di\u00e1logo entre las ciudades y la industria y perspectiva de inversi\u00f3n<\/li>\n<\/ul>\n\n\n\n<p>16:55 - 17:10 Di\u00e1logo colectivo<\/p>\n\n\n\n<p>17:10 - 17:20 Debate en grupo<\/p>\n\n\n\n<p>17:20 - 17:30 Cosecha y clausura<\/p>\n\n\n<div  class=\"tribe-block tribe-block--virtual-event\" >\n    <\/div>\n\n\n\n\n\n<h2 class=\"wp-block-heading\">Acerca de las inmersiones comunitarias<\/h2>\n\n\n\n<p>Las Inmersiones Profundas de la Comunidad son sesiones de aprendizaje dise\u00f1adas por Climate KIC para los miembros de su Comunidad en las que, junto con expertos en el tema y l\u00edderes experimentados, exploramos las tendencias m\u00e1s relevantes y transformadoras de la innovaci\u00f3n clim\u00e1tica.&nbsp;<\/p>\n\n\n\n<p>Mediante una mezcla de intercambios entre iguales, estudios de casos reales y ejercicios de trabajo en grupo, las sesiones est\u00e1n pensadas para dotar a los participantes de conocimientos pr\u00e1cticos y experiencia pr\u00e1ctica que puedan aplicar en su contexto laboral.<\/p>\n\n\n\n<p>Consulte las inmersiones profundas de este a\u00f1o:<\/p>\n\n\n\n<ul class=\"wp-block-list\">\n<li><a href=\"https:\/\/climate-hive.org\/es\/knowledge-base\/deep-dives\/2025-2\/beyond-esg-building-agile-resilient-organisations-for-the-next-industrial-era\/\"><strong>Nuevos marcos para ir m\u00e1s all\u00e1 de los informes ESG<\/strong><\/a><\/li>\n\n\n\n<li><a href=\"https:\/\/climate-hive.org\/es\/knowledge-base\/deep-dives\/2025-2\/no-way-around-dei-how-to-build-a-green-and-just-future-for-all\/\"><strong>Innovaci\u00f3n clim\u00e1tica inclusiva<\/strong><\/a><\/li>\n<\/ul>\n\n\n<div  class=\"tribe-block tribe-block__organizer__details tribe-clearfix\" >\n    <h4>Datos del organizador<\/h4>\n\t<div class=\"tribe-block__organizer__title\">\n\t\t<h3><a href=\"https:\/\/climate-hive.org\/es\/organizador\/climate-kic-community\/\" title=\"Climate KIC Community\" target=\"_self\" rel=\"\">Climate KIC Community<\/a><\/h3>\n\t<\/div>\n\t\t\t\t<p class=\"tribe-block__organizer__website\"><a href=\"https:\/\/climate-hive.org\/es\/\" target=\"_self\" rel=\"external\">Ver la web del Organizador<\/a><\/p>\n\t\t\t\t<p class=\"tribe-block__organizer__email\">community@climate-kic.org<\/p>\n\t<\/div>\n\n\n\t<div  class=\"tribe-block tribe-block__events-link\" >\n\t\t<div class=\"tribe-events tribe-common\">\n\t\t\t<div class=\"tribe-events-c-subscribe-dropdown__container\">\n\t\t\t\t<div class=\"tribe-events-c-subscribe-dropdown\">\n\t\t\t\t\t<div class=\"tribe-common-c-btn-border tribe-events-c-subscribe-dropdown__button\">\n\t\t\t\t\t\t<svg  class=\"tribe-common-c-svgicon tribe-common-c-svgicon--cal-export tribe-events-c-subscribe-dropdown__export-icon\"  xmlns=\"http:\/\/www.w3.org\/2000\/svg\" width=\"24\" height=\"24\" viewbox=\"0 0 24 24\" fill=\"none\">\n    <path\n        d=\"M9 6L12 3M12 3L15 6M12 3V13M7.00023 10C6.06835 10 5.60241 10 5.23486 10.1522C4.74481 10.3552 4.35523 10.7448 4.15224 11.2349C4 11.6024 4 12.0681 4 13V17.8C4 18.9201 4 19.4798 4.21799 19.9076C4.40973 20.2839 4.71547 20.5905 5.0918 20.7822C5.5192 21 6.07899 21 7.19691 21H16.8036C17.9215 21 18.4805 21 18.9079 20.7822C19.2842 20.5905 19.5905 20.2839 19.7822 19.9076C20 19.4802 20 18.921 20 17.8031V13C20 12.0681 19.9999 11.6024 19.8477 11.2349C19.6447 10.7448 19.2554 10.3552 18.7654 10.1522C18.3978 10 17.9319 10 17 10\"\n        stroke=\"#142930\" stroke-width=\"2\" stroke-linecap=\"round\" stroke-linejoin=\"round\"\/>\n<\/svg>\n\t\t\t\t\t\t<button\n\t\t\t\t\t\t\tclass=\"tribe-events-c-subscribe-dropdown__button-text\"\n\t\t\t\t\t\t\taria-expanded=\"false\"\n\t\t\t\t\t\t\taria-controls=\"tribe-events-subscribe-dropdown-content\"\n\t\t\t\t\t\t\taria-label=\"Ver enlaces para a\u00f1adir eventos al calendario\"\n\t\t\t\t\t\t>\n\t\t\t\t\t\t\tA\u00f1adir al calendario\t\t\t\t\t\t<\/button>\n\t\t\t\t\t\t<svg\n\t class=\"tribe-common-c-svgicon tribe-common-c-svgicon--caret-down tribe-events-c-subscribe-dropdown__button-icon\" \taria-hidden=\"true\"\n\tviewbox=\"0 0 10 7\"\n\txmlns=\"http:\/\/www.w3.org\/2000\/svg\"\n>\n\t<path fill-rule=\"evenodd\" clip-rule=\"evenodd\" d=\"M1.008.609L5 4.6 8.992.61l.958.958L5 6.517.05 1.566l.958-.958z\" class=\"tribe-common-c-svgicon__svg-fill\"\/>\n<\/svg>\n\t\t\t\t\t<\/div>\n\t\t\t\t\t<div id=\"tribe-events-subscribe-dropdown-content\" class=\"tribe-events-c-subscribe-dropdown__content\">\n\t\t\t\t\t\t<ul class=\"tribe-events-c-subscribe-dropdown__list\">\n\t\t\t\t\t\t\t\t\t\t\t\t\t\t\t<li class=\"tribe-events-c-subscribe-dropdown__list-item tribe-events-c-subscribe-dropdown__list-item--gcal\">\n\t\t\t\t\t\t\t\t\t<a\n\t\t\t\t\t\t\t\t\t\thref=\"https:\/\/www.google.com\/calendar\/event?action=TEMPLATE&#038;dates=20251202T160000\/20251202T173000&#038;text=Deep%20Dive%3A%20Unlocking%20green%20public-private%20partnerships.%20A%20case%20by%20case%20exploration%C2%A0&#038;details=%3Ch5+class%3D%22wp-block-heading%22%3EJoin+us+for+this+year%E2%80%99s+last+Deep+Dive+on+green+Public-Private+Partnerships.%26nbsp%3BWe+will+explore+how+businesses+can+work+with+the+public+sector%2C+highlighting+experiences%2C+learnings%2C+and+recommendations+to+go+forward.%3C%2Fh5%3E%3Cp%3EIt+is+clear+that+neither+public+nor+private+sector+alone+can+solve+the+climate+crisis%3B+they+must+work+together.+For+this+purpose%2C+%3Cstrong%3Ethere+is+no+way+around+Public-Private+Partnerships+%28PPP%29+%3C%2Fstrong%3Eif+we+aim+to+meet+our+and+Europe%E2%80%99s+2030+climate+targets.%3C%2Fp%3E+%3Cp%3EAs+discussed+with+our+members+during+the+last+%3Ca+href%3D%22https%3A%2F%2Fclimate-hive.org%2Fknowledge-base%2Fcolab-outputs%2F2025-2%2Fadvacing-green-public-private-partnerships%2F%22%3ECoLab+in+Warsaw%3C%2Fa%3E%2C+%3Cstrong%3Egreen+and+digital+transformation%3C%2Fstrong%3E+is+an+area+for+development+and+business+opportunities+within+the+PPP+framework%2C+not+only+on+a+national+level+but+also+on+regional+and+city+level.%26nbsp%3B%3Cstrong%3EA+clear+recommendation+for+businesses%3C%2Fstrong%3E+that+want+to+implemen%3C%2Fp%3E+%28Ver+aqu%C3%AD+la+descripci%C3%B3n+completa+de+evento%3A+https%3A%2F%2Fclimate-hive.org%2Fes%2Fevent%2Fdeep-dive-unlocking-green-public-private-partnerships-a-case-by-case-exploration%2F%29&#038;location=https:\/\/climate-hive.org\/es\/event\/deep-dive-unlocking-green-public-private-partnerships-a-case-by-case-exploration\/&#038;trp=false&#038;ctz=Europe\/Berlin&#038;sprop=website:https:\/\/climate-hive.org\/es\"\n\t\t\t\t\t\t\t\t\t\tclass=\"tribe-events-c-subscribe-dropdown__list-item-link\"\n\t\t\t\t\t\t\t\t\t\ttarget=\"_blank\"\n\t\t\t\t\t\t\t\t\t\trel=\"noopener noreferrer nofollow noindex\"\n\t\t\t\t\t\t\t\t\t>\n\t\t\t\t\t\t\t\t\t\tCalendario de Google\t\t\t\t\t\t\t\t\t<\/a>\n\t\t\t\t\t\t\t\t<\/li>\n\t\t\t\t\t\t\t\t\t\t\t\t\t\t\t<li class=\"tribe-events-c-subscribe-dropdown__list-item tribe-events-c-subscribe-dropdown__list-item--ical\">\n\t\t\t\t\t\t\t\t\t<a\n\t\t\t\t\t\t\t\t\t\thref=\"\"\n\t\t\t\t\t\t\t\t\t\tclass=\"tribe-events-c-subscribe-dropdown__list-item-link\"\n\t\t\t\t\t\t\t\t\t\ttarget=\"_blank\"\n\t\t\t\t\t\t\t\t\t\trel=\"noopener noreferrer nofollow noindex\"\n\t\t\t\t\t\t\t\t\t>\n\t\t\t\t\t\t\t\t\t\tiCalendar\t\t\t\t\t\t\t\t\t<\/a>\n\t\t\t\t\t\t\t\t<\/li>\n\t\t\t\t\t\t\t\t\t\t\t\t\t\t\t<li class=\"tribe-events-c-subscribe-dropdown__list-item tribe-events-c-subscribe-dropdown__list-item--outlook-365\">\n\t\t\t\t\t\t\t\t\t<a\n\t\t\t\t\t\t\t\t\t\thref=\"\"\n\t\t\t\t\t\t\t\t\t\tclass=\"tribe-events-c-subscribe-dropdown__list-item-link\"\n\t\t\t\t\t\t\t\t\t\ttarget=\"_blank\"\n\t\t\t\t\t\t\t\t\t\trel=\"noopener noreferrer nofollow noindex\"\n\t\t\t\t\t\t\t\t\t>\n\t\t\t\t\t\t\t\t\t\tOutlook 365\t\t\t\t\t\t\t\t\t<\/a>\n\t\t\t\t\t\t\t\t<\/li>\n\t\t\t\t\t\t\t\t\t\t\t\t\t\t\t<li class=\"tribe-events-c-subscribe-dropdown__list-item tribe-events-c-subscribe-dropdown__list-item--outlook-live\">\n\t\t\t\t\t\t\t\t\t<a\n\t\t\t\t\t\t\t\t\t\thref=\"\"\n\t\t\t\t\t\t\t\t\t\tclass=\"tribe-events-c-subscribe-dropdown__list-item-link\"\n\t\t\t\t\t\t\t\t\t\ttarget=\"_blank\"\n\t\t\t\t\t\t\t\t\t\trel=\"noopener noreferrer nofollow noindex\"\n\t\t\t\t\t\t\t\t\t>\n\t\t\t\t\t\t\t\t\t\tOutlook Live\t\t\t\t\t\t\t\t\t<\/a>\n\t\t\t\t\t\t\t\t<\/li>\n\t\t\t\t\t\t\t\t\t\t\t\t\t<\/ul>\n\t\t\t\t\t<\/div>\n\t\t\t\t<\/div>\n\t\t\t<\/div>\n\t\t<\/div>\n\t<\/div>\n\n\n\n<h2 class=\"tribe-block__related-events__title\">Eventos Relacionados<\/h2>\n\n<ul  class=\"tribe-related-events tribe-clearfix\" >\n\t\t\t<li>\n\t\n<div class=\"tribe-related-events-thumbnail\">\n\t<a href=\"https:\/\/climate-hive.org\/es\/event\/climathon-organiser-training-1-format-challenge-fundraising\/\" class=\"url\" rel=\"bookmark\" tabindex=\"-1\" aria-hidden=\"true\"><img loading=\"lazy\" decoding=\"async\" width=\"1024\" height=\"683\" src=\"https:\/\/climate-hive.org\/wp-content\/uploads\/2026\/04\/Curitiba_Brazil_2mb-1-1024x683.jpg\" class=\"attachment-large size-large wp-post-image\" alt=\"\" \/><\/a>\n<\/div>\n\t<div class=\"tribe-related-event-info\">\n\t<h3 class=\"tribe-related-events-title\">\n\t\t<a href=\"https:\/\/climate-hive.org\/es\/event\/climathon-organiser-training-1-format-challenge-fundraising\/\" class=\"tribe-event-url\" rel=\"bookmark\">\n\t\t\tClimathon Formaci\u00f3n de organizadores #1: Formato, desaf\u00edo, recaudaci\u00f3n de fondos\t\t<\/a>\n\t<\/h3>\n\t<span class=\"tribe-event-date-start\">29 de abril a la 1:00 pm<\/span> - <span class=\"tribe-event-time\">14.30 h<\/span><\/div>\n<\/li>\n\t\t\t<li>\n\t\n<div class=\"tribe-related-events-thumbnail\">\n\t<a href=\"https:\/\/climate-hive.org\/es\/event\/adaptation-accelerator-hub-webinar-series-unlocking-private-capital-for-climate-adaptation\/\" class=\"url\" rel=\"bookmark\" tabindex=\"-1\" aria-hidden=\"true\"><img loading=\"lazy\" decoding=\"async\" width=\"1024\" height=\"512\" src=\"https:\/\/climate-hive.org\/wp-content\/uploads\/2026\/04\/Planting-banana-suckers-Chirundu-district-Zambia_Photo-credit-Mulapwa-Mukopole-UNDP-Zambia-1024x512.jpg\" class=\"attachment-large size-large wp-post-image\" alt=\"\" \/><\/a>\n<\/div>\n\t<div class=\"tribe-related-event-info\">\n\t<h3 class=\"tribe-related-events-title\">\n\t\t<a href=\"https:\/\/climate-hive.org\/es\/event\/adaptation-accelerator-hub-webinar-series-unlocking-private-capital-for-climate-adaptation\/\" class=\"tribe-event-url\" rel=\"bookmark\">\n\t\t\tSerie de seminarios web del Centro de Aceleraci\u00f3n de la Adaptaci\u00f3n: Desbloqueo de capital privado para la adaptaci\u00f3n clim\u00e1tica\t\t<\/a>\n\t<\/h3>\n\t<span class=\"tribe-event-date-start\">29 de abril a las 2:00 p.m.<\/span> - <span class=\"tribe-event-time\">15.30 h<\/span><\/div>\n<\/li>\n\t\t\t<li>\n\t\n<div class=\"tribe-related-events-thumbnail\">\n\t<a href=\"https:\/\/climate-hive.org\/es\/event\/climathon-organiser-training-2-systems-change\/\" class=\"url\" rel=\"bookmark\" tabindex=\"-1\" aria-hidden=\"true\"><img loading=\"lazy\" decoding=\"async\" width=\"1024\" height=\"683\" src=\"https:\/\/climate-hive.org\/wp-content\/uploads\/2026\/04\/Curitiba_Brazil_2mb-1-1024x683.jpg\" class=\"attachment-large size-large wp-post-image\" alt=\"\" \/><\/a>\n<\/div>\n\t<div class=\"tribe-related-event-info\">\n\t<h3 class=\"tribe-related-events-title\">\n\t\t<a href=\"https:\/\/climate-hive.org\/es\/event\/climathon-organiser-training-2-systems-change\/\" class=\"tribe-event-url\" rel=\"bookmark\">\n\t\t\tClimathon Formaci\u00f3n de organizadores #2: Del evento al cambio de sistemas\t\t<\/a>\n\t<\/h3>\n\t<span class=\"tribe-event-date-start\">5 de mayo @ 1:00 pm<\/span> - <span class=\"tribe-event-time\">14.30 h<\/span><\/div>\n<\/li>\n\t<\/ul>","protected":false},"excerpt":{"rendered":"<p>Acomp\u00e1\u00f1enos en la \u00faltima inmersi\u00f3n profunda de este a\u00f1o en las asociaciones p\u00fablico-privadas ecol\u00f3gicas. Exploraremos c\u00f3mo pueden colaborar las empresas con el sector p\u00fablico, destacando experiencias, aprendizajes y recomendaciones para seguir avanzando. [...]<\/p>","protected":false},"author":3,"featured_media":4604,"comment_status":"open","ping_status":"closed","template":"","meta":{"_acf_changed":false,"_tec_requires_first_save":false,"_bbp_topic_count":0,"_bbp_reply_count":0,"_bbp_total_topic_count":0,"_bbp_total_reply_count":0,"_bbp_voice_count":0,"_bbp_anonymous_reply_count":0,"_bbp_topic_count_hidden":0,"_bbp_reply_count_hidden":0,"_bbp_forum_subforum_count":0,"pmpro_default_level":"","inline_featured_image":false,"_price":"","_stock":"","_tribe_ticket_header":"","_tribe_default_ticket_provider":"TEC\\Tickets\\Commerce\\Module","_ticket_start_date":"","_ticket_end_date":"","_tribe_ticket_show_description":"","_tribe_ticket_show_not_going":false,"_tribe_ticket_use_global_stock":"1","_tribe_ticket_global_stock_level":"1000","_global_stock_mode":"","_global_stock_cap":"","_tribe_rsvp_for_event":"","_tribe_ticket_going_count":"","_tribe_ticket_not_going_count":"","_tribe_tickets_list":"[{\"id\":4753,\"type\":\"default\",\"title\":\"Deep Dive &#039;Unlocking green public-private partnerships&#039; registration\",\"description\":\"\",\"capacityType\":\"unlimited\",\"price\":\"0\",\"capacity\":\"\",\"available\":-1,\"sharedCapacity\":\"\",\"sold\":20,\"shareSold\":20,\"isShared\":true,\"currencyDecimalPoint\":\".\",\"currencyNumberOfDecimals\":2,\"currencyPosition\":\"postfix\",\"currencySymbol\":\"\\u20ac\",\"currencyThousandsSep\":\",\"}]","_tribe_ticket_has_attendee_info_fields":false,"_EventAllDay":false,"_EventTimezone":"Europe\/Berlin","_EventStartDate":"2025-12-02 16:00:00","_EventEndDate":"2025-12-02 17:30:00","_EventStartDateUTC":"2025-12-02 15:00:00","_EventEndDateUTC":"2025-12-02 16:30:00","_EventShowMap":false,"_EventShowMapLink":false,"_EventURL":"","_EventCost":"Free","_EventCostDescription":"","_EventCurrencySymbol":"\u20ac","_EventCurrencyCode":"EUR","_EventCurrencyPosition":"prefix","_EventDateTimeSeparator":"@","_EventTimeRangeSeparator":"-","_EventOrganizerID":[3881],"_EventVenueID":[],"_OrganizerEmail":"","_OrganizerPhone":"","_OrganizerWebsite":"","_VenueAddress":"","_VenueCity":"","_VenueCountry":"","_VenueProvince":"","_VenueState":"","_VenueZip":"","_VenuePhone":"","_VenueURL":"","_VenueStateProvince":"","_VenueLat":"","_VenueLng":"","_VenueShowMap":false,"_VenueShowMapLink":false,"_tribe_blocks_recurrence_rules":"","_tribe_blocks_recurrence_description":"","_tribe_blocks_recurrence_exclusions":"","_tribe_events_status":"","_tribe_events_status_reason":"","_tribe_events_is_hybrid":"","_tribe_events_is_virtual":"yes","_tribe_events_virtual_video_source":"video","_tribe_events_virtual_embed_video":"","_tribe_events_virtual_linked_button_text":"","_tribe_events_virtual_linked_button":"","_tribe_events_virtual_show_embed_at":"immediately","_tribe_events_virtual_show_embed_to":["logged-in"],"_tribe_events_virtual_show_on_event":"yes","_tribe_events_virtual_show_on_views":"yes","_tribe_events_virtual_url":"https:\/\/climate-kic-org.zoom.us\/j\/88647245729?pwd=2FBAyyYlyivnmHJopL8azuSXoJTev7.1","footnotes":"","_tec_slr_enabled":"","_tec_slr_layout":""},"tags":[139,196,65,75],"tribe_events_cat":[85,17,3,11,12,7],"class_list":["post-4752","tribe_events","type-tribe_events","status-publish","has-post-thumbnail","hentry","tag-deep-dive","tag-funding","tag-innovation","tag-public-private-partnerships","tribe_events_cat-community-event","tribe_events_cat-community-learn","tribe_events_cat-learning","tribe_events_cat-online","tribe_events_cat-organised-by-climate-kic","tribe_events_cat-webinar","pmpro-has-access","cat_community-event","cat_community-learn","cat_learning","cat_online","cat_organised-by-climate-kic","cat_webinar","tribe-events-virtual-event"],"acf":[],"ticketed":["tc","rsvp"],"_links":{"self":[{"href":"https:\/\/climate-hive.org\/es\/wp-json\/wp\/v2\/tribe_events\/4752","targetHints":{"allow":["GET"]}}],"collection":[{"href":"https:\/\/climate-hive.org\/es\/wp-json\/wp\/v2\/tribe_events"}],"about":[{"href":"https:\/\/climate-hive.org\/es\/wp-json\/wp\/v2\/types\/tribe_events"}],"author":[{"embeddable":true,"href":"https:\/\/climate-hive.org\/es\/wp-json\/wp\/v2\/users\/3"}],"replies":[{"embeddable":true,"href":"https:\/\/climate-hive.org\/es\/wp-json\/wp\/v2\/comments?post=4752"}],"version-history":[{"count":28,"href":"https:\/\/climate-hive.org\/es\/wp-json\/wp\/v2\/tribe_events\/4752\/revisions"}],"predecessor-version":[{"id":5902,"href":"https:\/\/climate-hive.org\/es\/wp-json\/wp\/v2\/tribe_events\/4752\/revisions\/5902"}],"wp:featuredmedia":[{"embeddable":true,"href":"https:\/\/climate-hive.org\/es\/wp-json\/wp\/v2\/media\/4604"}],"wp:attachment":[{"href":"https:\/\/climate-hive.org\/es\/wp-json\/wp\/v2\/media?parent=4752"}],"wp:term":[{"taxonomy":"post_tag","embeddable":true,"href":"https:\/\/climate-hive.org\/es\/wp-json\/wp\/v2\/tags?post=4752"},{"taxonomy":"tribe_events_cat","embeddable":true,"href":"https:\/\/climate-hive.org\/es\/wp-json\/wp\/v2\/tribe_events_cat?post=4752"}],"curies":[{"name":"wp","href":"https:\/\/api.w.org\/{rel}","templated":true}]}}