{"id":5276,"date":"2025-11-11T12:48:23","date_gmt":"2025-11-11T12:48:23","guid":{"rendered":"https:\/\/climate-hive.org\/?post_type=tribe_events&#038;p=5276"},"modified":"2025-11-11T13:23:59","modified_gmt":"2025-11-11T13:23:59","slug":"the-innovation-exchange-accelerating-smart-growth","status":"publish","type":"tribe_events","link":"https:\/\/climate-hive.org\/es\/event\/the-innovation-exchange-accelerating-smart-growth\/","title":{"rendered":"El Intercambio de Innovaci\u00f3n: Acelerar el crecimiento inteligente"},"content":{"rendered":"<div  class=\"tribe-events-schedule tribe-clearfix\" >\n\t<p class=\"tribe-events-schedule__datetime\">\n\t\t<span class=\"tribe-events-schedule__date tribe-events-schedule__date--start\">\n\t\t\t14 de noviembre de 2025\t\t<\/span>\n\n\t\t\t\t\t<span class=\"tribe-events-schedule__separator tribe-events-schedule__separator--date\">\n\t\t\t\t @ \t\t\t<\/span>\n\t\t\t<span class=\"tribe-events-schedule__time tribe-events-schedule__time--start\">\n\t\t\t\t9 de la ma\u00f1ana\t\t\t<\/span>\n\t\t\n\t\t\t\t\t\t\t\t\t<span class=\"tribe-events-schedule__separator tribe-events-schedule__separator--time\">\n\t\t\t\t\t - \t\t\t\t<\/span>\n\t\t\t\n\t\t\t\t\t\t\t<span class=\"tribe-events-schedule__time tribe-events-schedule__time--end\">\n\t\t\t\t\t18.00 h\t\t\t\t<\/span>\n\t\t\t\n\t\t\t\t\t\t<\/p>\n<\/div>\n\n\n<div class=\"tribe-events-event-image\"><img loading=\"lazy\" decoding=\"async\" width=\"2560\" height=\"1707\" src=\"https:\/\/climate-hive.org\/wp-content\/uploads\/2025\/11\/micaela-parente-Jd2XVXLQ0U-unsplash-scaled.jpg\" class=\"attachment-full size-full wp-post-image\" alt=\"\" srcset=\"https:\/\/climate-hive.org\/wp-content\/uploads\/2025\/11\/micaela-parente-Jd2XVXLQ0U-unsplash-scaled.jpg 2560w, https:\/\/climate-hive.org\/wp-content\/uploads\/2025\/11\/micaela-parente-Jd2XVXLQ0U-unsplash-300x200.jpg 300w, https:\/\/climate-hive.org\/wp-content\/uploads\/2025\/11\/micaela-parente-Jd2XVXLQ0U-unsplash-1024x683.jpg 1024w, https:\/\/climate-hive.org\/wp-content\/uploads\/2025\/11\/micaela-parente-Jd2XVXLQ0U-unsplash-768x512.jpg 768w, https:\/\/climate-hive.org\/wp-content\/uploads\/2025\/11\/micaela-parente-Jd2XVXLQ0U-unsplash-1536x1024.jpg 1536w, https:\/\/climate-hive.org\/wp-content\/uploads\/2025\/11\/micaela-parente-Jd2XVXLQ0U-unsplash-2048x1365.jpg 2048w\" sizes=\"auto, (max-width: 2560px) 100vw, 2560px\" \/><\/div>\n\n<p>Este acto de alto nivel reunir\u00e1 a 120 participantes del gobierno, el mundo acad\u00e9mico, la industria y el ecosistema de start-ups para explorar c\u00f3mo la Visi\u00f3n 2050 de Malta puede alinearse con las oportunidades que surjan de las Comunidades de Conocimiento e Innovaci\u00f3n del Instituto Europeo de Innovaci\u00f3n y Tecnolog\u00eda (IET).<\/p>\n<p>Le invitamos a registrar su asistencia <a href=\"https:\/\/hatch.mt\/innovation-exchange\/\">aqu\u00ed<\/a>.<\/p>\n<p>Entre los aspectos m\u00e1s destacados de la jornada figuran:<\/p>\n<ul>\n<li>Conferencias magistrales de personalidades destacadas de los ecosistemas de innovaci\u00f3n europeos y nacionales.<\/li>\n<li>Mesas redondas moderadas por expertos de renombre como Mark Laurence Zammit, Trudy Kerr y Jon Mallia:\n<ul>\n<li>Innovar para un futuro m\u00e1s verde<\/li>\n<li>Capacitar a las comunidades mediante la innovaci\u00f3n en bienestar social<\/li>\n<li>Crecimiento inteligente a trav\u00e9s de la innovaci\u00f3n<\/li>\n<\/ul>\n<\/li>\n<li>Exposiciones interactivas en las que se mostrar\u00e1n proyectos, nuevas empresas y soluciones que configuran el futuro de la innovaci\u00f3n en Malta.<\/li>\n<li>La movilidad urbana del IET, con demostraciones de c\u00f3mo la innovaci\u00f3n puede resolver de forma tangible los problemas de la sociedad.<\/li>\n<li>Copas y velada Deep Tech patrocinada por Deep Tech Foundry<\/li>\n<\/ul>\n<p>El acto est\u00e1 organizado por el EIT Community Hub Malta, impulsado por BusinessLabs &amp; Hatch, y cuenta con el apoyo del EIT Urban Mobility.<\/p>\n<p>\u00danase a nosotros para intercambiar ideas, iniciar colaboraciones y acelerar el viaje de Malta hacia un futuro m\u00e1s ecol\u00f3gico, socialmente empoderado y econ\u00f3micamente resistente a trav\u00e9s de la innovaci\u00f3n.<\/p>\n\n\t<div  class=\"tribe-block tribe-block__events-link\" >\n\t\t<div class=\"tribe-events tribe-common\">\n\t\t\t<div class=\"tribe-events-c-subscribe-dropdown__container\">\n\t\t\t\t<div class=\"tribe-events-c-subscribe-dropdown\">\n\t\t\t\t\t<div class=\"tribe-common-c-btn-border tribe-events-c-subscribe-dropdown__button\">\n\t\t\t\t\t\t<svg  class=\"tribe-common-c-svgicon tribe-common-c-svgicon--cal-export tribe-events-c-subscribe-dropdown__export-icon\"  xmlns=\"http:\/\/www.w3.org\/2000\/svg\" width=\"24\" height=\"24\" viewbox=\"0 0 24 24\" fill=\"none\">\n    <path\n        d=\"M9 6L12 3M12 3L15 6M12 3V13M7.00023 10C6.06835 10 5.60241 10 5.23486 10.1522C4.74481 10.3552 4.35523 10.7448 4.15224 11.2349C4 11.6024 4 12.0681 4 13V17.8C4 18.9201 4 19.4798 4.21799 19.9076C4.40973 20.2839 4.71547 20.5905 5.0918 20.7822C5.5192 21 6.07899 21 7.19691 21H16.8036C17.9215 21 18.4805 21 18.9079 20.7822C19.2842 20.5905 19.5905 20.2839 19.7822 19.9076C20 19.4802 20 18.921 20 17.8031V13C20 12.0681 19.9999 11.6024 19.8477 11.2349C19.6447 10.7448 19.2554 10.3552 18.7654 10.1522C18.3978 10 17.9319 10 17 10\"\n        stroke=\"#142930\" stroke-width=\"2\" stroke-linecap=\"round\" stroke-linejoin=\"round\"\/>\n<\/svg>\n\t\t\t\t\t\t<button\n\t\t\t\t\t\t\tclass=\"tribe-events-c-subscribe-dropdown__button-text\"\n\t\t\t\t\t\t\taria-expanded=\"false\"\n\t\t\t\t\t\t\taria-controls=\"tribe-events-subscribe-dropdown-content\"\n\t\t\t\t\t\t\taria-label=\"Ver enlaces para a\u00f1adir eventos al calendario\"\n\t\t\t\t\t\t>\n\t\t\t\t\t\t\tA\u00f1adir al calendario\t\t\t\t\t\t<\/button>\n\t\t\t\t\t\t<svg\n\t class=\"tribe-common-c-svgicon tribe-common-c-svgicon--caret-down tribe-events-c-subscribe-dropdown__button-icon\" \taria-hidden=\"true\"\n\tviewbox=\"0 0 10 7\"\n\txmlns=\"http:\/\/www.w3.org\/2000\/svg\"\n>\n\t<path fill-rule=\"evenodd\" clip-rule=\"evenodd\" d=\"M1.008.609L5 4.6 8.992.61l.958.958L5 6.517.05 1.566l.958-.958z\" class=\"tribe-common-c-svgicon__svg-fill\"\/>\n<\/svg>\n\t\t\t\t\t<\/div>\n\t\t\t\t\t<div id=\"tribe-events-subscribe-dropdown-content\" class=\"tribe-events-c-subscribe-dropdown__content\">\n\t\t\t\t\t\t<ul class=\"tribe-events-c-subscribe-dropdown__list\">\n\t\t\t\t\t\t\t\t\t\t\t\t\t\t\t<li class=\"tribe-events-c-subscribe-dropdown__list-item tribe-events-c-subscribe-dropdown__list-item--gcal\">\n\t\t\t\t\t\t\t\t\t<a\n\t\t\t\t\t\t\t\t\t\thref=\"https:\/\/www.google.com\/calendar\/event?action=TEMPLATE&#038;dates=20251114T090000\/20251114T180000&#038;text=The%20Innovation%20Exchange%3A%20Accelerating%20Smart%20Growth&#038;details=%3Cp%3EThis+high-level+event+will+gather+120+participants+from+government%2C+academia%2C+industry%2C+and+the+start-up+ecosystem+to+explore+how+Malta%E2%80%99s+Vision+2050+can+align+with+opportunities+emerging+from+the+European+Institute+of+Innovation+and+Technology+%28EIT%29+Knowledge+and+Innovation+Communities.%3C%2Fp%3E+%3Cp%3EYou+are+invited+to+register+your+attendance+%3Ca+href%3D%22https%3A%2F%2Fhatch.mt%2Finnovation-exchange%2F%22%3Ehere%3C%2Fa%3E.%3C%2Fp%3E+%3Cp%3EHighlights+of+the+day+include%3A%3C%2Fp%3E+%3Cul%3E%3Cli%3EKeynote+Addresses+from+leading+figures+in+European+and+national+innovation+ecosystems.%3C%2Fli%3E%3Cli%3EPanel+Discussions+moderated+by+renowned+experts+including+Mark+Laurence+Zammit%2C+Trudy+Kerr%2C+and+Jon+Mallia%2C+covering%3A%3Cul%3E%3Cli%3EInnovating+for+a+Greener+Future%3C%2Fli%3E%3Cli%3EEmpowering+Communities+through+Social+Wellness+Innovation%3C%2Fli%3E%3Cli%3ESmart+Growth+through+Innovation%3C%2Fli%3E%3C%2Ful%3E%3C%2Fli%3E%3Cli%3EInteractive+Exhibition+Stands+showcasing+projects%2C+start-ups%2C+and+solutions+shaping+Malta%E2%80%99s+innovation+future.%3C%2Fli%3E%3Cli%3ESpotlight+on+EIT+Urban+Mobili%3C%2Fli%3E%3C%2Ful%3E+%28Ver+aqu%C3%AD+la+descripci%C3%B3n+completa+de+evento%3A+https%3A%2F%2Fclimate-hive.org%2Fes%2Fevent%2Fthe-innovation-exchange-accelerating-smart-growth%2F%29&#038;location=Villa%20Arrigo,%20Malta,%20Malta&#038;trp=false&#038;ctz=Europe\/London&#038;sprop=website:https:\/\/climate-hive.org\/es\"\n\t\t\t\t\t\t\t\t\t\tclass=\"tribe-events-c-subscribe-dropdown__list-item-link\"\n\t\t\t\t\t\t\t\t\t\ttarget=\"_blank\"\n\t\t\t\t\t\t\t\t\t\trel=\"noopener noreferrer nofollow noindex\"\n\t\t\t\t\t\t\t\t\t>\n\t\t\t\t\t\t\t\t\t\tCalendario de Google\t\t\t\t\t\t\t\t\t<\/a>\n\t\t\t\t\t\t\t\t<\/li>\n\t\t\t\t\t\t\t\t\t\t\t\t\t\t\t<li class=\"tribe-events-c-subscribe-dropdown__list-item tribe-events-c-subscribe-dropdown__list-item--ical\">\n\t\t\t\t\t\t\t\t\t<a\n\t\t\t\t\t\t\t\t\t\thref=\"\"\n\t\t\t\t\t\t\t\t\t\tclass=\"tribe-events-c-subscribe-dropdown__list-item-link\"\n\t\t\t\t\t\t\t\t\t\ttarget=\"_blank\"\n\t\t\t\t\t\t\t\t\t\trel=\"noopener noreferrer nofollow noindex\"\n\t\t\t\t\t\t\t\t\t>\n\t\t\t\t\t\t\t\t\t\tiCalendar\t\t\t\t\t\t\t\t\t<\/a>\n\t\t\t\t\t\t\t\t<\/li>\n\t\t\t\t\t\t\t\t\t\t\t\t\t\t\t<li class=\"tribe-events-c-subscribe-dropdown__list-item tribe-events-c-subscribe-dropdown__list-item--outlook-365\">\n\t\t\t\t\t\t\t\t\t<a\n\t\t\t\t\t\t\t\t\t\thref=\"\"\n\t\t\t\t\t\t\t\t\t\tclass=\"tribe-events-c-subscribe-dropdown__list-item-link\"\n\t\t\t\t\t\t\t\t\t\ttarget=\"_blank\"\n\t\t\t\t\t\t\t\t\t\trel=\"noopener noreferrer nofollow noindex\"\n\t\t\t\t\t\t\t\t\t>\n\t\t\t\t\t\t\t\t\t\tOutlook 365\t\t\t\t\t\t\t\t\t<\/a>\n\t\t\t\t\t\t\t\t<\/li>\n\t\t\t\t\t\t\t\t\t\t\t\t\t\t\t<li class=\"tribe-events-c-subscribe-dropdown__list-item tribe-events-c-subscribe-dropdown__list-item--outlook-live\">\n\t\t\t\t\t\t\t\t\t<a\n\t\t\t\t\t\t\t\t\t\thref=\"\"\n\t\t\t\t\t\t\t\t\t\tclass=\"tribe-events-c-subscribe-dropdown__list-item-link\"\n\t\t\t\t\t\t\t\t\t\ttarget=\"_blank\"\n\t\t\t\t\t\t\t\t\t\trel=\"noopener noreferrer nofollow noindex\"\n\t\t\t\t\t\t\t\t\t>\n\t\t\t\t\t\t\t\t\t\tOutlook Live\t\t\t\t\t\t\t\t\t<\/a>\n\t\t\t\t\t\t\t\t<\/li>\n\t\t\t\t\t\t\t\t\t\t\t\t\t<\/ul>\n\t\t\t\t\t<\/div>\n\t\t\t\t<\/div>\n\t\t\t<\/div>\n\t\t<\/div>\n\t<\/div>\n\n\n\n<div  class=\"tribe-events-single-section tribe-events-event-meta primary tribe-clearfix\" >\n\t\n\t\n<div class=\"tribe-events-meta-group tribe-events-meta-group-details\">\n\t<h3 class=\"tribe-events-single-section-title\">\n\t\t\t\t\tDetalles\t\t\n\t<\/h3>\n\t<ul class=\"tribe-events-meta-list\">\n\n\t\t\n\t\t\t<li class=\"tribe-events-meta-item\">\n\t\t\t\t<span class=\"tribe-events-meta-label\">Fecha:<\/span>\n\t\t\t\t<span class=\"tribe-events-meta-value\">\n\t\t\t\t\t<abbr class=\"tribe-events-abbr tribe-events-start-date published dtstart\" title=\"2025-11-14\"> 14 de noviembre de 2025 <\/abbr>\n\t\t\t\t<\/span>\n\t\t\t<\/li>\n\n\t\t\t<li class=\"tribe-events-meta-item\">\n\t\t\t\t<span class=\"tribe-events-meta-label\">Hora:<\/span>\n\t\t\t\t<span class=\"tribe-events-meta-value\">\n\t\t\t\t\t<div class=\"tribe-events-abbr tribe-events-start-time published dtstart\" title=\"2025-11-14\">\n\t\t\t\t\t\t9:00 h - 18:00 h\t\t\t\t\t\t\t\t\t\t\t<\/div>\n\t\t\t\t<\/span>\n\t\t\t<\/li>\n\n\t\t\n\t\t\t\t\t<li class=\"tribe-events-meta-item\">\n\t\t\t\t<span class=\"tribe-events-meta-label\">Precio:<\/span>\n\t\t\t\t<span class=\"tribe-events-event-cost tribe-events-meta-value\"> Gratis <\/span>\n\t\t\t<\/li>\n\t\t\n\t\t\n\t\t<li class=\"tribe-events-meta-item\"><span class=\"tribe-events-event-categories-label tribe-events-meta-label\">Categor\u00eda del Evento:<\/span> <span class=\"tribe-events-event-categories tribe-events-meta-value\"><a href=\"https:\/\/climate-hive.org\/es\/events\/categoria\/conference\/\" rel=\"tag\">Conferencia<\/a><\/span><\/li>\n\t\t<li class=\"tribe-events-meta-item\"><span class=\"tribe-event-tags-label tribe-events-meta-label\">Etiquetas del Evento:<\/span><span class=\"tribe-event-tags tribe-events-meta-value\"><a href=\"https:\/\/climate-hive.org\/es\/events\/(\/?:tag)\/(%5B\/%5D\" rel=\"tag\">Econom\u00eda azul<\/a>, <a href=\"https:\/\/climate-hive.org\/es\/events\/(\/?:tag)\/(%5B\/%5D\" rel=\"tag\">IET<\/a>, <a href=\"https:\/\/climate-hive.org\/es\/events\/(\/?:tag)\/(%5B\/%5D\" rel=\"tag\">Econom\u00eda verde<\/a>, <a href=\"https:\/\/climate-hive.org\/es\/events\/(\/?:tag)\/(%5B\/%5D\" rel=\"tag\">Malta<\/a><\/span><\/li>\n\t\t\n\t\t\t<li class=\"tribe-events-meta-item\">\n\t\t\t\t<span class=\"tribe-events-meta-label\">Web:<\/span>\n\t\t\t\t<span class=\"tribe-events-event-url tribe-events-meta-value\"> <a href=\"https:\/\/hatch.mt\/innovation-exchange\/\" target=\"_self\" rel=\"external\">https:\/\/hatch.mt\/innovation-exchange\/<\/a> <\/span>\n\t\t\t<\/li>\n\t\t\n\t\t\t<\/ul>\n<\/div>\n\t\n<div class=\"tribe-events-meta-group tribe-events-meta-group-organizer\">\n\t<h3 class=\"tribe-events-single-section-title\">\n\t\t\t\t\tOrganizador\t\t\t<\/h3>\n\t<ul class=\"tribe-events-meta-list tribe-events-meta-list-organizer\">\n\t\t\t\t\t<li class=\"tribe-events-meta-item\">\n\t\t\t\t<span class=\"tribe-organizer tribe-events-meta-value\">\n\t\t\t\t\t<a href=\"https:\/\/climate-hive.org\/es\/organizador\/eit-community-hub-malta-2\/\" title=\"Centro Comunitario del IET en Malta\" target=\"_self\" rel=\"\">Centro Comunitario del IET en Malta<\/a>\t\t\t\t<\/span>\n\t\t\t<\/li>\n\t\t\t\t\t\t\t<li class=\"tribe-events-meta-item\">\n\t\t\t\t\t<span class=\"tribe-organizer-email-label tribe-events-meta-label\">\n\t\t\t\t\t\tCorreo electr\u00f3nico\t\t\t\t\t<\/span>\n\t\t\t\t\t<span class=\"tribe-organizer-email tribe-events-meta-value\">malta@eitcommunity.eu<\/span>\n\t\t\t\t<\/li>\n\t\t\t\t\t<\/ul>\n<\/div>\n\n\t<\/div>\n\n\n<div  class=\"tribe-block tribe-block__venue tribe-clearfix tribe-block__venue--has-map\" >\n\t\n\t\n<div class=\"tribe-block__venue__meta\">\n\t<div class=\"tribe-block__venue__name\">\n\t\t<h3><a href=\"https:\/\/climate-hive.org\/es\/local\/villa-arrigo-malta\/\" title=\"Villa Arrigo, Malta\">Villa Arrigo, Malta<\/a><\/h3>\n\t<\/div>\n\n\t\n\t\t\t\t\t\t<address class=\"tribe-block__venue__address\">\n\t\t\t\t<span class=\"tribe-address\">\n\n\n\n\n\n\t<span class=\"tribe-country-name\">Malta<\/span>\n\n<\/span>\n\n\t\t\t\t\t\t\t\t\t<a class=\"tribe-events-gmap\" href=\"https:\/\/maps.google.com\/maps?f=q&#038;source=s_q&#038;hl=en&#038;geocode=&#038;q=Malta\" title=\"Haz clic para ver un mapa de Google\" target=\"_blank\" rel=\"noreferrer noopener\">+ Mapa de Google<\/a>\t\t\t\t\t\t\t<\/address>\n\t\t\n\t\t\n\t\t\t\t\t<span class=\"tribe-block__venue__website\"><a href=\"https:\/\/www.villaarrigomalta.com\/\" target=\"_self\" rel=\"external\">Ver la web del Local<\/a><\/span><br \/>\n\t\t\t\n\t<\/div>\n\t\n<div class=\"tribe-block__venue__map\">\n\t\n<iframe loading=\"lazy\"\n  title=\"Iframe de Google Maps mostrando la direcci\u00f3n a Villa Arrigo, Malta\"\n  aria-label=\"Mapa de ubicaci\u00f3n del recinto\"\n  width=\"310px\"\n  height=\"256px\"\n  frameborder=\"0\" style=\"border:0\"\n  src=\"https:\/\/www.google.com\/maps\/embed\/v1\/place?key=AIzaSyDNsicAsP6-VuGtAb1O9riI3oc_NOb7IOU&#038;q=Malta+&#038;zoom=15\" allowfullscreen>\n<\/iframe>\n<\/div>\n\n\t<\/div>\n\n\n\n\n<h2 class=\"tribe-block__related-events__title\">Eventos Relacionados<\/h2>\n\n<ul  class=\"tribe-related-events tribe-clearfix\" >\n\t\t\t<li>\n\t\n<div class=\"tribe-related-events-thumbnail\">\n\t<a href=\"https:\/\/climate-hive.org\/es\/event\/hubs4circularity-community-of-practice-closing-conference\/\" class=\"url\" rel=\"bookmark\" tabindex=\"-1\" aria-hidden=\"true\"><img loading=\"lazy\" decoding=\"async\" width=\"1024\" height=\"767\" src=\"https:\/\/climate-hive.org\/wp-content\/uploads\/2026\/04\/venti-views-MsLhYi2Lihs-unsplash-1024x767.jpg\" class=\"attachment-large size-large wp-post-image\" alt=\"\" \/><\/a>\n<\/div>\n\t<div class=\"tribe-related-event-info\">\n\t<h3 class=\"tribe-related-events-title\">\n\t\t<a href=\"https:\/\/climate-hive.org\/es\/event\/hubs4circularity-community-of-practice-closing-conference\/\" class=\"tribe-event-url\" rel=\"bookmark\">\n\t\t\tComunidad de Pr\u00e1ctica Hubs4Circularity: conferencia de clausura\t\t<\/a>\n\t<\/h3>\n\t<span class=\"tribe-event-date-start\">27 de mayo a las 2:00 p. m.<\/span> - <span class=\"tribe-event-time\">18.00 h<\/span><\/div>\n<\/li>\n\t<\/ul>","protected":false},"excerpt":{"rendered":"<p>Este acto de alto nivel reunir\u00e1 a 120 participantes de la Administraci\u00f3n, el mundo acad\u00e9mico, la industria y el ecosistema de start-ups para explorar c\u00f3mo la Visi\u00f3n 2050 de Malta puede alinearse con las oportunidades que surjan del Instituto Europeo [...].<\/p>","protected":false},"author":31,"featured_media":5285,"comment_status":"open","ping_status":"closed","template":"","meta":{"_acf_changed":false,"_tec_requires_first_save":false,"_bbp_topic_count":0,"_bbp_reply_count":0,"_bbp_total_topic_count":0,"_bbp_total_reply_count":0,"_bbp_voice_count":0,"_bbp_anonymous_reply_count":0,"_bbp_topic_count_hidden":0,"_bbp_reply_count_hidden":0,"_bbp_forum_subforum_count":0,"pmpro_default_level":"","inline_featured_image":false,"_price":"","_stock":"","_tribe_ticket_header":"","_tribe_default_ticket_provider":"TEC\\Tickets\\Commerce\\Module","_ticket_start_date":"","_ticket_end_date":"","_tribe_ticket_show_description":"","_tribe_ticket_show_not_going":false,"_tribe_ticket_use_global_stock":"","_tribe_ticket_global_stock_level":"","_global_stock_mode":"","_global_stock_cap":"","_tribe_rsvp_for_event":"","_tribe_ticket_going_count":"","_tribe_ticket_not_going_count":"","_tribe_tickets_list":"[]","_tribe_ticket_has_attendee_info_fields":false,"_EventAllDay":false,"_EventTimezone":"Europe\/London","_EventStartDate":"2025-11-14 09:00:00","_EventEndDate":"2025-11-14 18:00:00","_EventStartDateUTC":"2025-11-14 09:00:00","_EventEndDateUTC":"2025-11-14 18:00:00","_EventShowMap":true,"_EventShowMapLink":true,"_EventURL":"https:\/\/hatch.mt\/innovation-exchange\/","_EventCost":"Free","_EventCostDescription":"","_EventCurrencySymbol":"","_EventCurrencyCode":"","_EventCurrencyPosition":"","_EventDateTimeSeparator":"","_EventTimeRangeSeparator":"","_EventOrganizerID":[5284],"_EventVenueID":[5279],"_OrganizerEmail":"","_OrganizerPhone":"","_OrganizerWebsite":"","_VenueAddress":"","_VenueCity":"","_VenueCountry":"","_VenueProvince":"","_VenueState":"","_VenueZip":"","_VenuePhone":"","_VenueURL":"","_VenueStateProvince":"","_VenueLat":"","_VenueLng":"","_VenueShowMap":false,"_VenueShowMapLink":false,"_tribe_blocks_recurrence_rules":"","_tribe_blocks_recurrence_description":"","_tribe_blocks_recurrence_exclusions":"","_tribe_events_status":"","_tribe_events_status_reason":"","_tribe_events_is_hybrid":"","_tribe_events_is_virtual":"","_tribe_events_virtual_video_source":"","_tribe_events_virtual_embed_video":"","_tribe_events_virtual_linked_button_text":"","_tribe_events_virtual_linked_button":"","_tribe_events_virtual_show_embed_at":"","_tribe_events_virtual_show_embed_to":[],"_tribe_events_virtual_show_on_event":"","_tribe_events_virtual_show_on_views":"","_tribe_events_virtual_url":"","footnotes":"","_tec_slr_enabled":"","_tec_slr_layout":""},"tags":[58,90,59,213],"tribe_events_cat":[9],"class_list":["post-5276","tribe_events","type-tribe_events","status-publish","has-post-thumbnail","hentry","tag-blue-economy","tag-eit","tag-green-economy","tag-malta","tribe_events_cat-conference","pmpro-has-access","cat_conference"],"acf":[],"ticketed":false,"_links":{"self":[{"href":"https:\/\/climate-hive.org\/es\/wp-json\/wp\/v2\/tribe_events\/5276","targetHints":{"allow":["GET"]}}],"collection":[{"href":"https:\/\/climate-hive.org\/es\/wp-json\/wp\/v2\/tribe_events"}],"about":[{"href":"https:\/\/climate-hive.org\/es\/wp-json\/wp\/v2\/types\/tribe_events"}],"author":[{"embeddable":true,"href":"https:\/\/climate-hive.org\/es\/wp-json\/wp\/v2\/users\/31"}],"replies":[{"embeddable":true,"href":"https:\/\/climate-hive.org\/es\/wp-json\/wp\/v2\/comments?post=5276"}],"version-history":[{"count":4,"href":"https:\/\/climate-hive.org\/es\/wp-json\/wp\/v2\/tribe_events\/5276\/revisions"}],"predecessor-version":[{"id":5292,"href":"https:\/\/climate-hive.org\/es\/wp-json\/wp\/v2\/tribe_events\/5276\/revisions\/5292"}],"wp:featuredmedia":[{"embeddable":true,"href":"https:\/\/climate-hive.org\/es\/wp-json\/wp\/v2\/media\/5285"}],"wp:attachment":[{"href":"https:\/\/climate-hive.org\/es\/wp-json\/wp\/v2\/media?parent=5276"}],"wp:term":[{"taxonomy":"post_tag","embeddable":true,"href":"https:\/\/climate-hive.org\/es\/wp-json\/wp\/v2\/tags?post=5276"},{"taxonomy":"tribe_events_cat","embeddable":true,"href":"https:\/\/climate-hive.org\/es\/wp-json\/wp\/v2\/tribe_events_cat?post=5276"}],"curies":[{"name":"wp","href":"https:\/\/api.w.org\/{rel}","templated":true}]}}