{"id":5511,"date":"2025-11-18T17:17:20","date_gmt":"2025-11-18T17:17:20","guid":{"rendered":"https:\/\/climate-hive.org\/?post_type=tribe_events&#038;p=5511"},"modified":"2025-11-18T17:18:24","modified_gmt":"2025-11-18T17:18:24","slug":"policy-lab-efficient-circular-and-affordable-housing","status":"publish","type":"tribe_events","link":"https:\/\/climate-hive.org\/es\/event\/policy-lab-efficient-circular-and-affordable-housing\/","title":{"rendered":"Laboratorio de pol\u00edticas: Vivienda eficiente, circular y asequible"},"content":{"rendered":"<div  class=\"tribe-events-schedule tribe-clearfix\" >\n\t<p class=\"tribe-events-schedule__datetime\">\n\t\t<span class=\"tribe-events-schedule__date tribe-events-schedule__date--start\">\n\t\t\t4 de diciembre de 2025\t\t<\/span>\n\n\t\t\t\t\t<span class=\"tribe-events-schedule__separator tribe-events-schedule__separator--date\">\n\t\t\t\t@\t\t\t<\/span>\n\t\t\t<span class=\"tribe-events-schedule__time tribe-events-schedule__time--start\">\n\t\t\t\t13:00 h\t\t\t<\/span>\n\t\t\n\t\t\t\t\t\t\t\t\t<span class=\"tribe-events-schedule__separator tribe-events-schedule__separator--time\">\n\t\t\t\t\t-\t\t\t\t<\/span>\n\t\t\t\n\t\t\t\t\t\t\t<span class=\"tribe-events-schedule__time tribe-events-schedule__time--end\">\n\t\t\t\t\t17.30 h\t\t\t\t<\/span>\n\t\t\t\n\t\t\t\t\t\t\t<span class=\"tribe-events-schedule__timezone\">CET<\/span>\n\t\t\t\t\t\t<\/p>\n<\/div>\n\n\n\n<p>En ciudades y comunidades de toda la UE, ofrecer viviendas asequibles es un imperativo social, econ\u00f3mico y pol\u00edtico urgente. Satisfacer esta demanda exige soluciones rentables y preparadas para el futuro.<\/p>\n\n\n\n<p>Aprovechar los cobeneficios de las viviendas circulares, energ\u00e9ticamente eficientes y resilientes al clima -como menores costes energ\u00e9ticos y de mantenimiento, mayor asegurabilidad y menores riesgos clim\u00e1ticos- puede hacer que las viviendas sean m\u00e1s asequibles a largo plazo y abrir la puerta a soluciones innovadoras, colaborativas y sist\u00e9micas.<\/p>\n\n\n\n<p>Para ello, la<a href=\"https:\/\/research-and-innovation.ec.europa.eu\/funding\/funding-opportunities\/funding-programmes-and-open-calls\/horizon-europe\/eu-missions-horizon-europe\/climate-neutral-and-smart-cities_en\"> <\/a><a href=\"https:\/\/research-and-innovation.ec.europa.eu\/funding\/funding-opportunities\/funding-programmes-and-open-calls\/horizon-europe\/eu-missions-horizon-europe\/climate-neutral-and-smart-cities_en\">Misi\u00f3n de Ciudades de la UE<\/a><a href=\"https:\/\/research-and-innovation.ec.europa.eu\/funding\/funding-opportunities\/funding-programmes-and-open-calls\/horizon-europe\/eu-missions-horizon-europe\/climate-neutral-and-smart-cities_en\"> <\/a>compromete a las empresas y la industria europeas a traducir los Planes de Acci\u00f3n e Inversi\u00f3n de las Ciudades Misi\u00f3n en <strong>demanda espec\u00edfica, cuantificada y agregada <\/strong>para materiales y tecnolog\u00edas ecol\u00f3gicos, infraestructuras, fabricaci\u00f3n, log\u00edstica, soluciones digitales interoperables y modelos empresariales ecol\u00f3gicos.<strong> De este modo, podemos acelerar la formaci\u00f3n de mercados l\u00edderes europeos y mejorar la competitividad <\/strong>a trav\u00e9s de la resiliencia a los choques clim\u00e1ticos y econ\u00f3micos.<\/p>\n\n\n\n<p>Empleando un innovador enfoque de laboratorio de impacto pol\u00edtico, en esta sesi\u00f3n Climate KIC, en colaboraci\u00f3n con Huge Thing e IRMIR (Instituto para el Desarrollo de Ciudades y Regiones), reunir\u00e1 a representantes clave del ecosistema europeo del entorno construido... <strong>responsables pol\u00edticos, industria, innovadores, gobiernos locales, expertos en la materia<\/strong> - para empezar a abordar cuestiones relacionadas con la vivienda (especialmente en t\u00e9rminos de renovaci\u00f3n o nueva construcci\u00f3n) de una manera orientada a la pr\u00e1ctica. Estos representantes trabajar\u00e1n para encontrar soluciones a los problemas, identificar las lagunas y crear un espacio para que los participantes reconozcan tanto las oportunidades como las limitaciones, con el fin de explorar conjuntamente v\u00edas y proyectos para seguir avanzando.<\/p>\n\n\n\n<ul class=\"wp-block-list\">\n<li>[<strong>Modelos de negocio<\/strong>] \u00bfEn qu\u00e9 \u00e1mbitos <strong>circularidad y eficiencia<\/strong> \u00bfCo-beneficios de la asequibilidad? \u00bfC\u00f3mo maximizar este potencial?<\/li>\n\n\n\n<li>[<strong>Innovaciones<\/strong>] \u00bfC\u00f3mo puede <strong>alternativo e innovador <\/strong>(como las obras con cero emisiones, la construcci\u00f3n a distancia, las innovaciones en gesti\u00f3n energ\u00e9tica, etc.)?<\/li>\n\n\n\n<li>[<strong>Costes<\/strong>] \u00bfCu\u00e1les son los <strong>principales factores de coste <\/strong>que limitan el potencial de renovaci\u00f3n de edificios y nuevas construcciones de forma asequible y sostenible, y c\u00f3mo pueden abordarse?<\/li>\n\n\n\n<li>[<strong>Costes]<\/strong> \u00bfEn qu\u00e9 medida puede <strong>instrumentos financieros innovadores<\/strong> (por ejemplo, garant\u00edas, deuda subordinada, modelos de pago por ahorro, etc.) equilibran la viabilidad a corto plazo con la sostenibilidad a largo plazo?<\/li>\n\n\n\n<li>[<strong>Residuos<\/strong>] \u00bfDe qu\u00e9 manera podr\u00eda <strong>residuos de construcci\u00f3n y demolici\u00f3n <\/strong>pasar de ser una carga econ\u00f3mica a una fuente fiable de materiales secundarios?<\/li>\n\n\n\n<li>[<strong>Residuos<\/strong>] \u00bfC\u00f3mo podr\u00eda <strong>materiales circulares y bajos en carbono<\/strong>, Por ejemplo, el cemento con bajo contenido de cl\u00ednker o el acero de segunda mano.<\/li>\n\n\n\n<li>[<strong>Reglamento<\/strong>] Qu\u00e9 <strong>innovaciones en las pol\u00edticas de la UE <\/strong><strong>(configuraci\u00f3n y aplicaci\u00f3n) o normas<\/strong> \u00bfpueden aliviar los problemas de asequibilidad sin sacrificar la sostenibilidad?<\/li>\n\n\n\n<li>[<strong>Datos<\/strong>] \u00bfC\u00f3mo puede<strong> datos (gobernanza y uso), digitalizaci\u00f3n e IA <\/strong>para impulsar la sostenibilidad y la asequibilidad?<\/li>\n\n\n\n<li>[<strong>Habilidades<\/strong>] \u00bfCu\u00e1les son los <strong>competencias y capacidades clave <\/strong>falta tanto entre los trabajadores como entre las empresas. \u00bfQu\u00e9 tipos de asociaciones o modelos son necesarios para salvar la brecha r\u00e1pidamente y poder cosechar los beneficios competitivos de la transformaci\u00f3n y la innovaci\u00f3n?&nbsp;<\/li>\n<\/ul>\n\n\n\n<h4 class=\"wp-block-heading\"><strong>Agenda<\/strong><\/h4>\n\n\n\n<p>13:00 - 13:30<strong> Inscripci\u00f3n y redes<\/strong><\/p>\n\n\n\n<p>13:30 - 14:15 <\/p>\n\n\n\n<p><strong>Palabras de bienvenida de los organizadores<\/strong><\/p>\n\n\n\n<ul class=\"wp-block-list\">\n<li><strong>Katarzyna Ba\u0142ucka-D\u0119bska<\/strong>, Jefe de Pol\u00edtica y Asuntos de la UE, Climate KIC<\/li>\n\n\n\n<li><strong>Maryla Wojcieszek<\/strong>, Vicepresidente y copropietario de Huge Thing<\/li>\n<\/ul>\n\n\n\n<p><strong>Discurso de apertura: <\/strong><\/p>\n\n\n\n<ul class=\"wp-block-list\">\n<li><strong>Datos aplicados a nivel de barrio: El caso del Pasaporte de la Construcci\u00f3n del Pa\u00eds Vasco<\/strong><br><strong>Andoni Hidalgo<\/strong>, Climate KIC \/ Agenda Urbana Vasca, Asesora de Asuntos Internacionales<br><strong>Ander Bilbao Figuero<\/strong>, Ciclica<\/li>\n\n\n\n<li><strong>El caso de Oslo - La contrataci\u00f3n p\u00fablica al servicio de la creaci\u00f3n de mercados l\u00edderes<\/strong><br><strong>Przemys\u0142aw Derwich <\/strong>&amp; <strong>Pawe\u0142 Kaczkan<\/strong>, Clima KIC<\/li>\n\n\n\n<li><strong>Estudio de un caso polaco<\/strong><\/li>\n\n\n\n<li><strong>Puntos de vista del mercado<\/strong><br>Representantes de <strong>ROBYG SA<\/strong> &amp; <strong>Vantage SA<\/strong><\/li>\n<\/ul>\n\n\n\n<p>14:15 - 15:45 <strong>Debates de laboratorio y preguntas y respuestas<\/strong><\/p>\n\n\n\n<p>Los participantes participar\u00e1n en debates de laboratorio centrados en las soluciones, dise\u00f1ados para ir m\u00e1s all\u00e1 de las observaciones secuenciales y la definici\u00f3n de problemas, fomentando el intercambio pr\u00e1ctico y la cocreaci\u00f3n de soluciones. Entre los temas de debate figuran:<\/p>\n\n\n\n<ul class=\"wp-block-list\">\n<li>Aprovechar la contrataci\u00f3n y la financiaci\u00f3n p\u00fablicas<\/li>\n\n\n\n<li>Soluciones circulares<\/li>\n\n\n\n<li>Utilizaci\u00f3n de datos y herramientas digitales<\/li>\n\n\n\n<li>Mejorar la eficiencia energ\u00e9tica<\/li>\n\n\n\n<li>Desarrollar las competencias y capacidades de los trabajadores y las empresas<\/li>\n<\/ul>\n\n\n\n<p>15:45 - 16:00 <strong>Res\u00famenes de las mesas redondas y clausura<\/strong><\/p>\n\n\n\n<p>16:00 - 17:30 <strong>Red<\/strong><\/p>\n\n\n<div  class=\"tribe-block tribe-block__event-website\" >\n\t<a\n\t\thref=\"https:\/\/forms.office.com\/Pages\/ResponsePage.aspx?id=OYmBKPsKskS2wo6wpXzKZKgV2Rw68UZIka9ONcis7tJUMFFGWktEQjBES1pZSlJLSUdHR0xPMU5YWC4u\"\n\t\ttarget=\"_self\"\n\t\t\t>\n\t\tASEGURA TU PLAZA\t<\/a>\n<\/div>\n\n\n<div  class=\"tribe-block tribe-block__organizer__details tribe-clearfix\" >\n    <h4>Datos del organizador<\/h4>\n\t<div class=\"tribe-block__organizer__title\">\n\t\t<h3><a href=\"https:\/\/climate-hive.org\/es\/organizador\/climate-kic-community\/\" title=\"Climate KIC Community\" target=\"_self\" rel=\"\">Climate KIC Community<\/a><\/h3>\n\t<\/div>\n\t\t\t\t<p class=\"tribe-block__organizer__website\"><a href=\"https:\/\/climate-hive.org\/es\/\" target=\"_self\" rel=\"external\">Ver la web del Organizador<\/a><\/p>\n\t\t\t\t<p class=\"tribe-block__organizer__email\">community@climate-kic.org<\/p>\n\t<\/div>\n\n\n<div  class=\"tribe-block tribe-block__venue tribe-clearfix tribe-block__venue--has-map\" >\n\t\n\t\n<div class=\"tribe-block__venue__meta\">\n\t<div class=\"tribe-block__venue__name\">\n\t\t<h3><a href=\"https:\/\/climate-hive.org\/es\/local\/google-for-startups-campus-centrum-praskie-koneser\/\" title=\"Campus Google for Startups, Centro Praskie Koneser\">Campus Google for Startups, Centro Praskie Koneser<\/a><\/h3>\n\t<\/div>\n\n\t\n\t\t\t\t\t\t<address class=\"tribe-block__venue__address\">\n\t\t\t\t<span class=\"tribe-address\">\n\n<span class=\"tribe-street-address\">Plac Konesera 10<\/span>\n\t\n\t\t<br>\n\t\t<span class=\"tribe-locality\">Varsovia<\/span><span class=\"tribe-delimiter\">,<\/span>\n\n\n\t<span class=\"tribe-postal-code\">03-736<\/span>\n\n\t<span class=\"tribe-country-name\">Polonia<\/span>\n\n<\/span>\n\n\t\t\t\t\t\t\t\t\t<a class=\"tribe-events-gmap\" href=\"https:\/\/maps.google.com\/maps?f=q&#038;source=s_q&#038;hl=en&#038;geocode=&#038;q=Plac+Konesera+10+Warsaw+03-736+Poland\" title=\"Haz clic para ver un mapa de Google\" target=\"_blank\" rel=\"noreferrer noopener\">+ Mapa de Google<\/a>\t\t\t\t\t\t\t<\/address>\n\t\t\n\t\t\n\t\t\t\n\t<\/div>\n\t\n<div class=\"tribe-block__venue__map\">\n\t\n<iframe loading=\"lazy\"\n  title=\"Iframe de Google Maps mostrando la direcci\u00f3n a Google for Startups Campus, Centrum Praskie Koneser\"\n  aria-label=\"Mapa de ubicaci\u00f3n del recinto\"\n  width=\"310px\"\n  height=\"256px\"\n  frameborder=\"0\" style=\"border:0\"\n  src=\"https:\/\/www.google.com\/maps\/embed\/v1\/place?key=AIzaSyDNsicAsP6-VuGtAb1O9riI3oc_NOb7IOU&#038;q=Plac+Konesera+10+Warsaw+03-736+Poland+&#038;zoom=15\" allowfullscreen>\n<\/iframe>\n<\/div>\n\n\t<\/div>\n\n\n\t<div  class=\"tribe-block tribe-block__events-link\" >\n\t\t<div class=\"tribe-events tribe-common\">\n\t\t\t<div class=\"tribe-events-c-subscribe-dropdown__container\">\n\t\t\t\t<div class=\"tribe-events-c-subscribe-dropdown\">\n\t\t\t\t\t<div class=\"tribe-common-c-btn-border tribe-events-c-subscribe-dropdown__button\">\n\t\t\t\t\t\t<svg  class=\"tribe-common-c-svgicon tribe-common-c-svgicon--cal-export tribe-events-c-subscribe-dropdown__export-icon\"  xmlns=\"http:\/\/www.w3.org\/2000\/svg\" width=\"24\" height=\"24\" viewbox=\"0 0 24 24\" fill=\"none\">\n    <path\n        d=\"M9 6L12 3M12 3L15 6M12 3V13M7.00023 10C6.06835 10 5.60241 10 5.23486 10.1522C4.74481 10.3552 4.35523 10.7448 4.15224 11.2349C4 11.6024 4 12.0681 4 13V17.8C4 18.9201 4 19.4798 4.21799 19.9076C4.40973 20.2839 4.71547 20.5905 5.0918 20.7822C5.5192 21 6.07899 21 7.19691 21H16.8036C17.9215 21 18.4805 21 18.9079 20.7822C19.2842 20.5905 19.5905 20.2839 19.7822 19.9076C20 19.4802 20 18.921 20 17.8031V13C20 12.0681 19.9999 11.6024 19.8477 11.2349C19.6447 10.7448 19.2554 10.3552 18.7654 10.1522C18.3978 10 17.9319 10 17 10\"\n        stroke=\"#142930\" stroke-width=\"2\" stroke-linecap=\"round\" stroke-linejoin=\"round\"\/>\n<\/svg>\n\t\t\t\t\t\t<button\n\t\t\t\t\t\t\tclass=\"tribe-events-c-subscribe-dropdown__button-text\"\n\t\t\t\t\t\t\taria-expanded=\"false\"\n\t\t\t\t\t\t\taria-controls=\"tribe-events-subscribe-dropdown-content\"\n\t\t\t\t\t\t\taria-label=\"Ver enlaces para a\u00f1adir eventos al calendario\"\n\t\t\t\t\t\t>\n\t\t\t\t\t\t\tA\u00f1adir al calendario\t\t\t\t\t\t<\/button>\n\t\t\t\t\t\t<svg\n\t class=\"tribe-common-c-svgicon tribe-common-c-svgicon--caret-down tribe-events-c-subscribe-dropdown__button-icon\" \taria-hidden=\"true\"\n\tviewbox=\"0 0 10 7\"\n\txmlns=\"http:\/\/www.w3.org\/2000\/svg\"\n>\n\t<path fill-rule=\"evenodd\" clip-rule=\"evenodd\" d=\"M1.008.609L5 4.6 8.992.61l.958.958L5 6.517.05 1.566l.958-.958z\" class=\"tribe-common-c-svgicon__svg-fill\"\/>\n<\/svg>\n\t\t\t\t\t<\/div>\n\t\t\t\t\t<div id=\"tribe-events-subscribe-dropdown-content\" class=\"tribe-events-c-subscribe-dropdown__content\">\n\t\t\t\t\t\t<ul class=\"tribe-events-c-subscribe-dropdown__list\">\n\t\t\t\t\t\t\t\t\t\t\t\t\t\t\t<li class=\"tribe-events-c-subscribe-dropdown__list-item tribe-events-c-subscribe-dropdown__list-item--gcal\">\n\t\t\t\t\t\t\t\t\t<a\n\t\t\t\t\t\t\t\t\t\thref=\"https:\/\/www.google.com\/calendar\/event?action=TEMPLATE&#038;dates=20251204T130000\/20251204T173000&#038;text=Policy%20Lab%3A%20Efficient%2C%20Circular%20and%20Affordable%20Housing&#038;details=%3Cp%3EIn+cities+and+communities+across+the+EU%2C+delivering+affordable+housing+is+an+urgent+social%2C+economic%2C+and+political+imperative.+Meeting+this+demand+requires+solutions+that+are+both+cost-%26nbsp%3Beffective+and+future-proof.%3C%2Fp%3E+%3Cp%3ELeveraging+the+co-benefits+of+circular%2C+energy-efficient%2C+and+climate-resilient+housing+%E2%80%93+such+as%26nbsp%3Blower+energy+and+maintenance+costs%2C+greater+insurability%2C+and+reduced+climate+risks+%E2%80%93+can+make+homes+more+affordable+in+the+long+run+and+open+the+door+to+innovative%2C+collaborative%2C+and%26nbsp%3Bsystemic+solutions.%3C%2Fp%3E+%3Cp%3ETo+this+end%2C+the%3Ca+href%3D%22https%3A%2F%2Fresearch-and-innovation.ec.europa.eu%2Ffunding%2Ffunding-opportunities%2Ffunding-programmes-and-open-calls%2Fhorizon-europe%2Feu-missions-horizon-europe%2Fclimate-neutral-and-smart-cities_en%22%3E+%3C%2Fa%3E%3Ca+href%3D%22https%3A%2F%2Fresearch-and-innovation.ec.europa.eu%2Ffunding%2Ffunding-opportunities%2Ffunding-programmes-and-open-calls%2Fhorizon-europe%2Feu-missions-horizon-europe%2Fclimate-neutral-and-smart-cities_en%22%3EEU+Cities+Missio%3C%2Fa%3E%3C%2Fp%3E+%28Ver+aqu%C3%AD+la+descripci%C3%B3n+completa+de+evento%3A+https%3A%2F%2Fclimate-hive.org%2Fes%2Fevent%2Fpolicy-lab-efficient-circular-and-affordable-housing%2F%29&#038;location=Google%20for%20Startups%20Campus,%20Centrum%20Praskie%20Koneser,%20Plac%20Konesera%2010,%20Warsaw,%2003-736,%20Poland&#038;trp=false&#038;ctz=Europe\/Warsaw&#038;sprop=website:https:\/\/climate-hive.org\/es\"\n\t\t\t\t\t\t\t\t\t\tclass=\"tribe-events-c-subscribe-dropdown__list-item-link\"\n\t\t\t\t\t\t\t\t\t\ttarget=\"_blank\"\n\t\t\t\t\t\t\t\t\t\trel=\"noopener noreferrer nofollow noindex\"\n\t\t\t\t\t\t\t\t\t>\n\t\t\t\t\t\t\t\t\t\tCalendario de Google\t\t\t\t\t\t\t\t\t<\/a>\n\t\t\t\t\t\t\t\t<\/li>\n\t\t\t\t\t\t\t\t\t\t\t\t\t\t\t<li class=\"tribe-events-c-subscribe-dropdown__list-item tribe-events-c-subscribe-dropdown__list-item--ical\">\n\t\t\t\t\t\t\t\t\t<a\n\t\t\t\t\t\t\t\t\t\thref=\"\"\n\t\t\t\t\t\t\t\t\t\tclass=\"tribe-events-c-subscribe-dropdown__list-item-link\"\n\t\t\t\t\t\t\t\t\t\ttarget=\"_blank\"\n\t\t\t\t\t\t\t\t\t\trel=\"noopener noreferrer nofollow noindex\"\n\t\t\t\t\t\t\t\t\t>\n\t\t\t\t\t\t\t\t\t\tiCalendar\t\t\t\t\t\t\t\t\t<\/a>\n\t\t\t\t\t\t\t\t<\/li>\n\t\t\t\t\t\t\t\t\t\t\t\t\t\t\t<li class=\"tribe-events-c-subscribe-dropdown__list-item tribe-events-c-subscribe-dropdown__list-item--outlook-365\">\n\t\t\t\t\t\t\t\t\t<a\n\t\t\t\t\t\t\t\t\t\thref=\"\"\n\t\t\t\t\t\t\t\t\t\tclass=\"tribe-events-c-subscribe-dropdown__list-item-link\"\n\t\t\t\t\t\t\t\t\t\ttarget=\"_blank\"\n\t\t\t\t\t\t\t\t\t\trel=\"noopener noreferrer nofollow noindex\"\n\t\t\t\t\t\t\t\t\t>\n\t\t\t\t\t\t\t\t\t\tOutlook 365\t\t\t\t\t\t\t\t\t<\/a>\n\t\t\t\t\t\t\t\t<\/li>\n\t\t\t\t\t\t\t\t\t\t\t\t\t\t\t<li class=\"tribe-events-c-subscribe-dropdown__list-item tribe-events-c-subscribe-dropdown__list-item--outlook-live\">\n\t\t\t\t\t\t\t\t\t<a\n\t\t\t\t\t\t\t\t\t\thref=\"\"\n\t\t\t\t\t\t\t\t\t\tclass=\"tribe-events-c-subscribe-dropdown__list-item-link\"\n\t\t\t\t\t\t\t\t\t\ttarget=\"_blank\"\n\t\t\t\t\t\t\t\t\t\trel=\"noopener noreferrer nofollow noindex\"\n\t\t\t\t\t\t\t\t\t>\n\t\t\t\t\t\t\t\t\t\tOutlook Live\t\t\t\t\t\t\t\t\t<\/a>\n\t\t\t\t\t\t\t\t<\/li>\n\t\t\t\t\t\t\t\t\t\t\t\t\t<\/ul>\n\t\t\t\t\t<\/div>\n\t\t\t\t<\/div>\n\t\t\t<\/div>\n\t\t<\/div>\n\t<\/div>\n\n\n\n<h2 class=\"tribe-block__related-events__title\">Eventos Relacionados<\/h2>\n\n<ul  class=\"tribe-related-events tribe-clearfix\" >\n\t\t\t<li>\n\t\n<div class=\"tribe-related-events-thumbnail\">\n\t<a href=\"https:\/\/climate-hive.org\/es\/event\/climathon-organiser-training-2-systems-change\/\" class=\"url\" rel=\"bookmark\" tabindex=\"-1\" aria-hidden=\"true\"><img loading=\"lazy\" decoding=\"async\" width=\"1024\" height=\"683\" src=\"https:\/\/climate-hive.org\/wp-content\/uploads\/2026\/04\/Curitiba_Brazil_2mb-1-1024x683.jpg\" class=\"attachment-large size-large wp-post-image\" alt=\"\" \/><\/a>\n<\/div>\n\t<div class=\"tribe-related-event-info\">\n\t<h3 class=\"tribe-related-events-title\">\n\t\t<a href=\"https:\/\/climate-hive.org\/es\/event\/climathon-organiser-training-2-systems-change\/\" class=\"tribe-event-url\" rel=\"bookmark\">\n\t\t\tClimathon Formaci\u00f3n de organizadores #2: Del evento al cambio de sistemas\t\t<\/a>\n\t<\/h3>\n\t<span class=\"tribe-event-date-start\">5 de mayo @ 1:00 pm<\/span> - <span class=\"tribe-event-time\">14.30 h<\/span><\/div>\n<\/li>\n\t\t\t<li>\n\t\n<div class=\"tribe-related-events-thumbnail\">\n\t<a href=\"https:\/\/climate-hive.org\/es\/event\/insights-green-and-digital-for-small-businesses\/\" class=\"url\" rel=\"bookmark\" tabindex=\"-1\" aria-hidden=\"true\"><img loading=\"lazy\" decoding=\"async\" width=\"1024\" height=\"576\" src=\"https:\/\/climate-hive.org\/wp-content\/uploads\/2026\/04\/getty-images-Sf2MBY7xIkY-unsplash-1024x576.jpg\" class=\"attachment-large size-large wp-post-image\" alt=\"\" \/><\/a>\n<\/div>\n\t<div class=\"tribe-related-event-info\">\n\t<h3 class=\"tribe-related-events-title\">\n\t\t<a href=\"https:\/\/climate-hive.org\/es\/event\/insights-green-and-digital-for-small-businesses\/\" class=\"tribe-event-url\" rel=\"bookmark\">\n\t\t\tPerspectivas: Verde y digital. Lo que significa para las peque\u00f1as empresas en la pr\u00e1ctica\u00a0\t\t<\/a>\n\t<\/h3>\n\t<span class=\"tribe-event-date-start\">6 de mayo @ 2:00 p. m.<\/span> - <span class=\"tribe-event-time\">15.00 h<\/span><\/div>\n<\/li>\n\t\t\t<li>\n\t\n<div class=\"tribe-related-events-thumbnail\">\n\t<a href=\"https:\/\/climate-hive.org\/es\/event\/how-to-evolve-global-book-tour\/\" class=\"url\" rel=\"bookmark\" tabindex=\"-1\" aria-hidden=\"true\"><img loading=\"lazy\" decoding=\"async\" width=\"1024\" height=\"576\" src=\"https:\/\/climate-hive.org\/wp-content\/uploads\/2026\/04\/How_to_Evolve_Copenhagen_2x-2100x1181-1-1024x576.png\" class=\"attachment-large size-large wp-post-image\" alt=\"\" \/><\/a>\n<\/div>\n\t<div class=\"tribe-related-event-info\">\n\t<h3 class=\"tribe-related-events-title\">\n\t\t<a href=\"https:\/\/climate-hive.org\/es\/event\/how-to-evolve-global-book-tour\/\" class=\"tribe-event-url\" rel=\"bookmark\">\n\t\t\tC\u00f3mo evolucionar \u2013 Gira mundial del libro\t\t<\/a>\n\t<\/h3>\n\t<span class=\"tribe-event-date-start\">11 de mayo a las 9:30 am<\/span> - <span class=\"tribe-event-date-end\">12 de mayo a las 8:30 p.m.<\/span><\/div>\n<\/li>\n\t<\/ul>","protected":false},"excerpt":{"rendered":"<p>En ciudades y comunidades de toda la UE, ofrecer viviendas asequibles es un imperativo social, econ\u00f3mico y pol\u00edtico urgente. Satisfacer esta demanda exige soluciones rentables y preparadas para el futuro. Aprovechar [...]<\/p>","protected":false},"author":3,"featured_media":5514,"comment_status":"open","ping_status":"closed","template":"","meta":{"_acf_changed":false,"_tec_requires_first_save":false,"_bbp_topic_count":0,"_bbp_reply_count":0,"_bbp_total_topic_count":0,"_bbp_total_reply_count":0,"_bbp_voice_count":0,"_bbp_anonymous_reply_count":0,"_bbp_topic_count_hidden":0,"_bbp_reply_count_hidden":0,"_bbp_forum_subforum_count":0,"pmpro_default_level":"","inline_featured_image":false,"_price":"","_stock":"","_tribe_ticket_header":"","_tribe_default_ticket_provider":"TEC\\Tickets\\Commerce\\Module","_ticket_start_date":"","_ticket_end_date":"","_tribe_ticket_show_description":"","_tribe_ticket_show_not_going":false,"_tribe_ticket_use_global_stock":"","_tribe_ticket_global_stock_level":"","_global_stock_mode":"","_global_stock_cap":"","_tribe_rsvp_for_event":"","_tribe_ticket_going_count":"","_tribe_ticket_not_going_count":"","_tribe_tickets_list":"[]","_tribe_ticket_has_attendee_info_fields":false,"_EventAllDay":false,"_EventTimezone":"Europe\/Warsaw","_EventStartDate":"2025-12-04 13:00:00","_EventEndDate":"2025-12-04 17:30:00","_EventStartDateUTC":"2025-12-04 12:00:00","_EventEndDateUTC":"2025-12-04 16:30:00","_EventShowMap":false,"_EventShowMapLink":false,"_EventURL":"https:\/\/forms.office.com\/Pages\/ResponsePage.aspx?id=OYmBKPsKskS2wo6wpXzKZKgV2Rw68UZIka9ONcis7tJUMFFGWktEQjBES1pZSlJLSUdHR0xPMU5YWC4u","_EventCost":"","_EventCostDescription":"","_EventCurrencySymbol":"\u20ac","_EventCurrencyCode":"EUR","_EventCurrencyPosition":"prefix","_EventDateTimeSeparator":"@","_EventTimeRangeSeparator":"-","_EventOrganizerID":[3881],"_EventVenueID":[5512],"_OrganizerEmail":"","_OrganizerPhone":"","_OrganizerWebsite":"","_VenueAddress":"","_VenueCity":"","_VenueCountry":"","_VenueProvince":"","_VenueState":"","_VenueZip":"","_VenuePhone":"","_VenueURL":"","_VenueStateProvince":"","_VenueLat":"","_VenueLng":"","_VenueShowMap":false,"_VenueShowMapLink":false,"_tribe_blocks_recurrence_rules":"","_tribe_blocks_recurrence_description":"","_tribe_blocks_recurrence_exclusions":"","_tribe_events_status":"","_tribe_events_status_reason":"","_tribe_events_is_hybrid":"","_tribe_events_is_virtual":"","_tribe_events_virtual_video_source":"","_tribe_events_virtual_embed_video":"","_tribe_events_virtual_linked_button_text":"","_tribe_events_virtual_linked_button":"","_tribe_events_virtual_show_embed_at":"","_tribe_events_virtual_show_embed_to":[],"_tribe_events_virtual_show_on_event":"","_tribe_events_virtual_show_on_views":"","_tribe_events_virtual_url":"","footnotes":"","_tec_slr_enabled":"","_tec_slr_layout":""},"tags":[66,72,190,73],"tribe_events_cat":[10,12,4],"class_list":["post-5511","tribe_events","type-tribe_events","status-publish","has-post-thumbnail","hentry","tag-housing","tag-poland","tag-procurement","tag-warsaw","tribe_events_cat-in-person","tribe_events_cat-organised-by-climate-kic","tribe_events_cat-policy","pmpro-has-access","cat_in-person","cat_organised-by-climate-kic","cat_policy"],"acf":[],"ticketed":false,"_links":{"self":[{"href":"https:\/\/climate-hive.org\/es\/wp-json\/wp\/v2\/tribe_events\/5511","targetHints":{"allow":["GET"]}}],"collection":[{"href":"https:\/\/climate-hive.org\/es\/wp-json\/wp\/v2\/tribe_events"}],"about":[{"href":"https:\/\/climate-hive.org\/es\/wp-json\/wp\/v2\/types\/tribe_events"}],"author":[{"embeddable":true,"href":"https:\/\/climate-hive.org\/es\/wp-json\/wp\/v2\/users\/3"}],"replies":[{"embeddable":true,"href":"https:\/\/climate-hive.org\/es\/wp-json\/wp\/v2\/comments?post=5511"}],"version-history":[{"count":3,"href":"https:\/\/climate-hive.org\/es\/wp-json\/wp\/v2\/tribe_events\/5511\/revisions"}],"predecessor-version":[{"id":5519,"href":"https:\/\/climate-hive.org\/es\/wp-json\/wp\/v2\/tribe_events\/5511\/revisions\/5519"}],"wp:featuredmedia":[{"embeddable":true,"href":"https:\/\/climate-hive.org\/es\/wp-json\/wp\/v2\/media\/5514"}],"wp:attachment":[{"href":"https:\/\/climate-hive.org\/es\/wp-json\/wp\/v2\/media?parent=5511"}],"wp:term":[{"taxonomy":"post_tag","embeddable":true,"href":"https:\/\/climate-hive.org\/es\/wp-json\/wp\/v2\/tags?post=5511"},{"taxonomy":"tribe_events_cat","embeddable":true,"href":"https:\/\/climate-hive.org\/es\/wp-json\/wp\/v2\/tribe_events_cat?post=5511"}],"curies":[{"name":"wp","href":"https:\/\/api.w.org\/{rel}","templated":true}]}}