{"id":6939,"date":"2026-01-30T16:27:28","date_gmt":"2026-01-30T16:27:28","guid":{"rendered":"https:\/\/climate-hive.org\/?post_type=tribe_events&#038;p=6939"},"modified":"2026-01-30T16:28:01","modified_gmt":"2026-01-30T16:28:01","slug":"industry-5-0-community-of-practice-plenary-session-2026","status":"publish","type":"tribe_events","link":"https:\/\/climate-hive.org\/es\/event\/industry-5-0-community-of-practice-plenary-session-2026\/","title":{"rendered":"Sesi\u00f3n plenaria de la Comunidad de Pr\u00e1cticas de la Industria 5.0 2026"},"content":{"rendered":"<div  class=\"tribe-events-schedule tribe-clearfix\" >\n\t<p class=\"tribe-events-schedule__datetime\">\n\t\t<span class=\"tribe-events-schedule__date tribe-events-schedule__date--start\">\n\t\t\t20 de marzo\t\t<\/span>\n\n\t\t\t\t\t<span class=\"tribe-events-schedule__separator tribe-events-schedule__separator--date\">\n\t\t\t\t@\t\t\t<\/span>\n\t\t\t<span class=\"tribe-events-schedule__time tribe-events-schedule__time--start\">\n\t\t\t\t9h30\t\t\t<\/span>\n\t\t\n\t\t\t\t\t\t\t\t\t<span class=\"tribe-events-schedule__separator tribe-events-schedule__separator--time\">\n\t\t\t\t\t-\t\t\t\t<\/span>\n\t\t\t\n\t\t\t\t\t\t\t<span class=\"tribe-events-schedule__time tribe-events-schedule__time--end\">\n\t\t\t\t\t16.30 h\t\t\t\t<\/span>\n\t\t\t\n\t\t\t\t\t\t<\/p>\n<\/div>\n\n\n\n<p>La Direcci\u00f3n General de Investigaci\u00f3n e Innovaci\u00f3n de la Comisi\u00f3n Europea organiza la segunda Sesi\u00f3n Plenaria de la Comunidad de Pr\u00e1cticas de Industria 5.0.<br>El acto reunir\u00e1 a miembros de la Comunidad de Pr\u00e1cticas de la Industria 5.0 (CoP 5.0), que representan a partes interesadas de toda Europa, procedentes de diversos sectores, como la industria, el mundo acad\u00e9mico y los responsables pol\u00edticos.<\/p>\n\n\n\n<p>El objetivo es hacer balance de los principales logros, as\u00ed como debatir sobre la Industria 5.0 en relaci\u00f3n con las prioridades actuales de la industria y la pol\u00edtica y las necesidades de transformaci\u00f3n industrial, haciendo un llamamiento a la competitividad y acelerando la asimilaci\u00f3n de la tecnolog\u00eda y la innovaci\u00f3n. Se har\u00e1 especial hincapi\u00e9 en recabar la opini\u00f3n de los miembros de la CoP sobre su compromiso y sentido de la propiedad en la continuaci\u00f3n de la CoP.<\/p>\n\n\n\n<p>El acto constar\u00e1 de sesiones plenarias y de grupos de trabajo. Las sesiones plenarias se retransmitir\u00e1n por Internet a trav\u00e9s de la plataforma comunitaria de I+I y estar\u00e1n abiertas a todos los participantes interesados. La participaci\u00f3n f\u00edsica en Bruselas estar\u00e1 restringida a los miembros de la Comunidad de Pr\u00e1cticas de la Industria 5.0.<\/p>\n\n\n<div  class=\"tribe-block tribe-block__event-website\" >\n\t<a\n\t\thref=\"https:\/\/research-and-innovation.ec.europa.eu\/events\/upcoming-events\/industry-50-community-practice-plenary-session-2026-2026-03-20_en\"\n\t\ttarget=\"_self\"\n\t\t\t>\n\t\tM\u00e1s informaci\u00f3n\t<\/a>\n<\/div>\n\n\n<div  class=\"tribe-block tribe-block__organizer__details tribe-clearfix\" >\n    <h4>Datos del organizador<\/h4>\n\t<div class=\"tribe-block__organizer__title\">\n\t\t<h3><a href=\"https:\/\/climate-hive.org\/es\/organizador\/eu-directorate-general-for-research-and-innovation\/\" title=\"Direcci\u00f3n General de Investigaci\u00f3n e Innovaci\u00f3n de la UE\" target=\"_self\" rel=\"\">Direcci\u00f3n General de Investigaci\u00f3n e Innovaci\u00f3n de la UE<\/a><\/h3>\n\t<\/div>\n\t\t\t\t<p class=\"tribe-block__organizer__website\"><a href=\"https:\/\/research-and-innovation.ec.europa.eu\/\" target=\"_self\" rel=\"external\">Ver la web del Organizador<\/a><\/p>\n\t\t<\/div>\n\n\n\t<div  class=\"tribe-block tribe-block__events-link\" >\n\t\t<div class=\"tribe-events tribe-common\">\n\t\t\t<div class=\"tribe-events-c-subscribe-dropdown__container\">\n\t\t\t\t<div class=\"tribe-events-c-subscribe-dropdown\">\n\t\t\t\t\t<div class=\"tribe-common-c-btn-border tribe-events-c-subscribe-dropdown__button\">\n\t\t\t\t\t\t<svg  class=\"tribe-common-c-svgicon tribe-common-c-svgicon--cal-export tribe-events-c-subscribe-dropdown__export-icon\"  xmlns=\"http:\/\/www.w3.org\/2000\/svg\" width=\"24\" height=\"24\" viewbox=\"0 0 24 24\" fill=\"none\">\n    <path\n        d=\"M9 6L12 3M12 3L15 6M12 3V13M7.00023 10C6.06835 10 5.60241 10 5.23486 10.1522C4.74481 10.3552 4.35523 10.7448 4.15224 11.2349C4 11.6024 4 12.0681 4 13V17.8C4 18.9201 4 19.4798 4.21799 19.9076C4.40973 20.2839 4.71547 20.5905 5.0918 20.7822C5.5192 21 6.07899 21 7.19691 21H16.8036C17.9215 21 18.4805 21 18.9079 20.7822C19.2842 20.5905 19.5905 20.2839 19.7822 19.9076C20 19.4802 20 18.921 20 17.8031V13C20 12.0681 19.9999 11.6024 19.8477 11.2349C19.6447 10.7448 19.2554 10.3552 18.7654 10.1522C18.3978 10 17.9319 10 17 10\"\n        stroke=\"#142930\" stroke-width=\"2\" stroke-linecap=\"round\" stroke-linejoin=\"round\"\/>\n<\/svg>\n\t\t\t\t\t\t<button\n\t\t\t\t\t\t\tclass=\"tribe-events-c-subscribe-dropdown__button-text\"\n\t\t\t\t\t\t\taria-expanded=\"false\"\n\t\t\t\t\t\t\taria-controls=\"tribe-events-subscribe-dropdown-content\"\n\t\t\t\t\t\t\taria-label=\"Ver enlaces para a\u00f1adir eventos al calendario\"\n\t\t\t\t\t\t>\n\t\t\t\t\t\t\tA\u00f1adir al calendario\t\t\t\t\t\t<\/button>\n\t\t\t\t\t\t<svg\n\t class=\"tribe-common-c-svgicon tribe-common-c-svgicon--caret-down tribe-events-c-subscribe-dropdown__button-icon\" \taria-hidden=\"true\"\n\tviewbox=\"0 0 10 7\"\n\txmlns=\"http:\/\/www.w3.org\/2000\/svg\"\n>\n\t<path fill-rule=\"evenodd\" clip-rule=\"evenodd\" d=\"M1.008.609L5 4.6 8.992.61l.958.958L5 6.517.05 1.566l.958-.958z\" class=\"tribe-common-c-svgicon__svg-fill\"\/>\n<\/svg>\n\t\t\t\t\t<\/div>\n\t\t\t\t\t<div id=\"tribe-events-subscribe-dropdown-content\" class=\"tribe-events-c-subscribe-dropdown__content\">\n\t\t\t\t\t\t<ul class=\"tribe-events-c-subscribe-dropdown__list\">\n\t\t\t\t\t\t\t\t\t\t\t\t\t\t\t<li class=\"tribe-events-c-subscribe-dropdown__list-item tribe-events-c-subscribe-dropdown__list-item--gcal\">\n\t\t\t\t\t\t\t\t\t<a\n\t\t\t\t\t\t\t\t\t\thref=\"https:\/\/www.google.com\/calendar\/event?action=TEMPLATE&#038;dates=20260320T093000\/20260320T163000&#038;text=Industry%205.0%20Community%20of%20Practice%20Plenary%20Session%202026&#038;details=%3Cp%3EThe+European+Commission%2C+Directorate-General+for+Research+and+Innovation%2C+is+organising+the+second+Plenary+Session+of+the+Industry+5.0+Community+of+Practice.%3Cbr+%2F%3EThe+event+will+bring+together+members+of+the+Industry+5.0+Community+of+Practice+%28CoP+5.0%29%2C+representing+stakeholders+from+across+Europe%2C+from+various+sectors%2C+including+industry%2C+academia+and+policy+makers.%3C%2Fp%3E+%3Cp%3EThe+objective+is+to+take+stock+of+the+main+achievements+as+well+as+to+discuss+Industry+5.0+in+relation+to+current+industry+and+policy+priorities+and+industrial+transformation+needs%2C+calling+for+competitiveness+and+accelerating+technology+and+innovation+uptake.+Special+emphasis+will+be+given+to+gathering+feedback+from+the+CoP+members+regarding+their+commitment+and+sense+of+ownership+in+continuing+the+CoP.%3C%2Fp%3E+%3Cp%3EThe+event+will+consist+of+plenary+and+breakout+sessions.+The+plenary+sessions+will+be+web-streamed+on+the+R%26amp%3BI+Community+Platform+and+will+be+open+to+all+interested+participants.+Physical+p%3C%2Fp%3E+%28Ver+aqu%C3%AD+la+descripci%C3%B3n+completa+de+evento%3A+https%3A%2F%2Fclimate-hive.org%2Fes%2Fevent%2Findustry-5-0-community-of-practice-plenary-session-2026%2F%29&#038;trp=false&#038;ctz=Europe\/Brussels&#038;sprop=website:https:\/\/climate-hive.org\/es\"\n\t\t\t\t\t\t\t\t\t\tclass=\"tribe-events-c-subscribe-dropdown__list-item-link\"\n\t\t\t\t\t\t\t\t\t\ttarget=\"_blank\"\n\t\t\t\t\t\t\t\t\t\trel=\"noopener noreferrer nofollow noindex\"\n\t\t\t\t\t\t\t\t\t>\n\t\t\t\t\t\t\t\t\t\tCalendario de Google\t\t\t\t\t\t\t\t\t<\/a>\n\t\t\t\t\t\t\t\t<\/li>\n\t\t\t\t\t\t\t\t\t\t\t\t\t\t\t<li class=\"tribe-events-c-subscribe-dropdown__list-item tribe-events-c-subscribe-dropdown__list-item--ical\">\n\t\t\t\t\t\t\t\t\t<a\n\t\t\t\t\t\t\t\t\t\thref=\"\"\n\t\t\t\t\t\t\t\t\t\tclass=\"tribe-events-c-subscribe-dropdown__list-item-link\"\n\t\t\t\t\t\t\t\t\t\ttarget=\"_blank\"\n\t\t\t\t\t\t\t\t\t\trel=\"noopener noreferrer nofollow noindex\"\n\t\t\t\t\t\t\t\t\t>\n\t\t\t\t\t\t\t\t\t\tiCalendar\t\t\t\t\t\t\t\t\t<\/a>\n\t\t\t\t\t\t\t\t<\/li>\n\t\t\t\t\t\t\t\t\t\t\t\t\t\t\t<li class=\"tribe-events-c-subscribe-dropdown__list-item tribe-events-c-subscribe-dropdown__list-item--outlook-365\">\n\t\t\t\t\t\t\t\t\t<a\n\t\t\t\t\t\t\t\t\t\thref=\"\"\n\t\t\t\t\t\t\t\t\t\tclass=\"tribe-events-c-subscribe-dropdown__list-item-link\"\n\t\t\t\t\t\t\t\t\t\ttarget=\"_blank\"\n\t\t\t\t\t\t\t\t\t\trel=\"noopener noreferrer nofollow noindex\"\n\t\t\t\t\t\t\t\t\t>\n\t\t\t\t\t\t\t\t\t\tOutlook 365\t\t\t\t\t\t\t\t\t<\/a>\n\t\t\t\t\t\t\t\t<\/li>\n\t\t\t\t\t\t\t\t\t\t\t\t\t\t\t<li class=\"tribe-events-c-subscribe-dropdown__list-item tribe-events-c-subscribe-dropdown__list-item--outlook-live\">\n\t\t\t\t\t\t\t\t\t<a\n\t\t\t\t\t\t\t\t\t\thref=\"\"\n\t\t\t\t\t\t\t\t\t\tclass=\"tribe-events-c-subscribe-dropdown__list-item-link\"\n\t\t\t\t\t\t\t\t\t\ttarget=\"_blank\"\n\t\t\t\t\t\t\t\t\t\trel=\"noopener noreferrer nofollow noindex\"\n\t\t\t\t\t\t\t\t\t>\n\t\t\t\t\t\t\t\t\t\tOutlook Live\t\t\t\t\t\t\t\t\t<\/a>\n\t\t\t\t\t\t\t\t<\/li>\n\t\t\t\t\t\t\t\t\t\t\t\t\t<\/ul>\n\t\t\t\t\t<\/div>\n\t\t\t\t<\/div>\n\t\t\t<\/div>\n\t\t<\/div>\n\t<\/div>\n\n\n\n<h2 class=\"tribe-block__related-events__title\">Eventos Relacionados<\/h2>\n\n<ul  class=\"tribe-related-events tribe-clearfix\" >\n\t\t\t<li>\n\t\n<div class=\"tribe-related-events-thumbnail\">\n\t<a href=\"https:\/\/climate-hive.org\/es\/event\/climathon-organiser-training-2-systems-change\/\" class=\"url\" rel=\"bookmark\" tabindex=\"-1\" aria-hidden=\"true\"><img loading=\"lazy\" decoding=\"async\" width=\"1024\" height=\"683\" src=\"https:\/\/climate-hive.org\/wp-content\/uploads\/2026\/04\/Curitiba_Brazil_2mb-1-1024x683.jpg\" class=\"attachment-large size-large wp-post-image\" alt=\"\" \/><\/a>\n<\/div>\n\t<div class=\"tribe-related-event-info\">\n\t<h3 class=\"tribe-related-events-title\">\n\t\t<a href=\"https:\/\/climate-hive.org\/es\/event\/climathon-organiser-training-2-systems-change\/\" class=\"tribe-event-url\" rel=\"bookmark\">\n\t\t\tClimathon Formaci\u00f3n de organizadores #2: Del evento al cambio de sistemas\t\t<\/a>\n\t<\/h3>\n\t<span class=\"tribe-event-date-start\">5 de mayo @ 1:00 pm<\/span> - <span class=\"tribe-event-time\">14.30 h<\/span><\/div>\n<\/li>\n\t\t\t<li>\n\t\n<div class=\"tribe-related-events-thumbnail\">\n\t<a href=\"https:\/\/climate-hive.org\/es\/event\/insights-green-and-digital-for-small-businesses\/\" class=\"url\" rel=\"bookmark\" tabindex=\"-1\" aria-hidden=\"true\"><img loading=\"lazy\" decoding=\"async\" width=\"1024\" height=\"576\" src=\"https:\/\/climate-hive.org\/wp-content\/uploads\/2026\/04\/getty-images-Sf2MBY7xIkY-unsplash-1024x576.jpg\" class=\"attachment-large size-large wp-post-image\" alt=\"\" \/><\/a>\n<\/div>\n\t<div class=\"tribe-related-event-info\">\n\t<h3 class=\"tribe-related-events-title\">\n\t\t<a href=\"https:\/\/climate-hive.org\/es\/event\/insights-green-and-digital-for-small-businesses\/\" class=\"tribe-event-url\" rel=\"bookmark\">\n\t\t\tPerspectivas: Verde y digital. Lo que significa para las peque\u00f1as empresas en la pr\u00e1ctica\u00a0\t\t<\/a>\n\t<\/h3>\n\t<span class=\"tribe-event-date-start\">6 de mayo @ 2:00 p. m.<\/span> - <span class=\"tribe-event-time\">15.00 h<\/span><\/div>\n<\/li>\n\t\t\t<li>\n\t\n<div class=\"tribe-related-events-thumbnail\">\n\t<a href=\"https:\/\/climate-hive.org\/es\/event\/how-to-evolve-global-book-tour\/\" class=\"url\" rel=\"bookmark\" tabindex=\"-1\" aria-hidden=\"true\"><img loading=\"lazy\" decoding=\"async\" width=\"1024\" height=\"576\" src=\"https:\/\/climate-hive.org\/wp-content\/uploads\/2026\/04\/How_to_Evolve_Copenhagen_2x-2100x1181-1-1024x576.png\" class=\"attachment-large size-large wp-post-image\" alt=\"\" \/><\/a>\n<\/div>\n\t<div class=\"tribe-related-event-info\">\n\t<h3 class=\"tribe-related-events-title\">\n\t\t<a href=\"https:\/\/climate-hive.org\/es\/event\/how-to-evolve-global-book-tour\/\" class=\"tribe-event-url\" rel=\"bookmark\">\n\t\t\tC\u00f3mo evolucionar \u2013 Gira mundial del libro\t\t<\/a>\n\t<\/h3>\n\t<span class=\"tribe-event-date-start\">11 de mayo a las 9:30 am<\/span> - <span class=\"tribe-event-date-end\">12 de mayo a las 8:30 p.m.<\/span><\/div>\n<\/li>\n\t<\/ul>","protected":false},"excerpt":{"rendered":"<p>La Direcci\u00f3n General de Investigaci\u00f3n e Innovaci\u00f3n de la Comisi\u00f3n Europea organiza la segunda sesi\u00f3n plenaria de la Comunidad de Pr\u00e1cticas de Industria 5.0. El acto reunir\u00e1 a miembros de la [...].<\/p>","protected":false},"author":3,"featured_media":6940,"comment_status":"open","ping_status":"closed","template":"","meta":{"_acf_changed":false,"_tec_requires_first_save":false,"_bbp_topic_count":0,"_bbp_reply_count":0,"_bbp_total_topic_count":0,"_bbp_total_reply_count":0,"_bbp_voice_count":0,"_bbp_anonymous_reply_count":0,"_bbp_topic_count_hidden":0,"_bbp_reply_count_hidden":0,"_bbp_forum_subforum_count":0,"pmpro_default_level":"","inline_featured_image":false,"_price":"","_stock":"","_tribe_ticket_header":"","_tribe_default_ticket_provider":"TEC\\Tickets\\Commerce\\Module","_ticket_start_date":"","_ticket_end_date":"","_tribe_ticket_show_description":"","_tribe_ticket_show_not_going":false,"_tribe_ticket_use_global_stock":"","_tribe_ticket_global_stock_level":"","_global_stock_mode":"","_global_stock_cap":"","_tribe_rsvp_for_event":"","_tribe_ticket_going_count":"","_tribe_ticket_not_going_count":"","_tribe_tickets_list":"[]","_tribe_ticket_has_attendee_info_fields":false,"_EventAllDay":false,"_EventTimezone":"Europe\/Brussels","_EventStartDate":"2026-03-20 09:30:00","_EventEndDate":"2026-03-20 16:30:00","_EventStartDateUTC":"2026-03-20 08:30:00","_EventEndDateUTC":"2026-03-20 15:30:00","_EventShowMap":false,"_EventShowMapLink":false,"_EventURL":"https:\/\/research-and-innovation.ec.europa.eu\/events\/upcoming-events\/industry-50-community-practice-plenary-session-2026-2026-03-20_en","_EventCost":"","_EventCostDescription":"","_EventCurrencySymbol":"\u20ac","_EventCurrencyCode":"EUR","_EventCurrencyPosition":"prefix","_EventDateTimeSeparator":"@","_EventTimeRangeSeparator":"-","_EventOrganizerID":[6930],"_EventVenueID":[],"_OrganizerEmail":"","_OrganizerPhone":"","_OrganizerWebsite":"","_VenueAddress":"","_VenueCity":"","_VenueCountry":"","_VenueProvince":"","_VenueState":"","_VenueZip":"","_VenuePhone":"","_VenueURL":"","_VenueStateProvince":"","_VenueLat":"","_VenueLng":"","_VenueShowMap":false,"_VenueShowMapLink":false,"_tribe_blocks_recurrence_rules":"","_tribe_blocks_recurrence_description":"","_tribe_blocks_recurrence_exclusions":"","_tribe_events_status":"","_tribe_events_status_reason":"","_tribe_events_is_hybrid":"","_tribe_events_is_virtual":"","_tribe_events_virtual_video_source":"","_tribe_events_virtual_embed_video":"","_tribe_events_virtual_linked_button_text":"","_tribe_events_virtual_linked_button":"","_tribe_events_virtual_show_embed_at":"","_tribe_events_virtual_show_embed_to":[],"_tribe_events_virtual_show_on_event":"","_tribe_events_virtual_show_on_views":"","_tribe_events_virtual_url":"","footnotes":"","_tec_slr_enabled":"","_tec_slr_layout":""},"tags":[46,45,44],"tribe_events_cat":[3,2,11,4,7],"class_list":["post-6939","tribe_events","type-tribe_events","status-publish","has-post-thumbnail","hentry","tag-eu","tag-industry","tag-policy","tribe_events_cat-learning","tribe_events_cat-networking","tribe_events_cat-online","tribe_events_cat-policy","tribe_events_cat-webinar","pmpro-has-access","cat_learning","cat_networking","cat_online","cat_policy","cat_webinar"],"acf":[],"ticketed":false,"_links":{"self":[{"href":"https:\/\/climate-hive.org\/es\/wp-json\/wp\/v2\/tribe_events\/6939","targetHints":{"allow":["GET"]}}],"collection":[{"href":"https:\/\/climate-hive.org\/es\/wp-json\/wp\/v2\/tribe_events"}],"about":[{"href":"https:\/\/climate-hive.org\/es\/wp-json\/wp\/v2\/types\/tribe_events"}],"author":[{"embeddable":true,"href":"https:\/\/climate-hive.org\/es\/wp-json\/wp\/v2\/users\/3"}],"replies":[{"embeddable":true,"href":"https:\/\/climate-hive.org\/es\/wp-json\/wp\/v2\/comments?post=6939"}],"version-history":[{"count":2,"href":"https:\/\/climate-hive.org\/es\/wp-json\/wp\/v2\/tribe_events\/6939\/revisions"}],"predecessor-version":[{"id":6943,"href":"https:\/\/climate-hive.org\/es\/wp-json\/wp\/v2\/tribe_events\/6939\/revisions\/6943"}],"wp:featuredmedia":[{"embeddable":true,"href":"https:\/\/climate-hive.org\/es\/wp-json\/wp\/v2\/media\/6940"}],"wp:attachment":[{"href":"https:\/\/climate-hive.org\/es\/wp-json\/wp\/v2\/media?parent=6939"}],"wp:term":[{"taxonomy":"post_tag","embeddable":true,"href":"https:\/\/climate-hive.org\/es\/wp-json\/wp\/v2\/tags?post=6939"},{"taxonomy":"tribe_events_cat","embeddable":true,"href":"https:\/\/climate-hive.org\/es\/wp-json\/wp\/v2\/tribe_events_cat?post=6939"}],"curies":[{"name":"wp","href":"https:\/\/api.w.org\/{rel}","templated":true}]}}