{"id":16,"date":"2025-02-04T11:35:16","date_gmt":"2025-02-04T11:35:16","guid":{"rendered":"https:\/\/climate-hive.org\/membership-levels\/"},"modified":"2026-03-10T17:06:32","modified_gmt":"2026-03-10T17:06:32","slug":"membership-levels","status":"publish","type":"page","link":"https:\/\/climate-hive.org\/fr\/membership-levels\/","title":{"rendered":"Bienvenue dans la Communaut\u00e9"},"content":{"rendered":"<div class=\"wp-block-group headline container\"><div class=\"wp-block-group__inner-container is-layout-constrained wp-block-group-is-layout-constrained\">\n<h2 class=\"wp-block-heading has-text-align-center\">Travailler en r\u00e9seau, renforcer les capacit\u00e9s, innover <\/h2>\n\n\n\n<p class=\"has-text-align-center\">En tant que membre, vous faites partie d'un r\u00e9seau actif d'innovateurs, d'experts et d'acteurs du changement qui s'engagent \u00e0 mener une action climatique syst\u00e9mique. Voici comment vous pouvez rester engag\u00e9 et tirer le meilleur parti de votre adh\u00e9sion.<\/p>\n<\/div><\/div>\n\n\n\n<div class=\"wp-block-group container\"><div class=\"wp-block-group__inner-container is-layout-constrained wp-block-group-is-layout-constrained\">\n<h3 class=\"wp-block-heading\">Pour les entreprises et les organisations<\/h3>\n\n\n<div class=\"pricing-table\">\n    <div class=\"container flex flex-wrap flex-content-center\">\n                                <div class=\"level level-24\">\n                <div class=\"key-data flex flex-content-space-between\">\n                    <div class=\"name-and-pricing\">\n                        <h4 class=\"level-title\">\n                            Micro-entreprise                        <\/h4>\n                        <div class=\"level-price\" data-default=\"1,000.00&euro;\">\n                            <strong class=\"main-price\">1,000.00\u20ac<\/strong><span class=\"cycle-period cycle-main\">per ann\u00e9e<\/span>                        <\/div>\n                    <\/div>\n\n                    <div class=\"plan-badge\">\n                        <img decoding=\"async\" class=\"level-badge level-micro-enterprise\" src=\"https:\/\/climate-hive.org\/wp-content\/themes\/climate-kic\/_dist\/img\/standard.png\" alt=\"Micro Enterprise\" \/>                    <\/div>\n                <\/div>\n                <div class=\"description\">\n                    <span data-teams=\"true\">Parfait pour les professionnels ind\u00e9pendants ou les \u00e9quipes comptant jusqu'\u00e0 2 employ\u00e9s (moins d'un million d'euros). <strong>150 000 euros de recettes annuelles<\/strong>) <\/span>pr\u00eats \u00e0 transformer les d\u00e9fis climatiques en croissance \u00e9conomique.\r\n\r\n<hr \/>\r\n\r\n<h3>Ce qui est inclus<\/h3>\r\n<ul>\r\n \t<li>Acc\u00e8s au r\u00e9seau europ\u00e9en et mondial<\/li>\r\n \t<li>Des possibilit\u00e9s d'apprentissage sur mesure<\/li>\r\n \t<li>Soutien \u00e0 l'expansion de vos innovations climatiques<\/li>\r\n \t<li>2 licences d'utilisation sur Climate Hive<\/li>\r\n<\/ul>                <\/div>\n                <div class=\"select-plan flex\">\n                    \t<a class=\"pmpro_btn pmpro_btn-select\" href=\"https:\/\/climate-hive.org\/fr\/membership-checkout\/?level=24\">S'inscrire<\/a>\r\n\t                <\/div>\n            <\/div>\n                                <div class=\"level level-23\">\n                <div class=\"key-data flex flex-content-space-between\">\n                    <div class=\"name-and-pricing\">\n                        <h4 class=\"level-title\">\n                            Petites entreprises                        <\/h4>\n                        <div class=\"level-price\" data-default=\"5,000.00&euro;\">\n                            <strong class=\"main-price\">5,000.00\u20ac<\/strong><span class=\"cycle-period cycle-main\">per ann\u00e9e<\/span>                        <\/div>\n                    <\/div>\n\n                    <div class=\"plan-badge\">\n                        <img decoding=\"async\" class=\"level-badge level-small-enterprise\" src=\"https:\/\/climate-hive.org\/wp-content\/themes\/climate-kic\/_dist\/img\/standard.png\" alt=\"Small Enterprise\" \/>                    <\/div>\n                <\/div>\n                <div class=\"description\">\n                    Con\u00e7u pour les petites \u00e9quipes (<strong>de 150 000 euros \u00e0 1 million d'euros de chiffre d'affaires annuel<\/strong>) visant \u00e0 rester agile tout en d\u00e9veloppant leur activit\u00e9 et \u00e0 faire cro\u00eetre leurs solutions vertes innovantes.\r\n\r\n<hr \/>\r\n\r\n<h3>Qu'est-ce qui est inclus ?<\/h3>\r\n<ul>\r\n \t<li>Acc\u00e8s aux informations sur le financement<\/li>\r\n \t<li>Classes de ma\u00eetre dirig\u00e9es par des experts<\/li>\r\n \t<li>Possibilit\u00e9s de d\u00e9veloppement des entreprises<\/li>\r\n \t<li>5 licences d'utilisation sur Climate Hive<\/li>\r\n<\/ul>                <\/div>\n                <div class=\"select-plan flex\">\n                    \t<a class=\"pmpro_btn pmpro_btn-select\" href=\"https:\/\/climate-hive.org\/fr\/membership-checkout\/?level=23\">S'inscrire<\/a>\r\n\t                <\/div>\n            <\/div>\n                                <div class=\"level level-22\">\n                <div class=\"key-data flex flex-content-space-between\">\n                    <div class=\"name-and-pricing\">\n                        <h4 class=\"level-title\">\n                            Moyenne entreprise                        <\/h4>\n                        <div class=\"level-price\" data-default=\"15,000.00&euro;\">\n                            <strong class=\"main-price\">15,000.00\u20ac<\/strong><span class=\"cycle-period cycle-main\">per ann\u00e9e<\/span>                        <\/div>\n                    <\/div>\n\n                    <div class=\"plan-badge\">\n                        <img decoding=\"async\" class=\"level-badge level-medium-enterprise\" src=\"https:\/\/climate-hive.org\/wp-content\/themes\/climate-kic\/_dist\/img\/standard.png\" alt=\"Medium Enterprise\" \/>                    <\/div>\n                <\/div>\n                <div class=\"description\">\n                    Adh\u00e9sion premium con\u00e7ue pour les entreprises de taille moyenne (<strong>de 1 \u00e0 5 millions d'euros de chiffre d'affaires annuel<\/strong>) qui cherchent \u00e0 d\u00e9velopper leurs produits sur de nouveaux march\u00e9s et \u00e0 contribuer \u00e0 la transition \u00e9cologique de l'Europe.\r\n\r\n<hr \/>\r\n\r\n<h3>Qu'est-ce qui est inclus ?<\/h3>\r\n<ul>\r\n \t<li>Acc\u00e8s privil\u00e9gi\u00e9 aux partenariats<\/li>\r\n \t<li>Perspectives politiques et laboratoires de l'UE<\/li>\r\n \t<li>Pilotes d'innovation<\/li>\r\n \t<li>10 licences d'utilisation sur Climate Hive<\/li>\r\n<\/ul>                <\/div>\n                <div class=\"select-plan flex\">\n                    \t<a class=\"pmpro_btn pmpro_btn-select\" href=\"https:\/\/climate-hive.org\/fr\/membership-checkout\/?level=22\">S'inscrire<\/a>\r\n\t                <\/div>\n            <\/div>\n            <\/div>\n<\/div>\n\n\n\n\n<p><\/p>\n\n\n\n<h3 class=\"wp-block-heading\">Pour les particuliers<\/h3>\n\n\n<div class=\"pricing-table\">\n    <div class=\"container flex flex-wrap flex-content-center\">\n                                <div class=\"level level-1\">\n                <div class=\"key-data flex flex-content-space-between\">\n                    <div class=\"name-and-pricing\">\n                        <h4 class=\"level-title\">\n                            Professionnels de l'impact                        <\/h4>\n                        <div class=\"level-price\" data-default=\"14.90&euro;\">\n                            <strong class=\"main-price\">14.90\u20ac<\/strong>\n    <label for=\"L-1-P-0\" class=\"toggle\">\n        <input type=\"checkbox\" id=\"L-1-P-0\" name=\"L-1-P-0\" value=\"149.90&euro;\"\/>\n        <span class=\"slider\"><\/span>\n    <\/label><span class=\"cycle-period cycle-L-1-P-0\">per ann\u00e9e<\/span><span class=\"cycle-period cycle-main\">per Mois<\/span>                        <\/div>\n                    <\/div>\n\n                    <div class=\"plan-badge\">\n                        <img decoding=\"async\" class=\"level-badge level-impact-professionals\" src=\"https:\/\/climate-hive.org\/wp-content\/themes\/climate-kic\/_dist\/img\/standard.png\" alt=\"Impact Professionals\" \/>                    <\/div>\n                <\/div>\n                <div class=\"description\">\n                    Pour les personnes engag\u00e9es \u00e0 la recherche de liens, de partenariats et d'opportunit\u00e9s d'apprentissage significatifs avec d'autres innovateurs en mati\u00e8re de climat.\r\n\r\n<hr \/>\r\n\r\n<h3>Qu'est-ce qui est inclus ?<\/h3>\r\n<ul>\r\n \t<li>A <strong>Essai gratuit de 30 jours<\/strong><\/li>\r\n \t<li>Liste de l'annuaire des membres<\/li>\r\n \t<li>Invitations \u00e0 des sessions de mise en r\u00e9seau virtuelles et en personne<\/li>\r\n \t<li>Sessions d'apprentissage et cours th\u00e9matiques<\/li>\r\n \t<li>Acc\u00e8s \u00e0 notre base de donn\u00e9es de connaissances<\/li>\r\n \t<li>Licence d'utilisation de la marque et de la m\u00e9thodologie Climathon<\/li>\r\n<\/ul>                <\/div>\n                <div class=\"select-plan flex\">\n                    \t<a class=\"pmpro_btn pmpro_btn-select\" href=\"https:\/\/climate-hive.org\/fr\/membership-checkout\/?level=1\">S'inscrire<\/a>\r\n\t                <\/div>\n            <\/div>\n            <\/div>\n<\/div>\n\n\n\n\n<div class=\"wp-block-group colour-banner container has-background\" style=\"background-color:#006fcf\"><div class=\"wp-block-group__inner-container is-layout-constrained wp-block-group-is-layout-constrained\">\n<h2 class=\"wp-block-heading has-text-align-center has-white-color has-text-color has-link-color wp-elements-d761abe7e495958ecf10545e423c9a38\">Vous avez des questions sur votre adh\u00e9sion ?<\/h2>\n\n\n\n<p class=\"has-text-align-center has-white-color has-text-color has-link-color wp-elements-e125ba09ffb74b002d7c06a079fc39d7\">Nous sommes l\u00e0 pour veiller \u00e0 ce que vous tiriez le meilleur parti de votre adh\u00e9sion. Prenez rendez-vous avec notre \u00e9quipe et nous r\u00e9pondrons \u00e0 toutes les questions que vous vous posez sur les plans, les caract\u00e9ristiques et les avantages.<\/p>\n\n\n\n<div class=\"wp-block-buttons is-content-justification-center is-layout-flex wp-container-core-buttons-is-layout-16018d1d wp-block-buttons-is-layout-flex\">\n<div class=\"wp-block-button\"><a class=\"wp-block-button__link has-black-color has-white-background-color has-text-color has-background has-link-color has-text-align-center wp-element-button\" href=\"https:\/\/outlook.office.com\/book\/ClimateKICCommunity@climate-kic.org\/?ismsaljsauthenabled\">R\u00c9SERVER UNE R\u00c9UNION<\/a><\/div>\n<\/div>\n<\/div><\/div>\n<\/div><\/div>\n\n\n\n<div class=\"wp-block-group accordion-faq grey\"><div class=\"wp-block-group__inner-container is-layout-constrained wp-block-group-is-layout-constrained\">\n<div class=\"wp-block-columns container is-layout-flex wp-container-core-columns-is-layout-9d6595d7 wp-block-columns-is-layout-flex\">\n<div class=\"wp-block-column is-vertically-aligned-top is-layout-flow wp-block-column-is-layout-flow\">\n<h2 class=\"wp-block-heading has-text-align-center\">Questions fr\u00e9quemment pos\u00e9es :<\/h2>\n<\/div>\n\n\n\n<div class=\"wp-block-column is-layout-flow wp-block-column-is-layout-flow\">\n<div class=\"wp-block-group accordion\"><div class=\"wp-block-group__inner-container is-layout-constrained wp-block-group-is-layout-constrained\">\n<details class=\"wp-block-details is-layout-flow wp-block-details-is-layout-flow\"><summary>\u00c0 qui s'adresse la communaut\u00e9 Climate KIC ?<\/summary>\n<p>La communaut\u00e9 des CCI climatiques est con\u00e7ue pour les innovateurs climatiques, les PME, les organisations publiques et priv\u00e9es et les professionnels individuels qui souhaitent collaborer, apprendre et mettre \u00e0 l'\u00e9chelle des solutions climatiques. Chaque niveau d'adh\u00e9sion est adapt\u00e9 aux diff\u00e9rents types et tailles d'organisations, ainsi qu'aux praticiens individuels.<\/p>\n<\/details>\n\n\n\n<details class=\"wp-block-details is-layout-flow wp-block-details-is-layout-flow\"><summary>Comment devenir membre ?<\/summary>\n<p>Vous pouvez adh\u00e9rer en tant que professionnel individuel ou en tant qu'organisation. Tous les niveaux d'adh\u00e9sion et leurs caract\u00e9ristiques sont \u00e9num\u00e9r\u00e9s ci-dessus. Il vous suffit de s\u00e9lectionner le niveau qui correspond le mieux \u00e0 vos besoins et de proc\u00e9der \u00e0 l'achat. Une fois votre adh\u00e9sion confirm\u00e9e, vous b\u00e9n\u00e9ficierez d'un acc\u00e8s complet \u00e0 la plateforme et aux fonctionnalit\u00e9s communautaires incluses dans le niveau choisi.<\/p>\n<\/details>\n\n\n\n<details class=\"wp-block-details is-layout-flow wp-block-details-is-layout-flow\"><summary>Quel est le co\u00fbt de l'adh\u00e9sion ?<\/summary>\n<p>Chaque adh\u00e9sion a sa propre tarification, d\u00e9taill\u00e9e ci-dessus. Les adh\u00e9sions sont factur\u00e9es annuellement, avec une option de paiement mensuel pour les membres d'Impact Professional.<\/p>\n<\/details>\n\n\n\n<details class=\"wp-block-details is-layout-flow wp-block-details-is-layout-flow\"><summary>Comment puis-je r\u00e9silier mon adh\u00e9sion ?<\/summary>\n<p>Vous pouvez l'annuler \u00e0 tout moment sous <strong>Param\u00e8tres &gt; Mon adh\u00e9sion<\/strong>.<\/p>\n<\/details>\n\n\n\n<details class=\"wp-block-details is-layout-flow wp-block-details-is-layout-flow\"><summary>Quelle est la diff\u00e9rence entre l'adh\u00e9sion d'un individu et celle d'une organisation ?<\/summary>\n<p>Les adh\u00e9sions individuelles (telles que Impact Professional) sont con\u00e7ues pour les professionnels qui souhaitent d\u00e9velopper leurs comp\u00e9tences, leur r\u00e9seau et leur impact. Les adh\u00e9sions d'organisations (micro, petites et moyennes entreprises) sont con\u00e7ues pour les \u00e9quipes et les entreprises et comprennent des avantages tels que des si\u00e8ges d'utilisateurs multiples, la visibilit\u00e9 dans la communaut\u00e9 et l'acc\u00e8s \u00e0 des opportunit\u00e9s personnalis\u00e9es.<\/p>\n<\/details>\n\n\n\n<details class=\"wp-block-details is-layout-flow wp-block-details-is-layout-flow\"><summary>Que se passe-t-il apr\u00e8s l'inscription ?<\/summary>\n<p>Apr\u00e8s avoir effectu\u00e9 votre achat, vous recevrez un courriel de confirmation et aurez acc\u00e8s \u00e0 la plateforme. Vous pourrez alors cr\u00e9er votre profil, explorer la communaut\u00e9, participer \u00e0 des \u00e9v\u00e9nements et commencer \u00e0 utiliser les fonctionnalit\u00e9s incluses dans votre niveau d'adh\u00e9sion.<\/p>\n<\/details>\n\n\n\n<details class=\"wp-block-details is-layout-flow wp-block-details-is-layout-flow\"><summary>Puis-je augmenter ou diminuer mon adh\u00e9sion ult\u00e9rieurement ?<\/summary>\n<p>Vous pouvez demander une modification de votre niveau d'adh\u00e9sion. Vous pouvez g\u00e9rer les changements par le biais de <strong>Param\u00e8tres &gt; Mon adh\u00e9sion<\/strong>.<\/p>\n<\/details>\n\n\n\n<details class=\"wp-block-details is-layout-flow wp-block-details-is-layout-flow\"><summary>J'ai besoin d'aide, qui dois-je contacter ?<\/summary>\n<p>Pour toute demande, contactez-nous \u00e0 community@climate-kic.org<\/p>\n<\/details>\n<\/div><\/div>\n<\/div>\n<\/div>\n<\/div><\/div>\n\n\n\n<p><\/p>","protected":false},"excerpt":{"rendered":"<p>R\u00e9seau, Renforcer ses capaciti\u00e9s, Innover En tant que membre, vous faites partie d'un r\u00e9seau actif d'innovateurs, d'experts et de d\u00e9cideurs engag\u00e9s \u00e0 promouvoir une action climatique syst\u00e9mique. Voici comment vous pouvez rester engag\u00e9 [\u2026]<\/p>","protected":false},"author":1,"featured_media":3990,"parent":0,"menu_order":0,"comment_status":"closed","ping_status":"closed","template":"page-general.php","meta":{"_acf_changed":false,"_tec_requires_first_save":true,"_bbp_topic_count":0,"_bbp_reply_count":0,"_bbp_total_topic_count":0,"_bbp_total_reply_count":0,"_bbp_voice_count":0,"_bbp_anonymous_reply_count":0,"_bbp_topic_count_hidden":0,"_bbp_reply_count_hidden":0,"_bbp_forum_subforum_count":0,"pmpro_default_level":"","inline_featured_image":false,"_price":"","_stock":"","_tribe_ticket_header":"","_tribe_default_ticket_provider":"","_ticket_start_date":"","_ticket_end_date":"","_tribe_ticket_show_description":"","_tribe_ticket_show_not_going":false,"_tribe_ticket_use_global_stock":"","_tribe_ticket_global_stock_level":"","_global_stock_mode":"","_global_stock_cap":"","_tribe_rsvp_for_event":"","_tribe_ticket_going_count":"","_tribe_ticket_not_going_count":"","_tribe_tickets_list":"[]","_tribe_ticket_has_attendee_info_fields":false,"_EventAllDay":false,"_EventTimezone":"","_EventStartDate":"","_EventEndDate":"","_EventStartDateUTC":"","_EventEndDateUTC":"","_EventShowMap":false,"_EventShowMapLink":false,"_EventURL":"","_EventCost":"","_EventCostDescription":"","_EventCurrencySymbol":"","_EventCurrencyCode":"","_EventCurrencyPosition":"","_EventDateTimeSeparator":"","_EventTimeRangeSeparator":"","_EventOrganizerID":[],"_EventVenueID":[],"_OrganizerEmail":"","_OrganizerPhone":"","_OrganizerWebsite":"","_VenueAddress":"","_VenueCity":"","_VenueCountry":"","_VenueProvince":"","_VenueState":"","_VenueZip":"","_VenuePhone":"","_VenueURL":"","_VenueStateProvince":"","_VenueLat":"","_VenueLng":"","_VenueShowMap":false,"_VenueShowMapLink":false,"_tribe_blocks_recurrence_rules":"","_tribe_blocks_recurrence_description":"","_tribe_blocks_recurrence_exclusions":"","footnotes":""},"page_tag":[50],"class_list":["post-16","page","type-page","status-publish","has-post-thumbnail","hentry","page_tag-join-now","pmpro-has-access"],"acf":[],"_links":{"self":[{"href":"https:\/\/climate-hive.org\/fr\/wp-json\/wp\/v2\/pages\/16","targetHints":{"allow":["GET"]}}],"collection":[{"href":"https:\/\/climate-hive.org\/fr\/wp-json\/wp\/v2\/pages"}],"about":[{"href":"https:\/\/climate-hive.org\/fr\/wp-json\/wp\/v2\/types\/page"}],"author":[{"embeddable":true,"href":"https:\/\/climate-hive.org\/fr\/wp-json\/wp\/v2\/users\/1"}],"replies":[{"embeddable":true,"href":"https:\/\/climate-hive.org\/fr\/wp-json\/wp\/v2\/comments?post=16"}],"version-history":[{"count":30,"href":"https:\/\/climate-hive.org\/fr\/wp-json\/wp\/v2\/pages\/16\/revisions"}],"predecessor-version":[{"id":7248,"href":"https:\/\/climate-hive.org\/fr\/wp-json\/wp\/v2\/pages\/16\/revisions\/7248"}],"wp:featuredmedia":[{"embeddable":true,"href":"https:\/\/climate-hive.org\/fr\/wp-json\/wp\/v2\/media\/3990"}],"wp:attachment":[{"href":"https:\/\/climate-hive.org\/fr\/wp-json\/wp\/v2\/media?parent=16"}],"wp:term":[{"taxonomy":"page_tag","embeddable":true,"href":"https:\/\/climate-hive.org\/fr\/wp-json\/wp\/v2\/page_tag?post=16"}],"curies":[{"name":"wp","href":"https:\/\/api.w.org\/{rel}","templated":true}]}}