{"id":4180,"date":"2025-09-23T10:20:47","date_gmt":"2025-09-23T09:20:47","guid":{"rendered":"https:\/\/climate-hive.org\/?post_type=tribe_events&#038;p=4180"},"modified":"2025-09-24T15:34:24","modified_gmt":"2025-09-24T14:34:24","slug":"colab-accelerating-blue-green-economy-in-europes-coastal-communities","status":"publish","type":"tribe_events","link":"https:\/\/climate-hive.org\/fr\/event\/colab-accelerating-blue-green-economy-in-europes-coastal-communities\/","title":{"rendered":"CoLab : Acc\u00e9l\u00e9rer l'\u00e9conomie bleue et verte dans les communaut\u00e9s c\u00f4ti\u00e8res d'Europe"},"content":{"rendered":"<div  class=\"tribe-events-schedule tribe-clearfix\" >\n\t<p class=\"tribe-events-schedule__datetime\">\n\t\t<span class=\"tribe-events-schedule__date tribe-events-schedule__date--start\">\n\t\t\t2 octobre 2025\t\t<\/span>\n\n\t\t\t\t\t<span class=\"tribe-events-schedule__separator tribe-events-schedule__separator--date\">\n\t\t\t\t@\t\t\t<\/span>\n\t\t\t<span class=\"tribe-events-schedule__time tribe-events-schedule__time--start\">\n\t\t\t\t1:30 am\t\t\t<\/span>\n\t\t\n\t\t\t\t\t\t\t\t\t<span class=\"tribe-events-schedule__separator tribe-events-schedule__separator--time\">\n\t\t\t\t\t-\t\t\t\t<\/span>\n\t\t\t\n\t\t\t\t\t\t\t<span class=\"tribe-events-schedule__time tribe-events-schedule__time--end\">\n\t\t\t\t\t6:30 pm\t\t\t\t<\/span>\n\t\t\t\n\t\t\t\t\t\t<\/p>\n<\/div>\n\n\n\n<h4 class=\"wp-block-heading\" style=\"font-size:18px\">Rejoignez-nous pour un atelier avec des experts, des leaders de l'industrie et des parties prenantes publiques et priv\u00e9es et concevez avec nous de nouvelles collaborations et des opportunit\u00e9s pratiques pour lib\u00e9rer le potentiel commercial de l'\u00e9conomie bleue et verte pour les zones c\u00f4ti\u00e8res.<\/h4>\n\n\n\n<p style=\"font-size:16px\">L'\u00e9conomie bleue et les zones c\u00f4ti\u00e8res de l'Europe (communaut\u00e9s, villes, r\u00e9gions et \u00eeles) repr\u00e9sentent une masse continentale europ\u00e9enne estim\u00e9e \u00e0 13% et abritent 40 % de la population et du PIB de l'Europe, ce qui en fait un pilier essentiel.&nbsp;<\/p>\n\n\n\n<p style=\"font-size:16px\">Cependant, le changement climatique met tout cela en p\u00e9ril. Les d\u00e9fis sont nombreux, mais les gains \u00e9conomiques sont tout aussi exponentiels. Mais c'est maintenant qu'il faut agir !<\/p>\n\n\n\n<p style=\"font-size:16px\">Dans ce contexte, la Climate KIC a commenc\u00e9 \u00e0 travailler avec la r\u00e9gion de Sardaigne, en particulier avec son agence pour l'innovation.&nbsp;<a href=\"https:\/\/www.sardegnaricerche.it\/\">Sardegna Ricerche<\/a>&nbsp;par le biais du projet Interreg&nbsp;<a href=\"https:\/\/interreg-marittimo.eu\/web\/nest4esg\">Nest4ESG<\/a>. Ensemble, nous soutenons des t\u00e2ches et des activit\u00e9s qui favorisent l'innovation dans l'\u00e9conomie verte et bleue, jetant les bases d'une croissance durable et d'une transformation syst\u00e9mique en Sardaigne et au-del\u00e0.<\/p>\n\n\n\n<p style=\"font-size:16px\">La Climate KIC vous invite \u00e0 vous joindre \u00e0 nous pour&nbsp;<strong>Cagliari, Italie<\/strong>&nbsp;le jeudi 2 octobre pour un laboratoire de collaboration communautaire (CoLab) ax\u00e9 sur les th\u00e8mes suivants&nbsp;<strong>Acc\u00e9l\u00e9rer l'\u00e9conomie bleue et verte dans les communaut\u00e9s, r\u00e9gions, villes et territoires c\u00f4tiers<\/strong>.<\/p>\n\n\n\n<p style=\"font-size:16px\">Dans ce CoLab communautaire, nous invitons des acteurs cl\u00e9s des secteurs public et priv\u00e9, des industries marines et c\u00f4ti\u00e8res, des d\u00e9cideurs politiques environnementaux, r\u00e9gionaux et locaux, des chercheurs et des entrepreneurs innovants. Ensemble, nous chercherons \u00e0 inspirer tout en explorant de nouvelles voies pour favoriser le d\u00e9veloppement durable, prot\u00e9ger la biodiversit\u00e9 et promouvoir la r\u00e9silience dans un climat changeant.<\/p>\n\n\n\n<p style=\"font-size:16px\"><strong>L'atelier n'est qu'un d\u00e9but.<\/strong>&nbsp;Nous donnons le coup d'envoi d'un mouvement qui rassemble des acteurs publics et priv\u00e9s collaborant sur des opportunit\u00e9s pratiques pour stimuler l'innovation et d\u00e9bloquer de nouveaux potentiels commerciaux dans l'\u00e9conomie bleue et verte.<\/p>\n\n\n\n<p style=\"font-size:16px\">Rejoignez-nous si vous \u00eates pr\u00eat \u00e0 pr\u00e9parer votre organisation \u00e0 l'avenir et \u00e0 collaborer avec des organisations et des innovateurs partageant les m\u00eames id\u00e9es.<\/p>\n\n\n\n<div class=\"wp-block-buttons is-layout-flex wp-block-buttons-is-layout-flex\">\n<div class=\"wp-block-button\"><a class=\"wp-block-button__link wp-element-button\" href=\"https:\/\/forms.office.com\/e\/urgaH6LpVi\">S'inscrire ici<\/a><\/div>\n<\/div>\n\n\n\n<h3 class=\"wp-block-heading\">\u00c0 propos de Climate KIC Community CoLabs<\/h3>\n\n\n\n<p style=\"font-size:16px\">La Climate KIC accueillera quatre laboratoires de collaboration (CoLabs) \u00e0 l'automne 2025. Lors de nos CoLabs, nous engageons les parties prenantes publiques et priv\u00e9es \u00e0 travers les cha\u00eenes de valeur dans notre effort pour relier la demande climatique \u00e0 des solutions commerciales innovantes. Nous nous pencherons sur une s\u00e9rie de sujets :&nbsp;&nbsp;<\/p>\n\n\n\n<ul class=\"wp-block-list\">\n<li style=\"font-size:16px\"><a href=\"https:\/\/www.climate-kic.org\/events\/community-colab-beyond-the-legacy-of-deep-demonstration-slovenia\/\">Au-del\u00e0 de l'h\u00e9ritage de la manifestation profonde Slov\u00e9nie<\/a>. Ljubljana (Slov\u00e9nie), 11 septembre 2025<\/li>\n\n\n\n<li style=\"font-size:16px\"><a href=\"https:\/\/www.climate-kic.org\/events\/community-colab-cagliari\/\">Acc\u00e9l\u00e9rer l'\u00e9conomie bleue et verte dans les communaut\u00e9s c\u00f4ti\u00e8res d'Europe<\/a>. Cagliari (Italie), 2 octobre 2025<\/li>\n\n\n\n<li style=\"font-size:16px\"><a href=\"https:\/\/www.climate-kic.org\/events\/community-colab-community-housing-barcelona\/\">Logement g\u00e9r\u00e9 par la communaut\u00e9 et transitions durables : Le cas de Barcelone<\/a>a. Barcelone (Catalogne, Espagne), 10 octobre 2025<\/li>\n\n\n\n<li style=\"font-size:16px\"><a href=\"https:\/\/www.climate-kic.org\/events\/community-colab-public-private-partnerships-warsaw\/\">Faire progresser les partenariats publics-priv\u00e9s \u00e9cologiques : Le cas de la Pologne et au-del\u00e0<\/a>. Varsovie (Pologne), 22 octobre 2025<\/li>\n<\/ul>\n\n\n\n<p style=\"font-size:16px\">Les CoLabs communautaires sont soutenus par la&nbsp;<a href=\"https:\/\/www.eit.europa.eu\/\">Institut europ\u00e9en d'innovation et de technologie (EIT)<\/a>, un organe de l'Union europ\u00e9enne.<\/p>\n\n\n\n<p><\/p>\n\n\n\n<h3 class=\"wp-block-heading\">\u00c0 propos de Sardegna Ricerche et du r\u00e9seau Enterprise Europe Network<\/h3>\n\n\n\n<p style=\"font-size:16px\">Sardegna Ricerche est l'agence d'innovation de la r\u00e9gion de Sardaigne, dont les objectifs concernent la promotion de la recherche, de la technologie et de l'innovation, la gestion du parc scientifique et technologique, ainsi que le financement des entreprises et de la recherche sardes par l'interm\u00e9diaire du FEDER. Sardegna Ricerche participe \u00e0 plusieurs projets financ\u00e9s par l'Union europ\u00e9enne.&nbsp;<a href=\"https:\/\/een.ec.europa.eu\/\">R\u00e9seau europ\u00e9en des entreprises (EEN)<\/a>&nbsp;depuis 2008. Le r\u00e9seau soutient les entreprises et les organismes de recherche dans leur parcours d'innovation, leur croissance au niveau international et la cr\u00e9ation de partenariats mondiaux. Il s'agit du plus grand r\u00e9seau mondial de soutien aux petites et moyennes entreprises (PME) ayant des ambitions internationales.<\/p>\n\n\n<div  class=\"tribe-block tribe-block__event-price\" >\n\t\t<\/div>\n\n\n<div  class=\"tribe-block tribe-block__organizer__details tribe-clearfix\" >\n    <h4>Organiser details<\/h4>\n\t<div class=\"tribe-block__organizer__title\">\n\t\t<h3><a href=\"https:\/\/climate-hive.org\/fr\/organisateur\/climate-kic-community\/\" title=\"Climate KIC Community\" target=\"_self\" rel=\"\">Climate KIC Community<\/a><\/h3>\n\t<\/div>\n\t\t\t\t<p class=\"tribe-block__organizer__website\"><a href=\"https:\/\/climate-hive.org\/fr\/\" target=\"_self\" rel=\"external\">View Organizer Website<\/a><\/p>\n\t\t\t\t<p class=\"tribe-block__organizer__email\">community@climate-kic.org<\/p>\n\t<\/div>\n\n\n<div  class=\"tribe-block tribe-block__venue tribe-clearfix\" >\n\t\n\t\t\n\t<\/div>\n\n\n\n\n\t<div  class=\"tribe-block tribe-block__events-link\" >\n\t\t<div class=\"tribe-events tribe-common\">\n\t\t\t<div class=\"tribe-events-c-subscribe-dropdown__container\">\n\t\t\t\t<div class=\"tribe-events-c-subscribe-dropdown\">\n\t\t\t\t\t<div class=\"tribe-common-c-btn-border tribe-events-c-subscribe-dropdown__button\">\n\t\t\t\t\t\t<svg  class=\"tribe-common-c-svgicon tribe-common-c-svgicon--cal-export tribe-events-c-subscribe-dropdown__export-icon\"  xmlns=\"http:\/\/www.w3.org\/2000\/svg\" width=\"24\" height=\"24\" viewbox=\"0 0 24 24\" fill=\"none\">\n    <path\n        d=\"M9 6L12 3M12 3L15 6M12 3V13M7.00023 10C6.06835 10 5.60241 10 5.23486 10.1522C4.74481 10.3552 4.35523 10.7448 4.15224 11.2349C4 11.6024 4 12.0681 4 13V17.8C4 18.9201 4 19.4798 4.21799 19.9076C4.40973 20.2839 4.71547 20.5905 5.0918 20.7822C5.5192 21 6.07899 21 7.19691 21H16.8036C17.9215 21 18.4805 21 18.9079 20.7822C19.2842 20.5905 19.5905 20.2839 19.7822 19.9076C20 19.4802 20 18.921 20 17.8031V13C20 12.0681 19.9999 11.6024 19.8477 11.2349C19.6447 10.7448 19.2554 10.3552 18.7654 10.1522C18.3978 10 17.9319 10 17 10\"\n        stroke=\"#142930\" stroke-width=\"2\" stroke-linecap=\"round\" stroke-linejoin=\"round\"\/>\n<\/svg>\n\t\t\t\t\t\t<button\n\t\t\t\t\t\t\tclass=\"tribe-events-c-subscribe-dropdown__button-text\"\n\t\t\t\t\t\t\taria-expanded=\"false\"\n\t\t\t\t\t\t\taria-controls=\"tribe-events-subscribe-dropdown-content\"\n\t\t\t\t\t\t\taria-label=\"View links to add events to your calendar\"\n\t\t\t\t\t\t>\n\t\t\t\t\t\t\tAdd to calendar\t\t\t\t\t\t<\/button>\n\t\t\t\t\t\t<svg\n\t class=\"tribe-common-c-svgicon tribe-common-c-svgicon--caret-down tribe-events-c-subscribe-dropdown__button-icon\" \taria-hidden=\"true\"\n\tviewbox=\"0 0 10 7\"\n\txmlns=\"http:\/\/www.w3.org\/2000\/svg\"\n>\n\t<path fill-rule=\"evenodd\" clip-rule=\"evenodd\" d=\"M1.008.609L5 4.6 8.992.61l.958.958L5 6.517.05 1.566l.958-.958z\" class=\"tribe-common-c-svgicon__svg-fill\"\/>\n<\/svg>\n\t\t\t\t\t<\/div>\n\t\t\t\t\t<div id=\"tribe-events-subscribe-dropdown-content\" class=\"tribe-events-c-subscribe-dropdown__content\">\n\t\t\t\t\t\t<ul class=\"tribe-events-c-subscribe-dropdown__list\">\n\t\t\t\t\t\t\t\t\t\t\t\t\t\t\t<li class=\"tribe-events-c-subscribe-dropdown__list-item tribe-events-c-subscribe-dropdown__list-item--gcal\">\n\t\t\t\t\t\t\t\t\t<a\n\t\t\t\t\t\t\t\t\t\thref=\"https:\/\/www.google.com\/calendar\/event?action=TEMPLATE&#038;dates=20251002T013000\/20251002T183000&#038;text=CoLab%3A%20Accelerating%20blue%20%26amp%3B%20green%20economy%20in%20Europe%E2%80%99s%20coastal%20communities&#038;details=%3Ch4+class%3D%22wp-block-heading%22+style%3D%22font-size%3A18px%22%3EJoin+us+for+a+workshop+with+experts%2C+industry+leaders+and+public+and+private+stakeholders+and+design+with+us+new+collaborations+and+practical+opportunities+to+unlock+the+business+potential+in+the+blue+and+green+economy+for+coastal+aeras.%3C%2Fh4%3E%3Cp+style%3D%22font-size%3A16px%22%3EEurope%E2%80%99s+blue+economy+and+coastal+zones+%28communities%2C+cities%2C+regions+and+islands%29+make+up+an+estimated+13%25+European+landmass+yet+houses+40+%25+of+Europe%E2%80%99s+population+and+GDP%2C+making+it+a+crucial+pillar.%26nbsp%3B%3C%2Fp%3E+%3Cp+style%3D%22font-size%3A16px%22%3EHowever%2C+climate+change+puts+all+of+this+is+at+risk.+The+challenges+are+numerous%2C+yet+the+economic+gains+are+equally+exponential.+But+we+must+act+now%21%3C%2Fp%3E+%3Cp+style%3D%22font-size%3A16px%22%3EAgainst+this+background%2C+Climate+KIC+has+started+working+with+the+Region+of+Sardinia%2C+in+particular+with+its+Innovation+Agency%26nbsp%3B%3Ca+href%3D%22https%3A%2F%2Fwww.sardegnaricerche.it%2F%22%3ESardegna+Ricerche%3C%2Fa%3E%26nbsp%3Bthrough+the+Interreg+project%26nbsp%3B%3Ca%3C%2Fp%3E+%28View+Full+event+Description+Here%3A+https%3A%2F%2Fclimate-hive.org%2Ffr%2Fevent%2Fcolab-accelerating-blue-green-economy-in-europes-coastal-communities%2F%29&#038;trp=false&#038;ctz=Europe\/London&#038;sprop=website:https:\/\/climate-hive.org\/fr\"\n\t\t\t\t\t\t\t\t\t\tclass=\"tribe-events-c-subscribe-dropdown__list-item-link\"\n\t\t\t\t\t\t\t\t\t\ttarget=\"_blank\"\n\t\t\t\t\t\t\t\t\t\trel=\"noopener noreferrer nofollow noindex\"\n\t\t\t\t\t\t\t\t\t>\n\t\t\t\t\t\t\t\t\t\tGoogle Calendar\t\t\t\t\t\t\t\t\t<\/a>\n\t\t\t\t\t\t\t\t<\/li>\n\t\t\t\t\t\t\t\t\t\t\t\t\t\t\t<li class=\"tribe-events-c-subscribe-dropdown__list-item tribe-events-c-subscribe-dropdown__list-item--ical\">\n\t\t\t\t\t\t\t\t\t<a\n\t\t\t\t\t\t\t\t\t\thref=\"\"\n\t\t\t\t\t\t\t\t\t\tclass=\"tribe-events-c-subscribe-dropdown__list-item-link\"\n\t\t\t\t\t\t\t\t\t\ttarget=\"_blank\"\n\t\t\t\t\t\t\t\t\t\trel=\"noopener noreferrer nofollow noindex\"\n\t\t\t\t\t\t\t\t\t>\n\t\t\t\t\t\t\t\t\t\tiCalendar\t\t\t\t\t\t\t\t\t<\/a>\n\t\t\t\t\t\t\t\t<\/li>\n\t\t\t\t\t\t\t\t\t\t\t\t\t\t\t<li class=\"tribe-events-c-subscribe-dropdown__list-item tribe-events-c-subscribe-dropdown__list-item--outlook-365\">\n\t\t\t\t\t\t\t\t\t<a\n\t\t\t\t\t\t\t\t\t\thref=\"\"\n\t\t\t\t\t\t\t\t\t\tclass=\"tribe-events-c-subscribe-dropdown__list-item-link\"\n\t\t\t\t\t\t\t\t\t\ttarget=\"_blank\"\n\t\t\t\t\t\t\t\t\t\trel=\"noopener noreferrer nofollow noindex\"\n\t\t\t\t\t\t\t\t\t>\n\t\t\t\t\t\t\t\t\t\tOutlook 365\t\t\t\t\t\t\t\t\t<\/a>\n\t\t\t\t\t\t\t\t<\/li>\n\t\t\t\t\t\t\t\t\t\t\t\t\t\t\t<li class=\"tribe-events-c-subscribe-dropdown__list-item tribe-events-c-subscribe-dropdown__list-item--outlook-live\">\n\t\t\t\t\t\t\t\t\t<a\n\t\t\t\t\t\t\t\t\t\thref=\"\"\n\t\t\t\t\t\t\t\t\t\tclass=\"tribe-events-c-subscribe-dropdown__list-item-link\"\n\t\t\t\t\t\t\t\t\t\ttarget=\"_blank\"\n\t\t\t\t\t\t\t\t\t\trel=\"noopener noreferrer nofollow noindex\"\n\t\t\t\t\t\t\t\t\t>\n\t\t\t\t\t\t\t\t\t\tOutlook Live\t\t\t\t\t\t\t\t\t<\/a>\n\t\t\t\t\t\t\t\t<\/li>\n\t\t\t\t\t\t\t\t\t\t\t\t\t<\/ul>\n\t\t\t\t\t<\/div>\n\t\t\t\t<\/div>\n\t\t\t<\/div>\n\t\t<\/div>\n\t<\/div>\n\n\n\n<h2 class=\"tribe-block__related-events__title\">Related Events<\/h2>\n\n<ul  class=\"tribe-related-events tribe-clearfix\" >\n\t\t\t<li>\n\t\n<div class=\"tribe-related-events-thumbnail\">\n\t<a href=\"https:\/\/climate-hive.org\/fr\/event\/climathon-organiser-training-2-systems-change\/\" class=\"url\" rel=\"bookmark\" tabindex=\"-1\" aria-hidden=\"true\"><img loading=\"lazy\" decoding=\"async\" width=\"1024\" height=\"683\" src=\"https:\/\/climate-hive.org\/wp-content\/uploads\/2026\/04\/Curitiba_Brazil_2mb-1-1024x683.jpg\" class=\"attachment-large size-large wp-post-image\" alt=\"\" \/><\/a>\n<\/div>\n\t<div class=\"tribe-related-event-info\">\n\t<h3 class=\"tribe-related-events-title\">\n\t\t<a href=\"https:\/\/climate-hive.org\/fr\/event\/climathon-organiser-training-2-systems-change\/\" class=\"tribe-event-url\" rel=\"bookmark\">\n\t\t\tClimathon Organiser des formations #2 : De l'\u00e9v\u00e9nement au changement syst\u00e9mique\t\t<\/a>\n\t<\/h3>\n\t<span class=\"tribe-event-date-start\">May 5 @ 1:00 pm<\/span> - <span class=\"tribe-event-time\">14h30<\/span><\/div>\n<\/li>\n\t\t\t<li>\n\t\n<div class=\"tribe-related-events-thumbnail\">\n\t<a href=\"https:\/\/climate-hive.org\/fr\/event\/insights-green-and-digital-for-small-businesses\/\" class=\"url\" rel=\"bookmark\" tabindex=\"-1\" aria-hidden=\"true\"><img loading=\"lazy\" decoding=\"async\" width=\"1024\" height=\"576\" src=\"https:\/\/climate-hive.org\/wp-content\/uploads\/2026\/04\/getty-images-Sf2MBY7xIkY-unsplash-1024x576.jpg\" class=\"attachment-large size-large wp-post-image\" alt=\"\" \/><\/a>\n<\/div>\n\t<div class=\"tribe-related-event-info\">\n\t<h3 class=\"tribe-related-events-title\">\n\t\t<a href=\"https:\/\/climate-hive.org\/fr\/event\/insights-green-and-digital-for-small-businesses\/\" class=\"tribe-event-url\" rel=\"bookmark\">\n\t\t\tPerspectives : Vert et num\u00e9rique. Ce que cela signifie concr\u00e8tement pour les petites entreprises\u00a0\t\t<\/a>\n\t<\/h3>\n\t<span class=\"tribe-event-date-start\">6 mai \u00e0 14h00<\/span> - <span class=\"tribe-event-time\">15h00<\/span><\/div>\n<\/li>\n\t\t\t<li>\n\t\n<div class=\"tribe-related-events-thumbnail\">\n\t<a href=\"https:\/\/climate-hive.org\/fr\/event\/how-to-evolve-global-book-tour\/\" class=\"url\" rel=\"bookmark\" tabindex=\"-1\" aria-hidden=\"true\"><img loading=\"lazy\" decoding=\"async\" width=\"1024\" height=\"576\" src=\"https:\/\/climate-hive.org\/wp-content\/uploads\/2026\/04\/How_to_Evolve_Copenhagen_2x-2100x1181-1-1024x576.png\" class=\"attachment-large size-large wp-post-image\" alt=\"\" \/><\/a>\n<\/div>\n\t<div class=\"tribe-related-event-info\">\n\t<h3 class=\"tribe-related-events-title\">\n\t\t<a href=\"https:\/\/climate-hive.org\/fr\/event\/how-to-evolve-global-book-tour\/\" class=\"tribe-event-url\" rel=\"bookmark\">\n\t\t\tComment \u00c9voluer \u2013 Tourn\u00e9e mondiale du livre\t\t<\/a>\n\t<\/h3>\n\t<span class=\"tribe-event-date-start\">May 11 @ 9:30 am<\/span> - <span class=\"tribe-event-date-end\">May 12 @ 8:30 pm<\/span><\/div>\n<\/li>\n\t<\/ul>","protected":false},"excerpt":{"rendered":"<p>Rejoignez-nous pour un atelier avec des experts, des leaders de l'industrie et des acteurs publics et priv\u00e9s et concevez avec nous de nouvelles collaborations et des opportunit\u00e9s pratiques pour d\u00e9bloquer le potentiel commercial de la [...]<\/p>","protected":false},"author":3,"featured_media":4202,"comment_status":"open","ping_status":"closed","template":"","meta":{"_acf_changed":false,"_tec_requires_first_save":false,"_bbp_topic_count":0,"_bbp_reply_count":0,"_bbp_total_topic_count":0,"_bbp_total_reply_count":0,"_bbp_voice_count":0,"_bbp_anonymous_reply_count":0,"_bbp_topic_count_hidden":0,"_bbp_reply_count_hidden":0,"_bbp_forum_subforum_count":0,"pmpro_default_level":"","inline_featured_image":false,"_price":"","_stock":"","_tribe_ticket_header":"","_tribe_default_ticket_provider":"TEC\\Tickets\\Commerce\\Module","_ticket_start_date":"","_ticket_end_date":"","_tribe_ticket_show_description":"","_tribe_ticket_show_not_going":false,"_tribe_ticket_use_global_stock":"","_tribe_ticket_global_stock_level":"","_global_stock_mode":"","_global_stock_cap":"","_tribe_rsvp_for_event":"","_tribe_ticket_going_count":"","_tribe_ticket_not_going_count":"","_tribe_tickets_list":"[]","_tribe_ticket_has_attendee_info_fields":false,"_EventAllDay":false,"_EventTimezone":"Europe\/London","_EventStartDate":"2025-10-02 01:30:00","_EventEndDate":"2025-10-02 18:30:00","_EventStartDateUTC":"2025-10-02 00:30:00","_EventEndDateUTC":"2025-10-02 17:30:00","_EventShowMap":false,"_EventShowMapLink":false,"_EventURL":"","_EventCost":"","_EventCostDescription":"","_EventCurrencySymbol":"\u20ac","_EventCurrencyCode":"EUR","_EventCurrencyPosition":"prefix","_EventDateTimeSeparator":"@","_EventTimeRangeSeparator":"-","_EventOrganizerID":[3881],"_EventVenueID":[],"_OrganizerEmail":"","_OrganizerPhone":"","_OrganizerWebsite":"","_VenueAddress":"","_VenueCity":"","_VenueCountry":"","_VenueProvince":"","_VenueState":"","_VenueZip":"","_VenuePhone":"","_VenueURL":"","_VenueStateProvince":"","_VenueLat":"","_VenueLng":"","_VenueShowMap":false,"_VenueShowMapLink":false,"_tribe_blocks_recurrence_rules":"","_tribe_blocks_recurrence_description":"","_tribe_blocks_recurrence_exclusions":"","_tribe_events_status":"","_tribe_events_status_reason":"","_tribe_events_is_hybrid":"","_tribe_events_is_virtual":"","_tribe_events_virtual_video_source":"","_tribe_events_virtual_embed_video":"","_tribe_events_virtual_linked_button_text":"","_tribe_events_virtual_linked_button":"","_tribe_events_virtual_show_embed_at":"","_tribe_events_virtual_show_embed_to":[],"_tribe_events_virtual_show_on_event":"","_tribe_events_virtual_show_on_views":"","_tribe_events_virtual_url":"","footnotes":"","_tec_slr_enabled":"","_tec_slr_layout":""},"tribe_events_cat":[49,85,10,2,12],"class_list":["post-4180","tribe_events","type-tribe_events","status-publish","has-post-thumbnail","hentry","tribe_events_cat-community-collab","tribe_events_cat-community-event","tribe_events_cat-in-person","tribe_events_cat-networking","tribe_events_cat-organised-by-climate-kic","pmpro-has-access","cat_community-collab","cat_community-event","cat_in-person","cat_networking","cat_organised-by-climate-kic"],"acf":[],"ticketed":false,"_links":{"self":[{"href":"https:\/\/climate-hive.org\/fr\/wp-json\/wp\/v2\/tribe_events\/4180","targetHints":{"allow":["GET"]}}],"collection":[{"href":"https:\/\/climate-hive.org\/fr\/wp-json\/wp\/v2\/tribe_events"}],"about":[{"href":"https:\/\/climate-hive.org\/fr\/wp-json\/wp\/v2\/types\/tribe_events"}],"author":[{"embeddable":true,"href":"https:\/\/climate-hive.org\/fr\/wp-json\/wp\/v2\/users\/3"}],"replies":[{"embeddable":true,"href":"https:\/\/climate-hive.org\/fr\/wp-json\/wp\/v2\/comments?post=4180"}],"version-history":[{"count":8,"href":"https:\/\/climate-hive.org\/fr\/wp-json\/wp\/v2\/tribe_events\/4180\/revisions"}],"predecessor-version":[{"id":4207,"href":"https:\/\/climate-hive.org\/fr\/wp-json\/wp\/v2\/tribe_events\/4180\/revisions\/4207"}],"wp:featuredmedia":[{"embeddable":true,"href":"https:\/\/climate-hive.org\/fr\/wp-json\/wp\/v2\/media\/4202"}],"wp:attachment":[{"href":"https:\/\/climate-hive.org\/fr\/wp-json\/wp\/v2\/media?parent=4180"}],"wp:term":[{"taxonomy":"tribe_events_cat","embeddable":true,"href":"https:\/\/climate-hive.org\/fr\/wp-json\/wp\/v2\/tribe_events_cat?post=4180"}],"curies":[{"name":"wp","href":"https:\/\/api.w.org\/{rel}","templated":true}]}}