{"id":4214,"date":"2025-09-24T13:32:42","date_gmt":"2025-09-24T12:32:42","guid":{"rendered":"https:\/\/climate-hive.org\/?post_type=tribe_events&#038;p=4214"},"modified":"2025-10-16T16:57:16","modified_gmt":"2025-10-16T15:57:16","slug":"colab-advancing-green-public-private-partnerships","status":"publish","type":"tribe_events","link":"https:\/\/climate-hive.org\/fr\/event\/colab-advancing-green-public-private-partnerships\/","title":{"rendered":"CoLab : Faire progresser les partenariats public-priv\u00e9 \u00e9cologiques"},"content":{"rendered":"<div  class=\"tribe-events-schedule tribe-clearfix\" >\n\t<p class=\"tribe-events-schedule__datetime\">\n\t\t<span class=\"tribe-events-schedule__date tribe-events-schedule__date--start\">\n\t\t\t22 octobre 2025\t\t<\/span>\n\n\t\t\t\t\t<span class=\"tribe-events-schedule__separator tribe-events-schedule__separator--date\">\n\t\t\t\t@\t\t\t<\/span>\n\t\t\t<span class=\"tribe-events-schedule__time tribe-events-schedule__time--start\">\n\t\t\t\t14h30\t\t\t<\/span>\n\t\t\n\t\t\t\t\t\t\t\t\t<span class=\"tribe-events-schedule__separator tribe-events-schedule__separator--time\">\n\t\t\t\t\t-\t\t\t\t<\/span>\n\t\t\t\n\t\t\t\t\t\t\t<span class=\"tribe-events-schedule__time tribe-events-schedule__time--end\">\n\t\t\t\t\t6:00 pm\t\t\t\t<\/span>\n\t\t\t\n\t\t\t\t\t\t<\/p>\n<\/div>\n\n\n\n<p style=\"font-size:16px\">Rejoignez notre Community CoLab \u00e0 Varsovie pour concevoir de nouveaux mod\u00e8les de partenariats public-priv\u00e9 et identifier les opportunit\u00e9s commerciales et les coalitions entre l'entreprenariat, l'\u00e9ducation et la recherche pour faire avancer l'agenda de l'innovation climatique.<\/p>\n\n\n\n<p style=\"font-size:16px\">Pour atteindre les objectifs climatiques de l'UE \u00e0 l'horizon 2030, la BEI estime que nous devons allouer environ 8% de notre PIB. Malheureusement, nous n'en sommes qu'\u00e0 5% du PIB. Nous savons que ni le secteur public ni le secteur priv\u00e9 ne peuvent \u00e0 eux seuls r\u00e9soudre la crise climatique, ils doivent travailler ensemble.<\/p>\n\n\n\n<p style=\"font-size:16px\">Les partenariats public-priv\u00e9 sont essentiels pour concr\u00e9tiser les engagements \u00e9cologiques ambitieux des villes, des gouvernements nationaux et de l'UE. En associant la demande publique urgente \u00e0 des solutions commerciales innovantes et aux derni\u00e8res recherches, ces collaborations d\u00e9bloquent de nouveaux march\u00e9s et favorisent l'adaptation au rythme et \u00e0 l'\u00e9chelle dont nos communaut\u00e9s ont besoin de toute urgence.<\/p>\n\n\n\n<p style=\"font-size:16px\">La Climate KIC vous invite \u00e0 vous joindre \u00e0 nous pour&nbsp;<strong>Varsovie, Pologne<\/strong>&nbsp;le mercredi 22 octobre pour un laboratoire de collaboration communautaire (<strong>CoLab<\/strong>) a mis l'accent sur&nbsp;<strong>Faire progresser les partenariats public-priv\u00e9 \u00e9cologiques<\/strong>, en collaboration avec le&nbsp;<a href=\"https:\/\/www.parp.gov.pl\/\" target=\"_blank\" rel=\"noreferrer noopener\">Agence polonaise pour le d\u00e9veloppement des entreprises<\/a>&nbsp;et le&nbsp;<a href=\"https:\/\/en.uw.edu.pl\/\" target=\"_blank\" rel=\"noreferrer noopener\">Universit\u00e9 de Varsovie<\/a>. Nous invitons les principaux acteurs des secteurs public et priv\u00e9, les d\u00e9cideurs politiques nationaux, r\u00e9gionaux et locaux, les chercheurs, les industries et les entrepreneurs innovants \u00e0 se joindre \u00e0 nous.<\/p>\n\n\n\n<p style=\"font-size:16px\">Ensemble, nous concevrons de nouveaux mod\u00e8les de partenariat, nous comprendrons la demande des acteurs publics, nous r\u00e9fl\u00e9chirons \u00e0 des solutions possibles au carrefour de la recherche et des entreprises et nous identifierons les possibilit\u00e9s de faire avancer l'agenda de l'innovation climatique en Pologne et au-del\u00e0.<\/p>\n\n\n\n<p style=\"font-size:16px\"><strong>Ce CoLab n'est qu'un d\u00e9but<\/strong>. Au cours des trois prochaines ann\u00e9es, la Climate KIC Community r\u00e9unira des acteurs publics et priv\u00e9s, des chercheurs et des innovateurs afin de lancer un nouveau mouvement visant \u00e0 explorer des solutions syst\u00e9miques en mati\u00e8re de climat et \u00e0 collaborer \u00e0 leur mise en \u0153uvre \u00e0 grande \u00e9chelle.&nbsp;<\/p>\n\n\n\n<p style=\"font-size:16px\">Rejoignez-nous si vous \u00eates pr\u00eat \u00e0 pr\u00e9parer votre organisation \u00e0 l'avenir et \u00e0 collaborer avec des organisations et des innovateurs partageant les m\u00eames id\u00e9es.&nbsp;<\/p>\n\n\n\n<div class=\"wp-block-buttons is-layout-flex wp-block-buttons-is-layout-flex\">\n<div class=\"wp-block-button\"><a class=\"wp-block-button__link wp-element-button\" href=\"https:\/\/forms.office.com\/e\/7rHjhVhFEq\">S'INSCRIRE MAINTENANT<\/a><\/div>\n<\/div>\n\n\n\n<p><\/p>\n\n\n\n<h2 class=\"wp-block-heading\"><strong>Ordre du jour<\/strong><\/h2>\n\n\n\n<p>14.30 - 15.00 : <strong>Inscription et caf\u00e9<\/strong><\/p>\n\n\n\n<p>15.00 - 15.10 : <strong>Bienvenue au CoLab<\/strong><br><em>avec Magnus Harrison, responsable des relations communautaires et des partenariats, Climate KIC&nbsp;&nbsp;<\/em><\/p>\n\n\n\n<p>15.10 - 15.50 :<strong> Discussions sur les incendies : Acc\u00e9l\u00e9rer la transition \u00e9cologique et les opportunit\u00e9s commerciales gr\u00e2ce aux partenariats public-priv\u00e9.<br><\/strong><em>Mod\u00e9r\u00e9 par : Katarzyna Balucka-Debska, Orchestrateur politique et affaires europ\u00e9ennes, Climate KIC.<\/em><\/p>\n\n\n\n<p><em>Intervenants :<\/em><\/p>\n\n\n\n<ul class=\"wp-block-list\">\n<li><em>Michal Piwowarczyk, directeur adjoint, minist\u00e8re des fonds de d\u00e9veloppement et de la politique r\u00e9gionale<\/em><\/li>\n\n\n\n<li><em>Krzysztof Gulda, pr\u00e9sident de l'Agence polonaise pour le d\u00e9veloppement des entreprises (PARP)<\/em><\/li>\n\n\n\n<li><em>Anna Brussa, directrice des cha\u00eenes de valeur industrielles, Climate KIC.<\/em>\u00a0<\/li>\n<\/ul>\n\n\n\n<p>15.50 - 16.00 : <strong>Introduction \u00e0 la session<\/strong><\/p>\n\n\n\n<p>16.00 - 16.45 : <strong>Tables rondes<\/strong>&nbsp;&nbsp;<\/p>\n\n\n\n<ul class=\"wp-block-list\">\n<li><strong>Lib\u00e9rer les capitaux priv\u00e9s et publics<\/strong><br><em>Dirig\u00e9 par Przemek Derwich, sp\u00e9cialiste du financement de l'UE, Climate KIC<\/em><\/li>\n\n\n\n<li><strong>Construire et d\u00e9velopper des industries comp\u00e9titives<\/strong><br><em>Anim\u00e9e par Anna Brussa, directrice des cha\u00eenes de valeur industrielles, Climate KIC.<\/em><\/li>\n\n\n\n<li><strong>Combler les lacunes en mati\u00e8re d'innovation<\/strong><br><em>Anim\u00e9 par Magnus Harrison, responsable des relations communautaires et des partenariats, Climate KIC\u00a0\u00a0<\/em><\/li>\n<\/ul>\n\n\n\n<p>16.45 - 17.15 : <strong>Pl\u00e9ni\u00e8re : Pr\u00e9sentation des tables rondes<br><\/strong><em>Mod\u00e9r\u00e9 par Aleksandra Goldys, conceptrice et productrice, cha\u00eenes de valeur de l'industrie, Climate KIC&nbsp;<\/em><\/p>\n\n\n\n<p>17.15 - 18.00 : <strong>R\u00e9ception de r\u00e9seautage&nbsp;<\/strong><\/p>\n\n\n\n<p><\/p>\n\n\n\n<h3 class=\"wp-block-heading\">\u00c0 propos de Climate KIC Community CoLabs<\/h3>\n\n\n\n<p style=\"font-size:16px\">La Climate KIC accueillera quatre laboratoires de collaboration (CoLabs) \u00e0 l'automne 2025.  Lors de nos CoLabs, nous engageons les parties prenantes publiques et priv\u00e9es \u00e0 travers les cha\u00eenes de valeur dans notre effort pour relier la demande climatique \u00e0 des solutions commerciales innovantes. Nous nous pencherons sur une s\u00e9rie de sujets :<\/p>\n\n\n\n<ul class=\"wp-block-list\">\n<li style=\"font-size:16px\"><a href=\"https:\/\/www.climate-kic.org\/events\/community-colab-beyond-the-legacy-of-deep-demonstration-slovenia\/\">Au-del\u00e0 de l'h\u00e9ritage de la manifestation profonde Slov\u00e9nie<\/a>. Ljubljana (Slov\u00e9nie), 11 septembre 2025<\/li>\n\n\n\n<li style=\"font-size:16px\"><a href=\"https:\/\/www.climate-kic.org\/events\/community-colab-cagliari\/\">Acc\u00e9l\u00e9rer l'\u00e9conomie bleue et verte dans les communaut\u00e9s c\u00f4ti\u00e8res d'Europe<\/a>. Cagliari (Italie), 2 octobre 2025<\/li>\n\n\n\n<li style=\"font-size:16px\"><a href=\"https:\/\/www.climate-kic.org\/events\/community-colab-community-housing-barcelona\/\">Logement g\u00e9r\u00e9 par la communaut\u00e9 et transitions durables : Le cas de Barcelone<\/a>a. Barcelone (Catalogne, Espagne), 10 octobre 2025<\/li>\n\n\n\n<li style=\"font-size:16px\"><a href=\"https:\/\/www.climate-kic.org\/events\/community-colab-public-private-partnerships-warsaw\/\">Faire progresser les partenariats publics-priv\u00e9s \u00e9cologiques : Le cas de la Pologne et au-del\u00e0<\/a>. Varsovie (Pologne), 22 octobre 2025<\/li>\n<\/ul>\n\n\n\n<p style=\"font-size:16px\">Les CoLabs communautaires sont soutenus par la&nbsp;<a href=\"https:\/\/www.eit.europa.eu\/\">Institut europ\u00e9en d'innovation et de technologie (EIT)<\/a>, un organe de l'Union europ\u00e9enne.<\/p>\n\n\n<div  class=\"tribe-block tribe-block__event-price\" >\n\t\t<\/div>\n\n\n<div  class=\"tribe-block tribe-block__organizer__details tribe-clearfix\" >\n    <h4>Organiser details<\/h4>\n\t<div class=\"tribe-block__organizer__title\">\n\t\t<h3><a href=\"https:\/\/climate-hive.org\/fr\/organisateur\/climate-kic-community\/\" title=\"Climate KIC Community\" target=\"_self\" rel=\"\">Climate KIC Community<\/a><\/h3>\n\t<\/div>\n\t\t\t\t<p class=\"tribe-block__organizer__website\"><a href=\"https:\/\/climate-hive.org\/fr\/\" target=\"_self\" rel=\"external\">View Organizer Website<\/a><\/p>\n\t\t\t\t<p class=\"tribe-block__organizer__email\">community@climate-kic.org<\/p>\n\t<\/div>\n\n\n<div  class=\"tribe-block tribe-block__venue tribe-clearfix tribe-block__venue--has-map\" >\n\t\n\t\n<div class=\"tribe-block__venue__meta\">\n\t<div class=\"tribe-block__venue__name\">\n\t\t<h3><a href=\"https:\/\/climate-hive.org\/fr\/lieu\/warsaw-university-budynek-dydaktyczny\/\" title=\"Universit\u00e9 de Varsovie, Budynek dydaktyczny\">Universit\u00e9 de Varsovie, Budynek dydaktyczny<\/a><\/h3>\n\t<\/div>\n\n\t\n\t\t\t\t\t\t<address class=\"tribe-block__venue__address\">\n\t\t\t\t<span class=\"tribe-address\">\n\n<span class=\"tribe-street-address\">Dobra 55<\/span>\n\t\n\t\t<br>\n\t\t<span class=\"tribe-locality\">Varsovie<\/span><span class=\"tribe-delimiter\">,<\/span>\n\n\n\t<span class=\"tribe-postal-code\">00-312<\/span>\n\n\t<span class=\"tribe-country-name\">Pologne<\/span>\n\n<\/span>\n\n\t\t\t\t\t\t\t\t\t<a class=\"tribe-events-gmap\" href=\"https:\/\/maps.google.com\/maps?f=q&#038;source=s_q&#038;hl=en&#038;geocode=&#038;q=Dobra+55+Warsaw+00-312+Poland\" title=\"Click to view a Google Map\" target=\"_blank\" rel=\"noreferrer noopener\">+ Google Map<\/a>\t\t\t\t\t\t\t<\/address>\n\t\t\n\t\t\n\t\t\t\n\t<\/div>\n\t\n<div class=\"tribe-block__venue__map\">\n\t\n<iframe loading=\"lazy\"\n  title=\"Google maps iframe displaying the address to Warsaw University, Budynek dydaktyczny\"\n  aria-label=\"Venue location map\"\n  width=\"310px\"\n  height=\"256px\"\n  frameborder=\"0\" style=\"border:0\"\n  src=\"https:\/\/www.google.com\/maps\/embed\/v1\/place?key=AIzaSyDNsicAsP6-VuGtAb1O9riI3oc_NOb7IOU&#038;q=Dobra+55+Warsaw+00-312+Poland+&#038;zoom=15\" allowfullscreen>\n<\/iframe>\n<\/div>\n\n\t<\/div>\n\n\n\n\n\t<div  class=\"tribe-block tribe-block__events-link\" >\n\t\t<div class=\"tribe-events tribe-common\">\n\t\t\t<div class=\"tribe-events-c-subscribe-dropdown__container\">\n\t\t\t\t<div class=\"tribe-events-c-subscribe-dropdown\">\n\t\t\t\t\t<div class=\"tribe-common-c-btn-border tribe-events-c-subscribe-dropdown__button\">\n\t\t\t\t\t\t<svg  class=\"tribe-common-c-svgicon tribe-common-c-svgicon--cal-export tribe-events-c-subscribe-dropdown__export-icon\"  xmlns=\"http:\/\/www.w3.org\/2000\/svg\" width=\"24\" height=\"24\" viewbox=\"0 0 24 24\" fill=\"none\">\n    <path\n        d=\"M9 6L12 3M12 3L15 6M12 3V13M7.00023 10C6.06835 10 5.60241 10 5.23486 10.1522C4.74481 10.3552 4.35523 10.7448 4.15224 11.2349C4 11.6024 4 12.0681 4 13V17.8C4 18.9201 4 19.4798 4.21799 19.9076C4.40973 20.2839 4.71547 20.5905 5.0918 20.7822C5.5192 21 6.07899 21 7.19691 21H16.8036C17.9215 21 18.4805 21 18.9079 20.7822C19.2842 20.5905 19.5905 20.2839 19.7822 19.9076C20 19.4802 20 18.921 20 17.8031V13C20 12.0681 19.9999 11.6024 19.8477 11.2349C19.6447 10.7448 19.2554 10.3552 18.7654 10.1522C18.3978 10 17.9319 10 17 10\"\n        stroke=\"#142930\" stroke-width=\"2\" stroke-linecap=\"round\" stroke-linejoin=\"round\"\/>\n<\/svg>\n\t\t\t\t\t\t<button\n\t\t\t\t\t\t\tclass=\"tribe-events-c-subscribe-dropdown__button-text\"\n\t\t\t\t\t\t\taria-expanded=\"false\"\n\t\t\t\t\t\t\taria-controls=\"tribe-events-subscribe-dropdown-content\"\n\t\t\t\t\t\t\taria-label=\"View links to add events to your calendar\"\n\t\t\t\t\t\t>\n\t\t\t\t\t\t\tAdd to calendar\t\t\t\t\t\t<\/button>\n\t\t\t\t\t\t<svg\n\t class=\"tribe-common-c-svgicon tribe-common-c-svgicon--caret-down tribe-events-c-subscribe-dropdown__button-icon\" \taria-hidden=\"true\"\n\tviewbox=\"0 0 10 7\"\n\txmlns=\"http:\/\/www.w3.org\/2000\/svg\"\n>\n\t<path fill-rule=\"evenodd\" clip-rule=\"evenodd\" d=\"M1.008.609L5 4.6 8.992.61l.958.958L5 6.517.05 1.566l.958-.958z\" class=\"tribe-common-c-svgicon__svg-fill\"\/>\n<\/svg>\n\t\t\t\t\t<\/div>\n\t\t\t\t\t<div id=\"tribe-events-subscribe-dropdown-content\" class=\"tribe-events-c-subscribe-dropdown__content\">\n\t\t\t\t\t\t<ul class=\"tribe-events-c-subscribe-dropdown__list\">\n\t\t\t\t\t\t\t\t\t\t\t\t\t\t\t<li class=\"tribe-events-c-subscribe-dropdown__list-item tribe-events-c-subscribe-dropdown__list-item--gcal\">\n\t\t\t\t\t\t\t\t\t<a\n\t\t\t\t\t\t\t\t\t\thref=\"https:\/\/www.google.com\/calendar\/event?action=TEMPLATE&#038;dates=20251022T143000\/20251022T180000&#038;text=CoLab%3A%20Advancing%20green%20public-private%20partnerships&#038;details=%3Cp+style%3D%22font-size%3A16px%22%3EJoin+our+Community+CoLab+in+Warsaw+to+design+new+models+of+public-private+partnerships%2C+and+identify+business+opportunities+and+coalitions+across+entrepreneurship%2C+education+and+research+to+push+the+climate+innovation+agenda%3C%2Fp%3E+%3Cp+style%3D%22font-size%3A16px%22%3ETo+reach+the+EU%E2%80%99s+2030+climate+targets%2C+the+EIB+estimates+we+must+allocate+roughly+8%25+of+our+GDP.+Unfortunately%2C+we+are+only+at+5%25+GDP.+We+know+that+neither+public+nor+private+sector+alone+can+solve+the+climate+crisis%2C+they+must+work+together.%3C%2Fp%3E+%3Cp+style%3D%22font-size%3A16px%22%3EPublic-private+partnerships+are+vital+to+turn+ambitious+green+commitments+of+cities%2C+national+governments+and+the+EU+into+reality.+By+connecting+urgent+public+demand+with+innovative+business+solutions+and+the+latest+research%2C+these+collaborations+unlock+new+markets+and+drive+adaptation+at+the+pace+and+scale+our+communities+urgently+need.%3C%2Fp%3E+%3Cp+style%3D%22font-size%3A16px%22%3EClimate+KIC+invites+you+to+join+us+in%26nbsp%3B%3Cstrong%3EWar%3C%2Fstrong%3E%3C%2Fp%3E+%28View+Full+event+Description+Here%3A+https%3A%2F%2Fclimate-hive.org%2Ffr%2Fevent%2Fcolab-advancing-green-public-private-partnerships%2F%29&#038;location=Warsaw%20University,%20Budynek%20dydaktyczny,%20Dobra%2055,%20Warsaw,%2000-312,%20Poland&#038;trp=false&#038;ctz=Europe\/London&#038;sprop=website:https:\/\/climate-hive.org\/fr\"\n\t\t\t\t\t\t\t\t\t\tclass=\"tribe-events-c-subscribe-dropdown__list-item-link\"\n\t\t\t\t\t\t\t\t\t\ttarget=\"_blank\"\n\t\t\t\t\t\t\t\t\t\trel=\"noopener noreferrer nofollow noindex\"\n\t\t\t\t\t\t\t\t\t>\n\t\t\t\t\t\t\t\t\t\tGoogle Calendar\t\t\t\t\t\t\t\t\t<\/a>\n\t\t\t\t\t\t\t\t<\/li>\n\t\t\t\t\t\t\t\t\t\t\t\t\t\t\t<li class=\"tribe-events-c-subscribe-dropdown__list-item tribe-events-c-subscribe-dropdown__list-item--ical\">\n\t\t\t\t\t\t\t\t\t<a\n\t\t\t\t\t\t\t\t\t\thref=\"\"\n\t\t\t\t\t\t\t\t\t\tclass=\"tribe-events-c-subscribe-dropdown__list-item-link\"\n\t\t\t\t\t\t\t\t\t\ttarget=\"_blank\"\n\t\t\t\t\t\t\t\t\t\trel=\"noopener noreferrer nofollow noindex\"\n\t\t\t\t\t\t\t\t\t>\n\t\t\t\t\t\t\t\t\t\tiCalendar\t\t\t\t\t\t\t\t\t<\/a>\n\t\t\t\t\t\t\t\t<\/li>\n\t\t\t\t\t\t\t\t\t\t\t\t\t\t\t<li class=\"tribe-events-c-subscribe-dropdown__list-item tribe-events-c-subscribe-dropdown__list-item--outlook-365\">\n\t\t\t\t\t\t\t\t\t<a\n\t\t\t\t\t\t\t\t\t\thref=\"\"\n\t\t\t\t\t\t\t\t\t\tclass=\"tribe-events-c-subscribe-dropdown__list-item-link\"\n\t\t\t\t\t\t\t\t\t\ttarget=\"_blank\"\n\t\t\t\t\t\t\t\t\t\trel=\"noopener noreferrer nofollow noindex\"\n\t\t\t\t\t\t\t\t\t>\n\t\t\t\t\t\t\t\t\t\tOutlook 365\t\t\t\t\t\t\t\t\t<\/a>\n\t\t\t\t\t\t\t\t<\/li>\n\t\t\t\t\t\t\t\t\t\t\t\t\t\t\t<li class=\"tribe-events-c-subscribe-dropdown__list-item tribe-events-c-subscribe-dropdown__list-item--outlook-live\">\n\t\t\t\t\t\t\t\t\t<a\n\t\t\t\t\t\t\t\t\t\thref=\"\"\n\t\t\t\t\t\t\t\t\t\tclass=\"tribe-events-c-subscribe-dropdown__list-item-link\"\n\t\t\t\t\t\t\t\t\t\ttarget=\"_blank\"\n\t\t\t\t\t\t\t\t\t\trel=\"noopener noreferrer nofollow noindex\"\n\t\t\t\t\t\t\t\t\t>\n\t\t\t\t\t\t\t\t\t\tOutlook Live\t\t\t\t\t\t\t\t\t<\/a>\n\t\t\t\t\t\t\t\t<\/li>\n\t\t\t\t\t\t\t\t\t\t\t\t\t<\/ul>\n\t\t\t\t\t<\/div>\n\t\t\t\t<\/div>\n\t\t\t<\/div>\n\t\t<\/div>\n\t<\/div>\n\n\n\n<h2 class=\"tribe-block__related-events__title\">Related Events<\/h2>\n\n<ul  class=\"tribe-related-events tribe-clearfix\" >\n\t\t\t<li>\n\t\n<div class=\"tribe-related-events-thumbnail\">\n\t<a href=\"https:\/\/climate-hive.org\/fr\/event\/climathon-organiser-training-2-systems-change\/\" class=\"url\" rel=\"bookmark\" tabindex=\"-1\" aria-hidden=\"true\"><img loading=\"lazy\" decoding=\"async\" width=\"1024\" height=\"683\" src=\"https:\/\/climate-hive.org\/wp-content\/uploads\/2026\/04\/Curitiba_Brazil_2mb-1-1024x683.jpg\" class=\"attachment-large size-large wp-post-image\" alt=\"\" \/><\/a>\n<\/div>\n\t<div class=\"tribe-related-event-info\">\n\t<h3 class=\"tribe-related-events-title\">\n\t\t<a href=\"https:\/\/climate-hive.org\/fr\/event\/climathon-organiser-training-2-systems-change\/\" class=\"tribe-event-url\" rel=\"bookmark\">\n\t\t\tClimathon Organiser des formations #2 : De l'\u00e9v\u00e9nement au changement syst\u00e9mique\t\t<\/a>\n\t<\/h3>\n\t<span class=\"tribe-event-date-start\">May 5 @ 1:00 pm<\/span> - <span class=\"tribe-event-time\">14h30<\/span><\/div>\n<\/li>\n\t\t\t<li>\n\t\n<div class=\"tribe-related-events-thumbnail\">\n\t<a href=\"https:\/\/climate-hive.org\/fr\/event\/insights-green-and-digital-for-small-businesses\/\" class=\"url\" rel=\"bookmark\" tabindex=\"-1\" aria-hidden=\"true\"><img loading=\"lazy\" decoding=\"async\" width=\"1024\" height=\"576\" src=\"https:\/\/climate-hive.org\/wp-content\/uploads\/2026\/04\/getty-images-Sf2MBY7xIkY-unsplash-1024x576.jpg\" class=\"attachment-large size-large wp-post-image\" alt=\"\" \/><\/a>\n<\/div>\n\t<div class=\"tribe-related-event-info\">\n\t<h3 class=\"tribe-related-events-title\">\n\t\t<a href=\"https:\/\/climate-hive.org\/fr\/event\/insights-green-and-digital-for-small-businesses\/\" class=\"tribe-event-url\" rel=\"bookmark\">\n\t\t\tPerspectives : Vert et num\u00e9rique. Ce que cela signifie concr\u00e8tement pour les petites entreprises\u00a0\t\t<\/a>\n\t<\/h3>\n\t<span class=\"tribe-event-date-start\">6 mai \u00e0 14h00<\/span> - <span class=\"tribe-event-time\">15h00<\/span><\/div>\n<\/li>\n\t\t\t<li>\n\t\n<div class=\"tribe-related-events-thumbnail\">\n\t<a href=\"https:\/\/climate-hive.org\/fr\/event\/how-to-evolve-global-book-tour\/\" class=\"url\" rel=\"bookmark\" tabindex=\"-1\" aria-hidden=\"true\"><img loading=\"lazy\" decoding=\"async\" width=\"1024\" height=\"576\" src=\"https:\/\/climate-hive.org\/wp-content\/uploads\/2026\/04\/How_to_Evolve_Copenhagen_2x-2100x1181-1-1024x576.png\" class=\"attachment-large size-large wp-post-image\" alt=\"\" \/><\/a>\n<\/div>\n\t<div class=\"tribe-related-event-info\">\n\t<h3 class=\"tribe-related-events-title\">\n\t\t<a href=\"https:\/\/climate-hive.org\/fr\/event\/how-to-evolve-global-book-tour\/\" class=\"tribe-event-url\" rel=\"bookmark\">\n\t\t\tComment \u00c9voluer \u2013 Tourn\u00e9e mondiale du livre\t\t<\/a>\n\t<\/h3>\n\t<span class=\"tribe-event-date-start\">May 11 @ 9:30 am<\/span> - <span class=\"tribe-event-date-end\">May 12 @ 8:30 pm<\/span><\/div>\n<\/li>\n\t<\/ul>","protected":false},"excerpt":{"rendered":"<p>Rejoignez notre Community CoLab \u00e0 Varsovie pour concevoir de nouveaux mod\u00e8les de partenariats public-priv\u00e9 et identifier des opportunit\u00e9s commerciales et des coalitions entre l'entreprenariat, l'\u00e9ducation et la recherche pour faire avancer l'agenda de l'innovation climatique [...]<\/p>","protected":false},"author":3,"featured_media":4251,"comment_status":"open","ping_status":"closed","template":"","meta":{"_acf_changed":false,"_tec_requires_first_save":false,"_bbp_topic_count":0,"_bbp_reply_count":0,"_bbp_total_topic_count":0,"_bbp_total_reply_count":0,"_bbp_voice_count":0,"_bbp_anonymous_reply_count":0,"_bbp_topic_count_hidden":0,"_bbp_reply_count_hidden":0,"_bbp_forum_subforum_count":0,"pmpro_default_level":"","inline_featured_image":false,"_price":"","_stock":"","_tribe_ticket_header":"","_tribe_default_ticket_provider":"TEC\\Tickets\\Commerce\\Module","_ticket_start_date":"","_ticket_end_date":"","_tribe_ticket_show_description":"","_tribe_ticket_show_not_going":false,"_tribe_ticket_use_global_stock":"","_tribe_ticket_global_stock_level":"","_global_stock_mode":"","_global_stock_cap":"","_tribe_rsvp_for_event":"","_tribe_ticket_going_count":"","_tribe_ticket_not_going_count":"","_tribe_tickets_list":"[]","_tribe_ticket_has_attendee_info_fields":false,"_EventAllDay":false,"_EventTimezone":"Europe\/London","_EventStartDate":"2025-10-22 14:30:00","_EventEndDate":"2025-10-22 18:00:00","_EventStartDateUTC":"2025-10-22 13:30:00","_EventEndDateUTC":"2025-10-22 17:00:00","_EventShowMap":false,"_EventShowMapLink":false,"_EventURL":"","_EventCost":"","_EventCostDescription":"","_EventCurrencySymbol":"\u20ac","_EventCurrencyCode":"EUR","_EventCurrencyPosition":"prefix","_EventDateTimeSeparator":"@","_EventTimeRangeSeparator":"-","_EventOrganizerID":[3881],"_EventVenueID":[4250],"_OrganizerEmail":"","_OrganizerPhone":"","_OrganizerWebsite":"","_VenueAddress":"","_VenueCity":"","_VenueCountry":"","_VenueProvince":"","_VenueState":"","_VenueZip":"","_VenuePhone":"","_VenueURL":"","_VenueStateProvince":"","_VenueLat":"","_VenueLng":"","_VenueShowMap":false,"_VenueShowMapLink":false,"_tribe_blocks_recurrence_rules":"","_tribe_blocks_recurrence_description":"","_tribe_blocks_recurrence_exclusions":"","_tribe_events_status":"","_tribe_events_status_reason":"","_tribe_events_is_hybrid":"","_tribe_events_is_virtual":"","_tribe_events_virtual_video_source":"","_tribe_events_virtual_embed_video":"","_tribe_events_virtual_linked_button_text":"","_tribe_events_virtual_linked_button":"","_tribe_events_virtual_show_embed_at":"","_tribe_events_virtual_show_embed_to":[],"_tribe_events_virtual_show_on_event":"","_tribe_events_virtual_show_on_views":"","_tribe_events_virtual_url":"","footnotes":"","_tec_slr_enabled":"","_tec_slr_layout":""},"tribe_events_cat":[49,85,10,12,4],"class_list":["post-4214","tribe_events","type-tribe_events","status-publish","has-post-thumbnail","hentry","tribe_events_cat-community-collab","tribe_events_cat-community-event","tribe_events_cat-in-person","tribe_events_cat-organised-by-climate-kic","tribe_events_cat-policy","pmpro-has-access","cat_community-collab","cat_community-event","cat_in-person","cat_organised-by-climate-kic","cat_policy"],"acf":[],"ticketed":false,"_links":{"self":[{"href":"https:\/\/climate-hive.org\/fr\/wp-json\/wp\/v2\/tribe_events\/4214","targetHints":{"allow":["GET"]}}],"collection":[{"href":"https:\/\/climate-hive.org\/fr\/wp-json\/wp\/v2\/tribe_events"}],"about":[{"href":"https:\/\/climate-hive.org\/fr\/wp-json\/wp\/v2\/types\/tribe_events"}],"author":[{"embeddable":true,"href":"https:\/\/climate-hive.org\/fr\/wp-json\/wp\/v2\/users\/3"}],"replies":[{"embeddable":true,"href":"https:\/\/climate-hive.org\/fr\/wp-json\/wp\/v2\/comments?post=4214"}],"version-history":[{"count":3,"href":"https:\/\/climate-hive.org\/fr\/wp-json\/wp\/v2\/tribe_events\/4214\/revisions"}],"predecessor-version":[{"id":4640,"href":"https:\/\/climate-hive.org\/fr\/wp-json\/wp\/v2\/tribe_events\/4214\/revisions\/4640"}],"wp:featuredmedia":[{"embeddable":true,"href":"https:\/\/climate-hive.org\/fr\/wp-json\/wp\/v2\/media\/4251"}],"wp:attachment":[{"href":"https:\/\/climate-hive.org\/fr\/wp-json\/wp\/v2\/media?parent=4214"}],"wp:term":[{"taxonomy":"tribe_events_cat","embeddable":true,"href":"https:\/\/climate-hive.org\/fr\/wp-json\/wp\/v2\/tribe_events_cat?post=4214"}],"curies":[{"name":"wp","href":"https:\/\/api.w.org\/{rel}","templated":true}]}}