{"id":4752,"date":"2025-10-23T10:16:53","date_gmt":"2025-10-23T09:16:53","guid":{"rendered":"https:\/\/climate-hive.org\/?post_type=tribe_events&#038;p=4752"},"modified":"2025-12-01T17:02:06","modified_gmt":"2025-12-01T17:02:06","slug":"deep-dive-unlocking-green-public-private-partnerships-a-case-by-case-exploration","status":"publish","type":"tribe_events","link":"https:\/\/climate-hive.org\/fr\/event\/deep-dive-unlocking-green-public-private-partnerships-a-case-by-case-exploration\/","title":{"rendered":"Plong\u00e9e en profondeur : D\u00e9bloquer les partenariats public-priv\u00e9 \u00e9cologiques. Une exploration au cas par cas\u00a0"},"content":{"rendered":"<div class=\"tribe-events-virtual-single-marker\">\n\t<span class=\"tribe-events-virtual-single-marker__icon\" >\n\t\t<svg\n\t class=\"tribe-common-c-svgicon tribe-common-c-svgicon--virtual tribe-events-virtual-single-marker__icon-svg\" \taria-hidden=\"true\"\n\tviewbox=\"0 0 26 16\"\n\txmlns=\"http:\/\/www.w3.org\/2000\/svg\"\n>\n\t<g fill-rule=\"evenodd\" stroke-linecap=\"round\" stroke-linejoin=\"round\" stroke-width=\"2\" transform=\"translate(1 1)\">\n\t\t<path d=\"M18 10.7333333c2.16-2.09999997 2.16-5.44444441 0-7.46666663M21.12 13.7666667c3.84-3.7333334 3.84-9.80000003 0-13.53333337M6 10.7333333C3.84 8.63333333 3.84 5.28888889 6 3.26666667M2.88 13.7666667C-.96 10.0333333-.96 3.96666667 2.88.23333333\" class=\"tribe-common-c-svgicon__svg-stroke\"\/><ellipse cx=\"12\" cy=\"7\" rx=\"2.4\" ry=\"2.33333333\" class=\"tribe-common-c-svgicon__svg-stroke\"\/>\n\t<\/g>\n<\/svg>\n\t<\/span>\n\tVirtual \u00c9v\u00e8nement<\/div>\n<div  class=\"tribe-events-schedule tribe-clearfix\" >\n\t<p class=\"tribe-events-schedule__datetime\">\n\t\t<span class=\"tribe-events-schedule__date tribe-events-schedule__date--start\">\n\t\t\t2 d\u00e9cembre 2025\t\t<\/span>\n\n\t\t\t\t\t<span class=\"tribe-events-schedule__separator tribe-events-schedule__separator--date\">\n\t\t\t\t@\t\t\t<\/span>\n\t\t\t<span class=\"tribe-events-schedule__time tribe-events-schedule__time--start\">\n\t\t\t\t16h00\t\t\t<\/span>\n\t\t\n\t\t\t\t\t\t\t\t\t<span class=\"tribe-events-schedule__separator tribe-events-schedule__separator--time\">\n\t\t\t\t\t-\t\t\t\t<\/span>\n\t\t\t\n\t\t\t\t\t\t\t<span class=\"tribe-events-schedule__time tribe-events-schedule__time--end\">\n\t\t\t\t\t17h30\t\t\t\t<\/span>\n\t\t\t\n\t\t\t\t\t\t<\/p>\n<\/div>\n\n\n\n<h5 class=\"wp-block-heading\">Rejoignez-nous pour la derni\u00e8re s\u00e9ance d'approfondissement de cette ann\u00e9e sur les partenariats public-priv\u00e9 \u00e9cologiques. Nous examinerons comment les entreprises peuvent travailler avec le secteur public, en mettant en \u00e9vidence les exp\u00e9riences, les enseignements et les recommandations pour aller de l'avant.<\/h5>\n\n\n\n<p>Il est clair que ni le secteur public ni le secteur priv\u00e9 ne peuvent \u00e0 eux seuls r\u00e9soudre la crise climatique ; ils doivent travailler ensemble. Ils doivent travailler ensemble, <strong>les partenariats public-priv\u00e9 (PPP) sont incontournables <\/strong>si nous voulons atteindre nos objectifs climatiques et ceux de l'Europe pour 2030.<\/p>\n\n\n\n<p>Comme cela a \u00e9t\u00e9 discut\u00e9 avec nos membres lors du dernier <a href=\"https:\/\/climate-hive.org\/fr\/knowledge-base\/colab-outputs\/2025-2\/advacing-green-public-private-partnerships\/\">CoLab \u00e0 Varsovie<\/a>, <strong>transformation verte et num\u00e9rique<\/strong> est un domaine de d\u00e9veloppement et d'opportunit\u00e9s commerciales dans le cadre des PPP, non seulement au niveau national, mais aussi au niveau r\u00e9gional et urbain.&nbsp;<strong>Une recommandation claire pour les entreprises<\/strong> qui souhaitent mettre en \u0153uvre ces partenariats est d'\u00eatre agile et capable de s'adapter \u00e0 l'\u00e9volution des priorit\u00e9s du secteur public - comme n'importe quel autre consommateur.<\/p>\n\n\n\n<p>Comment aligner les priorit\u00e9s de votre entreprise sur celles du secteur public afin d'am\u00e9liorer vos produits et services ? Comment \u00e9tablir des partenariats public-priv\u00e9 \u00e9volutifs et efficaces avec les acteurs gouvernementaux ?<\/p>\n\n\n\n<p>Rejoignez-nous le mardi 2 d\u00e9cembre pour notre derni\u00e8re plong\u00e9e en profondeur de l'ann\u00e9e, au cours de laquelle vous entendrez un groupe d'acteurs publics et priv\u00e9s sur les th\u00e8mes suivants <strong>approfondir notre compr\u00e9hension des partenariats public-priv\u00e9 et des moyens de les am\u00e9liorer<\/strong>.<\/p>\n\n\n\n<p>Cette \u00e9tude approfondie s'appuiera sur l'h\u00e9ritage et les connaissances acquises lors de la conf\u00e9rence de l'Union europ\u00e9enne sur le th\u00e8me de l'\u00e9galit\u00e9 des chances. <a href=\"https:\/\/climate-hive.org\/fr\/knowledge-base\/colab-outputs\/2025-2\/advacing-green-public-private-partnerships\/\">Community CoLab \u00e0 Varsovie<\/a>, o\u00f9 nous avons r\u00e9uni diverses parties prenantes des secteurs public et priv\u00e9 polonais pour discuter des PPP, des recommandations et des prochaines \u00e9tapes r\u00e9alisables. &nbsp;<\/p>\n\n\n\n<h4 class=\"wp-block-heading\"><strong>Ce que vous apprendrez<\/strong><\/h4>\n\n\n\n<p>A travers <strong>dialogues guid\u00e9s, \u00e9changes entre pairs, \u00e9tudes de cas r\u00e9els<\/strong> et plus encore, vous le ferez :&nbsp;&nbsp;<\/p>\n\n\n\n<ul class=\"wp-block-list\">\n<li>Apprendre des entreprises et des acteurs publics qui travaillent avec les PPP.&nbsp;<\/li>\n\n\n\n<li>D\u00e9couvrez comment travailler avec le PPP et pourquoi il est important pour vous.&nbsp;<\/li>\n\n\n\n<li>Cr\u00e9ez des r\u00e9seaux avec d'autres parties prenantes int\u00e9ress\u00e9es par les PPP comme vous l'\u00eates.&nbsp;&nbsp;&nbsp;<\/li>\n<\/ul>\n\n\n\n<p>Il ne s'agit pas d'un simple \u00e9v\u00e9nement d'apprentissage. Attendez-vous \u00e0 des m\u00e9thodes et des exercices pratiques qui vous permettront de mieux comprendre votre organisation.&nbsp;&nbsp;<\/p>\n\n\n\n<p><\/p>\n\n\n\n<h4 class=\"wp-block-heading\">Intervenants<\/h4>\n\n\n\n<div style=\"height:10px\" aria-hidden=\"true\" class=\"wp-block-spacer\"><\/div>\n\n\n\n<ul class=\"wp-block-list\">\n<li><strong>Dimitri Ionesco<\/strong>, Fondateur de <a href=\"https:\/\/www.light-mirror.eu\/\">Miroir lumineux<\/a><br><em>LightMirror d\u00e9veloppe des panneaux r\u00e9fl\u00e9chissants qui font entrer la lumi\u00e8re du soleil dans les h\u00f4pitaux et les maisons de soins, r\u00e9duisant ainsi le besoin d'\u00e9clairage artificiel et de chauffage. En installant ces panneaux r\u00e9fl\u00e9chissants au bord des toits, la lumi\u00e8re naturelle peut \u00eatre redirig\u00e9e vers d'autres b\u00e2timents, ce qui en fait un atout contr\u00f4lable qui permet de r\u00e9duire les co\u00fbts et d'am\u00e9liorer le bien-\u00eatre g\u00e9n\u00e9ral des patients et des r\u00e9sidents.<br><\/em><\/li>\n\n\n\n<li><strong>Paula McGinnel<\/strong>, Sp\u00e9cialiste de l'investissement et de l'industrie, Climate KIC<br><em>Paula est sp\u00e9cialiste de l'investissement et de l'industrie chez Climate-KIC, o\u00f9 elle g\u00e8re principalement le programme de l'initiative City-Industry Dialogue, soutenant les villes de l'UE \u00e0 collaborer avec l'industrie et la finance sur la d\u00e9carbonisation \u00e0 grande \u00e9chelle. Elle apporte plusieurs ann\u00e9es d'exp\u00e9rience dans la finance d'impact \u00e0 travers la banque d'investissement, le d\u00e9veloppement de startups et d'organisations \u00e0 mission, avec un accent particulier sur le climat et les r\u00e9sultats sociaux. Bas\u00e9e \u00e0 Bristol, Paula est \u00e9galement activement engag\u00e9e dans l'\u00e9cosyst\u00e8me local, en tant que b\u00e9n\u00e9vole aupr\u00e8s d'organisations communautaires et de programmes de mentorat qui soutiennent les fondateurs en d\u00e9but de carri\u00e8re et les entreprises \u00e0 but sp\u00e9cifique.<\/em><br><\/li>\n\n\n\n<li><strong>Przemek Derwich<\/strong>, Responsable des partenariats strat\u00e9giques, Climate KIC<br><em>Przemek est responsable des partenariats strat\u00e9giques chez Climate KIC, sp\u00e9cialis\u00e9 dans les instruments financiers et les financements mixtes afin de mobiliser des capitaux publics et priv\u00e9s pour les investissements urbains dans le domaine du climat. Il soutient les villes dans la transition vers les \u00e9nergies renouvelables et les approches syst\u00e9miques du d\u00e9veloppement urbain durable. Fort d'une vaste exp\u00e9rience des m\u00e9canismes de financement europ\u00e9ens et internationaux, il comprend comment la finance favorise les changements transformateurs. Son travail relie la politique, la finance et l'innovation pour fournir des strat\u00e9gies d'investissement impactantes et align\u00e9es sur le climat \u00e0 travers l'Europe.<\/em><br><\/li>\n\n\n\n<li><strong>Justyna Wieczorkiewicz-Molendo<\/strong>, Conseiller pour les villes neutres sur le plan climatique, Climate KIC<br><em>Justyna est conseill\u00e8re pour les villes climatiquement neutres dans le cadre du projet NetZeroCities du ClimateKIC, qui soutient les villes europ\u00e9ennes dans leur d\u00e9marche de neutralit\u00e9 climatique. Dans le pass\u00e9, elle a \u00e9t\u00e9 conseill\u00e8re aupr\u00e8s de l'Association des villes polonaises, soutenant les villes polonaises et les partenariats de gouvernement local dans la planification de leur transformation en lieux durables, conviviaux et r\u00e9silients. Elle a de l'exp\u00e9rience dans le travail m\u00e9thodologique sur la pr\u00e9paration de strat\u00e9gies territoriales dans le cadre d'une approche int\u00e9gr\u00e9e.<\/em><\/li>\n<\/ul>\n\n\n\n<p><\/p>\n\n\n\n<h4 class=\"wp-block-heading\"><strong>Ordre du jour<\/strong><\/h4>\n\n\n\n<div style=\"height:10px\" aria-hidden=\"true\" class=\"wp-block-spacer\"><\/div>\n\n\n\n<p>16:00 - 16:10 Bienvenue et introduction<\/p>\n\n\n\n<p>16:10 - 16:15 Exercice interactif<\/p>\n\n\n\n<p>16:15 - 16:55 Les partenariats public-priv\u00e9 au cas par cas :<\/p>\n\n\n\n<ul class=\"wp-block-list\">\n<li>Le PPP comme cadre de collaboration intersectorielle<\/li>\n\n\n\n<li>Besoins, id\u00e9es et obstacles en mati\u00e8re de PPP au niveau de la ville<\/li>\n\n\n\n<li>Exemple de cas : PPP hospitalier en Pologne - L'innovation au service des march\u00e9s publics<\/li>\n\n\n\n<li>Dialogue villes-industrie et perspective d'investissement<\/li>\n<\/ul>\n\n\n\n<p>16:55 - 17:10 Dialogue collectif<\/p>\n\n\n\n<p>17:10 - 17:20 Discussion en groupe<\/p>\n\n\n\n<p>17:20 - 17:30 R\u00e9colte et cl\u00f4ture<\/p>\n\n\n<div  class=\"tribe-block tribe-block--virtual-event\" >\n    <\/div>\n\n\n\n\n\n<h2 class=\"wp-block-heading\">\u00c0 propos des plong\u00e9es profondes dans la communaut\u00e9<\/h2>\n\n\n\n<p>Les Community Deep Dives sont des sessions d'apprentissage con\u00e7ues par Climate KIC pour les membres de sa communaut\u00e9 o\u00f9, avec des experts et des leaders exp\u00e9riment\u00e9s, nous explorons les tendances les plus pertinentes et les plus transformatrices de l'innovation climatique.&nbsp;<\/p>\n\n\n\n<p>Gr\u00e2ce \u00e0 un m\u00e9lange d'\u00e9changes entre pairs, d'\u00e9tudes de cas r\u00e9els et d'exercices de travail en groupe, les sessions sont cens\u00e9es doter les participants de connaissances pratiques et d'une exp\u00e9rience concr\u00e8te qui peuvent \u00eatre mises en \u0153uvre dans leur contexte professionnel.<\/p>\n\n\n\n<p>D\u00e9couvrez les plong\u00e9es profondes de cette ann\u00e9e :<\/p>\n\n\n\n<ul class=\"wp-block-list\">\n<li><a href=\"https:\/\/climate-hive.org\/fr\/knowledge-base\/deep-dives\/2025-2\/beyond-esg-building-agile-resilient-organisations-for-the-next-industrial-era\/\"><strong>De nouveaux cadres pour aller au-del\u00e0 des rapports ESG<\/strong><\/a><\/li>\n\n\n\n<li><a href=\"https:\/\/climate-hive.org\/fr\/knowledge-base\/deep-dives\/2025-2\/no-way-around-dei-how-to-build-a-green-and-just-future-for-all\/\"><strong>Innovation climatique inclusive<\/strong><\/a><\/li>\n<\/ul>\n\n\n<div  class=\"tribe-block tribe-block__organizer__details tribe-clearfix\" >\n    <h4>Organiser details<\/h4>\n\t<div class=\"tribe-block__organizer__title\">\n\t\t<h3><a href=\"https:\/\/climate-hive.org\/fr\/organisateur\/climate-kic-community\/\" title=\"Climate KIC Community\" target=\"_self\" rel=\"\">Climate KIC Community<\/a><\/h3>\n\t<\/div>\n\t\t\t\t<p class=\"tribe-block__organizer__website\"><a href=\"https:\/\/climate-hive.org\/fr\/\" target=\"_self\" rel=\"external\">View Organizer Website<\/a><\/p>\n\t\t\t\t<p class=\"tribe-block__organizer__email\">community@climate-kic.org<\/p>\n\t<\/div>\n\n\n\t<div  class=\"tribe-block tribe-block__events-link\" >\n\t\t<div class=\"tribe-events tribe-common\">\n\t\t\t<div class=\"tribe-events-c-subscribe-dropdown__container\">\n\t\t\t\t<div class=\"tribe-events-c-subscribe-dropdown\">\n\t\t\t\t\t<div class=\"tribe-common-c-btn-border tribe-events-c-subscribe-dropdown__button\">\n\t\t\t\t\t\t<svg  class=\"tribe-common-c-svgicon tribe-common-c-svgicon--cal-export tribe-events-c-subscribe-dropdown__export-icon\"  xmlns=\"http:\/\/www.w3.org\/2000\/svg\" width=\"24\" height=\"24\" viewbox=\"0 0 24 24\" fill=\"none\">\n    <path\n        d=\"M9 6L12 3M12 3L15 6M12 3V13M7.00023 10C6.06835 10 5.60241 10 5.23486 10.1522C4.74481 10.3552 4.35523 10.7448 4.15224 11.2349C4 11.6024 4 12.0681 4 13V17.8C4 18.9201 4 19.4798 4.21799 19.9076C4.40973 20.2839 4.71547 20.5905 5.0918 20.7822C5.5192 21 6.07899 21 7.19691 21H16.8036C17.9215 21 18.4805 21 18.9079 20.7822C19.2842 20.5905 19.5905 20.2839 19.7822 19.9076C20 19.4802 20 18.921 20 17.8031V13C20 12.0681 19.9999 11.6024 19.8477 11.2349C19.6447 10.7448 19.2554 10.3552 18.7654 10.1522C18.3978 10 17.9319 10 17 10\"\n        stroke=\"#142930\" stroke-width=\"2\" stroke-linecap=\"round\" stroke-linejoin=\"round\"\/>\n<\/svg>\n\t\t\t\t\t\t<button\n\t\t\t\t\t\t\tclass=\"tribe-events-c-subscribe-dropdown__button-text\"\n\t\t\t\t\t\t\taria-expanded=\"false\"\n\t\t\t\t\t\t\taria-controls=\"tribe-events-subscribe-dropdown-content\"\n\t\t\t\t\t\t\taria-label=\"View links to add events to your calendar\"\n\t\t\t\t\t\t>\n\t\t\t\t\t\t\tAdd to calendar\t\t\t\t\t\t<\/button>\n\t\t\t\t\t\t<svg\n\t class=\"tribe-common-c-svgicon tribe-common-c-svgicon--caret-down tribe-events-c-subscribe-dropdown__button-icon\" \taria-hidden=\"true\"\n\tviewbox=\"0 0 10 7\"\n\txmlns=\"http:\/\/www.w3.org\/2000\/svg\"\n>\n\t<path fill-rule=\"evenodd\" clip-rule=\"evenodd\" d=\"M1.008.609L5 4.6 8.992.61l.958.958L5 6.517.05 1.566l.958-.958z\" class=\"tribe-common-c-svgicon__svg-fill\"\/>\n<\/svg>\n\t\t\t\t\t<\/div>\n\t\t\t\t\t<div id=\"tribe-events-subscribe-dropdown-content\" class=\"tribe-events-c-subscribe-dropdown__content\">\n\t\t\t\t\t\t<ul class=\"tribe-events-c-subscribe-dropdown__list\">\n\t\t\t\t\t\t\t\t\t\t\t\t\t\t\t<li class=\"tribe-events-c-subscribe-dropdown__list-item tribe-events-c-subscribe-dropdown__list-item--gcal\">\n\t\t\t\t\t\t\t\t\t<a\n\t\t\t\t\t\t\t\t\t\thref=\"https:\/\/www.google.com\/calendar\/event?action=TEMPLATE&#038;dates=20251202T160000\/20251202T173000&#038;text=Deep%20Dive%3A%20Unlocking%20green%20public-private%20partnerships.%20A%20case%20by%20case%20exploration%C2%A0&#038;details=%3Ch5+class%3D%22wp-block-heading%22%3EJoin+us+for+this+year%E2%80%99s+last+Deep+Dive+on+green+Public-Private+Partnerships.%26nbsp%3BWe+will+explore+how+businesses+can+work+with+the+public+sector%2C+highlighting+experiences%2C+learnings%2C+and+recommendations+to+go+forward.%3C%2Fh5%3E%3Cp%3EIt+is+clear+that+neither+public+nor+private+sector+alone+can+solve+the+climate+crisis%3B+they+must+work+together.+For+this+purpose%2C+%3Cstrong%3Ethere+is+no+way+around+Public-Private+Partnerships+%28PPP%29+%3C%2Fstrong%3Eif+we+aim+to+meet+our+and+Europe%E2%80%99s+2030+climate+targets.%3C%2Fp%3E+%3Cp%3EAs+discussed+with+our+members+during+the+last+%3Ca+href%3D%22https%3A%2F%2Fclimate-hive.org%2Fknowledge-base%2Fcolab-outputs%2F2025-2%2Fadvacing-green-public-private-partnerships%2F%22%3ECoLab+in+Warsaw%3C%2Fa%3E%2C+%3Cstrong%3Egreen+and+digital+transformation%3C%2Fstrong%3E+is+an+area+for+development+and+business+opportunities+within+the+PPP+framework%2C+not+only+on+a+national+level+but+also+on+regional+and+city+level.%26nbsp%3B%3Cstrong%3EA+clear+recommendation+for+businesses%3C%2Fstrong%3E+that+want+to+implemen%3C%2Fp%3E+%28View+Full+event+Description+Here%3A+https%3A%2F%2Fclimate-hive.org%2Ffr%2Fevent%2Fdeep-dive-unlocking-green-public-private-partnerships-a-case-by-case-exploration%2F%29&#038;location=https:\/\/climate-hive.org\/fr\/event\/deep-dive-unlocking-green-public-private-partnerships-a-case-by-case-exploration\/&#038;trp=false&#038;ctz=Europe\/Berlin&#038;sprop=website:https:\/\/climate-hive.org\/fr\"\n\t\t\t\t\t\t\t\t\t\tclass=\"tribe-events-c-subscribe-dropdown__list-item-link\"\n\t\t\t\t\t\t\t\t\t\ttarget=\"_blank\"\n\t\t\t\t\t\t\t\t\t\trel=\"noopener noreferrer nofollow noindex\"\n\t\t\t\t\t\t\t\t\t>\n\t\t\t\t\t\t\t\t\t\tGoogle Calendar\t\t\t\t\t\t\t\t\t<\/a>\n\t\t\t\t\t\t\t\t<\/li>\n\t\t\t\t\t\t\t\t\t\t\t\t\t\t\t<li class=\"tribe-events-c-subscribe-dropdown__list-item tribe-events-c-subscribe-dropdown__list-item--ical\">\n\t\t\t\t\t\t\t\t\t<a\n\t\t\t\t\t\t\t\t\t\thref=\"\"\n\t\t\t\t\t\t\t\t\t\tclass=\"tribe-events-c-subscribe-dropdown__list-item-link\"\n\t\t\t\t\t\t\t\t\t\ttarget=\"_blank\"\n\t\t\t\t\t\t\t\t\t\trel=\"noopener noreferrer nofollow noindex\"\n\t\t\t\t\t\t\t\t\t>\n\t\t\t\t\t\t\t\t\t\tiCalendar\t\t\t\t\t\t\t\t\t<\/a>\n\t\t\t\t\t\t\t\t<\/li>\n\t\t\t\t\t\t\t\t\t\t\t\t\t\t\t<li class=\"tribe-events-c-subscribe-dropdown__list-item tribe-events-c-subscribe-dropdown__list-item--outlook-365\">\n\t\t\t\t\t\t\t\t\t<a\n\t\t\t\t\t\t\t\t\t\thref=\"\"\n\t\t\t\t\t\t\t\t\t\tclass=\"tribe-events-c-subscribe-dropdown__list-item-link\"\n\t\t\t\t\t\t\t\t\t\ttarget=\"_blank\"\n\t\t\t\t\t\t\t\t\t\trel=\"noopener noreferrer nofollow noindex\"\n\t\t\t\t\t\t\t\t\t>\n\t\t\t\t\t\t\t\t\t\tOutlook 365\t\t\t\t\t\t\t\t\t<\/a>\n\t\t\t\t\t\t\t\t<\/li>\n\t\t\t\t\t\t\t\t\t\t\t\t\t\t\t<li class=\"tribe-events-c-subscribe-dropdown__list-item tribe-events-c-subscribe-dropdown__list-item--outlook-live\">\n\t\t\t\t\t\t\t\t\t<a\n\t\t\t\t\t\t\t\t\t\thref=\"\"\n\t\t\t\t\t\t\t\t\t\tclass=\"tribe-events-c-subscribe-dropdown__list-item-link\"\n\t\t\t\t\t\t\t\t\t\ttarget=\"_blank\"\n\t\t\t\t\t\t\t\t\t\trel=\"noopener noreferrer nofollow noindex\"\n\t\t\t\t\t\t\t\t\t>\n\t\t\t\t\t\t\t\t\t\tOutlook Live\t\t\t\t\t\t\t\t\t<\/a>\n\t\t\t\t\t\t\t\t<\/li>\n\t\t\t\t\t\t\t\t\t\t\t\t\t<\/ul>\n\t\t\t\t\t<\/div>\n\t\t\t\t<\/div>\n\t\t\t<\/div>\n\t\t<\/div>\n\t<\/div>\n\n\n\n<h2 class=\"tribe-block__related-events__title\">Related Events<\/h2>\n\n<ul  class=\"tribe-related-events tribe-clearfix\" >\n\t\t\t<li>\n\t\n<div class=\"tribe-related-events-thumbnail\">\n\t<a href=\"https:\/\/climate-hive.org\/fr\/event\/climathon-organiser-training-2-systems-change\/\" class=\"url\" rel=\"bookmark\" tabindex=\"-1\" aria-hidden=\"true\"><img loading=\"lazy\" decoding=\"async\" width=\"1024\" height=\"683\" src=\"https:\/\/climate-hive.org\/wp-content\/uploads\/2026\/04\/Curitiba_Brazil_2mb-1-1024x683.jpg\" class=\"attachment-large size-large wp-post-image\" alt=\"\" \/><\/a>\n<\/div>\n\t<div class=\"tribe-related-event-info\">\n\t<h3 class=\"tribe-related-events-title\">\n\t\t<a href=\"https:\/\/climate-hive.org\/fr\/event\/climathon-organiser-training-2-systems-change\/\" class=\"tribe-event-url\" rel=\"bookmark\">\n\t\t\tClimathon Organiser des formations #2 : De l'\u00e9v\u00e9nement au changement syst\u00e9mique\t\t<\/a>\n\t<\/h3>\n\t<span class=\"tribe-event-date-start\">May 5 @ 1:00 pm<\/span> - <span class=\"tribe-event-time\">14h30<\/span><\/div>\n<\/li>\n\t\t\t<li>\n\t\n<div class=\"tribe-related-events-thumbnail\">\n\t<a href=\"https:\/\/climate-hive.org\/fr\/event\/insights-green-and-digital-for-small-businesses\/\" class=\"url\" rel=\"bookmark\" tabindex=\"-1\" aria-hidden=\"true\"><img loading=\"lazy\" decoding=\"async\" width=\"1024\" height=\"576\" src=\"https:\/\/climate-hive.org\/wp-content\/uploads\/2026\/04\/getty-images-Sf2MBY7xIkY-unsplash-1024x576.jpg\" class=\"attachment-large size-large wp-post-image\" alt=\"\" \/><\/a>\n<\/div>\n\t<div class=\"tribe-related-event-info\">\n\t<h3 class=\"tribe-related-events-title\">\n\t\t<a href=\"https:\/\/climate-hive.org\/fr\/event\/insights-green-and-digital-for-small-businesses\/\" class=\"tribe-event-url\" rel=\"bookmark\">\n\t\t\tPerspectives : Vert et num\u00e9rique. Ce que cela signifie concr\u00e8tement pour les petites entreprises\u00a0\t\t<\/a>\n\t<\/h3>\n\t<span class=\"tribe-event-date-start\">6 mai \u00e0 14h00<\/span> - <span class=\"tribe-event-time\">15h00<\/span><\/div>\n<\/li>\n\t\t\t<li>\n\t\n<div class=\"tribe-related-events-thumbnail\">\n\t<a href=\"https:\/\/climate-hive.org\/fr\/event\/how-to-evolve-global-book-tour\/\" class=\"url\" rel=\"bookmark\" tabindex=\"-1\" aria-hidden=\"true\"><img loading=\"lazy\" decoding=\"async\" width=\"1024\" height=\"576\" src=\"https:\/\/climate-hive.org\/wp-content\/uploads\/2026\/04\/How_to_Evolve_Copenhagen_2x-2100x1181-1-1024x576.png\" class=\"attachment-large size-large wp-post-image\" alt=\"\" \/><\/a>\n<\/div>\n\t<div class=\"tribe-related-event-info\">\n\t<h3 class=\"tribe-related-events-title\">\n\t\t<a href=\"https:\/\/climate-hive.org\/fr\/event\/how-to-evolve-global-book-tour\/\" class=\"tribe-event-url\" rel=\"bookmark\">\n\t\t\tComment \u00c9voluer \u2013 Tourn\u00e9e mondiale du livre\t\t<\/a>\n\t<\/h3>\n\t<span class=\"tribe-event-date-start\">May 11 @ 9:30 am<\/span> - <span class=\"tribe-event-date-end\">May 12 @ 8:30 pm<\/span><\/div>\n<\/li>\n\t<\/ul>","protected":false},"excerpt":{"rendered":"<p>Rejoignez-nous pour la derni\u00e8re s\u00e9ance d'approfondissement de cette ann\u00e9e sur les partenariats public-priv\u00e9 \u00e9cologiques. Nous examinerons comment les entreprises peuvent travailler avec le secteur public, en mettant en \u00e9vidence les exp\u00e9riences, les enseignements et les recommandations pour aller de l'avant. [...]<\/p>","protected":false},"author":3,"featured_media":4604,"comment_status":"open","ping_status":"closed","template":"","meta":{"_acf_changed":false,"_tec_requires_first_save":false,"_bbp_topic_count":0,"_bbp_reply_count":0,"_bbp_total_topic_count":0,"_bbp_total_reply_count":0,"_bbp_voice_count":0,"_bbp_anonymous_reply_count":0,"_bbp_topic_count_hidden":0,"_bbp_reply_count_hidden":0,"_bbp_forum_subforum_count":0,"pmpro_default_level":"","inline_featured_image":false,"_price":"","_stock":"","_tribe_ticket_header":"","_tribe_default_ticket_provider":"TEC\\Tickets\\Commerce\\Module","_ticket_start_date":"","_ticket_end_date":"","_tribe_ticket_show_description":"","_tribe_ticket_show_not_going":false,"_tribe_ticket_use_global_stock":"1","_tribe_ticket_global_stock_level":"1000","_global_stock_mode":"","_global_stock_cap":"","_tribe_rsvp_for_event":"","_tribe_ticket_going_count":"","_tribe_ticket_not_going_count":"","_tribe_tickets_list":"[{\"id\":4753,\"type\":\"default\",\"title\":\"Deep Dive &#039;Unlocking green public-private partnerships&#039; registration\",\"description\":\"\",\"capacityType\":\"unlimited\",\"price\":\"0\",\"capacity\":\"\",\"available\":-1,\"sharedCapacity\":\"\",\"sold\":20,\"shareSold\":20,\"isShared\":true,\"currencyDecimalPoint\":\".\",\"currencyNumberOfDecimals\":2,\"currencyPosition\":\"postfix\",\"currencySymbol\":\"\\u20ac\",\"currencyThousandsSep\":\",\"}]","_tribe_ticket_has_attendee_info_fields":false,"_EventAllDay":false,"_EventTimezone":"Europe\/Berlin","_EventStartDate":"2025-12-02 16:00:00","_EventEndDate":"2025-12-02 17:30:00","_EventStartDateUTC":"2025-12-02 15:00:00","_EventEndDateUTC":"2025-12-02 16:30:00","_EventShowMap":false,"_EventShowMapLink":false,"_EventURL":"","_EventCost":"Free","_EventCostDescription":"","_EventCurrencySymbol":"\u20ac","_EventCurrencyCode":"EUR","_EventCurrencyPosition":"prefix","_EventDateTimeSeparator":"@","_EventTimeRangeSeparator":"-","_EventOrganizerID":[3881],"_EventVenueID":[],"_OrganizerEmail":"","_OrganizerPhone":"","_OrganizerWebsite":"","_VenueAddress":"","_VenueCity":"","_VenueCountry":"","_VenueProvince":"","_VenueState":"","_VenueZip":"","_VenuePhone":"","_VenueURL":"","_VenueStateProvince":"","_VenueLat":"","_VenueLng":"","_VenueShowMap":false,"_VenueShowMapLink":false,"_tribe_blocks_recurrence_rules":"","_tribe_blocks_recurrence_description":"","_tribe_blocks_recurrence_exclusions":"","_tribe_events_status":"","_tribe_events_status_reason":"","_tribe_events_is_hybrid":"","_tribe_events_is_virtual":"yes","_tribe_events_virtual_video_source":"video","_tribe_events_virtual_embed_video":"","_tribe_events_virtual_linked_button_text":"","_tribe_events_virtual_linked_button":"","_tribe_events_virtual_show_embed_at":"immediately","_tribe_events_virtual_show_embed_to":["logged-in"],"_tribe_events_virtual_show_on_event":"yes","_tribe_events_virtual_show_on_views":"yes","_tribe_events_virtual_url":"https:\/\/climate-kic-org.zoom.us\/j\/88647245729?pwd=2FBAyyYlyivnmHJopL8azuSXoJTev7.1","footnotes":"","_tec_slr_enabled":"","_tec_slr_layout":""},"tribe_events_cat":[85,17,3,11,12,7],"class_list":["post-4752","tribe_events","type-tribe_events","status-publish","has-post-thumbnail","hentry","tribe_events_cat-community-event","tribe_events_cat-community-learn","tribe_events_cat-learning","tribe_events_cat-online","tribe_events_cat-organised-by-climate-kic","tribe_events_cat-webinar","pmpro-has-access","cat_community-event","cat_community-learn","cat_learning","cat_online","cat_organised-by-climate-kic","cat_webinar","tribe-events-virtual-event"],"acf":[],"ticketed":["tc","rsvp"],"_links":{"self":[{"href":"https:\/\/climate-hive.org\/fr\/wp-json\/wp\/v2\/tribe_events\/4752","targetHints":{"allow":["GET"]}}],"collection":[{"href":"https:\/\/climate-hive.org\/fr\/wp-json\/wp\/v2\/tribe_events"}],"about":[{"href":"https:\/\/climate-hive.org\/fr\/wp-json\/wp\/v2\/types\/tribe_events"}],"author":[{"embeddable":true,"href":"https:\/\/climate-hive.org\/fr\/wp-json\/wp\/v2\/users\/3"}],"replies":[{"embeddable":true,"href":"https:\/\/climate-hive.org\/fr\/wp-json\/wp\/v2\/comments?post=4752"}],"version-history":[{"count":28,"href":"https:\/\/climate-hive.org\/fr\/wp-json\/wp\/v2\/tribe_events\/4752\/revisions"}],"predecessor-version":[{"id":5902,"href":"https:\/\/climate-hive.org\/fr\/wp-json\/wp\/v2\/tribe_events\/4752\/revisions\/5902"}],"wp:featuredmedia":[{"embeddable":true,"href":"https:\/\/climate-hive.org\/fr\/wp-json\/wp\/v2\/media\/4604"}],"wp:attachment":[{"href":"https:\/\/climate-hive.org\/fr\/wp-json\/wp\/v2\/media?parent=4752"}],"wp:term":[{"taxonomy":"tribe_events_cat","embeddable":true,"href":"https:\/\/climate-hive.org\/fr\/wp-json\/wp\/v2\/tribe_events_cat?post=4752"}],"curies":[{"name":"wp","href":"https:\/\/api.w.org\/{rel}","templated":true}]}}