{"id":4952,"date":"2025-10-29T10:41:00","date_gmt":"2025-10-29T10:41:00","guid":{"rendered":"https:\/\/climate-hive.org\/?post_type=tribe_events&#038;p=4952"},"modified":"2025-10-29T10:41:04","modified_gmt":"2025-10-29T10:41:04","slug":"eit-innovation-awards","status":"publish","type":"tribe_events","link":"https:\/\/climate-hive.org\/fr\/event\/eit-innovation-awards\/","title":{"rendered":"Prix de l'innovation de l'EIT"},"content":{"rendered":"<div  class=\"tribe-events-schedule tribe-clearfix\" >\n\t<p class=\"tribe-events-schedule__datetime\">\n\t\t<span class=\"tribe-events-schedule__date tribe-events-schedule__date--start\">\n\t\t\t25 novembre 2025\t\t<\/span>\n\n\t\t\t\t\t<span class=\"tribe-events-schedule__separator tribe-events-schedule__separator--date\">\n\t\t\t\t@\t\t\t<\/span>\n\t\t\t<span class=\"tribe-events-schedule__time tribe-events-schedule__time--start\">\n\t\t\t\t8:00 am\t\t\t<\/span>\n\t\t\n\t\t\t\t\t\t\t\t\t<span class=\"tribe-events-schedule__separator tribe-events-schedule__separator--time\">\n\t\t\t\t\t-\t\t\t\t<\/span>\n\t\t\t\n\t\t\t\t\t\t\t<span class=\"tribe-events-schedule__time tribe-events-schedule__time--end\">\n\t\t\t\t\t5:00 pm\t\t\t\t<\/span>\n\t\t\t\n\t\t\t\t\t\t<\/p>\n<\/div>\n\n\n\n<p>L'innovation est la ressource la plus renouvelable de l'Europe, mais elle est encore sous-utilis\u00e9e. Les talents sont partout, mais les opportunit\u00e9s ne sont pas toujours \u00e0 port\u00e9e de main. Les <a href=\"https:\/\/www.eit.europa.eu\/\">Institut europ\u00e9en d'innovation et de technologie (IET)<\/a> change cela en reliant les id\u00e9es \u00e0 l'impact, les talents aux march\u00e9s, et les r\u00e9gions \u00e9mergentes aux p\u00f4les \u00e9tablis.\u00a0<\/p>\n\n\n\n<p>Les prix de l'innovation 2025 de l'EIT sont la vitrine de cette mission, avec trois \u00e9v\u00e9nements phares r\u00e9unis pour la premi\u00e8re fois sous une m\u00eame banni\u00e8re :<\/p>\n\n\n\n<ul class=\"wp-block-list\">\n<li><strong>La grande finale de la campagne Jumpstarter de l'EIT<\/strong>Le concours est ouvert \u00e0 tous : apr\u00e8s un programme de pr\u00e9-acc\u00e9l\u00e9ration de sept mois, des innovateurs en d\u00e9but de carri\u00e8re issus de r\u00e9gions mod\u00e9r\u00e9es et \u00e9mergentes sont en comp\u00e9tition pour des prix allant jusqu'\u00e0 10 000 euros dans sept cat\u00e9gories : \u00c9nergie, Alimentation, Sant\u00e9, Nouveau Bauhaus europ\u00e9en, Mati\u00e8res premi\u00e8res, Mobilit\u00e9 urbaine et Reconstruire l'Ukraine. Une s\u00e9lection a \u00e9galement lieu pour EIT Jumpstarter Next, un programme destin\u00e9 aux anciens \u00e9tudiants qui font progresser des id\u00e9es valid\u00e9es jusqu'\u00e0 leur mise sur le march\u00e9.<\/li>\n<\/ul>\n\n\n\n<ul class=\"wp-block-list\">\n<li><strong>Les prix de l'IET<\/strong>L'ann\u00e9e derni\u00e8re, la Commission europ\u00e9enne a d\u00e9cern\u00e9 le prix de l'excellence dans quatre cat\u00e9gories :\u00a0<\/li>\n<\/ul>\n\n\n\n<ol class=\"wp-block-list\">\n<li>Le \"Changemaker\" le plus prometteur de l'IET : un dirigeant dont les activit\u00e9s ont un impact social significatif.<\/li>\n\n\n\n<li>Meilleure \u00e9quipe d'innovation : un groupe diversifi\u00e9 \u00e0 l'origine d'un produit ou d'un service transformateur.<\/li>\n\n\n\n<li>L'entreprise la plus prometteuse : une startup de la communaut\u00e9 de l'EIT qui pr\u00e9sente un fort potentiel de croissance.<\/li>\n\n\n\n<li>Prix du public : l'innovation pr\u00e9f\u00e9r\u00e9e de la communaut\u00e9, choisie par le vote du public.\u00a0<\/li>\n<\/ol>\n\n\n\n<ul class=\"wp-block-list\">\n<li><strong>Les c\u00e9l\u00e9brations du Kalyna rouge de l'EIT<\/strong>La Commission europ\u00e9enne a d\u00e9cid\u00e9 d'organiser une conf\u00e9rence sur les femmes ukrainiennes : elle reconna\u00eet les femmes entrepreneurs, \u00e9ducatrices, chercheuses et mentors ukrainiennes qui sont \u00e0 l'origine de l'innovation et du changement positif, et met \u00e0 l'honneur des produits, des solutions et des entreprises r\u00e9volutionnaires qui incarnent la r\u00e9sistance et la d\u00e9termination.<\/li>\n<\/ul>\n\n\n\n<h3 class=\"wp-block-heading\">Pourquoi c'est important&nbsp;<\/h3>\n\n\n\n<p>Ensemble, ces initiatives refl\u00e8tent le cercle complet de l'innovation europ\u00e9enne : aucune r\u00e9gion laiss\u00e9e pour compte, chaque innovateur reconnu, aucune bonne id\u00e9e non soutenue. En reliant les pays, les secteurs et les stades de d\u00e9veloppement, l'IET sert de pont \u00e0 l'Europe, d'est en ouest, du nord au sud, de la premi\u00e8re id\u00e9e \u00e0 la perc\u00e9e mondiale.&nbsp;<\/p>\n\n\n\n<p>R\u00e9servez la date du 25 novembre pour d\u00e9couvrir les laur\u00e9ats.<\/p>\n\n\n<div  class=\"tribe-block tribe-block__event-website\" >\n\t<a\n\t\thref=\"https:\/\/www.b2match.com\/e\/eit-awards-2025\"\n\t\ttarget=\"_self\"\n\t\t\t>\n\t\tEn savoir plus et s'inscrire\t<\/a>\n<\/div>\n\n\n<div  class=\"tribe-block tribe-block__organizer__details tribe-clearfix\" >\n    <h4>Organiser details<\/h4>\n\t<div class=\"tribe-block__organizer__title\">\n\t\t<h3><a href=\"https:\/\/climate-hive.org\/fr\/organisateur\/eit-european-institute-for-innovation-and-technology\/\" title=\"EIT - Institut europ\u00e9en d&#039;innovation et de technologie\" target=\"_self\" rel=\"\">EIT - Institut europ\u00e9en d'innovation et de technologie<\/a><\/h3>\n\t<\/div>\n\t\t\t\t\t<p class=\"tribe-block__organizer__email\">community@climate-kic.org<\/p>\n\t<\/div>\n\n\n<div  class=\"tribe-block tribe-block__venue tribe-clearfix tribe-block__venue--has-map\" >\n\t\n\t\n<div class=\"tribe-block__venue__meta\">\n\t<div class=\"tribe-block__venue__name\">\n\t\t<h3><a href=\"https:\/\/climate-hive.org\/fr\/lieu\/budapest-congress-center\/\" title=\"Centre de congr\u00e8s de Budapest\">Centre de congr\u00e8s de Budapest<\/a><\/h3>\n\t<\/div>\n\n\t\n\t\t\t\t\t\t<address class=\"tribe-block__venue__address\">\n\t\t\t\t<span class=\"tribe-address\">\n\n<span class=\"tribe-street-address\">Jagell\u00f3 \u00fat 1-3<\/span>\n\t\n\t\t<br>\n\t\t<span class=\"tribe-locality\">Budapest<\/span><span class=\"tribe-delimiter\">,<\/span>\n\n\n\n\t<span class=\"tribe-country-name\">Hongrie<\/span>\n\n<\/span>\n\n\t\t\t\t\t\t\t\t\t<a class=\"tribe-events-gmap\" href=\"https:\/\/maps.google.com\/maps?f=q&#038;source=s_q&#038;hl=en&#038;geocode=&#038;q=Jagell%C3%B3+%C3%BAt+1%E2%80%933+Budapest+Hungary\" title=\"Click to view a Google Map\" target=\"_blank\" rel=\"noreferrer noopener\">+ Google Map<\/a>\t\t\t\t\t\t\t<\/address>\n\t\t\n\t\t\n\t\t\t\n\t<\/div>\n\t\n<div class=\"tribe-block__venue__map\">\n\t\n<iframe loading=\"lazy\"\n  title=\"Google maps iframe displaying the address to Budapest Congress Center\"\n  aria-label=\"Venue location map\"\n  width=\"310px\"\n  height=\"256px\"\n  frameborder=\"0\" style=\"border:0\"\n  src=\"https:\/\/www.google.com\/maps\/embed\/v1\/place?key=AIzaSyDNsicAsP6-VuGtAb1O9riI3oc_NOb7IOU&#038;q=Jagell%C3%B3+%C3%BAt+1%E2%80%933+Budapest+Hungary+&#038;zoom=15\" allowfullscreen>\n<\/iframe>\n<\/div>\n\n\t<\/div>\n\n\n\t<div  class=\"tribe-block tribe-block__events-link\" >\n\t\t<div class=\"tribe-events tribe-common\">\n\t\t\t<div class=\"tribe-events-c-subscribe-dropdown__container\">\n\t\t\t\t<div class=\"tribe-events-c-subscribe-dropdown\">\n\t\t\t\t\t<div class=\"tribe-common-c-btn-border tribe-events-c-subscribe-dropdown__button\">\n\t\t\t\t\t\t<svg  class=\"tribe-common-c-svgicon tribe-common-c-svgicon--cal-export tribe-events-c-subscribe-dropdown__export-icon\"  xmlns=\"http:\/\/www.w3.org\/2000\/svg\" width=\"24\" height=\"24\" viewbox=\"0 0 24 24\" fill=\"none\">\n    <path\n        d=\"M9 6L12 3M12 3L15 6M12 3V13M7.00023 10C6.06835 10 5.60241 10 5.23486 10.1522C4.74481 10.3552 4.35523 10.7448 4.15224 11.2349C4 11.6024 4 12.0681 4 13V17.8C4 18.9201 4 19.4798 4.21799 19.9076C4.40973 20.2839 4.71547 20.5905 5.0918 20.7822C5.5192 21 6.07899 21 7.19691 21H16.8036C17.9215 21 18.4805 21 18.9079 20.7822C19.2842 20.5905 19.5905 20.2839 19.7822 19.9076C20 19.4802 20 18.921 20 17.8031V13C20 12.0681 19.9999 11.6024 19.8477 11.2349C19.6447 10.7448 19.2554 10.3552 18.7654 10.1522C18.3978 10 17.9319 10 17 10\"\n        stroke=\"#142930\" stroke-width=\"2\" stroke-linecap=\"round\" stroke-linejoin=\"round\"\/>\n<\/svg>\n\t\t\t\t\t\t<button\n\t\t\t\t\t\t\tclass=\"tribe-events-c-subscribe-dropdown__button-text\"\n\t\t\t\t\t\t\taria-expanded=\"false\"\n\t\t\t\t\t\t\taria-controls=\"tribe-events-subscribe-dropdown-content\"\n\t\t\t\t\t\t\taria-label=\"View links to add events to your calendar\"\n\t\t\t\t\t\t>\n\t\t\t\t\t\t\tAdd to calendar\t\t\t\t\t\t<\/button>\n\t\t\t\t\t\t<svg\n\t class=\"tribe-common-c-svgicon tribe-common-c-svgicon--caret-down tribe-events-c-subscribe-dropdown__button-icon\" \taria-hidden=\"true\"\n\tviewbox=\"0 0 10 7\"\n\txmlns=\"http:\/\/www.w3.org\/2000\/svg\"\n>\n\t<path fill-rule=\"evenodd\" clip-rule=\"evenodd\" d=\"M1.008.609L5 4.6 8.992.61l.958.958L5 6.517.05 1.566l.958-.958z\" class=\"tribe-common-c-svgicon__svg-fill\"\/>\n<\/svg>\n\t\t\t\t\t<\/div>\n\t\t\t\t\t<div id=\"tribe-events-subscribe-dropdown-content\" class=\"tribe-events-c-subscribe-dropdown__content\">\n\t\t\t\t\t\t<ul class=\"tribe-events-c-subscribe-dropdown__list\">\n\t\t\t\t\t\t\t\t\t\t\t\t\t\t\t<li class=\"tribe-events-c-subscribe-dropdown__list-item tribe-events-c-subscribe-dropdown__list-item--gcal\">\n\t\t\t\t\t\t\t\t\t<a\n\t\t\t\t\t\t\t\t\t\thref=\"https:\/\/www.google.com\/calendar\/event?action=TEMPLATE&#038;dates=20251125T080000\/20251125T170000&#038;text=EIT%20Innovation%20Awards&#038;details=%3Cp%3EInnovation+is+Europe%E2%80%99s+most+renewable+resource+%E2%80%93+yet+still+underused.+Talent+is+everywhere%2C+but+opportunities+are+not+always+within+reach.+The+%3Ca+href%3D%22https%3A%2F%2Fwww.eit.europa.eu%2F%22%3EEuropean+Institute+of+Innovation+and+Technology+%28EIT%29%3C%2Fa%3E+changes+this+by+linking+ideas+with+impact%2C+talent+with+markets%2C+and+emerging+regions+with+established+hubs.%C2%A0%3C%2Fp%3E+%3Cp%3EThe+EIT+Innovation+Awards+2025+showcase+this+mission+with+three+flagship+events+coming+together+under+one+banner+for+the+first+time%3A%3C%2Fp%3E+%3Cul+class%3D%22wp-block-list%22%3E%3Cli%3E%3Cstrong%3EThe+EIT+Jumpstarter+Grand+Finale%3C%2Fstrong%3E%3A+after+a+seven-month+pre-acceleration+programme%2C+early-stage+innovators+from+moderate+and+emerging+regions+compete+for+prizes+of+up+to+EUR+10+000+across+seven+categories%3A+Energy%2C+Food%2C+Health%2C+New+European+Bauhaus%2C+Raw+Materials%2C+Urban+Mobility%2C+and+Rebuild+Ukraine.+Selection+also+takes+place+for+EIT+Jumpstarter+Next%2C+a+track+for+alumni+advancing+validated+ideas+to+market+entry%3C%2Fli%3E%3C%2Ful%3E%3Cul+class%3D+%28View+Full+event+Description+Here%3A+https%3A%2F%2Fclimate-hive.org%2Ffr%2Fevent%2Feit-innovation-awards%2F%29&#038;location=Budapest%20Congress%20Center,%20Jagell\u00f3%20\u00fat%201\u20133,%20Budapest,%20Hungary&#038;trp=false&#038;ctz=Europe\/Budapest&#038;sprop=website:https:\/\/climate-hive.org\/fr\"\n\t\t\t\t\t\t\t\t\t\tclass=\"tribe-events-c-subscribe-dropdown__list-item-link\"\n\t\t\t\t\t\t\t\t\t\ttarget=\"_blank\"\n\t\t\t\t\t\t\t\t\t\trel=\"noopener noreferrer nofollow noindex\"\n\t\t\t\t\t\t\t\t\t>\n\t\t\t\t\t\t\t\t\t\tGoogle Calendar\t\t\t\t\t\t\t\t\t<\/a>\n\t\t\t\t\t\t\t\t<\/li>\n\t\t\t\t\t\t\t\t\t\t\t\t\t\t\t<li class=\"tribe-events-c-subscribe-dropdown__list-item tribe-events-c-subscribe-dropdown__list-item--ical\">\n\t\t\t\t\t\t\t\t\t<a\n\t\t\t\t\t\t\t\t\t\thref=\"\"\n\t\t\t\t\t\t\t\t\t\tclass=\"tribe-events-c-subscribe-dropdown__list-item-link\"\n\t\t\t\t\t\t\t\t\t\ttarget=\"_blank\"\n\t\t\t\t\t\t\t\t\t\trel=\"noopener noreferrer nofollow noindex\"\n\t\t\t\t\t\t\t\t\t>\n\t\t\t\t\t\t\t\t\t\tiCalendar\t\t\t\t\t\t\t\t\t<\/a>\n\t\t\t\t\t\t\t\t<\/li>\n\t\t\t\t\t\t\t\t\t\t\t\t\t\t\t<li class=\"tribe-events-c-subscribe-dropdown__list-item tribe-events-c-subscribe-dropdown__list-item--outlook-365\">\n\t\t\t\t\t\t\t\t\t<a\n\t\t\t\t\t\t\t\t\t\thref=\"\"\n\t\t\t\t\t\t\t\t\t\tclass=\"tribe-events-c-subscribe-dropdown__list-item-link\"\n\t\t\t\t\t\t\t\t\t\ttarget=\"_blank\"\n\t\t\t\t\t\t\t\t\t\trel=\"noopener noreferrer nofollow noindex\"\n\t\t\t\t\t\t\t\t\t>\n\t\t\t\t\t\t\t\t\t\tOutlook 365\t\t\t\t\t\t\t\t\t<\/a>\n\t\t\t\t\t\t\t\t<\/li>\n\t\t\t\t\t\t\t\t\t\t\t\t\t\t\t<li class=\"tribe-events-c-subscribe-dropdown__list-item tribe-events-c-subscribe-dropdown__list-item--outlook-live\">\n\t\t\t\t\t\t\t\t\t<a\n\t\t\t\t\t\t\t\t\t\thref=\"\"\n\t\t\t\t\t\t\t\t\t\tclass=\"tribe-events-c-subscribe-dropdown__list-item-link\"\n\t\t\t\t\t\t\t\t\t\ttarget=\"_blank\"\n\t\t\t\t\t\t\t\t\t\trel=\"noopener noreferrer nofollow noindex\"\n\t\t\t\t\t\t\t\t\t>\n\t\t\t\t\t\t\t\t\t\tOutlook Live\t\t\t\t\t\t\t\t\t<\/a>\n\t\t\t\t\t\t\t\t<\/li>\n\t\t\t\t\t\t\t\t\t\t\t\t\t<\/ul>\n\t\t\t\t\t<\/div>\n\t\t\t\t<\/div>\n\t\t\t<\/div>\n\t\t<\/div>\n\t<\/div>\n\n\n\n<h2 class=\"tribe-block__related-events__title\">Related Events<\/h2>\n\n<ul  class=\"tribe-related-events tribe-clearfix\" >\n\t\t\t<li>\n\t\n<div class=\"tribe-related-events-thumbnail\">\n\t<a href=\"https:\/\/climate-hive.org\/fr\/event\/climathon-organiser-training-2-systems-change\/\" class=\"url\" rel=\"bookmark\" tabindex=\"-1\" aria-hidden=\"true\"><img loading=\"lazy\" decoding=\"async\" width=\"1024\" height=\"683\" src=\"https:\/\/climate-hive.org\/wp-content\/uploads\/2026\/04\/Curitiba_Brazil_2mb-1-1024x683.jpg\" class=\"attachment-large size-large wp-post-image\" alt=\"\" \/><\/a>\n<\/div>\n\t<div class=\"tribe-related-event-info\">\n\t<h3 class=\"tribe-related-events-title\">\n\t\t<a href=\"https:\/\/climate-hive.org\/fr\/event\/climathon-organiser-training-2-systems-change\/\" class=\"tribe-event-url\" rel=\"bookmark\">\n\t\t\tClimathon Organiser des formations #2 : De l'\u00e9v\u00e9nement au changement syst\u00e9mique\t\t<\/a>\n\t<\/h3>\n\t<span class=\"tribe-event-date-start\">May 5 @ 1:00 pm<\/span> - <span class=\"tribe-event-time\">14h30<\/span><\/div>\n<\/li>\n\t\t\t<li>\n\t\n<div class=\"tribe-related-events-thumbnail\">\n\t<a href=\"https:\/\/climate-hive.org\/fr\/event\/insights-green-and-digital-for-small-businesses\/\" class=\"url\" rel=\"bookmark\" tabindex=\"-1\" aria-hidden=\"true\"><img loading=\"lazy\" decoding=\"async\" width=\"1024\" height=\"576\" src=\"https:\/\/climate-hive.org\/wp-content\/uploads\/2026\/04\/getty-images-Sf2MBY7xIkY-unsplash-1024x576.jpg\" class=\"attachment-large size-large wp-post-image\" alt=\"\" \/><\/a>\n<\/div>\n\t<div class=\"tribe-related-event-info\">\n\t<h3 class=\"tribe-related-events-title\">\n\t\t<a href=\"https:\/\/climate-hive.org\/fr\/event\/insights-green-and-digital-for-small-businesses\/\" class=\"tribe-event-url\" rel=\"bookmark\">\n\t\t\tPerspectives : Vert et num\u00e9rique. Ce que cela signifie concr\u00e8tement pour les petites entreprises\u00a0\t\t<\/a>\n\t<\/h3>\n\t<span class=\"tribe-event-date-start\">6 mai \u00e0 14h00<\/span> - <span class=\"tribe-event-time\">15h00<\/span><\/div>\n<\/li>\n\t\t\t<li>\n\t\n<div class=\"tribe-related-events-thumbnail\">\n\t<a href=\"https:\/\/climate-hive.org\/fr\/event\/how-to-evolve-global-book-tour\/\" class=\"url\" rel=\"bookmark\" tabindex=\"-1\" aria-hidden=\"true\"><img loading=\"lazy\" decoding=\"async\" width=\"1024\" height=\"576\" src=\"https:\/\/climate-hive.org\/wp-content\/uploads\/2026\/04\/How_to_Evolve_Copenhagen_2x-2100x1181-1-1024x576.png\" class=\"attachment-large size-large wp-post-image\" alt=\"\" \/><\/a>\n<\/div>\n\t<div class=\"tribe-related-event-info\">\n\t<h3 class=\"tribe-related-events-title\">\n\t\t<a href=\"https:\/\/climate-hive.org\/fr\/event\/how-to-evolve-global-book-tour\/\" class=\"tribe-event-url\" rel=\"bookmark\">\n\t\t\tComment \u00c9voluer \u2013 Tourn\u00e9e mondiale du livre\t\t<\/a>\n\t<\/h3>\n\t<span class=\"tribe-event-date-start\">May 11 @ 9:30 am<\/span> - <span class=\"tribe-event-date-end\">May 12 @ 8:30 pm<\/span><\/div>\n<\/li>\n\t<\/ul>\n\n\n\n<p><\/p>","protected":false},"excerpt":{"rendered":"<p>L'innovation est la ressource la plus renouvelable de l'Europe, mais elle est encore sous-utilis\u00e9e. Les talents sont partout, mais les opportunit\u00e9s ne sont pas toujours \u00e0 port\u00e9e de main. L'Institut europ\u00e9en d'innovation et de technologie (EIT) change cette [...]<\/p>","protected":false},"author":3,"featured_media":4954,"comment_status":"open","ping_status":"closed","template":"","meta":{"_acf_changed":false,"_tec_requires_first_save":false,"_bbp_topic_count":0,"_bbp_reply_count":0,"_bbp_total_topic_count":0,"_bbp_total_reply_count":0,"_bbp_voice_count":0,"_bbp_anonymous_reply_count":0,"_bbp_topic_count_hidden":0,"_bbp_reply_count_hidden":0,"_bbp_forum_subforum_count":0,"pmpro_default_level":"","inline_featured_image":false,"_price":"","_stock":"","_tribe_ticket_header":"","_tribe_default_ticket_provider":"TEC\\Tickets\\Commerce\\Module","_ticket_start_date":"","_ticket_end_date":"","_tribe_ticket_show_description":"","_tribe_ticket_show_not_going":false,"_tribe_ticket_use_global_stock":"","_tribe_ticket_global_stock_level":"","_global_stock_mode":"","_global_stock_cap":"","_tribe_rsvp_for_event":"","_tribe_ticket_going_count":"","_tribe_ticket_not_going_count":"","_tribe_tickets_list":"[]","_tribe_ticket_has_attendee_info_fields":false,"_EventAllDay":false,"_EventTimezone":"Europe\/Budapest","_EventStartDate":"2025-11-25 08:00:00","_EventEndDate":"2025-11-25 17:00:00","_EventStartDateUTC":"2025-11-25 07:00:00","_EventEndDateUTC":"2025-11-25 16:00:00","_EventShowMap":false,"_EventShowMapLink":false,"_EventURL":"https:\/\/www.b2match.com\/e\/eit-awards-2025","_EventCost":"","_EventCostDescription":"","_EventCurrencySymbol":"\u20ac","_EventCurrencyCode":"EUR","_EventCurrencyPosition":"prefix","_EventDateTimeSeparator":"@","_EventTimeRangeSeparator":"-","_EventOrganizerID":[4306],"_EventVenueID":[4953],"_OrganizerEmail":"","_OrganizerPhone":"","_OrganizerWebsite":"","_VenueAddress":"","_VenueCity":"","_VenueCountry":"","_VenueProvince":"","_VenueState":"","_VenueZip":"","_VenuePhone":"","_VenueURL":"","_VenueStateProvince":"","_VenueLat":"","_VenueLng":"","_VenueShowMap":false,"_VenueShowMapLink":false,"_tribe_blocks_recurrence_rules":"","_tribe_blocks_recurrence_description":"","_tribe_blocks_recurrence_exclusions":"","_tribe_events_status":"","_tribe_events_status_reason":"","_tribe_events_is_hybrid":"","_tribe_events_is_virtual":"","_tribe_events_virtual_video_source":"","_tribe_events_virtual_embed_video":"","_tribe_events_virtual_linked_button_text":"","_tribe_events_virtual_linked_button":"","_tribe_events_virtual_show_embed_at":"","_tribe_events_virtual_show_embed_to":[],"_tribe_events_virtual_show_on_event":"","_tribe_events_virtual_show_on_views":"","_tribe_events_virtual_url":"","footnotes":"","_tec_slr_enabled":"","_tec_slr_layout":""},"tribe_events_cat":[10,2,13],"class_list":["post-4952","tribe_events","type-tribe_events","status-publish","has-post-thumbnail","hentry","tribe_events_cat-in-person","tribe_events_cat-networking","tribe_events_cat-organised-by-member-partner","pmpro-has-access","cat_in-person","cat_networking","cat_organised-by-member-partner"],"acf":[],"ticketed":false,"_links":{"self":[{"href":"https:\/\/climate-hive.org\/fr\/wp-json\/wp\/v2\/tribe_events\/4952","targetHints":{"allow":["GET"]}}],"collection":[{"href":"https:\/\/climate-hive.org\/fr\/wp-json\/wp\/v2\/tribe_events"}],"about":[{"href":"https:\/\/climate-hive.org\/fr\/wp-json\/wp\/v2\/types\/tribe_events"}],"author":[{"embeddable":true,"href":"https:\/\/climate-hive.org\/fr\/wp-json\/wp\/v2\/users\/3"}],"replies":[{"embeddable":true,"href":"https:\/\/climate-hive.org\/fr\/wp-json\/wp\/v2\/comments?post=4952"}],"version-history":[{"count":1,"href":"https:\/\/climate-hive.org\/fr\/wp-json\/wp\/v2\/tribe_events\/4952\/revisions"}],"predecessor-version":[{"id":4955,"href":"https:\/\/climate-hive.org\/fr\/wp-json\/wp\/v2\/tribe_events\/4952\/revisions\/4955"}],"wp:featuredmedia":[{"embeddable":true,"href":"https:\/\/climate-hive.org\/fr\/wp-json\/wp\/v2\/media\/4954"}],"wp:attachment":[{"href":"https:\/\/climate-hive.org\/fr\/wp-json\/wp\/v2\/media?parent=4952"}],"wp:term":[{"taxonomy":"tribe_events_cat","embeddable":true,"href":"https:\/\/climate-hive.org\/fr\/wp-json\/wp\/v2\/tribe_events_cat?post=4952"}],"curies":[{"name":"wp","href":"https:\/\/api.w.org\/{rel}","templated":true}]}}