{"id":4967,"date":"2025-10-30T09:26:31","date_gmt":"2025-10-30T09:26:31","guid":{"rendered":"https:\/\/climate-hive.org\/?post_type=tribe_events&#038;p=4967"},"modified":"2025-10-30T09:26:35","modified_gmt":"2025-10-30T09:26:35","slug":"clean-cities-spain-climaccelerator-demo-day-2025","status":"publish","type":"tribe_events","link":"https:\/\/climate-hive.org\/fr\/event\/clean-cities-spain-climaccelerator-demo-day-2025\/","title":{"rendered":"Clean Cities Spain ClimAccelerator - Journ\u00e9e de d\u00e9monstration 2025"},"content":{"rendered":"<div  class=\"tribe-events-schedule tribe-clearfix\" >\n\t<p class=\"tribe-events-schedule__datetime\">\n\t\t<span class=\"tribe-events-schedule__date tribe-events-schedule__date--start\">\n\t\t\t3 d\u00e9cembre 2025\t\t<\/span>\n\n\t\t\t\t\t<span class=\"tribe-events-schedule__separator tribe-events-schedule__separator--date\">\n\t\t\t\t @ \t\t\t<\/span>\n\t\t\t<span class=\"tribe-events-schedule__time tribe-events-schedule__time--start\">\n\t\t\t\t10:00 am\t\t\t<\/span>\n\t\t\n\t\t\t\t\t\t\t\t\t<span class=\"tribe-events-schedule__separator tribe-events-schedule__separator--time\">\n\t\t\t\t\t - \t\t\t\t<\/span>\n\t\t\t\n\t\t\t\t\t\t\t<span class=\"tribe-events-schedule__time tribe-events-schedule__time--end\">\n\t\t\t\t\t14h00\t\t\t\t<\/span>\n\t\t\t\n\t\t\t\t\t\t<\/p>\n<\/div>\n\n\n<div class=\"tribe-events-event-image\"><img loading=\"lazy\" decoding=\"async\" width=\"1875\" height=\"986\" src=\"https:\/\/climate-hive.org\/wp-content\/uploads\/2025\/10\/CLEAN-CITIES-DEMO-DAY-SAVE-THE-DATE.jpg\" class=\"attachment-full size-full wp-post-image\" alt=\"\" srcset=\"https:\/\/climate-hive.org\/wp-content\/uploads\/2025\/10\/CLEAN-CITIES-DEMO-DAY-SAVE-THE-DATE.jpg 1875w, https:\/\/climate-hive.org\/wp-content\/uploads\/2025\/10\/CLEAN-CITIES-DEMO-DAY-SAVE-THE-DATE-300x158.jpg 300w, https:\/\/climate-hive.org\/wp-content\/uploads\/2025\/10\/CLEAN-CITIES-DEMO-DAY-SAVE-THE-DATE-1024x538.jpg 1024w, https:\/\/climate-hive.org\/wp-content\/uploads\/2025\/10\/CLEAN-CITIES-DEMO-DAY-SAVE-THE-DATE-768x404.jpg 768w, https:\/\/climate-hive.org\/wp-content\/uploads\/2025\/10\/CLEAN-CITIES-DEMO-DAY-SAVE-THE-DATE-1536x808.jpg 1536w\" sizes=\"auto, (max-width: 1875px) 100vw, 1875px\" \/><\/div>\n\n<p>\ud83d\ude80 \ud835\udde0\ud835\uddf2\ud835\uddf2\ud835\ude01 \ud835\ude01\ud835\uddf5\ud835\uddf2 \ud835\uddf6\ud835\uddfb\ud835\uddfb\ud835\uddfc\ud835\ude03\ud835\uddee\ud835\ude01\ud835\uddfc\ud835\uddff\ud835\ude00 \ud835\uddef\ud835\ude02\ud835\uddf6\ud835\uddf9\ud835\uddf1\ud835\uddf6\ud835\uddfb\ud835\uddf4 \ud835\uddfc\ud835\ude02\ud835\uddff \ud835\uddf3\ud835\ude02\ud835\ude01\ud835\ude02\ud835\uddff\ud835\uddf2 \ud835\uddf0\ud835\uddf6\ud835\ude01\ud835\uddf6\ud835\uddf2\ud835\ude00 ! \ud83c\udf3f<\/p>\n<p>Rejoignez-nous le 3 d\u00e9cembre pour notre prochaine journ\u00e9e de d\u00e9monstration !<\/p>\n<p>Apr\u00e8s un programme intensif de 8 mois avec l'Universidad Polit\u00e9cnica de Madrid et Climate KIC, notre 5\u00e8me cohorte de startups internationales est pr\u00eate \u00e0 d\u00e9voiler leurs solutions r\u00e9volutionnaires pour les d\u00e9fis climatiques urbains.<\/p>\n<p>C'est l'occasion de :<br \/>\ud83d\udd39 D\u00e9couvrez les technologies pionni\u00e8res en mati\u00e8re d'\u00e9nergies renouvelables, de mobilit\u00e9 intelligente et de mat\u00e9riaux durables.<br \/>\ud83d\udd39 Entrer en contact avec des investisseurs de premier plan, des chefs d'entreprise et des repr\u00e9sentants du secteur public.<br \/>\ud83d\udd39 Soyez les premiers \u00e0 rencontrer la prochaine g\u00e9n\u00e9ration de leaders de la technologie climatique.<\/p>\n<p>Les places sont limit\u00e9es afin d'assurer une mise en r\u00e9seau de qualit\u00e9.<\/p>\n<p>R\u00e9servez votre place ici : https:\/\/forms.office.com\/e\/WAmsS2eZd5<\/p>\n<p>En cas de doute ou de probl\u00e8me technique, veuillez nous envoyer un courrier \u00e9lectronique \u00e0 l'adresse suivante : accelerator.climate@upm.es.<\/p>\n\n\n<div class=\"wp-block-buttons is-layout-flex wp-block-buttons-is-layout-flex\">\n<div class=\"wp-block-button\"><a class=\"wp-block-button__link wp-element-button\" href=\"https:\/\/forms.office.com\/e\/WAmsS2eZd5\">S'inscrire ici<\/a><\/div>\n<\/div>\n\n\n\t<div  class=\"tribe-block tribe-block__events-link\" >\n\t\t<div class=\"tribe-events tribe-common\">\n\t\t\t<div class=\"tribe-events-c-subscribe-dropdown__container\">\n\t\t\t\t<div class=\"tribe-events-c-subscribe-dropdown\">\n\t\t\t\t\t<div class=\"tribe-common-c-btn-border tribe-events-c-subscribe-dropdown__button\">\n\t\t\t\t\t\t<svg  class=\"tribe-common-c-svgicon tribe-common-c-svgicon--cal-export tribe-events-c-subscribe-dropdown__export-icon\"  xmlns=\"http:\/\/www.w3.org\/2000\/svg\" width=\"24\" height=\"24\" viewbox=\"0 0 24 24\" fill=\"none\">\n    <path\n        d=\"M9 6L12 3M12 3L15 6M12 3V13M7.00023 10C6.06835 10 5.60241 10 5.23486 10.1522C4.74481 10.3552 4.35523 10.7448 4.15224 11.2349C4 11.6024 4 12.0681 4 13V17.8C4 18.9201 4 19.4798 4.21799 19.9076C4.40973 20.2839 4.71547 20.5905 5.0918 20.7822C5.5192 21 6.07899 21 7.19691 21H16.8036C17.9215 21 18.4805 21 18.9079 20.7822C19.2842 20.5905 19.5905 20.2839 19.7822 19.9076C20 19.4802 20 18.921 20 17.8031V13C20 12.0681 19.9999 11.6024 19.8477 11.2349C19.6447 10.7448 19.2554 10.3552 18.7654 10.1522C18.3978 10 17.9319 10 17 10\"\n        stroke=\"#142930\" stroke-width=\"2\" stroke-linecap=\"round\" stroke-linejoin=\"round\"\/>\n<\/svg>\n\t\t\t\t\t\t<button\n\t\t\t\t\t\t\tclass=\"tribe-events-c-subscribe-dropdown__button-text\"\n\t\t\t\t\t\t\taria-expanded=\"false\"\n\t\t\t\t\t\t\taria-controls=\"tribe-events-subscribe-dropdown-content\"\n\t\t\t\t\t\t\taria-label=\"View links to add events to your calendar\"\n\t\t\t\t\t\t>\n\t\t\t\t\t\t\tAdd to calendar\t\t\t\t\t\t<\/button>\n\t\t\t\t\t\t<svg\n\t class=\"tribe-common-c-svgicon tribe-common-c-svgicon--caret-down tribe-events-c-subscribe-dropdown__button-icon\" \taria-hidden=\"true\"\n\tviewbox=\"0 0 10 7\"\n\txmlns=\"http:\/\/www.w3.org\/2000\/svg\"\n>\n\t<path fill-rule=\"evenodd\" clip-rule=\"evenodd\" d=\"M1.008.609L5 4.6 8.992.61l.958.958L5 6.517.05 1.566l.958-.958z\" class=\"tribe-common-c-svgicon__svg-fill\"\/>\n<\/svg>\n\t\t\t\t\t<\/div>\n\t\t\t\t\t<div id=\"tribe-events-subscribe-dropdown-content\" class=\"tribe-events-c-subscribe-dropdown__content\">\n\t\t\t\t\t\t<ul class=\"tribe-events-c-subscribe-dropdown__list\">\n\t\t\t\t\t\t\t\t\t\t\t\t\t\t\t<li class=\"tribe-events-c-subscribe-dropdown__list-item tribe-events-c-subscribe-dropdown__list-item--gcal\">\n\t\t\t\t\t\t\t\t\t<a\n\t\t\t\t\t\t\t\t\t\thref=\"https:\/\/www.google.com\/calendar\/event?action=TEMPLATE&#038;dates=20251203T100000\/20251203T140000&#038;text=Clean%20Cities%20Spain%20ClimAccelerator%20%26%238211%3B%20Demo%20Day%202025&#038;details=%3Cp%3E%F0%9F%9A%80+%F0%9D%97%A0%F0%9D%97%B2%F0%9D%97%B2%F0%9D%98%81+%F0%9D%98%81%F0%9D%97%B5%F0%9D%97%B2+%F0%9D%97%B6%F0%9D%97%BB%F0%9D%97%BB%F0%9D%97%BC%F0%9D%98%83%F0%9D%97%AE%F0%9D%98%81%F0%9D%97%BC%F0%9D%97%BF%F0%9D%98%80+%F0%9D%97%AF%F0%9D%98%82%F0%9D%97%B6%F0%9D%97%B9%F0%9D%97%B1%F0%9D%97%B6%F0%9D%97%BB%F0%9D%97%B4+%F0%9D%97%BC%F0%9D%98%82%F0%9D%97%BF+%F0%9D%97%B3%F0%9D%98%82%F0%9D%98%81%F0%9D%98%82%F0%9D%97%BF%F0%9D%97%B2+%F0%9D%97%B0%F0%9D%97%B6%F0%9D%98%81%F0%9D%97%B6%F0%9D%97%B2%F0%9D%98%80%21+%F0%9F%8C%BF%3C%2Fp%3E+%3Cp%3EJoin+us+on+December+3rd+for+our+upcoming+Demo+Day%21%3C%2Fp%3E+%3Cp%3EAfter+an+intensive+8-month+program+with+Universidad+Polit%C3%A9cnica+de+Madrid+and+Climate+KIC%2C+our+5th+cohort+of+international+startups+is+ready+to+unveil+their+groundbreaking+solutions+for+urban+climate+challenges.%3C%2Fp%3E+%3Cp%3EThis+is+your+chance+to%3A%3Cbr+%2F%3E%F0%9F%94%B9+Discover+pioneering+tech+in+renewable+energy%2C+smart+mobility%2C+and+sustainable+materials.%3Cbr+%2F%3E%F0%9F%94%B9+Connect+with+top-tier+investors%2C+corporate+leaders%2C+and+public+sector+representatives.%3Cbr+%2F%3E%F0%9F%94%B9+Be+the+first+to+meet+the+next+generation+of+climate+tech+leaders.%3C%2Fp%3E+%3Cp%3ESpaces+are+limited+to+ensure+high-quality+networking.%3C%2Fp%3E+%3Cp%3ESave+your+spot+here%3A+https%3A%2F%2Fforms.office.com%2Fe%2FWAmsS2eZd5%3C%2Fp%3E+%3Cp%3EIn+case+of+doubt+or+any+technical+issue%2C+please+send+us+an+email+to+accelerator.climate%40up%3C%2Fp%3E+%28View+Full+event+Description+Here%3A+https%3A%2F%2Fclimate-hive.org%2Ffr%2Fevent%2Fclean-cities-spain-climaccelerator-demo-day-2025%2F%29&#038;trp=false&#038;ctz=Europe\/Madrid&#038;sprop=website:https:\/\/climate-hive.org\/fr\"\n\t\t\t\t\t\t\t\t\t\tclass=\"tribe-events-c-subscribe-dropdown__list-item-link\"\n\t\t\t\t\t\t\t\t\t\ttarget=\"_blank\"\n\t\t\t\t\t\t\t\t\t\trel=\"noopener noreferrer nofollow noindex\"\n\t\t\t\t\t\t\t\t\t>\n\t\t\t\t\t\t\t\t\t\tGoogle Calendar\t\t\t\t\t\t\t\t\t<\/a>\n\t\t\t\t\t\t\t\t<\/li>\n\t\t\t\t\t\t\t\t\t\t\t\t\t\t\t<li class=\"tribe-events-c-subscribe-dropdown__list-item tribe-events-c-subscribe-dropdown__list-item--ical\">\n\t\t\t\t\t\t\t\t\t<a\n\t\t\t\t\t\t\t\t\t\thref=\"\"\n\t\t\t\t\t\t\t\t\t\tclass=\"tribe-events-c-subscribe-dropdown__list-item-link\"\n\t\t\t\t\t\t\t\t\t\ttarget=\"_blank\"\n\t\t\t\t\t\t\t\t\t\trel=\"noopener noreferrer nofollow noindex\"\n\t\t\t\t\t\t\t\t\t>\n\t\t\t\t\t\t\t\t\t\tiCalendar\t\t\t\t\t\t\t\t\t<\/a>\n\t\t\t\t\t\t\t\t<\/li>\n\t\t\t\t\t\t\t\t\t\t\t\t\t\t\t<li class=\"tribe-events-c-subscribe-dropdown__list-item tribe-events-c-subscribe-dropdown__list-item--outlook-365\">\n\t\t\t\t\t\t\t\t\t<a\n\t\t\t\t\t\t\t\t\t\thref=\"\"\n\t\t\t\t\t\t\t\t\t\tclass=\"tribe-events-c-subscribe-dropdown__list-item-link\"\n\t\t\t\t\t\t\t\t\t\ttarget=\"_blank\"\n\t\t\t\t\t\t\t\t\t\trel=\"noopener noreferrer nofollow noindex\"\n\t\t\t\t\t\t\t\t\t>\n\t\t\t\t\t\t\t\t\t\tOutlook 365\t\t\t\t\t\t\t\t\t<\/a>\n\t\t\t\t\t\t\t\t<\/li>\n\t\t\t\t\t\t\t\t\t\t\t\t\t\t\t<li class=\"tribe-events-c-subscribe-dropdown__list-item tribe-events-c-subscribe-dropdown__list-item--outlook-live\">\n\t\t\t\t\t\t\t\t\t<a\n\t\t\t\t\t\t\t\t\t\thref=\"\"\n\t\t\t\t\t\t\t\t\t\tclass=\"tribe-events-c-subscribe-dropdown__list-item-link\"\n\t\t\t\t\t\t\t\t\t\ttarget=\"_blank\"\n\t\t\t\t\t\t\t\t\t\trel=\"noopener noreferrer nofollow noindex\"\n\t\t\t\t\t\t\t\t\t>\n\t\t\t\t\t\t\t\t\t\tOutlook Live\t\t\t\t\t\t\t\t\t<\/a>\n\t\t\t\t\t\t\t\t<\/li>\n\t\t\t\t\t\t\t\t\t\t\t\t\t<\/ul>\n\t\t\t\t\t<\/div>\n\t\t\t\t<\/div>\n\t\t\t<\/div>\n\t\t<\/div>\n\t<\/div>\n\n\n\n<div  class=\"tribe-events-single-section tribe-events-event-meta primary tribe-clearfix\" >\n\t\n\t\n<div class=\"tribe-events-meta-group tribe-events-meta-group-details\">\n\t<h3 class=\"tribe-events-single-section-title\">\n\t\t\t\t\tDetails\t\t\n\t<\/h3>\n\t<ul class=\"tribe-events-meta-list\">\n\n\t\t\n\t\t\t<li class=\"tribe-events-meta-item\">\n\t\t\t\t<span class=\"tribe-events-meta-label\">Date:<\/span>\n\t\t\t\t<span class=\"tribe-events-meta-value\">\n\t\t\t\t\t<abbr class=\"tribe-events-abbr tribe-events-start-date published dtstart\" title=\"2025-12-03\"> 3 d\u00e9cembre 2025 <\/abbr>\n\t\t\t\t<\/span>\n\t\t\t<\/li>\n\n\t\t\t<li class=\"tribe-events-meta-item\">\n\t\t\t\t<span class=\"tribe-events-meta-label\">Time:<\/span>\n\t\t\t\t<span class=\"tribe-events-meta-value\">\n\t\t\t\t\t<div class=\"tribe-events-abbr tribe-events-start-time published dtstart\" title=\"2025-12-03\">\n\t\t\t\t\t\t10:00 am &#8211; 2:00 pm\t\t\t\t\t\t\t\t\t\t\t<\/div>\n\t\t\t\t<\/span>\n\t\t\t<\/li>\n\n\t\t\n\t\t\n\t\t\n\t\t<li class=\"tribe-events-meta-item\"><span class=\"tribe-events-event-categories-label tribe-events-meta-label\">Event Categories:<\/span> <span class=\"tribe-events-event-categories tribe-events-meta-value\"><a href=\"https:\/\/climate-hive.org\/fr\/events\/categorie\/in-person\/\" rel=\"tag\">En personne<\/a>, <a href=\"https:\/\/climate-hive.org\/fr\/events\/categorie\/networking\/\" rel=\"tag\">Mise en r\u00e9seau<\/a>, <a href=\"https:\/\/climate-hive.org\/fr\/events\/categorie\/organised-by-member-partner\/\" rel=\"tag\">Organis\u00e9 par le membre \/ partenaire<\/a><\/span><\/li>\n\t\t<li class=\"tribe-events-meta-item\"><span class=\"tribe-event-tags-label tribe-events-meta-label\">Event Tags:<\/span><span class=\"tribe-event-tags tribe-events-meta-value\"><a href=\"https:\/\/climate-hive.org\/fr\/events\/tag\/climate-adaptation\/\" rel=\"tag\">Adaptation au climat<\/a>, <a href=\"https:\/\/climate-hive.org\/fr\/events\/tag\/climate-and-environment\/\" rel=\"tag\">Climat et environnement<\/a>, <a href=\"https:\/\/climate-hive.org\/fr\/events\/tag\/climate-impact\/\" rel=\"tag\">Impact sur le climat<\/a>, <a href=\"https:\/\/climate-hive.org\/fr\/events\/tag\/innovation\/\" rel=\"tag\">L'innovation<\/a>, <a href=\"https:\/\/climate-hive.org\/fr\/events\/tag\/spain\/\" rel=\"tag\">Espagne<\/a>, <a href=\"https:\/\/climate-hive.org\/fr\/events\/tag\/sustainable\/\" rel=\"tag\">Durable<\/a><\/span><\/li>\n\t\t\n\t\t\t<li class=\"tribe-events-meta-item\">\n\t\t\t\t<span class=\"tribe-events-meta-label\">Site web :<\/span>\n\t\t\t\t<span class=\"tribe-events-event-url tribe-events-meta-value\"> <a href=\"https:\/\/forms.office.com\/e\/WAmsS2eZd5\" target=\"_self\" rel=\"external\">https:\/\/forms.office.com\/e\/WAmsS2eZd5<\/a> <\/span>\n\t\t\t<\/li>\n\t\t\n\t\t\t<\/ul>\n<\/div>\n\t\n<div class=\"tribe-events-meta-group tribe-events-meta-group-organizer\">\n\t<h3 class=\"tribe-events-single-section-title\">\n\t\t\t\t\tOrganizer\t\t\t<\/h3>\n\t<ul class=\"tribe-events-meta-list tribe-events-meta-list-organizer\">\n\t\t\t\t\t<li class=\"tribe-events-meta-item\">\n\t\t\t\t<span class=\"tribe-organizer tribe-events-meta-value\">\n\t\t\t\t\t<a href=\"https:\/\/climate-hive.org\/fr\/organisateur\/universidad-politecnica-de-madrid\/\" title=\"Universit\u00e9 polytechnique de Madrid\" target=\"_self\" rel=\"\">Universit\u00e9 polytechnique de Madrid<\/a>\t\t\t\t<\/span>\n\t\t\t<\/li>\n\t\t\t\t\t\t\t<li class=\"tribe-events-meta-item\">\n\t\t\t\t\t<span class=\"tribe-organizer-email-label tribe-events-meta-label\">\n\t\t\t\t\t\tEmail\t\t\t\t\t<\/span>\n\t\t\t\t\t<span class=\"tribe-organizer-email tribe-events-meta-value\">accelerator.climate@upm.es<\/span>\n\t\t\t\t<\/li>\n\t\t\t\t\t\t\t\t<li class=\"tribe-events-meta-item\">\n\t\t\t\t\t<span class=\"tribe-organizer-url-label tribe-events-meta-label\">\n\t\t\t\t\t\tWebsite\t\t\t\t\t<\/span>\n\t\t\t\t\t<span class=\"tribe-organizer-url tribe-events-meta-value\">\n\t\t\t\t\t\t<a href=\"https:\/\/cleancities-accelerator.com\/\" target=\"_self\" rel=\"external\">View Organizer Website<\/a>\t\t\t\t\t<\/span>\n\t\t\t\t<\/li>\n\t\t\t\t\t<\/ul>\n<\/div>\n\n\t<\/div>\n\n\n\n\n<h2 class=\"tribe-block__related-events__title\">Related Events<\/h2>\n\n<ul  class=\"tribe-related-events tribe-clearfix\" >\n\t\t\t<li>\n\t\n<div class=\"tribe-related-events-thumbnail\">\n\t<a href=\"https:\/\/climate-hive.org\/fr\/event\/climathon-organiser-training-1-format-challenge-fundraising\/\" class=\"url\" rel=\"bookmark\" tabindex=\"-1\" aria-hidden=\"true\"><img loading=\"lazy\" decoding=\"async\" width=\"1024\" height=\"683\" src=\"https:\/\/climate-hive.org\/wp-content\/uploads\/2026\/04\/Curitiba_Brazil_2mb-1-1024x683.jpg\" class=\"attachment-large size-large wp-post-image\" alt=\"\" \/><\/a>\n<\/div>\n\t<div class=\"tribe-related-event-info\">\n\t<h3 class=\"tribe-related-events-title\">\n\t\t<a href=\"https:\/\/climate-hive.org\/fr\/event\/climathon-organiser-training-1-format-challenge-fundraising\/\" class=\"tribe-event-url\" rel=\"bookmark\">\n\t\t\tClimathon Organiser une formation #1 : Format, d\u00e9fi, collecte de fonds\t\t<\/a>\n\t<\/h3>\n\t<span class=\"tribe-event-date-start\">29 avril \u00e0 13h00<\/span> - <span class=\"tribe-event-time\">14h30<\/span><\/div>\n<\/li>\n\t\t\t<li>\n\t\n<div class=\"tribe-related-events-thumbnail\">\n\t<a href=\"https:\/\/climate-hive.org\/fr\/event\/adaptation-accelerator-hub-webinar-series-unlocking-private-capital-for-climate-adaptation\/\" class=\"url\" rel=\"bookmark\" tabindex=\"-1\" aria-hidden=\"true\"><img loading=\"lazy\" decoding=\"async\" width=\"1024\" height=\"512\" src=\"https:\/\/climate-hive.org\/wp-content\/uploads\/2026\/04\/Planting-banana-suckers-Chirundu-district-Zambia_Photo-credit-Mulapwa-Mukopole-UNDP-Zambia-1024x512.jpg\" class=\"attachment-large size-large wp-post-image\" alt=\"\" \/><\/a>\n<\/div>\n\t<div class=\"tribe-related-event-info\">\n\t<h3 class=\"tribe-related-events-title\">\n\t\t<a href=\"https:\/\/climate-hive.org\/fr\/event\/adaptation-accelerator-hub-webinar-series-unlocking-private-capital-for-climate-adaptation\/\" class=\"tribe-event-url\" rel=\"bookmark\">\n\t\t\tS\u00e9rie de webinaires du Hub d'acc\u00e9l\u00e9ration de l'adaptation : D\u00e9bloquer les capitaux priv\u00e9s pour l'adaptation climatique\t\t<\/a>\n\t<\/h3>\n\t<span class=\"tribe-event-date-start\">April 29 @ 2:00 pm<\/span> - <span class=\"tribe-event-time\">15:30 heures<\/span><\/div>\n<\/li>\n\t\t\t<li>\n\t\n<div class=\"tribe-related-events-thumbnail\">\n\t<a href=\"https:\/\/climate-hive.org\/fr\/event\/climathon-organiser-training-2-systems-change\/\" class=\"url\" rel=\"bookmark\" tabindex=\"-1\" aria-hidden=\"true\"><img loading=\"lazy\" decoding=\"async\" width=\"1024\" height=\"683\" src=\"https:\/\/climate-hive.org\/wp-content\/uploads\/2026\/04\/Curitiba_Brazil_2mb-1-1024x683.jpg\" class=\"attachment-large size-large wp-post-image\" alt=\"\" \/><\/a>\n<\/div>\n\t<div class=\"tribe-related-event-info\">\n\t<h3 class=\"tribe-related-events-title\">\n\t\t<a href=\"https:\/\/climate-hive.org\/fr\/event\/climathon-organiser-training-2-systems-change\/\" class=\"tribe-event-url\" rel=\"bookmark\">\n\t\t\tClimathon Organiser des formations #2 : De l'\u00e9v\u00e9nement au changement syst\u00e9mique\t\t<\/a>\n\t<\/h3>\n\t<span class=\"tribe-event-date-start\">May 5 @ 1:00 pm<\/span> - <span class=\"tribe-event-time\">14h30<\/span><\/div>\n<\/li>\n\t<\/ul>","protected":false},"excerpt":{"rendered":"<p>\ud83d\ude80 \ud835\udde0\ud835\uddf2\ud835\uddf2\ud835\ude01 \ud835\ude01\ud835\uddf5\ud835\uddf2 \ud835\uddf6\ud835\uddfb\ud835\uddfb\ud835\uddfc\ud835\ude03\ud835\uddee\ud835\ude01\ud835\uddfc\ud835\uddff\ud835\ude00 \ud835\uddef\ud835\ude02\ud835\uddf6\ud835\uddf9\ud835\uddf1\ud835\uddf6\ud835\uddfb\ud835\uddf4 \ud835\uddfc\ud835\ude02\ud835\uddff \ud835\uddf3\ud835\ude02\ud835\ude01\ud835\ude02\ud835\uddff\ud835\uddf2 \ud835\uddf0\ud835\uddf6\ud835\ude01\ud835\uddf6\ud835\uddf2\ud835\ude00 ! \ud83c\udf3f Rejoignez-nous le 3 d\u00e9cembre pour notre prochain Demo Day ! Apr\u00e8s un programme intensif de 8 mois avec l'Universidad Polit\u00e9cnica de Madrid et [...]<\/p>","protected":false},"author":405,"featured_media":4972,"comment_status":"open","ping_status":"closed","template":"","meta":{"_acf_changed":false,"_tec_requires_first_save":false,"_bbp_topic_count":0,"_bbp_reply_count":0,"_bbp_total_topic_count":0,"_bbp_total_reply_count":0,"_bbp_voice_count":0,"_bbp_anonymous_reply_count":0,"_bbp_topic_count_hidden":0,"_bbp_reply_count_hidden":0,"_bbp_forum_subforum_count":0,"pmpro_default_level":"","inline_featured_image":false,"_price":"","_stock":"","_tribe_ticket_header":"","_tribe_default_ticket_provider":"TEC\\Tickets\\Commerce\\Module","_ticket_start_date":"","_ticket_end_date":"","_tribe_ticket_show_description":"","_tribe_ticket_show_not_going":false,"_tribe_ticket_use_global_stock":"","_tribe_ticket_global_stock_level":"","_global_stock_mode":"","_global_stock_cap":"","_tribe_rsvp_for_event":"","_tribe_ticket_going_count":"","_tribe_ticket_not_going_count":"","_tribe_tickets_list":"[]","_tribe_ticket_has_attendee_info_fields":false,"_EventAllDay":false,"_EventTimezone":"Europe\/Madrid","_EventStartDate":"2025-12-03 10:00:00","_EventEndDate":"2025-12-03 14:00:00","_EventStartDateUTC":"2025-12-03 09:00:00","_EventEndDateUTC":"2025-12-03 13:00:00","_EventShowMap":true,"_EventShowMapLink":true,"_EventURL":"https:\/\/forms.office.com\/e\/WAmsS2eZd5","_EventCost":"","_EventCostDescription":"","_EventCurrencySymbol":"","_EventCurrencyCode":"","_EventCurrencyPosition":"","_EventDateTimeSeparator":"","_EventTimeRangeSeparator":"","_EventOrganizerID":[4971],"_EventVenueID":[],"_OrganizerEmail":"","_OrganizerPhone":"","_OrganizerWebsite":"","_VenueAddress":"","_VenueCity":"","_VenueCountry":"","_VenueProvince":"","_VenueState":"","_VenueZip":"","_VenuePhone":"","_VenueURL":"","_VenueStateProvince":"","_VenueLat":"","_VenueLng":"","_VenueShowMap":false,"_VenueShowMapLink":false,"_tribe_blocks_recurrence_rules":"","_tribe_blocks_recurrence_description":"","_tribe_blocks_recurrence_exclusions":"","_tribe_events_status":"","_tribe_events_status_reason":"","_tribe_events_is_hybrid":"","_tribe_events_is_virtual":"","_tribe_events_virtual_video_source":"","_tribe_events_virtual_embed_video":"","_tribe_events_virtual_linked_button_text":"","_tribe_events_virtual_linked_button":"","_tribe_events_virtual_show_embed_at":"","_tribe_events_virtual_show_embed_to":[],"_tribe_events_virtual_show_on_event":"","_tribe_events_virtual_show_on_views":"","_tribe_events_virtual_url":"","footnotes":"","_tec_slr_enabled":"","_tec_slr_layout":""},"tribe_events_cat":[10,2,13],"class_list":["post-4967","tribe_events","type-tribe_events","status-publish","has-post-thumbnail","hentry","tribe_events_cat-in-person","tribe_events_cat-networking","tribe_events_cat-organised-by-member-partner","pmpro-has-access","cat_in-person","cat_networking","cat_organised-by-member-partner"],"acf":[],"ticketed":false,"_links":{"self":[{"href":"https:\/\/climate-hive.org\/fr\/wp-json\/wp\/v2\/tribe_events\/4967","targetHints":{"allow":["GET"]}}],"collection":[{"href":"https:\/\/climate-hive.org\/fr\/wp-json\/wp\/v2\/tribe_events"}],"about":[{"href":"https:\/\/climate-hive.org\/fr\/wp-json\/wp\/v2\/types\/tribe_events"}],"author":[{"embeddable":true,"href":"https:\/\/climate-hive.org\/fr\/wp-json\/wp\/v2\/users\/405"}],"replies":[{"embeddable":true,"href":"https:\/\/climate-hive.org\/fr\/wp-json\/wp\/v2\/comments?post=4967"}],"version-history":[{"count":3,"href":"https:\/\/climate-hive.org\/fr\/wp-json\/wp\/v2\/tribe_events\/4967\/revisions"}],"predecessor-version":[{"id":4978,"href":"https:\/\/climate-hive.org\/fr\/wp-json\/wp\/v2\/tribe_events\/4967\/revisions\/4978"}],"wp:featuredmedia":[{"embeddable":true,"href":"https:\/\/climate-hive.org\/fr\/wp-json\/wp\/v2\/media\/4972"}],"wp:attachment":[{"href":"https:\/\/climate-hive.org\/fr\/wp-json\/wp\/v2\/media?parent=4967"}],"wp:term":[{"taxonomy":"tribe_events_cat","embeddable":true,"href":"https:\/\/climate-hive.org\/fr\/wp-json\/wp\/v2\/tribe_events_cat?post=4967"}],"curies":[{"name":"wp","href":"https:\/\/api.w.org\/{rel}","templated":true}]}}