{"id":5313,"date":"2025-11-11T16:51:11","date_gmt":"2025-11-11T16:51:11","guid":{"rendered":"https:\/\/climate-hive.org\/?post_type=tribe_events&#038;p=5313"},"modified":"2026-04-16T11:16:58","modified_gmt":"2026-04-16T10:16:58","slug":"connect-reflections-2025-optimism-2026","status":"publish","type":"tribe_events","link":"https:\/\/climate-hive.org\/fr\/event\/connect-reflections-2025-optimism-2026\/","title":{"rendered":"Se connecter : R\u00e9flexions sur 2025 et optimisme pour 2026"},"content":{"rendered":"<div class=\"tribe-events-virtual-single-marker\">\n\t<span class=\"tribe-events-virtual-single-marker__icon\" >\n\t\t<svg\n\t class=\"tribe-common-c-svgicon tribe-common-c-svgicon--virtual tribe-events-virtual-single-marker__icon-svg\" \taria-hidden=\"true\"\n\tviewbox=\"0 0 26 16\"\n\txmlns=\"http:\/\/www.w3.org\/2000\/svg\"\n>\n\t<g fill-rule=\"evenodd\" stroke-linecap=\"round\" stroke-linejoin=\"round\" stroke-width=\"2\" transform=\"translate(1 1)\">\n\t\t<path d=\"M18 10.7333333c2.16-2.09999997 2.16-5.44444441 0-7.46666663M21.12 13.7666667c3.84-3.7333334 3.84-9.80000003 0-13.53333337M6 10.7333333C3.84 8.63333333 3.84 5.28888889 6 3.26666667M2.88 13.7666667C-.96 10.0333333-.96 3.96666667 2.88.23333333\" class=\"tribe-common-c-svgicon__svg-stroke\"\/><ellipse cx=\"12\" cy=\"7\" rx=\"2.4\" ry=\"2.33333333\" class=\"tribe-common-c-svgicon__svg-stroke\"\/>\n\t<\/g>\n<\/svg>\n\t<\/span>\n\tVirtual \u00c9v\u00e8nement<\/div>\n<div  class=\"tribe-events-schedule tribe-clearfix\" >\n\t<p class=\"tribe-events-schedule__datetime\">\n\t\t<span class=\"tribe-events-schedule__date tribe-events-schedule__date--start\">\n\t\t\t11 d\u00e9cembre 2025\t\t<\/span>\n\n\t\t\t\t\t<span class=\"tribe-events-schedule__separator tribe-events-schedule__separator--date\">\n\t\t\t\t@\t\t\t<\/span>\n\t\t\t<span class=\"tribe-events-schedule__time tribe-events-schedule__time--start\">\n\t\t\t\t16h00\t\t\t<\/span>\n\t\t\n\t\t\t\t\t\t\t\t\t<span class=\"tribe-events-schedule__separator tribe-events-schedule__separator--time\">\n\t\t\t\t\t-\t\t\t\t<\/span>\n\t\t\t\n\t\t\t\t\t\t\t<span class=\"tribe-events-schedule__time tribe-events-schedule__time--end\">\n\t\t\t\t\t17h30\t\t\t\t<\/span>\n\t\t\t\n\t\t\t\t\t\t\t<span class=\"tribe-events-schedule__timezone\">CET<\/span>\n\t\t\t\t\t\t<\/p>\n<\/div>\n\n\n\n<h4 class=\"wp-block-heading\">Rejoignez-nous pour r\u00e9fl\u00e9chir \u00e0 l'une des ann\u00e9es les plus difficiles, partager les principaux enseignements de la COP30 et explorer comment notre communaut\u00e9 peut stimuler l'innovation et la collaboration dans le domaine du climat en 2026.&nbsp;<\/h4>\n\n\n\n<p><strong>2025 a \u00e9t\u00e9 une ann\u00e9e d'extr\u00eames.<\/strong> Les \u00e9v\u00e9nements climatiques ont red\u00e9fini la notion de \u201ccrise\u201d, <a href=\"https:\/\/www.theguardian.com\/australia-news\/audio\/2025\/nov\/02\/gen-z-protests-nepal-madagascar-morocco-full-story-podcast\" target=\"_blank\" rel=\"noreferrer noopener\">Manifestations de jeunes<\/a> sur les conditions sociales, un m\u00e9lange de <a href=\"https:\/\/news.un.org\/en\/story\/2025\/08\/1165658\" target=\"_blank\" rel=\"noreferrer noopener\">reculs<\/a> et <a href=\"https:\/\/ember-energy.org\/latest-updates\/solar-and-wind-met-all-electricity-demand-growth-in-h1-2025\/\" target=\"_blank\" rel=\"noreferrer noopener\">prometteur<\/a> <a href=\"https:\/\/climate.ec.europa.eu\/news-other-reads\/news\/eu-advances-towards-2030-climate-targets-continued-emissions-cuts-2025-11-06_en\" target=\"_blank\" rel=\"noreferrer noopener\">progr\u00e8s<\/a> dans les objectifs et les ambitions en mati\u00e8re de climat. C'est dans ce contexte que les d\u00e9l\u00e9gations nationales se sont retrouv\u00e9es \u00e0 la COP30 \u00e0 Bel\u00e9m, au Br\u00e9sil, dans un paysage politique extr\u00eamement fragment\u00e9 et incertain.<\/p>\n\n\n\n<p>Alors que l'ann\u00e9e touche \u00e0 sa fin, il est temps de se r\u00e9unir en tant que Communaut\u00e9 et de discuter : quelles sont les principales le\u00e7ons de 2025 ? Et comment transformer les tensions de ces derni\u00e8res ann\u00e9es - marqu\u00e9es par la peur et l'impatience - en sources de r\u00e9silience et de cr\u00e9ativit\u00e9 pour un 2026 plus constructif ?<\/p>\n\n\n\n<p>Nous commencerons par une conversation honn\u00eate et stimulante entre <strong>Christiana Figueres<\/strong>, n\u00e9gociateur cl\u00e9 de l'accord de Paris de 2015, et <strong>Kirsten Dunlop<\/strong>, Le pr\u00e9sident du conseil d'administration de Climate KIC et l'une des principales voix de l'\u00e9cosyst\u00e8me de l'innovation syst\u00e9mique. Ensemble, ils r\u00e9fl\u00e9chiront au paysage climatique mondial et exploreront les voies d'une action significative.<\/p>\n\n\n\n<p>Ensuite, nous partagerons <strong>faits marquants de notre Communaut\u00e9 et initiatives pour 2026<\/strong>, et ouvre la voie \u00e0 des collaborations pour l'ann\u00e9e \u00e0 venir.<\/p>\n\n\n\n<h4 class=\"wp-block-heading\"><strong>\u00c0 quoi pouvez-vous vous attendre ?<\/strong>&nbsp;<\/h4>\n\n\n\n<ul class=\"wp-block-list\">\n<li>Perspectives et enseignements de la COP30 au Br\u00e9sil et des moments d\u00e9cisifs de 2025.<\/li>\n\n\n\n<li>Priorit\u00e9s, anticipations et opportunit\u00e9s en 2026.<\/li>\n\n\n\n<li>Un espace de mise en r\u00e9seau pour partager les engagements et jeter les bases de collaborations.<\/li>\n<\/ul>\n\n\n\n<p><\/p>\n\n\n\n<h4 class=\"wp-block-heading\">Intervenants<\/h4>\n\n\n\n<ul class=\"wp-block-list\">\n<li><strong><a href=\"https:\/\/www.linkedin.com\/in\/christianafigueres\/\">Christiana Figueres<\/a><\/strong>, Partenaire fondateur de Global Optimism, n\u00e9gociateur en chef de l'accord historique de Paris de 2015<br><em>Christiana Figueres est une dirigeante reconnue internationalement pour son action climatique. En tant que Secr\u00e9taire ex\u00e9cutive de la Convention-cadre des Nations Unies sur les changements climatiques (CCNUCC), elle a dirig\u00e9 l'effort diplomatique mondial qui a abouti \u00e0 l'Accord de Paris de 2015. Aujourd'hui, elle est cofondatrice de Global Optimism, co-animatrice du podcast Outrage &amp; Optimism et coauteure de \u201c\u00a0The Future We Choose: Surviving the Climate Crisis\u00a0\u201d.<\/em><\/li>\n\n\n\n<li><strong><a href=\"https:\/\/www.linkedin.com\/in\/kirsten-dunlop-6b4a547\/\">Kirsten Dunlop<\/a><\/strong>, PDG de Climate KIC<br><em>Leader cr\u00e9atif, \u00e9nergique et inspirant, Kirsten Dunlop apporte \u00e0 son r\u00f4le une profonde conviction dans notre capacit\u00e9 \u00e0 apprendre et \u00e0 \u00e9voluer vers une soci\u00e9t\u00e9 r\u00e9siliente au changement climatique, ainsi que plus de 30 ans d'exp\u00e9rience dans la catalyse de transformations syst\u00e9miques au cours d'une carri\u00e8re couvrant l'universit\u00e9, le conseil, la banque et le secteur de l'assurance, sur trois continents. En tant que communicatrice experte et enthousiaste, elle est une conf\u00e9renci\u00e8re recherch\u00e9e sur l'innovation syst\u00e9mique, le changement des syst\u00e8mes financiers et la transformation soci\u00e9tale dans le contexte du climat.<\/em><\/li>\n<\/ul>\n\n\n\n\n<div  class=\"tribe-block tribe-block__organizer__details tribe-clearfix\" >\n    <h4>Organiser details<\/h4>\n\t<div class=\"tribe-block__organizer__title\">\n\t\t<h3><a href=\"https:\/\/climate-hive.org\/fr\/organisateur\/climate-kic-community\/\" title=\"Climate KIC Community\" target=\"_self\" rel=\"\">Climate KIC Community<\/a><\/h3>\n\t<\/div>\n\t\t\t\t<p class=\"tribe-block__organizer__website\"><a href=\"https:\/\/climate-hive.org\/fr\/\" target=\"_self\" rel=\"external\">View Organizer Website<\/a><\/p>\n\t\t\t\t<p class=\"tribe-block__organizer__email\">community@climate-kic.org<\/p>\n\t<\/div>\n\n\n\t<div  class=\"tribe-block tribe-block__events-link\" >\n\t\t<div class=\"tribe-events tribe-common\">\n\t\t\t<div class=\"tribe-events-c-subscribe-dropdown__container\">\n\t\t\t\t<div class=\"tribe-events-c-subscribe-dropdown\">\n\t\t\t\t\t<div class=\"tribe-common-c-btn-border tribe-events-c-subscribe-dropdown__button\">\n\t\t\t\t\t\t<svg  class=\"tribe-common-c-svgicon tribe-common-c-svgicon--cal-export tribe-events-c-subscribe-dropdown__export-icon\"  xmlns=\"http:\/\/www.w3.org\/2000\/svg\" width=\"24\" height=\"24\" viewbox=\"0 0 24 24\" fill=\"none\">\n    <path\n        d=\"M9 6L12 3M12 3L15 6M12 3V13M7.00023 10C6.06835 10 5.60241 10 5.23486 10.1522C4.74481 10.3552 4.35523 10.7448 4.15224 11.2349C4 11.6024 4 12.0681 4 13V17.8C4 18.9201 4 19.4798 4.21799 19.9076C4.40973 20.2839 4.71547 20.5905 5.0918 20.7822C5.5192 21 6.07899 21 7.19691 21H16.8036C17.9215 21 18.4805 21 18.9079 20.7822C19.2842 20.5905 19.5905 20.2839 19.7822 19.9076C20 19.4802 20 18.921 20 17.8031V13C20 12.0681 19.9999 11.6024 19.8477 11.2349C19.6447 10.7448 19.2554 10.3552 18.7654 10.1522C18.3978 10 17.9319 10 17 10\"\n        stroke=\"#142930\" stroke-width=\"2\" stroke-linecap=\"round\" stroke-linejoin=\"round\"\/>\n<\/svg>\n\t\t\t\t\t\t<button\n\t\t\t\t\t\t\tclass=\"tribe-events-c-subscribe-dropdown__button-text\"\n\t\t\t\t\t\t\taria-expanded=\"false\"\n\t\t\t\t\t\t\taria-controls=\"tribe-events-subscribe-dropdown-content\"\n\t\t\t\t\t\t\taria-label=\"View links to add events to your calendar\"\n\t\t\t\t\t\t>\n\t\t\t\t\t\t\tAdd to calendar\t\t\t\t\t\t<\/button>\n\t\t\t\t\t\t<svg\n\t class=\"tribe-common-c-svgicon tribe-common-c-svgicon--caret-down tribe-events-c-subscribe-dropdown__button-icon\" \taria-hidden=\"true\"\n\tviewbox=\"0 0 10 7\"\n\txmlns=\"http:\/\/www.w3.org\/2000\/svg\"\n>\n\t<path fill-rule=\"evenodd\" clip-rule=\"evenodd\" d=\"M1.008.609L5 4.6 8.992.61l.958.958L5 6.517.05 1.566l.958-.958z\" class=\"tribe-common-c-svgicon__svg-fill\"\/>\n<\/svg>\n\t\t\t\t\t<\/div>\n\t\t\t\t\t<div id=\"tribe-events-subscribe-dropdown-content\" class=\"tribe-events-c-subscribe-dropdown__content\">\n\t\t\t\t\t\t<ul class=\"tribe-events-c-subscribe-dropdown__list\">\n\t\t\t\t\t\t\t\t\t\t\t\t\t\t\t<li class=\"tribe-events-c-subscribe-dropdown__list-item tribe-events-c-subscribe-dropdown__list-item--gcal\">\n\t\t\t\t\t\t\t\t\t<a\n\t\t\t\t\t\t\t\t\t\thref=\"https:\/\/www.google.com\/calendar\/event?action=TEMPLATE&#038;dates=20251211T160000\/20251211T173000&#038;text=Connect%3A%20Reflections%20on%202025%20%26amp%3B%20Optimism%20for%202026&#038;details=%3Ch4+class%3D%22wp-block-heading%22%3EJoin+us+as+we+reflect+on+one+of+the+most%26nbsp%3Bchallenging+years%2C+share+key+takeaways+from+COP30%2C+and+explore+how+our+community+can+drive+climate+innovation+and+collaboration+in+2026.%26nbsp%3B%3C%2Fh4%3E%3Cp%3E%3Cstrong%3E2025+has+been+a+year+of+extremes.%3C%2Fstrong%3E+We%E2%80%99ve+seen+climate+events+redefine+what+%E2%80%9Ccrisis%E2%80%9D+means%2C+%3Ca+href%3D%22https%3A%2F%2Fwww.theguardian.com%2Faustralia-news%2Faudio%2F2025%2Fnov%2F02%2Fgen-z-protests-nepal-madagascar-morocco-full-story-podcast%22+target%3D%22_blank%22+rel%3D%22noreferrer+noopener%22%3Eyouth-led+protests%3C%2Fa%3E+on+social+conditions%2C+a+mix+of+%3Ca+href%3D%22https%3A%2F%2Fnews.un.org%2Fen%2Fstory%2F2025%2F08%2F1165658%22+target%3D%22_blank%22+rel%3D%22noreferrer+noopener%22%3Esetbacks%3C%2Fa%3E+and+%3Ca+href%3D%22https%3A%2F%2Fember-energy.org%2Flatest-updates%2Fsolar-and-wind-met-all-electricity-demand-growth-in-h1-2025%2F%22+target%3D%22_blank%22+rel%3D%22noreferrer+noopener%22%3Epromising%3C%2Fa%3E+%3Ca+href%3D%22https%3A%2F%2Fclimate.ec.europa.eu%2Fnews-other-reads%2Fnews%2Feu-advances-towards-2030-climate-targets-continued-emissions-cuts-2025-11-06_en%22+tar%3C%2Fp%3E+%28View+Full+event+Description+Here%3A+https%3A%2F%2Fclimate-hive.org%2Ffr%2Fevent%2Fconnect-reflections-2025-optimism-2026%2F%29&#038;location=https:\/\/climate-hive.org\/fr\/event\/connect-reflections-2025-optimism-2026\/&#038;trp=false&#038;ctz=Europe\/Madrid&#038;sprop=website:https:\/\/climate-hive.org\/fr\"\n\t\t\t\t\t\t\t\t\t\tclass=\"tribe-events-c-subscribe-dropdown__list-item-link\"\n\t\t\t\t\t\t\t\t\t\ttarget=\"_blank\"\n\t\t\t\t\t\t\t\t\t\trel=\"noopener noreferrer nofollow noindex\"\n\t\t\t\t\t\t\t\t\t>\n\t\t\t\t\t\t\t\t\t\tGoogle Calendar\t\t\t\t\t\t\t\t\t<\/a>\n\t\t\t\t\t\t\t\t<\/li>\n\t\t\t\t\t\t\t\t\t\t\t\t\t\t\t<li class=\"tribe-events-c-subscribe-dropdown__list-item tribe-events-c-subscribe-dropdown__list-item--ical\">\n\t\t\t\t\t\t\t\t\t<a\n\t\t\t\t\t\t\t\t\t\thref=\"\"\n\t\t\t\t\t\t\t\t\t\tclass=\"tribe-events-c-subscribe-dropdown__list-item-link\"\n\t\t\t\t\t\t\t\t\t\ttarget=\"_blank\"\n\t\t\t\t\t\t\t\t\t\trel=\"noopener noreferrer nofollow noindex\"\n\t\t\t\t\t\t\t\t\t>\n\t\t\t\t\t\t\t\t\t\tiCalendar\t\t\t\t\t\t\t\t\t<\/a>\n\t\t\t\t\t\t\t\t<\/li>\n\t\t\t\t\t\t\t\t\t\t\t\t\t\t\t<li class=\"tribe-events-c-subscribe-dropdown__list-item tribe-events-c-subscribe-dropdown__list-item--outlook-365\">\n\t\t\t\t\t\t\t\t\t<a\n\t\t\t\t\t\t\t\t\t\thref=\"\"\n\t\t\t\t\t\t\t\t\t\tclass=\"tribe-events-c-subscribe-dropdown__list-item-link\"\n\t\t\t\t\t\t\t\t\t\ttarget=\"_blank\"\n\t\t\t\t\t\t\t\t\t\trel=\"noopener noreferrer nofollow noindex\"\n\t\t\t\t\t\t\t\t\t>\n\t\t\t\t\t\t\t\t\t\tOutlook 365\t\t\t\t\t\t\t\t\t<\/a>\n\t\t\t\t\t\t\t\t<\/li>\n\t\t\t\t\t\t\t\t\t\t\t\t\t\t\t<li class=\"tribe-events-c-subscribe-dropdown__list-item tribe-events-c-subscribe-dropdown__list-item--outlook-live\">\n\t\t\t\t\t\t\t\t\t<a\n\t\t\t\t\t\t\t\t\t\thref=\"\"\n\t\t\t\t\t\t\t\t\t\tclass=\"tribe-events-c-subscribe-dropdown__list-item-link\"\n\t\t\t\t\t\t\t\t\t\ttarget=\"_blank\"\n\t\t\t\t\t\t\t\t\t\trel=\"noopener noreferrer nofollow noindex\"\n\t\t\t\t\t\t\t\t\t>\n\t\t\t\t\t\t\t\t\t\tOutlook Live\t\t\t\t\t\t\t\t\t<\/a>\n\t\t\t\t\t\t\t\t<\/li>\n\t\t\t\t\t\t\t\t\t\t\t\t\t<\/ul>\n\t\t\t\t\t<\/div>\n\t\t\t\t<\/div>\n\t\t\t<\/div>\n\t\t<\/div>\n\t<\/div>\n\n\n\n<h2 class=\"tribe-block__related-events__title\">Related Events<\/h2>\n\n<ul  class=\"tribe-related-events tribe-clearfix\" >\n\t\t\t<li>\n\t\n<div class=\"tribe-related-events-thumbnail\">\n\t<a href=\"https:\/\/climate-hive.org\/fr\/event\/climathon-organiser-training-2-systems-change\/\" class=\"url\" rel=\"bookmark\" tabindex=\"-1\" aria-hidden=\"true\"><img loading=\"lazy\" decoding=\"async\" width=\"1024\" height=\"683\" src=\"https:\/\/climate-hive.org\/wp-content\/uploads\/2026\/04\/Curitiba_Brazil_2mb-1-1024x683.jpg\" class=\"attachment-large size-large wp-post-image\" alt=\"\" \/><\/a>\n<\/div>\n\t<div class=\"tribe-related-event-info\">\n\t<h3 class=\"tribe-related-events-title\">\n\t\t<a href=\"https:\/\/climate-hive.org\/fr\/event\/climathon-organiser-training-2-systems-change\/\" class=\"tribe-event-url\" rel=\"bookmark\">\n\t\t\tClimathon Organiser des formations #2 : De l'\u00e9v\u00e9nement au changement syst\u00e9mique\t\t<\/a>\n\t<\/h3>\n\t<span class=\"tribe-event-date-start\">May 5 @ 1:00 pm<\/span> - <span class=\"tribe-event-time\">14h30<\/span><\/div>\n<\/li>\n\t\t\t<li>\n\t\n<div class=\"tribe-related-events-thumbnail\">\n\t<a href=\"https:\/\/climate-hive.org\/fr\/event\/insights-green-and-digital-for-small-businesses\/\" class=\"url\" rel=\"bookmark\" tabindex=\"-1\" aria-hidden=\"true\"><img loading=\"lazy\" decoding=\"async\" width=\"1024\" height=\"576\" src=\"https:\/\/climate-hive.org\/wp-content\/uploads\/2026\/04\/getty-images-Sf2MBY7xIkY-unsplash-1024x576.jpg\" class=\"attachment-large size-large wp-post-image\" alt=\"\" \/><\/a>\n<\/div>\n\t<div class=\"tribe-related-event-info\">\n\t<h3 class=\"tribe-related-events-title\">\n\t\t<a href=\"https:\/\/climate-hive.org\/fr\/event\/insights-green-and-digital-for-small-businesses\/\" class=\"tribe-event-url\" rel=\"bookmark\">\n\t\t\tPerspectives : Vert et num\u00e9rique. Ce que cela signifie concr\u00e8tement pour les petites entreprises\u00a0\t\t<\/a>\n\t<\/h3>\n\t<span class=\"tribe-event-date-start\">6 mai \u00e0 14h00<\/span> - <span class=\"tribe-event-time\">15h00<\/span><\/div>\n<\/li>\n\t\t\t<li>\n\t\n<div class=\"tribe-related-events-thumbnail\">\n\t<a href=\"https:\/\/climate-hive.org\/fr\/event\/how-to-evolve-global-book-tour\/\" class=\"url\" rel=\"bookmark\" tabindex=\"-1\" aria-hidden=\"true\"><img loading=\"lazy\" decoding=\"async\" width=\"1024\" height=\"576\" src=\"https:\/\/climate-hive.org\/wp-content\/uploads\/2026\/04\/How_to_Evolve_Copenhagen_2x-2100x1181-1-1024x576.png\" class=\"attachment-large size-large wp-post-image\" alt=\"\" \/><\/a>\n<\/div>\n\t<div class=\"tribe-related-event-info\">\n\t<h3 class=\"tribe-related-events-title\">\n\t\t<a href=\"https:\/\/climate-hive.org\/fr\/event\/how-to-evolve-global-book-tour\/\" class=\"tribe-event-url\" rel=\"bookmark\">\n\t\t\tComment \u00c9voluer \u2013 Tourn\u00e9e mondiale du livre\t\t<\/a>\n\t<\/h3>\n\t<span class=\"tribe-event-date-start\">May 11 @ 9:30 am<\/span> - <span class=\"tribe-event-date-end\">May 12 @ 8:30 pm<\/span><\/div>\n<\/li>\n\t<\/ul>\n\n\n<div  class=\"tribe-block tribe-block--virtual-event\" >\n    <\/div>","protected":false},"excerpt":{"rendered":"<p>Rejoignez-nous pour r\u00e9fl\u00e9chir \u00e0 l'une des ann\u00e9es les plus difficiles, partager les principaux enseignements de la COP30 et explorer comment notre communaut\u00e9 peut stimuler l'innovation et la collaboration en mati\u00e8re de climat en 2026.  2025 [...]<\/p>","protected":false},"author":3,"featured_media":6067,"comment_status":"open","ping_status":"closed","template":"","meta":{"_acf_changed":false,"_tec_requires_first_save":false,"_bbp_topic_count":0,"_bbp_reply_count":0,"_bbp_total_topic_count":0,"_bbp_total_reply_count":0,"_bbp_voice_count":0,"_bbp_anonymous_reply_count":0,"_bbp_topic_count_hidden":0,"_bbp_reply_count_hidden":0,"_bbp_forum_subforum_count":0,"pmpro_default_level":"","inline_featured_image":false,"_price":"","_stock":"","_tribe_ticket_header":"","_tribe_default_ticket_provider":"TEC\\Tickets\\Commerce\\Module","_ticket_start_date":"","_ticket_end_date":"","_tribe_ticket_show_description":"","_tribe_ticket_show_not_going":false,"_tribe_ticket_use_global_stock":"","_tribe_ticket_global_stock_level":"","_global_stock_mode":"","_global_stock_cap":"","_tribe_rsvp_for_event":"","_tribe_ticket_going_count":"","_tribe_ticket_not_going_count":"","_tribe_tickets_list":"[{\"id\":5321,\"type\":\"default\",\"title\":\"Community Connect: Reflections on 2025 &amp; Optimism for 2026\",\"description\":\"\",\"capacityType\":\"unlimited\",\"price\":\"0\",\"capacity\":\"\",\"available\":-1,\"sharedCapacity\":\"\",\"sold\":141,\"shareSold\":141,\"isShared\":true,\"currencyDecimalPoint\":\".\",\"currencyNumberOfDecimals\":2,\"currencyPosition\":\"postfix\",\"currencySymbol\":\"\\u20ac\",\"currencyThousandsSep\":\",\"}]","_tribe_ticket_has_attendee_info_fields":false,"_EventAllDay":false,"_EventTimezone":"Europe\/Madrid","_EventStartDate":"2025-12-11 16:00:00","_EventEndDate":"2025-12-11 17:30:00","_EventStartDateUTC":"2025-12-11 15:00:00","_EventEndDateUTC":"2025-12-11 16:30:00","_EventShowMap":false,"_EventShowMapLink":false,"_EventURL":"","_EventCost":"0","_EventCostDescription":"","_EventCurrencySymbol":"\u20ac","_EventCurrencyCode":"EUR","_EventCurrencyPosition":"prefix","_EventDateTimeSeparator":"@","_EventTimeRangeSeparator":"-","_EventOrganizerID":[3881],"_EventVenueID":[],"_OrganizerEmail":"","_OrganizerPhone":"","_OrganizerWebsite":"","_VenueAddress":"","_VenueCity":"","_VenueCountry":"","_VenueProvince":"","_VenueState":"","_VenueZip":"","_VenuePhone":"","_VenueURL":"","_VenueStateProvince":"","_VenueLat":"","_VenueLng":"","_VenueShowMap":false,"_VenueShowMapLink":false,"_tribe_blocks_recurrence_rules":"","_tribe_blocks_recurrence_description":"","_tribe_blocks_recurrence_exclusions":"","_tribe_events_status":"","_tribe_events_status_reason":"","_tribe_events_is_hybrid":"","_tribe_events_is_virtual":"yes","_tribe_events_virtual_video_source":"video","_tribe_events_virtual_embed_video":"","_tribe_events_virtual_linked_button_text":"Watch","_tribe_events_virtual_linked_button":"yes","_tribe_events_virtual_show_embed_at":"at-start","_tribe_events_virtual_show_embed_to":[],"_tribe_events_virtual_show_on_event":"yes","_tribe_events_virtual_show_on_views":"yes","_tribe_events_virtual_url":"https:\/\/climate-kic-org.zoom.us\/j\/81684416031?pwd=vwbIRuwNG7P40pZD1a7xaHsgZOEaBz.1","footnotes":"","_tec_slr_enabled":"","_tec_slr_layout":""},"tribe_events_cat":[16,85,2,11,12,4],"class_list":["post-5313","tribe_events","type-tribe_events","status-publish","has-post-thumbnail","hentry","tribe_events_cat-community-connect","tribe_events_cat-community-event","tribe_events_cat-networking","tribe_events_cat-online","tribe_events_cat-organised-by-climate-kic","tribe_events_cat-policy","pmpro-has-access","cat_community-connect","cat_community-event","cat_networking","cat_online","cat_organised-by-climate-kic","cat_policy","tribe-events-virtual-event"],"acf":[],"ticketed":["tc"],"_links":{"self":[{"href":"https:\/\/climate-hive.org\/fr\/wp-json\/wp\/v2\/tribe_events\/5313","targetHints":{"allow":["GET"]}}],"collection":[{"href":"https:\/\/climate-hive.org\/fr\/wp-json\/wp\/v2\/tribe_events"}],"about":[{"href":"https:\/\/climate-hive.org\/fr\/wp-json\/wp\/v2\/types\/tribe_events"}],"author":[{"embeddable":true,"href":"https:\/\/climate-hive.org\/fr\/wp-json\/wp\/v2\/users\/3"}],"replies":[{"embeddable":true,"href":"https:\/\/climate-hive.org\/fr\/wp-json\/wp\/v2\/comments?post=5313"}],"version-history":[{"count":9,"href":"https:\/\/climate-hive.org\/fr\/wp-json\/wp\/v2\/tribe_events\/5313\/revisions"}],"predecessor-version":[{"id":7334,"href":"https:\/\/climate-hive.org\/fr\/wp-json\/wp\/v2\/tribe_events\/5313\/revisions\/7334"}],"wp:featuredmedia":[{"embeddable":true,"href":"https:\/\/climate-hive.org\/fr\/wp-json\/wp\/v2\/media\/6067"}],"wp:attachment":[{"href":"https:\/\/climate-hive.org\/fr\/wp-json\/wp\/v2\/media?parent=5313"}],"wp:term":[{"taxonomy":"tribe_events_cat","embeddable":true,"href":"https:\/\/climate-hive.org\/fr\/wp-json\/wp\/v2\/tribe_events_cat?post=5313"}],"curies":[{"name":"wp","href":"https:\/\/api.w.org\/{rel}","templated":true}]}}