{"id":5511,"date":"2025-11-18T17:17:20","date_gmt":"2025-11-18T17:17:20","guid":{"rendered":"https:\/\/climate-hive.org\/?post_type=tribe_events&#038;p=5511"},"modified":"2025-11-18T17:18:24","modified_gmt":"2025-11-18T17:18:24","slug":"policy-lab-efficient-circular-and-affordable-housing","status":"publish","type":"tribe_events","link":"https:\/\/climate-hive.org\/fr\/event\/policy-lab-efficient-circular-and-affordable-housing\/","title":{"rendered":"Laboratoire politique : Logement efficace, circulaire et abordable"},"content":{"rendered":"<div  class=\"tribe-events-schedule tribe-clearfix\" >\n\t<p class=\"tribe-events-schedule__datetime\">\n\t\t<span class=\"tribe-events-schedule__date tribe-events-schedule__date--start\">\n\t\t\t4 d\u00e9cembre 2025\t\t<\/span>\n\n\t\t\t\t\t<span class=\"tribe-events-schedule__separator tribe-events-schedule__separator--date\">\n\t\t\t\t@\t\t\t<\/span>\n\t\t\t<span class=\"tribe-events-schedule__time tribe-events-schedule__time--start\">\n\t\t\t\t13h00\t\t\t<\/span>\n\t\t\n\t\t\t\t\t\t\t\t\t<span class=\"tribe-events-schedule__separator tribe-events-schedule__separator--time\">\n\t\t\t\t\t-\t\t\t\t<\/span>\n\t\t\t\n\t\t\t\t\t\t\t<span class=\"tribe-events-schedule__time tribe-events-schedule__time--end\">\n\t\t\t\t\t17h30\t\t\t\t<\/span>\n\t\t\t\n\t\t\t\t\t\t\t<span class=\"tribe-events-schedule__timezone\">CET<\/span>\n\t\t\t\t\t\t<\/p>\n<\/div>\n\n\n\n<p>Dans les villes et les communaut\u00e9s de l'UE, la fourniture de logements abordables est un imp\u00e9ratif social, \u00e9conomique et politique urgent. Pour r\u00e9pondre \u00e0 cette demande, il faut des solutions \u00e0 la fois rentables et p\u00e9rennes.<\/p>\n\n\n\n<p>L'exploitation des co-b\u00e9n\u00e9fices d'un habitat circulaire, \u00e9conome en \u00e9nergie et r\u00e9silient au changement climatique - tels que la r\u00e9duction des co\u00fbts \u00e9nerg\u00e9tiques et d'entretien, une meilleure assurabilit\u00e9 et une r\u00e9duction des risques climatiques - peut rendre les logements plus abordables \u00e0 long terme et ouvrir la voie \u00e0 des solutions innovantes, collaboratives et syst\u00e9miques.<\/p>\n\n\n\n<p>\u00c0 cette fin, la<a href=\"https:\/\/research-and-innovation.ec.europa.eu\/funding\/funding-opportunities\/funding-programmes-and-open-calls\/horizon-europe\/eu-missions-horizon-europe\/climate-neutral-and-smart-cities_en\"> <\/a><a href=\"https:\/\/research-and-innovation.ec.europa.eu\/funding\/funding-opportunities\/funding-programmes-and-open-calls\/horizon-europe\/eu-missions-horizon-europe\/climate-neutral-and-smart-cities_en\">Mission de l'UE sur les villes<\/a><a href=\"https:\/\/research-and-innovation.ec.europa.eu\/funding\/funding-opportunities\/funding-programmes-and-open-calls\/horizon-europe\/eu-missions-horizon-europe\/climate-neutral-and-smart-cities_en\"> <\/a>engage les entreprises et l'industrie europ\u00e9ennes \u00e0 traduire les plans d'action et d'investissement des villes de mission en actions concr\u00e8tes. <strong>demande sp\u00e9cifique, quantifi\u00e9e et globale <\/strong>pour les mat\u00e9riaux et technologies verts, les infrastructures, la fabrication, la logistique, les solutions num\u00e9riques interop\u00e9rables et les mod\u00e8les d'entreprise verts.<strong> De cette mani\u00e8re, nous pouvons acc\u00e9l\u00e9rer la formation de march\u00e9s pilotes europ\u00e9ens et renforcer la comp\u00e9titivit\u00e9. <\/strong>par la r\u00e9silience aux chocs climatiques et \u00e9conomiques.<\/p>\n\n\n\n<p>En utilisant une approche innovante de laboratoire d'impact politique, la Climate KIC, en partenariat avec Huge Thing et IRMIR (Institut pour le d\u00e9veloppement des villes et des r\u00e9gions), r\u00e9unira dans cette session des repr\u00e9sentants cl\u00e9s de l'\u00e9cosyst\u00e8me de l'environnement b\u00e2ti europ\u00e9en. <strong>d\u00e9cideurs politiques, industrie, innovateurs, gouvernements locaux, experts en la mati\u00e8re<\/strong> - de commencer \u00e0 aborder les questions li\u00e9es au logement (notamment en termes de r\u00e9novation ou de nouvelle construction) d'une mani\u00e8re ax\u00e9e sur la pratique. Ces repr\u00e9sentants s'efforceront d'associer les d\u00e9fis aux solutions, d'identifier les lacunes et de cr\u00e9er un espace permettant aux participants de reconna\u00eetre les opportunit\u00e9s et les limites, afin d'explorer conjointement les moyens et les projets permettant d'aller de l'avant.<\/p>\n\n\n\n<ul class=\"wp-block-list\">\n<li>[<strong>Mod\u00e8les d'entreprise<\/strong>] Dans quels domaines les <strong>circularit\u00e9 et efficacit\u00e9<\/strong> les co-b\u00e9n\u00e9fices de l'accessibilit\u00e9 financi\u00e8re ? Comment maximiser ce potentiel ?<\/li>\n\n\n\n<li>[<strong>Innovations<\/strong>] Comment <strong>alternative et innovante <\/strong>(comme les chantiers \u00e0 z\u00e9ro \u00e9mission, la construction hors site, les innovations en mati\u00e8re de gestion de l'\u00e9nergie, etc.<\/li>\n\n\n\n<li>[<strong>Co\u00fbts<\/strong>] Quels sont les <strong>principaux facteurs de co\u00fbts <\/strong>Quels sont les facteurs qui limitent la possibilit\u00e9 de r\u00e9nover les b\u00e2timents ou d'en construire de nouveaux de mani\u00e8re abordable et durable, et comment peut-on y rem\u00e9dier ?<\/li>\n\n\n\n<li>[<strong>Co\u00fbts]<\/strong> Dans quelle mesure les <strong>des instruments financiers innovants<\/strong> (par exemple, garanties, dette subordonn\u00e9e, mod\u00e8les de paiement au fur et \u00e0 mesure des \u00e9conomies, etc.) permet-elle d'\u00e9quilibrer la faisabilit\u00e9 \u00e0 court terme et la viabilit\u00e9 \u00e0 long terme ?<\/li>\n\n\n\n<li>[<strong>D\u00e9chets<\/strong>] De quelle mani\u00e8re les <strong>d\u00e9chets de construction et de d\u00e9molition <\/strong>peut-elle \u00eatre transform\u00e9e d'une charge financi\u00e8re en une source fiable de mat\u00e9riel secondaire ?<\/li>\n\n\n\n<li>[<strong>D\u00e9chets<\/strong>] Comment pourrait-on <strong>mat\u00e9riaux circulaires et \u00e0 faible teneur en carbone<\/strong>, L'adoption de nouvelles technologies, telles que le ciment \u00e0 faible teneur en clinker ou l'acier de seconde main, peut-elle \u00eatre g\u00e9n\u00e9ralis\u00e9e ?<\/li>\n\n\n\n<li>[<strong>R\u00e8glement<\/strong>] Quoi <strong>les innovations dans les politiques de l'UE <\/strong><strong>(\u00e9laboration et mise en \u0153uvre) ou des normes<\/strong> peuvent-ils r\u00e9pondre aux pr\u00e9occupations en mati\u00e8re d'accessibilit\u00e9 financi\u00e8re sans sacrifier la durabilit\u00e9 ?<\/li>\n\n\n\n<li>[<strong>Donn\u00e9es<\/strong>] Comment<strong> les donn\u00e9es (gouvernance et utilisation), la num\u00e9risation et l'IA <\/strong>peuvent-ils \u00eatre exploit\u00e9s pour favoriser la durabilit\u00e9 et l'accessibilit\u00e9 financi\u00e8re ?<\/li>\n\n\n\n<li>[<strong>Comp\u00e9tences<\/strong>] Quels sont les <strong>comp\u00e9tences et capacit\u00e9s cl\u00e9s <\/strong>Les travailleurs et les entreprises n'ont pas les comp\u00e9tences n\u00e9cessaires pour combler le foss\u00e9 qui les s\u00e9pare. Quels types de partenariats ou de mod\u00e8les sont n\u00e9cessaires pour combler rapidement le foss\u00e9 - afin de pouvoir r\u00e9colter les avantages de la comp\u00e9titivit\u00e9 en se transformant et en devenant innovant ?&nbsp;<\/li>\n<\/ul>\n\n\n\n<h4 class=\"wp-block-heading\"><strong>Ordre du jour<\/strong><\/h4>\n\n\n\n<p>13:00 - 13:30<strong> Inscription et mise en r\u00e9seau<\/strong><\/p>\n\n\n\n<p>13:30 - 14:15 <\/p>\n\n\n\n<p><strong>Remarques de bienvenue des organisateurs<\/strong><\/p>\n\n\n\n<ul class=\"wp-block-list\">\n<li><strong>Katarzyna Ba\u0142ucka-D\u0119bska<\/strong>, Responsable de la politique et des affaires europ\u00e9ennes, Climate KIC<\/li>\n\n\n\n<li><strong>Maryla Wojcieszek<\/strong>, Vice-pr\u00e9sident et copropri\u00e9taire de Huge Thing<\/li>\n<\/ul>\n\n\n\n<p><strong>Remarques pr\u00e9liminaires : <\/strong><\/p>\n\n\n\n<ul class=\"wp-block-list\">\n<li><strong>Donn\u00e9es appliqu\u00e9es au niveau du quartier : Le cas du Passeport de la construction de la r\u00e9gion basque<\/strong><br><strong>Andoni Hidalgo<\/strong>, Climate KIC \/ Basque Urban Agenda, Conseiller en affaires internationales<br><strong>Ander Bilbao Figuero<\/strong>, Ciclica<\/li>\n\n\n\n<li><strong>Le cas d'Oslo - Les march\u00e9s publics : un levier pour la cr\u00e9ation de march\u00e9s pilotes<\/strong><br><strong>Przemys\u0142aw Derwich <\/strong>&amp; <strong>Pawe\u0142 Kaczkan<\/strong>, Climate KIC, Climate KIC<\/li>\n\n\n\n<li><strong>Etude de cas polonaise<\/strong><\/li>\n\n\n\n<li><strong>Vues du march\u00e9<\/strong><br>Repr\u00e9sentants de <strong>ROBYG SA<\/strong> &amp; <strong>Vantage SA<\/strong><\/li>\n<\/ul>\n\n\n\n<p>14:15 - 15:45 <strong>Discussions et questions-r\u00e9ponses en laboratoire<\/strong><\/p>\n\n\n\n<p>Les participants se joindront \u00e0 des discussions de type laboratoire, ax\u00e9es sur les solutions, con\u00e7ues pour aller au-del\u00e0 des remarques s\u00e9quentielles et de la d\u00e9finition des probl\u00e8mes, en encourageant les \u00e9changes pratiques et la co-cr\u00e9ation de solutions. Les th\u00e8mes de discussion sont les suivants<\/p>\n\n\n\n<ul class=\"wp-block-list\">\n<li>Tirer parti des march\u00e9s publics et des finances publiques<\/li>\n\n\n\n<li>Favoriser les solutions circulaires<\/li>\n\n\n\n<li>Utilisation des donn\u00e9es et des outils num\u00e9riques<\/li>\n\n\n\n<li>Am\u00e9liorer l'efficacit\u00e9 \u00e9nerg\u00e9tique<\/li>\n\n\n\n<li>Renforcer les comp\u00e9tences et les capacit\u00e9s des travailleurs et des entreprises<\/li>\n<\/ul>\n\n\n\n<p>15:45 - 16:00 <strong>R\u00e9sum\u00e9s des tables rondes et remarques de cl\u00f4ture<\/strong><\/p>\n\n\n\n<p>16:00 - 17:30 <strong>Mise en r\u00e9seau<\/strong><\/p>\n\n\n<div  class=\"tribe-block tribe-block__event-website\" >\n\t<a\n\t\thref=\"https:\/\/forms.office.com\/Pages\/ResponsePage.aspx?id=OYmBKPsKskS2wo6wpXzKZKgV2Rw68UZIka9ONcis7tJUMFFGWktEQjBES1pZSlJLSUdHR0xPMU5YWC4u\"\n\t\ttarget=\"_self\"\n\t\t\t>\n\t\tR\u00c9SERVEZ VOTRE PLACE\t<\/a>\n<\/div>\n\n\n<div  class=\"tribe-block tribe-block__organizer__details tribe-clearfix\" >\n    <h4>Organiser details<\/h4>\n\t<div class=\"tribe-block__organizer__title\">\n\t\t<h3><a href=\"https:\/\/climate-hive.org\/fr\/organisateur\/climate-kic-community\/\" title=\"Climate KIC Community\" target=\"_self\" rel=\"\">Climate KIC Community<\/a><\/h3>\n\t<\/div>\n\t\t\t\t<p class=\"tribe-block__organizer__website\"><a href=\"https:\/\/climate-hive.org\/fr\/\" target=\"_self\" rel=\"external\">View Organizer Website<\/a><\/p>\n\t\t\t\t<p class=\"tribe-block__organizer__email\">community@climate-kic.org<\/p>\n\t<\/div>\n\n\n<div  class=\"tribe-block tribe-block__venue tribe-clearfix tribe-block__venue--has-map\" >\n\t\n\t\n<div class=\"tribe-block__venue__meta\">\n\t<div class=\"tribe-block__venue__name\">\n\t\t<h3><a href=\"https:\/\/climate-hive.org\/fr\/lieu\/google-for-startups-campus-centrum-praskie-koneser\/\" title=\"Campus Google pour les startups, Centrum Praskie Koneser\">Campus Google pour les startups, Centrum Praskie Koneser<\/a><\/h3>\n\t<\/div>\n\n\t\n\t\t\t\t\t\t<address class=\"tribe-block__venue__address\">\n\t\t\t\t<span class=\"tribe-address\">\n\n<span class=\"tribe-street-address\">Plac Konesera 10<\/span>\n\t\n\t\t<br>\n\t\t<span class=\"tribe-locality\">Varsovie<\/span><span class=\"tribe-delimiter\">,<\/span>\n\n\n\t<span class=\"tribe-postal-code\">03-736<\/span>\n\n\t<span class=\"tribe-country-name\">Pologne<\/span>\n\n<\/span>\n\n\t\t\t\t\t\t\t\t\t<a class=\"tribe-events-gmap\" href=\"https:\/\/maps.google.com\/maps?f=q&#038;source=s_q&#038;hl=en&#038;geocode=&#038;q=Plac+Konesera+10+Warsaw+03-736+Poland\" title=\"Click to view a Google Map\" target=\"_blank\" rel=\"noreferrer noopener\">+ Google Map<\/a>\t\t\t\t\t\t\t<\/address>\n\t\t\n\t\t\n\t\t\t\n\t<\/div>\n\t\n<div class=\"tribe-block__venue__map\">\n\t\n<iframe loading=\"lazy\"\n  title=\"Google maps iframe displaying the address to Google for Startups Campus, Centrum Praskie Koneser\"\n  aria-label=\"Venue location map\"\n  width=\"310px\"\n  height=\"256px\"\n  frameborder=\"0\" style=\"border:0\"\n  src=\"https:\/\/www.google.com\/maps\/embed\/v1\/place?key=AIzaSyDNsicAsP6-VuGtAb1O9riI3oc_NOb7IOU&#038;q=Plac+Konesera+10+Warsaw+03-736+Poland+&#038;zoom=15\" allowfullscreen>\n<\/iframe>\n<\/div>\n\n\t<\/div>\n\n\n\t<div  class=\"tribe-block tribe-block__events-link\" >\n\t\t<div class=\"tribe-events tribe-common\">\n\t\t\t<div class=\"tribe-events-c-subscribe-dropdown__container\">\n\t\t\t\t<div class=\"tribe-events-c-subscribe-dropdown\">\n\t\t\t\t\t<div class=\"tribe-common-c-btn-border tribe-events-c-subscribe-dropdown__button\">\n\t\t\t\t\t\t<svg  class=\"tribe-common-c-svgicon tribe-common-c-svgicon--cal-export tribe-events-c-subscribe-dropdown__export-icon\"  xmlns=\"http:\/\/www.w3.org\/2000\/svg\" width=\"24\" height=\"24\" viewbox=\"0 0 24 24\" fill=\"none\">\n    <path\n        d=\"M9 6L12 3M12 3L15 6M12 3V13M7.00023 10C6.06835 10 5.60241 10 5.23486 10.1522C4.74481 10.3552 4.35523 10.7448 4.15224 11.2349C4 11.6024 4 12.0681 4 13V17.8C4 18.9201 4 19.4798 4.21799 19.9076C4.40973 20.2839 4.71547 20.5905 5.0918 20.7822C5.5192 21 6.07899 21 7.19691 21H16.8036C17.9215 21 18.4805 21 18.9079 20.7822C19.2842 20.5905 19.5905 20.2839 19.7822 19.9076C20 19.4802 20 18.921 20 17.8031V13C20 12.0681 19.9999 11.6024 19.8477 11.2349C19.6447 10.7448 19.2554 10.3552 18.7654 10.1522C18.3978 10 17.9319 10 17 10\"\n        stroke=\"#142930\" stroke-width=\"2\" stroke-linecap=\"round\" stroke-linejoin=\"round\"\/>\n<\/svg>\n\t\t\t\t\t\t<button\n\t\t\t\t\t\t\tclass=\"tribe-events-c-subscribe-dropdown__button-text\"\n\t\t\t\t\t\t\taria-expanded=\"false\"\n\t\t\t\t\t\t\taria-controls=\"tribe-events-subscribe-dropdown-content\"\n\t\t\t\t\t\t\taria-label=\"View links to add events to your calendar\"\n\t\t\t\t\t\t>\n\t\t\t\t\t\t\tAdd to calendar\t\t\t\t\t\t<\/button>\n\t\t\t\t\t\t<svg\n\t class=\"tribe-common-c-svgicon tribe-common-c-svgicon--caret-down tribe-events-c-subscribe-dropdown__button-icon\" \taria-hidden=\"true\"\n\tviewbox=\"0 0 10 7\"\n\txmlns=\"http:\/\/www.w3.org\/2000\/svg\"\n>\n\t<path fill-rule=\"evenodd\" clip-rule=\"evenodd\" d=\"M1.008.609L5 4.6 8.992.61l.958.958L5 6.517.05 1.566l.958-.958z\" class=\"tribe-common-c-svgicon__svg-fill\"\/>\n<\/svg>\n\t\t\t\t\t<\/div>\n\t\t\t\t\t<div id=\"tribe-events-subscribe-dropdown-content\" class=\"tribe-events-c-subscribe-dropdown__content\">\n\t\t\t\t\t\t<ul class=\"tribe-events-c-subscribe-dropdown__list\">\n\t\t\t\t\t\t\t\t\t\t\t\t\t\t\t<li class=\"tribe-events-c-subscribe-dropdown__list-item tribe-events-c-subscribe-dropdown__list-item--gcal\">\n\t\t\t\t\t\t\t\t\t<a\n\t\t\t\t\t\t\t\t\t\thref=\"https:\/\/www.google.com\/calendar\/event?action=TEMPLATE&#038;dates=20251204T130000\/20251204T173000&#038;text=Policy%20Lab%3A%20Efficient%2C%20Circular%20and%20Affordable%20Housing&#038;details=%3Cp%3EIn+cities+and+communities+across+the+EU%2C+delivering+affordable+housing+is+an+urgent+social%2C+economic%2C+and+political+imperative.+Meeting+this+demand+requires+solutions+that+are+both+cost-%26nbsp%3Beffective+and+future-proof.%3C%2Fp%3E+%3Cp%3ELeveraging+the+co-benefits+of+circular%2C+energy-efficient%2C+and+climate-resilient+housing+%E2%80%93+such+as%26nbsp%3Blower+energy+and+maintenance+costs%2C+greater+insurability%2C+and+reduced+climate+risks+%E2%80%93+can+make+homes+more+affordable+in+the+long+run+and+open+the+door+to+innovative%2C+collaborative%2C+and%26nbsp%3Bsystemic+solutions.%3C%2Fp%3E+%3Cp%3ETo+this+end%2C+the%3Ca+href%3D%22https%3A%2F%2Fresearch-and-innovation.ec.europa.eu%2Ffunding%2Ffunding-opportunities%2Ffunding-programmes-and-open-calls%2Fhorizon-europe%2Feu-missions-horizon-europe%2Fclimate-neutral-and-smart-cities_en%22%3E+%3C%2Fa%3E%3Ca+href%3D%22https%3A%2F%2Fresearch-and-innovation.ec.europa.eu%2Ffunding%2Ffunding-opportunities%2Ffunding-programmes-and-open-calls%2Fhorizon-europe%2Feu-missions-horizon-europe%2Fclimate-neutral-and-smart-cities_en%22%3EEU+Cities+Missio%3C%2Fa%3E%3C%2Fp%3E+%28View+Full+event+Description+Here%3A+https%3A%2F%2Fclimate-hive.org%2Ffr%2Fevent%2Fpolicy-lab-efficient-circular-and-affordable-housing%2F%29&#038;location=Google%20for%20Startups%20Campus,%20Centrum%20Praskie%20Koneser,%20Plac%20Konesera%2010,%20Warsaw,%2003-736,%20Poland&#038;trp=false&#038;ctz=Europe\/Warsaw&#038;sprop=website:https:\/\/climate-hive.org\/fr\"\n\t\t\t\t\t\t\t\t\t\tclass=\"tribe-events-c-subscribe-dropdown__list-item-link\"\n\t\t\t\t\t\t\t\t\t\ttarget=\"_blank\"\n\t\t\t\t\t\t\t\t\t\trel=\"noopener noreferrer nofollow noindex\"\n\t\t\t\t\t\t\t\t\t>\n\t\t\t\t\t\t\t\t\t\tGoogle Calendar\t\t\t\t\t\t\t\t\t<\/a>\n\t\t\t\t\t\t\t\t<\/li>\n\t\t\t\t\t\t\t\t\t\t\t\t\t\t\t<li class=\"tribe-events-c-subscribe-dropdown__list-item tribe-events-c-subscribe-dropdown__list-item--ical\">\n\t\t\t\t\t\t\t\t\t<a\n\t\t\t\t\t\t\t\t\t\thref=\"\"\n\t\t\t\t\t\t\t\t\t\tclass=\"tribe-events-c-subscribe-dropdown__list-item-link\"\n\t\t\t\t\t\t\t\t\t\ttarget=\"_blank\"\n\t\t\t\t\t\t\t\t\t\trel=\"noopener noreferrer nofollow noindex\"\n\t\t\t\t\t\t\t\t\t>\n\t\t\t\t\t\t\t\t\t\tiCalendar\t\t\t\t\t\t\t\t\t<\/a>\n\t\t\t\t\t\t\t\t<\/li>\n\t\t\t\t\t\t\t\t\t\t\t\t\t\t\t<li class=\"tribe-events-c-subscribe-dropdown__list-item tribe-events-c-subscribe-dropdown__list-item--outlook-365\">\n\t\t\t\t\t\t\t\t\t<a\n\t\t\t\t\t\t\t\t\t\thref=\"\"\n\t\t\t\t\t\t\t\t\t\tclass=\"tribe-events-c-subscribe-dropdown__list-item-link\"\n\t\t\t\t\t\t\t\t\t\ttarget=\"_blank\"\n\t\t\t\t\t\t\t\t\t\trel=\"noopener noreferrer nofollow noindex\"\n\t\t\t\t\t\t\t\t\t>\n\t\t\t\t\t\t\t\t\t\tOutlook 365\t\t\t\t\t\t\t\t\t<\/a>\n\t\t\t\t\t\t\t\t<\/li>\n\t\t\t\t\t\t\t\t\t\t\t\t\t\t\t<li class=\"tribe-events-c-subscribe-dropdown__list-item tribe-events-c-subscribe-dropdown__list-item--outlook-live\">\n\t\t\t\t\t\t\t\t\t<a\n\t\t\t\t\t\t\t\t\t\thref=\"\"\n\t\t\t\t\t\t\t\t\t\tclass=\"tribe-events-c-subscribe-dropdown__list-item-link\"\n\t\t\t\t\t\t\t\t\t\ttarget=\"_blank\"\n\t\t\t\t\t\t\t\t\t\trel=\"noopener noreferrer nofollow noindex\"\n\t\t\t\t\t\t\t\t\t>\n\t\t\t\t\t\t\t\t\t\tOutlook Live\t\t\t\t\t\t\t\t\t<\/a>\n\t\t\t\t\t\t\t\t<\/li>\n\t\t\t\t\t\t\t\t\t\t\t\t\t<\/ul>\n\t\t\t\t\t<\/div>\n\t\t\t\t<\/div>\n\t\t\t<\/div>\n\t\t<\/div>\n\t<\/div>\n\n\n\n<h2 class=\"tribe-block__related-events__title\">Related Events<\/h2>\n\n<ul  class=\"tribe-related-events tribe-clearfix\" >\n\t\t\t<li>\n\t\n<div class=\"tribe-related-events-thumbnail\">\n\t<a href=\"https:\/\/climate-hive.org\/fr\/event\/climathon-organiser-training-2-systems-change\/\" class=\"url\" rel=\"bookmark\" tabindex=\"-1\" aria-hidden=\"true\"><img loading=\"lazy\" decoding=\"async\" width=\"1024\" height=\"683\" src=\"https:\/\/climate-hive.org\/wp-content\/uploads\/2026\/04\/Curitiba_Brazil_2mb-1-1024x683.jpg\" class=\"attachment-large size-large wp-post-image\" alt=\"\" \/><\/a>\n<\/div>\n\t<div class=\"tribe-related-event-info\">\n\t<h3 class=\"tribe-related-events-title\">\n\t\t<a href=\"https:\/\/climate-hive.org\/fr\/event\/climathon-organiser-training-2-systems-change\/\" class=\"tribe-event-url\" rel=\"bookmark\">\n\t\t\tClimathon Organiser des formations #2 : De l'\u00e9v\u00e9nement au changement syst\u00e9mique\t\t<\/a>\n\t<\/h3>\n\t<span class=\"tribe-event-date-start\">May 5 @ 1:00 pm<\/span> - <span class=\"tribe-event-time\">14h30<\/span><\/div>\n<\/li>\n\t\t\t<li>\n\t\n<div class=\"tribe-related-events-thumbnail\">\n\t<a href=\"https:\/\/climate-hive.org\/fr\/event\/insights-green-and-digital-for-small-businesses\/\" class=\"url\" rel=\"bookmark\" tabindex=\"-1\" aria-hidden=\"true\"><img loading=\"lazy\" decoding=\"async\" width=\"1024\" height=\"576\" src=\"https:\/\/climate-hive.org\/wp-content\/uploads\/2026\/04\/getty-images-Sf2MBY7xIkY-unsplash-1024x576.jpg\" class=\"attachment-large size-large wp-post-image\" alt=\"\" \/><\/a>\n<\/div>\n\t<div class=\"tribe-related-event-info\">\n\t<h3 class=\"tribe-related-events-title\">\n\t\t<a href=\"https:\/\/climate-hive.org\/fr\/event\/insights-green-and-digital-for-small-businesses\/\" class=\"tribe-event-url\" rel=\"bookmark\">\n\t\t\tPerspectives : Vert et num\u00e9rique. Ce que cela signifie concr\u00e8tement pour les petites entreprises\u00a0\t\t<\/a>\n\t<\/h3>\n\t<span class=\"tribe-event-date-start\">6 mai \u00e0 14h00<\/span> - <span class=\"tribe-event-time\">15h00<\/span><\/div>\n<\/li>\n\t\t\t<li>\n\t\n<div class=\"tribe-related-events-thumbnail\">\n\t<a href=\"https:\/\/climate-hive.org\/fr\/event\/how-to-evolve-global-book-tour\/\" class=\"url\" rel=\"bookmark\" tabindex=\"-1\" aria-hidden=\"true\"><img loading=\"lazy\" decoding=\"async\" width=\"1024\" height=\"576\" src=\"https:\/\/climate-hive.org\/wp-content\/uploads\/2026\/04\/How_to_Evolve_Copenhagen_2x-2100x1181-1-1024x576.png\" class=\"attachment-large size-large wp-post-image\" alt=\"\" \/><\/a>\n<\/div>\n\t<div class=\"tribe-related-event-info\">\n\t<h3 class=\"tribe-related-events-title\">\n\t\t<a href=\"https:\/\/climate-hive.org\/fr\/event\/how-to-evolve-global-book-tour\/\" class=\"tribe-event-url\" rel=\"bookmark\">\n\t\t\tComment \u00c9voluer \u2013 Tourn\u00e9e mondiale du livre\t\t<\/a>\n\t<\/h3>\n\t<span class=\"tribe-event-date-start\">May 11 @ 9:30 am<\/span> - <span class=\"tribe-event-date-end\">May 12 @ 8:30 pm<\/span><\/div>\n<\/li>\n\t<\/ul>","protected":false},"excerpt":{"rendered":"<p>Dans les villes et les communaut\u00e9s de l'UE, la fourniture de logements abordables est un imp\u00e9ratif social, \u00e9conomique et politique urgent. Pour r\u00e9pondre \u00e0 cette demande, il faut des solutions \u00e0 la fois rentables et p\u00e9rennes. En s'appuyant sur [...]<\/p>","protected":false},"author":3,"featured_media":5514,"comment_status":"open","ping_status":"closed","template":"","meta":{"_acf_changed":false,"_tec_requires_first_save":false,"_bbp_topic_count":0,"_bbp_reply_count":0,"_bbp_total_topic_count":0,"_bbp_total_reply_count":0,"_bbp_voice_count":0,"_bbp_anonymous_reply_count":0,"_bbp_topic_count_hidden":0,"_bbp_reply_count_hidden":0,"_bbp_forum_subforum_count":0,"pmpro_default_level":"","inline_featured_image":false,"_price":"","_stock":"","_tribe_ticket_header":"","_tribe_default_ticket_provider":"TEC\\Tickets\\Commerce\\Module","_ticket_start_date":"","_ticket_end_date":"","_tribe_ticket_show_description":"","_tribe_ticket_show_not_going":false,"_tribe_ticket_use_global_stock":"","_tribe_ticket_global_stock_level":"","_global_stock_mode":"","_global_stock_cap":"","_tribe_rsvp_for_event":"","_tribe_ticket_going_count":"","_tribe_ticket_not_going_count":"","_tribe_tickets_list":"[]","_tribe_ticket_has_attendee_info_fields":false,"_EventAllDay":false,"_EventTimezone":"Europe\/Warsaw","_EventStartDate":"2025-12-04 13:00:00","_EventEndDate":"2025-12-04 17:30:00","_EventStartDateUTC":"2025-12-04 12:00:00","_EventEndDateUTC":"2025-12-04 16:30:00","_EventShowMap":false,"_EventShowMapLink":false,"_EventURL":"https:\/\/forms.office.com\/Pages\/ResponsePage.aspx?id=OYmBKPsKskS2wo6wpXzKZKgV2Rw68UZIka9ONcis7tJUMFFGWktEQjBES1pZSlJLSUdHR0xPMU5YWC4u","_EventCost":"","_EventCostDescription":"","_EventCurrencySymbol":"\u20ac","_EventCurrencyCode":"EUR","_EventCurrencyPosition":"prefix","_EventDateTimeSeparator":"@","_EventTimeRangeSeparator":"-","_EventOrganizerID":[3881],"_EventVenueID":[5512],"_OrganizerEmail":"","_OrganizerPhone":"","_OrganizerWebsite":"","_VenueAddress":"","_VenueCity":"","_VenueCountry":"","_VenueProvince":"","_VenueState":"","_VenueZip":"","_VenuePhone":"","_VenueURL":"","_VenueStateProvince":"","_VenueLat":"","_VenueLng":"","_VenueShowMap":false,"_VenueShowMapLink":false,"_tribe_blocks_recurrence_rules":"","_tribe_blocks_recurrence_description":"","_tribe_blocks_recurrence_exclusions":"","_tribe_events_status":"","_tribe_events_status_reason":"","_tribe_events_is_hybrid":"","_tribe_events_is_virtual":"","_tribe_events_virtual_video_source":"","_tribe_events_virtual_embed_video":"","_tribe_events_virtual_linked_button_text":"","_tribe_events_virtual_linked_button":"","_tribe_events_virtual_show_embed_at":"","_tribe_events_virtual_show_embed_to":[],"_tribe_events_virtual_show_on_event":"","_tribe_events_virtual_show_on_views":"","_tribe_events_virtual_url":"","footnotes":"","_tec_slr_enabled":"","_tec_slr_layout":""},"tribe_events_cat":[10,12,4],"class_list":["post-5511","tribe_events","type-tribe_events","status-publish","has-post-thumbnail","hentry","tribe_events_cat-in-person","tribe_events_cat-organised-by-climate-kic","tribe_events_cat-policy","pmpro-has-access","cat_in-person","cat_organised-by-climate-kic","cat_policy"],"acf":[],"ticketed":false,"_links":{"self":[{"href":"https:\/\/climate-hive.org\/fr\/wp-json\/wp\/v2\/tribe_events\/5511","targetHints":{"allow":["GET"]}}],"collection":[{"href":"https:\/\/climate-hive.org\/fr\/wp-json\/wp\/v2\/tribe_events"}],"about":[{"href":"https:\/\/climate-hive.org\/fr\/wp-json\/wp\/v2\/types\/tribe_events"}],"author":[{"embeddable":true,"href":"https:\/\/climate-hive.org\/fr\/wp-json\/wp\/v2\/users\/3"}],"replies":[{"embeddable":true,"href":"https:\/\/climate-hive.org\/fr\/wp-json\/wp\/v2\/comments?post=5511"}],"version-history":[{"count":3,"href":"https:\/\/climate-hive.org\/fr\/wp-json\/wp\/v2\/tribe_events\/5511\/revisions"}],"predecessor-version":[{"id":5519,"href":"https:\/\/climate-hive.org\/fr\/wp-json\/wp\/v2\/tribe_events\/5511\/revisions\/5519"}],"wp:featuredmedia":[{"embeddable":true,"href":"https:\/\/climate-hive.org\/fr\/wp-json\/wp\/v2\/media\/5514"}],"wp:attachment":[{"href":"https:\/\/climate-hive.org\/fr\/wp-json\/wp\/v2\/media?parent=5511"}],"wp:term":[{"taxonomy":"tribe_events_cat","embeddable":true,"href":"https:\/\/climate-hive.org\/fr\/wp-json\/wp\/v2\/tribe_events_cat?post=5511"}],"curies":[{"name":"wp","href":"https:\/\/api.w.org\/{rel}","templated":true}]}}