{"id":16,"date":"2025-02-04T11:35:16","date_gmt":"2025-02-04T11:35:16","guid":{"rendered":"https:\/\/climate-hive.org\/membership-levels\/"},"modified":"2026-03-10T17:06:32","modified_gmt":"2026-03-10T17:06:32","slug":"membership-levels","status":"publish","type":"page","link":"https:\/\/climate-hive.org\/it\/membership-levels\/","title":{"rendered":"Benvenuti nella Comunit\u00e0"},"content":{"rendered":"<div class=\"wp-block-group headline container\"><div class=\"wp-block-group__inner-container is-layout-constrained wp-block-group-is-layout-constrained\">\n<h2 class=\"wp-block-heading has-text-align-center\">Creare reti, costruire capacit\u00e0, innovare <\/h2>\n\n\n\n<p class=\"has-text-align-center\">In qualit\u00e0 di membri, fate parte di una rete attiva di innovatori, esperti e promotori di cambiamenti impegnati a promuovere un'azione sistemica per il clima. Ecco come potete rimanere impegnati e sfruttare al meglio la vostra adesione.<\/p>\n<\/div><\/div>\n\n\n\n<div class=\"wp-block-group container\"><div class=\"wp-block-group__inner-container is-layout-constrained wp-block-group-is-layout-constrained\">\n<h3 class=\"wp-block-heading\">Per le aziende e le organizzazioni<\/h3>\n\n\n<div class=\"pricing-table\">\n    <div class=\"container flex flex-wrap flex-content-center\">\n                                <div class=\"level level-24\">\n                <div class=\"key-data flex flex-content-space-between\">\n                    <div class=\"name-and-pricing\">\n                        <h4 class=\"level-title\">\n                            Microimpresa                        <\/h4>\n                        <div class=\"level-price\" data-default=\"1,000.00&euro;\">\n                            <strong class=\"main-price\">1,000.00\u20ac<\/strong><span class=\"cycle-period cycle-main\">per Anno<\/span>                        <\/div>\n                    <\/div>\n\n                    <div class=\"plan-badge\">\n                        <img decoding=\"async\" class=\"level-badge level-micro-enterprise\" src=\"https:\/\/climate-hive.org\/wp-content\/themes\/climate-kic\/_dist\/img\/standard.png\" alt=\"Micro Enterprise\" \/>                    <\/div>\n                <\/div>\n                <div class=\"description\">\n                    <span data-teams=\"true\">Perfetto per i professionisti autonomi o per i team con un massimo di 2 dipendenti (meno di <strong>\u20ac 150.000 di fatturato annuo<\/strong>) <\/span>pronti a trasformare le sfide climatiche in crescita aziendale.\r\n\r\n<hr \/>\r\n\r\n<h3>Cosa \u00e8 incluso<\/h3>\r\n<ul>\r\n \t<li>Accesso alla rete a livello europeo e globale<\/li>\r\n \t<li>Opportunit\u00e0 di apprendimento su misura<\/li>\r\n \t<li>Sostegno per la scalabilit\u00e0 delle vostre innovazioni climatiche<\/li>\r\n \t<li>2 licenze utente su Climate Hive<\/li>\r\n<\/ul>                <\/div>\n                <div class=\"select-plan flex\">\n                    \t<a class=\"pmpro_btn pmpro_btn-select\" href=\"https:\/\/climate-hive.org\/it\/membership-checkout\/?level=24\">Iscriviti<\/a>\r\n\t                <\/div>\n            <\/div>\n                                <div class=\"level level-23\">\n                <div class=\"key-data flex flex-content-space-between\">\n                    <div class=\"name-and-pricing\">\n                        <h4 class=\"level-title\">\n                            Piccola impresa                        <\/h4>\n                        <div class=\"level-price\" data-default=\"5,000.00&euro;\">\n                            <strong class=\"main-price\">5,000.00\u20ac<\/strong><span class=\"cycle-period cycle-main\">per Anno<\/span>                        <\/div>\n                    <\/div>\n\n                    <div class=\"plan-badge\">\n                        <img decoding=\"async\" class=\"level-badge level-small-enterprise\" src=\"https:\/\/climate-hive.org\/wp-content\/themes\/climate-kic\/_dist\/img\/standard.png\" alt=\"Small Enterprise\" \/>                    <\/div>\n                <\/div>\n                <div class=\"description\">\n                    Progettato per piccoli team (<strong>da \u20ac 150k a 1M di fatturato annuale<\/strong>) con l'obiettivo di rimanere agili nello sviluppo della loro attivit\u00e0 e di far crescere le loro soluzioni innovative verdi.\r\n\r\n<hr \/>\r\n\r\n<h3>Cosa \u00e8 incluso?<\/h3>\r\n<ul>\r\n \t<li>Accesso ai finanziamenti<\/li>\r\n \t<li>Masterclass guidate da esperti<\/li>\r\n \t<li>Opportunit\u00e0 di sviluppo del business<\/li>\r\n \t<li>5 licenze utente su Climate Hive<\/li>\r\n<\/ul>                <\/div>\n                <div class=\"select-plan flex\">\n                    \t<a class=\"pmpro_btn pmpro_btn-select\" href=\"https:\/\/climate-hive.org\/it\/membership-checkout\/?level=23\">Iscriviti<\/a>\r\n\t                <\/div>\n            <\/div>\n                                <div class=\"level level-22\">\n                <div class=\"key-data flex flex-content-space-between\">\n                    <div class=\"name-and-pricing\">\n                        <h4 class=\"level-title\">\n                            Media impresa                        <\/h4>\n                        <div class=\"level-price\" data-default=\"15,000.00&euro;\">\n                            <strong class=\"main-price\">15,000.00\u20ac<\/strong><span class=\"cycle-period cycle-main\">per Anno<\/span>                        <\/div>\n                    <\/div>\n\n                    <div class=\"plan-badge\">\n                        <img decoding=\"async\" class=\"level-badge level-medium-enterprise\" src=\"https:\/\/climate-hive.org\/wp-content\/themes\/climate-kic\/_dist\/img\/standard.png\" alt=\"Medium Enterprise\" \/>                    <\/div>\n                <\/div>\n                <div class=\"description\">\n                    Iscrizione Premium costruita per le medie imprese (<strong>da 1 a 5 milioni di euro di fatturato annuo<\/strong>) che cercano di scalare i loro prodotti in nuovi mercati e di dare forma alla transizione verde dell'Europa.\r\n\r\n<hr \/>\r\n\r\n<h3>Cosa \u00e8 incluso?<\/h3>\r\n<ul>\r\n \t<li>Accesso premium alle partnership<\/li>\r\n \t<li>Approfondimenti politici e laboratori dell'UE<\/li>\r\n \t<li>Piloti di innovazione<\/li>\r\n \t<li>10 licenze utente su Climate Hive<\/li>\r\n<\/ul>                <\/div>\n                <div class=\"select-plan flex\">\n                    \t<a class=\"pmpro_btn pmpro_btn-select\" href=\"https:\/\/climate-hive.org\/it\/membership-checkout\/?level=22\">Iscriviti<\/a>\r\n\t                <\/div>\n            <\/div>\n            <\/div>\n<\/div>\n\n\n\n\n<p><\/p>\n\n\n\n<h3 class=\"wp-block-heading\">Per gli individui<\/h3>\n\n\n<div class=\"pricing-table\">\n    <div class=\"container flex flex-wrap flex-content-center\">\n                                <div class=\"level level-1\">\n                <div class=\"key-data flex flex-content-space-between\">\n                    <div class=\"name-and-pricing\">\n                        <h4 class=\"level-title\">\n                            Professionisti dell'impatto                        <\/h4>\n                        <div class=\"level-price\" data-default=\"14.90&euro;\">\n                            <strong class=\"main-price\">14.90\u20ac<\/strong>\n    <label for=\"L-1-P-0\" class=\"toggle\">\n        <input type=\"checkbox\" id=\"L-1-P-0\" name=\"L-1-P-0\" value=\"149.90&euro;\"\/>\n        <span class=\"slider\"><\/span>\n    <\/label><span class=\"cycle-period cycle-L-1-P-0\">per Anno<\/span><span class=\"cycle-period cycle-main\">per Mese<\/span>                        <\/div>\n                    <\/div>\n\n                    <div class=\"plan-badge\">\n                        <img decoding=\"async\" class=\"level-badge level-impact-professionals\" src=\"https:\/\/climate-hive.org\/wp-content\/themes\/climate-kic\/_dist\/img\/standard.png\" alt=\"Impact Professionals\" \/>                    <\/div>\n                <\/div>\n                <div class=\"description\">\n                    Per persone impegnate alla ricerca di connessioni significative, partnership e opportunit\u00e0 di apprendimento con altri innovatori del clima\r\n\r\n<hr \/>\r\n\r\n<h3>Cosa \u00e8 incluso?<\/h3>\r\n<ul>\r\n \t<li>A <strong>Prova gratuita di 30 giorni<\/strong><\/li>\r\n \t<li>Elenco dei membri<\/li>\r\n \t<li>Inviti a sessioni di networking virtuali e di persona<\/li>\r\n \t<li>Sessioni di apprendimento e corsi tematici<\/li>\r\n \t<li>Accesso al nostro database di conoscenze<\/li>\r\n \t<li>Licenza del marchio e della metodologia Climathon<\/li>\r\n<\/ul>                <\/div>\n                <div class=\"select-plan flex\">\n                    \t<a class=\"pmpro_btn pmpro_btn-select\" href=\"https:\/\/climate-hive.org\/it\/membership-checkout\/?level=1\">Iscriviti<\/a>\r\n\t                <\/div>\n            <\/div>\n            <\/div>\n<\/div>\n\n\n\n\n<div class=\"wp-block-group colour-banner container has-background\" style=\"background-color:#006fcf\"><div class=\"wp-block-group__inner-container is-layout-constrained wp-block-group-is-layout-constrained\">\n<h2 class=\"wp-block-heading has-text-align-center has-white-color has-text-color has-link-color wp-elements-d761abe7e495958ecf10545e423c9a38\">Avete domande sulla vostra iscrizione?<\/h2>\n\n\n\n<p class=\"has-text-align-center has-white-color has-text-color has-link-color wp-elements-e125ba09ffb74b002d7c06a079fc39d7\">Siamo qui per assicurarci che otteniate il massimo dalla vostra iscrizione. Prenotate una breve chiacchierata con il nostro team e risponderemo a tutte le vostre domande su piani, caratteristiche e vantaggi.<\/p>\n\n\n\n<div class=\"wp-block-buttons is-content-justification-center is-layout-flex wp-container-core-buttons-is-layout-16018d1d wp-block-buttons-is-layout-flex\">\n<div class=\"wp-block-button\"><a class=\"wp-block-button__link has-black-color has-white-background-color has-text-color has-background has-link-color has-text-align-center wp-element-button\" href=\"https:\/\/outlook.office.com\/book\/ClimateKICCommunity@climate-kic.org\/?ismsaljsauthenabled\">PRENOTA UN INCONTRO<\/a><\/div>\n<\/div>\n<\/div><\/div>\n<\/div><\/div>\n\n\n\n<div class=\"wp-block-group accordion-faq grey\"><div class=\"wp-block-group__inner-container is-layout-constrained wp-block-group-is-layout-constrained\">\n<div class=\"wp-block-columns container is-layout-flex wp-container-core-columns-is-layout-9d6595d7 wp-block-columns-is-layout-flex\">\n<div class=\"wp-block-column is-vertically-aligned-top is-layout-flow wp-block-column-is-layout-flow\">\n<h2 class=\"wp-block-heading has-text-align-center\">Domande frequenti:<\/h2>\n<\/div>\n\n\n\n<div class=\"wp-block-column is-layout-flow wp-block-column-is-layout-flow\">\n<div class=\"wp-block-group accordion\"><div class=\"wp-block-group__inner-container is-layout-constrained wp-block-group-is-layout-constrained\">\n<details class=\"wp-block-details is-layout-flow wp-block-details-is-layout-flow\"><summary>A chi si rivolge la Comunit\u00e0 Climate KIC?<\/summary>\n<p>La Climate KIC Community \u00e8 pensata per gli innovatori del clima, le PMI, le organizzazioni pubbliche e private e i singoli professionisti che vogliono collaborare, imparare e scalare le soluzioni climatiche. Ogni livello di adesione \u00e8 adatto a organizzazioni di diverso tipo e dimensione e a singoli professionisti.<\/p>\n<\/details>\n\n\n\n<details class=\"wp-block-details is-layout-flow wp-block-details-is-layout-flow\"><summary>Come si diventa membri?<\/summary>\n<p>\u00c8 possibile aderire come singolo professionista o come organizzazione. Tutti i livelli di adesione e le relative caratteristiche sono elencati sopra. \u00c8 sufficiente selezionare il livello pi\u00f9 adatto alle proprie esigenze e completare l'acquisto. Una volta confermata la vostra adesione, sbloccherete l'accesso completo alla piattaforma e alle funzioni della Community incluse nel livello scelto.<\/p>\n<\/details>\n\n\n\n<details class=\"wp-block-details is-layout-flow wp-block-details-is-layout-flow\"><summary>Quanto costa l'iscrizione?<\/summary>\n<p>Ciascuna iscrizione ha un proprio prezzo, descritto sopra. Le iscrizioni vengono fatturate annualmente, con un'opzione di pagamento mensile disponibile per i membri di Impact Professional.<\/p>\n<\/details>\n\n\n\n<details class=\"wp-block-details is-layout-flow wp-block-details-is-layout-flow\"><summary>Come posso cancellare la mia iscrizione?<\/summary>\n<p>\u00c8 possibile cancellarlo in qualsiasi momento <strong>Impostazioni &gt; La mia iscrizione<\/strong>.<\/p>\n<\/details>\n\n\n\n<details class=\"wp-block-details is-layout-flow wp-block-details-is-layout-flow\"><summary>Qual \u00e8 la differenza tra l'iscrizione individuale e quella all'organizzazione?<\/summary>\n<p>Le iscrizioni individuali (come Impact Professional) sono pensate per singoli professionisti che desiderano accrescere le proprie competenze, la propria rete e il proprio impatto. Le iscrizioni alle organizzazioni (Micro, Piccole e Medie Imprese) sono pensate per i team e le aziende e includono vantaggi quali posti per pi\u00f9 utenti, visibilit\u00e0 nella Community e accesso a opportunit\u00e0 personalizzate.<\/p>\n<\/details>\n\n\n\n<details class=\"wp-block-details is-layout-flow wp-block-details-is-layout-flow\"><summary>Cosa succede dopo l'iscrizione?<\/summary>\n<p>Dopo aver completato l'acquisto, riceverete un'e-mail di conferma e otterrete l'accesso alla piattaforma. Potrete quindi impostare il vostro profilo, esplorare la Community, partecipare agli eventi e iniziare a utilizzare le funzioni incluse nel vostro livello di iscrizione.<\/p>\n<\/details>\n\n\n\n<details class=\"wp-block-details is-layout-flow wp-block-details-is-layout-flow\"><summary>Posso aggiornare o ridurre la mia iscrizione in un secondo momento?<\/summary>\n<p>\u00c8 possibile richiedere una modifica del proprio livello di appartenenza. \u00c8 possibile gestire le modifiche tramite <strong>Impostazioni &gt; La mia iscrizione<\/strong>.<\/p>\n<\/details>\n\n\n\n<details class=\"wp-block-details is-layout-flow wp-block-details-is-layout-flow\"><summary>Ho bisogno di supporto, chi devo contattare?<\/summary>\n<p>Per qualsiasi richiesta, contattateci a community@climate-kic.org<\/p>\n<\/details>\n<\/div><\/div>\n<\/div>\n<\/div>\n<\/div><\/div>\n\n\n\n<p><\/p>","protected":false},"excerpt":{"rendered":"<p>Rete, Sviluppo di Capacit\u00e0, Innovazione Come membro, entri a far parte di una rete attiva di innovatori, esperti e operatori di cambiamento impegnati a promuovere azioni climatiche sistemiche. Ecco come puoi rimanere coinvolto [\u2026]<\/p>","protected":false},"author":1,"featured_media":3990,"parent":0,"menu_order":0,"comment_status":"closed","ping_status":"closed","template":"page-general.php","meta":{"_acf_changed":false,"_tec_requires_first_save":true,"_bbp_topic_count":0,"_bbp_reply_count":0,"_bbp_total_topic_count":0,"_bbp_total_reply_count":0,"_bbp_voice_count":0,"_bbp_anonymous_reply_count":0,"_bbp_topic_count_hidden":0,"_bbp_reply_count_hidden":0,"_bbp_forum_subforum_count":0,"pmpro_default_level":"","inline_featured_image":false,"_price":"","_stock":"","_tribe_ticket_header":"","_tribe_default_ticket_provider":"","_ticket_start_date":"","_ticket_end_date":"","_tribe_ticket_show_description":"","_tribe_ticket_show_not_going":false,"_tribe_ticket_use_global_stock":"","_tribe_ticket_global_stock_level":"","_global_stock_mode":"","_global_stock_cap":"","_tribe_rsvp_for_event":"","_tribe_ticket_going_count":"","_tribe_ticket_not_going_count":"","_tribe_tickets_list":"[]","_tribe_ticket_has_attendee_info_fields":false,"_EventAllDay":false,"_EventTimezone":"","_EventStartDate":"","_EventEndDate":"","_EventStartDateUTC":"","_EventEndDateUTC":"","_EventShowMap":false,"_EventShowMapLink":false,"_EventURL":"","_EventCost":"","_EventCostDescription":"","_EventCurrencySymbol":"","_EventCurrencyCode":"","_EventCurrencyPosition":"","_EventDateTimeSeparator":"","_EventTimeRangeSeparator":"","_EventOrganizerID":[],"_EventVenueID":[],"_OrganizerEmail":"","_OrganizerPhone":"","_OrganizerWebsite":"","_VenueAddress":"","_VenueCity":"","_VenueCountry":"","_VenueProvince":"","_VenueState":"","_VenueZip":"","_VenuePhone":"","_VenueURL":"","_VenueStateProvince":"","_VenueLat":"","_VenueLng":"","_VenueShowMap":false,"_VenueShowMapLink":false,"_tribe_blocks_recurrence_rules":"","_tribe_blocks_recurrence_description":"","_tribe_blocks_recurrence_exclusions":"","footnotes":""},"page_tag":[50],"class_list":["post-16","page","type-page","status-publish","has-post-thumbnail","hentry","page_tag-join-now","pmpro-has-access"],"acf":[],"_links":{"self":[{"href":"https:\/\/climate-hive.org\/it\/wp-json\/wp\/v2\/pages\/16","targetHints":{"allow":["GET"]}}],"collection":[{"href":"https:\/\/climate-hive.org\/it\/wp-json\/wp\/v2\/pages"}],"about":[{"href":"https:\/\/climate-hive.org\/it\/wp-json\/wp\/v2\/types\/page"}],"author":[{"embeddable":true,"href":"https:\/\/climate-hive.org\/it\/wp-json\/wp\/v2\/users\/1"}],"replies":[{"embeddable":true,"href":"https:\/\/climate-hive.org\/it\/wp-json\/wp\/v2\/comments?post=16"}],"version-history":[{"count":30,"href":"https:\/\/climate-hive.org\/it\/wp-json\/wp\/v2\/pages\/16\/revisions"}],"predecessor-version":[{"id":7248,"href":"https:\/\/climate-hive.org\/it\/wp-json\/wp\/v2\/pages\/16\/revisions\/7248"}],"wp:featuredmedia":[{"embeddable":true,"href":"https:\/\/climate-hive.org\/it\/wp-json\/wp\/v2\/media\/3990"}],"wp:attachment":[{"href":"https:\/\/climate-hive.org\/it\/wp-json\/wp\/v2\/media?parent=16"}],"wp:term":[{"taxonomy":"page_tag","embeddable":true,"href":"https:\/\/climate-hive.org\/it\/wp-json\/wp\/v2\/page_tag?post=16"}],"curies":[{"name":"wp","href":"https:\/\/api.w.org\/{rel}","templated":true}]}}