{"id":4752,"date":"2025-10-23T10:16:53","date_gmt":"2025-10-23T09:16:53","guid":{"rendered":"https:\/\/climate-hive.org\/?post_type=tribe_events&#038;p=4752"},"modified":"2025-12-01T17:02:06","modified_gmt":"2025-12-01T17:02:06","slug":"deep-dive-unlocking-green-public-private-partnerships-a-case-by-case-exploration","status":"publish","type":"tribe_events","link":"https:\/\/climate-hive.org\/it\/event\/deep-dive-unlocking-green-public-private-partnerships-a-case-by-case-exploration\/","title":{"rendered":"Approfondimento: Sbloccare i partenariati verdi pubblico-privato. Un'esplorazione caso per caso\u00a0"},"content":{"rendered":"<div class=\"tribe-events-virtual-single-marker\">\n\t<span class=\"tribe-events-virtual-single-marker__icon\" >\n\t\t<svg\n\t class=\"tribe-common-c-svgicon tribe-common-c-svgicon--virtual tribe-events-virtual-single-marker__icon-svg\" \taria-hidden=\"true\"\n\tviewbox=\"0 0 26 16\"\n\txmlns=\"http:\/\/www.w3.org\/2000\/svg\"\n>\n\t<g fill-rule=\"evenodd\" stroke-linecap=\"round\" stroke-linejoin=\"round\" stroke-width=\"2\" transform=\"translate(1 1)\">\n\t\t<path d=\"M18 10.7333333c2.16-2.09999997 2.16-5.44444441 0-7.46666663M21.12 13.7666667c3.84-3.7333334 3.84-9.80000003 0-13.53333337M6 10.7333333C3.84 8.63333333 3.84 5.28888889 6 3.26666667M2.88 13.7666667C-.96 10.0333333-.96 3.96666667 2.88.23333333\" class=\"tribe-common-c-svgicon__svg-stroke\"\/><ellipse cx=\"12\" cy=\"7\" rx=\"2.4\" ry=\"2.33333333\" class=\"tribe-common-c-svgicon__svg-stroke\"\/>\n\t<\/g>\n<\/svg>\n\t<\/span>\n\tEvento virtuale<\/div>\n<div  class=\"tribe-events-schedule tribe-clearfix\" >\n\t<p class=\"tribe-events-schedule__datetime\">\n\t\t<span class=\"tribe-events-schedule__date tribe-events-schedule__date--start\">\n\t\t\t2 dicembre 2025\t\t<\/span>\n\n\t\t\t\t\t<span class=\"tribe-events-schedule__separator tribe-events-schedule__separator--date\">\n\t\t\t\t@\t\t\t<\/span>\n\t\t\t<span class=\"tribe-events-schedule__time tribe-events-schedule__time--start\">\n\t\t\t\t16:00\t\t\t<\/span>\n\t\t\n\t\t\t\t\t\t\t\t\t<span class=\"tribe-events-schedule__separator tribe-events-schedule__separator--time\">\n\t\t\t\t\t-\t\t\t\t<\/span>\n\t\t\t\n\t\t\t\t\t\t\t<span class=\"tribe-events-schedule__time tribe-events-schedule__time--end\">\n\t\t\t\t\t17:30\t\t\t\t<\/span>\n\t\t\t\n\t\t\t\t\t\t<\/p>\n<\/div>\n\n\n\n<h5 class=\"wp-block-heading\">Unitevi a noi per l'ultimo Deep Dive di quest'anno sui partenariati verdi pubblico-privato. Esploreremo come le imprese possono collaborare con il settore pubblico, evidenziando esperienze, insegnamenti e raccomandazioni per andare avanti.<\/h5>\n\n\n\n<p>\u00c8 chiaro che n\u00e9 il settore pubblico n\u00e9 quello privato da soli possono risolvere la crisi climatica; devono lavorare insieme. A questo scopo, <strong>non c'\u00e8 modo di evitare i Partenariati Pubblico-Privato (PPP) <\/strong>se vogliamo raggiungere i nostri obiettivi climatici e quelli europei per il 2030.<\/p>\n\n\n\n<p>Come discusso con i nostri membri durante l'ultima <a href=\"https:\/\/climate-hive.org\/it\/knowledge-base\/colab-outputs\/2025-2\/advacing-green-public-private-partnerships\/\">CoLab a Varsavia<\/a>, <strong>trasformazione verde e digitale<\/strong> \u00e8 un'area di sviluppo e di opportunit\u00e0 commerciali nell'ambito del PPP, non solo a livello nazionale ma anche a livello regionale e cittadino.&nbsp;<strong>Una chiara raccomandazione per le aziende<\/strong> che vogliono implementare queste partnership \u00e8 quello di essere agili e in grado di adattarsi all'evoluzione delle priorit\u00e0 del settore pubblico, proprio come qualsiasi altro consumatore.<\/p>\n\n\n\n<p>Come potete allineare le vostre priorit\u00e0 aziendali con quelle del settore pubblico per elevare i vostri prodotti e servizi? Come costruire partenariati pubblico-privati scalabili ed efficaci con le parti interessate del settore pubblico?<\/p>\n\n\n\n<p>Unitevi a noi marted\u00ec 2 dicembre per il nostro ultimo Deep Dive dell'anno, in cui ascolterete un gruppo di stakeholder pubblici e privati per <strong>approfondire la comprensione e le modalit\u00e0 di valorizzazione dei Partenariati Pubblico-Privato<\/strong>.<\/p>\n\n\n\n<p>Questo approfondimento si basa sull'eredit\u00e0 e sulle intuizioni del convegno <a href=\"https:\/\/climate-hive.org\/it\/knowledge-base\/colab-outputs\/2025-2\/advacing-green-public-private-partnerships\/\">CoLab comunitario a Varsavia<\/a>, dove abbiamo riunito vari stakeholder del settore pubblico e privato polacco per discutere di PPP, di raccomandazioni e di prossime azioni. &nbsp;<\/p>\n\n\n\n<h4 class=\"wp-block-heading\"><strong>Cosa imparerete<\/strong><\/h4>\n\n\n\n<p>Attraverso <strong>dialoghi guidati, scambi peer-to-peer, studi di casi reali<\/strong> e altro ancora, lo farete:&nbsp;&nbsp;<\/p>\n\n\n\n<ul class=\"wp-block-list\">\n<li>Imparare dalle imprese e dagli attori pubblici che lavorano con il PPP.&nbsp;<\/li>\n\n\n\n<li>Scoprite come lavorare con PPP e perch\u00e9 \u00e8 importante per voi.&nbsp;<\/li>\n\n\n\n<li>Creare una rete di contatti con altri soggetti interessati al PPP come voi.&nbsp;&nbsp;&nbsp;<\/li>\n<\/ul>\n\n\n\n<p>Non si tratta di un semplice evento di apprendimento. Aspettatevi metodi ed esercizi pratici per fornire approfondimenti sulla vostra organizzazione.&nbsp;&nbsp;<\/p>\n\n\n\n<p><\/p>\n\n\n\n<h4 class=\"wp-block-heading\">Altoparlanti<\/h4>\n\n\n\n<div style=\"height:10px\" aria-hidden=\"true\" class=\"wp-block-spacer\"><\/div>\n\n\n\n<ul class=\"wp-block-list\">\n<li><strong>Dimitri Ionesco<\/strong>, fondatore di <a href=\"https:\/\/www.light-mirror.eu\/\">Specchio luminoso<\/a><br><em>LightMirror sviluppa pannelli riflettenti che portano la luce del sole negli ospedali e nelle case di cura, riducendo la necessit\u00e0 di illuminazione artificiale e di riscaldamento. Installando questi pannelli riflettenti ai bordi dei tetti, la luce naturale pu\u00f2 essere reindirizzata in altri edifici, diventando un bene controllabile che riduce i costi e migliora il benessere generale di pazienti e residenti.<br><\/em><\/li>\n\n\n\n<li><strong>Paula McGinnel<\/strong>, Specialista investimenti e industria, Climate KIC<br><em>Paula \u00e8 Investment &amp; Industry Specialist presso Climate-KIC, dove gestisce principalmente l'iniziativa City-Industry Dialogue, sostenendo le citt\u00e0 dell'UE a collaborare con l'industria e la finanza per la decarbonizzazione su larga scala. Ha maturato diversi anni di esperienza nel campo della finanza d'impatto attraverso l'investment banking, lo sviluppo di startup e organizzazioni mission-driven, con un'attenzione costante ai risultati climatici e sociali. Con sede a Bristol, Paula \u00e8 anche attivamente impegnata nell'ecosistema locale, svolgendo attivit\u00e0 di volontariato presso organizzazioni comunitarie e programmi di mentoring a sostegno di fondatori in fase iniziale e di imprese orientate allo scopo.<\/em><br><\/li>\n\n\n\n<li><strong>Przemek Derwich<\/strong>, Responsabile del partenariato strategico, Climate KIC<br><em>Przemek \u00e8 responsabile delle partnership strategiche presso la Climate KIC, specializzata in strumenti finanziari e finanziamenti misti per mobilitare capitali pubblici e privati per gli investimenti climatici urbani. Sostiene le citt\u00e0 nelle transizioni alle energie rinnovabili e negli approcci sistemici allo sviluppo urbano sostenibile. Con una vasta esperienza nei meccanismi di finanziamento europei e internazionali, capisce come la finanza guidi il cambiamento trasformativo. Il suo lavoro collega politica, finanza e innovazione per realizzare strategie di investimento d'impatto e allineate al clima in tutta Europa.<\/em><br><\/li>\n\n\n\n<li><strong>Justyna Wieczorkiewicz-Molendo<\/strong>, consulente per le citt\u00e0 neutrali dal punto di vista climatico, Climate KIC<br><em>Justyna \u00e8 consulente per le citt\u00e0 climaticamente neutrali del progetto NetZeroCities di ClimateKIC, che supporta le citt\u00e0 europee nel loro percorso di neutralit\u00e0 climatica. In passato \u00e8 stata consulente dell'Associazione delle citt\u00e0 polacche, supportando le citt\u00e0 polacche e i partenariati di governo locale nella pianificazione della loro trasformazione in luoghi sostenibili, amichevoli e resilienti. Ha esperienza nel lavoro metodologico sulla preparazione di strategie territoriali in un approccio integrato.<\/em><\/li>\n<\/ul>\n\n\n\n<p><\/p>\n\n\n\n<h4 class=\"wp-block-heading\"><strong>Ordine del giorno<\/strong><\/h4>\n\n\n\n<div style=\"height:10px\" aria-hidden=\"true\" class=\"wp-block-spacer\"><\/div>\n\n\n\n<p>16:00 - 16:10 Benvenuto e Introduzione<\/p>\n\n\n\n<p>16:10 - 16:15 Esercizio interattivo<\/p>\n\n\n\n<p>16:15 - 16:55 Partenariati pubblico-privati caso per caso:<\/p>\n\n\n\n<ul class=\"wp-block-list\">\n<li>Il PPP come quadro di riferimento per la collaborazione intersettoriale<\/li>\n\n\n\n<li>Esigenze, intuizioni e barriere del PPP a livello cittadino<\/li>\n\n\n\n<li>Esempio di caso: PPP ospedaliero in Polonia - L'innovazione incontra l'approvvigionamento<\/li>\n\n\n\n<li>Dialogo tra citt\u00e0 e industria e prospettive di investimento<\/li>\n<\/ul>\n\n\n\n<p>16:55 - 17:10 Dialogo collettivo<\/p>\n\n\n\n<p>17:10 - 17:20 Discussione di gruppo<\/p>\n\n\n\n<p>17:20 - 17:30 Raccolta e chiusura<\/p>\n\n\n<div  class=\"tribe-block tribe-block--virtual-event\" >\n    <\/div>\n\n\n\n\n\n<h2 class=\"wp-block-heading\">Informazioni sulle immersioni comunitarie<\/h2>\n\n\n\n<p>Le Community Deep Dives sono sessioni di apprendimento progettate da Climate KIC per i membri della sua Community in cui, insieme a esperti del settore e leader esperti, esploriamo le tendenze pi\u00f9 rilevanti e trasformative dell'innovazione climatica.&nbsp;<\/p>\n\n\n\n<p>Attraverso un mix di scambi tra pari, casi di studio reali ed esercizi di lavoro in gruppo, le sessioni sono pensate per dotare i partecipanti di conoscenze pratiche e di un'esperienza pratica che possa essere implementata nel loro contesto lavorativo.<\/p>\n\n\n\n<p>Scoprite le immersioni profonde di quest'anno:<\/p>\n\n\n\n<ul class=\"wp-block-list\">\n<li><a href=\"https:\/\/climate-hive.org\/it\/knowledge-base\/deep-dives\/2025-2\/beyond-esg-building-agile-resilient-organisations-for-the-next-industrial-era\/\"><strong>Nuovi quadri di riferimento per andare oltre la rendicontazione ESG<\/strong><\/a><\/li>\n\n\n\n<li><a href=\"https:\/\/climate-hive.org\/it\/knowledge-base\/deep-dives\/2025-2\/no-way-around-dei-how-to-build-a-green-and-just-future-for-all\/\"><strong>Innovazione climatica inclusiva<\/strong><\/a><\/li>\n<\/ul>\n\n\n<div  class=\"tribe-block tribe-block__organizer__details tribe-clearfix\" >\n    <h4>Dettagli dell'organizzatore<\/h4>\n\t<div class=\"tribe-block__organizer__title\">\n\t\t<h3><a href=\"https:\/\/climate-hive.org\/it\/organizzatore\/climate-kic-community\/\" title=\"Climate KIC Community\" target=\"_self\" rel=\"\">Climate KIC Community<\/a><\/h3>\n\t<\/div>\n\t\t\t\t<p class=\"tribe-block__organizer__website\"><a href=\"https:\/\/climate-hive.org\/it\/\" target=\"_self\" rel=\"external\">Visualizza il sito dell'Organizzatore<\/a><\/p>\n\t\t\t\t<p class=\"tribe-block__organizer__email\">community@climate-kic.org<\/p>\n\t<\/div>\n\n\n\t<div  class=\"tribe-block tribe-block__events-link\" >\n\t\t<div class=\"tribe-events tribe-common\">\n\t\t\t<div class=\"tribe-events-c-subscribe-dropdown__container\">\n\t\t\t\t<div class=\"tribe-events-c-subscribe-dropdown\">\n\t\t\t\t\t<div class=\"tribe-common-c-btn-border tribe-events-c-subscribe-dropdown__button\">\n\t\t\t\t\t\t<svg  class=\"tribe-common-c-svgicon tribe-common-c-svgicon--cal-export tribe-events-c-subscribe-dropdown__export-icon\"  xmlns=\"http:\/\/www.w3.org\/2000\/svg\" width=\"24\" height=\"24\" viewbox=\"0 0 24 24\" fill=\"none\">\n    <path\n        d=\"M9 6L12 3M12 3L15 6M12 3V13M7.00023 10C6.06835 10 5.60241 10 5.23486 10.1522C4.74481 10.3552 4.35523 10.7448 4.15224 11.2349C4 11.6024 4 12.0681 4 13V17.8C4 18.9201 4 19.4798 4.21799 19.9076C4.40973 20.2839 4.71547 20.5905 5.0918 20.7822C5.5192 21 6.07899 21 7.19691 21H16.8036C17.9215 21 18.4805 21 18.9079 20.7822C19.2842 20.5905 19.5905 20.2839 19.7822 19.9076C20 19.4802 20 18.921 20 17.8031V13C20 12.0681 19.9999 11.6024 19.8477 11.2349C19.6447 10.7448 19.2554 10.3552 18.7654 10.1522C18.3978 10 17.9319 10 17 10\"\n        stroke=\"#142930\" stroke-width=\"2\" stroke-linecap=\"round\" stroke-linejoin=\"round\"\/>\n<\/svg>\n\t\t\t\t\t\t<button\n\t\t\t\t\t\t\tclass=\"tribe-events-c-subscribe-dropdown__button-text\"\n\t\t\t\t\t\t\taria-expanded=\"false\"\n\t\t\t\t\t\t\taria-controls=\"tribe-events-subscribe-dropdown-content\"\n\t\t\t\t\t\t\taria-label=\"Visualizza i link per aggiungere eventi al tuo calendario\"\n\t\t\t\t\t\t>\n\t\t\t\t\t\t\tSalva nel tuo calendario\t\t\t\t\t\t<\/button>\n\t\t\t\t\t\t<svg\n\t class=\"tribe-common-c-svgicon tribe-common-c-svgicon--caret-down tribe-events-c-subscribe-dropdown__button-icon\" \taria-hidden=\"true\"\n\tviewbox=\"0 0 10 7\"\n\txmlns=\"http:\/\/www.w3.org\/2000\/svg\"\n>\n\t<path fill-rule=\"evenodd\" clip-rule=\"evenodd\" d=\"M1.008.609L5 4.6 8.992.61l.958.958L5 6.517.05 1.566l.958-.958z\" class=\"tribe-common-c-svgicon__svg-fill\"\/>\n<\/svg>\n\t\t\t\t\t<\/div>\n\t\t\t\t\t<div id=\"tribe-events-subscribe-dropdown-content\" class=\"tribe-events-c-subscribe-dropdown__content\">\n\t\t\t\t\t\t<ul class=\"tribe-events-c-subscribe-dropdown__list\">\n\t\t\t\t\t\t\t\t\t\t\t\t\t\t\t<li class=\"tribe-events-c-subscribe-dropdown__list-item tribe-events-c-subscribe-dropdown__list-item--gcal\">\n\t\t\t\t\t\t\t\t\t<a\n\t\t\t\t\t\t\t\t\t\thref=\"https:\/\/www.google.com\/calendar\/event?action=TEMPLATE&#038;dates=20251202T160000\/20251202T173000&#038;text=Deep%20Dive%3A%20Unlocking%20green%20public-private%20partnerships.%20A%20case%20by%20case%20exploration%C2%A0&#038;details=%3Ch5+class%3D%22wp-block-heading%22%3EJoin+us+for+this+year%E2%80%99s+last+Deep+Dive+on+green+Public-Private+Partnerships.%26nbsp%3BWe+will+explore+how+businesses+can+work+with+the+public+sector%2C+highlighting+experiences%2C+learnings%2C+and+recommendations+to+go+forward.%3C%2Fh5%3E%3Cp%3EIt+is+clear+that+neither+public+nor+private+sector+alone+can+solve+the+climate+crisis%3B+they+must+work+together.+For+this+purpose%2C+%3Cstrong%3Ethere+is+no+way+around+Public-Private+Partnerships+%28PPP%29+%3C%2Fstrong%3Eif+we+aim+to+meet+our+and+Europe%E2%80%99s+2030+climate+targets.%3C%2Fp%3E+%3Cp%3EAs+discussed+with+our+members+during+the+last+%3Ca+href%3D%22https%3A%2F%2Fclimate-hive.org%2Fknowledge-base%2Fcolab-outputs%2F2025-2%2Fadvacing-green-public-private-partnerships%2F%22%3ECoLab+in+Warsaw%3C%2Fa%3E%2C+%3Cstrong%3Egreen+and+digital+transformation%3C%2Fstrong%3E+is+an+area+for+development+and+business+opportunities+within+the+PPP+framework%2C+not+only+on+a+national+level+but+also+on+regional+and+city+level.%26nbsp%3B%3Cstrong%3EA+clear+recommendation+for+businesses%3C%2Fstrong%3E+that+want+to+implemen%3C%2Fp%3E+%28View+Full+evento+Description+Here%3A+https%3A%2F%2Fclimate-hive.org%2Fit%2Fevent%2Fdeep-dive-unlocking-green-public-private-partnerships-a-case-by-case-exploration%2F%29&#038;location=https:\/\/climate-hive.org\/it\/event\/deep-dive-unlocking-green-public-private-partnerships-a-case-by-case-exploration\/&#038;trp=false&#038;ctz=Europe\/Berlin&#038;sprop=website:https:\/\/climate-hive.org\/it\"\n\t\t\t\t\t\t\t\t\t\tclass=\"tribe-events-c-subscribe-dropdown__list-item-link\"\n\t\t\t\t\t\t\t\t\t\ttarget=\"_blank\"\n\t\t\t\t\t\t\t\t\t\trel=\"noopener noreferrer nofollow noindex\"\n\t\t\t\t\t\t\t\t\t>\n\t\t\t\t\t\t\t\t\t\tCalendario di Google\t\t\t\t\t\t\t\t\t<\/a>\n\t\t\t\t\t\t\t\t<\/li>\n\t\t\t\t\t\t\t\t\t\t\t\t\t\t\t<li class=\"tribe-events-c-subscribe-dropdown__list-item tribe-events-c-subscribe-dropdown__list-item--ical\">\n\t\t\t\t\t\t\t\t\t<a\n\t\t\t\t\t\t\t\t\t\thref=\"\"\n\t\t\t\t\t\t\t\t\t\tclass=\"tribe-events-c-subscribe-dropdown__list-item-link\"\n\t\t\t\t\t\t\t\t\t\ttarget=\"_blank\"\n\t\t\t\t\t\t\t\t\t\trel=\"noopener noreferrer nofollow noindex\"\n\t\t\t\t\t\t\t\t\t>\n\t\t\t\t\t\t\t\t\t\tiCalendario\t\t\t\t\t\t\t\t\t<\/a>\n\t\t\t\t\t\t\t\t<\/li>\n\t\t\t\t\t\t\t\t\t\t\t\t\t\t\t<li class=\"tribe-events-c-subscribe-dropdown__list-item tribe-events-c-subscribe-dropdown__list-item--outlook-365\">\n\t\t\t\t\t\t\t\t\t<a\n\t\t\t\t\t\t\t\t\t\thref=\"\"\n\t\t\t\t\t\t\t\t\t\tclass=\"tribe-events-c-subscribe-dropdown__list-item-link\"\n\t\t\t\t\t\t\t\t\t\ttarget=\"_blank\"\n\t\t\t\t\t\t\t\t\t\trel=\"noopener noreferrer nofollow noindex\"\n\t\t\t\t\t\t\t\t\t>\n\t\t\t\t\t\t\t\t\t\tOutlook 365\t\t\t\t\t\t\t\t\t<\/a>\n\t\t\t\t\t\t\t\t<\/li>\n\t\t\t\t\t\t\t\t\t\t\t\t\t\t\t<li class=\"tribe-events-c-subscribe-dropdown__list-item tribe-events-c-subscribe-dropdown__list-item--outlook-live\">\n\t\t\t\t\t\t\t\t\t<a\n\t\t\t\t\t\t\t\t\t\thref=\"\"\n\t\t\t\t\t\t\t\t\t\tclass=\"tribe-events-c-subscribe-dropdown__list-item-link\"\n\t\t\t\t\t\t\t\t\t\ttarget=\"_blank\"\n\t\t\t\t\t\t\t\t\t\trel=\"noopener noreferrer nofollow noindex\"\n\t\t\t\t\t\t\t\t\t>\n\t\t\t\t\t\t\t\t\t\tOutlook Live\t\t\t\t\t\t\t\t\t<\/a>\n\t\t\t\t\t\t\t\t<\/li>\n\t\t\t\t\t\t\t\t\t\t\t\t\t<\/ul>\n\t\t\t\t\t<\/div>\n\t\t\t\t<\/div>\n\t\t\t<\/div>\n\t\t<\/div>\n\t<\/div>\n\n\n\n<h2 class=\"tribe-block__related-events__title\">Eventi correlati<\/h2>\n\n<ul  class=\"tribe-related-events tribe-clearfix\" >\n\t\t\t<li>\n\t\n<div class=\"tribe-related-events-thumbnail\">\n\t<a href=\"https:\/\/climate-hive.org\/it\/event\/climathon-organiser-training-2-systems-change\/\" class=\"url\" rel=\"bookmark\" tabindex=\"-1\" aria-hidden=\"true\"><img loading=\"lazy\" decoding=\"async\" width=\"1024\" height=\"683\" src=\"https:\/\/climate-hive.org\/wp-content\/uploads\/2026\/04\/Curitiba_Brazil_2mb-1-1024x683.jpg\" class=\"attachment-large size-large wp-post-image\" alt=\"\" \/><\/a>\n<\/div>\n\t<div class=\"tribe-related-event-info\">\n\t<h3 class=\"tribe-related-events-title\">\n\t\t<a href=\"https:\/\/climate-hive.org\/it\/event\/climathon-organiser-training-2-systems-change\/\" class=\"tribe-event-url\" rel=\"bookmark\">\n\t\t\tClimathon Formazione organizzativa #2: Dall'evento al cambiamento sistemico\t\t<\/a>\n\t<\/h3>\n\t<span class=\"tribe-event-date-start\">5 maggio alle 13:00<\/span> - <span class=\"tribe-event-time\">14:30<\/span><\/div>\n<\/li>\n\t\t\t<li>\n\t\n<div class=\"tribe-related-events-thumbnail\">\n\t<a href=\"https:\/\/climate-hive.org\/it\/event\/insights-green-and-digital-for-small-businesses\/\" class=\"url\" rel=\"bookmark\" tabindex=\"-1\" aria-hidden=\"true\"><img loading=\"lazy\" decoding=\"async\" width=\"1024\" height=\"576\" src=\"https:\/\/climate-hive.org\/wp-content\/uploads\/2026\/04\/getty-images-Sf2MBY7xIkY-unsplash-1024x576.jpg\" class=\"attachment-large size-large wp-post-image\" alt=\"\" \/><\/a>\n<\/div>\n\t<div class=\"tribe-related-event-info\">\n\t<h3 class=\"tribe-related-events-title\">\n\t\t<a href=\"https:\/\/climate-hive.org\/it\/event\/insights-green-and-digital-for-small-businesses\/\" class=\"tribe-event-url\" rel=\"bookmark\">\n\t\t\tApprofondimenti: Verde e digitale. Cosa significa in pratica per le piccole imprese\u00a0\t\t<\/a>\n\t<\/h3>\n\t<span class=\"tribe-event-date-start\">6 maggio alle 14:00<\/span> - <span class=\"tribe-event-time\">15:00<\/span><\/div>\n<\/li>\n\t\t\t<li>\n\t\n<div class=\"tribe-related-events-thumbnail\">\n\t<a href=\"https:\/\/climate-hive.org\/it\/event\/how-to-evolve-global-book-tour\/\" class=\"url\" rel=\"bookmark\" tabindex=\"-1\" aria-hidden=\"true\"><img loading=\"lazy\" decoding=\"async\" width=\"1024\" height=\"576\" src=\"https:\/\/climate-hive.org\/wp-content\/uploads\/2026\/04\/How_to_Evolve_Copenhagen_2x-2100x1181-1-1024x576.png\" class=\"attachment-large size-large wp-post-image\" alt=\"\" \/><\/a>\n<\/div>\n\t<div class=\"tribe-related-event-info\">\n\t<h3 class=\"tribe-related-events-title\">\n\t\t<a href=\"https:\/\/climate-hive.org\/it\/event\/how-to-evolve-global-book-tour\/\" class=\"tribe-event-url\" rel=\"bookmark\">\n\t\t\tCome evolvere \u2013 Tour mondiale del libro\t\t<\/a>\n\t<\/h3>\n\t<span class=\"tribe-event-date-start\">11 maggio alle 9:30<\/span> - <span class=\"tribe-event-date-end\">12 maggio @ 20:30<\/span><\/div>\n<\/li>\n\t<\/ul>","protected":false},"excerpt":{"rendered":"<p>Unitevi a noi per l'ultimo Deep Dive di quest'anno sui partenariati verdi pubblico-privato. Esploreremo come le imprese possono lavorare con il settore pubblico, evidenziando esperienze, insegnamenti e raccomandazioni per andare avanti. [...]<\/p>","protected":false},"author":3,"featured_media":4604,"comment_status":"open","ping_status":"closed","template":"","meta":{"_acf_changed":false,"_tec_requires_first_save":false,"_bbp_topic_count":0,"_bbp_reply_count":0,"_bbp_total_topic_count":0,"_bbp_total_reply_count":0,"_bbp_voice_count":0,"_bbp_anonymous_reply_count":0,"_bbp_topic_count_hidden":0,"_bbp_reply_count_hidden":0,"_bbp_forum_subforum_count":0,"pmpro_default_level":"","inline_featured_image":false,"_price":"","_stock":"","_tribe_ticket_header":"","_tribe_default_ticket_provider":"TEC\\Tickets\\Commerce\\Module","_ticket_start_date":"","_ticket_end_date":"","_tribe_ticket_show_description":"","_tribe_ticket_show_not_going":false,"_tribe_ticket_use_global_stock":"1","_tribe_ticket_global_stock_level":"1000","_global_stock_mode":"","_global_stock_cap":"","_tribe_rsvp_for_event":"","_tribe_ticket_going_count":"","_tribe_ticket_not_going_count":"","_tribe_tickets_list":"[{\"id\":4753,\"type\":\"default\",\"title\":\"Deep Dive &#039;Unlocking green public-private partnerships&#039; registration\",\"description\":\"\",\"capacityType\":\"unlimited\",\"price\":\"0\",\"capacity\":\"\",\"available\":-1,\"sharedCapacity\":\"\",\"sold\":20,\"shareSold\":20,\"isShared\":true,\"currencyDecimalPoint\":\".\",\"currencyNumberOfDecimals\":2,\"currencyPosition\":\"postfix\",\"currencySymbol\":\"\\u20ac\",\"currencyThousandsSep\":\",\"}]","_tribe_ticket_has_attendee_info_fields":false,"_EventAllDay":false,"_EventTimezone":"Europe\/Berlin","_EventStartDate":"2025-12-02 16:00:00","_EventEndDate":"2025-12-02 17:30:00","_EventStartDateUTC":"2025-12-02 15:00:00","_EventEndDateUTC":"2025-12-02 16:30:00","_EventShowMap":false,"_EventShowMapLink":false,"_EventURL":"","_EventCost":"Free","_EventCostDescription":"","_EventCurrencySymbol":"\u20ac","_EventCurrencyCode":"EUR","_EventCurrencyPosition":"prefix","_EventDateTimeSeparator":"@","_EventTimeRangeSeparator":"-","_EventOrganizerID":[3881],"_EventVenueID":[],"_OrganizerEmail":"","_OrganizerPhone":"","_OrganizerWebsite":"","_VenueAddress":"","_VenueCity":"","_VenueCountry":"","_VenueProvince":"","_VenueState":"","_VenueZip":"","_VenuePhone":"","_VenueURL":"","_VenueStateProvince":"","_VenueLat":"","_VenueLng":"","_VenueShowMap":false,"_VenueShowMapLink":false,"_tribe_blocks_recurrence_rules":"","_tribe_blocks_recurrence_description":"","_tribe_blocks_recurrence_exclusions":"","_tribe_events_status":"","_tribe_events_status_reason":"","_tribe_events_is_hybrid":"","_tribe_events_is_virtual":"yes","_tribe_events_virtual_video_source":"video","_tribe_events_virtual_embed_video":"","_tribe_events_virtual_linked_button_text":"","_tribe_events_virtual_linked_button":"","_tribe_events_virtual_show_embed_at":"immediately","_tribe_events_virtual_show_embed_to":["logged-in"],"_tribe_events_virtual_show_on_event":"yes","_tribe_events_virtual_show_on_views":"yes","_tribe_events_virtual_url":"https:\/\/climate-kic-org.zoom.us\/j\/88647245729?pwd=2FBAyyYlyivnmHJopL8azuSXoJTev7.1","footnotes":"","_tec_slr_enabled":"","_tec_slr_layout":""},"tags":[139,196,65,75],"tribe_events_cat":[85,17,3,11,12,7],"class_list":["post-4752","tribe_events","type-tribe_events","status-publish","has-post-thumbnail","hentry","tag-deep-dive","tag-funding","tag-innovation","tag-public-private-partnerships","tribe_events_cat-community-event","tribe_events_cat-community-learn","tribe_events_cat-learning","tribe_events_cat-online","tribe_events_cat-organised-by-climate-kic","tribe_events_cat-webinar","pmpro-has-access","cat_community-event","cat_community-learn","cat_learning","cat_online","cat_organised-by-climate-kic","cat_webinar","tribe-events-virtual-event"],"acf":[],"ticketed":["tc","rsvp"],"_links":{"self":[{"href":"https:\/\/climate-hive.org\/it\/wp-json\/wp\/v2\/tribe_events\/4752","targetHints":{"allow":["GET"]}}],"collection":[{"href":"https:\/\/climate-hive.org\/it\/wp-json\/wp\/v2\/tribe_events"}],"about":[{"href":"https:\/\/climate-hive.org\/it\/wp-json\/wp\/v2\/types\/tribe_events"}],"author":[{"embeddable":true,"href":"https:\/\/climate-hive.org\/it\/wp-json\/wp\/v2\/users\/3"}],"replies":[{"embeddable":true,"href":"https:\/\/climate-hive.org\/it\/wp-json\/wp\/v2\/comments?post=4752"}],"version-history":[{"count":28,"href":"https:\/\/climate-hive.org\/it\/wp-json\/wp\/v2\/tribe_events\/4752\/revisions"}],"predecessor-version":[{"id":5902,"href":"https:\/\/climate-hive.org\/it\/wp-json\/wp\/v2\/tribe_events\/4752\/revisions\/5902"}],"wp:featuredmedia":[{"embeddable":true,"href":"https:\/\/climate-hive.org\/it\/wp-json\/wp\/v2\/media\/4604"}],"wp:attachment":[{"href":"https:\/\/climate-hive.org\/it\/wp-json\/wp\/v2\/media?parent=4752"}],"wp:term":[{"taxonomy":"post_tag","embeddable":true,"href":"https:\/\/climate-hive.org\/it\/wp-json\/wp\/v2\/tags?post=4752"},{"taxonomy":"tribe_events_cat","embeddable":true,"href":"https:\/\/climate-hive.org\/it\/wp-json\/wp\/v2\/tribe_events_cat?post=4752"}],"curies":[{"name":"wp","href":"https:\/\/api.w.org\/{rel}","templated":true}]}}