{"id":5313,"date":"2025-11-11T16:51:11","date_gmt":"2025-11-11T16:51:11","guid":{"rendered":"https:\/\/climate-hive.org\/?post_type=tribe_events&#038;p=5313"},"modified":"2026-04-16T11:16:58","modified_gmt":"2026-04-16T10:16:58","slug":"connect-reflections-2025-optimism-2026","status":"publish","type":"tribe_events","link":"https:\/\/climate-hive.org\/it\/event\/connect-reflections-2025-optimism-2026\/","title":{"rendered":"Connettersi: Riflessioni sul 2025 e ottimismo per il 2026"},"content":{"rendered":"<div class=\"tribe-events-virtual-single-marker\">\n\t<span class=\"tribe-events-virtual-single-marker__icon\" >\n\t\t<svg\n\t class=\"tribe-common-c-svgicon tribe-common-c-svgicon--virtual tribe-events-virtual-single-marker__icon-svg\" \taria-hidden=\"true\"\n\tviewbox=\"0 0 26 16\"\n\txmlns=\"http:\/\/www.w3.org\/2000\/svg\"\n>\n\t<g fill-rule=\"evenodd\" stroke-linecap=\"round\" stroke-linejoin=\"round\" stroke-width=\"2\" transform=\"translate(1 1)\">\n\t\t<path d=\"M18 10.7333333c2.16-2.09999997 2.16-5.44444441 0-7.46666663M21.12 13.7666667c3.84-3.7333334 3.84-9.80000003 0-13.53333337M6 10.7333333C3.84 8.63333333 3.84 5.28888889 6 3.26666667M2.88 13.7666667C-.96 10.0333333-.96 3.96666667 2.88.23333333\" class=\"tribe-common-c-svgicon__svg-stroke\"\/><ellipse cx=\"12\" cy=\"7\" rx=\"2.4\" ry=\"2.33333333\" class=\"tribe-common-c-svgicon__svg-stroke\"\/>\n\t<\/g>\n<\/svg>\n\t<\/span>\n\tEvento virtuale<\/div>\n<div  class=\"tribe-events-schedule tribe-clearfix\" >\n\t<p class=\"tribe-events-schedule__datetime\">\n\t\t<span class=\"tribe-events-schedule__date tribe-events-schedule__date--start\">\n\t\t\t11 dicembre 2025\t\t<\/span>\n\n\t\t\t\t\t<span class=\"tribe-events-schedule__separator tribe-events-schedule__separator--date\">\n\t\t\t\t@\t\t\t<\/span>\n\t\t\t<span class=\"tribe-events-schedule__time tribe-events-schedule__time--start\">\n\t\t\t\t16:00\t\t\t<\/span>\n\t\t\n\t\t\t\t\t\t\t\t\t<span class=\"tribe-events-schedule__separator tribe-events-schedule__separator--time\">\n\t\t\t\t\t-\t\t\t\t<\/span>\n\t\t\t\n\t\t\t\t\t\t\t<span class=\"tribe-events-schedule__time tribe-events-schedule__time--end\">\n\t\t\t\t\t17:30\t\t\t\t<\/span>\n\t\t\t\n\t\t\t\t\t\t\t<span class=\"tribe-events-schedule__timezone\">CET<\/span>\n\t\t\t\t\t\t<\/p>\n<\/div>\n\n\n\n<h4 class=\"wp-block-heading\">Unisciti a noi per riflettere su uno degli anni pi\u00f9 impegnativi, condividere i principali risultati della COP30 ed esplorare come la nostra comunit\u00e0 pu\u00f2 guidare l'innovazione climatica e la collaborazione nel 2026.&nbsp;<\/h4>\n\n\n\n<p><strong>Il 2025 \u00e8 stato un anno di estremi.<\/strong> Gli eventi climatici hanno ridefinito il significato di \u201ccrisi\u201d, <a href=\"https:\/\/www.theguardian.com\/australia-news\/audio\/2025\/nov\/02\/gen-z-protests-nepal-madagascar-morocco-full-story-podcast\" target=\"_blank\" rel=\"noreferrer noopener\">proteste guidate dai giovani<\/a> sulle condizioni sociali, un mix di <a href=\"https:\/\/news.un.org\/en\/story\/2025\/08\/1165658\" target=\"_blank\" rel=\"noreferrer noopener\">arretramenti<\/a> e <a href=\"https:\/\/ember-energy.org\/latest-updates\/solar-and-wind-met-all-electricity-demand-growth-in-h1-2025\/\" target=\"_blank\" rel=\"noreferrer noopener\">promettente<\/a> <a href=\"https:\/\/climate.ec.europa.eu\/news-other-reads\/news\/eu-advances-towards-2030-climate-targets-continued-emissions-cuts-2025-11-06_en\" target=\"_blank\" rel=\"noreferrer noopener\">progresso<\/a> negli obiettivi e nelle ambizioni climatiche. In questo contesto, le delegazioni nazionali si sono riunite alla COP30 di Bel\u00e9m, in Brasile, in un panorama politico estremamente frammentato e incerto.<\/p>\n\n\n\n<p>Ora, mentre l'anno volge al termine, \u00e8 tempo di riunirsi come Comunit\u00e0 e discutere: quali sono le principali lezioni del 2025? E come possiamo trasformare le tensioni degli ultimi anni - segnate da paura e impazienza - in fonti di resilienza e creativit\u00e0 per un 2026 pi\u00f9 costruttivo?<\/p>\n\n\n\n<p>Inizieremo con una conversazione onesta e stimolante tra <strong>Christiana Figueres<\/strong>, negoziatore chiave dell'accordo di Parigi del 2015, e <strong>Kirsten Dunlop<\/strong>, CEO della Climate KIC e una delle voci pi\u00f9 importanti dell'ecosistema dell'innovazione dei sistemi. Insieme, rifletteranno sul panorama climatico globale ed esploreranno i percorsi per un'azione significativa.<\/p>\n\n\n\n<p>Successivamente, condivideremo <strong>i punti salienti della nostra Comunit\u00e0 e le iniziative per il 2026<\/strong>, ponendo le basi per le collaborazioni del prossimo anno.<\/p>\n\n\n\n<h4 class=\"wp-block-heading\"><strong>Cosa ci si pu\u00f2 aspettare?<\/strong>&nbsp;<\/h4>\n\n\n\n<ul class=\"wp-block-list\">\n<li>Approfondimenti e spunti dalla COP30 in Brasile e dai momenti salienti del 2025.<\/li>\n\n\n\n<li>Priorit\u00e0, anticipazioni e opportunit\u00e0 nel 2026.<\/li>\n\n\n\n<li>Uno spazio di networking per condividere gli impegni e gettare le basi per le collaborazioni.<\/li>\n<\/ul>\n\n\n\n<p><\/p>\n\n\n\n<h4 class=\"wp-block-heading\">Altoparlanti<\/h4>\n\n\n\n<ul class=\"wp-block-list\">\n<li><strong><a href=\"https:\/\/www.linkedin.com\/in\/christianafigueres\/\">Christiana Figueres<\/a><\/strong>, socio fondatore di Global Optimism, negoziatore capo dello storico Accordo di Parigi del 2015.<br><em>Christiana Figueres \u00e8 una leader riconosciuta a livello internazionale nell'azione per il clima. Nella sua posizione di Segretario Esecutivo della Convenzione Quadro delle Nazioni Unite sui Cambiamenti Climatici (UNFCCC) ha guidato lo sforzo diplomatico globale che \u00e8 culminato nell'Accordo di Parigi del 2015. Oggi \u00e8 co-fondatrice di Global Optimism, co-conduttrice del podcast Outrage &amp; Optimism e co-autrice di \u201cThe Future We Choose: Surviving the Climate Crisis\u201d.<\/em><\/li>\n\n\n\n<li><strong><a href=\"https:\/\/www.linkedin.com\/in\/kirsten-dunlop-6b4a547\/\">Kirsten Dunlop<\/a><\/strong>, CEO di Climate KIC<br><em>Leader creativa, energica e ispiratrice, la dott.ssa Kirsten Dunlop porta nel suo ruolo una profonda convinzione della nostra capacit\u00e0 di apprendere ed evolvere in una societ\u00e0 resiliente al clima, e i suoi oltre 30 anni di esperienza nella catalizzazione di trasformazioni sistemiche in una carriera che spazia dal mondo accademico, alla consulenza, al settore bancario e assicurativo, in tre continenti. In qualit\u00e0 di esperta comunicatrice e appassionata, \u00e8 una ricercata relatrice in materia di innovazione dei sistemi, cambiamento dei sistemi finanziari e trasformazione della societ\u00e0 nel contesto del clima.<\/em><\/li>\n<\/ul>\n\n\n\n\n<div  class=\"tribe-block tribe-block__organizer__details tribe-clearfix\" >\n    <h4>Dettagli dell'organizzatore<\/h4>\n\t<div class=\"tribe-block__organizer__title\">\n\t\t<h3><a href=\"https:\/\/climate-hive.org\/it\/organizzatore\/climate-kic-community\/\" title=\"Climate KIC Community\" target=\"_self\" rel=\"\">Climate KIC Community<\/a><\/h3>\n\t<\/div>\n\t\t\t\t<p class=\"tribe-block__organizer__website\"><a href=\"https:\/\/climate-hive.org\/it\/\" target=\"_self\" rel=\"external\">Visualizza il sito dell'Organizzatore<\/a><\/p>\n\t\t\t\t<p class=\"tribe-block__organizer__email\">community@climate-kic.org<\/p>\n\t<\/div>\n\n\n\t<div  class=\"tribe-block tribe-block__events-link\" >\n\t\t<div class=\"tribe-events tribe-common\">\n\t\t\t<div class=\"tribe-events-c-subscribe-dropdown__container\">\n\t\t\t\t<div class=\"tribe-events-c-subscribe-dropdown\">\n\t\t\t\t\t<div class=\"tribe-common-c-btn-border tribe-events-c-subscribe-dropdown__button\">\n\t\t\t\t\t\t<svg  class=\"tribe-common-c-svgicon tribe-common-c-svgicon--cal-export tribe-events-c-subscribe-dropdown__export-icon\"  xmlns=\"http:\/\/www.w3.org\/2000\/svg\" width=\"24\" height=\"24\" viewbox=\"0 0 24 24\" fill=\"none\">\n    <path\n        d=\"M9 6L12 3M12 3L15 6M12 3V13M7.00023 10C6.06835 10 5.60241 10 5.23486 10.1522C4.74481 10.3552 4.35523 10.7448 4.15224 11.2349C4 11.6024 4 12.0681 4 13V17.8C4 18.9201 4 19.4798 4.21799 19.9076C4.40973 20.2839 4.71547 20.5905 5.0918 20.7822C5.5192 21 6.07899 21 7.19691 21H16.8036C17.9215 21 18.4805 21 18.9079 20.7822C19.2842 20.5905 19.5905 20.2839 19.7822 19.9076C20 19.4802 20 18.921 20 17.8031V13C20 12.0681 19.9999 11.6024 19.8477 11.2349C19.6447 10.7448 19.2554 10.3552 18.7654 10.1522C18.3978 10 17.9319 10 17 10\"\n        stroke=\"#142930\" stroke-width=\"2\" stroke-linecap=\"round\" stroke-linejoin=\"round\"\/>\n<\/svg>\n\t\t\t\t\t\t<button\n\t\t\t\t\t\t\tclass=\"tribe-events-c-subscribe-dropdown__button-text\"\n\t\t\t\t\t\t\taria-expanded=\"false\"\n\t\t\t\t\t\t\taria-controls=\"tribe-events-subscribe-dropdown-content\"\n\t\t\t\t\t\t\taria-label=\"Visualizza i link per aggiungere eventi al tuo calendario\"\n\t\t\t\t\t\t>\n\t\t\t\t\t\t\tSalva nel tuo calendario\t\t\t\t\t\t<\/button>\n\t\t\t\t\t\t<svg\n\t class=\"tribe-common-c-svgicon tribe-common-c-svgicon--caret-down tribe-events-c-subscribe-dropdown__button-icon\" \taria-hidden=\"true\"\n\tviewbox=\"0 0 10 7\"\n\txmlns=\"http:\/\/www.w3.org\/2000\/svg\"\n>\n\t<path fill-rule=\"evenodd\" clip-rule=\"evenodd\" d=\"M1.008.609L5 4.6 8.992.61l.958.958L5 6.517.05 1.566l.958-.958z\" class=\"tribe-common-c-svgicon__svg-fill\"\/>\n<\/svg>\n\t\t\t\t\t<\/div>\n\t\t\t\t\t<div id=\"tribe-events-subscribe-dropdown-content\" class=\"tribe-events-c-subscribe-dropdown__content\">\n\t\t\t\t\t\t<ul class=\"tribe-events-c-subscribe-dropdown__list\">\n\t\t\t\t\t\t\t\t\t\t\t\t\t\t\t<li class=\"tribe-events-c-subscribe-dropdown__list-item tribe-events-c-subscribe-dropdown__list-item--gcal\">\n\t\t\t\t\t\t\t\t\t<a\n\t\t\t\t\t\t\t\t\t\thref=\"https:\/\/www.google.com\/calendar\/event?action=TEMPLATE&#038;dates=20251211T160000\/20251211T173000&#038;text=Connect%3A%20Reflections%20on%202025%20%26amp%3B%20Optimism%20for%202026&#038;details=%3Ch4+class%3D%22wp-block-heading%22%3EJoin+us+as+we+reflect+on+one+of+the+most%26nbsp%3Bchallenging+years%2C+share+key+takeaways+from+COP30%2C+and+explore+how+our+community+can+drive+climate+innovation+and+collaboration+in+2026.%26nbsp%3B%3C%2Fh4%3E%3Cp%3E%3Cstrong%3E2025+has+been+a+year+of+extremes.%3C%2Fstrong%3E+We%E2%80%99ve+seen+climate+events+redefine+what+%E2%80%9Ccrisis%E2%80%9D+means%2C+%3Ca+href%3D%22https%3A%2F%2Fwww.theguardian.com%2Faustralia-news%2Faudio%2F2025%2Fnov%2F02%2Fgen-z-protests-nepal-madagascar-morocco-full-story-podcast%22+target%3D%22_blank%22+rel%3D%22noreferrer+noopener%22%3Eyouth-led+protests%3C%2Fa%3E+on+social+conditions%2C+a+mix+of+%3Ca+href%3D%22https%3A%2F%2Fnews.un.org%2Fen%2Fstory%2F2025%2F08%2F1165658%22+target%3D%22_blank%22+rel%3D%22noreferrer+noopener%22%3Esetbacks%3C%2Fa%3E+and+%3Ca+href%3D%22https%3A%2F%2Fember-energy.org%2Flatest-updates%2Fsolar-and-wind-met-all-electricity-demand-growth-in-h1-2025%2F%22+target%3D%22_blank%22+rel%3D%22noreferrer+noopener%22%3Epromising%3C%2Fa%3E+%3Ca+href%3D%22https%3A%2F%2Fclimate.ec.europa.eu%2Fnews-other-reads%2Fnews%2Feu-advances-towards-2030-climate-targets-continued-emissions-cuts-2025-11-06_en%22+tar%3C%2Fp%3E+%28View+Full+evento+Description+Here%3A+https%3A%2F%2Fclimate-hive.org%2Fit%2Fevent%2Fconnect-reflections-2025-optimism-2026%2F%29&#038;location=https:\/\/climate-hive.org\/it\/event\/connect-reflections-2025-optimism-2026\/&#038;trp=false&#038;ctz=Europe\/Madrid&#038;sprop=website:https:\/\/climate-hive.org\/it\"\n\t\t\t\t\t\t\t\t\t\tclass=\"tribe-events-c-subscribe-dropdown__list-item-link\"\n\t\t\t\t\t\t\t\t\t\ttarget=\"_blank\"\n\t\t\t\t\t\t\t\t\t\trel=\"noopener noreferrer nofollow noindex\"\n\t\t\t\t\t\t\t\t\t>\n\t\t\t\t\t\t\t\t\t\tCalendario di Google\t\t\t\t\t\t\t\t\t<\/a>\n\t\t\t\t\t\t\t\t<\/li>\n\t\t\t\t\t\t\t\t\t\t\t\t\t\t\t<li class=\"tribe-events-c-subscribe-dropdown__list-item tribe-events-c-subscribe-dropdown__list-item--ical\">\n\t\t\t\t\t\t\t\t\t<a\n\t\t\t\t\t\t\t\t\t\thref=\"\"\n\t\t\t\t\t\t\t\t\t\tclass=\"tribe-events-c-subscribe-dropdown__list-item-link\"\n\t\t\t\t\t\t\t\t\t\ttarget=\"_blank\"\n\t\t\t\t\t\t\t\t\t\trel=\"noopener noreferrer nofollow noindex\"\n\t\t\t\t\t\t\t\t\t>\n\t\t\t\t\t\t\t\t\t\tiCalendario\t\t\t\t\t\t\t\t\t<\/a>\n\t\t\t\t\t\t\t\t<\/li>\n\t\t\t\t\t\t\t\t\t\t\t\t\t\t\t<li class=\"tribe-events-c-subscribe-dropdown__list-item tribe-events-c-subscribe-dropdown__list-item--outlook-365\">\n\t\t\t\t\t\t\t\t\t<a\n\t\t\t\t\t\t\t\t\t\thref=\"\"\n\t\t\t\t\t\t\t\t\t\tclass=\"tribe-events-c-subscribe-dropdown__list-item-link\"\n\t\t\t\t\t\t\t\t\t\ttarget=\"_blank\"\n\t\t\t\t\t\t\t\t\t\trel=\"noopener noreferrer nofollow noindex\"\n\t\t\t\t\t\t\t\t\t>\n\t\t\t\t\t\t\t\t\t\tOutlook 365\t\t\t\t\t\t\t\t\t<\/a>\n\t\t\t\t\t\t\t\t<\/li>\n\t\t\t\t\t\t\t\t\t\t\t\t\t\t\t<li class=\"tribe-events-c-subscribe-dropdown__list-item tribe-events-c-subscribe-dropdown__list-item--outlook-live\">\n\t\t\t\t\t\t\t\t\t<a\n\t\t\t\t\t\t\t\t\t\thref=\"\"\n\t\t\t\t\t\t\t\t\t\tclass=\"tribe-events-c-subscribe-dropdown__list-item-link\"\n\t\t\t\t\t\t\t\t\t\ttarget=\"_blank\"\n\t\t\t\t\t\t\t\t\t\trel=\"noopener noreferrer nofollow noindex\"\n\t\t\t\t\t\t\t\t\t>\n\t\t\t\t\t\t\t\t\t\tOutlook Live\t\t\t\t\t\t\t\t\t<\/a>\n\t\t\t\t\t\t\t\t<\/li>\n\t\t\t\t\t\t\t\t\t\t\t\t\t<\/ul>\n\t\t\t\t\t<\/div>\n\t\t\t\t<\/div>\n\t\t\t<\/div>\n\t\t<\/div>\n\t<\/div>\n\n\n\n<h2 class=\"tribe-block__related-events__title\">Eventi correlati<\/h2>\n\n<ul  class=\"tribe-related-events tribe-clearfix\" >\n\t\t\t<li>\n\t\n<div class=\"tribe-related-events-thumbnail\">\n\t<a href=\"https:\/\/climate-hive.org\/it\/event\/climathon-organiser-training-2-systems-change\/\" class=\"url\" rel=\"bookmark\" tabindex=\"-1\" aria-hidden=\"true\"><img loading=\"lazy\" decoding=\"async\" width=\"1024\" height=\"683\" src=\"https:\/\/climate-hive.org\/wp-content\/uploads\/2026\/04\/Curitiba_Brazil_2mb-1-1024x683.jpg\" class=\"attachment-large size-large wp-post-image\" alt=\"\" \/><\/a>\n<\/div>\n\t<div class=\"tribe-related-event-info\">\n\t<h3 class=\"tribe-related-events-title\">\n\t\t<a href=\"https:\/\/climate-hive.org\/it\/event\/climathon-organiser-training-2-systems-change\/\" class=\"tribe-event-url\" rel=\"bookmark\">\n\t\t\tClimathon Formazione organizzativa #2: Dall'evento al cambiamento sistemico\t\t<\/a>\n\t<\/h3>\n\t<span class=\"tribe-event-date-start\">5 maggio alle 13:00<\/span> - <span class=\"tribe-event-time\">14:30<\/span><\/div>\n<\/li>\n\t\t\t<li>\n\t\n<div class=\"tribe-related-events-thumbnail\">\n\t<a href=\"https:\/\/climate-hive.org\/it\/event\/insights-green-and-digital-for-small-businesses\/\" class=\"url\" rel=\"bookmark\" tabindex=\"-1\" aria-hidden=\"true\"><img loading=\"lazy\" decoding=\"async\" width=\"1024\" height=\"576\" src=\"https:\/\/climate-hive.org\/wp-content\/uploads\/2026\/04\/getty-images-Sf2MBY7xIkY-unsplash-1024x576.jpg\" class=\"attachment-large size-large wp-post-image\" alt=\"\" \/><\/a>\n<\/div>\n\t<div class=\"tribe-related-event-info\">\n\t<h3 class=\"tribe-related-events-title\">\n\t\t<a href=\"https:\/\/climate-hive.org\/it\/event\/insights-green-and-digital-for-small-businesses\/\" class=\"tribe-event-url\" rel=\"bookmark\">\n\t\t\tApprofondimenti: Verde e digitale. Cosa significa in pratica per le piccole imprese\u00a0\t\t<\/a>\n\t<\/h3>\n\t<span class=\"tribe-event-date-start\">6 maggio alle 14:00<\/span> - <span class=\"tribe-event-time\">15:00<\/span><\/div>\n<\/li>\n\t\t\t<li>\n\t\n<div class=\"tribe-related-events-thumbnail\">\n\t<a href=\"https:\/\/climate-hive.org\/it\/event\/how-to-evolve-global-book-tour\/\" class=\"url\" rel=\"bookmark\" tabindex=\"-1\" aria-hidden=\"true\"><img loading=\"lazy\" decoding=\"async\" width=\"1024\" height=\"576\" src=\"https:\/\/climate-hive.org\/wp-content\/uploads\/2026\/04\/How_to_Evolve_Copenhagen_2x-2100x1181-1-1024x576.png\" class=\"attachment-large size-large wp-post-image\" alt=\"\" \/><\/a>\n<\/div>\n\t<div class=\"tribe-related-event-info\">\n\t<h3 class=\"tribe-related-events-title\">\n\t\t<a href=\"https:\/\/climate-hive.org\/it\/event\/how-to-evolve-global-book-tour\/\" class=\"tribe-event-url\" rel=\"bookmark\">\n\t\t\tCome evolvere \u2013 Tour mondiale del libro\t\t<\/a>\n\t<\/h3>\n\t<span class=\"tribe-event-date-start\">11 maggio alle 9:30<\/span> - <span class=\"tribe-event-date-end\">12 maggio @ 20:30<\/span><\/div>\n<\/li>\n\t<\/ul>\n\n\n<div  class=\"tribe-block tribe-block--virtual-event\" >\n    <\/div>","protected":false},"excerpt":{"rendered":"<p>Unisciti a noi per riflettere su uno degli anni pi\u00f9 impegnativi, condividere i principali risultati della COP30 ed esplorare come la nostra comunit\u00e0 pu\u00f2 guidare l'innovazione climatica e la collaborazione nel 2026.  2025 [...]<\/p>","protected":false},"author":3,"featured_media":6067,"comment_status":"open","ping_status":"closed","template":"","meta":{"_acf_changed":false,"_tec_requires_first_save":false,"_bbp_topic_count":0,"_bbp_reply_count":0,"_bbp_total_topic_count":0,"_bbp_total_reply_count":0,"_bbp_voice_count":0,"_bbp_anonymous_reply_count":0,"_bbp_topic_count_hidden":0,"_bbp_reply_count_hidden":0,"_bbp_forum_subforum_count":0,"pmpro_default_level":"","inline_featured_image":false,"_price":"","_stock":"","_tribe_ticket_header":"","_tribe_default_ticket_provider":"TEC\\Tickets\\Commerce\\Module","_ticket_start_date":"","_ticket_end_date":"","_tribe_ticket_show_description":"","_tribe_ticket_show_not_going":false,"_tribe_ticket_use_global_stock":"","_tribe_ticket_global_stock_level":"","_global_stock_mode":"","_global_stock_cap":"","_tribe_rsvp_for_event":"","_tribe_ticket_going_count":"","_tribe_ticket_not_going_count":"","_tribe_tickets_list":"[{\"id\":5321,\"type\":\"default\",\"title\":\"Community Connect: Reflections on 2025 &amp; Optimism for 2026\",\"description\":\"\",\"capacityType\":\"unlimited\",\"price\":\"0\",\"capacity\":\"\",\"available\":-1,\"sharedCapacity\":\"\",\"sold\":141,\"shareSold\":141,\"isShared\":true,\"currencyDecimalPoint\":\".\",\"currencyNumberOfDecimals\":2,\"currencyPosition\":\"postfix\",\"currencySymbol\":\"\\u20ac\",\"currencyThousandsSep\":\",\"}]","_tribe_ticket_has_attendee_info_fields":false,"_EventAllDay":false,"_EventTimezone":"Europe\/Madrid","_EventStartDate":"2025-12-11 16:00:00","_EventEndDate":"2025-12-11 17:30:00","_EventStartDateUTC":"2025-12-11 15:00:00","_EventEndDateUTC":"2025-12-11 16:30:00","_EventShowMap":false,"_EventShowMapLink":false,"_EventURL":"","_EventCost":"0","_EventCostDescription":"","_EventCurrencySymbol":"\u20ac","_EventCurrencyCode":"EUR","_EventCurrencyPosition":"prefix","_EventDateTimeSeparator":"@","_EventTimeRangeSeparator":"-","_EventOrganizerID":[3881],"_EventVenueID":[],"_OrganizerEmail":"","_OrganizerPhone":"","_OrganizerWebsite":"","_VenueAddress":"","_VenueCity":"","_VenueCountry":"","_VenueProvince":"","_VenueState":"","_VenueZip":"","_VenuePhone":"","_VenueURL":"","_VenueStateProvince":"","_VenueLat":"","_VenueLng":"","_VenueShowMap":false,"_VenueShowMapLink":false,"_tribe_blocks_recurrence_rules":"","_tribe_blocks_recurrence_description":"","_tribe_blocks_recurrence_exclusions":"","_tribe_events_status":"","_tribe_events_status_reason":"","_tribe_events_is_hybrid":"","_tribe_events_is_virtual":"yes","_tribe_events_virtual_video_source":"video","_tribe_events_virtual_embed_video":"","_tribe_events_virtual_linked_button_text":"Watch","_tribe_events_virtual_linked_button":"yes","_tribe_events_virtual_show_embed_at":"at-start","_tribe_events_virtual_show_embed_to":[],"_tribe_events_virtual_show_on_event":"yes","_tribe_events_virtual_show_on_views":"yes","_tribe_events_virtual_url":"https:\/\/climate-kic-org.zoom.us\/j\/81684416031?pwd=vwbIRuwNG7P40pZD1a7xaHsgZOEaBz.1","footnotes":"","_tec_slr_enabled":"","_tec_slr_layout":""},"tags":[216,215,65,84],"tribe_events_cat":[16,85,2,11,12,4],"class_list":["post-5313","tribe_events","type-tribe_events","status-publish","has-post-thumbnail","hentry","tag-216","tag-cop30","tag-innovation","tag-systems-thinking","tribe_events_cat-community-connect","tribe_events_cat-community-event","tribe_events_cat-networking","tribe_events_cat-online","tribe_events_cat-organised-by-climate-kic","tribe_events_cat-policy","pmpro-has-access","cat_community-connect","cat_community-event","cat_networking","cat_online","cat_organised-by-climate-kic","cat_policy","tribe-events-virtual-event"],"acf":[],"ticketed":["tc"],"_links":{"self":[{"href":"https:\/\/climate-hive.org\/it\/wp-json\/wp\/v2\/tribe_events\/5313","targetHints":{"allow":["GET"]}}],"collection":[{"href":"https:\/\/climate-hive.org\/it\/wp-json\/wp\/v2\/tribe_events"}],"about":[{"href":"https:\/\/climate-hive.org\/it\/wp-json\/wp\/v2\/types\/tribe_events"}],"author":[{"embeddable":true,"href":"https:\/\/climate-hive.org\/it\/wp-json\/wp\/v2\/users\/3"}],"replies":[{"embeddable":true,"href":"https:\/\/climate-hive.org\/it\/wp-json\/wp\/v2\/comments?post=5313"}],"version-history":[{"count":9,"href":"https:\/\/climate-hive.org\/it\/wp-json\/wp\/v2\/tribe_events\/5313\/revisions"}],"predecessor-version":[{"id":7334,"href":"https:\/\/climate-hive.org\/it\/wp-json\/wp\/v2\/tribe_events\/5313\/revisions\/7334"}],"wp:featuredmedia":[{"embeddable":true,"href":"https:\/\/climate-hive.org\/it\/wp-json\/wp\/v2\/media\/6067"}],"wp:attachment":[{"href":"https:\/\/climate-hive.org\/it\/wp-json\/wp\/v2\/media?parent=5313"}],"wp:term":[{"taxonomy":"post_tag","embeddable":true,"href":"https:\/\/climate-hive.org\/it\/wp-json\/wp\/v2\/tags?post=5313"},{"taxonomy":"tribe_events_cat","embeddable":true,"href":"https:\/\/climate-hive.org\/it\/wp-json\/wp\/v2\/tribe_events_cat?post=5313"}],"curies":[{"name":"wp","href":"https:\/\/api.w.org\/{rel}","templated":true}]}}