{"id":6172,"date":"2025-12-11T12:28:43","date_gmt":"2025-12-11T12:28:43","guid":{"rendered":"https:\/\/climate-hive.org\/?post_type=tribe_events&#038;p=6172"},"modified":"2026-01-14T08:50:32","modified_gmt":"2026-01-14T08:50:32","slug":"insight-horizon-europe-in-2026","status":"publish","type":"tribe_events","link":"https:\/\/climate-hive.org\/it\/event\/insight-horizon-europe-in-2026\/","title":{"rendered":"Approfondimenti: Orizzonte Europa nel 2026"},"content":{"rendered":"<div class=\"tribe-events-virtual-single-marker\">\n\t<span class=\"tribe-events-virtual-single-marker__icon\" >\n\t\t<svg\n\t class=\"tribe-common-c-svgicon tribe-common-c-svgicon--virtual tribe-events-virtual-single-marker__icon-svg\" \taria-hidden=\"true\"\n\tviewbox=\"0 0 26 16\"\n\txmlns=\"http:\/\/www.w3.org\/2000\/svg\"\n>\n\t<g fill-rule=\"evenodd\" stroke-linecap=\"round\" stroke-linejoin=\"round\" stroke-width=\"2\" transform=\"translate(1 1)\">\n\t\t<path d=\"M18 10.7333333c2.16-2.09999997 2.16-5.44444441 0-7.46666663M21.12 13.7666667c3.84-3.7333334 3.84-9.80000003 0-13.53333337M6 10.7333333C3.84 8.63333333 3.84 5.28888889 6 3.26666667M2.88 13.7666667C-.96 10.0333333-.96 3.96666667 2.88.23333333\" class=\"tribe-common-c-svgicon__svg-stroke\"\/><ellipse cx=\"12\" cy=\"7\" rx=\"2.4\" ry=\"2.33333333\" class=\"tribe-common-c-svgicon__svg-stroke\"\/>\n\t<\/g>\n<\/svg>\n\t<\/span>\n\tEvento virtuale<\/div>\n<div  class=\"tribe-events-schedule tribe-clearfix\" >\n\t<p class=\"tribe-events-schedule__datetime\">\n\t\t<span class=\"tribe-events-schedule__date tribe-events-schedule__date--start\">\n\t\t\t28 gennaio\t\t<\/span>\n\n\t\t\t\t\t<span class=\"tribe-events-schedule__separator tribe-events-schedule__separator--date\">\n\t\t\t\t@\t\t\t<\/span>\n\t\t\t<span class=\"tribe-events-schedule__time tribe-events-schedule__time--start\">\n\t\t\t\t16:00\t\t\t<\/span>\n\t\t\n\t\t\t\t\t\t\t\t\t<span class=\"tribe-events-schedule__separator tribe-events-schedule__separator--time\">\n\t\t\t\t\t-\t\t\t\t<\/span>\n\t\t\t\n\t\t\t\t\t\t\t<span class=\"tribe-events-schedule__time tribe-events-schedule__time--end\">\n\t\t\t\t\t17:00\t\t\t\t<\/span>\n\t\t\t\n\t\t\t\t\t\t<\/p>\n<\/div>\n\n\n\n<p>Il Programma di lavoro 2026-2027 \u00e8 stato adottato dalla Commissione europea, con 4,9 miliardi di euro dedicati a <a href=\"https:\/\/climate.ec.europa.eu\/news-other-reads\/news\/commission-adopts-main-horizon-europe-work-programme-2026-2027-and-dedicates-eu49-billion-climate-2025-12-11_en\">azione per il clima<\/a>. Ci sono opportunit\u00e0 per imparare, sperimentare ed espandere la propria attivit\u00e0.<\/p>\n\n\n\n<p>Il successo nelle chiamate di Horizons Europe deriva dall'essere all'avanguardia. Richiede agilit\u00e0, preparazione, coerenza strategica e, naturalmente, le giuste partnership. Come Climate KIC Community, disponiamo di risorse strategiche da utilizzare nelle call aperte, come una vasta rete di stakeholder diversi, l'esperienza dei membri e l'esperienza di Climate KIC come una delle pi\u00f9 importanti istituzioni europee.&nbsp;<a href=\"https:\/\/www.eit.europa.eu\/news-events\/news\/climate-kic-secures-largest-share-horizon-missions-funding\">i maggiori beneficiari<\/a> dei finanziamenti di Horizon Europe Missions.<\/p>\n\n\n\n<p>\u00c8 il momento di riunirsi, di approfondire le conoscenze e di esplorare le collaborazioni tra i membri!<\/p>\n\n\n\n<p>Unitevi a noi mercoled\u00ec 28 gennaio per una sessione collaborativa di Community Insight in cui potrete approfondire il nuovo programma di lavoro di Horizon Europe e le priorit\u00e0 strategiche di Climate KIC, portare le vostre idee per progetti o partnership e trovare nuovi partner di consorzio.<\/p>\n\n\n\n<p><strong>Cosa riceverete:<\/strong><\/p>\n\n\n\n<ul class=\"wp-block-list\">\n<li>Una panoramica del Programma di lavoro 2026-2027<\/li>\n\n\n\n<li>Conoscere l'approccio strategico e il modello di collaborazione della Climate KIC<\/li>\n\n\n\n<li>Approfondimenti, raccomandazioni comprovate e risorse preziose dai nostri specialisti in finanziamenti UE<\/li>\n<\/ul>\n\n\n\n<p>Questa sessione vi fornir\u00e0 gli strumenti per ottimizzare le vostre possibilit\u00e0 di ottenere i finanziamenti di Horizon Europe e sar\u00e0 una piattaforma per creare nuovi collegamenti tematici.<\/p>\n\n\n\n<h4 class=\"wp-block-heading\"><strong>RSVP qui sotto!<\/strong><\/h4>\n\n\n\n<p><em>Assicuratevi di aver effettuato l'accesso al vostro account con un'iscrizione attiva per RSVP per questo evento.<\/em><\/p>\n\n\n<div class=\"pmpro-membership-required\"><div class=\"pmpro\"><div class=\"pmpro_card pmpro_content_message\"><h2 class=\"pmpro_card_title pmpro_font-large\"><svg xmlns=\"http:\/\/www.w3.org\/2000\/svg\" width=\"24\" height=\"24\" viewbox=\"0 0 24 24\" fill=\"none\" stroke=\"var(--pmpro--color--accent)\" stroke-width=\"2\" stroke-linecap=\"round\" stroke-linejoin=\"round\" class=\"feather feather-lock\"><rect x=\"3\" y=\"11\" width=\"18\" height=\"11\" rx=\"2\" ry=\"2\"><\/rect><path d=\"M7 11V7a5 5 0 0 1 10 0v4\"><\/path><\/svg>Membership Required<\/h2><div class=\"pmpro_card_content\"><p> Per accedere a questo contenuto \u00e8 necessario essere membri.<\/p><p><a class=\"pmpro_btn\" href=\"https:\/\/climate-hive.org\/it\/membership-levels\/\">View Membership Levels<\/a><\/p><\/div><div class=\"pmpro_card_actions pmpro_font-medium\">Siete gi\u00e0 membri? <a href=\"https:\/\/climate-hive.org\/it\/login\/?redirect_to=https%3A%2F%2Fclimate-hive.org%2Fit%2Fevent%2Finsight-horizon-europe-in-2026%2F\">Accedi<\/a><\/div><\/div><\/div><\/div>\n\n\t<div  class=\"tribe-block tribe-block__events-link\" >\n\t\t<div class=\"tribe-events tribe-common\">\n\t\t\t<div class=\"tribe-events-c-subscribe-dropdown__container\">\n\t\t\t\t<div class=\"tribe-events-c-subscribe-dropdown\">\n\t\t\t\t\t<div class=\"tribe-common-c-btn-border tribe-events-c-subscribe-dropdown__button\">\n\t\t\t\t\t\t<svg  class=\"tribe-common-c-svgicon tribe-common-c-svgicon--cal-export tribe-events-c-subscribe-dropdown__export-icon\"  xmlns=\"http:\/\/www.w3.org\/2000\/svg\" width=\"24\" height=\"24\" viewbox=\"0 0 24 24\" fill=\"none\">\n    <path\n        d=\"M9 6L12 3M12 3L15 6M12 3V13M7.00023 10C6.06835 10 5.60241 10 5.23486 10.1522C4.74481 10.3552 4.35523 10.7448 4.15224 11.2349C4 11.6024 4 12.0681 4 13V17.8C4 18.9201 4 19.4798 4.21799 19.9076C4.40973 20.2839 4.71547 20.5905 5.0918 20.7822C5.5192 21 6.07899 21 7.19691 21H16.8036C17.9215 21 18.4805 21 18.9079 20.7822C19.2842 20.5905 19.5905 20.2839 19.7822 19.9076C20 19.4802 20 18.921 20 17.8031V13C20 12.0681 19.9999 11.6024 19.8477 11.2349C19.6447 10.7448 19.2554 10.3552 18.7654 10.1522C18.3978 10 17.9319 10 17 10\"\n        stroke=\"#142930\" stroke-width=\"2\" stroke-linecap=\"round\" stroke-linejoin=\"round\"\/>\n<\/svg>\n\t\t\t\t\t\t<button\n\t\t\t\t\t\t\tclass=\"tribe-events-c-subscribe-dropdown__button-text\"\n\t\t\t\t\t\t\taria-expanded=\"false\"\n\t\t\t\t\t\t\taria-controls=\"tribe-events-subscribe-dropdown-content\"\n\t\t\t\t\t\t\taria-label=\"Visualizza i link per aggiungere eventi al tuo calendario\"\n\t\t\t\t\t\t>\n\t\t\t\t\t\t\tSalva nel tuo calendario\t\t\t\t\t\t<\/button>\n\t\t\t\t\t\t<svg\n\t class=\"tribe-common-c-svgicon tribe-common-c-svgicon--caret-down tribe-events-c-subscribe-dropdown__button-icon\" \taria-hidden=\"true\"\n\tviewbox=\"0 0 10 7\"\n\txmlns=\"http:\/\/www.w3.org\/2000\/svg\"\n>\n\t<path fill-rule=\"evenodd\" clip-rule=\"evenodd\" d=\"M1.008.609L5 4.6 8.992.61l.958.958L5 6.517.05 1.566l.958-.958z\" class=\"tribe-common-c-svgicon__svg-fill\"\/>\n<\/svg>\n\t\t\t\t\t<\/div>\n\t\t\t\t\t<div id=\"tribe-events-subscribe-dropdown-content\" class=\"tribe-events-c-subscribe-dropdown__content\">\n\t\t\t\t\t\t<ul class=\"tribe-events-c-subscribe-dropdown__list\">\n\t\t\t\t\t\t\t\t\t\t\t\t\t\t\t<li class=\"tribe-events-c-subscribe-dropdown__list-item tribe-events-c-subscribe-dropdown__list-item--gcal\">\n\t\t\t\t\t\t\t\t\t<a\n\t\t\t\t\t\t\t\t\t\thref=\"https:\/\/www.google.com\/calendar\/event?action=TEMPLATE&#038;dates=20260128T160000\/20260128T170000&#038;text=Insights%3A%20Horizon%20Europe%20in%202026&#038;details=%3Cp%3EThe+2026-2027+Work+Programme+has+been+adopted+by+the+European+Commission%2C+with+%E2%82%AC+4.9+billion+dedicated+to+%3Ca+href%3D%22https%3A%2F%2Fclimate.ec.europa.eu%2Fnews-other-reads%2Fnews%2Fcommission-adopts-main-horizon-europe-work-programme-2026-2027-and-dedicates-eu49-billion-climate-2025-12-11_en%22%3Eclimate+action%3C%2Fa%3E.+There+are+opportunities+for+learning%2C+experimentation%2C+and+expanding+your+own+business.%3C%2Fp%3E+%3Cp%3ESuccess+in+Horizons+Europe+calls+comes+from+staying+ahead+of+the+curve.+It+requires+agility%2C+preparedness%2C+strategic+coherence%2C+and+of+course+the+right+partnerships.+As+Climate+KIC+Community%2C+we+have+strategic+assets+to+utilise+in+open+calls%2C+such+as+a+vast+network+of+diverse+stakeholders%2C+expertise+of+members+and+Climate+KIC%E2%80%99s+experience+as+one+of+the%26nbsp%3B%3Ca+href%3D%22https%3A%2F%2Fwww.eit.europa.eu%2Fnews-events%2Fnews%2Fclimate-kic-secures-largest-share-horizon-missions-funding%22%3Elargest+beneficiaries%3C%2Fa%3E+of+Horizon+Europe+Missions+funding.%3C%2Fp%3E+%3Cp%3EIt%E2%80%99s+time+to+get+together%2C+dig+into+insig%3C%2Fp%3E+%28View+Full+evento+Description+Here%3A+https%3A%2F%2Fclimate-hive.org%2Fit%2Fevent%2Finsight-horizon-europe-in-2026%2F%29&#038;location=https:\/\/climate-hive.org\/it\/event\/insight-horizon-europe-in-2026\/&#038;trp=false&#038;ctz=Europe\/Madrid&#038;sprop=website:https:\/\/climate-hive.org\/it\"\n\t\t\t\t\t\t\t\t\t\tclass=\"tribe-events-c-subscribe-dropdown__list-item-link\"\n\t\t\t\t\t\t\t\t\t\ttarget=\"_blank\"\n\t\t\t\t\t\t\t\t\t\trel=\"noopener noreferrer nofollow noindex\"\n\t\t\t\t\t\t\t\t\t>\n\t\t\t\t\t\t\t\t\t\tCalendario di Google\t\t\t\t\t\t\t\t\t<\/a>\n\t\t\t\t\t\t\t\t<\/li>\n\t\t\t\t\t\t\t\t\t\t\t\t\t\t\t<li class=\"tribe-events-c-subscribe-dropdown__list-item tribe-events-c-subscribe-dropdown__list-item--ical\">\n\t\t\t\t\t\t\t\t\t<a\n\t\t\t\t\t\t\t\t\t\thref=\"\"\n\t\t\t\t\t\t\t\t\t\tclass=\"tribe-events-c-subscribe-dropdown__list-item-link\"\n\t\t\t\t\t\t\t\t\t\ttarget=\"_blank\"\n\t\t\t\t\t\t\t\t\t\trel=\"noopener noreferrer nofollow noindex\"\n\t\t\t\t\t\t\t\t\t>\n\t\t\t\t\t\t\t\t\t\tiCalendario\t\t\t\t\t\t\t\t\t<\/a>\n\t\t\t\t\t\t\t\t<\/li>\n\t\t\t\t\t\t\t\t\t\t\t\t\t\t\t<li class=\"tribe-events-c-subscribe-dropdown__list-item tribe-events-c-subscribe-dropdown__list-item--outlook-365\">\n\t\t\t\t\t\t\t\t\t<a\n\t\t\t\t\t\t\t\t\t\thref=\"\"\n\t\t\t\t\t\t\t\t\t\tclass=\"tribe-events-c-subscribe-dropdown__list-item-link\"\n\t\t\t\t\t\t\t\t\t\ttarget=\"_blank\"\n\t\t\t\t\t\t\t\t\t\trel=\"noopener noreferrer nofollow noindex\"\n\t\t\t\t\t\t\t\t\t>\n\t\t\t\t\t\t\t\t\t\tOutlook 365\t\t\t\t\t\t\t\t\t<\/a>\n\t\t\t\t\t\t\t\t<\/li>\n\t\t\t\t\t\t\t\t\t\t\t\t\t\t\t<li class=\"tribe-events-c-subscribe-dropdown__list-item tribe-events-c-subscribe-dropdown__list-item--outlook-live\">\n\t\t\t\t\t\t\t\t\t<a\n\t\t\t\t\t\t\t\t\t\thref=\"\"\n\t\t\t\t\t\t\t\t\t\tclass=\"tribe-events-c-subscribe-dropdown__list-item-link\"\n\t\t\t\t\t\t\t\t\t\ttarget=\"_blank\"\n\t\t\t\t\t\t\t\t\t\trel=\"noopener noreferrer nofollow noindex\"\n\t\t\t\t\t\t\t\t\t>\n\t\t\t\t\t\t\t\t\t\tOutlook Live\t\t\t\t\t\t\t\t\t<\/a>\n\t\t\t\t\t\t\t\t<\/li>\n\t\t\t\t\t\t\t\t\t\t\t\t\t<\/ul>\n\t\t\t\t\t<\/div>\n\t\t\t\t<\/div>\n\t\t\t<\/div>\n\t\t<\/div>\n\t<\/div>\n\n\n\n<div  class=\"tribe-block tribe-block__organizer__details tribe-clearfix\" >\n    <h4>Dettagli dell'organizzatore<\/h4>\n\t<div class=\"tribe-block__organizer__title\">\n\t\t<h3><a href=\"https:\/\/climate-hive.org\/it\/organizzatore\/climate-kic-community\/\" title=\"Climate KIC Community\" target=\"_self\" rel=\"\">Climate KIC Community<\/a><\/h3>\n\t<\/div>\n\t\t\t\t<p class=\"tribe-block__organizer__website\"><a href=\"https:\/\/climate-hive.org\/it\/\" target=\"_self\" rel=\"external\">Visualizza il sito dell'Organizzatore<\/a><\/p>\n\t\t\t\t<p class=\"tribe-block__organizer__email\">community@climate-kic.org<\/p>\n\t<\/div>\n\n\n<h2 class=\"tribe-block__related-events__title\">Eventi correlati<\/h2>\n\n<ul  class=\"tribe-related-events tribe-clearfix\" >\n\t\t\t<li>\n\t\n<div class=\"tribe-related-events-thumbnail\">\n\t<a href=\"https:\/\/climate-hive.org\/it\/event\/adaptation-accelerator-hub-webinar-series-unlocking-private-capital-for-climate-adaptation\/\" class=\"url\" rel=\"bookmark\" tabindex=\"-1\" aria-hidden=\"true\"><img loading=\"lazy\" decoding=\"async\" width=\"1024\" height=\"512\" src=\"https:\/\/climate-hive.org\/wp-content\/uploads\/2026\/04\/Planting-banana-suckers-Chirundu-district-Zambia_Photo-credit-Mulapwa-Mukopole-UNDP-Zambia-1024x512.jpg\" class=\"attachment-large size-large wp-post-image\" alt=\"\" \/><\/a>\n<\/div>\n\t<div class=\"tribe-related-event-info\">\n\t<h3 class=\"tribe-related-events-title\">\n\t\t<a href=\"https:\/\/climate-hive.org\/it\/event\/adaptation-accelerator-hub-webinar-series-unlocking-private-capital-for-climate-adaptation\/\" class=\"tribe-event-url\" rel=\"bookmark\">\n\t\t\tSerie di webinar Adaptation Accelerator Hub: Sbloccare capitali privati per l'adattamento climatico\t\t<\/a>\n\t<\/h3>\n\t<span class=\"tribe-event-date-start\">29 aprile @ 14:00<\/span> - <span class=\"tribe-event-time\">15:30<\/span><\/div>\n<\/li>\n\t\t\t<li>\n\t\n<div class=\"tribe-related-events-thumbnail\">\n\t<a href=\"https:\/\/climate-hive.org\/it\/event\/climathon-organiser-training-2-systems-change\/\" class=\"url\" rel=\"bookmark\" tabindex=\"-1\" aria-hidden=\"true\"><img loading=\"lazy\" decoding=\"async\" width=\"1024\" height=\"683\" src=\"https:\/\/climate-hive.org\/wp-content\/uploads\/2026\/04\/Curitiba_Brazil_2mb-1-1024x683.jpg\" class=\"attachment-large size-large wp-post-image\" alt=\"\" \/><\/a>\n<\/div>\n\t<div class=\"tribe-related-event-info\">\n\t<h3 class=\"tribe-related-events-title\">\n\t\t<a href=\"https:\/\/climate-hive.org\/it\/event\/climathon-organiser-training-2-systems-change\/\" class=\"tribe-event-url\" rel=\"bookmark\">\n\t\t\tClimathon Formazione organizzativa #2: Dall'evento al cambiamento sistemico\t\t<\/a>\n\t<\/h3>\n\t<span class=\"tribe-event-date-start\">5 maggio alle 13:00<\/span> - <span class=\"tribe-event-time\">14:30<\/span><\/div>\n<\/li>\n\t\t\t<li>\n\t\n<div class=\"tribe-related-events-thumbnail\">\n\t<a href=\"https:\/\/climate-hive.org\/it\/event\/insights-green-and-digital-for-small-businesses\/\" class=\"url\" rel=\"bookmark\" tabindex=\"-1\" aria-hidden=\"true\"><img loading=\"lazy\" decoding=\"async\" width=\"1024\" height=\"576\" src=\"https:\/\/climate-hive.org\/wp-content\/uploads\/2026\/04\/getty-images-Sf2MBY7xIkY-unsplash-1024x576.jpg\" class=\"attachment-large size-large wp-post-image\" alt=\"\" \/><\/a>\n<\/div>\n\t<div class=\"tribe-related-event-info\">\n\t<h3 class=\"tribe-related-events-title\">\n\t\t<a href=\"https:\/\/climate-hive.org\/it\/event\/insights-green-and-digital-for-small-businesses\/\" class=\"tribe-event-url\" rel=\"bookmark\">\n\t\t\tApprofondimenti: Verde e digitale. Cosa significa in pratica per le piccole imprese\u00a0\t\t<\/a>\n\t<\/h3>\n\t<span class=\"tribe-event-date-start\">6 maggio alle 14:00<\/span> - <span class=\"tribe-event-time\">15:00<\/span><\/div>\n<\/li>\n\t<\/ul>\n\n\n<div  class=\"tribe-block tribe-block--virtual-event\" >\n    <\/div>","protected":false},"excerpt":{"rendered":"<p>Il Programma di Lavoro 2026-2027 \u00e8 stato adottato dalla Commissione europea, con 4,9 miliardi di euro destinati all'azione per il clima. Ci sono opportunit\u00e0 per l'apprendimento, la sperimentazione e l'espansione del proprio business. [\u2026]<\/p>","protected":false},"author":3,"featured_media":6175,"comment_status":"open","ping_status":"closed","template":"","meta":{"_acf_changed":false,"_tec_requires_first_save":false,"_bbp_topic_count":0,"_bbp_reply_count":0,"_bbp_total_topic_count":0,"_bbp_total_reply_count":0,"_bbp_voice_count":0,"_bbp_anonymous_reply_count":0,"_bbp_topic_count_hidden":0,"_bbp_reply_count_hidden":0,"_bbp_forum_subforum_count":0,"pmpro_default_level":"","inline_featured_image":false,"_price":"","_stock":"","_tribe_ticket_header":"","_tribe_default_ticket_provider":"TEC\\Tickets\\Commerce\\Module","_ticket_start_date":"","_ticket_end_date":"","_tribe_ticket_show_description":"","_tribe_ticket_show_not_going":false,"_tribe_ticket_use_global_stock":"","_tribe_ticket_global_stock_level":"","_global_stock_mode":"","_global_stock_cap":"","_tribe_rsvp_for_event":"","_tribe_ticket_going_count":"","_tribe_ticket_not_going_count":"","_tribe_tickets_list":"[]","_tribe_ticket_has_attendee_info_fields":false,"_EventAllDay":false,"_EventTimezone":"Europe\/Madrid","_EventStartDate":"2026-01-28 16:00:00","_EventEndDate":"2026-01-28 17:00:00","_EventStartDateUTC":"2026-01-28 15:00:00","_EventEndDateUTC":"2026-01-28 16:00:00","_EventShowMap":false,"_EventShowMapLink":false,"_EventURL":"","_EventCost":"Free","_EventCostDescription":"","_EventCurrencySymbol":"\u20ac","_EventCurrencyCode":"EUR","_EventCurrencyPosition":"prefix","_EventDateTimeSeparator":"@","_EventTimeRangeSeparator":"-","_EventOrganizerID":[3881],"_EventVenueID":[],"_OrganizerEmail":"","_OrganizerPhone":"","_OrganizerWebsite":"","_VenueAddress":"","_VenueCity":"","_VenueCountry":"","_VenueProvince":"","_VenueState":"","_VenueZip":"","_VenuePhone":"","_VenueURL":"","_VenueStateProvince":"","_VenueLat":"","_VenueLng":"","_VenueShowMap":false,"_VenueShowMapLink":false,"_tribe_blocks_recurrence_rules":"","_tribe_blocks_recurrence_description":"","_tribe_blocks_recurrence_exclusions":"","_tribe_events_status":"","_tribe_events_status_reason":"","_tribe_events_is_hybrid":"","_tribe_events_is_virtual":"yes","_tribe_events_virtual_video_source":"video","_tribe_events_virtual_embed_video":"","_tribe_events_virtual_linked_button_text":"","_tribe_events_virtual_linked_button":"","_tribe_events_virtual_show_embed_at":"immediately","_tribe_events_virtual_show_embed_to":["rsvp"],"_tribe_events_virtual_show_on_event":"yes","_tribe_events_virtual_show_on_views":"yes","_tribe_events_virtual_url":"https:\/\/climate-kic-org.zoom.us\/j\/86566694177?pwd=KbSuFDqdQNblWV2o0269qfQR7egxu2.1","footnotes":"","_tec_slr_enabled":"","_tec_slr_layout":""},"tags":[46,196,257],"tribe_events_cat":[85,258,2,11,12],"class_list":["post-6172","tribe_events","type-tribe_events","status-publish","has-post-thumbnail","hentry","tag-eu","tag-funding","tag-horizon-europe","tribe_events_cat-community-event","tribe_events_cat-community-insights","tribe_events_cat-networking","tribe_events_cat-online","tribe_events_cat-organised-by-climate-kic","pmpro-has-access","cat_community-event","cat_community-insights","cat_networking","cat_online","cat_organised-by-climate-kic","tribe-events-virtual-event"],"acf":[],"ticketed":["rsvp"],"_links":{"self":[{"href":"https:\/\/climate-hive.org\/it\/wp-json\/wp\/v2\/tribe_events\/6172","targetHints":{"allow":["GET"]}}],"collection":[{"href":"https:\/\/climate-hive.org\/it\/wp-json\/wp\/v2\/tribe_events"}],"about":[{"href":"https:\/\/climate-hive.org\/it\/wp-json\/wp\/v2\/types\/tribe_events"}],"author":[{"embeddable":true,"href":"https:\/\/climate-hive.org\/it\/wp-json\/wp\/v2\/users\/3"}],"replies":[{"embeddable":true,"href":"https:\/\/climate-hive.org\/it\/wp-json\/wp\/v2\/comments?post=6172"}],"version-history":[{"count":16,"href":"https:\/\/climate-hive.org\/it\/wp-json\/wp\/v2\/tribe_events\/6172\/revisions"}],"predecessor-version":[{"id":6626,"href":"https:\/\/climate-hive.org\/it\/wp-json\/wp\/v2\/tribe_events\/6172\/revisions\/6626"}],"wp:featuredmedia":[{"embeddable":true,"href":"https:\/\/climate-hive.org\/it\/wp-json\/wp\/v2\/media\/6175"}],"wp:attachment":[{"href":"https:\/\/climate-hive.org\/it\/wp-json\/wp\/v2\/media?parent=6172"}],"wp:term":[{"taxonomy":"post_tag","embeddable":true,"href":"https:\/\/climate-hive.org\/it\/wp-json\/wp\/v2\/tags?post=6172"},{"taxonomy":"tribe_events_cat","embeddable":true,"href":"https:\/\/climate-hive.org\/it\/wp-json\/wp\/v2\/tribe_events_cat?post=6172"}],"curies":[{"name":"wp","href":"https:\/\/api.w.org\/{rel}","templated":true}]}}