{"id":16,"date":"2025-02-04T11:35:16","date_gmt":"2025-02-04T11:35:16","guid":{"rendered":"https:\/\/climate-hive.org\/membership-levels\/"},"modified":"2026-03-10T17:06:32","modified_gmt":"2026-03-10T17:06:32","slug":"membership-levels","status":"publish","type":"page","link":"https:\/\/climate-hive.org\/pl\/membership-levels\/","title":{"rendered":"Witamy w spo\u0142eczno\u015bci"},"content":{"rendered":"<div class=\"wp-block-group headline container\"><div class=\"wp-block-group__inner-container is-layout-constrained wp-block-group-is-layout-constrained\">\n<h2 class=\"wp-block-heading has-text-align-center\">Sie\u0107, budowanie potencja\u0142u, innowacje <\/h2>\n\n\n\n<p class=\"has-text-align-center\">Jako cz\u0142onek jeste\u015b cz\u0119\u015bci\u0105 aktywnej sieci innowator\u00f3w, ekspert\u00f3w i tw\u00f3rc\u00f3w zmian, zaanga\u017cowanych w prowadzenie systemowych dzia\u0142a\u0144 na rzecz klimatu. Oto, jak mo\u017cesz pozosta\u0107 zaanga\u017cowany i jak najlepiej wykorzysta\u0107 swoje cz\u0142onkostwo.<\/p>\n<\/div><\/div>\n\n\n\n<div class=\"wp-block-group container\"><div class=\"wp-block-group__inner-container is-layout-constrained wp-block-group-is-layout-constrained\">\n<h3 class=\"wp-block-heading\">Dla firm i organizacji<\/h3>\n\n\n<div class=\"pricing-table\">\n    <div class=\"container flex flex-wrap flex-content-center\">\n                                <div class=\"level level-24\">\n                <div class=\"key-data flex flex-content-space-between\">\n                    <div class=\"name-and-pricing\">\n                        <h4 class=\"level-title\">\n                            Mikroprzedsi\u0119biorstwo                        <\/h4>\n                        <div class=\"level-price\" data-default=\"1,000.00&euro;\">\n                            <strong class=\"main-price\">1,000.00\u20ac<\/strong><span class=\"cycle-period cycle-main\">per Year<\/span>                        <\/div>\n                    <\/div>\n\n                    <div class=\"plan-badge\">\n                        <img decoding=\"async\" class=\"level-badge level-micro-enterprise\" src=\"https:\/\/climate-hive.org\/wp-content\/themes\/climate-kic\/_dist\/img\/standard.png\" alt=\"Micro Enterprise\" \/>                    <\/div>\n                <\/div>\n                <div class=\"description\">\n                    <span data-teams=\"true\">Idealny dla samozatrudnionych profesjonalist\u00f3w lub zespo\u0142\u00f3w do 2 pracownik\u00f3w (mniej ni\u017c <strong>150 tys. euro rocznego przychodu<\/strong>) <\/span>gotowi przekszta\u0142ci\u0107 wyzwania klimatyczne w rozw\u00f3j biznesu.\r\n\r\n<hr \/>\r\n\r\n<h3>Co zawiera<\/h3>\r\n<ul>\r\n \t<li>Og\u00f3lnoeuropejski i globalny dost\u0119p do sieci<\/li>\r\n \t<li>Dostosowane mo\u017cliwo\u015bci uczenia si\u0119<\/li>\r\n \t<li>Wsparcie w skalowaniu innowacji klimatycznych<\/li>\r\n \t<li>2 licencje u\u017cytkownika na Climate Hive<\/li>\r\n<\/ul>                <\/div>\n                <div class=\"select-plan flex\">\n                    \t<a class=\"pmpro_btn pmpro_btn-select\" href=\"https:\/\/climate-hive.org\/pl\/membership-checkout\/?level=24\">Zarejestruj si\u0119<\/a>\r\n\t                <\/div>\n            <\/div>\n                                <div class=\"level level-23\">\n                <div class=\"key-data flex flex-content-space-between\">\n                    <div class=\"name-and-pricing\">\n                        <h4 class=\"level-title\">\n                            Ma\u0142e przedsi\u0119biorstwo                        <\/h4>\n                        <div class=\"level-price\" data-default=\"5,000.00&euro;\">\n                            <strong class=\"main-price\">5,000.00\u20ac<\/strong><span class=\"cycle-period cycle-main\">per Year<\/span>                        <\/div>\n                    <\/div>\n\n                    <div class=\"plan-badge\">\n                        <img decoding=\"async\" class=\"level-badge level-small-enterprise\" src=\"https:\/\/climate-hive.org\/wp-content\/themes\/climate-kic\/_dist\/img\/standard.png\" alt=\"Small Enterprise\" \/>                    <\/div>\n                <\/div>\n                <div class=\"description\">\n                    Zaprojektowany dla ma\u0142ych zespo\u0142\u00f3w (<strong>od 150 tys. euro do 1 mln euro rocznego przychodu<\/strong>), kt\u00f3rej celem jest utrzymanie elastyczno\u015bci podczas rozwijania swojej dzia\u0142alno\u015bci i rozwijania swoich ekologicznych, innowacyjnych rozwi\u0105za\u0144.\r\n\r\n<hr \/>\r\n\r\n<h3>Co wchodzi w sk\u0142ad zestawu?<\/h3>\r\n<ul>\r\n \t<li>Dost\u0119p do informacji o finansowaniu<\/li>\r\n \t<li>Kursy mistrzowskie prowadzone przez ekspert\u00f3w<\/li>\r\n \t<li>Mo\u017cliwo\u015bci rozwoju biznesu<\/li>\r\n \t<li>5 licencji u\u017cytkownika na Climate Hive<\/li>\r\n<\/ul>                <\/div>\n                <div class=\"select-plan flex\">\n                    \t<a class=\"pmpro_btn pmpro_btn-select\" href=\"https:\/\/climate-hive.org\/pl\/membership-checkout\/?level=23\">Zarejestruj si\u0119<\/a>\r\n\t                <\/div>\n            <\/div>\n                                <div class=\"level level-22\">\n                <div class=\"key-data flex flex-content-space-between\">\n                    <div class=\"name-and-pricing\">\n                        <h4 class=\"level-title\">\n                            \u015arednie przedsi\u0119biorstwo                        <\/h4>\n                        <div class=\"level-price\" data-default=\"15,000.00&euro;\">\n                            <strong class=\"main-price\">15,000.00\u20ac<\/strong><span class=\"cycle-period cycle-main\">per Year<\/span>                        <\/div>\n                    <\/div>\n\n                    <div class=\"plan-badge\">\n                        <img decoding=\"async\" class=\"level-badge level-medium-enterprise\" src=\"https:\/\/climate-hive.org\/wp-content\/themes\/climate-kic\/_dist\/img\/standard.png\" alt=\"Medium Enterprise\" \/>                    <\/div>\n                <\/div>\n                <div class=\"description\">\n                    Cz\u0142onkostwo premium stworzone dla \u015brednich firm (<strong>od 1 mln EUR do 5 mln EUR rocznego przychodu<\/strong>), kt\u00f3re chc\u0105 skalowa\u0107 swoje produkty na nowych rynkach i kszta\u0142towa\u0107 ekologiczn\u0105 transformacj\u0119 w Europie.\r\n\r\n<hr \/>\r\n\r\n<h3>Co wchodzi w sk\u0142ad zestawu?<\/h3>\r\n<ul>\r\n \t<li>Dost\u0119p premium do program\u00f3w partnerskich<\/li>\r\n \t<li>Wgl\u0105d w polityk\u0119 UE i laboratoria<\/li>\r\n \t<li>Pilota\u017ce innowacji<\/li>\r\n \t<li>10 licencji u\u017cytkownika na Climate Hive<\/li>\r\n<\/ul>                <\/div>\n                <div class=\"select-plan flex\">\n                    \t<a class=\"pmpro_btn pmpro_btn-select\" href=\"https:\/\/climate-hive.org\/pl\/membership-checkout\/?level=22\">Zarejestruj si\u0119<\/a>\r\n\t                <\/div>\n            <\/div>\n            <\/div>\n<\/div>\n\n\n\n\n<p><\/p>\n\n\n\n<h3 class=\"wp-block-heading\">Dla os\u00f3b fizycznych<\/h3>\n\n\n<div class=\"pricing-table\">\n    <div class=\"container flex flex-wrap flex-content-center\">\n                                <div class=\"level level-1\">\n                <div class=\"key-data flex flex-content-space-between\">\n                    <div class=\"name-and-pricing\">\n                        <h4 class=\"level-title\">\n                            Impact Professionals                        <\/h4>\n                        <div class=\"level-price\" data-default=\"14.90&euro;\">\n                            <strong class=\"main-price\">14.90\u20ac<\/strong>\n    <label for=\"L-1-P-0\" class=\"toggle\">\n        <input type=\"checkbox\" id=\"L-1-P-0\" name=\"L-1-P-0\" value=\"149.90&euro;\"\/>\n        <span class=\"slider\"><\/span>\n    <\/label><span class=\"cycle-period cycle-L-1-P-0\">per Year<\/span><span class=\"cycle-period cycle-main\">per Month<\/span>                        <\/div>\n                    <\/div>\n\n                    <div class=\"plan-badge\">\n                        <img decoding=\"async\" class=\"level-badge level-impact-professionals\" src=\"https:\/\/climate-hive.org\/wp-content\/themes\/climate-kic\/_dist\/img\/standard.png\" alt=\"Impact Professionals\" \/>                    <\/div>\n                <\/div>\n                <div class=\"description\">\n                    Dla zaanga\u017cowanych os\u00f3b poszukuj\u0105cych znacz\u0105cych kontakt\u00f3w, partnerstw i mo\u017cliwo\u015bci uczenia si\u0119 z innymi innowatorami klimatycznymi\r\n\r\n<hr \/>\r\n\r\n<h3>Co wchodzi w sk\u0142ad zestawu?<\/h3>\r\n<ul>\r\n \t<li>A <strong>30-dniowy bezp\u0142atny okres pr\u00f3bny<\/strong><\/li>\r\n \t<li>Lista katalog\u00f3w cz\u0142onk\u00f3w<\/li>\r\n \t<li>Zaproszenia na wirtualne i osobiste sesje networkingowe<\/li>\r\n \t<li>Tematyczne sesje edukacyjne i kursy<\/li>\r\n \t<li>Dost\u0119p do naszej bazy wiedzy<\/li>\r\n \t<li>Licencja na mark\u0119 i metodologi\u0119 Climathon<\/li>\r\n<\/ul>                <\/div>\n                <div class=\"select-plan flex\">\n                    \t<a class=\"pmpro_btn pmpro_btn-select\" href=\"https:\/\/climate-hive.org\/pl\/membership-checkout\/?level=1\">Zarejestruj si\u0119<\/a>\r\n\t                <\/div>\n            <\/div>\n            <\/div>\n<\/div>\n\n\n\n\n<div class=\"wp-block-group colour-banner container has-background\" style=\"background-color:#006fcf\"><div class=\"wp-block-group__inner-container is-layout-constrained wp-block-group-is-layout-constrained\">\n<h2 class=\"wp-block-heading has-text-align-center has-white-color has-text-color has-link-color wp-elements-d761abe7e495958ecf10545e423c9a38\">Masz pytania dotycz\u0105ce cz\u0142onkostwa?<\/h2>\n\n\n\n<p class=\"has-text-align-center has-white-color has-text-color has-link-color wp-elements-e125ba09ffb74b002d7c06a079fc39d7\">Jeste\u015bmy tutaj, aby upewni\u0107 si\u0119, \u017ce w pe\u0142ni wykorzystasz swoje cz\u0142onkostwo. Um\u00f3w si\u0119 na szybki czat z naszym zespo\u0142em, a odpowiemy na wszelkie pytania dotycz\u0105ce plan\u00f3w, funkcji i korzy\u015bci.<\/p>\n\n\n\n<div class=\"wp-block-buttons is-content-justification-center is-layout-flex wp-container-core-buttons-is-layout-16018d1d wp-block-buttons-is-layout-flex\">\n<div class=\"wp-block-button\"><a class=\"wp-block-button__link has-black-color has-white-background-color has-text-color has-background has-link-color has-text-align-center wp-element-button\" href=\"https:\/\/outlook.office.com\/book\/ClimateKICCommunity@climate-kic.org\/?ismsaljsauthenabled\">ZAREZERWUJ SPOTKANIE<\/a><\/div>\n<\/div>\n<\/div><\/div>\n<\/div><\/div>\n\n\n\n<div class=\"wp-block-group accordion-faq grey\"><div class=\"wp-block-group__inner-container is-layout-constrained wp-block-group-is-layout-constrained\">\n<div class=\"wp-block-columns container is-layout-flex wp-container-core-columns-is-layout-9d6595d7 wp-block-columns-is-layout-flex\">\n<div class=\"wp-block-column is-vertically-aligned-top is-layout-flow wp-block-column-is-layout-flow\">\n<h2 class=\"wp-block-heading has-text-align-center\">Cz\u0119sto zadawane pytania:<\/h2>\n<\/div>\n\n\n\n<div class=\"wp-block-column is-layout-flow wp-block-column-is-layout-flow\">\n<div class=\"wp-block-group accordion\"><div class=\"wp-block-group__inner-container is-layout-constrained wp-block-group-is-layout-constrained\">\n<details class=\"wp-block-details is-layout-flow wp-block-details-is-layout-flow\"><summary>Dla kogo przeznaczona jest spo\u0142eczno\u015b\u0107 Climate KIC?<\/summary>\n<p>Spo\u0142eczno\u015b\u0107 Climate KIC jest przeznaczona dla innowator\u00f3w klimatycznych, M\u015aP, organizacji publicznych i prywatnych oraz indywidualnych specjalist\u00f3w, kt\u00f3rzy chc\u0105 wsp\u00f3\u0142pracowa\u0107, uczy\u0107 si\u0119 i skalowa\u0107 rozwi\u0105zania klimatyczne. Ka\u017cdy poziom cz\u0142onkostwa jest dostosowany do r\u00f3\u017cnych typ\u00f3w i rozmiar\u00f3w organizacji, a tak\u017ce indywidualnych praktyk\u00f3w.<\/p>\n<\/details>\n\n\n\n<details class=\"wp-block-details is-layout-flow wp-block-details-is-layout-flow\"><summary>Jak zosta\u0107 cz\u0142onkiem?<\/summary>\n<p>Mo\u017cesz do\u0142\u0105czy\u0107 jako indywidualny profesjonalista lub jako organizacja. Wszystkie poziomy cz\u0142onkostwa i ich funkcje s\u0105 wymienione powy\u017cej. Wystarczy wybra\u0107 poziom, kt\u00f3ry najlepiej odpowiada Twoim potrzebom i sfinalizowa\u0107 zakup. Po potwierdzeniu cz\u0142onkostwa odblokujesz pe\u0142ny dost\u0119p do platformy i funkcji spo\u0142eczno\u015bciowych na wybranym poziomie.<\/p>\n<\/details>\n\n\n\n<details class=\"wp-block-details is-layout-flow wp-block-details-is-layout-flow\"><summary>Ile kosztuje cz\u0142onkostwo?<\/summary>\n<p>Ka\u017cde cz\u0142onkostwo ma sw\u00f3j w\u0142asny cennik, wyszczeg\u00f3lniony powy\u017cej. Op\u0142aty za cz\u0142onkostwo s\u0105 naliczane rocznie, a dla cz\u0142onk\u00f3w Impact Professional dost\u0119pna jest opcja p\u0142atno\u015bci miesi\u0119cznych.<\/p>\n<\/details>\n\n\n\n<details class=\"wp-block-details is-layout-flow wp-block-details-is-layout-flow\"><summary>Jak anulowa\u0107 cz\u0142onkostwo?<\/summary>\n<p>Mo\u017cesz j\u0105 anulowa\u0107 w dowolnym momencie pod <strong>Ustawienia &gt; Moje cz\u0142onkostwo<\/strong>.<\/p>\n<\/details>\n\n\n\n<details class=\"wp-block-details is-layout-flow wp-block-details-is-layout-flow\"><summary>Jaka jest r\u00f3\u017cnica mi\u0119dzy cz\u0142onkostwem indywidualnym a organizacyjnym?<\/summary>\n<p>Cz\u0142onkostwa indywidualne (takie jak Impact Professional) s\u0105 przeznaczone dla pojedynczych profesjonalist\u00f3w, kt\u00f3rzy chc\u0105 rozwija\u0107 swoje umiej\u0119tno\u015bci, sie\u0107 kontakt\u00f3w i wp\u0142yw. Cz\u0142onkostwa organizacyjne (Micro, Small, Medium Enterprise) s\u0105 przeznaczone dla zespo\u0142\u00f3w i firm i obejmuj\u0105 korzy\u015bci, takie jak wiele miejsc dla u\u017cytkownik\u00f3w, widoczno\u015b\u0107 w spo\u0142eczno\u015bci i dost\u0119p do dostosowanych mo\u017cliwo\u015bci.<\/p>\n<\/details>\n\n\n\n<details class=\"wp-block-details is-layout-flow wp-block-details-is-layout-flow\"><summary>Co dzieje si\u0119 po rejestracji?<\/summary>\n<p>Po sfinalizowaniu zakupu otrzymasz wiadomo\u015b\u0107 e-mail z potwierdzeniem i uzyskasz dost\u0119p do platformy. Nast\u0119pnie mo\u017cesz skonfigurowa\u0107 sw\u00f3j profil, eksplorowa\u0107 spo\u0142eczno\u015b\u0107, do\u0142\u0105cza\u0107 do wydarze\u0144 i zacz\u0105\u0107 korzysta\u0107 z funkcji zawartych na Twoim poziomie cz\u0142onkostwa.<\/p>\n<\/details>\n\n\n\n<details class=\"wp-block-details is-layout-flow wp-block-details-is-layout-flow\"><summary>Czy mog\u0119 p\u00f3\u017aniej podwy\u017cszy\u0107 lub obni\u017cy\u0107 poziom cz\u0142onkostwa?<\/summary>\n<p>Mo\u017cesz poprosi\u0107 o zmian\u0119 poziomu cz\u0142onkostwa. Zmianami mo\u017cna zarz\u0105dza\u0107 poprzez <strong>Ustawienia &gt; Moje cz\u0142onkostwo<\/strong>.<\/p>\n<\/details>\n\n\n\n<details class=\"wp-block-details is-layout-flow wp-block-details-is-layout-flow\"><summary>Potrzebuj\u0119 wsparcia, z kim powinienem si\u0119 skontaktowa\u0107?<\/summary>\n<p>W przypadku jakichkolwiek pyta\u0144 prosimy o kontakt pod adresem community@climate-kic.org<\/p>\n<\/details>\n<\/div><\/div>\n<\/div>\n<\/div>\n<\/div><\/div>\n\n\n\n<p><\/p>","protected":false},"excerpt":{"rendered":"<p>Sie\u0107, Rozwijaj potencja\u0142, Innowacje Jako cz\u0142onek jeste\u015b cz\u0119\u015bci\u0105 aktywnej sieci innowator\u00f3w, ekspert\u00f3w i dzia\u0142aczy na rzecz zmian, zaanga\u017cowanych w podejmowanie systemowych dzia\u0142a\u0144 klimatycznych. Oto, jak mo\u017cesz pozosta\u0107 zaanga\u017cowany [\u2026]<\/p>","protected":false},"author":1,"featured_media":3990,"parent":0,"menu_order":0,"comment_status":"closed","ping_status":"closed","template":"page-general.php","meta":{"_acf_changed":false,"_tec_requires_first_save":true,"_bbp_topic_count":0,"_bbp_reply_count":0,"_bbp_total_topic_count":0,"_bbp_total_reply_count":0,"_bbp_voice_count":0,"_bbp_anonymous_reply_count":0,"_bbp_topic_count_hidden":0,"_bbp_reply_count_hidden":0,"_bbp_forum_subforum_count":0,"pmpro_default_level":"","inline_featured_image":false,"_price":"","_stock":"","_tribe_ticket_header":"","_tribe_default_ticket_provider":"","_ticket_start_date":"","_ticket_end_date":"","_tribe_ticket_show_description":"","_tribe_ticket_show_not_going":false,"_tribe_ticket_use_global_stock":"","_tribe_ticket_global_stock_level":"","_global_stock_mode":"","_global_stock_cap":"","_tribe_rsvp_for_event":"","_tribe_ticket_going_count":"","_tribe_ticket_not_going_count":"","_tribe_tickets_list":"[]","_tribe_ticket_has_attendee_info_fields":false,"_EventAllDay":false,"_EventTimezone":"","_EventStartDate":"","_EventEndDate":"","_EventStartDateUTC":"","_EventEndDateUTC":"","_EventShowMap":false,"_EventShowMapLink":false,"_EventURL":"","_EventCost":"","_EventCostDescription":"","_EventCurrencySymbol":"","_EventCurrencyCode":"","_EventCurrencyPosition":"","_EventDateTimeSeparator":"","_EventTimeRangeSeparator":"","_EventOrganizerID":[],"_EventVenueID":[],"_OrganizerEmail":"","_OrganizerPhone":"","_OrganizerWebsite":"","_VenueAddress":"","_VenueCity":"","_VenueCountry":"","_VenueProvince":"","_VenueState":"","_VenueZip":"","_VenuePhone":"","_VenueURL":"","_VenueStateProvince":"","_VenueLat":"","_VenueLng":"","_VenueShowMap":false,"_VenueShowMapLink":false,"_tribe_blocks_recurrence_rules":"","_tribe_blocks_recurrence_description":"","_tribe_blocks_recurrence_exclusions":"","footnotes":""},"page_tag":[50],"class_list":["post-16","page","type-page","status-publish","has-post-thumbnail","hentry","page_tag-join-now","pmpro-has-access"],"acf":[],"_links":{"self":[{"href":"https:\/\/climate-hive.org\/pl\/wp-json\/wp\/v2\/pages\/16","targetHints":{"allow":["GET"]}}],"collection":[{"href":"https:\/\/climate-hive.org\/pl\/wp-json\/wp\/v2\/pages"}],"about":[{"href":"https:\/\/climate-hive.org\/pl\/wp-json\/wp\/v2\/types\/page"}],"author":[{"embeddable":true,"href":"https:\/\/climate-hive.org\/pl\/wp-json\/wp\/v2\/users\/1"}],"replies":[{"embeddable":true,"href":"https:\/\/climate-hive.org\/pl\/wp-json\/wp\/v2\/comments?post=16"}],"version-history":[{"count":30,"href":"https:\/\/climate-hive.org\/pl\/wp-json\/wp\/v2\/pages\/16\/revisions"}],"predecessor-version":[{"id":7248,"href":"https:\/\/climate-hive.org\/pl\/wp-json\/wp\/v2\/pages\/16\/revisions\/7248"}],"wp:featuredmedia":[{"embeddable":true,"href":"https:\/\/climate-hive.org\/pl\/wp-json\/wp\/v2\/media\/3990"}],"wp:attachment":[{"href":"https:\/\/climate-hive.org\/pl\/wp-json\/wp\/v2\/media?parent=16"}],"wp:term":[{"taxonomy":"page_tag","embeddable":true,"href":"https:\/\/climate-hive.org\/pl\/wp-json\/wp\/v2\/page_tag?post=16"}],"curies":[{"name":"wp","href":"https:\/\/api.w.org\/{rel}","templated":true}]}}