{"id":4180,"date":"2025-09-23T10:20:47","date_gmt":"2025-09-23T09:20:47","guid":{"rendered":"https:\/\/climate-hive.org\/?post_type=tribe_events&#038;p=4180"},"modified":"2025-09-24T15:34:24","modified_gmt":"2025-09-24T14:34:24","slug":"colab-accelerating-blue-green-economy-in-europes-coastal-communities","status":"publish","type":"tribe_events","link":"https:\/\/climate-hive.org\/pl\/event\/colab-accelerating-blue-green-economy-in-europes-coastal-communities\/","title":{"rendered":"CoLab: Przyspieszenie niebieskiej i zielonej gospodarki w europejskich spo\u0142eczno\u015bciach przybrze\u017cnych"},"content":{"rendered":"<div  class=\"tribe-events-schedule tribe-clearfix\" >\n\t<p class=\"tribe-events-schedule__datetime\">\n\t\t<span class=\"tribe-events-schedule__date tribe-events-schedule__date--start\">\n\t\t\t2 pa\u017adziernika 2025 r.\t\t<\/span>\n\n\t\t\t\t\t<span class=\"tribe-events-schedule__separator tribe-events-schedule__separator--date\">\n\t\t\t\t@\t\t\t<\/span>\n\t\t\t<span class=\"tribe-events-schedule__time tribe-events-schedule__time--start\">\n\t\t\t\t1:30\t\t\t<\/span>\n\t\t\n\t\t\t\t\t\t\t\t\t<span class=\"tribe-events-schedule__separator tribe-events-schedule__separator--time\">\n\t\t\t\t\t-\t\t\t\t<\/span>\n\t\t\t\n\t\t\t\t\t\t\t<span class=\"tribe-events-schedule__time tribe-events-schedule__time--end\">\n\t\t\t\t\t18:30\t\t\t\t<\/span>\n\t\t\t\n\t\t\t\t\t\t<\/p>\n<\/div>\n\n\n\n<h4 class=\"wp-block-heading\" style=\"font-size:18px\">Do\u0142\u0105cz do nas, aby wzi\u0105\u0107 udzia\u0142 w warsztatach z ekspertami, liderami bran\u017cy oraz publicznymi i prywatnymi interesariuszami i wsp\u00f3lnie z nami zaprojektowa\u0107 now\u0105 wsp\u00f3\u0142prac\u0119 i praktyczne mo\u017cliwo\u015bci odblokowania potencja\u0142u biznesowego w niebieskiej i zielonej gospodarce dla obszar\u00f3w przybrze\u017cnych.<\/h4>\n\n\n\n<p style=\"font-size:16px\">Niebieska gospodarka Europy i strefy przybrze\u017cne (spo\u0142eczno\u015bci, miasta, regiony i wyspy) stanowi\u0105 szacunkowo 13% europejskiego l\u0105du, ale mieszcz\u0105 40 % ludno\u015bci i PKB Europy, co czyni je kluczowym filarem.&nbsp;<\/p>\n\n\n\n<p style=\"font-size:16px\">Jednak zmiany klimatyczne zagra\u017caj\u0105 temu wszystkiemu. Wyzwania s\u0105 liczne, ale zyski ekonomiczne s\u0105 r\u00f3wnie wyk\u0142adnicze. Ale musimy dzia\u0142a\u0107 ju\u017c teraz!<\/p>\n\n\n\n<p style=\"font-size:16px\">W tym kontek\u015bcie Climate KIC rozpocz\u0119\u0142a wsp\u00f3\u0142prac\u0119 z regionem Sardynii, w szczeg\u00f3lno\u015bci z jego Agencj\u0105 Innowacji&nbsp;<a href=\"https:\/\/www.sardegnaricerche.it\/\">Sardegna Ricerche<\/a>&nbsp;poprzez projekt Interreg&nbsp;<a href=\"https:\/\/interreg-marittimo.eu\/web\/nest4esg\">Nest4ESG<\/a>. Wsp\u00f3lnie wspieramy zadania i dzia\u0142ania, kt\u00f3re sprzyjaj\u0105 innowacjom w zielonej i niebieskiej gospodarce, k\u0142ad\u0105c podwaliny pod zr\u00f3wnowa\u017cony wzrost i transformacj\u0119 systemow\u0105 na Sardynii i poza ni\u0105.<\/p>\n\n\n\n<p style=\"font-size:16px\">Climate KIC zaprasza do przy\u0142\u0105czenia si\u0119 do nas w nast\u0119puj\u0105cych dzia\u0142aniach&nbsp;<strong>Cagliari, W\u0142ochy<\/strong>&nbsp;w czwartek 2 pa\u017adziernika, aby wzi\u0105\u0107 udzia\u0142 w Laboratorium Wsp\u00f3\u0142pracy ze Spo\u0142eczno\u015bci\u0105 (CoLab) skupiaj\u0105cym si\u0119 na&nbsp;<strong>Przyspieszenie niebieskiej i zielonej gospodarki w spo\u0142eczno\u015bciach, regionach, miastach i terytoriach przybrze\u017cnych<\/strong>.<\/p>\n\n\n\n<p style=\"font-size:16px\">W tym Community CoLab zapraszamy kluczowych interesariuszy z sektora publicznego i prywatnego, przemys\u0142u morskiego i przybrze\u017cnego, decydent\u00f3w \u015brodowiskowych, regionalnych i lokalnych, naukowc\u00f3w i innowacyjnych przedsi\u0119biorc\u00f3w. Wsp\u00f3lnie b\u0119dziemy stara\u0107 si\u0119 inspirowa\u0107, badaj\u0105c nowe \u015bcie\u017cki wspierania zr\u00f3wnowa\u017conego rozwoju, ochrony r\u00f3\u017cnorodno\u015bci biologicznej i promowania odporno\u015bci w zmieniaj\u0105cym si\u0119 klimacie.<\/p>\n\n\n\n<p style=\"font-size:16px\"><strong>Warsztaty to dopiero pocz\u0105tek.<\/strong>&nbsp;Rozpoczynamy ruch, kt\u00f3ry \u0142\u0105czy podmioty publiczne i prywatne wsp\u00f3\u0142pracuj\u0105ce nad praktycznymi mo\u017cliwo\u015bciami pobudzania innowacji i odblokowywania nowego potencja\u0142u biznesowego w niebieskiej i zielonej gospodarce.<\/p>\n\n\n\n<p style=\"font-size:16px\">Do\u0142\u0105cz do nas, je\u015bli jeste\u015b gotowy, aby przygotowa\u0107 swoj\u0105 organizacj\u0119 na przysz\u0142o\u015b\u0107 i wsp\u00f3\u0142pracowa\u0107 z podobnie my\u015bl\u0105cymi organizacjami i innowatorami.<\/p>\n\n\n\n<div class=\"wp-block-buttons is-layout-flex wp-block-buttons-is-layout-flex\">\n<div class=\"wp-block-button\"><a class=\"wp-block-button__link wp-element-button\" href=\"https:\/\/forms.office.com\/e\/urgaH6LpVi\">Zarejestruj si\u0119 tutaj<\/a><\/div>\n<\/div>\n\n\n\n<h3 class=\"wp-block-heading\">Informacje o Climate KIC Community CoLabs<\/h3>\n\n\n\n<p style=\"font-size:16px\">Climate KIC jest gospodarzem czterech Laboratori\u00f3w Wsp\u00f3\u0142pracy (CoLabs) jesieni\u0105 2025 roku. W naszych laboratoriach CoLabs anga\u017cujemy publicznych i prywatnych interesariuszy z r\u00f3\u017cnych \u0142a\u0144cuch\u00f3w warto\u015bci w nasze wysi\u0142ki na rzecz po\u0142\u0105czenia zapotrzebowania na klimat z innowacyjnymi rozwi\u0105zaniami biznesowymi. Zag\u0142\u0119bimy si\u0119 w szereg temat\u00f3w:&nbsp;&nbsp;<\/p>\n\n\n\n<ul class=\"wp-block-list\">\n<li style=\"font-size:16px\"><a href=\"https:\/\/www.climate-kic.org\/events\/community-colab-beyond-the-legacy-of-deep-demonstration-slovenia\/\">Poza dziedzictwem Deep Demonstration S\u0142owenia<\/a>. Lublana (S\u0142owenia), 11 wrze\u015bnia 2025 r.<\/li>\n\n\n\n<li style=\"font-size:16px\"><a href=\"https:\/\/www.climate-kic.org\/events\/community-colab-cagliari\/\">Przyspieszenie niebieskiej i zielonej gospodarki w europejskich spo\u0142eczno\u015bciach przybrze\u017cnych<\/a>. Cagliari (W\u0142ochy), 2 pa\u017adziernika 2025 r.<\/li>\n\n\n\n<li style=\"font-size:16px\"><a href=\"https:\/\/www.climate-kic.org\/events\/community-colab-community-housing-barcelona\/\">Mieszkalnictwo kierowane przez spo\u0142eczno\u015b\u0107 i zr\u00f3wnowa\u017cone transformacje: Przypadek Barcelony<\/a>a. Barcelona (Katalonia, Hiszpania), 10 pa\u017adziernika 2025 r.<\/li>\n\n\n\n<li style=\"font-size:16px\"><a href=\"https:\/\/www.climate-kic.org\/events\/community-colab-public-private-partnerships-warsaw\/\">Rozw\u00f3j zielonego partnerstwa publiczno-prywatnego: Przypadek Polski i nie tylko<\/a>. Warszawa (Polska), 22 pa\u017adziernika 2025 r.<\/li>\n<\/ul>\n\n\n\n<p style=\"font-size:16px\">Community CoLabs s\u0105 wspierane przez&nbsp;<a href=\"https:\/\/www.eit.europa.eu\/\">Europejski Instytut Innowacji i Technologii (EIT)<\/a>, organ Unii Europejskiej.<\/p>\n\n\n\n<p><\/p>\n\n\n\n<h3 class=\"wp-block-heading\">Informacje o Sardegna Ricerche i Enterprise Europe Network<\/h3>\n\n\n\n<p style=\"font-size:16px\">Sardegna Ricerche jest Agencj\u0105 Innowacji Regionu Sardynii, kt\u00f3rej cele dotycz\u0105 promocji bada\u0144, technologii, innowacji, zarz\u0105dzania Parkiem Naukowo-Technologicznym, a tak\u017ce finansowania sardy\u0144skich przedsi\u0119biorstw i bada\u0144 za po\u015brednictwem EFRR. Sardegna Ricerche uczestniczy w kilku projektach finansowanych ze \u015brodk\u00f3w europejskich, mi\u0119dzy innymi jest partnerem projektu&nbsp;<a href=\"https:\/\/een.ec.europa.eu\/\">Enterprise Europe Network (EEN)<\/a>&nbsp;od 2008 roku. Sie\u0107 wspiera przedsi\u0119biorstwa i organizmy badawcze w ich \u015bcie\u017ckach innowacji, rozwoju na poziomie mi\u0119dzynarodowym i tworzeniu partnerstw na ca\u0142ym \u015bwiecie. Jest to najwi\u0119ksza na \u015bwiecie sie\u0107 wsparcia dla ma\u0142ych i \u015brednich przedsi\u0119biorstw (M\u015aP) o ambicjach mi\u0119dzynarodowych.<\/p>\n\n\n<div  class=\"tribe-block tribe-block__event-price\" >\n\t\t<\/div>\n\n\n<div  class=\"tribe-block tribe-block__organizer__details tribe-clearfix\" >\n    <h4>Organiser details<\/h4>\n\t<div class=\"tribe-block__organizer__title\">\n\t\t<h3><a href=\"https:\/\/climate-hive.org\/pl\/organizator\/climate-kic-community\/\" title=\"Climate KIC Community\" target=\"_self\" rel=\"\">Climate KIC Community<\/a><\/h3>\n\t<\/div>\n\t\t\t\t<p class=\"tribe-block__organizer__website\"><a href=\"https:\/\/climate-hive.org\/pl\/\" target=\"_self\" rel=\"external\">Zobacz witryn\u0119 internetow\u0105 Organizator<\/a><\/p>\n\t\t\t\t<p class=\"tribe-block__organizer__email\">community@climate-kic.org<\/p>\n\t<\/div>\n\n\n<div  class=\"tribe-block tribe-block__venue tribe-clearfix\" >\n\t\n\t\t\n\t<\/div>\n\n\n\n\n\t<div  class=\"tribe-block tribe-block__events-link\" >\n\t\t<div class=\"tribe-events tribe-common\">\n\t\t\t<div class=\"tribe-events-c-subscribe-dropdown__container\">\n\t\t\t\t<div class=\"tribe-events-c-subscribe-dropdown\">\n\t\t\t\t\t<div class=\"tribe-common-c-btn-border tribe-events-c-subscribe-dropdown__button\">\n\t\t\t\t\t\t<svg  class=\"tribe-common-c-svgicon tribe-common-c-svgicon--cal-export tribe-events-c-subscribe-dropdown__export-icon\"  xmlns=\"http:\/\/www.w3.org\/2000\/svg\" width=\"24\" height=\"24\" viewbox=\"0 0 24 24\" fill=\"none\">\n    <path\n        d=\"M9 6L12 3M12 3L15 6M12 3V13M7.00023 10C6.06835 10 5.60241 10 5.23486 10.1522C4.74481 10.3552 4.35523 10.7448 4.15224 11.2349C4 11.6024 4 12.0681 4 13V17.8C4 18.9201 4 19.4798 4.21799 19.9076C4.40973 20.2839 4.71547 20.5905 5.0918 20.7822C5.5192 21 6.07899 21 7.19691 21H16.8036C17.9215 21 18.4805 21 18.9079 20.7822C19.2842 20.5905 19.5905 20.2839 19.7822 19.9076C20 19.4802 20 18.921 20 17.8031V13C20 12.0681 19.9999 11.6024 19.8477 11.2349C19.6447 10.7448 19.2554 10.3552 18.7654 10.1522C18.3978 10 17.9319 10 17 10\"\n        stroke=\"#142930\" stroke-width=\"2\" stroke-linecap=\"round\" stroke-linejoin=\"round\"\/>\n<\/svg>\n\t\t\t\t\t\t<button\n\t\t\t\t\t\t\tclass=\"tribe-events-c-subscribe-dropdown__button-text\"\n\t\t\t\t\t\t\taria-expanded=\"false\"\n\t\t\t\t\t\t\taria-controls=\"tribe-events-subscribe-dropdown-content\"\n\t\t\t\t\t\t\taria-label=\"Wy\u015bwietl linki do dodawania wydarze\u0144 do kalendarza\"\n\t\t\t\t\t\t>\n\t\t\t\t\t\t\tDodaj do kalendarza\t\t\t\t\t\t<\/button>\n\t\t\t\t\t\t<svg\n\t class=\"tribe-common-c-svgicon tribe-common-c-svgicon--caret-down tribe-events-c-subscribe-dropdown__button-icon\" \taria-hidden=\"true\"\n\tviewbox=\"0 0 10 7\"\n\txmlns=\"http:\/\/www.w3.org\/2000\/svg\"\n>\n\t<path fill-rule=\"evenodd\" clip-rule=\"evenodd\" d=\"M1.008.609L5 4.6 8.992.61l.958.958L5 6.517.05 1.566l.958-.958z\" class=\"tribe-common-c-svgicon__svg-fill\"\/>\n<\/svg>\n\t\t\t\t\t<\/div>\n\t\t\t\t\t<div id=\"tribe-events-subscribe-dropdown-content\" class=\"tribe-events-c-subscribe-dropdown__content\">\n\t\t\t\t\t\t<ul class=\"tribe-events-c-subscribe-dropdown__list\">\n\t\t\t\t\t\t\t\t\t\t\t\t\t\t\t<li class=\"tribe-events-c-subscribe-dropdown__list-item tribe-events-c-subscribe-dropdown__list-item--gcal\">\n\t\t\t\t\t\t\t\t\t<a\n\t\t\t\t\t\t\t\t\t\thref=\"https:\/\/www.google.com\/calendar\/event?action=TEMPLATE&#038;dates=20251002T013000\/20251002T183000&#038;text=CoLab%3A%20Accelerating%20blue%20%26amp%3B%20green%20economy%20in%20Europe%E2%80%99s%20coastal%20communities&#038;details=%3Ch4+class%3D%22wp-block-heading%22+style%3D%22font-size%3A18px%22%3EJoin+us+for+a+workshop+with+experts%2C+industry+leaders+and+public+and+private+stakeholders+and+design+with+us+new+collaborations+and+practical+opportunities+to+unlock+the+business+potential+in+the+blue+and+green+economy+for+coastal+aeras.%3C%2Fh4%3E%3Cp+style%3D%22font-size%3A16px%22%3EEurope%E2%80%99s+blue+economy+and+coastal+zones+%28communities%2C+cities%2C+regions+and+islands%29+make+up+an+estimated+13%25+European+landmass+yet+houses+40+%25+of+Europe%E2%80%99s+population+and+GDP%2C+making+it+a+crucial+pillar.%26nbsp%3B%3C%2Fp%3E+%3Cp+style%3D%22font-size%3A16px%22%3EHowever%2C+climate+change+puts+all+of+this+is+at+risk.+The+challenges+are+numerous%2C+yet+the+economic+gains+are+equally+exponential.+But+we+must+act+now%21%3C%2Fp%3E+%3Cp+style%3D%22font-size%3A16px%22%3EAgainst+this+background%2C+Climate+KIC+has+started+working+with+the+Region+of+Sardinia%2C+in+particular+with+its+Innovation+Agency%26nbsp%3B%3Ca+href%3D%22https%3A%2F%2Fwww.sardegnaricerche.it%2F%22%3ESardegna+Ricerche%3C%2Fa%3E%26nbsp%3Bthrough+the+Interreg+project%26nbsp%3B%3Ca%3C%2Fp%3E+%28Zobacz+pe%C5%82ny+opis+wydarzenie+tutaj%3A+https%3A%2F%2Fclimate-hive.org%2Fpl%2Fevent%2Fcolab-accelerating-blue-green-economy-in-europes-coastal-communities%2F%29&#038;trp=false&#038;ctz=Europe\/London&#038;sprop=website:https:\/\/climate-hive.org\/pl\"\n\t\t\t\t\t\t\t\t\t\tclass=\"tribe-events-c-subscribe-dropdown__list-item-link\"\n\t\t\t\t\t\t\t\t\t\ttarget=\"_blank\"\n\t\t\t\t\t\t\t\t\t\trel=\"noopener noreferrer nofollow noindex\"\n\t\t\t\t\t\t\t\t\t>\n\t\t\t\t\t\t\t\t\t\tKalendarz Google\t\t\t\t\t\t\t\t\t<\/a>\n\t\t\t\t\t\t\t\t<\/li>\n\t\t\t\t\t\t\t\t\t\t\t\t\t\t\t<li class=\"tribe-events-c-subscribe-dropdown__list-item tribe-events-c-subscribe-dropdown__list-item--ical\">\n\t\t\t\t\t\t\t\t\t<a\n\t\t\t\t\t\t\t\t\t\thref=\"\"\n\t\t\t\t\t\t\t\t\t\tclass=\"tribe-events-c-subscribe-dropdown__list-item-link\"\n\t\t\t\t\t\t\t\t\t\ttarget=\"_blank\"\n\t\t\t\t\t\t\t\t\t\trel=\"noopener noreferrer nofollow noindex\"\n\t\t\t\t\t\t\t\t\t>\n\t\t\t\t\t\t\t\t\t\tiKalendarz\t\t\t\t\t\t\t\t\t<\/a>\n\t\t\t\t\t\t\t\t<\/li>\n\t\t\t\t\t\t\t\t\t\t\t\t\t\t\t<li class=\"tribe-events-c-subscribe-dropdown__list-item tribe-events-c-subscribe-dropdown__list-item--outlook-365\">\n\t\t\t\t\t\t\t\t\t<a\n\t\t\t\t\t\t\t\t\t\thref=\"\"\n\t\t\t\t\t\t\t\t\t\tclass=\"tribe-events-c-subscribe-dropdown__list-item-link\"\n\t\t\t\t\t\t\t\t\t\ttarget=\"_blank\"\n\t\t\t\t\t\t\t\t\t\trel=\"noopener noreferrer nofollow noindex\"\n\t\t\t\t\t\t\t\t\t>\n\t\t\t\t\t\t\t\t\t\tOutlook 365\t\t\t\t\t\t\t\t\t<\/a>\n\t\t\t\t\t\t\t\t<\/li>\n\t\t\t\t\t\t\t\t\t\t\t\t\t\t\t<li class=\"tribe-events-c-subscribe-dropdown__list-item tribe-events-c-subscribe-dropdown__list-item--outlook-live\">\n\t\t\t\t\t\t\t\t\t<a\n\t\t\t\t\t\t\t\t\t\thref=\"\"\n\t\t\t\t\t\t\t\t\t\tclass=\"tribe-events-c-subscribe-dropdown__list-item-link\"\n\t\t\t\t\t\t\t\t\t\ttarget=\"_blank\"\n\t\t\t\t\t\t\t\t\t\trel=\"noopener noreferrer nofollow noindex\"\n\t\t\t\t\t\t\t\t\t>\n\t\t\t\t\t\t\t\t\t\tOutlook na \u017cywo\t\t\t\t\t\t\t\t\t<\/a>\n\t\t\t\t\t\t\t\t<\/li>\n\t\t\t\t\t\t\t\t\t\t\t\t\t<\/ul>\n\t\t\t\t\t<\/div>\n\t\t\t\t<\/div>\n\t\t\t<\/div>\n\t\t<\/div>\n\t<\/div>\n\n\n\n<h2 class=\"tribe-block__related-events__title\">Powi\u0105zane wydarzenia<\/h2>\n\n<ul  class=\"tribe-related-events tribe-clearfix\" >\n\t\t\t<li>\n\t\n<div class=\"tribe-related-events-thumbnail\">\n\t<a href=\"https:\/\/climate-hive.org\/pl\/event\/climathon-organiser-training-2-systems-change\/\" class=\"url\" rel=\"bookmark\" tabindex=\"-1\" aria-hidden=\"true\"><img loading=\"lazy\" decoding=\"async\" width=\"1024\" height=\"683\" src=\"https:\/\/climate-hive.org\/wp-content\/uploads\/2026\/04\/Curitiba_Brazil_2mb-1-1024x683.jpg\" class=\"attachment-large size-large wp-post-image\" alt=\"\" \/><\/a>\n<\/div>\n\t<div class=\"tribe-related-event-info\">\n\t<h3 class=\"tribe-related-events-title\">\n\t\t<a href=\"https:\/\/climate-hive.org\/pl\/event\/climathon-organiser-training-2-systems-change\/\" class=\"tribe-event-url\" rel=\"bookmark\">\n\t\t\tClimathon Szkolenie organizator\u00f3w #2: Od wydarzenia do zmiany systemowej\t\t<\/a>\n\t<\/h3>\n\t<span class=\"tribe-event-date-start\">5 maja @ 13:00<\/span> - <span class=\"tribe-event-time\">14:30<\/span><\/div>\n<\/li>\n\t\t\t<li>\n\t\n<div class=\"tribe-related-events-thumbnail\">\n\t<a href=\"https:\/\/climate-hive.org\/pl\/event\/insights-green-and-digital-for-small-businesses\/\" class=\"url\" rel=\"bookmark\" tabindex=\"-1\" aria-hidden=\"true\"><img loading=\"lazy\" decoding=\"async\" width=\"1024\" height=\"576\" src=\"https:\/\/climate-hive.org\/wp-content\/uploads\/2026\/04\/getty-images-Sf2MBY7xIkY-unsplash-1024x576.jpg\" class=\"attachment-large size-large wp-post-image\" alt=\"\" \/><\/a>\n<\/div>\n\t<div class=\"tribe-related-event-info\">\n\t<h3 class=\"tribe-related-events-title\">\n\t\t<a href=\"https:\/\/climate-hive.org\/pl\/event\/insights-green-and-digital-for-small-businesses\/\" class=\"tribe-event-url\" rel=\"bookmark\">\n\t\t\tWgl\u0105d: Zielone i cyfrowe. Co to oznacza dla ma\u0142ych firm w praktyce\u00a0\t\t<\/a>\n\t<\/h3>\n\t<span class=\"tribe-event-date-start\">6 maja, 14:00<\/span> - <span class=\"tribe-event-time\">15:00<\/span><\/div>\n<\/li>\n\t\t\t<li>\n\t\n<div class=\"tribe-related-events-thumbnail\">\n\t<a href=\"https:\/\/climate-hive.org\/pl\/event\/how-to-evolve-global-book-tour\/\" class=\"url\" rel=\"bookmark\" tabindex=\"-1\" aria-hidden=\"true\"><img loading=\"lazy\" decoding=\"async\" width=\"1024\" height=\"576\" src=\"https:\/\/climate-hive.org\/wp-content\/uploads\/2026\/04\/How_to_Evolve_Copenhagen_2x-2100x1181-1-1024x576.png\" class=\"attachment-large size-large wp-post-image\" alt=\"\" \/><\/a>\n<\/div>\n\t<div class=\"tribe-related-event-info\">\n\t<h3 class=\"tribe-related-events-title\">\n\t\t<a href=\"https:\/\/climate-hive.org\/pl\/event\/how-to-evolve-global-book-tour\/\" class=\"tribe-event-url\" rel=\"bookmark\">\n\t\t\tJak ewoluowa\u0107 \u2013 \u015bwiatowa trasa koncertowa ksi\u0105\u017cki\t\t<\/a>\n\t<\/h3>\n\t<span class=\"tribe-event-date-start\">11 maja @ 9:30<\/span> - <span class=\"tribe-event-date-end\">12 maja @ 20:30<\/span><\/div>\n<\/li>\n\t<\/ul>","protected":false},"excerpt":{"rendered":"<p>Do\u0142\u0105cz do nas na warsztatach z ekspertami, liderami bran\u017cy oraz publicznymi i prywatnymi interesariuszami i zaprojektuj z nami now\u0105 wsp\u00f3\u0142prac\u0119 i praktyczne mo\u017cliwo\u015bci odblokowania potencja\u0142u biznesowego w [...]<\/p>","protected":false},"author":3,"featured_media":4202,"comment_status":"open","ping_status":"closed","template":"","meta":{"_acf_changed":false,"_tec_requires_first_save":false,"_bbp_topic_count":0,"_bbp_reply_count":0,"_bbp_total_topic_count":0,"_bbp_total_reply_count":0,"_bbp_voice_count":0,"_bbp_anonymous_reply_count":0,"_bbp_topic_count_hidden":0,"_bbp_reply_count_hidden":0,"_bbp_forum_subforum_count":0,"pmpro_default_level":"","inline_featured_image":false,"_price":"","_stock":"","_tribe_ticket_header":"","_tribe_default_ticket_provider":"TEC\\Tickets\\Commerce\\Module","_ticket_start_date":"","_ticket_end_date":"","_tribe_ticket_show_description":"","_tribe_ticket_show_not_going":false,"_tribe_ticket_use_global_stock":"","_tribe_ticket_global_stock_level":"","_global_stock_mode":"","_global_stock_cap":"","_tribe_rsvp_for_event":"","_tribe_ticket_going_count":"","_tribe_ticket_not_going_count":"","_tribe_tickets_list":"[]","_tribe_ticket_has_attendee_info_fields":false,"_EventAllDay":false,"_EventTimezone":"Europe\/London","_EventStartDate":"2025-10-02 01:30:00","_EventEndDate":"2025-10-02 18:30:00","_EventStartDateUTC":"2025-10-02 00:30:00","_EventEndDateUTC":"2025-10-02 17:30:00","_EventShowMap":false,"_EventShowMapLink":false,"_EventURL":"","_EventCost":"","_EventCostDescription":"","_EventCurrencySymbol":"\u20ac","_EventCurrencyCode":"EUR","_EventCurrencyPosition":"prefix","_EventDateTimeSeparator":"@","_EventTimeRangeSeparator":"-","_EventOrganizerID":[3881],"_EventVenueID":[],"_OrganizerEmail":"","_OrganizerPhone":"","_OrganizerWebsite":"","_VenueAddress":"","_VenueCity":"","_VenueCountry":"","_VenueProvince":"","_VenueState":"","_VenueZip":"","_VenuePhone":"","_VenueURL":"","_VenueStateProvince":"","_VenueLat":"","_VenueLng":"","_VenueShowMap":false,"_VenueShowMapLink":false,"_tribe_blocks_recurrence_rules":"","_tribe_blocks_recurrence_description":"","_tribe_blocks_recurrence_exclusions":"","_tribe_events_status":"","_tribe_events_status_reason":"","_tribe_events_is_hybrid":"","_tribe_events_is_virtual":"","_tribe_events_virtual_video_source":"","_tribe_events_virtual_embed_video":"","_tribe_events_virtual_linked_button_text":"","_tribe_events_virtual_linked_button":"","_tribe_events_virtual_show_embed_at":"","_tribe_events_virtual_show_embed_to":[],"_tribe_events_virtual_show_on_event":"","_tribe_events_virtual_show_on_views":"","_tribe_events_virtual_url":"","footnotes":"","_tec_slr_enabled":"","_tec_slr_layout":""},"tags":[58,57,59],"tribe_events_cat":[49,85,10,2,12],"class_list":["post-4180","tribe_events","type-tribe_events","status-publish","has-post-thumbnail","hentry","tag-blue-economy","tag-colab","tag-green-economy","tribe_events_cat-community-collab","tribe_events_cat-community-event","tribe_events_cat-in-person","tribe_events_cat-networking","tribe_events_cat-organised-by-climate-kic","pmpro-has-access","cat_community-collab","cat_community-event","cat_in-person","cat_networking","cat_organised-by-climate-kic"],"acf":[],"ticketed":false,"_links":{"self":[{"href":"https:\/\/climate-hive.org\/pl\/wp-json\/wp\/v2\/tribe_events\/4180","targetHints":{"allow":["GET"]}}],"collection":[{"href":"https:\/\/climate-hive.org\/pl\/wp-json\/wp\/v2\/tribe_events"}],"about":[{"href":"https:\/\/climate-hive.org\/pl\/wp-json\/wp\/v2\/types\/tribe_events"}],"author":[{"embeddable":true,"href":"https:\/\/climate-hive.org\/pl\/wp-json\/wp\/v2\/users\/3"}],"replies":[{"embeddable":true,"href":"https:\/\/climate-hive.org\/pl\/wp-json\/wp\/v2\/comments?post=4180"}],"version-history":[{"count":8,"href":"https:\/\/climate-hive.org\/pl\/wp-json\/wp\/v2\/tribe_events\/4180\/revisions"}],"predecessor-version":[{"id":4207,"href":"https:\/\/climate-hive.org\/pl\/wp-json\/wp\/v2\/tribe_events\/4180\/revisions\/4207"}],"wp:featuredmedia":[{"embeddable":true,"href":"https:\/\/climate-hive.org\/pl\/wp-json\/wp\/v2\/media\/4202"}],"wp:attachment":[{"href":"https:\/\/climate-hive.org\/pl\/wp-json\/wp\/v2\/media?parent=4180"}],"wp:term":[{"taxonomy":"post_tag","embeddable":true,"href":"https:\/\/climate-hive.org\/pl\/wp-json\/wp\/v2\/tags?post=4180"},{"taxonomy":"tribe_events_cat","embeddable":true,"href":"https:\/\/climate-hive.org\/pl\/wp-json\/wp\/v2\/tribe_events_cat?post=4180"}],"curies":[{"name":"wp","href":"https:\/\/api.w.org\/{rel}","templated":true}]}}