{"id":4209,"date":"2025-09-24T09:37:35","date_gmt":"2025-09-24T08:37:35","guid":{"rendered":"https:\/\/climate-hive.org\/?post_type=tribe_events&#038;p=4209"},"modified":"2025-10-08T14:06:52","modified_gmt":"2025-10-08T13:06:52","slug":"colab-community-led-housing-and-sustainable-transitions","status":"publish","type":"tribe_events","link":"https:\/\/climate-hive.org\/pl\/event\/colab-community-led-housing-and-sustainable-transitions\/","title":{"rendered":"CoLab: Mieszkalnictwo kierowane przez spo\u0142eczno\u015b\u0107 i zr\u00f3wnowa\u017cone transformacje"},"content":{"rendered":"<div  class=\"tribe-events-schedule tribe-clearfix\" >\n\t<p class=\"tribe-events-schedule__datetime\">\n\t\t<span class=\"tribe-events-schedule__date tribe-events-schedule__date--start\">\n\t\t\t10 pa\u017adziernika 2025 r.\t\t<\/span>\n\n\t\t\t\t\t<span class=\"tribe-events-schedule__separator tribe-events-schedule__separator--date\">\n\t\t\t\t@\t\t\t<\/span>\n\t\t\t<span class=\"tribe-events-schedule__time tribe-events-schedule__time--start\">\n\t\t\t\t9:30\t\t\t<\/span>\n\t\t\n\t\t\t\t\t\t\t\t\t<span class=\"tribe-events-schedule__separator tribe-events-schedule__separator--time\">\n\t\t\t\t\t-\t\t\t\t<\/span>\n\t\t\t\n\t\t\t\t\t\t\t<span class=\"tribe-events-schedule__time tribe-events-schedule__time--end\">\n\t\t\t\t\t15:00\t\t\t\t<\/span>\n\t\t\t\n\t\t\t\t\t\t<\/p>\n<\/div>\n\n\n\n<p style=\"font-size:16px\">Europejskie stolice prze\u017cywaj\u0105 powa\u017cny kryzys mieszkaniowy, kt\u00f3ry wp\u0142ywa na ich mieszka\u0144c\u00f3w i klimat. EAA szacuje, \u017ce 75% Europejczyk\u00f3w mieszka w miastach - do 2050 roku liczba ta wzro\u015bnie do 80%. Obecnie 75% tych mieszka\u0144c\u00f3w \u017cyje w budynkach, kt\u00f3re s\u0105 nieefektywne energetycznie. Co wi\u0119cej, czynsze gwa\u0142townie rosn\u0105: OECD szacuje, \u017ce w ci\u0105gu ostatniej dekady \u015bredni czynsz podwoi\u0142 si\u0119 w wielu krajach europejskich, w tym w Hiszpanii. &nbsp;<\/p>\n\n\n\n<p style=\"font-size:16px\">Jednak w ostatnich latach miasta takie jak Barcelona zyska\u0142y mi\u0119dzynarodow\u0105 popularno\u015b\u0107 dzi\u0119ki wy\u0142aniaj\u0105cemu si\u0119 modelowi partnerstw publicznych, kierowanych przez spo\u0142eczno\u015b\u0107.<\/p>\n\n\n\n<p style=\"font-size:16px\">Dla tego laboratorium wsp\u00f3\u0142pracy (<strong>CoLab<\/strong>) na&nbsp;<strong>Pi\u0105tek, 10 pa\u017adziernika&nbsp;<\/strong>i we wsp\u00f3\u0142pracy z&nbsp;<a href=\"https:\/\/holon.cat\/\"><strong>holon<\/strong><\/a>, Zbadamy taki model, odwiedzaj\u0105c dwa nagradzane na arenie mi\u0119dzynarodowej projekty w Barcelonie: La Borda i BLOC4. Om\u00f3wimy r\u00f3wnie\u017c z kluczowymi graczami lokalnego ekosystemu, w jaki spos\u00f3b ta transformacja zachodzi w praktyce, od zielonego budownictwa po finanse i polityk\u0119 promuj\u0105c\u0105 powstawanie takich lokalnych innowacji.&nbsp;<\/p>\n\n\n\n<p style=\"font-size:16px\"><strong>Ten CoLab to dopiero pocz\u0105tek<\/strong>. W ci\u0105gu najbli\u017cszych trzech lat Climate KIC Community b\u0119dzie zwo\u0142ywa\u0107 publicznych i prywatnych interesariuszy, badaczy i innowator\u00f3w, aby zainicjowa\u0107 nowy ruch w celu zbadania systemowych rozwi\u0105za\u0144 klimatycznych i wsp\u00f3\u0142pracy w celu skalowania i przyspieszenia ich wdra\u017cania. &nbsp;<\/p>\n\n\n\n<p style=\"font-size:16px\">Do\u0142\u0105cz do nas, je\u015bli jeste\u015b gotowy, aby przygotowa\u0107 swoj\u0105 organizacj\u0119 na przysz\u0142o\u015b\u0107 i wsp\u00f3\u0142pracowa\u0107 z podobnie my\u015bl\u0105cymi organizacjami i innowatorami.&nbsp;<\/p>\n\n\n\n<div class=\"wp-block-buttons is-layout-flex wp-block-buttons-is-layout-flex\">\n<div class=\"wp-block-button\"><a class=\"wp-block-button__link wp-element-button\" href=\"https:\/\/forms.office.com\/e\/vASd0LyZdp\">ZAREJESTRUJ SI\u0118 TERAZ<\/a><\/div>\n<\/div>\n\n\n\n<p><\/p>\n\n\n\n<h3 class=\"wp-block-heading\">Agenda<\/h3>\n\n\n\n<p><strong>9.30 - 10.00: Powitanie i kawa w Bloc4&nbsp;&nbsp;<\/strong><\/p>\n\n\n\n<p><em>Z udzia\u0142em Adrii Garcii I Mateu, Holon i Magnusa Harrisona, Climate KIC&nbsp;<\/em><\/p>\n\n\n\n<p><strong>10.00 - 11.00: Wizyta w La Borda&nbsp;&nbsp;<\/strong><\/p>\n\n\n\n<p><strong>11.15 - 11.45: Wizyta w BLOC4&nbsp;<\/strong><\/p>\n\n\n\n<p><strong>12.00 - 12.30: Keynote: Wy\u0142aniaj\u0105cy si\u0119 katalo\u0144ski model mieszkaniowy kierowany przez spo\u0142eczno\u015b\u0107&nbsp;&nbsp;<\/strong><\/p>\n\n\n\n<p><em>Z Adri\u00e0 Garcia I Mateu, Partnerem w Holon &amp; Designer zaanga\u017cowanym w procesy koprodukcji sp\u00f3\u0142dzielczej polityki mieszkaniowej&nbsp;<\/em><\/p>\n\n\n\n<p><strong>12.30 - 13.15: Dyskusje przy okr\u0105g\u0142ym stole&nbsp;&nbsp;<\/strong><\/p>\n\n\n\n<p><strong>Budowanie zr\u00f3wnowa\u017conych i holistycznych budynk\u00f3w i spo\u0142eczno\u015bci&nbsp;&nbsp;<\/strong><\/p>\n\n\n\n<p><em>Z Cristin\u0105 Gamboa, wsp\u00f3\u0142za\u0142o\u017cycielk\u0105 Lacol, profesorem i architektem La Borda i innych sp\u00f3\u0142dzielni mieszkaniowych.&nbsp;&nbsp;<\/em><\/p>\n\n\n\n<p><strong>Rozw\u00f3j polityki mieszkaniowej na rzecz sprawiedliwej transformacji&nbsp;<\/strong><\/p>\n\n\n\n<p><em>Z Eduardem Cabr\u00e9 Romansem, konsultantem ds. polityki mieszkaniowej i doradc\u0105 Rady Miasta Barcelony oraz cz\u0142onkiem platformy CitiES&nbsp;&nbsp;<\/em><\/p>\n\n\n\n<p><strong>Innowacyjne finanse z korzy\u015bci\u0105 dla \u015brodowiska i dobra spo\u0142ecznego&nbsp;<\/strong><\/p>\n\n\n\n<p><em>Z Blanc\u0105 Rincon de Arellano, Associate - specjalist\u0105 ds. finans\u00f3w miejskich w The Investment Bank for Earth, Bankers without Boarders&nbsp;<\/em><\/p>\n\n\n\n<p><strong>13.15 - 13.45: Zebranie spostrze\u017ce\u0144, refleksji i kolejnych krok\u00f3w&nbsp;<\/strong><\/p>\n\n\n\n<p><em>Z udzia\u0142em Adrii Garcii I Mateu, Holon i Magnusa Harrisona, Climate KIC&nbsp;<\/em><\/p>\n\n\n\n<p><strong>13.45 - 15.00: Lunch i networking&nbsp;<\/strong><\/p>\n\n\n\n<p><\/p>\n\n\n\n<h3 class=\"wp-block-heading\">Informacje o Climate KIC Community CoLabs<\/h3>\n\n\n\n<p style=\"font-size:16px\">Climate KIC b\u0119dzie gospodarzem czterech Laboratori\u00f3w Wsp\u00f3\u0142pracy (CoLabs) jesieni\u0105 2025 roku.  W naszych laboratoriach CoLabs anga\u017cujemy publicznych i prywatnych interesariuszy z r\u00f3\u017cnych \u0142a\u0144cuch\u00f3w warto\u015bci w nasze wysi\u0142ki na rzecz po\u0142\u0105czenia zapotrzebowania na klimat z innowacyjnymi rozwi\u0105zaniami biznesowymi. Zag\u0142\u0119bimy si\u0119 w szereg temat\u00f3w:<\/p>\n\n\n\n<ul class=\"wp-block-list\">\n<li style=\"font-size:16px\"><a href=\"https:\/\/www.climate-kic.org\/events\/community-colab-beyond-the-legacy-of-deep-demonstration-slovenia\/\">Poza dziedzictwem Deep Demonstration S\u0142owenia<\/a>. Lublana (S\u0142owenia), 11 wrze\u015bnia 2025 r.<\/li>\n\n\n\n<li style=\"font-size:16px\"><a href=\"https:\/\/www.climate-kic.org\/events\/community-colab-cagliari\/\">Przyspieszenie niebieskiej i zielonej gospodarki w europejskich spo\u0142eczno\u015bciach przybrze\u017cnych<\/a>. Cagliari (W\u0142ochy), 2 pa\u017adziernika 2025 r.<\/li>\n\n\n\n<li style=\"font-size:16px\"><a href=\"https:\/\/www.climate-kic.org\/events\/community-colab-community-housing-barcelona\/\">Mieszkalnictwo kierowane przez spo\u0142eczno\u015b\u0107 i zr\u00f3wnowa\u017cone transformacje: Przypadek Barcelony<\/a>a. Barcelona (Katalonia, Hiszpania), 10 pa\u017adziernika 2025 r.<\/li>\n\n\n\n<li style=\"font-size:16px\"><a href=\"https:\/\/www.climate-kic.org\/events\/community-colab-public-private-partnerships-warsaw\/\">Rozw\u00f3j zielonego partnerstwa publiczno-prywatnego: Przypadek Polski i nie tylko<\/a>. Warszawa (Polska), 22 pa\u017adziernika 2025 r.<\/li>\n<\/ul>\n\n\n\n<p style=\"font-size:16px\">Community CoLabs s\u0105 wspierane przez&nbsp;<a href=\"https:\/\/www.eit.europa.eu\/\">Europejski Instytut Innowacji i Technologii (EIT)<\/a>, organ Unii Europejskiej.<\/p>\n\n\n\n<p><\/p>\n\n\n\n<h3 class=\"wp-block-heading\">Informacje o Holon<\/h3>\n\n\n\n<p style=\"font-size:16px\">Jeste\u015bmy studiem badawczym i projektowym z Barcelony buduj\u0105cym przysz\u0142o\u015b\u0107 kierowan\u0105 przez spo\u0142eczno\u015b\u0107. Mamy ponad dziesi\u0119cioletnie do\u015bwiadczenie w \u0142\u0105czeniu makrosystemowej dynamiki problem\u00f3w z mikro i materialnym wymiarem rozwi\u0105za\u0144 projektowych. Wsp\u00f3\u0142pracowali\u015bmy z lokalnymi i mi\u0119dzynarodowymi organizacjami publicznymi, prywatnymi i spo\u0142ecznymi w wielu kluczowych sektorach sprawiedliwej transformacji, takich jak mieszkalnictwo, energia, \u017cywno\u015b\u0107, opieka czy woda.<\/p>\n\n\n<div  class=\"tribe-block tribe-block__event-price\" >\n\t\t<\/div>\n\n\n<div  class=\"tribe-block tribe-block__organizer__details tribe-clearfix\" >\n    <h4>Organiser details<\/h4>\n\t<div class=\"tribe-block__organizer__title\">\n\t\t<h3><a href=\"https:\/\/climate-hive.org\/pl\/organizator\/climate-kic-community\/\" title=\"Climate KIC Community\" target=\"_self\" rel=\"\">Climate KIC Community<\/a><\/h3>\n\t<\/div>\n\t\t\t\t<p class=\"tribe-block__organizer__website\"><a href=\"https:\/\/climate-hive.org\/pl\/\" target=\"_self\" rel=\"external\">Zobacz witryn\u0119 internetow\u0105 Organizator<\/a><\/p>\n\t\t\t\t<p class=\"tribe-block__organizer__email\">community@climate-kic.org<\/p>\n\t<\/div>\n\n\n<div  class=\"tribe-block tribe-block__venue tribe-clearfix tribe-block__venue--has-map\" >\n\t\n\t\n<div class=\"tribe-block__venue__meta\">\n\t<div class=\"tribe-block__venue__name\">\n\t\t<h3><a href=\"https:\/\/climate-hive.org\/pl\/miejsce\/bloc4\/\" title=\"BLOC4\">BLOC4<\/a><\/h3>\n\t<\/div>\n\n\t\n\t\t\t\t\t\t<address class=\"tribe-block__venue__address\">\n\t\t\t\t<span class=\"tribe-address\">\n\n<span class=\"tribe-street-address\">Carrer de la Constituci\u00f3, 19, Sants-Montju\u00efc, Barcelona, Hiszpania<\/span>\n\t\n\t\t<br>\n\t\t<span class=\"tribe-locality\">Barcelona<\/span><span class=\"tribe-delimiter\">,<\/span>\n\n\t<abbr class=\"tribe-region tribe-events-abbr\" title=\"Katalonia\">Katalonia<\/abbr>\n\n\t<span class=\"tribe-postal-code\">08014<\/span>\n\n\t<span class=\"tribe-country-name\">Hiszpania<\/span>\n\n<\/span>\n\n\t\t\t\t\t\t\t\t\t<a class=\"tribe-events-gmap\" href=\"https:\/\/maps.google.com\/maps?f=q&#038;source=s_q&#038;hl=en&#038;geocode=&#038;q=Carrer+de+la+Constituci%C3%B3%2C+19%2C+Sants-Montju%C3%AFc%2C+Barcelona%2C+Spain+Barcelona+Catalonia+08014+Spain\" title=\"Kliknij, aby zobaczy\u0107 map\u0119 Google\" target=\"_blank\" rel=\"noreferrer noopener\">+ Mapa Google<\/a>\t\t\t\t\t\t\t<\/address>\n\t\t\n\t\t\n\t\t\t\n\t<\/div>\n\t\n<div class=\"tribe-block__venue__map\">\n\t\n<iframe loading=\"lazy\"\n  title=\"Ramka iframe Google Maps wy\u015bwietlaj\u0105ca adres BLOC4\"\n  aria-label=\"Mapa lokalizacji miejsca\"\n  width=\"310px\"\n  height=\"256px\"\n  frameborder=\"0\" style=\"border:0\"\n  src=\"https:\/\/www.google.com\/maps\/embed\/v1\/place?key=AIzaSyDNsicAsP6-VuGtAb1O9riI3oc_NOb7IOU&#038;q=Carrer+de+la+Constituci%C3%B3%2C+19%2C+Sants-Montju%C3%AFc%2C+Barcelona%2C+Spain+Barcelona+Catalonia+Catalonia+08014+Spain+&#038;zoom=15\" allowfullscreen>\n<\/iframe>\n<\/div>\n\n\t<\/div>\n\n\n\n\n\t<div  class=\"tribe-block tribe-block__events-link\" >\n\t\t<div class=\"tribe-events tribe-common\">\n\t\t\t<div class=\"tribe-events-c-subscribe-dropdown__container\">\n\t\t\t\t<div class=\"tribe-events-c-subscribe-dropdown\">\n\t\t\t\t\t<div class=\"tribe-common-c-btn-border tribe-events-c-subscribe-dropdown__button\">\n\t\t\t\t\t\t<svg  class=\"tribe-common-c-svgicon tribe-common-c-svgicon--cal-export tribe-events-c-subscribe-dropdown__export-icon\"  xmlns=\"http:\/\/www.w3.org\/2000\/svg\" width=\"24\" height=\"24\" viewbox=\"0 0 24 24\" fill=\"none\">\n    <path\n        d=\"M9 6L12 3M12 3L15 6M12 3V13M7.00023 10C6.06835 10 5.60241 10 5.23486 10.1522C4.74481 10.3552 4.35523 10.7448 4.15224 11.2349C4 11.6024 4 12.0681 4 13V17.8C4 18.9201 4 19.4798 4.21799 19.9076C4.40973 20.2839 4.71547 20.5905 5.0918 20.7822C5.5192 21 6.07899 21 7.19691 21H16.8036C17.9215 21 18.4805 21 18.9079 20.7822C19.2842 20.5905 19.5905 20.2839 19.7822 19.9076C20 19.4802 20 18.921 20 17.8031V13C20 12.0681 19.9999 11.6024 19.8477 11.2349C19.6447 10.7448 19.2554 10.3552 18.7654 10.1522C18.3978 10 17.9319 10 17 10\"\n        stroke=\"#142930\" stroke-width=\"2\" stroke-linecap=\"round\" stroke-linejoin=\"round\"\/>\n<\/svg>\n\t\t\t\t\t\t<button\n\t\t\t\t\t\t\tclass=\"tribe-events-c-subscribe-dropdown__button-text\"\n\t\t\t\t\t\t\taria-expanded=\"false\"\n\t\t\t\t\t\t\taria-controls=\"tribe-events-subscribe-dropdown-content\"\n\t\t\t\t\t\t\taria-label=\"Wy\u015bwietl linki do dodawania wydarze\u0144 do kalendarza\"\n\t\t\t\t\t\t>\n\t\t\t\t\t\t\tDodaj do kalendarza\t\t\t\t\t\t<\/button>\n\t\t\t\t\t\t<svg\n\t class=\"tribe-common-c-svgicon tribe-common-c-svgicon--caret-down tribe-events-c-subscribe-dropdown__button-icon\" \taria-hidden=\"true\"\n\tviewbox=\"0 0 10 7\"\n\txmlns=\"http:\/\/www.w3.org\/2000\/svg\"\n>\n\t<path fill-rule=\"evenodd\" clip-rule=\"evenodd\" d=\"M1.008.609L5 4.6 8.992.61l.958.958L5 6.517.05 1.566l.958-.958z\" class=\"tribe-common-c-svgicon__svg-fill\"\/>\n<\/svg>\n\t\t\t\t\t<\/div>\n\t\t\t\t\t<div id=\"tribe-events-subscribe-dropdown-content\" class=\"tribe-events-c-subscribe-dropdown__content\">\n\t\t\t\t\t\t<ul class=\"tribe-events-c-subscribe-dropdown__list\">\n\t\t\t\t\t\t\t\t\t\t\t\t\t\t\t<li class=\"tribe-events-c-subscribe-dropdown__list-item tribe-events-c-subscribe-dropdown__list-item--gcal\">\n\t\t\t\t\t\t\t\t\t<a\n\t\t\t\t\t\t\t\t\t\thref=\"https:\/\/www.google.com\/calendar\/event?action=TEMPLATE&#038;dates=20251010T093000\/20251010T150000&#038;text=CoLab%3A%20Community-led%20housing%20and%20sustainable%20transitions&#038;details=%3Cp+style%3D%22font-size%3A16px%22%3EEuropean+capitals+are+enduring+a+severe+housing+crisis+that+affects+its+inhabitants+and+climate.+The%26nbsp%3BEAA+estimates+that%26nbsp%3B75%25+Europeans+lives+in+cities+%E2%80%93+increasing+to%26nbsp%3B80%25+by+2050.+Now%2C+75%25+of+those+inhabitants+lives+in%26nbsp%3Bbuild+environment+that+is+energy+inefficient.+Furthermore%2C+rentals+are+soaring%3A+OECD+estimates+that%2C+over+the+last+decade%2C+the%26nbsp%3Baverage+rent+has+doubled+in+many+European+countries+including+Spain.+%26nbsp%3B%3C%2Fp%3E+%3Cp+style%3D%22font-size%3A16px%22%3EHowever%2C+in+recent+years%2C+cities+like+Barcelona+have+gained+international+momentum+for+an+emerging+model+of+public%2C+community-led+partnerships.%3C%2Fp%3E+%3Cp+style%3D%22font-size%3A16px%22%3EFor+this+Collaboration+Lab+%28%3Cstrong%3ECoLab%3C%2Fstrong%3E%29+on%26nbsp%3B%3Cstrong%3EFriday+10+October%26nbsp%3B%3C%2Fstrong%3Eand+in+partnership+with%26nbsp%3B%3Ca+href%3D%22https%3A%2F%2Fholon.cat%2F%22%3E%3Cstrong%3Eholon%3C%2Fstrong%3E%3C%2Fa%3E%2C+we+will+explore+such+model+by+visiting+two+internationally+awarded+projects+in+Barcelona%3A+La+Borda+and+BLOC4.+We%E2%80%99ll+als%3C%2Fp%3E+%28Zobacz+pe%C5%82ny+opis+wydarzenie+tutaj%3A+https%3A%2F%2Fclimate-hive.org%2Fpl%2Fevent%2Fcolab-community-led-housing-and-sustainable-transitions%2F%29&#038;location=BLOC4,%20Carrer%20de%20la%20Constituci\u00f3,%2019,%20Sants-Montju\u00efc,%20Barcelona,%20Spain,%20Barcelona,%20Catalonia,%2008014,%20Spain&#038;trp=false&#038;ctz=Europe\/London&#038;sprop=website:https:\/\/climate-hive.org\/pl\"\n\t\t\t\t\t\t\t\t\t\tclass=\"tribe-events-c-subscribe-dropdown__list-item-link\"\n\t\t\t\t\t\t\t\t\t\ttarget=\"_blank\"\n\t\t\t\t\t\t\t\t\t\trel=\"noopener noreferrer nofollow noindex\"\n\t\t\t\t\t\t\t\t\t>\n\t\t\t\t\t\t\t\t\t\tKalendarz Google\t\t\t\t\t\t\t\t\t<\/a>\n\t\t\t\t\t\t\t\t<\/li>\n\t\t\t\t\t\t\t\t\t\t\t\t\t\t\t<li class=\"tribe-events-c-subscribe-dropdown__list-item tribe-events-c-subscribe-dropdown__list-item--ical\">\n\t\t\t\t\t\t\t\t\t<a\n\t\t\t\t\t\t\t\t\t\thref=\"\"\n\t\t\t\t\t\t\t\t\t\tclass=\"tribe-events-c-subscribe-dropdown__list-item-link\"\n\t\t\t\t\t\t\t\t\t\ttarget=\"_blank\"\n\t\t\t\t\t\t\t\t\t\trel=\"noopener noreferrer nofollow noindex\"\n\t\t\t\t\t\t\t\t\t>\n\t\t\t\t\t\t\t\t\t\tiKalendarz\t\t\t\t\t\t\t\t\t<\/a>\n\t\t\t\t\t\t\t\t<\/li>\n\t\t\t\t\t\t\t\t\t\t\t\t\t\t\t<li class=\"tribe-events-c-subscribe-dropdown__list-item tribe-events-c-subscribe-dropdown__list-item--outlook-365\">\n\t\t\t\t\t\t\t\t\t<a\n\t\t\t\t\t\t\t\t\t\thref=\"\"\n\t\t\t\t\t\t\t\t\t\tclass=\"tribe-events-c-subscribe-dropdown__list-item-link\"\n\t\t\t\t\t\t\t\t\t\ttarget=\"_blank\"\n\t\t\t\t\t\t\t\t\t\trel=\"noopener noreferrer nofollow noindex\"\n\t\t\t\t\t\t\t\t\t>\n\t\t\t\t\t\t\t\t\t\tOutlook 365\t\t\t\t\t\t\t\t\t<\/a>\n\t\t\t\t\t\t\t\t<\/li>\n\t\t\t\t\t\t\t\t\t\t\t\t\t\t\t<li class=\"tribe-events-c-subscribe-dropdown__list-item tribe-events-c-subscribe-dropdown__list-item--outlook-live\">\n\t\t\t\t\t\t\t\t\t<a\n\t\t\t\t\t\t\t\t\t\thref=\"\"\n\t\t\t\t\t\t\t\t\t\tclass=\"tribe-events-c-subscribe-dropdown__list-item-link\"\n\t\t\t\t\t\t\t\t\t\ttarget=\"_blank\"\n\t\t\t\t\t\t\t\t\t\trel=\"noopener noreferrer nofollow noindex\"\n\t\t\t\t\t\t\t\t\t>\n\t\t\t\t\t\t\t\t\t\tOutlook na \u017cywo\t\t\t\t\t\t\t\t\t<\/a>\n\t\t\t\t\t\t\t\t<\/li>\n\t\t\t\t\t\t\t\t\t\t\t\t\t<\/ul>\n\t\t\t\t\t<\/div>\n\t\t\t\t<\/div>\n\t\t\t<\/div>\n\t\t<\/div>\n\t<\/div>\n\n\n\n<h2 class=\"tribe-block__related-events__title\">Powi\u0105zane wydarzenia<\/h2>\n\n<ul  class=\"tribe-related-events tribe-clearfix\" >\n\t\t\t<li>\n\t\n<div class=\"tribe-related-events-thumbnail\">\n\t<a href=\"https:\/\/climate-hive.org\/pl\/event\/climathon-organiser-training-2-systems-change\/\" class=\"url\" rel=\"bookmark\" tabindex=\"-1\" aria-hidden=\"true\"><img loading=\"lazy\" decoding=\"async\" width=\"1024\" height=\"683\" src=\"https:\/\/climate-hive.org\/wp-content\/uploads\/2026\/04\/Curitiba_Brazil_2mb-1-1024x683.jpg\" class=\"attachment-large size-large wp-post-image\" alt=\"\" \/><\/a>\n<\/div>\n\t<div class=\"tribe-related-event-info\">\n\t<h3 class=\"tribe-related-events-title\">\n\t\t<a href=\"https:\/\/climate-hive.org\/pl\/event\/climathon-organiser-training-2-systems-change\/\" class=\"tribe-event-url\" rel=\"bookmark\">\n\t\t\tClimathon Szkolenie organizator\u00f3w #2: Od wydarzenia do zmiany systemowej\t\t<\/a>\n\t<\/h3>\n\t<span class=\"tribe-event-date-start\">5 maja @ 13:00<\/span> - <span class=\"tribe-event-time\">14:30<\/span><\/div>\n<\/li>\n\t\t\t<li>\n\t\n<div class=\"tribe-related-events-thumbnail\">\n\t<a href=\"https:\/\/climate-hive.org\/pl\/event\/insights-green-and-digital-for-small-businesses\/\" class=\"url\" rel=\"bookmark\" tabindex=\"-1\" aria-hidden=\"true\"><img loading=\"lazy\" decoding=\"async\" width=\"1024\" height=\"576\" src=\"https:\/\/climate-hive.org\/wp-content\/uploads\/2026\/04\/getty-images-Sf2MBY7xIkY-unsplash-1024x576.jpg\" class=\"attachment-large size-large wp-post-image\" alt=\"\" \/><\/a>\n<\/div>\n\t<div class=\"tribe-related-event-info\">\n\t<h3 class=\"tribe-related-events-title\">\n\t\t<a href=\"https:\/\/climate-hive.org\/pl\/event\/insights-green-and-digital-for-small-businesses\/\" class=\"tribe-event-url\" rel=\"bookmark\">\n\t\t\tWgl\u0105d: Zielone i cyfrowe. Co to oznacza dla ma\u0142ych firm w praktyce\u00a0\t\t<\/a>\n\t<\/h3>\n\t<span class=\"tribe-event-date-start\">6 maja, 14:00<\/span> - <span class=\"tribe-event-time\">15:00<\/span><\/div>\n<\/li>\n\t\t\t<li>\n\t\n<div class=\"tribe-related-events-thumbnail\">\n\t<a href=\"https:\/\/climate-hive.org\/pl\/event\/how-to-evolve-global-book-tour\/\" class=\"url\" rel=\"bookmark\" tabindex=\"-1\" aria-hidden=\"true\"><img loading=\"lazy\" decoding=\"async\" width=\"1024\" height=\"576\" src=\"https:\/\/climate-hive.org\/wp-content\/uploads\/2026\/04\/How_to_Evolve_Copenhagen_2x-2100x1181-1-1024x576.png\" class=\"attachment-large size-large wp-post-image\" alt=\"\" \/><\/a>\n<\/div>\n\t<div class=\"tribe-related-event-info\">\n\t<h3 class=\"tribe-related-events-title\">\n\t\t<a href=\"https:\/\/climate-hive.org\/pl\/event\/how-to-evolve-global-book-tour\/\" class=\"tribe-event-url\" rel=\"bookmark\">\n\t\t\tJak ewoluowa\u0107 \u2013 \u015bwiatowa trasa koncertowa ksi\u0105\u017cki\t\t<\/a>\n\t<\/h3>\n\t<span class=\"tribe-event-date-start\">11 maja @ 9:30<\/span> - <span class=\"tribe-event-date-end\">12 maja @ 20:30<\/span><\/div>\n<\/li>\n\t<\/ul>","protected":false},"excerpt":{"rendered":"<p>Europejskie stolice prze\u017cywaj\u0105 powa\u017cny kryzys mieszkaniowy, kt\u00f3ry wp\u0142ywa na ich mieszka\u0144c\u00f3w i klimat. EAA szacuje, \u017ce 75% Europejczyk\u00f3w mieszka w miastach - do 2050 roku liczba ta wzro\u015bnie do 80%. Obecnie 75% z tych [...]<\/p>","protected":false},"author":3,"featured_media":4210,"comment_status":"open","ping_status":"closed","template":"","meta":{"_acf_changed":false,"_tec_requires_first_save":false,"_bbp_topic_count":0,"_bbp_reply_count":0,"_bbp_total_topic_count":0,"_bbp_total_reply_count":0,"_bbp_voice_count":0,"_bbp_anonymous_reply_count":0,"_bbp_topic_count_hidden":0,"_bbp_reply_count_hidden":0,"_bbp_forum_subforum_count":0,"pmpro_default_level":"","inline_featured_image":false,"_price":"","_stock":"","_tribe_ticket_header":"","_tribe_default_ticket_provider":"TEC\\Tickets\\Commerce\\Module","_ticket_start_date":"","_ticket_end_date":"","_tribe_ticket_show_description":"","_tribe_ticket_show_not_going":false,"_tribe_ticket_use_global_stock":"","_tribe_ticket_global_stock_level":"","_global_stock_mode":"","_global_stock_cap":"","_tribe_rsvp_for_event":"","_tribe_ticket_going_count":"","_tribe_ticket_not_going_count":"","_tribe_tickets_list":"[]","_tribe_ticket_has_attendee_info_fields":false,"_EventAllDay":false,"_EventTimezone":"Europe\/London","_EventStartDate":"2025-10-10 09:30:00","_EventEndDate":"2025-10-10 15:00:00","_EventStartDateUTC":"2025-10-10 08:30:00","_EventEndDateUTC":"2025-10-10 14:00:00","_EventShowMap":false,"_EventShowMapLink":false,"_EventURL":"","_EventCost":"","_EventCostDescription":"","_EventCurrencySymbol":"\u20ac","_EventCurrencyCode":"EUR","_EventCurrencyPosition":"prefix","_EventDateTimeSeparator":"@","_EventTimeRangeSeparator":"-","_EventOrganizerID":[3881],"_EventVenueID":[4460],"_OrganizerEmail":"","_OrganizerPhone":"","_OrganizerWebsite":"","_VenueAddress":"","_VenueCity":"","_VenueCountry":"","_VenueProvince":"","_VenueState":"","_VenueZip":"","_VenuePhone":"","_VenueURL":"","_VenueStateProvince":"","_VenueLat":"","_VenueLng":"","_VenueShowMap":false,"_VenueShowMapLink":false,"_tribe_blocks_recurrence_rules":"","_tribe_blocks_recurrence_description":"","_tribe_blocks_recurrence_exclusions":"","_tribe_events_status":"","_tribe_events_status_reason":"","_tribe_events_is_hybrid":"","_tribe_events_is_virtual":"","_tribe_events_virtual_video_source":"","_tribe_events_virtual_embed_video":"","_tribe_events_virtual_linked_button_text":"","_tribe_events_virtual_linked_button":"","_tribe_events_virtual_show_embed_at":"","_tribe_events_virtual_show_embed_to":[],"_tribe_events_virtual_show_on_event":"","_tribe_events_virtual_show_on_views":"","_tribe_events_virtual_url":"","footnotes":"","_tec_slr_enabled":"","_tec_slr_layout":""},"tags":[69,67,57,68,66],"tribe_events_cat":[49,85,10,2,12,4],"class_list":["post-4209","tribe_events","type-tribe_events","status-publish","has-post-thumbnail","hentry","tag-barcelona","tag-built-environment","tag-colab","tag-green-construction","tag-housing","tribe_events_cat-community-collab","tribe_events_cat-community-event","tribe_events_cat-in-person","tribe_events_cat-networking","tribe_events_cat-organised-by-climate-kic","tribe_events_cat-policy","pmpro-has-access","cat_community-collab","cat_community-event","cat_in-person","cat_networking","cat_organised-by-climate-kic","cat_policy"],"acf":[],"ticketed":false,"_links":{"self":[{"href":"https:\/\/climate-hive.org\/pl\/wp-json\/wp\/v2\/tribe_events\/4209","targetHints":{"allow":["GET"]}}],"collection":[{"href":"https:\/\/climate-hive.org\/pl\/wp-json\/wp\/v2\/tribe_events"}],"about":[{"href":"https:\/\/climate-hive.org\/pl\/wp-json\/wp\/v2\/types\/tribe_events"}],"author":[{"embeddable":true,"href":"https:\/\/climate-hive.org\/pl\/wp-json\/wp\/v2\/users\/3"}],"replies":[{"embeddable":true,"href":"https:\/\/climate-hive.org\/pl\/wp-json\/wp\/v2\/comments?post=4209"}],"version-history":[{"count":5,"href":"https:\/\/climate-hive.org\/pl\/wp-json\/wp\/v2\/tribe_events\/4209\/revisions"}],"predecessor-version":[{"id":4500,"href":"https:\/\/climate-hive.org\/pl\/wp-json\/wp\/v2\/tribe_events\/4209\/revisions\/4500"}],"wp:featuredmedia":[{"embeddable":true,"href":"https:\/\/climate-hive.org\/pl\/wp-json\/wp\/v2\/media\/4210"}],"wp:attachment":[{"href":"https:\/\/climate-hive.org\/pl\/wp-json\/wp\/v2\/media?parent=4209"}],"wp:term":[{"taxonomy":"post_tag","embeddable":true,"href":"https:\/\/climate-hive.org\/pl\/wp-json\/wp\/v2\/tags?post=4209"},{"taxonomy":"tribe_events_cat","embeddable":true,"href":"https:\/\/climate-hive.org\/pl\/wp-json\/wp\/v2\/tribe_events_cat?post=4209"}],"curies":[{"name":"wp","href":"https:\/\/api.w.org\/{rel}","templated":true}]}}