{"id":4214,"date":"2025-09-24T13:32:42","date_gmt":"2025-09-24T12:32:42","guid":{"rendered":"https:\/\/climate-hive.org\/?post_type=tribe_events&#038;p=4214"},"modified":"2025-10-16T16:57:16","modified_gmt":"2025-10-16T15:57:16","slug":"colab-advancing-green-public-private-partnerships","status":"publish","type":"tribe_events","link":"https:\/\/climate-hive.org\/pl\/event\/colab-advancing-green-public-private-partnerships\/","title":{"rendered":"CoLab: Rozw\u00f3j zielonych partnerstw publiczno-prywatnych"},"content":{"rendered":"<div  class=\"tribe-events-schedule tribe-clearfix\" >\n\t<p class=\"tribe-events-schedule__datetime\">\n\t\t<span class=\"tribe-events-schedule__date tribe-events-schedule__date--start\">\n\t\t\t22 pa\u017adziernika 2025 r.\t\t<\/span>\n\n\t\t\t\t\t<span class=\"tribe-events-schedule__separator tribe-events-schedule__separator--date\">\n\t\t\t\t@\t\t\t<\/span>\n\t\t\t<span class=\"tribe-events-schedule__time tribe-events-schedule__time--start\">\n\t\t\t\t14:30\t\t\t<\/span>\n\t\t\n\t\t\t\t\t\t\t\t\t<span class=\"tribe-events-schedule__separator tribe-events-schedule__separator--time\">\n\t\t\t\t\t-\t\t\t\t<\/span>\n\t\t\t\n\t\t\t\t\t\t\t<span class=\"tribe-events-schedule__time tribe-events-schedule__time--end\">\n\t\t\t\t\t18:00\t\t\t\t<\/span>\n\t\t\t\n\t\t\t\t\t\t<\/p>\n<\/div>\n\n\n\n<p style=\"font-size:16px\">Do\u0142\u0105cz do naszego Community CoLab w Warszawie, aby zaprojektowa\u0107 nowe modele partnerstw publiczno-prywatnych oraz zidentyfikowa\u0107 mo\u017cliwo\u015bci biznesowe i koalicje w zakresie przedsi\u0119biorczo\u015bci, edukacji i bada\u0144 w celu realizacji programu innowacji klimatycznych.<\/p>\n\n\n\n<p style=\"font-size:16px\">EBI szacuje, \u017ce aby osi\u0105gn\u0105\u0107 cele klimatyczne UE na rok 2030, musimy przeznaczy\u0107 na ten cel oko\u0142o 8% naszego PKB. Niestety, mamy tylko 5% PKB. Wiemy, \u017ce ani sektor publiczny, ani prywatny nie s\u0105 w stanie samodzielnie rozwi\u0105za\u0107 kryzysu klimatycznego - musz\u0105 ze sob\u0105 wsp\u00f3\u0142pracowa\u0107.<\/p>\n\n\n\n<p style=\"font-size:16px\">Partnerstwa publiczno-prywatne maj\u0105 kluczowe znaczenie dla urzeczywistnienia ambitnych zielonych zobowi\u0105za\u0144 miast, rz\u0105d\u00f3w krajowych i UE. \u0141\u0105cz\u0105c pilne zapotrzebowanie publiczne z innowacyjnymi rozwi\u0105zaniami biznesowymi i najnowszymi badaniami, wsp\u00f3\u0142praca ta odblokowuje nowe rynki i nap\u0119dza adaptacj\u0119 w tempie i skali, kt\u00f3rych nasze spo\u0142eczno\u015bci pilnie potrzebuj\u0105.<\/p>\n\n\n\n<p style=\"font-size:16px\">Climate KIC zaprasza do przy\u0142\u0105czenia si\u0119 do nas w nast\u0119puj\u0105cych dzia\u0142aniach&nbsp;<strong>Warszawa, Polska<\/strong>&nbsp;w \u015brod\u0119 22 pa\u017adziernika, aby wzi\u0105\u0107 udzia\u0142 w Laboratorium Wsp\u00f3\u0142pracy ze Spo\u0142eczno\u015bci\u0105 (<strong>CoLab<\/strong>) koncentruje si\u0119 na&nbsp;<strong>Rozw\u00f3j ekologicznych partnerstw publiczno-prywatnych<\/strong>, we wsp\u00f3\u0142pracy z&nbsp;<a href=\"https:\/\/www.parp.gov.pl\/\" target=\"_blank\" rel=\"noreferrer noopener\">Polska Agencja Rozwoju Przedsi\u0119biorczo\u015bci<\/a>&nbsp;i&nbsp;<a href=\"https:\/\/en.uw.edu.pl\/\" target=\"_blank\" rel=\"noreferrer noopener\">Uniwersytet Warszawski<\/a>. Zapraszamy kluczowych interesariuszy z sektora publicznego i prywatnego, krajowych, regionalnych i lokalnych decydent\u00f3w, naukowc\u00f3w, przedstawicieli przemys\u0142u i innowacyjnych przedsi\u0119biorc\u00f3w do przy\u0142\u0105czenia si\u0119 do nas.<\/p>\n\n\n\n<p style=\"font-size:16px\">Wsp\u00f3lnie opracujemy nowe modele partnerstw, zrozumiemy zapotrzebowanie interesariuszy publicznych, zastanowimy si\u0119 nad mo\u017cliwymi rozwi\u0105zaniami na styku bada\u0144 i biznesu oraz zidentyfikujemy mo\u017cliwo\u015bci realizacji programu innowacji klimatycznych w Polsce i poza ni\u0105.<\/p>\n\n\n\n<p style=\"font-size:16px\"><strong>Ten CoLab to dopiero pocz\u0105tek<\/strong>. W ci\u0105gu najbli\u017cszych trzech lat Climate KIC Community b\u0119dzie zwo\u0142ywa\u0107 publicznych i prywatnych interesariuszy, badaczy i innowator\u00f3w, aby zainicjowa\u0107 nowy ruch w celu zbadania systemowych rozwi\u0105za\u0144 klimatycznych i wsp\u00f3\u0142pracy w celu skalowania i przyspieszenia ich wdra\u017cania.&nbsp;<\/p>\n\n\n\n<p style=\"font-size:16px\">Do\u0142\u0105cz do nas, je\u015bli jeste\u015b gotowy, aby przygotowa\u0107 swoj\u0105 organizacj\u0119 na przysz\u0142o\u015b\u0107 i wsp\u00f3\u0142pracowa\u0107 z podobnie my\u015bl\u0105cymi organizacjami i innowatorami.&nbsp;<\/p>\n\n\n\n<div class=\"wp-block-buttons is-layout-flex wp-block-buttons-is-layout-flex\">\n<div class=\"wp-block-button\"><a class=\"wp-block-button__link wp-element-button\" href=\"https:\/\/forms.office.com\/e\/7rHjhVhFEq\">ZAREJESTRUJ SI\u0118 TERAZ<\/a><\/div>\n<\/div>\n\n\n\n<p><\/p>\n\n\n\n<h2 class=\"wp-block-heading\"><strong>Agenda<\/strong><\/h2>\n\n\n\n<p>14.30 - 15.00: <strong>Rejestracja i kawa<\/strong><\/p>\n\n\n\n<p>15.00 - 15.10: <strong>Witamy w CoLab<\/strong><br><em>z Magnusem Harrisonem, Community Relations and Partnership Manager, Climate KIC&nbsp;&nbsp;<\/em><\/p>\n\n\n\n<p>15.10 - 15.50:<strong> Rozmowa po stronie ognia: Przyspieszenie zielonej transformacji i mo\u017cliwo\u015bci biznesowych dzi\u0119ki partnerstwom publiczno-prywatnym.<br><\/strong><em>Moderowane przez: Katarzyna Ba\u0142ucka-D\u0119bska, Policy &amp; EU Affairs Orchestrator, Climate KIC.<\/em><\/p>\n\n\n\n<p><em>G\u0142o\u015bniki:<\/em><\/p>\n\n\n\n<ul class=\"wp-block-list\">\n<li><em>Micha\u0142 Piwowarczyk, Zast\u0119pca Dyrektora, Ministerstwo Funduszy i Polityki Regionalnej<\/em><\/li>\n\n\n\n<li><em>Krzysztof Gulda, Prezes, Polska Agencja Rozwoju Przedsi\u0119biorczo\u015bci (PARP)<\/em><\/li>\n\n\n\n<li><em>Anna Brussa, dyrektor ds. przemys\u0142owych \u0142a\u0144cuch\u00f3w warto\u015bci, Climate KIC.<\/em>\u00a0<\/li>\n<\/ul>\n\n\n\n<p>15.50 - 16.00: <strong>Wprowadzenie do sesji<\/strong><\/p>\n\n\n\n<p>16.00 - 16.45: <strong>Dyskusje przy okr\u0105g\u0142ym stole<\/strong>&nbsp;&nbsp;<\/p>\n\n\n\n<ul class=\"wp-block-list\">\n<li><strong>Odblokowanie kapita\u0142u prywatnego i publicznego<\/strong><br><em>Prowadzony przez Przemka Derwicha, specjalist\u0119 ds. finansowania UE, Climate KIC<\/em><\/li>\n\n\n\n<li><strong>Budowanie i skalowanie konkurencyjnych bran\u017c<\/strong><br><em>Prowadzenie: Anna Brussa, dyrektor ds. przemys\u0142owych \u0142a\u0144cuch\u00f3w warto\u015bci, Climate KIC.<\/em><\/li>\n\n\n\n<li><strong>Wype\u0142nianie luk w innowacjach<\/strong><br><em>Prowadzony przez Magnusa Harrisona, Community Relations and Partnership Manager, Climate KIC\u00a0\u00a0<\/em><\/li>\n<\/ul>\n\n\n\n<p>16.45 - 17.15: <strong>Sesja plenarna: Prezentacja dyskusji okr\u0105g\u0142ego sto\u0142u<br><\/strong><em>Prowadzenie: Aleksandra Goldys, projektantka i producentka, Industry Value Chains, Climate KIC&nbsp;<\/em><\/p>\n\n\n\n<p>17.15 - 18.00: <strong>Przyj\u0119cie networkingowe&nbsp;<\/strong><\/p>\n\n\n\n<p><\/p>\n\n\n\n<h3 class=\"wp-block-heading\">Informacje o Climate KIC Community CoLabs<\/h3>\n\n\n\n<p style=\"font-size:16px\">Climate KIC b\u0119dzie gospodarzem czterech Laboratori\u00f3w Wsp\u00f3\u0142pracy (CoLabs) jesieni\u0105 2025 roku.  W naszych laboratoriach CoLabs anga\u017cujemy publicznych i prywatnych interesariuszy z r\u00f3\u017cnych \u0142a\u0144cuch\u00f3w warto\u015bci w nasze wysi\u0142ki na rzecz po\u0142\u0105czenia zapotrzebowania na klimat z innowacyjnymi rozwi\u0105zaniami biznesowymi. Zag\u0142\u0119bimy si\u0119 w szereg temat\u00f3w:<\/p>\n\n\n\n<ul class=\"wp-block-list\">\n<li style=\"font-size:16px\"><a href=\"https:\/\/www.climate-kic.org\/events\/community-colab-beyond-the-legacy-of-deep-demonstration-slovenia\/\">Poza dziedzictwem Deep Demonstration S\u0142owenia<\/a>. Lublana (S\u0142owenia), 11 wrze\u015bnia 2025 r.<\/li>\n\n\n\n<li style=\"font-size:16px\"><a href=\"https:\/\/www.climate-kic.org\/events\/community-colab-cagliari\/\">Przyspieszenie niebieskiej i zielonej gospodarki w europejskich spo\u0142eczno\u015bciach przybrze\u017cnych<\/a>. Cagliari (W\u0142ochy), 2 pa\u017adziernika 2025 r.<\/li>\n\n\n\n<li style=\"font-size:16px\"><a href=\"https:\/\/www.climate-kic.org\/events\/community-colab-community-housing-barcelona\/\">Mieszkalnictwo kierowane przez spo\u0142eczno\u015b\u0107 i zr\u00f3wnowa\u017cone transformacje: Przypadek Barcelony<\/a>a. Barcelona (Katalonia, Hiszpania), 10 pa\u017adziernika 2025 r.<\/li>\n\n\n\n<li style=\"font-size:16px\"><a href=\"https:\/\/www.climate-kic.org\/events\/community-colab-public-private-partnerships-warsaw\/\">Rozw\u00f3j zielonego partnerstwa publiczno-prywatnego: Przypadek Polski i nie tylko<\/a>. Warszawa (Polska), 22 pa\u017adziernika 2025 r.<\/li>\n<\/ul>\n\n\n\n<p style=\"font-size:16px\">Community CoLabs s\u0105 wspierane przez&nbsp;<a href=\"https:\/\/www.eit.europa.eu\/\">Europejski Instytut Innowacji i Technologii (EIT)<\/a>, organ Unii Europejskiej.<\/p>\n\n\n<div  class=\"tribe-block tribe-block__event-price\" >\n\t\t<\/div>\n\n\n<div  class=\"tribe-block tribe-block__organizer__details tribe-clearfix\" >\n    <h4>Organiser details<\/h4>\n\t<div class=\"tribe-block__organizer__title\">\n\t\t<h3><a href=\"https:\/\/climate-hive.org\/pl\/organizator\/climate-kic-community\/\" title=\"Climate KIC Community\" target=\"_self\" rel=\"\">Climate KIC Community<\/a><\/h3>\n\t<\/div>\n\t\t\t\t<p class=\"tribe-block__organizer__website\"><a href=\"https:\/\/climate-hive.org\/pl\/\" target=\"_self\" rel=\"external\">Zobacz witryn\u0119 internetow\u0105 Organizator<\/a><\/p>\n\t\t\t\t<p class=\"tribe-block__organizer__email\">community@climate-kic.org<\/p>\n\t<\/div>\n\n\n<div  class=\"tribe-block tribe-block__venue tribe-clearfix tribe-block__venue--has-map\" >\n\t\n\t\n<div class=\"tribe-block__venue__meta\">\n\t<div class=\"tribe-block__venue__name\">\n\t\t<h3><a href=\"https:\/\/climate-hive.org\/pl\/miejsce\/warsaw-university-budynek-dydaktyczny\/\" title=\"Uniwersytet Warszawski, Budynek dydaktyczny\">Uniwersytet Warszawski, Budynek dydaktyczny<\/a><\/h3>\n\t<\/div>\n\n\t\n\t\t\t\t\t\t<address class=\"tribe-block__venue__address\">\n\t\t\t\t<span class=\"tribe-address\">\n\n<span class=\"tribe-street-address\">Dobra 55<\/span>\n\t\n\t\t<br>\n\t\t<span class=\"tribe-locality\">Warszawa<\/span><span class=\"tribe-delimiter\">,<\/span>\n\n\n\t<span class=\"tribe-postal-code\">00-312<\/span>\n\n\t<span class=\"tribe-country-name\">Polska<\/span>\n\n<\/span>\n\n\t\t\t\t\t\t\t\t\t<a class=\"tribe-events-gmap\" href=\"https:\/\/maps.google.com\/maps?f=q&#038;source=s_q&#038;hl=en&#038;geocode=&#038;q=Dobra+55+Warsaw+00-312+Poland\" title=\"Kliknij, aby zobaczy\u0107 map\u0119 Google\" target=\"_blank\" rel=\"noreferrer noopener\">+ Mapa Google<\/a>\t\t\t\t\t\t\t<\/address>\n\t\t\n\t\t\n\t\t\t\n\t<\/div>\n\t\n<div class=\"tribe-block__venue__map\">\n\t\n<iframe loading=\"lazy\"\n  title=\"Ramka iframe Google Maps wy\u015bwietlaj\u0105ca adres Warsaw University, Budynek dydaktyczny\"\n  aria-label=\"Mapa lokalizacji miejsca\"\n  width=\"310px\"\n  height=\"256px\"\n  frameborder=\"0\" style=\"border:0\"\n  src=\"https:\/\/www.google.com\/maps\/embed\/v1\/place?key=AIzaSyDNsicAsP6-VuGtAb1O9riI3oc_NOb7IOU&#038;q=Dobra+55+Warsaw+00-312+Poland+&#038;zoom=15\" allowfullscreen>\n<\/iframe>\n<\/div>\n\n\t<\/div>\n\n\n\n\n\t<div  class=\"tribe-block tribe-block__events-link\" >\n\t\t<div class=\"tribe-events tribe-common\">\n\t\t\t<div class=\"tribe-events-c-subscribe-dropdown__container\">\n\t\t\t\t<div class=\"tribe-events-c-subscribe-dropdown\">\n\t\t\t\t\t<div class=\"tribe-common-c-btn-border tribe-events-c-subscribe-dropdown__button\">\n\t\t\t\t\t\t<svg  class=\"tribe-common-c-svgicon tribe-common-c-svgicon--cal-export tribe-events-c-subscribe-dropdown__export-icon\"  xmlns=\"http:\/\/www.w3.org\/2000\/svg\" width=\"24\" height=\"24\" viewbox=\"0 0 24 24\" fill=\"none\">\n    <path\n        d=\"M9 6L12 3M12 3L15 6M12 3V13M7.00023 10C6.06835 10 5.60241 10 5.23486 10.1522C4.74481 10.3552 4.35523 10.7448 4.15224 11.2349C4 11.6024 4 12.0681 4 13V17.8C4 18.9201 4 19.4798 4.21799 19.9076C4.40973 20.2839 4.71547 20.5905 5.0918 20.7822C5.5192 21 6.07899 21 7.19691 21H16.8036C17.9215 21 18.4805 21 18.9079 20.7822C19.2842 20.5905 19.5905 20.2839 19.7822 19.9076C20 19.4802 20 18.921 20 17.8031V13C20 12.0681 19.9999 11.6024 19.8477 11.2349C19.6447 10.7448 19.2554 10.3552 18.7654 10.1522C18.3978 10 17.9319 10 17 10\"\n        stroke=\"#142930\" stroke-width=\"2\" stroke-linecap=\"round\" stroke-linejoin=\"round\"\/>\n<\/svg>\n\t\t\t\t\t\t<button\n\t\t\t\t\t\t\tclass=\"tribe-events-c-subscribe-dropdown__button-text\"\n\t\t\t\t\t\t\taria-expanded=\"false\"\n\t\t\t\t\t\t\taria-controls=\"tribe-events-subscribe-dropdown-content\"\n\t\t\t\t\t\t\taria-label=\"Wy\u015bwietl linki do dodawania wydarze\u0144 do kalendarza\"\n\t\t\t\t\t\t>\n\t\t\t\t\t\t\tDodaj do kalendarza\t\t\t\t\t\t<\/button>\n\t\t\t\t\t\t<svg\n\t class=\"tribe-common-c-svgicon tribe-common-c-svgicon--caret-down tribe-events-c-subscribe-dropdown__button-icon\" \taria-hidden=\"true\"\n\tviewbox=\"0 0 10 7\"\n\txmlns=\"http:\/\/www.w3.org\/2000\/svg\"\n>\n\t<path fill-rule=\"evenodd\" clip-rule=\"evenodd\" d=\"M1.008.609L5 4.6 8.992.61l.958.958L5 6.517.05 1.566l.958-.958z\" class=\"tribe-common-c-svgicon__svg-fill\"\/>\n<\/svg>\n\t\t\t\t\t<\/div>\n\t\t\t\t\t<div id=\"tribe-events-subscribe-dropdown-content\" class=\"tribe-events-c-subscribe-dropdown__content\">\n\t\t\t\t\t\t<ul class=\"tribe-events-c-subscribe-dropdown__list\">\n\t\t\t\t\t\t\t\t\t\t\t\t\t\t\t<li class=\"tribe-events-c-subscribe-dropdown__list-item tribe-events-c-subscribe-dropdown__list-item--gcal\">\n\t\t\t\t\t\t\t\t\t<a\n\t\t\t\t\t\t\t\t\t\thref=\"https:\/\/www.google.com\/calendar\/event?action=TEMPLATE&#038;dates=20251022T143000\/20251022T180000&#038;text=CoLab%3A%20Advancing%20green%20public-private%20partnerships&#038;details=%3Cp+style%3D%22font-size%3A16px%22%3EJoin+our+Community+CoLab+in+Warsaw+to+design+new+models+of+public-private+partnerships%2C+and+identify+business+opportunities+and+coalitions+across+entrepreneurship%2C+education+and+research+to+push+the+climate+innovation+agenda%3C%2Fp%3E+%3Cp+style%3D%22font-size%3A16px%22%3ETo+reach+the+EU%E2%80%99s+2030+climate+targets%2C+the+EIB+estimates+we+must+allocate+roughly+8%25+of+our+GDP.+Unfortunately%2C+we+are+only+at+5%25+GDP.+We+know+that+neither+public+nor+private+sector+alone+can+solve+the+climate+crisis%2C+they+must+work+together.%3C%2Fp%3E+%3Cp+style%3D%22font-size%3A16px%22%3EPublic-private+partnerships+are+vital+to+turn+ambitious+green+commitments+of+cities%2C+national+governments+and+the+EU+into+reality.+By+connecting+urgent+public+demand+with+innovative+business+solutions+and+the+latest+research%2C+these+collaborations+unlock+new+markets+and+drive+adaptation+at+the+pace+and+scale+our+communities+urgently+need.%3C%2Fp%3E+%3Cp+style%3D%22font-size%3A16px%22%3EClimate+KIC+invites+you+to+join+us+in%26nbsp%3B%3Cstrong%3EWar%3C%2Fstrong%3E%3C%2Fp%3E+%28Zobacz+pe%C5%82ny+opis+wydarzenie+tutaj%3A+https%3A%2F%2Fclimate-hive.org%2Fpl%2Fevent%2Fcolab-advancing-green-public-private-partnerships%2F%29&#038;location=Warsaw%20University,%20Budynek%20dydaktyczny,%20Dobra%2055,%20Warsaw,%2000-312,%20Poland&#038;trp=false&#038;ctz=Europe\/London&#038;sprop=website:https:\/\/climate-hive.org\/pl\"\n\t\t\t\t\t\t\t\t\t\tclass=\"tribe-events-c-subscribe-dropdown__list-item-link\"\n\t\t\t\t\t\t\t\t\t\ttarget=\"_blank\"\n\t\t\t\t\t\t\t\t\t\trel=\"noopener noreferrer nofollow noindex\"\n\t\t\t\t\t\t\t\t\t>\n\t\t\t\t\t\t\t\t\t\tKalendarz Google\t\t\t\t\t\t\t\t\t<\/a>\n\t\t\t\t\t\t\t\t<\/li>\n\t\t\t\t\t\t\t\t\t\t\t\t\t\t\t<li class=\"tribe-events-c-subscribe-dropdown__list-item tribe-events-c-subscribe-dropdown__list-item--ical\">\n\t\t\t\t\t\t\t\t\t<a\n\t\t\t\t\t\t\t\t\t\thref=\"\"\n\t\t\t\t\t\t\t\t\t\tclass=\"tribe-events-c-subscribe-dropdown__list-item-link\"\n\t\t\t\t\t\t\t\t\t\ttarget=\"_blank\"\n\t\t\t\t\t\t\t\t\t\trel=\"noopener noreferrer nofollow noindex\"\n\t\t\t\t\t\t\t\t\t>\n\t\t\t\t\t\t\t\t\t\tiKalendarz\t\t\t\t\t\t\t\t\t<\/a>\n\t\t\t\t\t\t\t\t<\/li>\n\t\t\t\t\t\t\t\t\t\t\t\t\t\t\t<li class=\"tribe-events-c-subscribe-dropdown__list-item tribe-events-c-subscribe-dropdown__list-item--outlook-365\">\n\t\t\t\t\t\t\t\t\t<a\n\t\t\t\t\t\t\t\t\t\thref=\"\"\n\t\t\t\t\t\t\t\t\t\tclass=\"tribe-events-c-subscribe-dropdown__list-item-link\"\n\t\t\t\t\t\t\t\t\t\ttarget=\"_blank\"\n\t\t\t\t\t\t\t\t\t\trel=\"noopener noreferrer nofollow noindex\"\n\t\t\t\t\t\t\t\t\t>\n\t\t\t\t\t\t\t\t\t\tOutlook 365\t\t\t\t\t\t\t\t\t<\/a>\n\t\t\t\t\t\t\t\t<\/li>\n\t\t\t\t\t\t\t\t\t\t\t\t\t\t\t<li class=\"tribe-events-c-subscribe-dropdown__list-item tribe-events-c-subscribe-dropdown__list-item--outlook-live\">\n\t\t\t\t\t\t\t\t\t<a\n\t\t\t\t\t\t\t\t\t\thref=\"\"\n\t\t\t\t\t\t\t\t\t\tclass=\"tribe-events-c-subscribe-dropdown__list-item-link\"\n\t\t\t\t\t\t\t\t\t\ttarget=\"_blank\"\n\t\t\t\t\t\t\t\t\t\trel=\"noopener noreferrer nofollow noindex\"\n\t\t\t\t\t\t\t\t\t>\n\t\t\t\t\t\t\t\t\t\tOutlook na \u017cywo\t\t\t\t\t\t\t\t\t<\/a>\n\t\t\t\t\t\t\t\t<\/li>\n\t\t\t\t\t\t\t\t\t\t\t\t\t<\/ul>\n\t\t\t\t\t<\/div>\n\t\t\t\t<\/div>\n\t\t\t<\/div>\n\t\t<\/div>\n\t<\/div>\n\n\n\n<h2 class=\"tribe-block__related-events__title\">Powi\u0105zane wydarzenia<\/h2>\n\n<ul  class=\"tribe-related-events tribe-clearfix\" >\n\t\t\t<li>\n\t\n<div class=\"tribe-related-events-thumbnail\">\n\t<a href=\"https:\/\/climate-hive.org\/pl\/event\/climathon-organiser-training-2-systems-change\/\" class=\"url\" rel=\"bookmark\" tabindex=\"-1\" aria-hidden=\"true\"><img loading=\"lazy\" decoding=\"async\" width=\"1024\" height=\"683\" src=\"https:\/\/climate-hive.org\/wp-content\/uploads\/2026\/04\/Curitiba_Brazil_2mb-1-1024x683.jpg\" class=\"attachment-large size-large wp-post-image\" alt=\"\" \/><\/a>\n<\/div>\n\t<div class=\"tribe-related-event-info\">\n\t<h3 class=\"tribe-related-events-title\">\n\t\t<a href=\"https:\/\/climate-hive.org\/pl\/event\/climathon-organiser-training-2-systems-change\/\" class=\"tribe-event-url\" rel=\"bookmark\">\n\t\t\tClimathon Szkolenie organizator\u00f3w #2: Od wydarzenia do zmiany systemowej\t\t<\/a>\n\t<\/h3>\n\t<span class=\"tribe-event-date-start\">5 maja @ 13:00<\/span> - <span class=\"tribe-event-time\">14:30<\/span><\/div>\n<\/li>\n\t\t\t<li>\n\t\n<div class=\"tribe-related-events-thumbnail\">\n\t<a href=\"https:\/\/climate-hive.org\/pl\/event\/insights-green-and-digital-for-small-businesses\/\" class=\"url\" rel=\"bookmark\" tabindex=\"-1\" aria-hidden=\"true\"><img loading=\"lazy\" decoding=\"async\" width=\"1024\" height=\"576\" src=\"https:\/\/climate-hive.org\/wp-content\/uploads\/2026\/04\/getty-images-Sf2MBY7xIkY-unsplash-1024x576.jpg\" class=\"attachment-large size-large wp-post-image\" alt=\"\" \/><\/a>\n<\/div>\n\t<div class=\"tribe-related-event-info\">\n\t<h3 class=\"tribe-related-events-title\">\n\t\t<a href=\"https:\/\/climate-hive.org\/pl\/event\/insights-green-and-digital-for-small-businesses\/\" class=\"tribe-event-url\" rel=\"bookmark\">\n\t\t\tWgl\u0105d: Zielone i cyfrowe. Co to oznacza dla ma\u0142ych firm w praktyce\u00a0\t\t<\/a>\n\t<\/h3>\n\t<span class=\"tribe-event-date-start\">6 maja, 14:00<\/span> - <span class=\"tribe-event-time\">15:00<\/span><\/div>\n<\/li>\n\t\t\t<li>\n\t\n<div class=\"tribe-related-events-thumbnail\">\n\t<a href=\"https:\/\/climate-hive.org\/pl\/event\/how-to-evolve-global-book-tour\/\" class=\"url\" rel=\"bookmark\" tabindex=\"-1\" aria-hidden=\"true\"><img loading=\"lazy\" decoding=\"async\" width=\"1024\" height=\"576\" src=\"https:\/\/climate-hive.org\/wp-content\/uploads\/2026\/04\/How_to_Evolve_Copenhagen_2x-2100x1181-1-1024x576.png\" class=\"attachment-large size-large wp-post-image\" alt=\"\" \/><\/a>\n<\/div>\n\t<div class=\"tribe-related-event-info\">\n\t<h3 class=\"tribe-related-events-title\">\n\t\t<a href=\"https:\/\/climate-hive.org\/pl\/event\/how-to-evolve-global-book-tour\/\" class=\"tribe-event-url\" rel=\"bookmark\">\n\t\t\tJak ewoluowa\u0107 \u2013 \u015bwiatowa trasa koncertowa ksi\u0105\u017cki\t\t<\/a>\n\t<\/h3>\n\t<span class=\"tribe-event-date-start\">11 maja @ 9:30<\/span> - <span class=\"tribe-event-date-end\">12 maja @ 20:30<\/span><\/div>\n<\/li>\n\t<\/ul>","protected":false},"excerpt":{"rendered":"<p>Do\u0142\u0105cz do naszego Community CoLab w Warszawie, aby zaprojektowa\u0107 nowe modele partnerstw publiczno-prywatnych oraz zidentyfikowa\u0107 mo\u017cliwo\u015bci biznesowe i koalicje w zakresie przedsi\u0119biorczo\u015bci, edukacji i bada\u0144, aby realizowa\u0107 program innowacji klimatycznych [...]<\/p>","protected":false},"author":3,"featured_media":4251,"comment_status":"open","ping_status":"closed","template":"","meta":{"_acf_changed":false,"_tec_requires_first_save":false,"_bbp_topic_count":0,"_bbp_reply_count":0,"_bbp_total_topic_count":0,"_bbp_total_reply_count":0,"_bbp_voice_count":0,"_bbp_anonymous_reply_count":0,"_bbp_topic_count_hidden":0,"_bbp_reply_count_hidden":0,"_bbp_forum_subforum_count":0,"pmpro_default_level":"","inline_featured_image":false,"_price":"","_stock":"","_tribe_ticket_header":"","_tribe_default_ticket_provider":"TEC\\Tickets\\Commerce\\Module","_ticket_start_date":"","_ticket_end_date":"","_tribe_ticket_show_description":"","_tribe_ticket_show_not_going":false,"_tribe_ticket_use_global_stock":"","_tribe_ticket_global_stock_level":"","_global_stock_mode":"","_global_stock_cap":"","_tribe_rsvp_for_event":"","_tribe_ticket_going_count":"","_tribe_ticket_not_going_count":"","_tribe_tickets_list":"[]","_tribe_ticket_has_attendee_info_fields":false,"_EventAllDay":false,"_EventTimezone":"Europe\/London","_EventStartDate":"2025-10-22 14:30:00","_EventEndDate":"2025-10-22 18:00:00","_EventStartDateUTC":"2025-10-22 13:30:00","_EventEndDateUTC":"2025-10-22 17:00:00","_EventShowMap":false,"_EventShowMapLink":false,"_EventURL":"","_EventCost":"","_EventCostDescription":"","_EventCurrencySymbol":"\u20ac","_EventCurrencyCode":"EUR","_EventCurrencyPosition":"prefix","_EventDateTimeSeparator":"@","_EventTimeRangeSeparator":"-","_EventOrganizerID":[3881],"_EventVenueID":[4250],"_OrganizerEmail":"","_OrganizerPhone":"","_OrganizerWebsite":"","_VenueAddress":"","_VenueCity":"","_VenueCountry":"","_VenueProvince":"","_VenueState":"","_VenueZip":"","_VenuePhone":"","_VenueURL":"","_VenueStateProvince":"","_VenueLat":"","_VenueLng":"","_VenueShowMap":false,"_VenueShowMapLink":false,"_tribe_blocks_recurrence_rules":"","_tribe_blocks_recurrence_description":"","_tribe_blocks_recurrence_exclusions":"","_tribe_events_status":"","_tribe_events_status_reason":"","_tribe_events_is_hybrid":"","_tribe_events_is_virtual":"","_tribe_events_virtual_video_source":"","_tribe_events_virtual_embed_video":"","_tribe_events_virtual_linked_button_text":"","_tribe_events_virtual_linked_button":"","_tribe_events_virtual_show_embed_at":"","_tribe_events_virtual_show_embed_to":[],"_tribe_events_virtual_show_on_event":"","_tribe_events_virtual_show_on_views":"","_tribe_events_virtual_url":"","footnotes":"","_tec_slr_enabled":"","_tec_slr_layout":""},"tags":[57,74,72,75,73],"tribe_events_cat":[49,85,10,12,4],"class_list":["post-4214","tribe_events","type-tribe_events","status-publish","has-post-thumbnail","hentry","tag-colab","tag-partnerships","tag-poland","tag-public-private-partnerships","tag-warsaw","tribe_events_cat-community-collab","tribe_events_cat-community-event","tribe_events_cat-in-person","tribe_events_cat-organised-by-climate-kic","tribe_events_cat-policy","pmpro-has-access","cat_community-collab","cat_community-event","cat_in-person","cat_organised-by-climate-kic","cat_policy"],"acf":[],"ticketed":false,"_links":{"self":[{"href":"https:\/\/climate-hive.org\/pl\/wp-json\/wp\/v2\/tribe_events\/4214","targetHints":{"allow":["GET"]}}],"collection":[{"href":"https:\/\/climate-hive.org\/pl\/wp-json\/wp\/v2\/tribe_events"}],"about":[{"href":"https:\/\/climate-hive.org\/pl\/wp-json\/wp\/v2\/types\/tribe_events"}],"author":[{"embeddable":true,"href":"https:\/\/climate-hive.org\/pl\/wp-json\/wp\/v2\/users\/3"}],"replies":[{"embeddable":true,"href":"https:\/\/climate-hive.org\/pl\/wp-json\/wp\/v2\/comments?post=4214"}],"version-history":[{"count":3,"href":"https:\/\/climate-hive.org\/pl\/wp-json\/wp\/v2\/tribe_events\/4214\/revisions"}],"predecessor-version":[{"id":4640,"href":"https:\/\/climate-hive.org\/pl\/wp-json\/wp\/v2\/tribe_events\/4214\/revisions\/4640"}],"wp:featuredmedia":[{"embeddable":true,"href":"https:\/\/climate-hive.org\/pl\/wp-json\/wp\/v2\/media\/4251"}],"wp:attachment":[{"href":"https:\/\/climate-hive.org\/pl\/wp-json\/wp\/v2\/media?parent=4214"}],"wp:term":[{"taxonomy":"post_tag","embeddable":true,"href":"https:\/\/climate-hive.org\/pl\/wp-json\/wp\/v2\/tags?post=4214"},{"taxonomy":"tribe_events_cat","embeddable":true,"href":"https:\/\/climate-hive.org\/pl\/wp-json\/wp\/v2\/tribe_events_cat?post=4214"}],"curies":[{"name":"wp","href":"https:\/\/api.w.org\/{rel}","templated":true}]}}