{"id":4383,"date":"2025-09-29T14:51:34","date_gmt":"2025-09-29T13:51:34","guid":{"rendered":"https:\/\/climate-hive.org\/?post_type=tribe_events&#038;p=4383"},"modified":"2025-10-06T08:47:42","modified_gmt":"2025-10-06T07:47:42","slug":"climathon-gijon-2025","status":"publish","type":"tribe_events","link":"https:\/\/climate-hive.org\/pl\/event\/climathon-gijon-2025\/","title":{"rendered":"Climathon Gij\u00f3n 2025"},"content":{"rendered":"<div  class=\"tribe-events-schedule tribe-clearfix\" >\n\t<p class=\"tribe-events-schedule__datetime\">\n\t\t<span class=\"tribe-events-schedule__date tribe-events-schedule__date--start\">\n\t\t\t9 pa\u017adziernika 2025 r.\t\t<\/span>\n\n\t\t\t\t\t<span class=\"tribe-events-schedule__separator tribe-events-schedule__separator--date\">\n\t\t\t\t @ \t\t\t<\/span>\n\t\t\t<span class=\"tribe-events-schedule__time tribe-events-schedule__time--start\">\n\t\t\t\t9:00\t\t\t<\/span>\n\t\t\n\t\t\t\t\t\t\t\t\t<span class=\"tribe-events-schedule__separator tribe-events-schedule__separator--time\">\n\t\t\t\t\t-\t\t\t\t<\/span>\n\t\t\t\n\t\t\t\t\t\t\t<span class=\"tribe-events-schedule__time tribe-events-schedule__time--end\">\n\t\t\t\t\t14:15\t\t\t\t<\/span>\n\t\t\t\n\t\t\t\t\t\t\t<span class=\"tribe-events-schedule__timezone\">UTC+2<\/span>\n\t\t\t\t\t\t<\/p>\n<\/div>\n\n\n\n<p style=\"font-size:16px\">W ramach \u015awiatowych Dni Climathonu promowanych przez Climate KIC, przedstawiamy ten konkurs, kt\u00f3rego celem jest wspieranie aktywnego udzia\u0142u uczni\u00f3w szk\u00f3\u0142 \u015brednich i \u015brednich z r\u00f3\u017cnych o\u015brodk\u00f3w edukacyjnych w Gij\u00f3n w projektowaniu propozycji renaturyzacji ich szkolnych podw\u00f3rek. Inicjatywa ma na celu zach\u0119canie do innowacji, zr\u00f3wnowa\u017conego rozwoju i poprawy stanu \u015brodowiska w publicznych przestrzeniach edukacyjnych, przekszta\u0142caj\u0105c je w zdrowsze, bardziej integracyjne i odporne na zmiany klimatu \u015brodowiska. Zg\u0142aszane propozycje powinny by\u0107 zgodne z zasadami i wytycznymi G\u0142\u00f3wnego Planu Renaturyzacji Gij\u00f3n, daj\u0105c pierwsze\u0144stwo:<\/p>\n\n\n\n<ul class=\"wp-block-list\">\n<li style=\"font-size:16px\">Rozwi\u0105zania oparte na naturze<\/li>\n\n\n\n<li style=\"font-size:16px\">Poprawa komfortu klimatycznego w pomieszczeniach szkolnych<\/li>\n\n\n\n<li style=\"font-size:16px\">Zwi\u0119kszanie bior\u00f3\u017cnorodno\u015bci w miastach<\/li>\n<\/ul>\n\n\n\n<p style=\"font-size:16px\">Wydarzenie to stanowi okazj\u0119 dla m\u0142odych ludzi do wniesienia kreatywnych i transformacyjnych pomys\u0142\u00f3w, \u0142\u0105cz\u0105c lokalne dzia\u0142ania z globalnym ruchem Climathon i wzmacniaj\u0105c pozycj\u0119 Gij\u00f3n jako miasta zaanga\u017cowanego w zr\u00f3wnowa\u017cony rozw\u00f3j i innowacje edukacyjne.<\/p>\n\n\n<div  class=\"tribe-block tribe-block__event-price\" >\n\t\t<\/div>\n\n\n<div  class=\"tribe-block tribe-block__organizer__details tribe-clearfix\" >\n    <h4>Organiser details<\/h4>\n\t<div class=\"tribe-block__organizer__title\">\n\t\t<h3><a href=\"https:\/\/climate-hive.org\/pl\/organizator\/barrabes\/\" title=\"Barrab\u00e9s\" target=\"_self\" rel=\"\">Barrab\u00e9s<\/a><\/h3>\n\t<\/div>\n\t\t\t\t<p class=\"tribe-block__organizer__website\"><a href=\"https:\/\/barrabes.biz\/\" target=\"_self\" rel=\"external\">Zobacz witryn\u0119 internetow\u0105 Organizator<\/a><\/p>\n\t\t\t\t<p class=\"tribe-block__organizer__email\">sonia.martinez@barrabes.biz<\/p>\n\t<\/div>\n\n\n<div  class=\"tribe-block tribe-block__venue tribe-clearfix tribe-block__venue--has-map\" >\n\t\n\t\n<div class=\"tribe-block__venue__meta\">\n\t<div class=\"tribe-block__venue__name\">\n\t\t<h3><a href=\"https:\/\/climate-hive.org\/pl\/miejsce\/escuela-superior-de-la-marina-civil-de-gijon\/\" title=\"Escuela Superior de la Marina Civil de Gij\u00f3n\">Escuela Superior de la Marina Civil de Gij\u00f3n<\/a><\/h3>\n\t<\/div>\n\n\t\n\t\t\t\t\t\t<address class=\"tribe-block__venue__address\">\n\t\t\t\t<span class=\"tribe-address\">\n\n<span class=\"tribe-street-address\">de, Pol\u00edgono Campus Universitario, Gij\u00f3n, Asturia, Hiszpania<\/span>\n\t\n\t\t<br>\n\t\t<span class=\"tribe-locality\">Gij\u00f3n<\/span><span class=\"tribe-delimiter\">,<\/span>\n\n\t<abbr class=\"tribe-region tribe-events-abbr\" title=\"Asturia\">Asturia<\/abbr>\n\n\t<span class=\"tribe-postal-code\">33203<\/span>\n\n\t<span class=\"tribe-country-name\">Hiszpania<\/span>\n\n<\/span>\n\n\t\t\t\t\t\t\t\t\t<a class=\"tribe-events-gmap\" href=\"https:\/\/maps.google.com\/maps?f=q&#038;source=s_q&#038;hl=en&#038;geocode=&#038;q=de%2C+Pol%C3%ADgono+Campus+Universitario%2C+Gij%C3%B3n%2C+Asturias%2C+Spain+Gij%C3%B3n+Asturias+33203+Spain\" title=\"Kliknij, aby zobaczy\u0107 map\u0119 Google\" target=\"_blank\" rel=\"noreferrer noopener\">+ Mapa Google<\/a>\t\t\t\t\t\t\t<\/address>\n\t\t\n\t\t\n\t\t\t\n\t<\/div>\n\t\n<div class=\"tribe-block__venue__map\">\n\t\n<iframe loading=\"lazy\"\n  title=\"Ramka iframe Google Maps wy\u015bwietlaj\u0105ca adres Escuela Superior de la Marina Civil de Gij\u00f3n\"\n  aria-label=\"Mapa lokalizacji miejsca\"\n  width=\"310px\"\n  height=\"256px\"\n  frameborder=\"0\" style=\"border:0\"\n  src=\"https:\/\/www.google.com\/maps\/embed\/v1\/place?key=AIzaSyDNsicAsP6-VuGtAb1O9riI3oc_NOb7IOU&#038;q=de%2C+Pol%C3%ADgono+Campus+Universitario%2C+Gij%C3%B3n%2C+Asturias%2C+Spain+Gij%C3%B3n+Asturias+Asturias+33203+Spain+&#038;zoom=15\" allowfullscreen>\n<\/iframe>\n<\/div>\n\n\t<\/div>\n\n\n<div  class=\"tribe-block tribe-block__event-website\" >\n\t<a\n\t\thref=\"https:\/\/www.lucegijon.es\/es\/evento\/112\/climathon-renaturalizando-nuestros-patios\"\n\t\ttarget=\"_self\"\n\t\t\t>\n\t\tZarejestruj si\u0119 tutaj\t<\/a>\n<\/div>\n\n\n\t<div  class=\"tribe-block tribe-block__events-link\" >\n\t\t<div class=\"tribe-events tribe-common\">\n\t\t\t<div class=\"tribe-events-c-subscribe-dropdown__container\">\n\t\t\t\t<div class=\"tribe-events-c-subscribe-dropdown\">\n\t\t\t\t\t<div class=\"tribe-common-c-btn-border tribe-events-c-subscribe-dropdown__button\">\n\t\t\t\t\t\t<svg  class=\"tribe-common-c-svgicon tribe-common-c-svgicon--cal-export tribe-events-c-subscribe-dropdown__export-icon\"  xmlns=\"http:\/\/www.w3.org\/2000\/svg\" width=\"24\" height=\"24\" viewbox=\"0 0 24 24\" fill=\"none\">\n    <path\n        d=\"M9 6L12 3M12 3L15 6M12 3V13M7.00023 10C6.06835 10 5.60241 10 5.23486 10.1522C4.74481 10.3552 4.35523 10.7448 4.15224 11.2349C4 11.6024 4 12.0681 4 13V17.8C4 18.9201 4 19.4798 4.21799 19.9076C4.40973 20.2839 4.71547 20.5905 5.0918 20.7822C5.5192 21 6.07899 21 7.19691 21H16.8036C17.9215 21 18.4805 21 18.9079 20.7822C19.2842 20.5905 19.5905 20.2839 19.7822 19.9076C20 19.4802 20 18.921 20 17.8031V13C20 12.0681 19.9999 11.6024 19.8477 11.2349C19.6447 10.7448 19.2554 10.3552 18.7654 10.1522C18.3978 10 17.9319 10 17 10\"\n        stroke=\"#142930\" stroke-width=\"2\" stroke-linecap=\"round\" stroke-linejoin=\"round\"\/>\n<\/svg>\n\t\t\t\t\t\t<button\n\t\t\t\t\t\t\tclass=\"tribe-events-c-subscribe-dropdown__button-text\"\n\t\t\t\t\t\t\taria-expanded=\"false\"\n\t\t\t\t\t\t\taria-controls=\"tribe-events-subscribe-dropdown-content\"\n\t\t\t\t\t\t\taria-label=\"Wy\u015bwietl linki do dodawania wydarze\u0144 do kalendarza\"\n\t\t\t\t\t\t>\n\t\t\t\t\t\t\tDodaj do kalendarza\t\t\t\t\t\t<\/button>\n\t\t\t\t\t\t<svg\n\t class=\"tribe-common-c-svgicon tribe-common-c-svgicon--caret-down tribe-events-c-subscribe-dropdown__button-icon\" \taria-hidden=\"true\"\n\tviewbox=\"0 0 10 7\"\n\txmlns=\"http:\/\/www.w3.org\/2000\/svg\"\n>\n\t<path fill-rule=\"evenodd\" clip-rule=\"evenodd\" d=\"M1.008.609L5 4.6 8.992.61l.958.958L5 6.517.05 1.566l.958-.958z\" class=\"tribe-common-c-svgicon__svg-fill\"\/>\n<\/svg>\n\t\t\t\t\t<\/div>\n\t\t\t\t\t<div id=\"tribe-events-subscribe-dropdown-content\" class=\"tribe-events-c-subscribe-dropdown__content\">\n\t\t\t\t\t\t<ul class=\"tribe-events-c-subscribe-dropdown__list\">\n\t\t\t\t\t\t\t\t\t\t\t\t\t\t\t<li class=\"tribe-events-c-subscribe-dropdown__list-item tribe-events-c-subscribe-dropdown__list-item--gcal\">\n\t\t\t\t\t\t\t\t\t<a\n\t\t\t\t\t\t\t\t\t\thref=\"https:\/\/www.google.com\/calendar\/event?action=TEMPLATE&#038;dates=20251009T090000\/20251009T141500&#038;text=Climathon%20%C2%A0Gij%C3%B3n%202025&#038;details=%3Cp+style%3D%22font-size%3A16px%22%3EWithin+the+framework+of+the+Global+Climathon+Days+promoted+by+Climate+KIC%2C+we+present+this+competition+with+the+aim+of+fostering+the+active+participation+of+Secondary+and+High+School+students+from+various+educational+centers+in+Gij%C3%B3n+in+designing+proposals+for+the+renaturalization+of+their+schoolyards.+The+initiative+seeks+to+encourage+innovation%2C+sustainability%2C+and+environmental+improvement+in+public+educational+spaces%2C+turning+them+into+healthier%2C+more+inclusive%2C+and+more+climate-resilient+environments.+The+proposals+submitted+should+align+with+the+principles+and+guidelines+of+the+Gij%C3%B3n+Renaturalization+Master+Plan%2C+giving+priority+to%3A%3C%2Fp%3E+%3Cul+class%3D%22wp-block-list%22%3E%3Cli+style%3D%22font-size%3A16px%22%3ENature-based+solutions%3C%2Fli%3E%3Cli+style%3D%22font-size%3A16px%22%3EImproving+climate+comfort+in+school+spaces%3C%2Fli%3E%3Cli+style%3D%22font-size%3A16px%22%3EIncreasing+urban+biodiversity%3C%2Fli%3E%3C%2Ful%3E%3Cp+style%3D%22font-size%3A16px%22%3EThis+event+represents+an+opportunity+for+young+peo%3C%2Fp%3E+%28Zobacz+pe%C5%82ny+opis+wydarzenie+tutaj%3A+https%3A%2F%2Fclimate-hive.org%2Fpl%2Fevent%2Fclimathon-gijon-2025%2F%29&#038;location=Escuela%20Superior%20de%20la%20Marina%20Civil%20de%20Gij\u00f3n,%20de,%20Pol\u00edgono%20Campus%20Universitario,%20Gij\u00f3n,%20Asturias,%20Spain,%20Gij\u00f3n,%20Asturias,%2033203,%20Spain&#038;trp=false&#038;ctz=UTC+2&#038;sprop=website:https:\/\/climate-hive.org\/pl\"\n\t\t\t\t\t\t\t\t\t\tclass=\"tribe-events-c-subscribe-dropdown__list-item-link\"\n\t\t\t\t\t\t\t\t\t\ttarget=\"_blank\"\n\t\t\t\t\t\t\t\t\t\trel=\"noopener noreferrer nofollow noindex\"\n\t\t\t\t\t\t\t\t\t>\n\t\t\t\t\t\t\t\t\t\tKalendarz Google\t\t\t\t\t\t\t\t\t<\/a>\n\t\t\t\t\t\t\t\t<\/li>\n\t\t\t\t\t\t\t\t\t\t\t\t\t\t\t<li class=\"tribe-events-c-subscribe-dropdown__list-item tribe-events-c-subscribe-dropdown__list-item--ical\">\n\t\t\t\t\t\t\t\t\t<a\n\t\t\t\t\t\t\t\t\t\thref=\"\"\n\t\t\t\t\t\t\t\t\t\tclass=\"tribe-events-c-subscribe-dropdown__list-item-link\"\n\t\t\t\t\t\t\t\t\t\ttarget=\"_blank\"\n\t\t\t\t\t\t\t\t\t\trel=\"noopener noreferrer nofollow noindex\"\n\t\t\t\t\t\t\t\t\t>\n\t\t\t\t\t\t\t\t\t\tiKalendarz\t\t\t\t\t\t\t\t\t<\/a>\n\t\t\t\t\t\t\t\t<\/li>\n\t\t\t\t\t\t\t\t\t\t\t\t\t\t\t<li class=\"tribe-events-c-subscribe-dropdown__list-item tribe-events-c-subscribe-dropdown__list-item--outlook-365\">\n\t\t\t\t\t\t\t\t\t<a\n\t\t\t\t\t\t\t\t\t\thref=\"\"\n\t\t\t\t\t\t\t\t\t\tclass=\"tribe-events-c-subscribe-dropdown__list-item-link\"\n\t\t\t\t\t\t\t\t\t\ttarget=\"_blank\"\n\t\t\t\t\t\t\t\t\t\trel=\"noopener noreferrer nofollow noindex\"\n\t\t\t\t\t\t\t\t\t>\n\t\t\t\t\t\t\t\t\t\tOutlook 365\t\t\t\t\t\t\t\t\t<\/a>\n\t\t\t\t\t\t\t\t<\/li>\n\t\t\t\t\t\t\t\t\t\t\t\t\t\t\t<li class=\"tribe-events-c-subscribe-dropdown__list-item tribe-events-c-subscribe-dropdown__list-item--outlook-live\">\n\t\t\t\t\t\t\t\t\t<a\n\t\t\t\t\t\t\t\t\t\thref=\"\"\n\t\t\t\t\t\t\t\t\t\tclass=\"tribe-events-c-subscribe-dropdown__list-item-link\"\n\t\t\t\t\t\t\t\t\t\ttarget=\"_blank\"\n\t\t\t\t\t\t\t\t\t\trel=\"noopener noreferrer nofollow noindex\"\n\t\t\t\t\t\t\t\t\t>\n\t\t\t\t\t\t\t\t\t\tOutlook na \u017cywo\t\t\t\t\t\t\t\t\t<\/a>\n\t\t\t\t\t\t\t\t<\/li>\n\t\t\t\t\t\t\t\t\t\t\t\t\t<\/ul>\n\t\t\t\t\t<\/div>\n\t\t\t\t<\/div>\n\t\t\t<\/div>\n\t\t<\/div>\n\t<\/div>\n\n\n\n<h2 class=\"tribe-block__related-events__title\">Powi\u0105zane wydarzenia<\/h2>\n\n<ul  class=\"tribe-related-events tribe-clearfix\" >\n\t\t\t<li>\n\t\n<div class=\"tribe-related-events-thumbnail\">\n\t<a href=\"https:\/\/climate-hive.org\/pl\/event\/climathon-organiser-training-2-systems-change\/\" class=\"url\" rel=\"bookmark\" tabindex=\"-1\" aria-hidden=\"true\"><img loading=\"lazy\" decoding=\"async\" width=\"1024\" height=\"683\" src=\"https:\/\/climate-hive.org\/wp-content\/uploads\/2026\/04\/Curitiba_Brazil_2mb-1-1024x683.jpg\" class=\"attachment-large size-large wp-post-image\" alt=\"\" \/><\/a>\n<\/div>\n\t<div class=\"tribe-related-event-info\">\n\t<h3 class=\"tribe-related-events-title\">\n\t\t<a href=\"https:\/\/climate-hive.org\/pl\/event\/climathon-organiser-training-2-systems-change\/\" class=\"tribe-event-url\" rel=\"bookmark\">\n\t\t\tClimathon Szkolenie organizator\u00f3w #2: Od wydarzenia do zmiany systemowej\t\t<\/a>\n\t<\/h3>\n\t<span class=\"tribe-event-date-start\">5 maja @ 13:00<\/span> - <span class=\"tribe-event-time\">14:30<\/span><\/div>\n<\/li>\n\t\t\t<li>\n\t\n<div class=\"tribe-related-events-thumbnail\">\n\t<a href=\"https:\/\/climate-hive.org\/pl\/event\/insights-green-and-digital-for-small-businesses\/\" class=\"url\" rel=\"bookmark\" tabindex=\"-1\" aria-hidden=\"true\"><img loading=\"lazy\" decoding=\"async\" width=\"1024\" height=\"576\" src=\"https:\/\/climate-hive.org\/wp-content\/uploads\/2026\/04\/getty-images-Sf2MBY7xIkY-unsplash-1024x576.jpg\" class=\"attachment-large size-large wp-post-image\" alt=\"\" \/><\/a>\n<\/div>\n\t<div class=\"tribe-related-event-info\">\n\t<h3 class=\"tribe-related-events-title\">\n\t\t<a href=\"https:\/\/climate-hive.org\/pl\/event\/insights-green-and-digital-for-small-businesses\/\" class=\"tribe-event-url\" rel=\"bookmark\">\n\t\t\tWgl\u0105d: Zielone i cyfrowe. Co to oznacza dla ma\u0142ych firm w praktyce\u00a0\t\t<\/a>\n\t<\/h3>\n\t<span class=\"tribe-event-date-start\">6 maja, 14:00<\/span> - <span class=\"tribe-event-time\">15:00<\/span><\/div>\n<\/li>\n\t<\/ul>","protected":false},"excerpt":{"rendered":"<p>W ramach \u015awiatowych Dni Climathonu promowanych przez Climate KIC, przedstawiamy ten konkurs w celu wspierania aktywnego udzia\u0142u uczni\u00f3w szk\u00f3\u0142 \u015brednich i \u015brednich [...]<\/p>","protected":false},"author":7,"featured_media":4384,"comment_status":"open","ping_status":"closed","template":"","meta":{"_acf_changed":false,"_tec_requires_first_save":false,"_bbp_topic_count":0,"_bbp_reply_count":0,"_bbp_total_topic_count":0,"_bbp_total_reply_count":0,"_bbp_voice_count":0,"_bbp_anonymous_reply_count":0,"_bbp_topic_count_hidden":0,"_bbp_reply_count_hidden":0,"_bbp_forum_subforum_count":0,"pmpro_default_level":"","inline_featured_image":false,"_price":"","_stock":"","_tribe_ticket_header":"","_tribe_default_ticket_provider":"TEC\\Tickets\\Commerce\\Module","_ticket_start_date":"","_ticket_end_date":"","_tribe_ticket_show_description":"","_tribe_ticket_show_not_going":false,"_tribe_ticket_use_global_stock":"","_tribe_ticket_global_stock_level":"","_global_stock_mode":"","_global_stock_cap":"","_tribe_rsvp_for_event":"","_tribe_ticket_going_count":"","_tribe_ticket_not_going_count":"","_tribe_tickets_list":"[]","_tribe_ticket_has_attendee_info_fields":false,"_EventAllDay":false,"_EventTimezone":"UTC+2","_EventStartDate":"2025-10-09 09:00:00","_EventEndDate":"2025-10-09 14:15:00","_EventStartDateUTC":"2025-10-09 06:00:00","_EventEndDateUTC":"2025-10-09 11:15:00","_EventShowMap":false,"_EventShowMapLink":false,"_EventURL":"https:\/\/www.lucegijon.es\/es\/evento\/112\/climathon-renaturalizando-nuestros-patios","_EventCost":"","_EventCostDescription":"","_EventCurrencySymbol":"\u20ac","_EventCurrencyCode":"EUR","_EventCurrencyPosition":"prefix","_EventDateTimeSeparator":"","_EventTimeRangeSeparator":"-","_EventOrganizerID":[4453],"_EventVenueID":[4451],"_OrganizerEmail":"","_OrganizerPhone":"","_OrganizerWebsite":"","_VenueAddress":"","_VenueCity":"","_VenueCountry":"","_VenueProvince":"","_VenueState":"","_VenueZip":"","_VenuePhone":"","_VenueURL":"","_VenueStateProvince":"","_VenueLat":"","_VenueLng":"","_VenueShowMap":false,"_VenueShowMapLink":false,"_tribe_blocks_recurrence_rules":"","_tribe_blocks_recurrence_description":"","_tribe_blocks_recurrence_exclusions":"","_tribe_events_status":"","_tribe_events_status_reason":"","_tribe_events_is_hybrid":"","_tribe_events_is_virtual":"","_tribe_events_virtual_video_source":"","_tribe_events_virtual_embed_video":"","_tribe_events_virtual_linked_button_text":"","_tribe_events_virtual_linked_button":"","_tribe_events_virtual_show_embed_at":"","_tribe_events_virtual_show_embed_to":[],"_tribe_events_virtual_show_on_event":"","_tribe_events_virtual_show_on_views":"","_tribe_events_virtual_url":"","footnotes":"","_tec_slr_enabled":"","_tec_slr_layout":""},"tags":[60,104,65,64,77],"tribe_events_cat":[14],"class_list":["post-4383","tribe_events","type-tribe_events","status-publish","has-post-thumbnail","hentry","tag-climathon","tag-gijon","tag-innovation","tag-innovation-challenge","tag-spain","tribe_events_cat-climathon","pmpro-has-access","cat_climathon"],"acf":[],"ticketed":false,"_links":{"self":[{"href":"https:\/\/climate-hive.org\/pl\/wp-json\/wp\/v2\/tribe_events\/4383","targetHints":{"allow":["GET"]}}],"collection":[{"href":"https:\/\/climate-hive.org\/pl\/wp-json\/wp\/v2\/tribe_events"}],"about":[{"href":"https:\/\/climate-hive.org\/pl\/wp-json\/wp\/v2\/types\/tribe_events"}],"author":[{"embeddable":true,"href":"https:\/\/climate-hive.org\/pl\/wp-json\/wp\/v2\/users\/7"}],"replies":[{"embeddable":true,"href":"https:\/\/climate-hive.org\/pl\/wp-json\/wp\/v2\/comments?post=4383"}],"version-history":[{"count":5,"href":"https:\/\/climate-hive.org\/pl\/wp-json\/wp\/v2\/tribe_events\/4383\/revisions"}],"predecessor-version":[{"id":4455,"href":"https:\/\/climate-hive.org\/pl\/wp-json\/wp\/v2\/tribe_events\/4383\/revisions\/4455"}],"wp:featuredmedia":[{"embeddable":true,"href":"https:\/\/climate-hive.org\/pl\/wp-json\/wp\/v2\/media\/4384"}],"wp:attachment":[{"href":"https:\/\/climate-hive.org\/pl\/wp-json\/wp\/v2\/media?parent=4383"}],"wp:term":[{"taxonomy":"post_tag","embeddable":true,"href":"https:\/\/climate-hive.org\/pl\/wp-json\/wp\/v2\/tags?post=4383"},{"taxonomy":"tribe_events_cat","embeddable":true,"href":"https:\/\/climate-hive.org\/pl\/wp-json\/wp\/v2\/tribe_events_cat?post=4383"}],"curies":[{"name":"wp","href":"https:\/\/api.w.org\/{rel}","templated":true}]}}