{"id":4752,"date":"2025-10-23T10:16:53","date_gmt":"2025-10-23T09:16:53","guid":{"rendered":"https:\/\/climate-hive.org\/?post_type=tribe_events&#038;p=4752"},"modified":"2025-12-01T17:02:06","modified_gmt":"2025-12-01T17:02:06","slug":"deep-dive-unlocking-green-public-private-partnerships-a-case-by-case-exploration","status":"publish","type":"tribe_events","link":"https:\/\/climate-hive.org\/pl\/event\/deep-dive-unlocking-green-public-private-partnerships-a-case-by-case-exploration\/","title":{"rendered":"Deep Dive: Odblokowanie zielonych partnerstw publiczno-prywatnych. Analiza poszczeg\u00f3lnych przypadk\u00f3w\u00a0"},"content":{"rendered":"<div class=\"tribe-events-virtual-single-marker\">\n\t<span class=\"tribe-events-virtual-single-marker__icon\" >\n\t\t<svg\n\t class=\"tribe-common-c-svgicon tribe-common-c-svgicon--virtual tribe-events-virtual-single-marker__icon-svg\" \taria-hidden=\"true\"\n\tviewbox=\"0 0 26 16\"\n\txmlns=\"http:\/\/www.w3.org\/2000\/svg\"\n>\n\t<g fill-rule=\"evenodd\" stroke-linecap=\"round\" stroke-linejoin=\"round\" stroke-width=\"2\" transform=\"translate(1 1)\">\n\t\t<path d=\"M18 10.7333333c2.16-2.09999997 2.16-5.44444441 0-7.46666663M21.12 13.7666667c3.84-3.7333334 3.84-9.80000003 0-13.53333337M6 10.7333333C3.84 8.63333333 3.84 5.28888889 6 3.26666667M2.88 13.7666667C-.96 10.0333333-.96 3.96666667 2.88.23333333\" class=\"tribe-common-c-svgicon__svg-stroke\"\/><ellipse cx=\"12\" cy=\"7\" rx=\"2.4\" ry=\"2.33333333\" class=\"tribe-common-c-svgicon__svg-stroke\"\/>\n\t<\/g>\n<\/svg>\n\t<\/span>\n\tVirtual Wydarzenie<\/div>\n<div  class=\"tribe-events-schedule tribe-clearfix\" >\n\t<p class=\"tribe-events-schedule__datetime\">\n\t\t<span class=\"tribe-events-schedule__date tribe-events-schedule__date--start\">\n\t\t\t2 grudnia 2025 r.\t\t<\/span>\n\n\t\t\t\t\t<span class=\"tribe-events-schedule__separator tribe-events-schedule__separator--date\">\n\t\t\t\t@\t\t\t<\/span>\n\t\t\t<span class=\"tribe-events-schedule__time tribe-events-schedule__time--start\">\n\t\t\t\t16:00\t\t\t<\/span>\n\t\t\n\t\t\t\t\t\t\t\t\t<span class=\"tribe-events-schedule__separator tribe-events-schedule__separator--time\">\n\t\t\t\t\t-\t\t\t\t<\/span>\n\t\t\t\n\t\t\t\t\t\t\t<span class=\"tribe-events-schedule__time tribe-events-schedule__time--end\">\n\t\t\t\t\t17:30\t\t\t\t<\/span>\n\t\t\t\n\t\t\t\t\t\t<\/p>\n<\/div>\n\n\n\n<h5 class=\"wp-block-heading\">Do\u0142\u0105cz do nas podczas ostatniej w tym roku konferencji po\u015bwi\u0119conej zielonym partnerstwom publiczno-prywatnym. Zbadamy, w jaki spos\u00f3b firmy mog\u0105 wsp\u00f3\u0142pracowa\u0107 z sektorem publicznym, podkre\u015blaj\u0105c do\u015bwiadczenia, wnioski i zalecenia dotycz\u0105ce dalszych dzia\u0142a\u0144.<\/h5>\n\n\n\n<p>Oczywiste jest, \u017ce ani sektor publiczny, ani prywatny nie mog\u0105 samodzielnie rozwi\u0105za\u0107 kryzysu klimatycznego; musz\u0105 wsp\u00f3\u0142pracowa\u0107. W tym celu, <strong>nie ma mo\u017cliwo\u015bci obej\u015bcia partnerstwa publiczno-prywatnego (PPP) <\/strong>je\u015bli chcemy osi\u0105gn\u0105\u0107 nasze i europejskie cele klimatyczne na rok 2030.<\/p>\n\n\n\n<p>Jak om\u00f3wiono z naszymi cz\u0142onkami podczas ostatniego <a href=\"https:\/\/climate-hive.org\/pl\/knowledge-base\/colab-outputs\/2025-2\/advacing-green-public-private-partnerships\/\">CoLab w Warszawie<\/a>, <strong>zielona i cyfrowa transformacja<\/strong> jest obszarem rozwoju i mo\u017cliwo\u015bci biznesowych w ramach PPP, nie tylko na poziomie krajowym, ale tak\u017ce regionalnym i miejskim.&nbsp;<strong>Wyra\u017ana rekomendacja dla firm<\/strong> kt\u00f3rzy chc\u0105 wdro\u017cy\u0107 te partnerstwa, musz\u0105 by\u0107 zwinni i zdolni do dostosowania si\u0119 do zmieniaj\u0105cych si\u0119 priorytet\u00f3w sektora publicznego - tak jak ka\u017cdy inny konsument.<\/p>\n\n\n\n<p>Jak dostosowa\u0107 priorytety biznesowe do priorytet\u00f3w sektora publicznego, aby podnie\u015b\u0107 jako\u015b\u0107 swoich produkt\u00f3w i us\u0142ug? Jak budowa\u0107 skalowalne, skuteczne partnerstwa publiczno-prywatne z interesariuszami rz\u0105dowymi?<\/p>\n\n\n\n<p>Do\u0142\u0105cz do nas we wtorek 2 grudnia, aby wzi\u0105\u0107 udzia\u0142 w naszym ostatnim Deep Dive w tym roku, podczas kt\u00f3rego us\u0142yszysz od grupy publicznych i prywatnych interesariuszy na temat <strong>pog\u0142\u0119bianie naszego zrozumienia i sposob\u00f3w podnoszenia rangi partnerstw publiczno-prywatnych<\/strong>.<\/p>\n\n\n\n<p>To badanie Deep Dive b\u0119dzie opiera\u0107 si\u0119 na spu\u015bci\u017anie i spostrze\u017ceniach z badania <a href=\"https:\/\/climate-hive.org\/pl\/knowledge-base\/colab-outputs\/2025-2\/advacing-green-public-private-partnerships\/\">Community CoLab w Warszawie<\/a>, gdzie zebrali\u015bmy r\u00f3\u017cnych interesariuszy z polskiego sektora publicznego i prywatnego, aby om\u00f3wi\u0107 PPP, zalecenia i mo\u017cliwe do podj\u0119cia dalsze kroki. &nbsp;<\/p>\n\n\n\n<h4 class=\"wp-block-heading\"><strong>Czego si\u0119 nauczysz<\/strong><\/h4>\n\n\n\n<p>Przez <strong>Dialogi z przewodnikiem, wymiana peer-to-peer, rzeczywiste studia przypadk\u00f3w<\/strong> i nie tylko:&nbsp;&nbsp;<\/p>\n\n\n\n<ul class=\"wp-block-list\">\n<li>Ucz si\u0119 od firm i interesariuszy publicznych pracuj\u0105cych z PPP.&nbsp;<\/li>\n\n\n\n<li>Uzyskaj wgl\u0105d w to, jak pracowa\u0107 z PPP i dlaczego jest to dla Ciebie wa\u017cne.&nbsp;<\/li>\n\n\n\n<li>Nawi\u0105zywanie kontakt\u00f3w z innymi interesariuszami zainteresowanymi PPP.&nbsp;&nbsp;&nbsp;<\/li>\n<\/ul>\n\n\n\n<p>To nie jest zwyk\u0142e wydarzenie edukacyjne. Spodziewaj si\u0119 praktycznych metod i \u0107wicze\u0144, kt\u00f3re zapewni\u0105 wgl\u0105d w Twoj\u0105 organizacj\u0119.&nbsp;&nbsp;<\/p>\n\n\n\n<p><\/p>\n\n\n\n<h4 class=\"wp-block-heading\">G\u0142o\u015bniki<\/h4>\n\n\n\n<div style=\"height:10px\" aria-hidden=\"true\" class=\"wp-block-spacer\"><\/div>\n\n\n\n<ul class=\"wp-block-list\">\n<li><strong>Dimitri Ionesco<\/strong>, Za\u0142o\u017cyciel <a href=\"https:\/\/www.light-mirror.eu\/\">LightMirror<\/a><br><em>LightMirror opracowuje panele odblaskowe, kt\u00f3re wprowadzaj\u0105 \u015bwiat\u0142o s\u0142oneczne do szpitali i dom\u00f3w opieki, zmniejszaj\u0105c zapotrzebowanie na sztuczne o\u015bwietlenie i ogrzewanie. Instaluj\u0105c panele odblaskowe na kraw\u0119dziach dach\u00f3w, mo\u017cna przekierowa\u0107 naturalne \u015bwiat\u0142o do innych budynk\u00f3w, czyni\u0105c z niego kontrolowany zas\u00f3b, kt\u00f3ry obni\u017ca koszty i poprawia og\u00f3lne samopoczucie pacjent\u00f3w i mieszka\u0144c\u00f3w.<br><\/em><\/li>\n\n\n\n<li><strong>Paula McGinnel<\/strong>, Specjalista ds. inwestycji i przemys\u0142u, Climate KIC<br><em>Paula jest specjalist\u0105 ds. inwestycji i przemys\u0142u w Climate-KIC, gdzie przede wszystkim zarz\u0105dza inicjatyw\u0105 City-Industry Dialogue, wspieraj\u0105c miasta UE we wsp\u00f3\u0142pracy z przemys\u0142em i finansami w zakresie dekarbonizacji na du\u017c\u0105 skal\u0119. Ma kilkuletnie do\u015bwiadczenie w finansowaniu opartym na wp\u0142ywie w bankowo\u015bci inwestycyjnej, skalowaniu startup\u00f3w i organizacjach kieruj\u0105cych si\u0119 misj\u0105, z konsekwentnym naciskiem na klimat i wyniki spo\u0142eczne. Mieszkaj\u0105c w Bristolu, Paula jest r\u00f3wnie\u017c aktywnie zaanga\u017cowana w lokalny ekosystem, wolontariat w organizacjach spo\u0142ecznych i programy mentorskie, kt\u00f3re wspieraj\u0105 za\u0142o\u017cycieli na wczesnym etapie rozwoju i przedsi\u0119wzi\u0119cia ukierunkowane na cel.<\/em><br><\/li>\n\n\n\n<li><strong>Przemek Derwich<\/strong>, lider partnerstwa strategicznego, Climate KIC<br><em>Przemek jest liderem ds. partnerstw strategicznych w Climate KIC, specjalizuj\u0105cym si\u0119 w instrumentach finansowych i finansach mieszanych w celu mobilizacji kapita\u0142u publicznego i prywatnego na miejskie inwestycje klimatyczne. Wspiera miasta w transformacji energii odnawialnej i systemowym podej\u015bciu do zr\u00f3wnowa\u017conego rozwoju obszar\u00f3w miejskich. Dzi\u0119ki bogatemu do\u015bwiadczeniu w zakresie europejskich i mi\u0119dzynarodowych mechanizm\u00f3w finansowania rozumie, w jaki spos\u00f3b finanse nap\u0119dzaj\u0105 transformacyjne zmiany. Jego praca \u0142\u0105czy polityk\u0119, finanse i innowacje, aby zapewni\u0107 skuteczne, dostosowane do klimatu strategie inwestycyjne w ca\u0142ej Europie.<\/em><br><\/li>\n\n\n\n<li><strong>Justyna Wieczorkiewicz-Molendo<\/strong>, doradca ds. miast neutralnych dla klimatu, Climate KIC<br><em>Justyna jest doradc\u0105 ds. miast neutralnych klimatycznie w projekcie NetZeroCities w ClimateKIC, wspieraj\u0105cym europejskie miasta w ich neutralnej dla klimatu podr\u00f3\u017cy. W przesz\u0142o\u015bci by\u0142a doradc\u0105 Zwi\u0105zku Miast Polskich, wspieraj\u0105c polskie miasta i partnerstwa samorz\u0105dowe w planowaniu ich transformacji w zr\u00f3wnowa\u017cone, przyjazne i odporne miejsca. Ma do\u015bwiadczenie w pracy metodologicznej nad przygotowaniem strategii terytorialnych w podej\u015bciu zintegrowanym.<\/em><\/li>\n<\/ul>\n\n\n\n<p><\/p>\n\n\n\n<h4 class=\"wp-block-heading\"><strong>Agenda<\/strong><\/h4>\n\n\n\n<div style=\"height:10px\" aria-hidden=\"true\" class=\"wp-block-spacer\"><\/div>\n\n\n\n<p>16:00 - 16:10 Powitanie i wprowadzenie<\/p>\n\n\n\n<p>16:10 - 16:15 \u0106wiczenie interaktywne<\/p>\n\n\n\n<p>16:15 - 16:55 Partnerstwa publiczno-prywatne w poszczeg\u00f3lnych przypadkach:<\/p>\n\n\n\n<ul class=\"wp-block-list\">\n<li>PPP jako ramy wsp\u00f3\u0142pracy mi\u0119dzysektorowej<\/li>\n\n\n\n<li>Potrzeby, spostrze\u017cenia i bariery PPP na poziomie miasta<\/li>\n\n\n\n<li>Przyk\u0142ad przypadku: PPP szpitali w Polsce - Innowacja spotyka si\u0119 z zam\u00f3wieniami publicznymi<\/li>\n\n\n\n<li>Dialog mi\u0119dzy miastami a przemys\u0142em i perspektywa inwestycyjna<\/li>\n<\/ul>\n\n\n\n<p>16:55 - 17:10 Dialog zbiorowy<\/p>\n\n\n\n<p>17:10 - 17:20 Dyskusja w grupach<\/p>\n\n\n\n<p>17:20 - 17:30 \u017bniwa i zako\u0144czenie<\/p>\n\n\n<div  class=\"tribe-block tribe-block--virtual-event\" >\n    <\/div>\n\n\n\n\n\n<h2 class=\"wp-block-heading\">Informacje na temat Community Deep Dives<\/h2>\n\n\n\n<p>Community Deep Dives to sesje edukacyjne zaprojektowane przez Climate KIC dla cz\u0142onk\u00f3w spo\u0142eczno\u015bci, podczas kt\u00f3rych wraz z ekspertami tematycznymi i do\u015bwiadczonymi liderami badamy najbardziej istotne i transformacyjne trendy w innowacjach klimatycznych.&nbsp;<\/p>\n\n\n\n<p>Poprzez po\u0142\u0105czenie wymiany peer-to-peer, rzeczywistych studi\u00f3w przypadk\u00f3w i \u0107wicze\u0144 roboczych w grupach, sesje maj\u0105 na celu wyposa\u017cenie uczestnik\u00f3w w praktyczn\u0105 wiedz\u0119 i praktyczne do\u015bwiadczenie, kt\u00f3re mo\u017cna wdro\u017cy\u0107 w ich kontek\u015bcie pracy.<\/p>\n\n\n\n<p>Zapoznaj si\u0119 z tegoroczn\u0105 edycj\u0105 Deep Dives:<\/p>\n\n\n\n<ul class=\"wp-block-list\">\n<li><a href=\"https:\/\/climate-hive.org\/pl\/knowledge-base\/deep-dives\/2025-2\/beyond-esg-building-agile-resilient-organisations-for-the-next-industrial-era\/\"><strong>Nowe ramy wykraczaj\u0105ce poza sprawozdawczo\u015b\u0107 ESG<\/strong><\/a><\/li>\n\n\n\n<li><a href=\"https:\/\/climate-hive.org\/pl\/knowledge-base\/deep-dives\/2025-2\/no-way-around-dei-how-to-build-a-green-and-just-future-for-all\/\"><strong>Innowacje klimatyczne sprzyjaj\u0105ce w\u0142\u0105czeniu spo\u0142ecznemu<\/strong><\/a><\/li>\n<\/ul>\n\n\n<div  class=\"tribe-block tribe-block__organizer__details tribe-clearfix\" >\n    <h4>Organiser details<\/h4>\n\t<div class=\"tribe-block__organizer__title\">\n\t\t<h3><a href=\"https:\/\/climate-hive.org\/pl\/organizator\/climate-kic-community\/\" title=\"Climate KIC Community\" target=\"_self\" rel=\"\">Climate KIC Community<\/a><\/h3>\n\t<\/div>\n\t\t\t\t<p class=\"tribe-block__organizer__website\"><a href=\"https:\/\/climate-hive.org\/pl\/\" target=\"_self\" rel=\"external\">Zobacz witryn\u0119 internetow\u0105 Organizator<\/a><\/p>\n\t\t\t\t<p class=\"tribe-block__organizer__email\">community@climate-kic.org<\/p>\n\t<\/div>\n\n\n\t<div  class=\"tribe-block tribe-block__events-link\" >\n\t\t<div class=\"tribe-events tribe-common\">\n\t\t\t<div class=\"tribe-events-c-subscribe-dropdown__container\">\n\t\t\t\t<div class=\"tribe-events-c-subscribe-dropdown\">\n\t\t\t\t\t<div class=\"tribe-common-c-btn-border tribe-events-c-subscribe-dropdown__button\">\n\t\t\t\t\t\t<svg  class=\"tribe-common-c-svgicon tribe-common-c-svgicon--cal-export tribe-events-c-subscribe-dropdown__export-icon\"  xmlns=\"http:\/\/www.w3.org\/2000\/svg\" width=\"24\" height=\"24\" viewbox=\"0 0 24 24\" fill=\"none\">\n    <path\n        d=\"M9 6L12 3M12 3L15 6M12 3V13M7.00023 10C6.06835 10 5.60241 10 5.23486 10.1522C4.74481 10.3552 4.35523 10.7448 4.15224 11.2349C4 11.6024 4 12.0681 4 13V17.8C4 18.9201 4 19.4798 4.21799 19.9076C4.40973 20.2839 4.71547 20.5905 5.0918 20.7822C5.5192 21 6.07899 21 7.19691 21H16.8036C17.9215 21 18.4805 21 18.9079 20.7822C19.2842 20.5905 19.5905 20.2839 19.7822 19.9076C20 19.4802 20 18.921 20 17.8031V13C20 12.0681 19.9999 11.6024 19.8477 11.2349C19.6447 10.7448 19.2554 10.3552 18.7654 10.1522C18.3978 10 17.9319 10 17 10\"\n        stroke=\"#142930\" stroke-width=\"2\" stroke-linecap=\"round\" stroke-linejoin=\"round\"\/>\n<\/svg>\n\t\t\t\t\t\t<button\n\t\t\t\t\t\t\tclass=\"tribe-events-c-subscribe-dropdown__button-text\"\n\t\t\t\t\t\t\taria-expanded=\"false\"\n\t\t\t\t\t\t\taria-controls=\"tribe-events-subscribe-dropdown-content\"\n\t\t\t\t\t\t\taria-label=\"Wy\u015bwietl linki do dodawania wydarze\u0144 do kalendarza\"\n\t\t\t\t\t\t>\n\t\t\t\t\t\t\tDodaj do kalendarza\t\t\t\t\t\t<\/button>\n\t\t\t\t\t\t<svg\n\t class=\"tribe-common-c-svgicon tribe-common-c-svgicon--caret-down tribe-events-c-subscribe-dropdown__button-icon\" \taria-hidden=\"true\"\n\tviewbox=\"0 0 10 7\"\n\txmlns=\"http:\/\/www.w3.org\/2000\/svg\"\n>\n\t<path fill-rule=\"evenodd\" clip-rule=\"evenodd\" d=\"M1.008.609L5 4.6 8.992.61l.958.958L5 6.517.05 1.566l.958-.958z\" class=\"tribe-common-c-svgicon__svg-fill\"\/>\n<\/svg>\n\t\t\t\t\t<\/div>\n\t\t\t\t\t<div id=\"tribe-events-subscribe-dropdown-content\" class=\"tribe-events-c-subscribe-dropdown__content\">\n\t\t\t\t\t\t<ul class=\"tribe-events-c-subscribe-dropdown__list\">\n\t\t\t\t\t\t\t\t\t\t\t\t\t\t\t<li class=\"tribe-events-c-subscribe-dropdown__list-item tribe-events-c-subscribe-dropdown__list-item--gcal\">\n\t\t\t\t\t\t\t\t\t<a\n\t\t\t\t\t\t\t\t\t\thref=\"https:\/\/www.google.com\/calendar\/event?action=TEMPLATE&#038;dates=20251202T160000\/20251202T173000&#038;text=Deep%20Dive%3A%20Unlocking%20green%20public-private%20partnerships.%20A%20case%20by%20case%20exploration%C2%A0&#038;details=%3Ch5+class%3D%22wp-block-heading%22%3EJoin+us+for+this+year%E2%80%99s+last+Deep+Dive+on+green+Public-Private+Partnerships.%26nbsp%3BWe+will+explore+how+businesses+can+work+with+the+public+sector%2C+highlighting+experiences%2C+learnings%2C+and+recommendations+to+go+forward.%3C%2Fh5%3E%3Cp%3EIt+is+clear+that+neither+public+nor+private+sector+alone+can+solve+the+climate+crisis%3B+they+must+work+together.+For+this+purpose%2C+%3Cstrong%3Ethere+is+no+way+around+Public-Private+Partnerships+%28PPP%29+%3C%2Fstrong%3Eif+we+aim+to+meet+our+and+Europe%E2%80%99s+2030+climate+targets.%3C%2Fp%3E+%3Cp%3EAs+discussed+with+our+members+during+the+last+%3Ca+href%3D%22https%3A%2F%2Fclimate-hive.org%2Fknowledge-base%2Fcolab-outputs%2F2025-2%2Fadvacing-green-public-private-partnerships%2F%22%3ECoLab+in+Warsaw%3C%2Fa%3E%2C+%3Cstrong%3Egreen+and+digital+transformation%3C%2Fstrong%3E+is+an+area+for+development+and+business+opportunities+within+the+PPP+framework%2C+not+only+on+a+national+level+but+also+on+regional+and+city+level.%26nbsp%3B%3Cstrong%3EA+clear+recommendation+for+businesses%3C%2Fstrong%3E+that+want+to+implemen%3C%2Fp%3E+%28Zobacz+pe%C5%82ny+opis+wydarzenie+tutaj%3A+https%3A%2F%2Fclimate-hive.org%2Fpl%2Fevent%2Fdeep-dive-unlocking-green-public-private-partnerships-a-case-by-case-exploration%2F%29&#038;location=https:\/\/climate-hive.org\/pl\/event\/deep-dive-unlocking-green-public-private-partnerships-a-case-by-case-exploration\/&#038;trp=false&#038;ctz=Europe\/Berlin&#038;sprop=website:https:\/\/climate-hive.org\/pl\"\n\t\t\t\t\t\t\t\t\t\tclass=\"tribe-events-c-subscribe-dropdown__list-item-link\"\n\t\t\t\t\t\t\t\t\t\ttarget=\"_blank\"\n\t\t\t\t\t\t\t\t\t\trel=\"noopener noreferrer nofollow noindex\"\n\t\t\t\t\t\t\t\t\t>\n\t\t\t\t\t\t\t\t\t\tKalendarz Google\t\t\t\t\t\t\t\t\t<\/a>\n\t\t\t\t\t\t\t\t<\/li>\n\t\t\t\t\t\t\t\t\t\t\t\t\t\t\t<li class=\"tribe-events-c-subscribe-dropdown__list-item tribe-events-c-subscribe-dropdown__list-item--ical\">\n\t\t\t\t\t\t\t\t\t<a\n\t\t\t\t\t\t\t\t\t\thref=\"\"\n\t\t\t\t\t\t\t\t\t\tclass=\"tribe-events-c-subscribe-dropdown__list-item-link\"\n\t\t\t\t\t\t\t\t\t\ttarget=\"_blank\"\n\t\t\t\t\t\t\t\t\t\trel=\"noopener noreferrer nofollow noindex\"\n\t\t\t\t\t\t\t\t\t>\n\t\t\t\t\t\t\t\t\t\tiKalendarz\t\t\t\t\t\t\t\t\t<\/a>\n\t\t\t\t\t\t\t\t<\/li>\n\t\t\t\t\t\t\t\t\t\t\t\t\t\t\t<li class=\"tribe-events-c-subscribe-dropdown__list-item tribe-events-c-subscribe-dropdown__list-item--outlook-365\">\n\t\t\t\t\t\t\t\t\t<a\n\t\t\t\t\t\t\t\t\t\thref=\"\"\n\t\t\t\t\t\t\t\t\t\tclass=\"tribe-events-c-subscribe-dropdown__list-item-link\"\n\t\t\t\t\t\t\t\t\t\ttarget=\"_blank\"\n\t\t\t\t\t\t\t\t\t\trel=\"noopener noreferrer nofollow noindex\"\n\t\t\t\t\t\t\t\t\t>\n\t\t\t\t\t\t\t\t\t\tOutlook 365\t\t\t\t\t\t\t\t\t<\/a>\n\t\t\t\t\t\t\t\t<\/li>\n\t\t\t\t\t\t\t\t\t\t\t\t\t\t\t<li class=\"tribe-events-c-subscribe-dropdown__list-item tribe-events-c-subscribe-dropdown__list-item--outlook-live\">\n\t\t\t\t\t\t\t\t\t<a\n\t\t\t\t\t\t\t\t\t\thref=\"\"\n\t\t\t\t\t\t\t\t\t\tclass=\"tribe-events-c-subscribe-dropdown__list-item-link\"\n\t\t\t\t\t\t\t\t\t\ttarget=\"_blank\"\n\t\t\t\t\t\t\t\t\t\trel=\"noopener noreferrer nofollow noindex\"\n\t\t\t\t\t\t\t\t\t>\n\t\t\t\t\t\t\t\t\t\tOutlook na \u017cywo\t\t\t\t\t\t\t\t\t<\/a>\n\t\t\t\t\t\t\t\t<\/li>\n\t\t\t\t\t\t\t\t\t\t\t\t\t<\/ul>\n\t\t\t\t\t<\/div>\n\t\t\t\t<\/div>\n\t\t\t<\/div>\n\t\t<\/div>\n\t<\/div>\n\n\n\n<h2 class=\"tribe-block__related-events__title\">Powi\u0105zane wydarzenia<\/h2>\n\n<ul  class=\"tribe-related-events tribe-clearfix\" >\n\t\t\t<li>\n\t\n<div class=\"tribe-related-events-thumbnail\">\n\t<a href=\"https:\/\/climate-hive.org\/pl\/event\/climathon-organiser-training-1-format-challenge-fundraising\/\" class=\"url\" rel=\"bookmark\" tabindex=\"-1\" aria-hidden=\"true\"><img loading=\"lazy\" decoding=\"async\" width=\"1024\" height=\"683\" src=\"https:\/\/climate-hive.org\/wp-content\/uploads\/2026\/04\/Curitiba_Brazil_2mb-1-1024x683.jpg\" class=\"attachment-large size-large wp-post-image\" alt=\"\" \/><\/a>\n<\/div>\n\t<div class=\"tribe-related-event-info\">\n\t<h3 class=\"tribe-related-events-title\">\n\t\t<a href=\"https:\/\/climate-hive.org\/pl\/event\/climathon-organiser-training-1-format-challenge-fundraising\/\" class=\"tribe-event-url\" rel=\"bookmark\">\n\t\t\tClimathon Szkolenie organizatora #1: Format, wyzwanie, zbieranie funduszy\t\t<\/a>\n\t<\/h3>\n\t<span class=\"tribe-event-date-start\">29 kwietnia o 13:00<\/span> - <span class=\"tribe-event-time\">14:30<\/span><\/div>\n<\/li>\n\t\t\t<li>\n\t\n<div class=\"tribe-related-events-thumbnail\">\n\t<a href=\"https:\/\/climate-hive.org\/pl\/event\/adaptation-accelerator-hub-webinar-series-unlocking-private-capital-for-climate-adaptation\/\" class=\"url\" rel=\"bookmark\" tabindex=\"-1\" aria-hidden=\"true\"><img loading=\"lazy\" decoding=\"async\" width=\"1024\" height=\"512\" src=\"https:\/\/climate-hive.org\/wp-content\/uploads\/2026\/04\/Planting-banana-suckers-Chirundu-district-Zambia_Photo-credit-Mulapwa-Mukopole-UNDP-Zambia-1024x512.jpg\" class=\"attachment-large size-large wp-post-image\" alt=\"\" \/><\/a>\n<\/div>\n\t<div class=\"tribe-related-event-info\">\n\t<h3 class=\"tribe-related-events-title\">\n\t\t<a href=\"https:\/\/climate-hive.org\/pl\/event\/adaptation-accelerator-hub-webinar-series-unlocking-private-capital-for-climate-adaptation\/\" class=\"tribe-event-url\" rel=\"bookmark\">\n\t\t\tWebinarium z serii \"Adaptation Accelerator Hub\": Uwolnienie prywatnego kapita\u0142u na rzecz adaptacji do zmian klimatu\t\t<\/a>\n\t<\/h3>\n\t<span class=\"tribe-event-date-start\">29 kwietnia @ 14:00<\/span> - <span class=\"tribe-event-time\">15:30<\/span><\/div>\n<\/li>\n\t\t\t<li>\n\t\n<div class=\"tribe-related-events-thumbnail\">\n\t<a href=\"https:\/\/climate-hive.org\/pl\/event\/climathon-organiser-training-2-systems-change\/\" class=\"url\" rel=\"bookmark\" tabindex=\"-1\" aria-hidden=\"true\"><img loading=\"lazy\" decoding=\"async\" width=\"1024\" height=\"683\" src=\"https:\/\/climate-hive.org\/wp-content\/uploads\/2026\/04\/Curitiba_Brazil_2mb-1-1024x683.jpg\" class=\"attachment-large size-large wp-post-image\" alt=\"\" \/><\/a>\n<\/div>\n\t<div class=\"tribe-related-event-info\">\n\t<h3 class=\"tribe-related-events-title\">\n\t\t<a href=\"https:\/\/climate-hive.org\/pl\/event\/climathon-organiser-training-2-systems-change\/\" class=\"tribe-event-url\" rel=\"bookmark\">\n\t\t\tClimathon Szkolenie organizator\u00f3w #2: Od wydarzenia do zmiany systemowej\t\t<\/a>\n\t<\/h3>\n\t<span class=\"tribe-event-date-start\">5 maja @ 13:00<\/span> - <span class=\"tribe-event-time\">14:30<\/span><\/div>\n<\/li>\n\t<\/ul>","protected":false},"excerpt":{"rendered":"<p>Do\u0142\u0105cz do nas podczas ostatniej w tym roku konferencji po\u015bwi\u0119conej zielonym partnerstwom publiczno-prywatnym. Zbadamy, w jaki spos\u00f3b firmy mog\u0105 wsp\u00f3\u0142pracowa\u0107 z sektorem publicznym, podkre\u015blaj\u0105c do\u015bwiadczenia, wnioski i zalecenia dotycz\u0105ce dalszych dzia\u0142a\u0144. [...]<\/p>","protected":false},"author":3,"featured_media":4604,"comment_status":"open","ping_status":"closed","template":"","meta":{"_acf_changed":false,"_tec_requires_first_save":false,"_bbp_topic_count":0,"_bbp_reply_count":0,"_bbp_total_topic_count":0,"_bbp_total_reply_count":0,"_bbp_voice_count":0,"_bbp_anonymous_reply_count":0,"_bbp_topic_count_hidden":0,"_bbp_reply_count_hidden":0,"_bbp_forum_subforum_count":0,"pmpro_default_level":"","inline_featured_image":false,"_price":"","_stock":"","_tribe_ticket_header":"","_tribe_default_ticket_provider":"TEC\\Tickets\\Commerce\\Module","_ticket_start_date":"","_ticket_end_date":"","_tribe_ticket_show_description":"","_tribe_ticket_show_not_going":false,"_tribe_ticket_use_global_stock":"1","_tribe_ticket_global_stock_level":"1000","_global_stock_mode":"","_global_stock_cap":"","_tribe_rsvp_for_event":"","_tribe_ticket_going_count":"","_tribe_ticket_not_going_count":"","_tribe_tickets_list":"[{\"id\":4753,\"type\":\"default\",\"title\":\"Deep Dive &#039;Unlocking green public-private partnerships&#039; registration\",\"description\":\"\",\"capacityType\":\"unlimited\",\"price\":\"0\",\"capacity\":\"\",\"available\":-1,\"sharedCapacity\":\"\",\"sold\":20,\"shareSold\":20,\"isShared\":true,\"currencyDecimalPoint\":\".\",\"currencyNumberOfDecimals\":2,\"currencyPosition\":\"postfix\",\"currencySymbol\":\"\\u20ac\",\"currencyThousandsSep\":\",\"}]","_tribe_ticket_has_attendee_info_fields":false,"_EventAllDay":false,"_EventTimezone":"Europe\/Berlin","_EventStartDate":"2025-12-02 16:00:00","_EventEndDate":"2025-12-02 17:30:00","_EventStartDateUTC":"2025-12-02 15:00:00","_EventEndDateUTC":"2025-12-02 16:30:00","_EventShowMap":false,"_EventShowMapLink":false,"_EventURL":"","_EventCost":"Free","_EventCostDescription":"","_EventCurrencySymbol":"\u20ac","_EventCurrencyCode":"EUR","_EventCurrencyPosition":"prefix","_EventDateTimeSeparator":"@","_EventTimeRangeSeparator":"-","_EventOrganizerID":[3881],"_EventVenueID":[],"_OrganizerEmail":"","_OrganizerPhone":"","_OrganizerWebsite":"","_VenueAddress":"","_VenueCity":"","_VenueCountry":"","_VenueProvince":"","_VenueState":"","_VenueZip":"","_VenuePhone":"","_VenueURL":"","_VenueStateProvince":"","_VenueLat":"","_VenueLng":"","_VenueShowMap":false,"_VenueShowMapLink":false,"_tribe_blocks_recurrence_rules":"","_tribe_blocks_recurrence_description":"","_tribe_blocks_recurrence_exclusions":"","_tribe_events_status":"","_tribe_events_status_reason":"","_tribe_events_is_hybrid":"","_tribe_events_is_virtual":"yes","_tribe_events_virtual_video_source":"video","_tribe_events_virtual_embed_video":"","_tribe_events_virtual_linked_button_text":"","_tribe_events_virtual_linked_button":"","_tribe_events_virtual_show_embed_at":"immediately","_tribe_events_virtual_show_embed_to":["logged-in"],"_tribe_events_virtual_show_on_event":"yes","_tribe_events_virtual_show_on_views":"yes","_tribe_events_virtual_url":"https:\/\/climate-kic-org.zoom.us\/j\/88647245729?pwd=2FBAyyYlyivnmHJopL8azuSXoJTev7.1","footnotes":"","_tec_slr_enabled":"","_tec_slr_layout":""},"tags":[139,196,65,75],"tribe_events_cat":[85,17,3,11,12,7],"class_list":["post-4752","tribe_events","type-tribe_events","status-publish","has-post-thumbnail","hentry","tag-deep-dive","tag-funding","tag-innovation","tag-public-private-partnerships","tribe_events_cat-community-event","tribe_events_cat-community-learn","tribe_events_cat-learning","tribe_events_cat-online","tribe_events_cat-organised-by-climate-kic","tribe_events_cat-webinar","pmpro-has-access","cat_community-event","cat_community-learn","cat_learning","cat_online","cat_organised-by-climate-kic","cat_webinar","tribe-events-virtual-event"],"acf":[],"ticketed":["tc","rsvp"],"_links":{"self":[{"href":"https:\/\/climate-hive.org\/pl\/wp-json\/wp\/v2\/tribe_events\/4752","targetHints":{"allow":["GET"]}}],"collection":[{"href":"https:\/\/climate-hive.org\/pl\/wp-json\/wp\/v2\/tribe_events"}],"about":[{"href":"https:\/\/climate-hive.org\/pl\/wp-json\/wp\/v2\/types\/tribe_events"}],"author":[{"embeddable":true,"href":"https:\/\/climate-hive.org\/pl\/wp-json\/wp\/v2\/users\/3"}],"replies":[{"embeddable":true,"href":"https:\/\/climate-hive.org\/pl\/wp-json\/wp\/v2\/comments?post=4752"}],"version-history":[{"count":28,"href":"https:\/\/climate-hive.org\/pl\/wp-json\/wp\/v2\/tribe_events\/4752\/revisions"}],"predecessor-version":[{"id":5902,"href":"https:\/\/climate-hive.org\/pl\/wp-json\/wp\/v2\/tribe_events\/4752\/revisions\/5902"}],"wp:featuredmedia":[{"embeddable":true,"href":"https:\/\/climate-hive.org\/pl\/wp-json\/wp\/v2\/media\/4604"}],"wp:attachment":[{"href":"https:\/\/climate-hive.org\/pl\/wp-json\/wp\/v2\/media?parent=4752"}],"wp:term":[{"taxonomy":"post_tag","embeddable":true,"href":"https:\/\/climate-hive.org\/pl\/wp-json\/wp\/v2\/tags?post=4752"},{"taxonomy":"tribe_events_cat","embeddable":true,"href":"https:\/\/climate-hive.org\/pl\/wp-json\/wp\/v2\/tribe_events_cat?post=4752"}],"curies":[{"name":"wp","href":"https:\/\/api.w.org\/{rel}","templated":true}]}}