{"id":4868,"date":"2025-10-28T10:21:01","date_gmt":"2025-10-28T10:21:01","guid":{"rendered":"https:\/\/climate-hive.org\/?post_type=tribe_events&#038;p=4868"},"modified":"2025-11-17T08:45:37","modified_gmt":"2025-11-17T08:45:37","slug":"green-transition-essentials-and-real-solutions-polish-edition","status":"publish","type":"tribe_events","link":"https:\/\/climate-hive.org\/pl\/event\/green-transition-essentials-and-real-solutions-polish-edition\/","title":{"rendered":"Zielona transformacja: Podstawy i realne rozwi\u0105zania - Edycja polska"},"content":{"rendered":"<div  class=\"tribe-events-schedule tribe-clearfix\" >\n\t<p class=\"tribe-events-schedule__datetime\">\n\t\t<span class=\"tribe-events-schedule__date tribe-events-schedule__date--start\">\n\t\t\t17 listopada 2025 r.\t\t<\/span>\n\n\t\t\t\t\t<span class=\"tribe-events-schedule__separator tribe-events-schedule__separator--date\">\n\t\t\t\t@\t\t\t<\/span>\n\t\t\t<span class=\"tribe-events-schedule__time tribe-events-schedule__time--start\">\n\t\t\t\t10:00\t\t\t<\/span>\n\t\t\n\t\t\t\t\t\t\t\t\t<span class=\"tribe-events-schedule__separator tribe-events-schedule__separator--time\">\n\t\t\t\t\t-\t\t\t\t<\/span>\n\t\t\t\n\t\t\t\t\t\t\t<span class=\"tribe-events-schedule__time tribe-events-schedule__time--end\">\n\t\t\t\t\t13:00\t\t\t\t<\/span>\n\t\t\t\n\t\t\t\t\t\t<\/p>\n<\/div>\n\n\n\n<h5 class=\"wp-block-heading\">Webinaria dla miast, administracji krajowych, organizacji bran\u017cowych, organizacji pozarz\u0105dowych, biznesu i \u015brodowisk akademickich<\/h5>\n\n\n\n<p>Aby osi\u0105gn\u0105\u0107 europejskie cele zielonej transformacji, ju\u017c teraz potrzebne s\u0105 praktyczne i skalowalne rozwi\u0105zania. Miasta, rz\u0105dy, przedsi\u0119biorstwa i spo\u0142ecze\u0144stwo obywatelskie maj\u0105 do odegrania pewn\u0105 rol\u0119 - ale sukces zale\u017cy od wsp\u00f3\u0142pracy i stosowania sprawdzonych metod.<\/p>\n\n\n\n<p>Webinaria b\u0119d\u0105 obejmowa\u0107 prezentacje dobrych praktyk, interaktywne dyskusje i mo\u017cliwo\u015bci wymiany pogl\u0105d\u00f3w na temat tego, jak prze\u0142o\u017cy\u0107 strategie na dzia\u0142ania.<\/p>\n\n\n\n<p>Dost\u0119pne b\u0119d\u0105 3 edycje:<\/p>\n\n\n\n<ul class=\"wp-block-list\">\n<li>Webinarium dla <strong><a href=\"https:\/\/climate-hive.org\/pl\/event\/green-transition-essentials-and-real-solutions-polish-edition\/\">Polskoj\u0119zyczni u\u017cytkownicy i podmioty<\/a><\/strong> w poniedzia\u0142ek 17 listopada<\/li>\n\n\n\n<li>An <strong><a href=\"https:\/\/climate-hive.org\/pl\/event\/green-transition-essentials-and-real-solutions-english-edition-1\/\">Wersja angielska dla organizacji europejskich<\/a><\/strong> w \u015brod\u0119 19 listopada<\/li>\n\n\n\n<li>A <strong><a href=\"https:\/\/climate-hive.org\/pl\/event\/green-transition-essentials-and-real-solutions-english-edition-2\/\">replika wersji angielskiej<\/a> <\/strong>we wtorek 25 listopada<\/li>\n<\/ul>\n\n\n\n<div style=\"height:25px\" aria-hidden=\"true\" class=\"wp-block-spacer\"><\/div>\n\n\n\n<h3 class=\"wp-block-heading\">Polska edycja<\/h3>\n\n\n\n<p>Przyspieszenie zielonej transformacji w Polsce wymaga praktycznych i skalowalnych rozwi\u0105za\u0144. Miasta, administracja publiczna, biznes i spo\u0142ecze\u0144stwo obywatelskie musz\u0105 dzia\u0142a\u0107 wsp\u00f3lnie, aby przekszta\u0142ci\u0107 ambitne strategie w rzeczywisty wp\u0142yw.<\/p>\n\n\n\n<p>Zapraszamy do udzia\u0142u w polskiej edycji webinarium Zielona transformacja: Podstawy i realne rozwi\u0105zania, kt\u00f3re odb\u0119dzie si\u0119 w dniach&nbsp;<strong>w j\u0119zyku polskim, w poniedzia\u0142ek 17 listopada 2025, 10:00-13:00 CET<\/strong>.<\/p>\n\n\n\n<p><strong>Tematy obejmuj\u0105:<\/strong><\/p>\n\n\n\n<ol class=\"wp-block-list\">\n<li><strong>Ekologiczne i innowacyjne zam\u00f3wienia<\/strong>&nbsp;- zr\u00f3wnowa\u017cone i zorientowane na innowacje zam\u00f3wienia publiczne<\/li>\n\n\n\n<li><strong>Warszawski Standard Zielonych Budynk\u00f3w<\/strong>&nbsp;- stosowanie standard\u00f3w zielonego budownictwa jako wymog\u00f3w technicznych w przetargach<\/li>\n\n\n\n<li><strong>Finansowanie zielonych transformacji<\/strong>&nbsp;- finansowanie publiczne i prywatne, z nowymi i powstaj\u0105cymi instrumentami<\/li>\n\n\n\n<li><strong>Polska Platforma<\/strong>&nbsp;- Miasta z misj\u0105 - dzia\u0142ania i najlepsze praktyki polskich miast<\/li>\n<\/ol>\n\n\n\n<p>W\u015br\u00f3d prelegent\u00f3w znajd\u0105 si\u0119 eksperci z&nbsp;<a href=\"https:\/\/www.gov.pl\/web\/ncbr-en\">Narodowe Centrum Bada\u0144 i Rozwoju (NCBR)<\/a>, wraz z przyk\u0142adami udanych inicjatyw.<\/p>\n\n\n\n<p>Rejestracja jest ju\u017c otwarta - do\u0142\u0105cz do nas i pom\u00f3\u017c kszta\u0142towa\u0107 zielon\u0105 transformacj\u0119 Polski.<\/p>\n\n\n\n<h4 class=\"wp-block-heading\">Agenda<\/h4>\n\n\n\n<div style=\"height:31px\" aria-hidden=\"true\" class=\"wp-block-spacer\"><\/div>\n\n\n\n<figure class=\"wp-block-table\"><table class=\"has-fixed-layout\"><tbody><tr><td><strong>Czas&nbsp;<\/strong><strong><\/strong><\/td><td><strong>Tytu\u0142&nbsp;<\/strong>&nbsp;<\/td><td><strong>G\u0142o\u015bniki&nbsp;<\/strong>&nbsp;<\/td><\/tr><tr><td><strong>10.00-10.05&nbsp;<\/strong><\/td><td>Wprowadzenie&nbsp;<\/td><td><strong>Przemys\u0142aw Derwich<\/strong>, Climate KIC&nbsp;<\/td><\/tr><tr><td><strong>10.05-11.00&nbsp;<\/strong><\/td><td>Zielone i innowacyjne zam\u00f3wienia publiczne - prezentacja i dyskusja&nbsp;<\/td><td><strong>Pawe\u0142 Kaczkan<\/strong>, Climate KIC<br><strong>Agata Rakowska,&nbsp;<\/strong>Dyrektor Departamentu Rozwoju Zarz\u0105dzania Programami Innowacyjnymi, Narodowe Centrum Bada\u0144 i Rozwoju (NCBR)&nbsp;<\/td><\/tr><tr><td><strong>11.00-11.30&nbsp;<\/strong><\/td><td>Jak Warszawski Standard Zielonego Budownictwa mo\u017ce zmieni\u0107 zam\u00f3wienia publiczne&nbsp;<\/td><td><strong>Maciej Fuhrmann<\/strong>, Miasto Sto\u0142eczne Warszawa&nbsp;<\/td><\/tr><tr><td><strong>11.30-12.20&nbsp;<\/strong><\/td><td>Finansowanie zielonych przemian: Nowe publiczne i prywatne rozwi\u0105zania finansowe - prezentacja i dyskusja&nbsp;<\/td><td><strong>Katarzyna Bia\u0142kowska<\/strong>, specjalista ds. finans\u00f3w miejskich, NetZeroCities, Climate KIC<br><strong>Sylwia S\u0142omiak,\u00a0<\/strong>Wsp\u00f3\u0142kierownik ds. klimatu i \u015brodowiska, EuroCities<br><strong>Tomasz Walczak<\/strong>, Wiceprezes Zarz\u0105du, Euros Energy Sp. z o.o.<br><strong>Dariusz Radzimski,<\/strong> ZDiMKP Bydgoszcz\u00a0<\/td><\/tr><tr><td><strong>12.20-12.55&nbsp;<\/strong><\/td><td>\u0141\u0105czenie misji i miast z misj\u0105: Polska Platforma NetZeroCities - prezentacja&nbsp;<\/td><td><strong>Olga Krajewska,&nbsp;<\/strong>Starszy kierownik projektu, ICLEI Europe<br><strong>Katarzyna R\u0119dzi\u0144ska<\/strong>&nbsp;Doktorat, Politechnika Warszawska, CapaCities<br><strong>Tomasz Fijo\u0142ek&nbsp;<\/strong>, Unia Metropolii Polskich (UMP)&nbsp;<\/td><\/tr><tr><td><strong>12.55-13.00&nbsp;<\/strong><\/td><td>Podsumowanie i zamkni\u0119cie&nbsp;&nbsp;&nbsp;<\/td><td><strong>Przemys\u0142aw Derwich<\/strong>, Climate KIC&nbsp;<\/td><\/tr><\/tbody><\/table><\/figure>\n\n\n\n<div class=\"wp-block-buttons is-layout-flex wp-block-buttons-is-layout-flex\">\n<div class=\"wp-block-button\"><a class=\"wp-block-button__link wp-element-button\" href=\"https:\/\/forms.office.com\/e\/F8qwpSTZMP\">ZAREJESTRUJ SI\u0118 TERAZ<\/a><\/div>\n<\/div>\n\n\n<div  class=\"tribe-block tribe-block__organizer__details tribe-clearfix\" >\n    <h4>Organiser details<\/h4>\n\t<div class=\"tribe-block__organizer__title\">\n\t\t<h3><\/h3>\n\t<\/div>\n\t\t\t<\/div>\n\n\n<div  class=\"tribe-block tribe-block__event-website\" >\n\t<a\n\t\thref=\"https:\/\/forms.office.com\/e\/F8qwpSTZMP\"\n\t\ttarget=\"_self\"\n\t\t\t>\n\t\tZAREJESTRUJ SI\u0118 TERAZ\t<\/a>\n<\/div>\n\n\n\t<div  class=\"tribe-block tribe-block__events-link\" >\n\t\t<div class=\"tribe-events tribe-common\">\n\t\t\t<div class=\"tribe-events-c-subscribe-dropdown__container\">\n\t\t\t\t<div class=\"tribe-events-c-subscribe-dropdown\">\n\t\t\t\t\t<div class=\"tribe-common-c-btn-border tribe-events-c-subscribe-dropdown__button\">\n\t\t\t\t\t\t<svg  class=\"tribe-common-c-svgicon tribe-common-c-svgicon--cal-export tribe-events-c-subscribe-dropdown__export-icon\"  xmlns=\"http:\/\/www.w3.org\/2000\/svg\" width=\"24\" height=\"24\" viewbox=\"0 0 24 24\" fill=\"none\">\n    <path\n        d=\"M9 6L12 3M12 3L15 6M12 3V13M7.00023 10C6.06835 10 5.60241 10 5.23486 10.1522C4.74481 10.3552 4.35523 10.7448 4.15224 11.2349C4 11.6024 4 12.0681 4 13V17.8C4 18.9201 4 19.4798 4.21799 19.9076C4.40973 20.2839 4.71547 20.5905 5.0918 20.7822C5.5192 21 6.07899 21 7.19691 21H16.8036C17.9215 21 18.4805 21 18.9079 20.7822C19.2842 20.5905 19.5905 20.2839 19.7822 19.9076C20 19.4802 20 18.921 20 17.8031V13C20 12.0681 19.9999 11.6024 19.8477 11.2349C19.6447 10.7448 19.2554 10.3552 18.7654 10.1522C18.3978 10 17.9319 10 17 10\"\n        stroke=\"#142930\" stroke-width=\"2\" stroke-linecap=\"round\" stroke-linejoin=\"round\"\/>\n<\/svg>\n\t\t\t\t\t\t<button\n\t\t\t\t\t\t\tclass=\"tribe-events-c-subscribe-dropdown__button-text\"\n\t\t\t\t\t\t\taria-expanded=\"false\"\n\t\t\t\t\t\t\taria-controls=\"tribe-events-subscribe-dropdown-content\"\n\t\t\t\t\t\t\taria-label=\"Wy\u015bwietl linki do dodawania wydarze\u0144 do kalendarza\"\n\t\t\t\t\t\t>\n\t\t\t\t\t\t\tDodaj do kalendarza\t\t\t\t\t\t<\/button>\n\t\t\t\t\t\t<svg\n\t class=\"tribe-common-c-svgicon tribe-common-c-svgicon--caret-down tribe-events-c-subscribe-dropdown__button-icon\" \taria-hidden=\"true\"\n\tviewbox=\"0 0 10 7\"\n\txmlns=\"http:\/\/www.w3.org\/2000\/svg\"\n>\n\t<path fill-rule=\"evenodd\" clip-rule=\"evenodd\" d=\"M1.008.609L5 4.6 8.992.61l.958.958L5 6.517.05 1.566l.958-.958z\" class=\"tribe-common-c-svgicon__svg-fill\"\/>\n<\/svg>\n\t\t\t\t\t<\/div>\n\t\t\t\t\t<div id=\"tribe-events-subscribe-dropdown-content\" class=\"tribe-events-c-subscribe-dropdown__content\">\n\t\t\t\t\t\t<ul class=\"tribe-events-c-subscribe-dropdown__list\">\n\t\t\t\t\t\t\t\t\t\t\t\t\t\t\t<li class=\"tribe-events-c-subscribe-dropdown__list-item tribe-events-c-subscribe-dropdown__list-item--gcal\">\n\t\t\t\t\t\t\t\t\t<a\n\t\t\t\t\t\t\t\t\t\thref=\"https:\/\/www.google.com\/calendar\/event?action=TEMPLATE&#038;dates=20251117T100000\/20251117T130000&#038;text=Green%20Transition%3A%20Essentials%20and%20Real%20Solutions%20%26%238211%3B%20Polish%20Edition&#038;details=%3Ch5+class%3D%22wp-block-heading%22%3EWebinars+for+cities%2C+national+administrations%2C+industry+organisations%2C+NGOs%2C+business+and+academia%3C%2Fh5%3E%3Cp%3ETo+meet+Europe%E2%80%99s+green+transition+goals%2C+practical+and+scalable+solutions+are+needed+now.+Cities%2C+governments%2C+businesses%2C+and+civil+society+all+have+a+role+to+play+%E2%80%93+but+success+depends+on+working+together+and+applying+proven+methods.%3C%2Fp%3E+%3Cp%3EThe+webinars+will+feature+presentations+of+good+practice%2C+interactive+discussions%2C+and+opportunities+to+exchange+views+on+how+to+translate+strategies+into+action.%3C%2Fp%3E+%3Cp%3EThere+will+be+3+editions%3A%3C%2Fp%3E+%3Cul+class%3D%22wp-block-list%22%3E%3Cli%3EWebinar+for+%3Cstrong%3E%3Ca+href%3D%22https%3A%2F%2Fclimate-hive.org%2Fevent%2Fgreen-transition-essentials-and-real-solutions-polish-edition%2F%22%3EPolish+speakers+and+entities%3C%2Fa%3E%3C%2Fstrong%3E+on+Monday+17+November%3C%2Fli%3E%3Cli%3EAn+%3Cstrong%3E%3Ca+href%3D%22https%3A%2F%2Fclimate-hive.org%2Fevent%2Fgreen-transition-essentials-and-real-solutions-english-edition-1%2F%22%3EEnglish+version+for+European+organisations%3C%2Fa%3E%3C%2Fstrong%3E%3C%2Fli%3E%3C%2Ful%3E+%28Zobacz+pe%C5%82ny+opis+wydarzenie+tutaj%3A+https%3A%2F%2Fclimate-hive.org%2Fpl%2Fevent%2Fgreen-transition-essentials-and-real-solutions-polish-edition%2F%29&#038;trp=false&#038;ctz=Europe\/Warsaw&#038;sprop=website:https:\/\/climate-hive.org\/pl\"\n\t\t\t\t\t\t\t\t\t\tclass=\"tribe-events-c-subscribe-dropdown__list-item-link\"\n\t\t\t\t\t\t\t\t\t\ttarget=\"_blank\"\n\t\t\t\t\t\t\t\t\t\trel=\"noopener noreferrer nofollow noindex\"\n\t\t\t\t\t\t\t\t\t>\n\t\t\t\t\t\t\t\t\t\tKalendarz Google\t\t\t\t\t\t\t\t\t<\/a>\n\t\t\t\t\t\t\t\t<\/li>\n\t\t\t\t\t\t\t\t\t\t\t\t\t\t\t<li class=\"tribe-events-c-subscribe-dropdown__list-item tribe-events-c-subscribe-dropdown__list-item--ical\">\n\t\t\t\t\t\t\t\t\t<a\n\t\t\t\t\t\t\t\t\t\thref=\"\"\n\t\t\t\t\t\t\t\t\t\tclass=\"tribe-events-c-subscribe-dropdown__list-item-link\"\n\t\t\t\t\t\t\t\t\t\ttarget=\"_blank\"\n\t\t\t\t\t\t\t\t\t\trel=\"noopener noreferrer nofollow noindex\"\n\t\t\t\t\t\t\t\t\t>\n\t\t\t\t\t\t\t\t\t\tiKalendarz\t\t\t\t\t\t\t\t\t<\/a>\n\t\t\t\t\t\t\t\t<\/li>\n\t\t\t\t\t\t\t\t\t\t\t\t\t\t\t<li class=\"tribe-events-c-subscribe-dropdown__list-item tribe-events-c-subscribe-dropdown__list-item--outlook-365\">\n\t\t\t\t\t\t\t\t\t<a\n\t\t\t\t\t\t\t\t\t\thref=\"\"\n\t\t\t\t\t\t\t\t\t\tclass=\"tribe-events-c-subscribe-dropdown__list-item-link\"\n\t\t\t\t\t\t\t\t\t\ttarget=\"_blank\"\n\t\t\t\t\t\t\t\t\t\trel=\"noopener noreferrer nofollow noindex\"\n\t\t\t\t\t\t\t\t\t>\n\t\t\t\t\t\t\t\t\t\tOutlook 365\t\t\t\t\t\t\t\t\t<\/a>\n\t\t\t\t\t\t\t\t<\/li>\n\t\t\t\t\t\t\t\t\t\t\t\t\t\t\t<li class=\"tribe-events-c-subscribe-dropdown__list-item tribe-events-c-subscribe-dropdown__list-item--outlook-live\">\n\t\t\t\t\t\t\t\t\t<a\n\t\t\t\t\t\t\t\t\t\thref=\"\"\n\t\t\t\t\t\t\t\t\t\tclass=\"tribe-events-c-subscribe-dropdown__list-item-link\"\n\t\t\t\t\t\t\t\t\t\ttarget=\"_blank\"\n\t\t\t\t\t\t\t\t\t\trel=\"noopener noreferrer nofollow noindex\"\n\t\t\t\t\t\t\t\t\t>\n\t\t\t\t\t\t\t\t\t\tOutlook na \u017cywo\t\t\t\t\t\t\t\t\t<\/a>\n\t\t\t\t\t\t\t\t<\/li>\n\t\t\t\t\t\t\t\t\t\t\t\t\t<\/ul>\n\t\t\t\t\t<\/div>\n\t\t\t\t<\/div>\n\t\t\t<\/div>\n\t\t<\/div>\n\t<\/div>\n\n\n\n<h2 class=\"tribe-block__related-events__title\">Powi\u0105zane wydarzenia<\/h2>\n\n<ul  class=\"tribe-related-events tribe-clearfix\" >\n\t\t\t<li>\n\t\n<div class=\"tribe-related-events-thumbnail\">\n\t<a href=\"https:\/\/climate-hive.org\/pl\/event\/climathon-organiser-training-2-systems-change\/\" class=\"url\" rel=\"bookmark\" tabindex=\"-1\" aria-hidden=\"true\"><img loading=\"lazy\" decoding=\"async\" width=\"1024\" height=\"683\" src=\"https:\/\/climate-hive.org\/wp-content\/uploads\/2026\/04\/Curitiba_Brazil_2mb-1-1024x683.jpg\" class=\"attachment-large size-large wp-post-image\" alt=\"\" \/><\/a>\n<\/div>\n\t<div class=\"tribe-related-event-info\">\n\t<h3 class=\"tribe-related-events-title\">\n\t\t<a href=\"https:\/\/climate-hive.org\/pl\/event\/climathon-organiser-training-2-systems-change\/\" class=\"tribe-event-url\" rel=\"bookmark\">\n\t\t\tClimathon Szkolenie organizator\u00f3w #2: Od wydarzenia do zmiany systemowej\t\t<\/a>\n\t<\/h3>\n\t<span class=\"tribe-event-date-start\">5 maja @ 13:00<\/span> - <span class=\"tribe-event-time\">14:30<\/span><\/div>\n<\/li>\n\t\t\t<li>\n\t\n<div class=\"tribe-related-events-thumbnail\">\n\t<a href=\"https:\/\/climate-hive.org\/pl\/event\/insights-green-and-digital-for-small-businesses\/\" class=\"url\" rel=\"bookmark\" tabindex=\"-1\" aria-hidden=\"true\"><img loading=\"lazy\" decoding=\"async\" width=\"1024\" height=\"576\" src=\"https:\/\/climate-hive.org\/wp-content\/uploads\/2026\/04\/getty-images-Sf2MBY7xIkY-unsplash-1024x576.jpg\" class=\"attachment-large size-large wp-post-image\" alt=\"\" \/><\/a>\n<\/div>\n\t<div class=\"tribe-related-event-info\">\n\t<h3 class=\"tribe-related-events-title\">\n\t\t<a href=\"https:\/\/climate-hive.org\/pl\/event\/insights-green-and-digital-for-small-businesses\/\" class=\"tribe-event-url\" rel=\"bookmark\">\n\t\t\tWgl\u0105d: Zielone i cyfrowe. Co to oznacza dla ma\u0142ych firm w praktyce\u00a0\t\t<\/a>\n\t<\/h3>\n\t<span class=\"tribe-event-date-start\">6 maja, 14:00<\/span> - <span class=\"tribe-event-time\">15:00<\/span><\/div>\n<\/li>\n\t\t\t<li>\n\t\n<div class=\"tribe-related-events-thumbnail\">\n\t<a href=\"https:\/\/climate-hive.org\/pl\/event\/how-to-evolve-global-book-tour\/\" class=\"url\" rel=\"bookmark\" tabindex=\"-1\" aria-hidden=\"true\"><img loading=\"lazy\" decoding=\"async\" width=\"1024\" height=\"576\" src=\"https:\/\/climate-hive.org\/wp-content\/uploads\/2026\/04\/How_to_Evolve_Copenhagen_2x-2100x1181-1-1024x576.png\" class=\"attachment-large size-large wp-post-image\" alt=\"\" \/><\/a>\n<\/div>\n\t<div class=\"tribe-related-event-info\">\n\t<h3 class=\"tribe-related-events-title\">\n\t\t<a href=\"https:\/\/climate-hive.org\/pl\/event\/how-to-evolve-global-book-tour\/\" class=\"tribe-event-url\" rel=\"bookmark\">\n\t\t\tJak ewoluowa\u0107 \u2013 \u015bwiatowa trasa koncertowa ksi\u0105\u017cki\t\t<\/a>\n\t<\/h3>\n\t<span class=\"tribe-event-date-start\">11 maja @ 9:30<\/span> - <span class=\"tribe-event-date-end\">12 maja @ 20:30<\/span><\/div>\n<\/li>\n\t<\/ul>\n\n\n<div  class=\"tribe-block tribe-block__venue tribe-clearfix\" >\n\t\n\t\t\n\t<\/div>","protected":false},"excerpt":{"rendered":"<p>Webinaria dla miast, administracji krajowych, organizacji bran\u017cowych, organizacji pozarz\u0105dowych, biznesu i \u015brodowisk akademickich Aby osi\u0105gn\u0105\u0107 europejskie cele w zakresie zielonej transformacji, praktyczne i skalowalne rozwi\u0105zania s\u0105 potrzebne ju\u017c teraz. Miasta, rz\u0105dy, przedsi\u0119biorstwa i spo\u0142ecze\u0144stwo obywatelskie [...]<\/p>","protected":false},"author":3,"featured_media":4884,"comment_status":"open","ping_status":"closed","template":"","meta":{"_acf_changed":false,"_tec_requires_first_save":false,"_bbp_topic_count":0,"_bbp_reply_count":0,"_bbp_total_topic_count":0,"_bbp_total_reply_count":0,"_bbp_voice_count":0,"_bbp_anonymous_reply_count":0,"_bbp_topic_count_hidden":0,"_bbp_reply_count_hidden":0,"_bbp_forum_subforum_count":0,"pmpro_default_level":"","inline_featured_image":false,"_price":"","_stock":"","_tribe_ticket_header":"","_tribe_default_ticket_provider":"TEC\\Tickets\\Commerce\\Module","_ticket_start_date":"","_ticket_end_date":"","_tribe_ticket_show_description":"","_tribe_ticket_show_not_going":false,"_tribe_ticket_use_global_stock":"","_tribe_ticket_global_stock_level":"","_global_stock_mode":"","_global_stock_cap":"","_tribe_rsvp_for_event":"","_tribe_ticket_going_count":"","_tribe_ticket_not_going_count":"","_tribe_tickets_list":"[]","_tribe_ticket_has_attendee_info_fields":false,"_EventAllDay":false,"_EventTimezone":"Europe\/Warsaw","_EventStartDate":"2025-11-17 10:00:00","_EventEndDate":"2025-11-17 13:00:00","_EventStartDateUTC":"2025-11-17 09:00:00","_EventEndDateUTC":"2025-11-17 12:00:00","_EventShowMap":false,"_EventShowMapLink":false,"_EventURL":"https:\/\/forms.office.com\/e\/F8qwpSTZMP","_EventCost":"","_EventCostDescription":"","_EventCurrencySymbol":"\u20ac","_EventCurrencyCode":"EUR","_EventCurrencyPosition":"prefix","_EventDateTimeSeparator":"@","_EventTimeRangeSeparator":"-","_EventOrganizerID":[],"_EventVenueID":[],"_OrganizerEmail":"","_OrganizerPhone":"","_OrganizerWebsite":"","_VenueAddress":"","_VenueCity":"","_VenueCountry":"","_VenueProvince":"","_VenueState":"","_VenueZip":"","_VenuePhone":"","_VenueURL":"","_VenueStateProvince":"","_VenueLat":"","_VenueLng":"","_VenueShowMap":false,"_VenueShowMapLink":false,"_tribe_blocks_recurrence_rules":"","_tribe_blocks_recurrence_description":"","_tribe_blocks_recurrence_exclusions":"","_tribe_events_status":"","_tribe_events_status_reason":"","_tribe_events_is_hybrid":"","_tribe_events_is_virtual":"","_tribe_events_virtual_video_source":"","_tribe_events_virtual_embed_video":"","_tribe_events_virtual_linked_button_text":"","_tribe_events_virtual_linked_button":"","_tribe_events_virtual_show_embed_at":"","_tribe_events_virtual_show_embed_to":[],"_tribe_events_virtual_show_on_event":"","_tribe_events_virtual_show_on_views":"","_tribe_events_virtual_url":"","footnotes":"","_tec_slr_enabled":"","_tec_slr_layout":""},"tags":[65,96,72,190,75],"tribe_events_cat":[3,11,12,7],"class_list":["post-4868","tribe_events","type-tribe_events","status-publish","has-post-thumbnail","hentry","tag-innovation","tag-investment-and-finances","tag-poland","tag-procurement","tag-public-private-partnerships","tribe_events_cat-learning","tribe_events_cat-online","tribe_events_cat-organised-by-climate-kic","tribe_events_cat-webinar","pmpro-has-access","cat_learning","cat_online","cat_organised-by-climate-kic","cat_webinar"],"acf":[],"ticketed":false,"_links":{"self":[{"href":"https:\/\/climate-hive.org\/pl\/wp-json\/wp\/v2\/tribe_events\/4868","targetHints":{"allow":["GET"]}}],"collection":[{"href":"https:\/\/climate-hive.org\/pl\/wp-json\/wp\/v2\/tribe_events"}],"about":[{"href":"https:\/\/climate-hive.org\/pl\/wp-json\/wp\/v2\/types\/tribe_events"}],"author":[{"embeddable":true,"href":"https:\/\/climate-hive.org\/pl\/wp-json\/wp\/v2\/users\/3"}],"replies":[{"embeddable":true,"href":"https:\/\/climate-hive.org\/pl\/wp-json\/wp\/v2\/comments?post=4868"}],"version-history":[{"count":15,"href":"https:\/\/climate-hive.org\/pl\/wp-json\/wp\/v2\/tribe_events\/4868\/revisions"}],"predecessor-version":[{"id":5497,"href":"https:\/\/climate-hive.org\/pl\/wp-json\/wp\/v2\/tribe_events\/4868\/revisions\/5497"}],"wp:featuredmedia":[{"embeddable":true,"href":"https:\/\/climate-hive.org\/pl\/wp-json\/wp\/v2\/media\/4884"}],"wp:attachment":[{"href":"https:\/\/climate-hive.org\/pl\/wp-json\/wp\/v2\/media?parent=4868"}],"wp:term":[{"taxonomy":"post_tag","embeddable":true,"href":"https:\/\/climate-hive.org\/pl\/wp-json\/wp\/v2\/tags?post=4868"},{"taxonomy":"tribe_events_cat","embeddable":true,"href":"https:\/\/climate-hive.org\/pl\/wp-json\/wp\/v2\/tribe_events_cat?post=4868"}],"curies":[{"name":"wp","href":"https:\/\/api.w.org\/{rel}","templated":true}]}}