{"id":5290,"date":"2025-11-11T13:52:33","date_gmt":"2025-11-11T13:52:33","guid":{"rendered":"https:\/\/climate-hive.org\/?post_type=tribe_events&#038;p=5290"},"modified":"2025-11-13T14:25:32","modified_gmt":"2025-11-13T14:25:32","slug":"eit-cyprus-high-impact-festival","status":"publish","type":"tribe_events","link":"https:\/\/climate-hive.org\/pl\/event\/eit-cyprus-high-impact-festival\/","title":{"rendered":"EIT Cyprus High Impact Festival"},"content":{"rendered":"<div  class=\"tribe-events-schedule tribe-clearfix\" >\n\t<p class=\"tribe-events-schedule__datetime\">\n\t\t<span class=\"tribe-events-schedule__date tribe-events-schedule__date--start\">\n\t\t\t9 grudnia 2025 r.\t\t<\/span>\n\n\t\t\t\t\t<span class=\"tribe-events-schedule__separator tribe-events-schedule__separator--date\">\n\t\t\t\t @ \t\t\t<\/span>\n\t\t\t<span class=\"tribe-events-schedule__time tribe-events-schedule__time--start\">\n\t\t\t\t9:00\t\t\t<\/span>\n\t\t\n\t\t\t\t\t\t\t\t\t<span class=\"tribe-events-schedule__separator tribe-events-schedule__separator--time\">\n\t\t\t\t\t - \t\t\t\t<\/span>\n\t\t\t\n\t\t\t\t\t\t\t<span class=\"tribe-events-schedule__date tribe-events-schedule__date--end\">\n\t\t\t\t\t10 grudnia 2025 r.\t\t\t\t<\/span>\n\n\t\t\t\t\t\t\t\t\t<span class=\"tribe-events-schedule__separator tribe-events-schedule__separator--date\">\n\t\t\t\t\t\t @ \t\t\t\t\t<\/span>\n\t\t\t\t\t<span class=\"tribe-events-schedule__time tribe-events-schedule__time--end\">\n\t\t\t\t\t\t15:00\t\t\t\t\t<\/span>\n\t\t\t\t\n\t\t\t\n\t\t\t\t\t\t<\/p>\n<\/div>\n\n\n<div class=\"tribe-events-event-image\"><img loading=\"lazy\" decoding=\"async\" width=\"2560\" height=\"1707\" src=\"https:\/\/climate-hive.org\/wp-content\/uploads\/2025\/11\/katerina-bot-sZ8zn03gFKU-unsplash-scaled.jpg\" class=\"attachment-full size-full wp-post-image\" alt=\"\" srcset=\"https:\/\/climate-hive.org\/wp-content\/uploads\/2025\/11\/katerina-bot-sZ8zn03gFKU-unsplash-scaled.jpg 2560w, https:\/\/climate-hive.org\/wp-content\/uploads\/2025\/11\/katerina-bot-sZ8zn03gFKU-unsplash-300x200.jpg 300w, https:\/\/climate-hive.org\/wp-content\/uploads\/2025\/11\/katerina-bot-sZ8zn03gFKU-unsplash-1024x683.jpg 1024w, https:\/\/climate-hive.org\/wp-content\/uploads\/2025\/11\/katerina-bot-sZ8zn03gFKU-unsplash-768x512.jpg 768w, https:\/\/climate-hive.org\/wp-content\/uploads\/2025\/11\/katerina-bot-sZ8zn03gFKU-unsplash-1536x1024.jpg 1536w, https:\/\/climate-hive.org\/wp-content\/uploads\/2025\/11\/katerina-bot-sZ8zn03gFKU-unsplash-2048x1365.jpg 2048w\" sizes=\"auto, (max-width: 2560px) 100vw, 2560px\" \/><\/div>\n\n\n<p>EIT High Impact Innovation Activity na Cyprze to wa\u017cna dwudniowa inicjatywa maj\u0105ca na celu wzmocnienie cypryjskiego ekosystemu innowacji i roli tego kraju w europejskim ekosystemie innowacji.<\/p>\n\n\n\n<p>W wydarzeniu wezm\u0105 udzia\u0142 decydenci polityczni, przedstawiciele rz\u0105d\u00f3w krajowych, liderzy bran\u017cy, start-upy i instytucje badawcze, aby zbada\u0107, w jaki spos\u00f3b Cypr mo\u017ce wykorzysta\u0107 europejsk\u0105 polityk\u0119 innowacji i mechanizmy finansowania do stymulowania zr\u00f3wnowa\u017conego wzrostu.<\/p>\n\n\n\n<p>Poniewa\u017c Cypr obejmie prezydencj\u0119 w Radzie UE w 2026 r., wydarzenie to odb\u0119dzie si\u0119 pod auspicjami prezydencji i b\u0119dzie kluczow\u0105 platform\u0105 do podkre\u015blenia przyw\u00f3dztwa kraju w kszta\u0142towaniu europejskiej agendy innowacji.<\/p>\n\n\n\n<p>Podczas tego dwudniowego wydarzenia b\u0119dziesz mia\u0142 okazj\u0119 poszerzy\u0107 swoje regionalne wp\u0142ywy i widoczno\u015b\u0107 w ca\u0142ym regionie Morza \u015ar\u00f3dziemnego.\u00a0<\/p>\n\n\n\n<div class=\"wp-block-buttons is-layout-flex wp-block-buttons-is-layout-flex\">\n<div class=\"wp-block-button\"><a class=\"wp-block-button__link wp-element-button\" href=\"https:\/\/docs.google.com\/forms\/d\/e\/1FAIpQLSfS96hm-NUNt83UWwl_I7oha0RBGuzlrptbZyzAgDBhzsg12A\/viewform\">Zarejestruj si\u0119 tutaj<\/a><\/div>\n<\/div>\n\n\n\t<div  class=\"tribe-block tribe-block__events-link\" >\n\t\t<div class=\"tribe-events tribe-common\">\n\t\t\t<div class=\"tribe-events-c-subscribe-dropdown__container\">\n\t\t\t\t<div class=\"tribe-events-c-subscribe-dropdown\">\n\t\t\t\t\t<div class=\"tribe-common-c-btn-border tribe-events-c-subscribe-dropdown__button\">\n\t\t\t\t\t\t<svg  class=\"tribe-common-c-svgicon tribe-common-c-svgicon--cal-export tribe-events-c-subscribe-dropdown__export-icon\"  xmlns=\"http:\/\/www.w3.org\/2000\/svg\" width=\"24\" height=\"24\" viewbox=\"0 0 24 24\" fill=\"none\">\n    <path\n        d=\"M9 6L12 3M12 3L15 6M12 3V13M7.00023 10C6.06835 10 5.60241 10 5.23486 10.1522C4.74481 10.3552 4.35523 10.7448 4.15224 11.2349C4 11.6024 4 12.0681 4 13V17.8C4 18.9201 4 19.4798 4.21799 19.9076C4.40973 20.2839 4.71547 20.5905 5.0918 20.7822C5.5192 21 6.07899 21 7.19691 21H16.8036C17.9215 21 18.4805 21 18.9079 20.7822C19.2842 20.5905 19.5905 20.2839 19.7822 19.9076C20 19.4802 20 18.921 20 17.8031V13C20 12.0681 19.9999 11.6024 19.8477 11.2349C19.6447 10.7448 19.2554 10.3552 18.7654 10.1522C18.3978 10 17.9319 10 17 10\"\n        stroke=\"#142930\" stroke-width=\"2\" stroke-linecap=\"round\" stroke-linejoin=\"round\"\/>\n<\/svg>\n\t\t\t\t\t\t<button\n\t\t\t\t\t\t\tclass=\"tribe-events-c-subscribe-dropdown__button-text\"\n\t\t\t\t\t\t\taria-expanded=\"false\"\n\t\t\t\t\t\t\taria-controls=\"tribe-events-subscribe-dropdown-content\"\n\t\t\t\t\t\t\taria-label=\"Wy\u015bwietl linki do dodawania wydarze\u0144 do kalendarza\"\n\t\t\t\t\t\t>\n\t\t\t\t\t\t\tDodaj do kalendarza\t\t\t\t\t\t<\/button>\n\t\t\t\t\t\t<svg\n\t class=\"tribe-common-c-svgicon tribe-common-c-svgicon--caret-down tribe-events-c-subscribe-dropdown__button-icon\" \taria-hidden=\"true\"\n\tviewbox=\"0 0 10 7\"\n\txmlns=\"http:\/\/www.w3.org\/2000\/svg\"\n>\n\t<path fill-rule=\"evenodd\" clip-rule=\"evenodd\" d=\"M1.008.609L5 4.6 8.992.61l.958.958L5 6.517.05 1.566l.958-.958z\" class=\"tribe-common-c-svgicon__svg-fill\"\/>\n<\/svg>\n\t\t\t\t\t<\/div>\n\t\t\t\t\t<div id=\"tribe-events-subscribe-dropdown-content\" class=\"tribe-events-c-subscribe-dropdown__content\">\n\t\t\t\t\t\t<ul class=\"tribe-events-c-subscribe-dropdown__list\">\n\t\t\t\t\t\t\t\t\t\t\t\t\t\t\t<li class=\"tribe-events-c-subscribe-dropdown__list-item tribe-events-c-subscribe-dropdown__list-item--gcal\">\n\t\t\t\t\t\t\t\t\t<a\n\t\t\t\t\t\t\t\t\t\thref=\"https:\/\/www.google.com\/calendar\/event?action=TEMPLATE&#038;dates=20251209T090000\/20251210T150000&#038;text=EIT%20Cyprus%20High%20Impact%20Festival&#038;details=%3Cp%3EThe+EIT+high-impact+Innovation+Activity+in+Cyprus+is+a+major+two-day+initiative+designed+to+strengthen+Cyprus%E2%80%99s+innovation+ecosystem+and+the+country%E2%80%99s+role+within+the+European+innovation+ecosystem.%3C%2Fp%3E+%3Cp%3EThe+event+will+convene+policymakers%2C+national+government+representatives%2C+industry+leaders%2C+start-ups+and+research+institutions+to+explore+how+Cyprus+can+leverage+European+innovation+policies+and+funding+mechanisms+to+drive+sustainable+growth.%3C%2Fp%3E+%3Cp%3EAs+Cyprus+will+assume+the+Presidency+of+the+EU+Council+in+2026%2C+this+event+will+be+held+under+the+auspices+of+the+presidency%2C+and+it+will+be+a+key+platform+to+highlight+the+country%E2%80%99s+leadership+in+shaping+Europe%E2%80%99s+innovation+agenda.%3C%2Fp%3E+%3Cp%3EDuring+this+2-day+event+you+will+have+the+opportunity+to+expand+your+regional+influence+and+visibility+across+the+Mediterranean.%C2%A0%3C%2Fp%3E+%3Cdiv+class%3D%22wp-block-buttons%22%3E%3Cdiv+class%3D%22wp-block-button%22%3E%3Ca+class%3D%22wp-block-button__link+wp-element-button%22+href%3D%22https%3A%2F%2Fdocs.goo%3C%2Fdiv%3E%3C%2Fdiv%3E+%28Zobacz+pe%C5%82ny+opis+wydarzenie+tutaj%3A+https%3A%2F%2Fclimate-hive.org%2Fpl%2Fevent%2Feit-cyprus-high-impact-festival%2F%29&#038;location=CYENS%20Center%20of%20Excellence,%20Cyprus&#038;trp=false&#038;ctz=Europe\/London&#038;sprop=website:https:\/\/climate-hive.org\/pl\"\n\t\t\t\t\t\t\t\t\t\tclass=\"tribe-events-c-subscribe-dropdown__list-item-link\"\n\t\t\t\t\t\t\t\t\t\ttarget=\"_blank\"\n\t\t\t\t\t\t\t\t\t\trel=\"noopener noreferrer nofollow noindex\"\n\t\t\t\t\t\t\t\t\t>\n\t\t\t\t\t\t\t\t\t\tKalendarz Google\t\t\t\t\t\t\t\t\t<\/a>\n\t\t\t\t\t\t\t\t<\/li>\n\t\t\t\t\t\t\t\t\t\t\t\t\t\t\t<li class=\"tribe-events-c-subscribe-dropdown__list-item tribe-events-c-subscribe-dropdown__list-item--ical\">\n\t\t\t\t\t\t\t\t\t<a\n\t\t\t\t\t\t\t\t\t\thref=\"\"\n\t\t\t\t\t\t\t\t\t\tclass=\"tribe-events-c-subscribe-dropdown__list-item-link\"\n\t\t\t\t\t\t\t\t\t\ttarget=\"_blank\"\n\t\t\t\t\t\t\t\t\t\trel=\"noopener noreferrer nofollow noindex\"\n\t\t\t\t\t\t\t\t\t>\n\t\t\t\t\t\t\t\t\t\tiKalendarz\t\t\t\t\t\t\t\t\t<\/a>\n\t\t\t\t\t\t\t\t<\/li>\n\t\t\t\t\t\t\t\t\t\t\t\t\t\t\t<li class=\"tribe-events-c-subscribe-dropdown__list-item tribe-events-c-subscribe-dropdown__list-item--outlook-365\">\n\t\t\t\t\t\t\t\t\t<a\n\t\t\t\t\t\t\t\t\t\thref=\"\"\n\t\t\t\t\t\t\t\t\t\tclass=\"tribe-events-c-subscribe-dropdown__list-item-link\"\n\t\t\t\t\t\t\t\t\t\ttarget=\"_blank\"\n\t\t\t\t\t\t\t\t\t\trel=\"noopener noreferrer nofollow noindex\"\n\t\t\t\t\t\t\t\t\t>\n\t\t\t\t\t\t\t\t\t\tOutlook 365\t\t\t\t\t\t\t\t\t<\/a>\n\t\t\t\t\t\t\t\t<\/li>\n\t\t\t\t\t\t\t\t\t\t\t\t\t\t\t<li class=\"tribe-events-c-subscribe-dropdown__list-item tribe-events-c-subscribe-dropdown__list-item--outlook-live\">\n\t\t\t\t\t\t\t\t\t<a\n\t\t\t\t\t\t\t\t\t\thref=\"\"\n\t\t\t\t\t\t\t\t\t\tclass=\"tribe-events-c-subscribe-dropdown__list-item-link\"\n\t\t\t\t\t\t\t\t\t\ttarget=\"_blank\"\n\t\t\t\t\t\t\t\t\t\trel=\"noopener noreferrer nofollow noindex\"\n\t\t\t\t\t\t\t\t\t>\n\t\t\t\t\t\t\t\t\t\tOutlook na \u017cywo\t\t\t\t\t\t\t\t\t<\/a>\n\t\t\t\t\t\t\t\t<\/li>\n\t\t\t\t\t\t\t\t\t\t\t\t\t<\/ul>\n\t\t\t\t\t<\/div>\n\t\t\t\t<\/div>\n\t\t\t<\/div>\n\t\t<\/div>\n\t<\/div>\n\n\n\n<div  class=\"tribe-events-single-section tribe-events-event-meta primary tribe-clearfix\" >\n\t\n\t\n<div class=\"tribe-events-meta-group tribe-events-meta-group-details\">\n\t<h3 class=\"tribe-events-single-section-title\">\n\t\t\t\t\tSzczeg\u00f3\u0142y\t\t\n\t<\/h3>\n\t<ul class=\"tribe-events-meta-list\">\n\n\t\t\n\t\t\t<li class=\"tribe-events-meta-item\">\n\t\t\t\t<span class=\"tribe-events-meta-label\">Pocz\u0105tek:<\/span>\n\t\t\t\t<span class=\"tribe-events-meta-value\">\n\t\t\t\t\t<abbr class=\"tribe-events-abbr updated published dtstart\" title=\"2025-12-09\"> 9 grudnia 2025 r. @ 9:00 <\/abbr>\n\t\t\t\t\t\t\t\t\t<\/span>\n\t\t\t<\/li>\n\n\t\t\t<li class=\"tribe-events-meta-item\">\n\t\t\t\t<span class=\"tribe-events-meta-label\">Koniec:<\/span>\n\t\t\t\t<span class=\"tribe-events-meta-value\">\n\t\t\t\t\t<abbr class=\"tribe-events-abbr dtend\" title=\"2025-12-10\"> 10 grudnia 2025 r. @ 3:00 pm <\/abbr>\n\t\t\t\t\t\t\t\t\t<\/span>\n\t\t\t<\/li>\n\n\t\t\n\t\t\t\t\t<li class=\"tribe-events-meta-item\">\n\t\t\t\t<span class=\"tribe-events-meta-label\">Koszt:<\/span>\n\t\t\t\t<span class=\"tribe-events-event-cost tribe-events-meta-value\"> Bezp\u0142atne <\/span>\n\t\t\t<\/li>\n\t\t\n\t\t\n\t\t<li class=\"tribe-events-meta-item\"><span class=\"tribe-events-event-categories-label tribe-events-meta-label\">Wydarzenie kategorii:<\/span> <span class=\"tribe-events-event-categories tribe-events-meta-value\"><a href=\"https:\/\/climate-hive.org\/pl\/events\/kategoria\/conference\/\" rel=\"tag\">Konferencja<\/a>, <a href=\"https:\/\/climate-hive.org\/pl\/events\/kategoria\/in-person\/\" rel=\"tag\">Osobi\u015bcie<\/a>, <a href=\"https:\/\/climate-hive.org\/pl\/events\/kategoria\/networking\/\" rel=\"tag\">Tworzenie sieci<\/a>, <a href=\"https:\/\/climate-hive.org\/pl\/events\/kategoria\/organised-by-member-partner\/\" rel=\"tag\">Organizowane przez cz\u0142onka \/ partnera<\/a>, <a href=\"https:\/\/climate-hive.org\/pl\/events\/kategoria\/policy\/\" rel=\"tag\">Polityka<\/a><\/span><\/li>\n\t\t<li class=\"tribe-events-meta-item\"><span class=\"tribe-event-tags-label tribe-events-meta-label\">Wydarzenie znaczniki:<\/span><span class=\"tribe-event-tags tribe-events-meta-value\"><a href=\"https:\/\/climate-hive.org\/pl\/events\/(\/?:tag)\/(%5B\/%5D\" rel=\"tag\">Biogospodarka<\/a>, <a href=\"https:\/\/climate-hive.org\/pl\/events\/(\/?:tag)\/(%5B\/%5D\" rel=\"tag\">Blue Economy<\/a>, <a href=\"https:\/\/climate-hive.org\/pl\/events\/(\/?:tag)\/(%5B\/%5D\" rel=\"tag\">\u015arodowisko zbudowane<\/a>, <a href=\"https:\/\/climate-hive.org\/pl\/events\/(\/?:tag)\/(%5B\/%5D\" rel=\"tag\">Cypr<\/a>, <a href=\"https:\/\/climate-hive.org\/pl\/events\/(\/?:tag)\/(%5B\/%5D\" rel=\"tag\">Przedsi\u0119biorczo\u015b\u0107<\/a>, <a href=\"https:\/\/climate-hive.org\/pl\/events\/(\/?:tag)\/(%5B\/%5D\" rel=\"tag\">Zielona gospodarka<\/a>, <a href=\"https:\/\/climate-hive.org\/pl\/events\/(\/?:tag)\/(%5B\/%5D\" rel=\"tag\">Wiejski<\/a><\/span><\/li>\n\t\t\n\t\t\t<li class=\"tribe-events-meta-item\">\n\t\t\t\t<span class=\"tribe-events-meta-label\">Witryna internetowa:<\/span>\n\t\t\t\t<span class=\"tribe-events-event-url tribe-events-meta-value\"> <a href=\"https:\/\/docs.google.com\/forms\/d\/e\/1FAIpQLSfS96hm-NUNt83UWwl_I7oha0RBGuzlrptbZyzAgDBhzsg12A\/viewform\" target=\"_self\" rel=\"external\">https:\/\/docs.google.com\/forms\/d\/e\/1FAIpQLSfS96hm-NUNt83UWwl_I7oha0RBGuzlrptbZyzAgDBhzsg12A\/viewform<\/a> <\/span>\n\t\t\t<\/li>\n\t\t\n\t\t\t<\/ul>\n<\/div>\n\t\n<div class=\"tribe-events-meta-group tribe-events-meta-group-organizer\">\n\t<h3 class=\"tribe-events-single-section-title\">\n\t\t\t\t\tOrganizator\t\t\t<\/h3>\n\t<ul class=\"tribe-events-meta-list tribe-events-meta-list-organizer\">\n\t\t\t\t\t<li class=\"tribe-events-meta-item\">\n\t\t\t\t<span class=\"tribe-organizer tribe-events-meta-value\">\n\t\t\t\t\t<a href=\"https:\/\/climate-hive.org\/pl\/organizator\/eit-community-hub-cyprus-2\/\" title=\"EIT Community Hub Cyprus\" target=\"_self\" rel=\"\">EIT Community Hub Cyprus<\/a>\t\t\t\t<\/span>\n\t\t\t<\/li>\n\t\t\t\t\t\t\t<li class=\"tribe-events-meta-item\">\n\t\t\t\t\t<span class=\"tribe-organizer-email-label tribe-events-meta-label\">\n\t\t\t\t\t\tE-mail\t\t\t\t\t<\/span>\n\t\t\t\t\t<span class=\"tribe-organizer-email tribe-events-meta-value\">cyprus@eitcommunity.eu<\/span>\n\t\t\t\t<\/li>\n\t\t\t\t\t<\/ul>\n<\/div>\n\n\t<\/div>\n\n\n<div  class=\"tribe-block tribe-block__venue tribe-clearfix tribe-block__venue--has-map\" >\n\t\n\t\n<div class=\"tribe-block__venue__meta\">\n\t<div class=\"tribe-block__venue__name\">\n\t\t<h3><a href=\"https:\/\/climate-hive.org\/pl\/miejsce\/cyens-center-of-excellence\/\" title=\"Centrum doskona\u0142o\u015bci CYENS\">Centrum doskona\u0142o\u015bci CYENS<\/a><\/h3>\n\t<\/div>\n\n\t\n\t\t\t\t\t\t<address class=\"tribe-block__venue__address\">\n\t\t\t\t<span class=\"tribe-address\">\n\n\n\n\n\n\t<span class=\"tribe-country-name\">Cypr<\/span>\n\n<\/span>\n\n\t\t\t\t\t\t\t\t\t<a class=\"tribe-events-gmap\" href=\"https:\/\/maps.google.com\/maps?f=q&#038;source=s_q&#038;hl=en&#038;geocode=&#038;q=Cyprus\" title=\"Kliknij, aby zobaczy\u0107 map\u0119 Google\" target=\"_blank\" rel=\"noreferrer noopener\">+ Mapa Google<\/a>\t\t\t\t\t\t\t<\/address>\n\t\t\n\t\t\n\t\t\t\t\t<span class=\"tribe-block__venue__website\"><a href=\"https:\/\/cyens.org.cy\/\" target=\"_self\" rel=\"external\">Zobacz witryn\u0119 internetow\u0105 Miejsce<\/a><\/span><br \/>\n\t\t\t\n\t<\/div>\n\t\n<div class=\"tribe-block__venue__map\">\n\t\n<iframe loading=\"lazy\"\n  title=\"Ramka iframe Google Maps wy\u015bwietlaj\u0105ca adres CYENS Center of Excellence\"\n  aria-label=\"Mapa lokalizacji miejsca\"\n  width=\"310px\"\n  height=\"256px\"\n  frameborder=\"0\" style=\"border:0\"\n  src=\"https:\/\/www.google.com\/maps\/embed\/v1\/place?key=AIzaSyDNsicAsP6-VuGtAb1O9riI3oc_NOb7IOU&#038;q=Cyprus+&#038;zoom=15\" allowfullscreen>\n<\/iframe>\n<\/div>\n\n\t<\/div>\n\n\n\n\n<h2 class=\"tribe-block__related-events__title\">Powi\u0105zane wydarzenia<\/h2>\n\n<ul  class=\"tribe-related-events tribe-clearfix\" >\n\t\t\t<li>\n\t\n<div class=\"tribe-related-events-thumbnail\">\n\t<a href=\"https:\/\/climate-hive.org\/pl\/event\/climathon-organiser-training-2-systems-change\/\" class=\"url\" rel=\"bookmark\" tabindex=\"-1\" aria-hidden=\"true\"><img loading=\"lazy\" decoding=\"async\" width=\"1024\" height=\"683\" src=\"https:\/\/climate-hive.org\/wp-content\/uploads\/2026\/04\/Curitiba_Brazil_2mb-1-1024x683.jpg\" class=\"attachment-large size-large wp-post-image\" alt=\"\" \/><\/a>\n<\/div>\n\t<div class=\"tribe-related-event-info\">\n\t<h3 class=\"tribe-related-events-title\">\n\t\t<a href=\"https:\/\/climate-hive.org\/pl\/event\/climathon-organiser-training-2-systems-change\/\" class=\"tribe-event-url\" rel=\"bookmark\">\n\t\t\tClimathon Szkolenie organizator\u00f3w #2: Od wydarzenia do zmiany systemowej\t\t<\/a>\n\t<\/h3>\n\t<span class=\"tribe-event-date-start\">5 maja @ 13:00<\/span> - <span class=\"tribe-event-time\">14:30<\/span><\/div>\n<\/li>\n\t\t\t<li>\n\t\n<div class=\"tribe-related-events-thumbnail\">\n\t<a href=\"https:\/\/climate-hive.org\/pl\/event\/insights-green-and-digital-for-small-businesses\/\" class=\"url\" rel=\"bookmark\" tabindex=\"-1\" aria-hidden=\"true\"><img loading=\"lazy\" decoding=\"async\" width=\"1024\" height=\"576\" src=\"https:\/\/climate-hive.org\/wp-content\/uploads\/2026\/04\/getty-images-Sf2MBY7xIkY-unsplash-1024x576.jpg\" class=\"attachment-large size-large wp-post-image\" alt=\"\" \/><\/a>\n<\/div>\n\t<div class=\"tribe-related-event-info\">\n\t<h3 class=\"tribe-related-events-title\">\n\t\t<a href=\"https:\/\/climate-hive.org\/pl\/event\/insights-green-and-digital-for-small-businesses\/\" class=\"tribe-event-url\" rel=\"bookmark\">\n\t\t\tWgl\u0105d: Zielone i cyfrowe. Co to oznacza dla ma\u0142ych firm w praktyce\u00a0\t\t<\/a>\n\t<\/h3>\n\t<span class=\"tribe-event-date-start\">6 maja, 14:00<\/span> - <span class=\"tribe-event-time\">15:00<\/span><\/div>\n<\/li>\n\t\t\t<li>\n\t\n<div class=\"tribe-related-events-thumbnail\">\n\t<a href=\"https:\/\/climate-hive.org\/pl\/event\/how-to-evolve-global-book-tour\/\" class=\"url\" rel=\"bookmark\" tabindex=\"-1\" aria-hidden=\"true\"><img loading=\"lazy\" decoding=\"async\" width=\"1024\" height=\"576\" src=\"https:\/\/climate-hive.org\/wp-content\/uploads\/2026\/04\/How_to_Evolve_Copenhagen_2x-2100x1181-1-1024x576.png\" class=\"attachment-large size-large wp-post-image\" alt=\"\" \/><\/a>\n<\/div>\n\t<div class=\"tribe-related-event-info\">\n\t<h3 class=\"tribe-related-events-title\">\n\t\t<a href=\"https:\/\/climate-hive.org\/pl\/event\/how-to-evolve-global-book-tour\/\" class=\"tribe-event-url\" rel=\"bookmark\">\n\t\t\tJak ewoluowa\u0107 \u2013 \u015bwiatowa trasa koncertowa ksi\u0105\u017cki\t\t<\/a>\n\t<\/h3>\n\t<span class=\"tribe-event-date-start\">11 maja @ 9:30<\/span> - <span class=\"tribe-event-date-end\">12 maja @ 20:30<\/span><\/div>\n<\/li>\n\t<\/ul>","protected":false},"excerpt":{"rendered":"<p>EIT High Impact Innovation Activity na Cyprze to wa\u017cna dwudniowa inicjatywa maj\u0105ca na celu wzmocnienie cypryjskiego ekosystemu innowacji i roli tego kraju w europejskim ekosystemie innowacji. Wydarzenie b\u0119dzie [...]<\/p>","protected":false},"author":31,"featured_media":5302,"comment_status":"open","ping_status":"closed","template":"","meta":{"_acf_changed":false,"_tec_requires_first_save":false,"_bbp_topic_count":0,"_bbp_reply_count":0,"_bbp_total_topic_count":0,"_bbp_total_reply_count":0,"_bbp_voice_count":0,"_bbp_anonymous_reply_count":0,"_bbp_topic_count_hidden":0,"_bbp_reply_count_hidden":0,"_bbp_forum_subforum_count":0,"pmpro_default_level":"","inline_featured_image":false,"_price":"","_stock":"","_tribe_ticket_header":"","_tribe_default_ticket_provider":"TEC\\Tickets\\Commerce\\Module","_ticket_start_date":"","_ticket_end_date":"","_tribe_ticket_show_description":"","_tribe_ticket_show_not_going":false,"_tribe_ticket_use_global_stock":"","_tribe_ticket_global_stock_level":"","_global_stock_mode":"","_global_stock_cap":"","_tribe_rsvp_for_event":"","_tribe_ticket_going_count":"","_tribe_ticket_not_going_count":"","_tribe_tickets_list":"[]","_tribe_ticket_has_attendee_info_fields":false,"_EventAllDay":false,"_EventTimezone":"Europe\/London","_EventStartDate":"2025-12-09 09:00:00","_EventEndDate":"2025-12-10 15:00:00","_EventStartDateUTC":"2025-12-09 09:00:00","_EventEndDateUTC":"2025-12-10 15:00:00","_EventShowMap":true,"_EventShowMapLink":true,"_EventURL":"https:\/\/docs.google.com\/forms\/d\/e\/1FAIpQLSfS96hm-NUNt83UWwl_I7oha0RBGuzlrptbZyzAgDBhzsg12A\/viewform","_EventCost":"0","_EventCostDescription":"","_EventCurrencySymbol":"","_EventCurrencyCode":"","_EventCurrencyPosition":"","_EventDateTimeSeparator":"","_EventTimeRangeSeparator":"","_EventOrganizerID":[5303],"_EventVenueID":[5294],"_OrganizerEmail":"","_OrganizerPhone":"","_OrganizerWebsite":"","_VenueAddress":"","_VenueCity":"","_VenueCountry":"","_VenueProvince":"","_VenueState":"","_VenueZip":"","_VenuePhone":"","_VenueURL":"","_VenueStateProvince":"","_VenueLat":"","_VenueLng":"","_VenueShowMap":false,"_VenueShowMapLink":false,"_tribe_blocks_recurrence_rules":"","_tribe_blocks_recurrence_description":"","_tribe_blocks_recurrence_exclusions":"","_tribe_events_status":"","_tribe_events_status_reason":"","_tribe_events_is_hybrid":"","_tribe_events_is_virtual":"","_tribe_events_virtual_video_source":"","_tribe_events_virtual_embed_video":"","_tribe_events_virtual_linked_button_text":"","_tribe_events_virtual_linked_button":"","_tribe_events_virtual_show_embed_at":"","_tribe_events_virtual_show_embed_to":[],"_tribe_events_virtual_show_on_event":"","_tribe_events_virtual_show_on_views":"","_tribe_events_virtual_url":"","footnotes":"","_tec_slr_enabled":"","_tec_slr_layout":""},"tags":[129,58,67,214,188,59,94],"tribe_events_cat":[9,10,2,13,4],"class_list":["post-5290","tribe_events","type-tribe_events","status-publish","has-post-thumbnail","hentry","tag-bioeconomy","tag-blue-economy","tag-built-environment","tag-cyprus","tag-entrepreneurship","tag-green-economy","tag-rural","tribe_events_cat-conference","tribe_events_cat-in-person","tribe_events_cat-networking","tribe_events_cat-organised-by-member-partner","tribe_events_cat-policy","pmpro-has-access","cat_conference","cat_in-person","cat_networking","cat_organised-by-member-partner","cat_policy"],"acf":[],"ticketed":false,"_links":{"self":[{"href":"https:\/\/climate-hive.org\/pl\/wp-json\/wp\/v2\/tribe_events\/5290","targetHints":{"allow":["GET"]}}],"collection":[{"href":"https:\/\/climate-hive.org\/pl\/wp-json\/wp\/v2\/tribe_events"}],"about":[{"href":"https:\/\/climate-hive.org\/pl\/wp-json\/wp\/v2\/types\/tribe_events"}],"author":[{"embeddable":true,"href":"https:\/\/climate-hive.org\/pl\/wp-json\/wp\/v2\/users\/31"}],"replies":[{"embeddable":true,"href":"https:\/\/climate-hive.org\/pl\/wp-json\/wp\/v2\/comments?post=5290"}],"version-history":[{"count":4,"href":"https:\/\/climate-hive.org\/pl\/wp-json\/wp\/v2\/tribe_events\/5290\/revisions"}],"predecessor-version":[{"id":5458,"href":"https:\/\/climate-hive.org\/pl\/wp-json\/wp\/v2\/tribe_events\/5290\/revisions\/5458"}],"wp:featuredmedia":[{"embeddable":true,"href":"https:\/\/climate-hive.org\/pl\/wp-json\/wp\/v2\/media\/5302"}],"wp:attachment":[{"href":"https:\/\/climate-hive.org\/pl\/wp-json\/wp\/v2\/media?parent=5290"}],"wp:term":[{"taxonomy":"post_tag","embeddable":true,"href":"https:\/\/climate-hive.org\/pl\/wp-json\/wp\/v2\/tags?post=5290"},{"taxonomy":"tribe_events_cat","embeddable":true,"href":"https:\/\/climate-hive.org\/pl\/wp-json\/wp\/v2\/tribe_events_cat?post=5290"}],"curies":[{"name":"wp","href":"https:\/\/api.w.org\/{rel}","templated":true}]}}