{"id":5313,"date":"2025-11-11T16:51:11","date_gmt":"2025-11-11T16:51:11","guid":{"rendered":"https:\/\/climate-hive.org\/?post_type=tribe_events&#038;p=5313"},"modified":"2026-04-16T11:16:58","modified_gmt":"2026-04-16T10:16:58","slug":"connect-reflections-2025-optimism-2026","status":"publish","type":"tribe_events","link":"https:\/\/climate-hive.org\/pl\/event\/connect-reflections-2025-optimism-2026\/","title":{"rendered":"Connect: Refleksje na temat roku 2025 i optymizm na rok 2026"},"content":{"rendered":"<div class=\"tribe-events-virtual-single-marker\">\n\t<span class=\"tribe-events-virtual-single-marker__icon\" >\n\t\t<svg\n\t class=\"tribe-common-c-svgicon tribe-common-c-svgicon--virtual tribe-events-virtual-single-marker__icon-svg\" \taria-hidden=\"true\"\n\tviewbox=\"0 0 26 16\"\n\txmlns=\"http:\/\/www.w3.org\/2000\/svg\"\n>\n\t<g fill-rule=\"evenodd\" stroke-linecap=\"round\" stroke-linejoin=\"round\" stroke-width=\"2\" transform=\"translate(1 1)\">\n\t\t<path d=\"M18 10.7333333c2.16-2.09999997 2.16-5.44444441 0-7.46666663M21.12 13.7666667c3.84-3.7333334 3.84-9.80000003 0-13.53333337M6 10.7333333C3.84 8.63333333 3.84 5.28888889 6 3.26666667M2.88 13.7666667C-.96 10.0333333-.96 3.96666667 2.88.23333333\" class=\"tribe-common-c-svgicon__svg-stroke\"\/><ellipse cx=\"12\" cy=\"7\" rx=\"2.4\" ry=\"2.33333333\" class=\"tribe-common-c-svgicon__svg-stroke\"\/>\n\t<\/g>\n<\/svg>\n\t<\/span>\n\tVirtual Wydarzenie<\/div>\n<div  class=\"tribe-events-schedule tribe-clearfix\" >\n\t<p class=\"tribe-events-schedule__datetime\">\n\t\t<span class=\"tribe-events-schedule__date tribe-events-schedule__date--start\">\n\t\t\t11 grudnia 2025 r.\t\t<\/span>\n\n\t\t\t\t\t<span class=\"tribe-events-schedule__separator tribe-events-schedule__separator--date\">\n\t\t\t\t@\t\t\t<\/span>\n\t\t\t<span class=\"tribe-events-schedule__time tribe-events-schedule__time--start\">\n\t\t\t\t16:00\t\t\t<\/span>\n\t\t\n\t\t\t\t\t\t\t\t\t<span class=\"tribe-events-schedule__separator tribe-events-schedule__separator--time\">\n\t\t\t\t\t-\t\t\t\t<\/span>\n\t\t\t\n\t\t\t\t\t\t\t<span class=\"tribe-events-schedule__time tribe-events-schedule__time--end\">\n\t\t\t\t\t17:30\t\t\t\t<\/span>\n\t\t\t\n\t\t\t\t\t\t\t<span class=\"tribe-events-schedule__timezone\">CET<\/span>\n\t\t\t\t\t\t<\/p>\n<\/div>\n\n\n\n<h4 class=\"wp-block-heading\">Do\u0142\u0105cz do nas, aby zastanowi\u0107 si\u0119 nad jednym z najtrudniejszych lat, podzieli\u0107 si\u0119 kluczowymi wnioskami z COP30 i zbada\u0107, w jaki spos\u00f3b nasza spo\u0142eczno\u015b\u0107 mo\u017ce nap\u0119dza\u0107 innowacje klimatyczne i wsp\u00f3\u0142prac\u0119 w 2026 roku.&nbsp;<\/h4>\n\n\n\n<p><strong>Rok 2025 by\u0142 rokiem skrajno\u015bci.<\/strong> Widzieli\u015bmy, jak wydarzenia klimatyczne na nowo definiuj\u0105 znaczenie s\u0142owa \u201ckryzys\u201d, <a href=\"https:\/\/www.theguardian.com\/australia-news\/audio\/2025\/nov\/02\/gen-z-protests-nepal-madagascar-morocco-full-story-podcast\" target=\"_blank\" rel=\"noreferrer noopener\">protesty prowadzone przez m\u0142odzie\u017c<\/a> na warunki spo\u0142eczne, po\u0142\u0105czenie <a href=\"https:\/\/news.un.org\/en\/story\/2025\/08\/1165658\" target=\"_blank\" rel=\"noreferrer noopener\">ograniczenia<\/a> oraz <a href=\"https:\/\/ember-energy.org\/latest-updates\/solar-and-wind-met-all-electricity-demand-growth-in-h1-2025\/\" target=\"_blank\" rel=\"noreferrer noopener\">obiecuj\u0105cy<\/a> <a href=\"https:\/\/climate.ec.europa.eu\/news-other-reads\/news\/eu-advances-towards-2030-climate-targets-continued-emissions-cuts-2025-11-06_en\" target=\"_blank\" rel=\"noreferrer noopener\">post\u0119p<\/a> w celach i ambicjach klimatycznych. W tym kontek\u015bcie delegacje krajowe ponownie zebra\u0142y si\u0119 na COP30 w Bel\u00e9m w Brazylii w niezwykle rozdrobnionym i niepewnym krajobrazie politycznym.<\/p>\n\n\n\n<p>Teraz, gdy rok dobiega ko\u0144ca, nadszed\u0142 czas, aby zebra\u0107 si\u0119 jako Wsp\u00f3lnota i przedyskutowa\u0107: jakie s\u0105 g\u0142\u00f3wne wnioski z 2025 roku? I jak mo\u017cemy przekszta\u0142ci\u0107 napi\u0119cia ostatnich lat - naznaczone strachem i niecierpliwo\u015bci\u0105 - w \u017ar\u00f3d\u0142a odporno\u015bci i kreatywno\u015bci na bardziej konstruktywny rok 2026?<\/p>\n\n\n\n<p>Zaczniemy od szczerej i wzmacniaj\u0105cej rozmowy mi\u0119dzy <strong>Christiana Figueres<\/strong>, kluczowy negocjator stoj\u0105cy za porozumieniem paryskim z 2015 r., oraz <strong>Kirsten Dunlop<\/strong>, Climate KIC i jeden z wiod\u0105cych g\u0142os\u00f3w w ekosystemie innowacji systemowych. Wsp\u00f3lnie zastanowi\u0105 si\u0119 nad globalnym krajobrazem klimatycznym i zbadaj\u0105 \u015bcie\u017cki znacz\u0105cych dzia\u0142a\u0144.<\/p>\n\n\n\n<p>Nast\u0119pnie podzielimy si\u0119 <strong>Najwa\u017cniejsze wydarzenia w naszej spo\u0142eczno\u015bci i inicjatywy na 2026 r.<\/strong>, przygotowuj\u0105c grunt pod wsp\u00f3\u0142prac\u0119 w nadchodz\u0105cym roku.<\/p>\n\n\n\n<h4 class=\"wp-block-heading\"><strong>Czego mo\u017cna si\u0119 spodziewa\u0107?<\/strong>&nbsp;<\/h4>\n\n\n\n<ul class=\"wp-block-list\">\n<li>Spostrze\u017cenia i wnioski z COP30 Brazylia i decyduj\u0105ce momenty 2025 r.<\/li>\n\n\n\n<li>Priorytety, przewidywania i mo\u017cliwo\u015bci w 2026 r.<\/li>\n\n\n\n<li>Przestrze\u0144 sieciowa do dzielenia si\u0119 zobowi\u0105zaniami i tworzenia podstaw do wsp\u00f3\u0142pracy.<\/li>\n<\/ul>\n\n\n\n<p><\/p>\n\n\n\n<h4 class=\"wp-block-heading\">G\u0142o\u015bniki<\/h4>\n\n\n\n<ul class=\"wp-block-list\">\n<li><strong><a href=\"https:\/\/www.linkedin.com\/in\/christianafigueres\/\">Christiana Figueres<\/a><\/strong>, Partner za\u0142o\u017cyciel Global Optimism, g\u0142\u00f3wny negocjator prze\u0142omowego porozumienia paryskiego z 2015 r.<br><em>Christiana Figueres jest mi\u0119dzynarodowo uznawanym liderem w dziedzinie dzia\u0142a\u0144 na rzecz klimatu. Jako Sekretarz Wykonawcza Ramowej konwencji Narod\u00f3w Zjednoczonych w sprawie zmian klimatu (UNFCCC) kierowa\u0142a globalnymi wysi\u0142kami dyplomatycznymi, kt\u00f3re zako\u0144czy\u0142y si\u0119 Porozumieniem paryskim z 2015 roku. Dzi\u015b jest wsp\u00f3\u0142za\u0142o\u017cycielk\u0105 Global Optimism, wsp\u00f3\u0142prowadz\u0105c\u0105 podcastu \u201cOutrage &amp; Optimism\u201d i wsp\u00f3\u0142autork\u0105 ksi\u0105\u017cki \u201eThe Future We Choose: Surviving the Climate Crisis\u201d.<\/em><\/li>\n\n\n\n<li><strong><a href=\"https:\/\/www.linkedin.com\/in\/kirsten-dunlop-6b4a547\/\">Kirsten Dunlop<\/a><\/strong>, dyrektor generalny Climate KIC<br><em>Dr Kirsten Dunlop, kreatywna, energiczna i inspiruj\u0105ca liderka, wnosi do swojej roli g\u0142\u0119bokie przekonanie o naszej zdolno\u015bci do uczenia si\u0119 i ewolucji w kierunku spo\u0142ecze\u0144stwa odpornego na zmiany klimatu oraz ponad 30-letnie do\u015bwiadczenie w katalizowaniu transformacji systemowych w karierze obejmuj\u0105cej \u015brodowisko akademickie, doradztwo, bankowo\u015b\u0107 i bran\u017c\u0119 ubezpieczeniow\u0105 na trzech kontynentach. Jako ekspert w dziedzinie komunikacji i entuzjastka, jest poszukiwanym m\u00f3wc\u0105 na temat innowacji systemowych, zmiany system\u00f3w finansowych i transformacji spo\u0142ecznej w kontek\u015bcie klimatu.<\/em><\/li>\n<\/ul>\n\n\n\n\n<div  class=\"tribe-block tribe-block__organizer__details tribe-clearfix\" >\n    <h4>Organiser details<\/h4>\n\t<div class=\"tribe-block__organizer__title\">\n\t\t<h3><a href=\"https:\/\/climate-hive.org\/pl\/organizator\/climate-kic-community\/\" title=\"Climate KIC Community\" target=\"_self\" rel=\"\">Climate KIC Community<\/a><\/h3>\n\t<\/div>\n\t\t\t\t<p class=\"tribe-block__organizer__website\"><a href=\"https:\/\/climate-hive.org\/pl\/\" target=\"_self\" rel=\"external\">Zobacz witryn\u0119 internetow\u0105 Organizator<\/a><\/p>\n\t\t\t\t<p class=\"tribe-block__organizer__email\">community@climate-kic.org<\/p>\n\t<\/div>\n\n\n\t<div  class=\"tribe-block tribe-block__events-link\" >\n\t\t<div class=\"tribe-events tribe-common\">\n\t\t\t<div class=\"tribe-events-c-subscribe-dropdown__container\">\n\t\t\t\t<div class=\"tribe-events-c-subscribe-dropdown\">\n\t\t\t\t\t<div class=\"tribe-common-c-btn-border tribe-events-c-subscribe-dropdown__button\">\n\t\t\t\t\t\t<svg  class=\"tribe-common-c-svgicon tribe-common-c-svgicon--cal-export tribe-events-c-subscribe-dropdown__export-icon\"  xmlns=\"http:\/\/www.w3.org\/2000\/svg\" width=\"24\" height=\"24\" viewbox=\"0 0 24 24\" fill=\"none\">\n    <path\n        d=\"M9 6L12 3M12 3L15 6M12 3V13M7.00023 10C6.06835 10 5.60241 10 5.23486 10.1522C4.74481 10.3552 4.35523 10.7448 4.15224 11.2349C4 11.6024 4 12.0681 4 13V17.8C4 18.9201 4 19.4798 4.21799 19.9076C4.40973 20.2839 4.71547 20.5905 5.0918 20.7822C5.5192 21 6.07899 21 7.19691 21H16.8036C17.9215 21 18.4805 21 18.9079 20.7822C19.2842 20.5905 19.5905 20.2839 19.7822 19.9076C20 19.4802 20 18.921 20 17.8031V13C20 12.0681 19.9999 11.6024 19.8477 11.2349C19.6447 10.7448 19.2554 10.3552 18.7654 10.1522C18.3978 10 17.9319 10 17 10\"\n        stroke=\"#142930\" stroke-width=\"2\" stroke-linecap=\"round\" stroke-linejoin=\"round\"\/>\n<\/svg>\n\t\t\t\t\t\t<button\n\t\t\t\t\t\t\tclass=\"tribe-events-c-subscribe-dropdown__button-text\"\n\t\t\t\t\t\t\taria-expanded=\"false\"\n\t\t\t\t\t\t\taria-controls=\"tribe-events-subscribe-dropdown-content\"\n\t\t\t\t\t\t\taria-label=\"Wy\u015bwietl linki do dodawania wydarze\u0144 do kalendarza\"\n\t\t\t\t\t\t>\n\t\t\t\t\t\t\tDodaj do kalendarza\t\t\t\t\t\t<\/button>\n\t\t\t\t\t\t<svg\n\t class=\"tribe-common-c-svgicon tribe-common-c-svgicon--caret-down tribe-events-c-subscribe-dropdown__button-icon\" \taria-hidden=\"true\"\n\tviewbox=\"0 0 10 7\"\n\txmlns=\"http:\/\/www.w3.org\/2000\/svg\"\n>\n\t<path fill-rule=\"evenodd\" clip-rule=\"evenodd\" d=\"M1.008.609L5 4.6 8.992.61l.958.958L5 6.517.05 1.566l.958-.958z\" class=\"tribe-common-c-svgicon__svg-fill\"\/>\n<\/svg>\n\t\t\t\t\t<\/div>\n\t\t\t\t\t<div id=\"tribe-events-subscribe-dropdown-content\" class=\"tribe-events-c-subscribe-dropdown__content\">\n\t\t\t\t\t\t<ul class=\"tribe-events-c-subscribe-dropdown__list\">\n\t\t\t\t\t\t\t\t\t\t\t\t\t\t\t<li class=\"tribe-events-c-subscribe-dropdown__list-item tribe-events-c-subscribe-dropdown__list-item--gcal\">\n\t\t\t\t\t\t\t\t\t<a\n\t\t\t\t\t\t\t\t\t\thref=\"https:\/\/www.google.com\/calendar\/event?action=TEMPLATE&#038;dates=20251211T160000\/20251211T173000&#038;text=Connect%3A%20Reflections%20on%202025%20%26amp%3B%20Optimism%20for%202026&#038;details=%3Ch4+class%3D%22wp-block-heading%22%3EJoin+us+as+we+reflect+on+one+of+the+most%26nbsp%3Bchallenging+years%2C+share+key+takeaways+from+COP30%2C+and+explore+how+our+community+can+drive+climate+innovation+and+collaboration+in+2026.%26nbsp%3B%3C%2Fh4%3E%3Cp%3E%3Cstrong%3E2025+has+been+a+year+of+extremes.%3C%2Fstrong%3E+We%E2%80%99ve+seen+climate+events+redefine+what+%E2%80%9Ccrisis%E2%80%9D+means%2C+%3Ca+href%3D%22https%3A%2F%2Fwww.theguardian.com%2Faustralia-news%2Faudio%2F2025%2Fnov%2F02%2Fgen-z-protests-nepal-madagascar-morocco-full-story-podcast%22+target%3D%22_blank%22+rel%3D%22noreferrer+noopener%22%3Eyouth-led+protests%3C%2Fa%3E+on+social+conditions%2C+a+mix+of+%3Ca+href%3D%22https%3A%2F%2Fnews.un.org%2Fen%2Fstory%2F2025%2F08%2F1165658%22+target%3D%22_blank%22+rel%3D%22noreferrer+noopener%22%3Esetbacks%3C%2Fa%3E+and+%3Ca+href%3D%22https%3A%2F%2Fember-energy.org%2Flatest-updates%2Fsolar-and-wind-met-all-electricity-demand-growth-in-h1-2025%2F%22+target%3D%22_blank%22+rel%3D%22noreferrer+noopener%22%3Epromising%3C%2Fa%3E+%3Ca+href%3D%22https%3A%2F%2Fclimate.ec.europa.eu%2Fnews-other-reads%2Fnews%2Feu-advances-towards-2030-climate-targets-continued-emissions-cuts-2025-11-06_en%22+tar%3C%2Fp%3E+%28Zobacz+pe%C5%82ny+opis+wydarzenie+tutaj%3A+https%3A%2F%2Fclimate-hive.org%2Fpl%2Fevent%2Fconnect-reflections-2025-optimism-2026%2F%29&#038;location=https:\/\/climate-hive.org\/pl\/event\/connect-reflections-2025-optimism-2026\/&#038;trp=false&#038;ctz=Europe\/Madrid&#038;sprop=website:https:\/\/climate-hive.org\/pl\"\n\t\t\t\t\t\t\t\t\t\tclass=\"tribe-events-c-subscribe-dropdown__list-item-link\"\n\t\t\t\t\t\t\t\t\t\ttarget=\"_blank\"\n\t\t\t\t\t\t\t\t\t\trel=\"noopener noreferrer nofollow noindex\"\n\t\t\t\t\t\t\t\t\t>\n\t\t\t\t\t\t\t\t\t\tKalendarz Google\t\t\t\t\t\t\t\t\t<\/a>\n\t\t\t\t\t\t\t\t<\/li>\n\t\t\t\t\t\t\t\t\t\t\t\t\t\t\t<li class=\"tribe-events-c-subscribe-dropdown__list-item tribe-events-c-subscribe-dropdown__list-item--ical\">\n\t\t\t\t\t\t\t\t\t<a\n\t\t\t\t\t\t\t\t\t\thref=\"\"\n\t\t\t\t\t\t\t\t\t\tclass=\"tribe-events-c-subscribe-dropdown__list-item-link\"\n\t\t\t\t\t\t\t\t\t\ttarget=\"_blank\"\n\t\t\t\t\t\t\t\t\t\trel=\"noopener noreferrer nofollow noindex\"\n\t\t\t\t\t\t\t\t\t>\n\t\t\t\t\t\t\t\t\t\tiKalendarz\t\t\t\t\t\t\t\t\t<\/a>\n\t\t\t\t\t\t\t\t<\/li>\n\t\t\t\t\t\t\t\t\t\t\t\t\t\t\t<li class=\"tribe-events-c-subscribe-dropdown__list-item tribe-events-c-subscribe-dropdown__list-item--outlook-365\">\n\t\t\t\t\t\t\t\t\t<a\n\t\t\t\t\t\t\t\t\t\thref=\"\"\n\t\t\t\t\t\t\t\t\t\tclass=\"tribe-events-c-subscribe-dropdown__list-item-link\"\n\t\t\t\t\t\t\t\t\t\ttarget=\"_blank\"\n\t\t\t\t\t\t\t\t\t\trel=\"noopener noreferrer nofollow noindex\"\n\t\t\t\t\t\t\t\t\t>\n\t\t\t\t\t\t\t\t\t\tOutlook 365\t\t\t\t\t\t\t\t\t<\/a>\n\t\t\t\t\t\t\t\t<\/li>\n\t\t\t\t\t\t\t\t\t\t\t\t\t\t\t<li class=\"tribe-events-c-subscribe-dropdown__list-item tribe-events-c-subscribe-dropdown__list-item--outlook-live\">\n\t\t\t\t\t\t\t\t\t<a\n\t\t\t\t\t\t\t\t\t\thref=\"\"\n\t\t\t\t\t\t\t\t\t\tclass=\"tribe-events-c-subscribe-dropdown__list-item-link\"\n\t\t\t\t\t\t\t\t\t\ttarget=\"_blank\"\n\t\t\t\t\t\t\t\t\t\trel=\"noopener noreferrer nofollow noindex\"\n\t\t\t\t\t\t\t\t\t>\n\t\t\t\t\t\t\t\t\t\tOutlook na \u017cywo\t\t\t\t\t\t\t\t\t<\/a>\n\t\t\t\t\t\t\t\t<\/li>\n\t\t\t\t\t\t\t\t\t\t\t\t\t<\/ul>\n\t\t\t\t\t<\/div>\n\t\t\t\t<\/div>\n\t\t\t<\/div>\n\t\t<\/div>\n\t<\/div>\n\n\n\n<h2 class=\"tribe-block__related-events__title\">Powi\u0105zane wydarzenia<\/h2>\n\n<ul  class=\"tribe-related-events tribe-clearfix\" >\n\t\t\t<li>\n\t\n<div class=\"tribe-related-events-thumbnail\">\n\t<a href=\"https:\/\/climate-hive.org\/pl\/event\/climathon-organiser-training-2-systems-change\/\" class=\"url\" rel=\"bookmark\" tabindex=\"-1\" aria-hidden=\"true\"><img loading=\"lazy\" decoding=\"async\" width=\"1024\" height=\"683\" src=\"https:\/\/climate-hive.org\/wp-content\/uploads\/2026\/04\/Curitiba_Brazil_2mb-1-1024x683.jpg\" class=\"attachment-large size-large wp-post-image\" alt=\"\" \/><\/a>\n<\/div>\n\t<div class=\"tribe-related-event-info\">\n\t<h3 class=\"tribe-related-events-title\">\n\t\t<a href=\"https:\/\/climate-hive.org\/pl\/event\/climathon-organiser-training-2-systems-change\/\" class=\"tribe-event-url\" rel=\"bookmark\">\n\t\t\tClimathon Szkolenie organizator\u00f3w #2: Od wydarzenia do zmiany systemowej\t\t<\/a>\n\t<\/h3>\n\t<span class=\"tribe-event-date-start\">5 maja @ 13:00<\/span> - <span class=\"tribe-event-time\">14:30<\/span><\/div>\n<\/li>\n\t\t\t<li>\n\t\n<div class=\"tribe-related-events-thumbnail\">\n\t<a href=\"https:\/\/climate-hive.org\/pl\/event\/insights-green-and-digital-for-small-businesses\/\" class=\"url\" rel=\"bookmark\" tabindex=\"-1\" aria-hidden=\"true\"><img loading=\"lazy\" decoding=\"async\" width=\"1024\" height=\"576\" src=\"https:\/\/climate-hive.org\/wp-content\/uploads\/2026\/04\/getty-images-Sf2MBY7xIkY-unsplash-1024x576.jpg\" class=\"attachment-large size-large wp-post-image\" alt=\"\" \/><\/a>\n<\/div>\n\t<div class=\"tribe-related-event-info\">\n\t<h3 class=\"tribe-related-events-title\">\n\t\t<a href=\"https:\/\/climate-hive.org\/pl\/event\/insights-green-and-digital-for-small-businesses\/\" class=\"tribe-event-url\" rel=\"bookmark\">\n\t\t\tWgl\u0105d: Zielone i cyfrowe. Co to oznacza dla ma\u0142ych firm w praktyce\u00a0\t\t<\/a>\n\t<\/h3>\n\t<span class=\"tribe-event-date-start\">6 maja, 14:00<\/span> - <span class=\"tribe-event-time\">15:00<\/span><\/div>\n<\/li>\n\t\t\t<li>\n\t\n<div class=\"tribe-related-events-thumbnail\">\n\t<a href=\"https:\/\/climate-hive.org\/pl\/event\/how-to-evolve-global-book-tour\/\" class=\"url\" rel=\"bookmark\" tabindex=\"-1\" aria-hidden=\"true\"><img loading=\"lazy\" decoding=\"async\" width=\"1024\" height=\"576\" src=\"https:\/\/climate-hive.org\/wp-content\/uploads\/2026\/04\/How_to_Evolve_Copenhagen_2x-2100x1181-1-1024x576.png\" class=\"attachment-large size-large wp-post-image\" alt=\"\" \/><\/a>\n<\/div>\n\t<div class=\"tribe-related-event-info\">\n\t<h3 class=\"tribe-related-events-title\">\n\t\t<a href=\"https:\/\/climate-hive.org\/pl\/event\/how-to-evolve-global-book-tour\/\" class=\"tribe-event-url\" rel=\"bookmark\">\n\t\t\tJak ewoluowa\u0107 \u2013 \u015bwiatowa trasa koncertowa ksi\u0105\u017cki\t\t<\/a>\n\t<\/h3>\n\t<span class=\"tribe-event-date-start\">11 maja @ 9:30<\/span> - <span class=\"tribe-event-date-end\">12 maja @ 20:30<\/span><\/div>\n<\/li>\n\t<\/ul>\n\n\n<div  class=\"tribe-block tribe-block--virtual-event\" >\n    <\/div>","protected":false},"excerpt":{"rendered":"<p>Do\u0142\u0105cz do nas, aby zastanowi\u0107 si\u0119 nad jednym z najtrudniejszych lat, podzieli\u0107 si\u0119 kluczowymi wnioskami z COP30 i zbada\u0107, w jaki spos\u00f3b nasza spo\u0142eczno\u015b\u0107 mo\u017ce nap\u0119dza\u0107 innowacje klimatyczne i wsp\u00f3\u0142prac\u0119 w 2026 roku.  2025 [...]<\/p>","protected":false},"author":3,"featured_media":6067,"comment_status":"open","ping_status":"closed","template":"","meta":{"_acf_changed":false,"_tec_requires_first_save":false,"_bbp_topic_count":0,"_bbp_reply_count":0,"_bbp_total_topic_count":0,"_bbp_total_reply_count":0,"_bbp_voice_count":0,"_bbp_anonymous_reply_count":0,"_bbp_topic_count_hidden":0,"_bbp_reply_count_hidden":0,"_bbp_forum_subforum_count":0,"pmpro_default_level":"","inline_featured_image":false,"_price":"","_stock":"","_tribe_ticket_header":"","_tribe_default_ticket_provider":"TEC\\Tickets\\Commerce\\Module","_ticket_start_date":"","_ticket_end_date":"","_tribe_ticket_show_description":"","_tribe_ticket_show_not_going":false,"_tribe_ticket_use_global_stock":"","_tribe_ticket_global_stock_level":"","_global_stock_mode":"","_global_stock_cap":"","_tribe_rsvp_for_event":"","_tribe_ticket_going_count":"","_tribe_ticket_not_going_count":"","_tribe_tickets_list":"[{\"id\":5321,\"type\":\"default\",\"title\":\"Community Connect: Reflections on 2025 &amp; Optimism for 2026\",\"description\":\"\",\"capacityType\":\"unlimited\",\"price\":\"0\",\"capacity\":\"\",\"available\":-1,\"sharedCapacity\":\"\",\"sold\":141,\"shareSold\":141,\"isShared\":true,\"currencyDecimalPoint\":\".\",\"currencyNumberOfDecimals\":2,\"currencyPosition\":\"postfix\",\"currencySymbol\":\"\\u20ac\",\"currencyThousandsSep\":\",\"}]","_tribe_ticket_has_attendee_info_fields":false,"_EventAllDay":false,"_EventTimezone":"Europe\/Madrid","_EventStartDate":"2025-12-11 16:00:00","_EventEndDate":"2025-12-11 17:30:00","_EventStartDateUTC":"2025-12-11 15:00:00","_EventEndDateUTC":"2025-12-11 16:30:00","_EventShowMap":false,"_EventShowMapLink":false,"_EventURL":"","_EventCost":"0","_EventCostDescription":"","_EventCurrencySymbol":"\u20ac","_EventCurrencyCode":"EUR","_EventCurrencyPosition":"prefix","_EventDateTimeSeparator":"@","_EventTimeRangeSeparator":"-","_EventOrganizerID":[3881],"_EventVenueID":[],"_OrganizerEmail":"","_OrganizerPhone":"","_OrganizerWebsite":"","_VenueAddress":"","_VenueCity":"","_VenueCountry":"","_VenueProvince":"","_VenueState":"","_VenueZip":"","_VenuePhone":"","_VenueURL":"","_VenueStateProvince":"","_VenueLat":"","_VenueLng":"","_VenueShowMap":false,"_VenueShowMapLink":false,"_tribe_blocks_recurrence_rules":"","_tribe_blocks_recurrence_description":"","_tribe_blocks_recurrence_exclusions":"","_tribe_events_status":"","_tribe_events_status_reason":"","_tribe_events_is_hybrid":"","_tribe_events_is_virtual":"yes","_tribe_events_virtual_video_source":"video","_tribe_events_virtual_embed_video":"","_tribe_events_virtual_linked_button_text":"Watch","_tribe_events_virtual_linked_button":"yes","_tribe_events_virtual_show_embed_at":"at-start","_tribe_events_virtual_show_embed_to":[],"_tribe_events_virtual_show_on_event":"yes","_tribe_events_virtual_show_on_views":"yes","_tribe_events_virtual_url":"https:\/\/climate-kic-org.zoom.us\/j\/81684416031?pwd=vwbIRuwNG7P40pZD1a7xaHsgZOEaBz.1","footnotes":"","_tec_slr_enabled":"","_tec_slr_layout":""},"tags":[216,215,65,84],"tribe_events_cat":[16,85,2,11,12,4],"class_list":["post-5313","tribe_events","type-tribe_events","status-publish","has-post-thumbnail","hentry","tag-216","tag-cop30","tag-innovation","tag-systems-thinking","tribe_events_cat-community-connect","tribe_events_cat-community-event","tribe_events_cat-networking","tribe_events_cat-online","tribe_events_cat-organised-by-climate-kic","tribe_events_cat-policy","pmpro-has-access","cat_community-connect","cat_community-event","cat_networking","cat_online","cat_organised-by-climate-kic","cat_policy","tribe-events-virtual-event"],"acf":[],"ticketed":["tc"],"_links":{"self":[{"href":"https:\/\/climate-hive.org\/pl\/wp-json\/wp\/v2\/tribe_events\/5313","targetHints":{"allow":["GET"]}}],"collection":[{"href":"https:\/\/climate-hive.org\/pl\/wp-json\/wp\/v2\/tribe_events"}],"about":[{"href":"https:\/\/climate-hive.org\/pl\/wp-json\/wp\/v2\/types\/tribe_events"}],"author":[{"embeddable":true,"href":"https:\/\/climate-hive.org\/pl\/wp-json\/wp\/v2\/users\/3"}],"replies":[{"embeddable":true,"href":"https:\/\/climate-hive.org\/pl\/wp-json\/wp\/v2\/comments?post=5313"}],"version-history":[{"count":9,"href":"https:\/\/climate-hive.org\/pl\/wp-json\/wp\/v2\/tribe_events\/5313\/revisions"}],"predecessor-version":[{"id":7334,"href":"https:\/\/climate-hive.org\/pl\/wp-json\/wp\/v2\/tribe_events\/5313\/revisions\/7334"}],"wp:featuredmedia":[{"embeddable":true,"href":"https:\/\/climate-hive.org\/pl\/wp-json\/wp\/v2\/media\/6067"}],"wp:attachment":[{"href":"https:\/\/climate-hive.org\/pl\/wp-json\/wp\/v2\/media?parent=5313"}],"wp:term":[{"taxonomy":"post_tag","embeddable":true,"href":"https:\/\/climate-hive.org\/pl\/wp-json\/wp\/v2\/tags?post=5313"},{"taxonomy":"tribe_events_cat","embeddable":true,"href":"https:\/\/climate-hive.org\/pl\/wp-json\/wp\/v2\/tribe_events_cat?post=5313"}],"curies":[{"name":"wp","href":"https:\/\/api.w.org\/{rel}","templated":true}]}}