{"id":5460,"date":"2025-11-13T16:26:12","date_gmt":"2025-11-13T16:26:12","guid":{"rendered":"https:\/\/climate-hive.org\/?post_type=tribe_events&#038;p=5460"},"modified":"2025-11-13T16:29:15","modified_gmt":"2025-11-13T16:29:15","slug":"climathon-riga-2025","status":"publish","type":"tribe_events","link":"https:\/\/climate-hive.org\/pl\/event\/climathon-riga-2025\/","title":{"rendered":"Climathon Ryga 2025"},"content":{"rendered":"<div  class=\"tribe-events-schedule tribe-clearfix\" >\n\t<p class=\"tribe-events-schedule__datetime\">\n\t\t<span class=\"tribe-events-schedule__date tribe-events-schedule__date--start\">\n\t\t\t5 grudnia 2025 r.\t\t<\/span>\n\n\t\t\t\t\t<span class=\"tribe-events-schedule__separator tribe-events-schedule__separator--date\">\n\t\t\t\t@\t\t\t<\/span>\n\t\t\t<span class=\"tribe-events-schedule__time tribe-events-schedule__time--start\">\n\t\t\t\t9:00\t\t\t<\/span>\n\t\t\n\t\t\t\t\t\t\t\t\t<span class=\"tribe-events-schedule__separator tribe-events-schedule__separator--time\">\n\t\t\t\t\t-\t\t\t\t<\/span>\n\t\t\t\n\t\t\t\t\t\t\t<span class=\"tribe-events-schedule__date tribe-events-schedule__date--end\">\n\t\t\t\t\t7 grudnia 2025 r.\t\t\t\t<\/span>\n\n\t\t\t\t\t\t\t\t\t<span class=\"tribe-events-schedule__separator tribe-events-schedule__separator--date\">\n\t\t\t\t\t\t@\t\t\t\t\t<\/span>\n\t\t\t\t\t<span class=\"tribe-events-schedule__time tribe-events-schedule__time--end\">\n\t\t\t\t\t\t17:00\t\t\t\t\t<\/span>\n\t\t\t\t\n\t\t\t\n\t\t\t\t\t\t<\/p>\n<\/div>\n\n\n\n<p>Climathon to mi\u0119dzynarodowa coroczna inicjatywa organizowana przez Climate KIC w wielu krajach. Jej celem jest tworzenie innowacyjnych rozwi\u0105za\u0144 \u0142agodz\u0105cych zmiany klimatu, koncentruj\u0105cych si\u0119 na potrzebach miast i spo\u0142eczno\u015bci. Tegoroczny hackathon po\u015bwi\u0119cony jest dw\u00f3m g\u0142\u00f3wnym tematom: <strong>Gospodarka o obiegu zamkni\u0119tym i zielona mobilno\u015b\u0107<\/strong>. Wraz z naszymi partnerami zapraszamy do zg\u0142aszania pomys\u0142\u00f3w, kt\u00f3re pomog\u0105 zmniejszy\u0107 \u015blad ekologiczny miast i promowa\u0107 zr\u00f3wnowa\u017con\u0105 jako\u015b\u0107 \u017cycia.<\/p>\n\n\n\n<p>5-7 grudnia 2025 r.<\/p>\n\n\n\n<p>Online i w Centrum Nauki i Innowacji RTU (ZIC), 2 pi\u0119tro, sala konferencyjna The Moon, \u0136\u012bpsalas iela 6A<\/p>\n\n\n\n<div class=\"wp-block-buttons is-layout-flex wp-block-buttons-is-layout-flex\">\n<div class=\"wp-block-button\"><a class=\"wp-block-button__link wp-element-button\" href=\"https:\/\/climathon25.hacktribe.co\/\">Rejestr<\/a><\/div>\n<\/div>\n\n\n\n<div style=\"height:50px\" aria-hidden=\"true\" class=\"wp-block-spacer\"><\/div>\n\n\n\n<p><strong>Czym jest Climathon?<\/strong><\/p>\n\n\n\n<p>Inicjatywa Climate KIC, kt\u00f3ra zrzesza ponad 65 kraj\u00f3w.<br>\ud83c\udfd9\ufe0f Koncentruje si\u0119 na rozwi\u0105zywaniu rzeczywistych wyzwa\u0144 w miastach i spo\u0142eczno\u015bciach.<br>Tegoroczny temat przewodni: gospodarka o obiegu zamkni\u0119tym i ekologiczna mobilno\u015b\u0107<br>We wsp\u00f3\u0142pracy z EIT Urban Mobility<br>Cel: promowanie zr\u00f3wnowa\u017conego, wydajnego i przyjaznego dla \u015brodowiska rozwoju obszar\u00f3w miejskich.<\/p>\n\n\n\n<p><strong>Dlaczego warto wzi\u0105\u0107 udzia\u0142?<\/strong><\/p>\n\n\n\n<p>Wsparcie finansowe na rozw\u00f3j i wdra\u017canie pomys\u0142\u00f3w<br>\ud83d\udc69\u200d\ud83c\udfeb Wsparcie ekspert\u00f3w i mentor\u00f3w z r\u00f3\u017cnych bran\u017c<br>Nowe kontakty i mo\u017cliwo\u015bci wsp\u00f3\u0142pracy<br>Praktyczna platforma do kontynuowania pomys\u0142\u00f3w po hackathonie<br>\ud83c\uddf1\ud83c\uddfb Szansa na stworzenie rozwi\u0105za\u0144 istotnych dla zr\u00f3wnowa\u017conego rozwoju \u0141otwy<\/p>\n\n\n\n<p><strong>Kto mo\u017ce wzi\u0105\u0107 udzia\u0142?<\/strong><\/p>\n\n\n\n<p>Studenci, naukowcy, wyk\u0142adowcy<br>Przedstawiciele firm, pocz\u0105tkuj\u0105cy przedsi\u0119biorcy, projektanci, programi\u015bci, specjali\u015bci ds. biznesu i finans\u00f3w<br>Ka\u017cdy, kto uko\u0144czy\u0142 18 lat i ma innowacyjne pomys\u0142y.<br>Otwarte dla uczestnik\u00f3w z ca\u0142ej \u0141otwy - wcze\u015bniejsze do\u015bwiadczenie nie jest wymagane.<br>\ud83d\udc69\u200d\ud83d\udd2c Zaleca si\u0119, aby zespo\u0142y sk\u0142ada\u0142y si\u0119 z uczestnik\u00f3w z r\u00f3\u017cnych dziedzin<\/p>\n\n\n\n<p><strong>Jak z\u0142o\u017cy\u0107 wniosek?<\/strong><\/p>\n\n\n\n<p>\ud83d\udc68\u200d\ud83d\udcbb Jako zesp\u00f3\u0142: do 6 os\u00f3b, niepe\u0142ne zespo\u0142y r\u00f3wnie\u017c mog\u0105 si\u0119 zg\u0142asza\u0107<br>\ud83d\ude4b\u200d\u2640\ufe0f Indywidualnie: zg\u0142o\u015b swoje umiej\u0119tno\u015bci, a my pomo\u017cemy Ci znale\u017a\u0107 zesp\u00f3\u0142.<\/p>\n\n\n\n<div class=\"wp-block-buttons is-layout-flex wp-block-buttons-is-layout-flex\">\n<div class=\"wp-block-button\"><a class=\"wp-block-button__link wp-element-button\" href=\"https:\/\/climathon25.hacktribe.co\/\">Rejestr<\/a><\/div>\n<\/div>\n\n\n\n<div style=\"height:50px\" aria-hidden=\"true\" class=\"wp-block-spacer\"><\/div>\n\n\n\n<p>Do\u0142\u0105cz do Climathonu i generuj pomys\u0142y na bardziej ekologiczn\u0105 i zr\u00f3wnowa\u017con\u0105 przysz\u0142o\u015b\u0107 dla miast!<\/p>\n\n\n<div  class=\"tribe-block tribe-block__organizer__details tribe-clearfix\" >\n    <h4>Organiser details<\/h4>\n\t<div class=\"tribe-block__organizer__title\">\n\t\t<h3><a href=\"https:\/\/climate-hive.org\/pl\/organizator\/riga-technical-university\/\" title=\"Uniwersytet Techniczny w Rydze\" target=\"_self\" rel=\"\">Uniwersytet Techniczny w Rydze<\/a><\/h3>\n\t<\/div>\n\t\t\t<\/div>\n\n\n<div  class=\"tribe-block tribe-block__venue tribe-clearfix tribe-block__venue--has-map\" >\n\t\n\t\n<div class=\"tribe-block__venue__meta\">\n\t<div class=\"tribe-block__venue__name\">\n\t\t<h3><a href=\"https:\/\/climate-hive.org\/pl\/miejsce\/riga-technical-university-science-and-innovation-center-zic\/\" title=\"Centrum Nauki i Innowacji Uniwersytetu Technicznego w Rydze (ZIC)\">Centrum Nauki i Innowacji Uniwersytetu Technicznego w Rydze (ZIC)<\/a><\/h3>\n\t<\/div>\n\n\t\n\t\t\t\t\t\t<address class=\"tribe-block__venue__address\">\n\t\t\t\t<span class=\"tribe-address\">\n\n\n\t<span class=\"tribe-locality\">Ryga<\/span><span class=\"tribe-delimiter\">,<\/span>\n\n\n\n\t<span class=\"tribe-country-name\">\u0141otwa<\/span>\n\n<\/span>\n\n\t\t\t\t\t\t\t\t\t<a class=\"tribe-events-gmap\" href=\"https:\/\/maps.google.com\/maps?f=q&#038;source=s_q&#038;hl=en&#038;geocode=&#038;q=Riga+Latvia\" title=\"Kliknij, aby zobaczy\u0107 map\u0119 Google\" target=\"_blank\" rel=\"noreferrer noopener\">+ Mapa Google<\/a>\t\t\t\t\t\t\t<\/address>\n\t\t\n\t\t\n\t\t\t\n\t<\/div>\n\t\n<div class=\"tribe-block__venue__map\">\n\t\n<iframe loading=\"lazy\"\n  title=\"Ramka iframe Google Maps wy\u015bwietlaj\u0105ca adres Riga Technical University Science and Innovation Center (ZIC)\"\n  aria-label=\"Mapa lokalizacji miejsca\"\n  width=\"310px\"\n  height=\"256px\"\n  frameborder=\"0\" style=\"border:0\"\n  src=\"https:\/\/www.google.com\/maps\/embed\/v1\/place?key=AIzaSyDNsicAsP6-VuGtAb1O9riI3oc_NOb7IOU&#038;q=Riga+Latvia+&#038;zoom=15\" allowfullscreen>\n<\/iframe>\n<\/div>\n\n\t<\/div>\n\n\n\t<div  class=\"tribe-block tribe-block__events-link\" >\n\t\t<div class=\"tribe-events tribe-common\">\n\t\t\t<div class=\"tribe-events-c-subscribe-dropdown__container\">\n\t\t\t\t<div class=\"tribe-events-c-subscribe-dropdown\">\n\t\t\t\t\t<div class=\"tribe-common-c-btn-border tribe-events-c-subscribe-dropdown__button\">\n\t\t\t\t\t\t<svg  class=\"tribe-common-c-svgicon tribe-common-c-svgicon--cal-export tribe-events-c-subscribe-dropdown__export-icon\"  xmlns=\"http:\/\/www.w3.org\/2000\/svg\" width=\"24\" height=\"24\" viewbox=\"0 0 24 24\" fill=\"none\">\n    <path\n        d=\"M9 6L12 3M12 3L15 6M12 3V13M7.00023 10C6.06835 10 5.60241 10 5.23486 10.1522C4.74481 10.3552 4.35523 10.7448 4.15224 11.2349C4 11.6024 4 12.0681 4 13V17.8C4 18.9201 4 19.4798 4.21799 19.9076C4.40973 20.2839 4.71547 20.5905 5.0918 20.7822C5.5192 21 6.07899 21 7.19691 21H16.8036C17.9215 21 18.4805 21 18.9079 20.7822C19.2842 20.5905 19.5905 20.2839 19.7822 19.9076C20 19.4802 20 18.921 20 17.8031V13C20 12.0681 19.9999 11.6024 19.8477 11.2349C19.6447 10.7448 19.2554 10.3552 18.7654 10.1522C18.3978 10 17.9319 10 17 10\"\n        stroke=\"#142930\" stroke-width=\"2\" stroke-linecap=\"round\" stroke-linejoin=\"round\"\/>\n<\/svg>\n\t\t\t\t\t\t<button\n\t\t\t\t\t\t\tclass=\"tribe-events-c-subscribe-dropdown__button-text\"\n\t\t\t\t\t\t\taria-expanded=\"false\"\n\t\t\t\t\t\t\taria-controls=\"tribe-events-subscribe-dropdown-content\"\n\t\t\t\t\t\t\taria-label=\"Wy\u015bwietl linki do dodawania wydarze\u0144 do kalendarza\"\n\t\t\t\t\t\t>\n\t\t\t\t\t\t\tDodaj do kalendarza\t\t\t\t\t\t<\/button>\n\t\t\t\t\t\t<svg\n\t class=\"tribe-common-c-svgicon tribe-common-c-svgicon--caret-down tribe-events-c-subscribe-dropdown__button-icon\" \taria-hidden=\"true\"\n\tviewbox=\"0 0 10 7\"\n\txmlns=\"http:\/\/www.w3.org\/2000\/svg\"\n>\n\t<path fill-rule=\"evenodd\" clip-rule=\"evenodd\" d=\"M1.008.609L5 4.6 8.992.61l.958.958L5 6.517.05 1.566l.958-.958z\" class=\"tribe-common-c-svgicon__svg-fill\"\/>\n<\/svg>\n\t\t\t\t\t<\/div>\n\t\t\t\t\t<div id=\"tribe-events-subscribe-dropdown-content\" class=\"tribe-events-c-subscribe-dropdown__content\">\n\t\t\t\t\t\t<ul class=\"tribe-events-c-subscribe-dropdown__list\">\n\t\t\t\t\t\t\t\t\t\t\t\t\t\t\t<li class=\"tribe-events-c-subscribe-dropdown__list-item tribe-events-c-subscribe-dropdown__list-item--gcal\">\n\t\t\t\t\t\t\t\t\t<a\n\t\t\t\t\t\t\t\t\t\thref=\"https:\/\/www.google.com\/calendar\/event?action=TEMPLATE&#038;dates=20251205T090000\/20251207T170000&#038;text=Climathon%20Riga%202025&#038;details=%3Cp%3EClimathon+is+an+international+annual+initiative+organized+by+Climate+KIC+in+multiple+countries.+Its+goal+is+to+create+innovative+solutions+for+mitigating+climate+change%2C+focusing+on+the+needs+of+cities+and+communities.+This+year%27s+hackathon+is+dedicated+to+two+main+themes%3A+%3Cstrong%3Ecircular+economy+and+green+mobility%3C%2Fstrong%3E.+Together+with+our+partners%2C+we+invite+you+to+come+up+with+ideas+that+help+reduce+the+ecological+footprint+of+cities+and+promote+a+sustainable+quality+of+life.%3C%2Fp%3E+%3Cp%3E%F0%9F%93%85+December+5%E2%80%937%2C+2025%3C%2Fp%3E+%3Cp%3E%F0%9F%93%8DOnline+and+at+the+RTU+Science+and+Innovation+Center+%28ZIC%29%2C+2nd+floor%2C+conference+hall+The+Moon%2C+%C4%B6%C4%ABpsalas+iela+6A%3C%2Fp%3E+%3Cdiv+class%3D%22wp-block-buttons%22%3E%3Cdiv+class%3D%22wp-block-button%22%3E%3Ca+class%3D%22wp-block-button__link+wp-element-button%22+href%3D%22https%3A%2F%2Fclimathon25.hacktribe.co%2F%22%3ERegister%3C%2Fa%3E%3C%2Fdiv%3E%3C%2Fdiv%3E%3Cdiv+style%3D%22height%3A50px%22+aria-hidden%3D%22true%22+class%3D%22wp-block-spacer%22%3E%3C%2Fdiv%3E%3Cp%3E%3Cstrong%3E%F0%9F%92%A1+What+is+Climathon%3F%3C%2Fstrong%3E%3C%2Fp%3E+%3Cp%3E%F0%9F%8C%B1+A+Climate%3C%2Fp%3E+%28Zobacz+pe%C5%82ny+opis+wydarzenie+tutaj%3A+https%3A%2F%2Fclimate-hive.org%2Fpl%2Fevent%2Fclimathon-riga-2025%2F%29&#038;location=Riga%20Technical%20University%20Science%20and%20Innovation%20Center%20(ZIC),%20Riga,%20Latvia&#038;trp=false&#038;ctz=Europe\/London&#038;sprop=website:https:\/\/climate-hive.org\/pl\"\n\t\t\t\t\t\t\t\t\t\tclass=\"tribe-events-c-subscribe-dropdown__list-item-link\"\n\t\t\t\t\t\t\t\t\t\ttarget=\"_blank\"\n\t\t\t\t\t\t\t\t\t\trel=\"noopener noreferrer nofollow noindex\"\n\t\t\t\t\t\t\t\t\t>\n\t\t\t\t\t\t\t\t\t\tKalendarz Google\t\t\t\t\t\t\t\t\t<\/a>\n\t\t\t\t\t\t\t\t<\/li>\n\t\t\t\t\t\t\t\t\t\t\t\t\t\t\t<li class=\"tribe-events-c-subscribe-dropdown__list-item tribe-events-c-subscribe-dropdown__list-item--ical\">\n\t\t\t\t\t\t\t\t\t<a\n\t\t\t\t\t\t\t\t\t\thref=\"\"\n\t\t\t\t\t\t\t\t\t\tclass=\"tribe-events-c-subscribe-dropdown__list-item-link\"\n\t\t\t\t\t\t\t\t\t\ttarget=\"_blank\"\n\t\t\t\t\t\t\t\t\t\trel=\"noopener noreferrer nofollow noindex\"\n\t\t\t\t\t\t\t\t\t>\n\t\t\t\t\t\t\t\t\t\tiKalendarz\t\t\t\t\t\t\t\t\t<\/a>\n\t\t\t\t\t\t\t\t<\/li>\n\t\t\t\t\t\t\t\t\t\t\t\t\t\t\t<li class=\"tribe-events-c-subscribe-dropdown__list-item tribe-events-c-subscribe-dropdown__list-item--outlook-365\">\n\t\t\t\t\t\t\t\t\t<a\n\t\t\t\t\t\t\t\t\t\thref=\"\"\n\t\t\t\t\t\t\t\t\t\tclass=\"tribe-events-c-subscribe-dropdown__list-item-link\"\n\t\t\t\t\t\t\t\t\t\ttarget=\"_blank\"\n\t\t\t\t\t\t\t\t\t\trel=\"noopener noreferrer nofollow noindex\"\n\t\t\t\t\t\t\t\t\t>\n\t\t\t\t\t\t\t\t\t\tOutlook 365\t\t\t\t\t\t\t\t\t<\/a>\n\t\t\t\t\t\t\t\t<\/li>\n\t\t\t\t\t\t\t\t\t\t\t\t\t\t\t<li class=\"tribe-events-c-subscribe-dropdown__list-item tribe-events-c-subscribe-dropdown__list-item--outlook-live\">\n\t\t\t\t\t\t\t\t\t<a\n\t\t\t\t\t\t\t\t\t\thref=\"\"\n\t\t\t\t\t\t\t\t\t\tclass=\"tribe-events-c-subscribe-dropdown__list-item-link\"\n\t\t\t\t\t\t\t\t\t\ttarget=\"_blank\"\n\t\t\t\t\t\t\t\t\t\trel=\"noopener noreferrer nofollow noindex\"\n\t\t\t\t\t\t\t\t\t>\n\t\t\t\t\t\t\t\t\t\tOutlook na \u017cywo\t\t\t\t\t\t\t\t\t<\/a>\n\t\t\t\t\t\t\t\t<\/li>\n\t\t\t\t\t\t\t\t\t\t\t\t\t<\/ul>\n\t\t\t\t\t<\/div>\n\t\t\t\t<\/div>\n\t\t\t<\/div>\n\t\t<\/div>\n\t<\/div>\n\n\n\n<h2 class=\"tribe-block__related-events__title\">Powi\u0105zane wydarzenia<\/h2>\n\n<ul  class=\"tribe-related-events tribe-clearfix\" >\n\t\t\t<li>\n\t\n<div class=\"tribe-related-events-thumbnail\">\n\t<a href=\"https:\/\/climate-hive.org\/pl\/event\/climathon-organiser-training-2-systems-change\/\" class=\"url\" rel=\"bookmark\" tabindex=\"-1\" aria-hidden=\"true\"><img loading=\"lazy\" decoding=\"async\" width=\"1024\" height=\"683\" src=\"https:\/\/climate-hive.org\/wp-content\/uploads\/2026\/04\/Curitiba_Brazil_2mb-1-1024x683.jpg\" class=\"attachment-large size-large wp-post-image\" alt=\"\" \/><\/a>\n<\/div>\n\t<div class=\"tribe-related-event-info\">\n\t<h3 class=\"tribe-related-events-title\">\n\t\t<a href=\"https:\/\/climate-hive.org\/pl\/event\/climathon-organiser-training-2-systems-change\/\" class=\"tribe-event-url\" rel=\"bookmark\">\n\t\t\tClimathon Szkolenie organizator\u00f3w #2: Od wydarzenia do zmiany systemowej\t\t<\/a>\n\t<\/h3>\n\t<span class=\"tribe-event-date-start\">5 maja @ 13:00<\/span> - <span class=\"tribe-event-time\">14:30<\/span><\/div>\n<\/li>\n\t\t\t<li>\n\t\n<div class=\"tribe-related-events-thumbnail\">\n\t<a href=\"https:\/\/climate-hive.org\/pl\/event\/insights-green-and-digital-for-small-businesses\/\" class=\"url\" rel=\"bookmark\" tabindex=\"-1\" aria-hidden=\"true\"><img loading=\"lazy\" decoding=\"async\" width=\"1024\" height=\"576\" src=\"https:\/\/climate-hive.org\/wp-content\/uploads\/2026\/04\/getty-images-Sf2MBY7xIkY-unsplash-1024x576.jpg\" class=\"attachment-large size-large wp-post-image\" alt=\"\" \/><\/a>\n<\/div>\n\t<div class=\"tribe-related-event-info\">\n\t<h3 class=\"tribe-related-events-title\">\n\t\t<a href=\"https:\/\/climate-hive.org\/pl\/event\/insights-green-and-digital-for-small-businesses\/\" class=\"tribe-event-url\" rel=\"bookmark\">\n\t\t\tWgl\u0105d: Zielone i cyfrowe. Co to oznacza dla ma\u0142ych firm w praktyce\u00a0\t\t<\/a>\n\t<\/h3>\n\t<span class=\"tribe-event-date-start\">6 maja, 14:00<\/span> - <span class=\"tribe-event-time\">15:00<\/span><\/div>\n<\/li>\n\t\t\t<li>\n\t\n<div class=\"tribe-related-events-thumbnail\">\n\t<a href=\"https:\/\/climate-hive.org\/pl\/event\/how-to-evolve-global-book-tour\/\" class=\"url\" rel=\"bookmark\" tabindex=\"-1\" aria-hidden=\"true\"><img loading=\"lazy\" decoding=\"async\" width=\"1024\" height=\"576\" src=\"https:\/\/climate-hive.org\/wp-content\/uploads\/2026\/04\/How_to_Evolve_Copenhagen_2x-2100x1181-1-1024x576.png\" class=\"attachment-large size-large wp-post-image\" alt=\"\" \/><\/a>\n<\/div>\n\t<div class=\"tribe-related-event-info\">\n\t<h3 class=\"tribe-related-events-title\">\n\t\t<a href=\"https:\/\/climate-hive.org\/pl\/event\/how-to-evolve-global-book-tour\/\" class=\"tribe-event-url\" rel=\"bookmark\">\n\t\t\tJak ewoluowa\u0107 \u2013 \u015bwiatowa trasa koncertowa ksi\u0105\u017cki\t\t<\/a>\n\t<\/h3>\n\t<span class=\"tribe-event-date-start\">11 maja @ 9:30<\/span> - <span class=\"tribe-event-date-end\">12 maja @ 20:30<\/span><\/div>\n<\/li>\n\t<\/ul>","protected":false},"excerpt":{"rendered":"<p>Climathon to mi\u0119dzynarodowa coroczna inicjatywa organizowana przez Climate KIC w wielu krajach. Jej celem jest tworzenie innowacyjnych rozwi\u0105za\u0144 \u0142agodz\u0105cych zmiany klimatu, koncentruj\u0105cych si\u0119 na potrzebach miast [...]<\/p>","protected":false},"author":3,"featured_media":5464,"comment_status":"open","ping_status":"closed","template":"","meta":{"_acf_changed":false,"_tec_requires_first_save":false,"_bbp_topic_count":0,"_bbp_reply_count":0,"_bbp_total_topic_count":0,"_bbp_total_reply_count":0,"_bbp_voice_count":0,"_bbp_anonymous_reply_count":0,"_bbp_topic_count_hidden":0,"_bbp_reply_count_hidden":0,"_bbp_forum_subforum_count":0,"pmpro_default_level":"","inline_featured_image":false,"_price":"","_stock":"","_tribe_ticket_header":"","_tribe_default_ticket_provider":"TEC\\Tickets\\Commerce\\Module","_ticket_start_date":"","_ticket_end_date":"","_tribe_ticket_show_description":"","_tribe_ticket_show_not_going":false,"_tribe_ticket_use_global_stock":"","_tribe_ticket_global_stock_level":"","_global_stock_mode":"","_global_stock_cap":"","_tribe_rsvp_for_event":"","_tribe_ticket_going_count":"","_tribe_ticket_not_going_count":"","_tribe_tickets_list":"[]","_tribe_ticket_has_attendee_info_fields":false,"_EventAllDay":false,"_EventTimezone":"Europe\/London","_EventStartDate":"2025-12-05 09:00:00","_EventEndDate":"2025-12-07 17:00:00","_EventStartDateUTC":"2025-12-05 09:00:00","_EventEndDateUTC":"2025-12-07 17:00:00","_EventShowMap":false,"_EventShowMapLink":false,"_EventURL":"","_EventCost":"","_EventCostDescription":"","_EventCurrencySymbol":"\u20ac","_EventCurrencyCode":"EUR","_EventCurrencyPosition":"prefix","_EventDateTimeSeparator":"@","_EventTimeRangeSeparator":"-","_EventOrganizerID":[5461],"_EventVenueID":[5462],"_OrganizerEmail":"","_OrganizerPhone":"","_OrganizerWebsite":"","_VenueAddress":"","_VenueCity":"","_VenueCountry":"","_VenueProvince":"","_VenueState":"","_VenueZip":"","_VenuePhone":"","_VenueURL":"","_VenueStateProvince":"","_VenueLat":"","_VenueLng":"","_VenueShowMap":false,"_VenueShowMapLink":false,"_tribe_blocks_recurrence_rules":"","_tribe_blocks_recurrence_description":"","_tribe_blocks_recurrence_exclusions":"","_tribe_events_status":"","_tribe_events_status_reason":"","_tribe_events_is_hybrid":"","_tribe_events_is_virtual":"","_tribe_events_virtual_video_source":"","_tribe_events_virtual_embed_video":"","_tribe_events_virtual_linked_button_text":"","_tribe_events_virtual_linked_button":"","_tribe_events_virtual_show_embed_at":"","_tribe_events_virtual_show_embed_to":[],"_tribe_events_virtual_show_on_event":"","_tribe_events_virtual_show_on_views":"","_tribe_events_virtual_url":"","footnotes":"","_tec_slr_enabled":"","_tec_slr_layout":""},"tags":[63,60,64,226],"tribe_events_cat":[14,10,2,11],"class_list":["post-5460","tribe_events","type-tribe_events","status-publish","has-post-thumbnail","hentry","tag-circularity","tag-climathon","tag-innovation-challenge","tag-urban-mobility","tribe_events_cat-climathon","tribe_events_cat-in-person","tribe_events_cat-networking","tribe_events_cat-online","pmpro-has-access","cat_climathon","cat_in-person","cat_networking","cat_online"],"acf":[],"ticketed":false,"_links":{"self":[{"href":"https:\/\/climate-hive.org\/pl\/wp-json\/wp\/v2\/tribe_events\/5460","targetHints":{"allow":["GET"]}}],"collection":[{"href":"https:\/\/climate-hive.org\/pl\/wp-json\/wp\/v2\/tribe_events"}],"about":[{"href":"https:\/\/climate-hive.org\/pl\/wp-json\/wp\/v2\/types\/tribe_events"}],"author":[{"embeddable":true,"href":"https:\/\/climate-hive.org\/pl\/wp-json\/wp\/v2\/users\/3"}],"replies":[{"embeddable":true,"href":"https:\/\/climate-hive.org\/pl\/wp-json\/wp\/v2\/comments?post=5460"}],"version-history":[{"count":3,"href":"https:\/\/climate-hive.org\/pl\/wp-json\/wp\/v2\/tribe_events\/5460\/revisions"}],"predecessor-version":[{"id":5470,"href":"https:\/\/climate-hive.org\/pl\/wp-json\/wp\/v2\/tribe_events\/5460\/revisions\/5470"}],"wp:featuredmedia":[{"embeddable":true,"href":"https:\/\/climate-hive.org\/pl\/wp-json\/wp\/v2\/media\/5464"}],"wp:attachment":[{"href":"https:\/\/climate-hive.org\/pl\/wp-json\/wp\/v2\/media?parent=5460"}],"wp:term":[{"taxonomy":"post_tag","embeddable":true,"href":"https:\/\/climate-hive.org\/pl\/wp-json\/wp\/v2\/tags?post=5460"},{"taxonomy":"tribe_events_cat","embeddable":true,"href":"https:\/\/climate-hive.org\/pl\/wp-json\/wp\/v2\/tribe_events_cat?post=5460"}],"curies":[{"name":"wp","href":"https:\/\/api.w.org\/{rel}","templated":true}]}}