{"id":6928,"date":"2026-01-30T16:17:18","date_gmt":"2026-01-30T16:17:18","guid":{"rendered":"https:\/\/climate-hive.org\/?post_type=tribe_events&#038;p=6928"},"modified":"2026-01-30T16:22:17","modified_gmt":"2026-01-30T16:22:17","slug":"horizon-europe-info-day-cluster-2","status":"publish","type":"tribe_events","link":"https:\/\/climate-hive.org\/pl\/event\/horizon-europe-info-day-cluster-2\/","title":{"rendered":"Dzie\u0144 informacyjny programu Horyzont Europa - klaster 2"},"content":{"rendered":"<div  class=\"tribe-events-schedule tribe-clearfix\" >\n\t<p class=\"tribe-events-schedule__datetime\">\n\t\t<span class=\"tribe-events-schedule__date tribe-events-schedule__date--start\">\n\t\t\t26 marca\t\t<\/span>\n\n\t\t\t\t\t<span class=\"tribe-events-schedule__separator tribe-events-schedule__separator--date\">\n\t\t\t\t@\t\t\t<\/span>\n\t\t\t<span class=\"tribe-events-schedule__time tribe-events-schedule__time--start\">\n\t\t\t\t9:30\t\t\t<\/span>\n\t\t\n\t\t\t\t\t\t\t\t\t<span class=\"tribe-events-schedule__separator tribe-events-schedule__separator--time\">\n\t\t\t\t\t-\t\t\t\t<\/span>\n\t\t\t\n\t\t\t\t\t\t\t<span class=\"tribe-events-schedule__time tribe-events-schedule__time--end\">\n\t\t\t\t\t16:30\t\t\t\t<\/span>\n\t\t\t\n\t\t\t\t\t\t<\/p>\n<\/div>\n\n\n\n<p>Czy jeste\u015b zainteresowany&nbsp;<strong>mo\u017cliwo\u015bci finansowania bada\u0144 i innowacji<\/strong>&nbsp;w ramach klastra 2 programu Horyzont Europa? Ten dzie\u0144 informacyjny ma na celu poinformowanie (potencjalnych) wnioskodawc\u00f3w o tematach na rok 2026 zawartych w programie prac Klastra 2 \u2018Kultura, kreatywno\u015b\u0107 i spo\u0142ecze\u0144stwo integracyjne\u2019 na lata 2026-2027.<\/p>\n\n\n\n<p>W ramach filaru 2 programu \u201cHoryzont Europa\u201d klaster 2 \u2019Kultura, kreatywno\u015b\u0107 i spo\u0142ecze\u0144stwo sprzyjaj\u0105ce w\u0142\u0105czeniu spo\u0142ecznemu\" ma na celu osi\u0105gni\u0119cie cel\u00f3w i priorytet\u00f3w UE w zakresie wzmocnienia demokratycznych rz\u0105d\u00f3w i uczestnictwa obywateli, ochrony i promowania dziedzictwa kulturowego oraz sektor\u00f3w kultury i kreatywnych (PKT), a tak\u017ce reagowania na wieloaspektowe transformacje spo\u0142eczne, gospodarcze, technologiczne i kulturowe oraz kszta\u0142towania ich.<\/p>\n\n\n\n<p>Klaster 2 mobilizuje multidyscyplinarn\u0105 wiedz\u0119 europejskich nauk spo\u0142ecznych i humanistycznych (SSH) w celu zrozumienia fundamentalnych wsp\u00f3\u0142czesnych przemian spo\u0142ecze\u0144stwa, gospodarki, polityki i kultury. Jego celem jest zapewnienie opartych na dowodach opcji politycznych na rzecz sprawiedliwej spo\u0142ecznie i sprzyjaj\u0105cej w\u0142\u0105czeniu spo\u0142ecznemu europejskiej transformacji ekologicznej i cyfrowej oraz odbudowy po pandemii COVID-19.<\/p>\n\n\n\n<p>Przysz\u0142e projekty powinny obejmowa\u0107 trzy obszary interwencji zgodne z planem strategicznym programu \"Horyzont Europa\" (2025-2027):<\/p>\n\n\n\n<ul class=\"wp-block-list\">\n<li>Zielona transformacja<\/li>\n\n\n\n<li>Transformacja cyfrowa<\/li>\n\n\n\n<li>Bardziej odporna, konkurencyjna, inkluzywna i demokratyczna Europa<\/li>\n<\/ul>\n\n\n\n<p>Oczekuje si\u0119, \u017ce wszystkie tematy w ramach tego klastra b\u0119d\u0105 uwzgl\u0119dnia\u0107 nauki spo\u0142eczne i humanistyczne oraz wymiar p\u0142ci w swoich badaniach.<\/p>\n\n\n<div  class=\"tribe-block tribe-block__event-website\" >\n\t<a\n\t\thref=\"https:\/\/research-and-innovation.ec.europa.eu\/events\/upcoming-events\/horizon-europe-info-day-cluster-2-2026-03-26_en\"\n\t\ttarget=\"_self\"\n\t\t\t>\n\t\tDowiedz si\u0119 wi\u0119cej\t<\/a>\n<\/div>\n\n\n<div  class=\"tribe-block tribe-block__organizer__details tribe-clearfix\" >\n    <h4>Organiser details<\/h4>\n\t<div class=\"tribe-block__organizer__title\">\n\t\t<h3><a href=\"https:\/\/climate-hive.org\/pl\/organizator\/eu-directorate-general-for-research-and-innovation\/\" title=\"Dyrekcja Generalna UE ds. Bada\u0144 Naukowych i Innowacji\" target=\"_self\" rel=\"\">Dyrekcja Generalna UE ds. Bada\u0144 Naukowych i Innowacji<\/a><\/h3>\n\t<\/div>\n\t\t\t\t<p class=\"tribe-block__organizer__website\"><a href=\"https:\/\/research-and-innovation.ec.europa.eu\/\" target=\"_self\" rel=\"external\">Zobacz witryn\u0119 internetow\u0105 Organizator<\/a><\/p>\n\t\t<\/div>\n\n\n\t<div  class=\"tribe-block tribe-block__events-link\" >\n\t\t<div class=\"tribe-events tribe-common\">\n\t\t\t<div class=\"tribe-events-c-subscribe-dropdown__container\">\n\t\t\t\t<div class=\"tribe-events-c-subscribe-dropdown\">\n\t\t\t\t\t<div class=\"tribe-common-c-btn-border tribe-events-c-subscribe-dropdown__button\">\n\t\t\t\t\t\t<svg  class=\"tribe-common-c-svgicon tribe-common-c-svgicon--cal-export tribe-events-c-subscribe-dropdown__export-icon\"  xmlns=\"http:\/\/www.w3.org\/2000\/svg\" width=\"24\" height=\"24\" viewbox=\"0 0 24 24\" fill=\"none\">\n    <path\n        d=\"M9 6L12 3M12 3L15 6M12 3V13M7.00023 10C6.06835 10 5.60241 10 5.23486 10.1522C4.74481 10.3552 4.35523 10.7448 4.15224 11.2349C4 11.6024 4 12.0681 4 13V17.8C4 18.9201 4 19.4798 4.21799 19.9076C4.40973 20.2839 4.71547 20.5905 5.0918 20.7822C5.5192 21 6.07899 21 7.19691 21H16.8036C17.9215 21 18.4805 21 18.9079 20.7822C19.2842 20.5905 19.5905 20.2839 19.7822 19.9076C20 19.4802 20 18.921 20 17.8031V13C20 12.0681 19.9999 11.6024 19.8477 11.2349C19.6447 10.7448 19.2554 10.3552 18.7654 10.1522C18.3978 10 17.9319 10 17 10\"\n        stroke=\"#142930\" stroke-width=\"2\" stroke-linecap=\"round\" stroke-linejoin=\"round\"\/>\n<\/svg>\n\t\t\t\t\t\t<button\n\t\t\t\t\t\t\tclass=\"tribe-events-c-subscribe-dropdown__button-text\"\n\t\t\t\t\t\t\taria-expanded=\"false\"\n\t\t\t\t\t\t\taria-controls=\"tribe-events-subscribe-dropdown-content\"\n\t\t\t\t\t\t\taria-label=\"Wy\u015bwietl linki do dodawania wydarze\u0144 do kalendarza\"\n\t\t\t\t\t\t>\n\t\t\t\t\t\t\tDodaj do kalendarza\t\t\t\t\t\t<\/button>\n\t\t\t\t\t\t<svg\n\t class=\"tribe-common-c-svgicon tribe-common-c-svgicon--caret-down tribe-events-c-subscribe-dropdown__button-icon\" \taria-hidden=\"true\"\n\tviewbox=\"0 0 10 7\"\n\txmlns=\"http:\/\/www.w3.org\/2000\/svg\"\n>\n\t<path fill-rule=\"evenodd\" clip-rule=\"evenodd\" d=\"M1.008.609L5 4.6 8.992.61l.958.958L5 6.517.05 1.566l.958-.958z\" class=\"tribe-common-c-svgicon__svg-fill\"\/>\n<\/svg>\n\t\t\t\t\t<\/div>\n\t\t\t\t\t<div id=\"tribe-events-subscribe-dropdown-content\" class=\"tribe-events-c-subscribe-dropdown__content\">\n\t\t\t\t\t\t<ul class=\"tribe-events-c-subscribe-dropdown__list\">\n\t\t\t\t\t\t\t\t\t\t\t\t\t\t\t<li class=\"tribe-events-c-subscribe-dropdown__list-item tribe-events-c-subscribe-dropdown__list-item--gcal\">\n\t\t\t\t\t\t\t\t\t<a\n\t\t\t\t\t\t\t\t\t\thref=\"https:\/\/www.google.com\/calendar\/event?action=TEMPLATE&#038;dates=20260326T093000\/20260326T163000&#038;text=Horizon%20Europe%20info%20day%20%26%238211%3B%20Cluster%202&#038;details=%3Cp%3EAre+you+interested+in%26nbsp%3B%3Cstrong%3Eresearch+%26amp%3B+innovation+funding+opportunities%3C%2Fstrong%3E%26nbsp%3Bunder+Horizon+Europe+Cluster+2%3F%26nbsp%3BThis+information+day+aims+to+inform+%28potential%29+applicants+about+the+2026+topics+included+in+the+Cluster+2+%27Culture%2C+Creativity+and+Inclusive+Society%27+work+programme+2026-2027.%3C%2Fp%3E+%3Cp%3EUnder+the+Pillar+2+of+Horizon+Europe%2C+Cluster+2+%22Culture%2C+Creativity+and+Inclusive+Society%22+aims+to+meet+EU+goals+and+priorities+on+enhancing+democratic+governance+and+citizens%E2%80%99+participation%2C+on+the+safeguarding+and+promotion+of+cultural+heritage+and+Cultural+and+Creative+Industries+%28CCIs%29%2C+and+on+to+responding+to+and+shaping+multifaceted+social%2C+economic%2C+technological+and+cultural+transformations.%3C%2Fp%3E+%3Cp%3ECluster+2+mobilises+multidisciplinary+expertise+of+European+social+sciences+and+humanities+%28SSH%29+for+understanding+fundamental+contemporary+transformations+of+society%2C+economy%2C+politics+and+culture.+It+aims+to+provide+evidence-based+policy+options+for%3C%2Fp%3E+%28Zobacz+pe%C5%82ny+opis+wydarzenie+tutaj%3A+https%3A%2F%2Fclimate-hive.org%2Fpl%2Fevent%2Fhorizon-europe-info-day-cluster-2%2F%29&#038;trp=false&#038;ctz=Europe\/Brussels&#038;sprop=website:https:\/\/climate-hive.org\/pl\"\n\t\t\t\t\t\t\t\t\t\tclass=\"tribe-events-c-subscribe-dropdown__list-item-link\"\n\t\t\t\t\t\t\t\t\t\ttarget=\"_blank\"\n\t\t\t\t\t\t\t\t\t\trel=\"noopener noreferrer nofollow noindex\"\n\t\t\t\t\t\t\t\t\t>\n\t\t\t\t\t\t\t\t\t\tKalendarz Google\t\t\t\t\t\t\t\t\t<\/a>\n\t\t\t\t\t\t\t\t<\/li>\n\t\t\t\t\t\t\t\t\t\t\t\t\t\t\t<li class=\"tribe-events-c-subscribe-dropdown__list-item tribe-events-c-subscribe-dropdown__list-item--ical\">\n\t\t\t\t\t\t\t\t\t<a\n\t\t\t\t\t\t\t\t\t\thref=\"\"\n\t\t\t\t\t\t\t\t\t\tclass=\"tribe-events-c-subscribe-dropdown__list-item-link\"\n\t\t\t\t\t\t\t\t\t\ttarget=\"_blank\"\n\t\t\t\t\t\t\t\t\t\trel=\"noopener noreferrer nofollow noindex\"\n\t\t\t\t\t\t\t\t\t>\n\t\t\t\t\t\t\t\t\t\tiKalendarz\t\t\t\t\t\t\t\t\t<\/a>\n\t\t\t\t\t\t\t\t<\/li>\n\t\t\t\t\t\t\t\t\t\t\t\t\t\t\t<li class=\"tribe-events-c-subscribe-dropdown__list-item tribe-events-c-subscribe-dropdown__list-item--outlook-365\">\n\t\t\t\t\t\t\t\t\t<a\n\t\t\t\t\t\t\t\t\t\thref=\"\"\n\t\t\t\t\t\t\t\t\t\tclass=\"tribe-events-c-subscribe-dropdown__list-item-link\"\n\t\t\t\t\t\t\t\t\t\ttarget=\"_blank\"\n\t\t\t\t\t\t\t\t\t\trel=\"noopener noreferrer nofollow noindex\"\n\t\t\t\t\t\t\t\t\t>\n\t\t\t\t\t\t\t\t\t\tOutlook 365\t\t\t\t\t\t\t\t\t<\/a>\n\t\t\t\t\t\t\t\t<\/li>\n\t\t\t\t\t\t\t\t\t\t\t\t\t\t\t<li class=\"tribe-events-c-subscribe-dropdown__list-item tribe-events-c-subscribe-dropdown__list-item--outlook-live\">\n\t\t\t\t\t\t\t\t\t<a\n\t\t\t\t\t\t\t\t\t\thref=\"\"\n\t\t\t\t\t\t\t\t\t\tclass=\"tribe-events-c-subscribe-dropdown__list-item-link\"\n\t\t\t\t\t\t\t\t\t\ttarget=\"_blank\"\n\t\t\t\t\t\t\t\t\t\trel=\"noopener noreferrer nofollow noindex\"\n\t\t\t\t\t\t\t\t\t>\n\t\t\t\t\t\t\t\t\t\tOutlook na \u017cywo\t\t\t\t\t\t\t\t\t<\/a>\n\t\t\t\t\t\t\t\t<\/li>\n\t\t\t\t\t\t\t\t\t\t\t\t\t<\/ul>\n\t\t\t\t\t<\/div>\n\t\t\t\t<\/div>\n\t\t\t<\/div>\n\t\t<\/div>\n\t<\/div>\n\n\n\n<h2 class=\"tribe-block__related-events__title\">Powi\u0105zane wydarzenia<\/h2>\n\n<ul  class=\"tribe-related-events tribe-clearfix\" >\n\t\t\t<li>\n\t\n<div class=\"tribe-related-events-thumbnail\">\n\t<a href=\"https:\/\/climate-hive.org\/pl\/event\/hubs4circularity-community-of-practice-closing-conference\/\" class=\"url\" rel=\"bookmark\" tabindex=\"-1\" aria-hidden=\"true\"><img loading=\"lazy\" decoding=\"async\" width=\"1024\" height=\"767\" src=\"https:\/\/climate-hive.org\/wp-content\/uploads\/2026\/04\/venti-views-MsLhYi2Lihs-unsplash-1024x767.jpg\" class=\"attachment-large size-large wp-post-image\" alt=\"\" \/><\/a>\n<\/div>\n\t<div class=\"tribe-related-event-info\">\n\t<h3 class=\"tribe-related-events-title\">\n\t\t<a href=\"https:\/\/climate-hive.org\/pl\/event\/hubs4circularity-community-of-practice-closing-conference\/\" class=\"tribe-event-url\" rel=\"bookmark\">\n\t\t\tHubs4Circularity Community of Practice: konferencja zamykaj\u0105ca\t\t<\/a>\n\t<\/h3>\n\t<span class=\"tribe-event-date-start\">27 maja @ 14:00<\/span> - <span class=\"tribe-event-time\">18:00<\/span><\/div>\n<\/li>\n\t<\/ul>","protected":false},"excerpt":{"rendered":"<p>Czy jeste\u015b zainteresowany mo\u017cliwo\u015bciami finansowania bada\u0144 i innowacji w ramach klastra 2 programu Horyzont Europa? Ten dzie\u0144 informacyjny ma na celu poinformowanie (potencjalnych) wnioskodawc\u00f3w o tematach 2026 zawartych w klastrze 2 \u2018Kultura, kreatywno\u015b\u0107 [...]<\/p>","protected":false},"author":3,"featured_media":6937,"comment_status":"open","ping_status":"closed","template":"","meta":{"_acf_changed":false,"_tec_requires_first_save":false,"_bbp_topic_count":0,"_bbp_reply_count":0,"_bbp_total_topic_count":0,"_bbp_total_reply_count":0,"_bbp_voice_count":0,"_bbp_anonymous_reply_count":0,"_bbp_topic_count_hidden":0,"_bbp_reply_count_hidden":0,"_bbp_forum_subforum_count":0,"pmpro_default_level":"","inline_featured_image":false,"_price":"","_stock":"","_tribe_ticket_header":"","_tribe_default_ticket_provider":"TEC\\Tickets\\Commerce\\Module","_ticket_start_date":"","_ticket_end_date":"","_tribe_ticket_show_description":"","_tribe_ticket_show_not_going":false,"_tribe_ticket_use_global_stock":"","_tribe_ticket_global_stock_level":"","_global_stock_mode":"","_global_stock_cap":"","_tribe_rsvp_for_event":"","_tribe_ticket_going_count":"","_tribe_ticket_not_going_count":"","_tribe_tickets_list":"[]","_tribe_ticket_has_attendee_info_fields":false,"_EventAllDay":false,"_EventTimezone":"Europe\/Brussels","_EventStartDate":"2026-03-26 09:30:00","_EventEndDate":"2026-03-26 16:30:00","_EventStartDateUTC":"2026-03-26 08:30:00","_EventEndDateUTC":"2026-03-26 15:30:00","_EventShowMap":false,"_EventShowMapLink":false,"_EventURL":"https:\/\/research-and-innovation.ec.europa.eu\/events\/upcoming-events\/horizon-europe-info-day-cluster-2-2026-03-26_en","_EventCost":"","_EventCostDescription":"","_EventCurrencySymbol":"\u20ac","_EventCurrencyCode":"EUR","_EventCurrencyPosition":"prefix","_EventDateTimeSeparator":"@","_EventTimeRangeSeparator":"-","_EventOrganizerID":[6930],"_EventVenueID":[],"_OrganizerEmail":"","_OrganizerPhone":"","_OrganizerWebsite":"","_VenueAddress":"","_VenueCity":"","_VenueCountry":"","_VenueProvince":"","_VenueState":"","_VenueZip":"","_VenuePhone":"","_VenueURL":"","_VenueStateProvince":"","_VenueLat":"","_VenueLng":"","_VenueShowMap":false,"_VenueShowMapLink":false,"_tribe_blocks_recurrence_rules":"","_tribe_blocks_recurrence_description":"","_tribe_blocks_recurrence_exclusions":"","_tribe_events_status":"","_tribe_events_status_reason":"","_tribe_events_is_hybrid":"","_tribe_events_is_virtual":"","_tribe_events_virtual_video_source":"","_tribe_events_virtual_embed_video":"","_tribe_events_virtual_linked_button_text":"","_tribe_events_virtual_linked_button":"","_tribe_events_virtual_show_embed_at":"","_tribe_events_virtual_show_embed_to":[],"_tribe_events_virtual_show_on_event":"","_tribe_events_virtual_show_on_views":"","_tribe_events_virtual_url":"","footnotes":"","_tec_slr_enabled":"","_tec_slr_layout":""},"tags":[268,271,196,95,99],"tribe_events_cat":[],"class_list":["post-6928","tribe_events","type-tribe_events","status-publish","has-post-thumbnail","hentry","tag-climate-justice","tag-culture","tag-funding","tag-research-and-innovation","tag-social-inclusion-and-equality","pmpro-has-access"],"acf":[],"ticketed":false,"_links":{"self":[{"href":"https:\/\/climate-hive.org\/pl\/wp-json\/wp\/v2\/tribe_events\/6928","targetHints":{"allow":["GET"]}}],"collection":[{"href":"https:\/\/climate-hive.org\/pl\/wp-json\/wp\/v2\/tribe_events"}],"about":[{"href":"https:\/\/climate-hive.org\/pl\/wp-json\/wp\/v2\/types\/tribe_events"}],"author":[{"embeddable":true,"href":"https:\/\/climate-hive.org\/pl\/wp-json\/wp\/v2\/users\/3"}],"replies":[{"embeddable":true,"href":"https:\/\/climate-hive.org\/pl\/wp-json\/wp\/v2\/comments?post=6928"}],"version-history":[{"count":2,"href":"https:\/\/climate-hive.org\/pl\/wp-json\/wp\/v2\/tribe_events\/6928\/revisions"}],"predecessor-version":[{"id":6935,"href":"https:\/\/climate-hive.org\/pl\/wp-json\/wp\/v2\/tribe_events\/6928\/revisions\/6935"}],"wp:featuredmedia":[{"embeddable":true,"href":"https:\/\/climate-hive.org\/pl\/wp-json\/wp\/v2\/media\/6937"}],"wp:attachment":[{"href":"https:\/\/climate-hive.org\/pl\/wp-json\/wp\/v2\/media?parent=6928"}],"wp:term":[{"taxonomy":"post_tag","embeddable":true,"href":"https:\/\/climate-hive.org\/pl\/wp-json\/wp\/v2\/tags?post=6928"},{"taxonomy":"tribe_events_cat","embeddable":true,"href":"https:\/\/climate-hive.org\/pl\/wp-json\/wp\/v2\/tribe_events_cat?post=6928"}],"curies":[{"name":"wp","href":"https:\/\/api.w.org\/{rel}","templated":true}]}}